{"id":750,"date":"2024-12-23T21:07:12","date_gmt":"2024-12-23T21:07:12","guid":{"rendered":"https:\/\/fighter-jet-rides.com\/?page_id=750"},"modified":"2024-12-23T21:07:12","modified_gmt":"2024-12-23T21:07:12","slug":"fly-mb-326-italy-reggio-emilia-2","status":"publish","type":"page","link":"https:\/\/fighter-jet-rides.com\/cs\/fly-mb-326-italie-reggio-emilia-2\/","title":{"rendered":"FK Container Test"},"content":{"rendered":"<section class=\"wp-block-cover alignfull custom-divider\" style=\"min-height:625px;aspect-ratio:unset;\"><span aria-hidden=\"true\" class=\"wp-block-cover__background has-nv-dark-bg-background-color has-background-dim-60 has-background-dim\"><\/span><img loading=\"lazy\" decoding=\"async\" width=\"1280\" height=\"855\" class=\"wp-block-cover__image-background wp-image-523\" alt=\"\" src=\"https:\/\/fighter-jet-rides.com\/wp-content\/uploads\/2024\/12\/6-2.jpeg\" data-object-fit=\"cover\" srcset=\"https:\/\/fighter-jet-rides.com\/wp-content\/uploads\/2024\/12\/6-2.jpeg 1280w, https:\/\/fighter-jet-rides.com\/wp-content\/uploads\/2024\/12\/6-2-300x200.jpeg 300w, https:\/\/fighter-jet-rides.com\/wp-content\/uploads\/2024\/12\/6-2-1024x684.jpeg 1024w, https:\/\/fighter-jet-rides.com\/wp-content\/uploads\/2024\/12\/6-2-768x513.jpeg 768w, https:\/\/fighter-jet-rides.com\/wp-content\/uploads\/2024\/12\/6-2-18x12.jpeg 18w, https:\/\/fighter-jet-rides.com\/wp-content\/uploads\/2024\/12\/6-2-930x620.jpeg 930w\" sizes=\"auto, (max-width: 1280px) 100vw, 1280px\" \/><div class=\"wp-block-cover__inner-container is-layout-constrained wp-block-cover-is-layout-constrained\">\n<div class=\"wp-block-columns are-vertically-aligned-center is-layout-flex wp-container-core-columns-is-layout-9d6595d7 wp-block-columns-is-layout-flex\">\n<div class=\"wp-block-column is-vertically-aligned-center is-layout-flow wp-block-column-is-layout-flow\">\n<h1 class=\"wp-block-heading has-text-align-center scribble-underline-clip\" style=\"font-style:normal;font-weight:500\">Fly an <mark style=\"background-color:rgba(0, 0, 0, 0)\" class=\"has-inline-color has-neve-link-hover-color-color\">MB-326 Jet<\/mark><br>Nad kopci Reggio Emilia<\/h1>\n\n\n\n<div class=\"wp-block-buttons has-custom-font-size has-small-font-size is-content-justification-center is-layout-flex wp-container-core-buttons-is-layout-16018d1d wp-block-buttons-is-layout-flex\">\n<div class=\"wp-block-button has-custom-font-size is-style-default\" style=\"font-size:16px\"><a class=\"wp-block-button__link has-nv-dark-bg-color has-nv-text-dark-bg-background-color has-text-color has-background has-link-color wp-element-button\" href=\"#start\">Dozv\u011bd\u011bt se v\u00edce<\/a><\/div>\n\n\n\n<div class=\"wp-block-button has-custom-font-size is-style-secondary\" style=\"font-size:16px\"><a class=\"wp-block-button__link has-nv-text-dark-bg-color has-neve-link-hover-color-background-color has-text-color has-background has-link-color wp-element-button\" href=\"#calendar\">Rezervovat nyn\u00ed<\/a><\/div>\n<\/div>\n<\/div>\n<\/div>\n<\/div><\/section>\n\n\n\n<div class=\"wp-block-cover alignfull\" style=\"padding-top:0;padding-right:var(--wp--preset--spacing--40);padding-bottom:0;padding-left:var(--wp--preset--spacing--40);min-height:716px;aspect-ratio:unset;\" id=\"start\"><span aria-hidden=\"true\" class=\"wp-block-cover__background has-nv-site-bg-background-color has-background-dim-100 has-background-dim\"><\/span><div class=\"wp-block-cover__inner-container is-layout-flow wp-block-cover-is-layout-flow\">\n<div class=\"wp-block-columns are-vertically-aligned-center has-neve-text-color-color has-text-color has-link-color wp-elements-b39cda9dc679b35d40a2b07332816b50 is-layout-flex wp-container-core-columns-is-layout-9d6595d7 wp-block-columns-is-layout-flex\">\n<div class=\"wp-block-column is-vertically-aligned-center is-layout-flow wp-block-column-is-layout-flow\" style=\"padding-top:0;padding-right:0;padding-bottom:0;padding-left:0;flex-basis:50%\">\n<figure class=\"wp-block-image size-full\"><img loading=\"lazy\" decoding=\"async\" width=\"900\" height=\"700\" src=\"https:\/\/fighter-jet-rides.com\/wp-content\/uploads\/2024\/12\/2-4.jpeg\" alt=\"\" class=\"wp-image-519\" srcset=\"https:\/\/fighter-jet-rides.com\/wp-content\/uploads\/2024\/12\/2-4.jpeg 900w, https:\/\/fighter-jet-rides.com\/wp-content\/uploads\/2024\/12\/2-4-300x233.jpeg 300w, https:\/\/fighter-jet-rides.com\/wp-content\/uploads\/2024\/12\/2-4-768x597.jpeg 768w, https:\/\/fighter-jet-rides.com\/wp-content\/uploads\/2024\/12\/2-4-15x12.jpeg 15w\" sizes=\"auto, (max-width: 900px) 100vw, 900px\" \/><\/figure>\n<\/div>\n\n\n\n<div class=\"wp-block-column is-vertically-aligned-center ticss-c703b306 is-layout-flow wp-block-column-is-layout-flow\" style=\"padding-top:0;padding-right:0;padding-bottom:0;padding-left:0;flex-basis:50%\">\n<div class=\"wp-block-group\" style=\"border-radius:16px\"><div class=\"wp-block-group__inner-container is-layout-constrained wp-block-group-is-layout-constrained\">\n<div style=\"height:0px\" aria-hidden=\"true\" class=\"wp-block-spacer\"><\/div>\n\n\n\n<p class=\"big-number has-nv-light-bg-color has-text-color has-link-color wp-elements-6fdb8f87016abe7b6bdd33e54773a620\" style=\"font-size:220px\"><strong>01<\/strong><\/p>\n\n\n\n<h2 class=\"wp-block-heading has-text-align-left\">O t\u00e9to zku\u0161enosti<\/h2>\n\n\n\n<ul class=\"wp-block-list\">\n<li>Vstupte do kokpitu legend\u00e1rn\u00edho&nbsp;<strong>MB-326<\/strong>, skute\u010dnou st\u00edha\u010dku.<\/li>\n\n\n\n<li>L\u00e9tejte se zku\u0161en\u00fdmi, odborn\u00fdmi piloty, kte\u0159\u00ed zaji\u0161\u0165uj\u00ed bezpe\u010dnost i vzru\u0161en\u00ed.<\/li>\n\n\n\n<li>Za\u017eijte adrenalin p\u0159i akrobatick\u00fdch man\u00e9vrech, jako jsou smy\u010dky, v\u00fdkruty a skoky.<\/li>\n\n\n\n<li>Obdivujte nep\u0159ekonateln\u00fd v\u00fdhled na Dolomity a jezero Lago di Garda z perspektivy, kterou vid\u00ed jen m\u00e1lokdo.<\/li>\n\n\n\n<li>Vychutnejte si naprosto pohlcuj\u00edc\u00ed dobrodru\u017estv\u00ed - ide\u00e1ln\u00ed pro leteck\u00e9 nad\u0161ence a milovn\u00edky vzru\u0161en\u00ed.<\/li>\n<\/ul>\n\n\n\n<p class=\"has-text-align-left\"><\/p>\n<\/div><\/div>\n<\/div>\n<\/div>\n<\/div><\/div>\n\n\n\n<div class=\"wp-block-cover alignfull wp-elements-92d96f85a3aaa36ce149836cc41d964f\" style=\"padding-top:var(--wp--preset--spacing--40);padding-right:var(--wp--preset--spacing--40);padding-bottom:var(--wp--preset--spacing--40);padding-left:var(--wp--preset--spacing--40)\"><span aria-hidden=\"true\" class=\"wp-block-cover__background has-nv-dark-bg-background-color has-background-dim-100 has-background-dim\"><\/span><div class=\"wp-block-cover__inner-container is-layout-flow wp-block-cover-is-layout-flow\">\n<div class=\"wp-block-columns is-layout-flex wp-container-core-columns-is-layout-9d6595d7 wp-block-columns-is-layout-flex\">\n<div class=\"wp-block-column is-layout-flow wp-block-column-is-layout-flow\" style=\"flex-basis:100%\">\n<div class=\"wp-block-group is-vertical is-content-justification-center is-layout-flex wp-container-core-group-is-layout-4b2eccd6 wp-block-group-is-layout-flex\">\n<p class=\"big-number has-neve-text-color-color has-text-color has-link-color wp-elements-7c40eab8282ed2a92a27cef4092d33a5\" style=\"font-size:220px\"><strong>02<\/strong><\/p>\n\n\n\n<h2 class=\"wp-block-heading has-text-align-center has-nv-light-bg-color has-text-color has-link-color wp-elements-b3279224177aa33df00510c787e0219c\">Va\u0161e zku\u0161enosti zahrnuj\u00ed<\/h2>\n\n\n\n<p class=\"has-text-align-center has-nv-site-bg-color has-text-color has-link-color wp-elements-fba89b250296a7b78678a3d58e46f9e7\">N\u011bkolik nejd\u016fle\u017eit\u011bj\u0161\u00edch informac\u00ed o t\u00e9to zku\u0161enosti:<\/p>\n\n\n\n<div style=\"height:0px\" aria-hidden=\"true\" class=\"wp-block-spacer wp-container-content-f9bd05ee\"><\/div>\n<\/div>\n<\/div>\n<\/div>\n\n\n\n<div class=\"wp-block-columns are-vertically-aligned-top is-layout-flex wp-container-core-columns-is-layout-9d6595d7 wp-block-columns-is-layout-flex\">\n<div class=\"wp-block-column is-vertically-aligned-top is-layout-flow wp-block-column-is-layout-flow\">\n<div class=\"wp-block-group has-nv-site-bg-background-color has-background\" style=\"border-radius:0px;border-bottom-color:#008814;border-bottom-width:8px;padding-top:var(--wp--preset--spacing--40);padding-right:var(--wp--preset--spacing--40);padding-bottom:var(--wp--preset--spacing--40);padding-left:var(--wp--preset--spacing--40)\"><div class=\"wp-block-group__inner-container is-layout-constrained wp-container-core-group-is-layout-65a08581 wp-block-group-is-layout-constrained\"><div class=\"wp-block-image\">\n<figure class=\"aligncenter size-full is-resized\"><img loading=\"lazy\" decoding=\"async\" width=\"512\" height=\"512\" src=\"https:\/\/dev.fktc.ch\/fjr\/wp-content\/uploads\/2024\/12\/air-force.png\" alt=\"\" class=\"wp-image-45\" style=\"width:auto;height:100px\" srcset=\"https:\/\/fighter-jet-rides.com\/wp-content\/uploads\/2024\/12\/air-force.png 512w, https:\/\/fighter-jet-rides.com\/wp-content\/uploads\/2024\/12\/air-force-300x300.png 300w, https:\/\/fighter-jet-rides.com\/wp-content\/uploads\/2024\/12\/air-force-150x150.png 150w\" sizes=\"auto, (max-width: 512px) 100vw, 512px\" \/><\/figure>\n<\/div>\n\n\n<h3 class=\"wp-block-heading has-text-align-center\">Vzru\u0161uj\u00edc\u00ed let st\u00edha\u010dky<\/h3>\n\n\n\n<p class=\"has-text-align-center has-neve-text-color-color has-text-color has-link-color wp-elements-de0891fcd091d8b033aebb99df6140db\">V legend\u00e1rn\u00edm letadle MB-326 poc\u00edt\u00edte p\u0159\u00edval adrenalinu p\u0159i vzletu. Za\u017eijte vysokorychlostn\u00ed man\u00e9vry, smy\u010dky a p\u0159emety a za\u017eijte dokonal\u00e9 dobrodru\u017estv\u00ed ve st\u00edha\u010dce.<\/p>\n<\/div><\/div>\n<\/div>\n\n\n\n<div class=\"wp-block-column is-vertically-aligned-top is-layout-flow wp-block-column-is-layout-flow\">\n<div class=\"wp-block-group has-nv-site-bg-background-color has-background\" style=\"border-radius:0px;border-bottom-color:var(--wp--preset--color--nv-text-dark-bg);border-bottom-width:8px;padding-top:var(--wp--preset--spacing--40);padding-right:var(--wp--preset--spacing--40);padding-bottom:var(--wp--preset--spacing--40);padding-left:var(--wp--preset--spacing--40)\"><div class=\"wp-block-group__inner-container is-layout-constrained wp-container-core-group-is-layout-65a08581 wp-block-group-is-layout-constrained\"><div class=\"wp-block-image\">\n<figure class=\"aligncenter size-full is-resized\"><img loading=\"lazy\" decoding=\"async\" width=\"512\" height=\"512\" src=\"https:\/\/dev.fktc.ch\/fjr\/wp-content\/uploads\/2024\/12\/air-force-1.png\" alt=\"\" class=\"wp-image-46\" style=\"width:auto;height:100px\" srcset=\"https:\/\/fighter-jet-rides.com\/wp-content\/uploads\/2024\/12\/air-force-1.png 512w, https:\/\/fighter-jet-rides.com\/wp-content\/uploads\/2024\/12\/air-force-1-300x300.png 300w, https:\/\/fighter-jet-rides.com\/wp-content\/uploads\/2024\/12\/air-force-1-150x150.png 150w\" sizes=\"auto, (max-width: 512px) 100vw, 512px\" \/><\/figure>\n<\/div>\n\n\n<h3 class=\"wp-block-heading has-text-align-center\">Veden\u00ed odborn\u00fdmi piloty<\/h3>\n\n\n\n<p class=\"has-text-align-center has-neve-text-color-color has-text-color has-link-color wp-elements-a8fc44c776f03b54d3b07ad81b897361\">L\u00e9tejte se zku\u0161en\u00fdmi profesion\u00e1ly, kte\u0159\u00ed zajist\u00ed va\u0161i bezpe\u010dnost a z\u00e1rove\u0148 v\u00e1m poskytnou nezapomenutelnou j\u00edzdu. Z\u00e1\u017eitek p\u0159izp\u016fsob\u00ed va\u0161\u00ed \u00farovni vzru\u0161en\u00ed, tak\u017ee je ide\u00e1ln\u00ed jak pro nov\u00e1\u010dky, tak pro odv\u00e1\u017elivce.<\/p>\n<\/div><\/div>\n<\/div>\n\n\n\n<div class=\"wp-block-column is-vertically-aligned-top is-layout-flow wp-block-column-is-layout-flow\">\n<div class=\"wp-block-group has-nv-site-bg-background-color has-background\" style=\"border-radius:0px;border-bottom-color:var(--wp--preset--color--neve-link-hover-color);border-bottom-width:8px;padding-top:var(--wp--preset--spacing--40);padding-right:var(--wp--preset--spacing--40);padding-bottom:var(--wp--preset--spacing--40);padding-left:var(--wp--preset--spacing--40)\"><div class=\"wp-block-group__inner-container is-layout-constrained wp-container-core-group-is-layout-65a08581 wp-block-group-is-layout-constrained\"><div class=\"wp-block-image\">\n<figure class=\"aligncenter size-full is-resized\"><img loading=\"lazy\" decoding=\"async\" width=\"512\" height=\"512\" src=\"https:\/\/fighter-jet-rides.com\/wp-content\/uploads\/2024\/12\/beach-1.png\" alt=\"\" class=\"wp-image-665\" style=\"width:auto;height:100px\" srcset=\"https:\/\/fighter-jet-rides.com\/wp-content\/uploads\/2024\/12\/beach-1.png 512w, https:\/\/fighter-jet-rides.com\/wp-content\/uploads\/2024\/12\/beach-1-300x300.png 300w, https:\/\/fighter-jet-rides.com\/wp-content\/uploads\/2024\/12\/beach-1-150x150.png 150w, https:\/\/fighter-jet-rides.com\/wp-content\/uploads\/2024\/12\/beach-1-12x12.png 12w\" sizes=\"auto, (max-width: 512px) 100vw, 512px\" \/><\/figure>\n<\/div>\n\n\n<h3 class=\"wp-block-heading has-text-align-center\">Vinice a historie<\/h3>\n\n\n\n<p class=\"has-text-align-center has-neve-text-color-color has-text-color has-link-color wp-elements-b76a64ecb50961e4c0bb2233f1a983c9\">Vydejte se na vzru\u0161uj\u00edc\u00ed let tryskov\u00fdm letadlem MB-326 nad kopci a \u017eivou krajinou Reggio Emilia, kde nekone\u010dn\u00e9 vinice, historick\u00e1 m\u011bsta a sv\u011b\u017e\u00ed zele\u0148 vytv\u00e1\u0159ej\u00ed \u00fa\u017easn\u00e9 panorama. Za\u017eijte vzru\u0161uj\u00edc\u00ed vzlet nad t\u00edmto malebn\u00fdm regionem a odhalte jeho kr\u00e1sy z dechberouc\u00ed leteck\u00e9 perspektivy.<\/p>\n<\/div><\/div>\n<\/div>\n<\/div>\n<\/div><\/div>\n\n\n\n<div class=\"wp-block-cover alignfull\" style=\"padding-top:var(--wp--preset--spacing--80);padding-right:var(--wp--preset--spacing--50);padding-bottom:var(--wp--preset--spacing--80);padding-left:var(--wp--preset--spacing--50)\"><span aria-hidden=\"true\" class=\"wp-block-cover__background has-nv-light-bg-background-color has-background-dim-100 has-background-dim\"><\/span><div class=\"wp-block-cover__inner-container is-layout-flow wp-block-cover-is-layout-flow\">\n<div class=\"wp-block-columns has-neve-text-color-color has-text-color has-link-color wp-elements-10ecfd1daabebde769a7cacad7ccc5f1 is-layout-flex wp-container-core-columns-is-layout-9d6595d7 wp-block-columns-is-layout-flex\">\n<div class=\"wp-block-column is-vertically-aligned-top is-layout-flow wp-block-column-is-layout-flow\">\n<p class=\"big-number has-nv-site-bg-color has-text-color has-link-color wp-elements-37aaf5bfc1f5577de73b508095c061d7\" style=\"font-size:220px\"><strong>04<\/strong><\/p>\n\n\n\n<h2 class=\"wp-block-heading\">V\u00e1\u0161 den<\/h2>\n\n\n\n<p>Z\u00e1\u017eitek ve st\u00edha\u010dce zahrnuje setk\u00e1n\u00ed s pilotem, instrukt\u00e1\u017e p\u0159ed letem, vzru\u0161uj\u00edc\u00ed let nad kopci Reggio Emilia s akrobatick\u00fdmi man\u00e9vry a mo\u017enost\u00ed p\u0159evz\u00edt \u0159\u00edzen\u00ed, n\u00e1sledovan\u00e9 ob\u010derstven\u00edm, fotografiemi se st\u00edha\u010dkou a voliteln\u00fdm posezen\u00edm s pilotem po letu.<\/p>\n\n\n\n<figure class=\"wp-block-image size-full\"><img loading=\"lazy\" decoding=\"async\" width=\"960\" height=\"704\" src=\"https:\/\/fighter-jet-rides.com\/wp-content\/uploads\/2024\/12\/8-4.jpg\" alt=\"\" class=\"wp-image-720\" srcset=\"https:\/\/fighter-jet-rides.com\/wp-content\/uploads\/2024\/12\/8-4.jpg 960w, https:\/\/fighter-jet-rides.com\/wp-content\/uploads\/2024\/12\/8-4-300x220.jpg 300w, https:\/\/fighter-jet-rides.com\/wp-content\/uploads\/2024\/12\/8-4-768x563.jpg 768w, https:\/\/fighter-jet-rides.com\/wp-content\/uploads\/2024\/12\/8-4-16x12.jpg 16w\" sizes=\"auto, (max-width: 960px) 100vw, 960px\" \/><\/figure>\n<\/div>\n\n\n\n<div class=\"wp-block-column is-layout-flow wp-block-column-is-layout-flow\">\n<div class=\"wp-block-group has-nv-site-bg-background-color has-background\" style=\"border-left-color:#008814;border-left-width:8px;padding-top:var(--wp--preset--spacing--60);padding-right:var(--wp--preset--spacing--50);padding-bottom:var(--wp--preset--spacing--30);padding-left:var(--wp--preset--spacing--50)\"><div class=\"wp-block-group__inner-container is-layout-constrained wp-container-core-group-is-layout-68dbf2b9 wp-block-group-is-layout-constrained\">\n<h3 class=\"wp-block-heading\">01 - P\u0159\u00edjezd<\/h3>\n\n\n\n<p>Po p\u0159\u00edletu se s pilotem setk\u00e1te v instrukt\u00e1\u017en\u00ed m\u00edstnosti na leti\u0161ti.<\/p>\n<\/div><\/div>\n\n\n\n<div class=\"wp-block-group has-nv-site-bg-background-color has-background\" style=\"border-left-color:#ffffff;border-left-width:8px;padding-top:var(--wp--preset--spacing--60);padding-right:var(--wp--preset--spacing--50);padding-bottom:var(--wp--preset--spacing--30);padding-left:var(--wp--preset--spacing--50)\"><div class=\"wp-block-group__inner-container is-layout-constrained wp-container-core-group-is-layout-68dbf2b9 wp-block-group-is-layout-constrained\">\n<h3 class=\"wp-block-heading\">02 - Briefing<\/h3>\n\n\n\n<p>Zat\u00edmco mechanici tankuj\u00ed a p\u0159ipravuj\u00ed letadlo, pilot s v\u00e1mi projde pl\u00e1novan\u00fd letov\u00fd program a zodpov\u00ed v\u0161echny va\u0161e p\u0159\u00edpadn\u00e9 dotazy.<\/p>\n<\/div><\/div>\n\n\n\n<div class=\"wp-block-group has-nv-site-bg-background-color has-background\" style=\"border-left-color:var(--wp--preset--color--neve-link-hover-color);border-left-width:8px;padding-top:var(--wp--preset--spacing--60);padding-right:var(--wp--preset--spacing--50);padding-bottom:var(--wp--preset--spacing--30);padding-left:var(--wp--preset--spacing--50)\"><div class=\"wp-block-group__inner-container is-layout-constrained wp-container-core-group-is-layout-68dbf2b9 wp-block-group-is-layout-constrained\">\n<h3 class=\"wp-block-heading\">03 - Let<\/h3>\n\n\n\n<p>Vzl\u00e9tnete a prolet\u00edte se nad malebn\u00fdmi kopci Reggio Emilia. Program zahrnuje vzru\u0161uj\u00edc\u00ed v\u00fdkruty, smy\u010dky, st\u0159emhlav\u00e9 lety a zat\u00e1\u010dky - a dokonce budete m\u00edt mo\u017enost sami p\u0159evz\u00edt \u0159\u00edzen\u00ed tryskov\u00e9ho letounu MB-326. V z\u00e1vislosti na leteck\u00e9m provozu m\u016f\u017eete tak\u00e9 za\u017e\u00edt vzru\u0161uj\u00edc\u00ed pr\u016flet vysokou rychlost\u00ed nad \u00fachvatnou krajinou!<\/p>\n<\/div><\/div>\n\n\n\n<div class=\"wp-block-group has-nv-site-bg-background-color has-background\" style=\"border-left-color:var(--wp--preset--color--nv-dark-bg);border-left-width:8px;padding-top:var(--wp--preset--spacing--60);padding-right:var(--wp--preset--spacing--50);padding-bottom:var(--wp--preset--spacing--30);padding-left:var(--wp--preset--spacing--50)\"><div class=\"wp-block-group__inner-container is-layout-constrained wp-container-core-group-is-layout-68dbf2b9 wp-block-group-is-layout-constrained\">\n<h3 class=\"wp-block-heading\">04 - Hl\u00e1\u0161en\u00ed<\/h3>\n\n\n\n<p>Po letu budete m\u00edt mo\u017enost ob\u010derstven\u00ed a selfie p\u0159ed letadlem. Pokud v\u00e1m to \u010das dovol\u00ed, v\u00e1\u0161 pilot s v\u00e1mi r\u00e1d str\u00e1v\u00ed je\u0161t\u011b n\u011bjak\u00fd \u010das a doprovod\u00ed v\u00e1s do m\u00edstn\u00ed restaurace.<\/p>\n<\/div><\/div>\n<\/div>\n<\/div>\n<\/div><\/div>\n\n\n\n<div class=\"wp-block-cover alignfull\" style=\"padding-top:var(--wp--preset--spacing--80);padding-right:var(--wp--preset--spacing--50);padding-bottom:var(--wp--preset--spacing--80);padding-left:var(--wp--preset--spacing--50)\"><span aria-hidden=\"true\" class=\"wp-block-cover__background has-nv-dark-bg-background-color has-background-dim-100 has-background-dim\"><\/span><div class=\"wp-block-cover__inner-container is-layout-flow wp-block-cover-is-layout-flow\">\n<div class=\"wp-block-columns has-neve-text-color-color has-text-color has-link-color wp-elements-e625a26a42392fc417683a8e7145ba26 is-layout-flex wp-container-core-columns-is-layout-9d6595d7 wp-block-columns-is-layout-flex\">\n<div class=\"wp-block-column is-vertically-aligned-top is-layout-flow wp-block-column-is-layout-flow\">\n<p class=\"has-text-align-center big-number has-neve-text-color-color has-text-color has-link-color wp-elements-8b28edcdb6d96a7bde63073eb63cca00\" style=\"font-size:220px\"><strong>05<\/strong><\/p>\n\n\n\n<h2 class=\"wp-block-heading has-text-align-center has-nv-light-bg-color has-text-color has-link-color wp-elements-0a4d946587775a2209fc0b9a4906f27e\">Jak se tam dostat<\/h2>\n\n\n\n<p class=\"has-text-align-center has-nv-light-bg-color has-text-color has-link-color wp-elements-26276d4f0bdb045223ce2c8670e7ed86\"><br><br>Reggio Emilia je snadno dostupn\u00e9 vlakem z cel\u00e9 It\u00e1lie, proto\u017ee vysokorychlostn\u00ed \u017eeleznice ho spojuje s velk\u00fdmi m\u011bsty, jako je Mil\u00e1n, Bologna a Florencie. Cestuj\u00edc\u00ed ze zahrani\u010d\u00ed mohou vyu\u017e\u00edt nedalek\u00e1 leti\u0161t\u011b v Boloni (BLQ), Mil\u00e1n\u011b (MXP) nebo Florencii (FLR), odkud se do t\u00e9to okouzluj\u00edc\u00ed destinace dostanou vlakem nebo autem.<\/p>\n<\/div>\n<\/div>\n<\/div><\/div>\n\n\n\n<div class=\"wp-block-cover alignfull\" style=\"padding-top:var(--wp--preset--spacing--80);padding-right:var(--wp--preset--spacing--50);padding-bottom:var(--wp--preset--spacing--80);padding-left:var(--wp--preset--spacing--50)\"><span aria-hidden=\"true\" class=\"wp-block-cover__background has-nv-light-bg-background-color has-background-dim-100 has-background-dim\"><\/span><div class=\"wp-block-cover__inner-container is-layout-flow wp-block-cover-is-layout-flow\">\n<div class=\"wp-block-columns has-neve-text-color-color has-text-color has-link-color wp-elements-70e062aef5a18794305d39810d1c9f1d is-layout-flex wp-container-core-columns-is-layout-9d6595d7 wp-block-columns-is-layout-flex\">\n<div class=\"wp-block-column is-vertically-aligned-top is-layout-flow wp-block-column-is-layout-flow\">\n<p class=\"has-text-align-center big-number has-nv-site-bg-color has-text-color has-link-color wp-elements-b1acbaf334e5e8065ff18a7021d692b3\" id=\"calendar\" style=\"font-size:220px\"><strong>06<\/strong><\/p>\n\n\n\n<h2 class=\"wp-block-heading has-text-align-center\">Dostupnost<\/h2>\n\n\n\n<p class=\"has-text-align-center\">Zkontrolujte dostupnost a <strong><mark style=\"background-color:var(--nv-site-bg)\" class=\"has-inline-color has-nv-dark-bg-color\">kliknut\u00edm na libovoln\u00e9 datum zah\u00e1j\u00edte rezervaci<\/mark><\/strong><\/p>\n<\/div>\n<\/div>\n<\/div><\/div>\n\n\n\n<section class=\"wp-block-cover alignfull\" style=\"padding-top:var(--wp--preset--spacing--80);padding-right:var(--wp--preset--spacing--40);padding-bottom:var(--wp--preset--spacing--80);padding-left:var(--wp--preset--spacing--40)\"><span aria-hidden=\"true\" class=\"wp-block-cover__background has-nv-dark-bg-background-color has-background-dim-80 has-background-dim\"><\/span><img loading=\"lazy\" decoding=\"async\" width=\"1707\" height=\"2560\" class=\"wp-block-cover__image-background wp-image-721\" alt=\"\" src=\"https:\/\/fighter-jet-rides.com\/wp-content\/uploads\/2024\/12\/pexels-dantemunozphoto-28821755-scaled.jpg\" data-object-fit=\"cover\" srcset=\"https:\/\/fighter-jet-rides.com\/wp-content\/uploads\/2024\/12\/pexels-dantemunozphoto-28821755-scaled.jpg 1707w, https:\/\/fighter-jet-rides.com\/wp-content\/uploads\/2024\/12\/pexels-dantemunozphoto-28821755-200x300.jpg 200w, https:\/\/fighter-jet-rides.com\/wp-content\/uploads\/2024\/12\/pexels-dantemunozphoto-28821755-683x1024.jpg 683w, https:\/\/fighter-jet-rides.com\/wp-content\/uploads\/2024\/12\/pexels-dantemunozphoto-28821755-768x1152.jpg 768w, https:\/\/fighter-jet-rides.com\/wp-content\/uploads\/2024\/12\/pexels-dantemunozphoto-28821755-1024x1536.jpg 1024w, https:\/\/fighter-jet-rides.com\/wp-content\/uploads\/2024\/12\/pexels-dantemunozphoto-28821755-1365x2048.jpg 1365w, https:\/\/fighter-jet-rides.com\/wp-content\/uploads\/2024\/12\/pexels-dantemunozphoto-28821755-8x12.jpg 8w\" sizes=\"auto, (max-width: 1707px) 100vw, 1707px\" \/><div class=\"wp-block-cover__inner-container is-layout-constrained wp-container-core-cover-is-layout-cd625289 wp-block-cover-is-layout-constrained\">\n<div class=\"wp-block-columns are-vertically-aligned-center is-layout-flex wp-container-core-columns-is-layout-9d6595d7 wp-block-columns-is-layout-flex\">\n<div class=\"wp-block-column is-vertically-aligned-center is-layout-flow wp-block-column-is-layout-flow\">\n<div class=\"wp-block-group has-nv-text-dark-bg-color has-text-color has-link-color wp-elements-03820e42c80cdd1e1033d8f1151ab950\"><div class=\"wp-block-group__inner-container is-layout-flow wp-block-group-is-layout-flow\">\n<p class=\"has-text-align-center big-number has-text-color has-link-color wp-elements-2a6a51a85a796ce6eea6527b9bcd760e\" style=\"color:#ffffff1c;font-size:220px\"><strong>07<\/strong><\/p>\n\n\n\n<h2 class=\"wp-block-heading has-text-align-center\">Zku\u0161enosti<\/h2>\n\n\n\n<div style=\"height:80px\" aria-hidden=\"true\" class=\"wp-block-spacer\"><\/div>\n<\/div><\/div>\n<\/div>\n<\/div>\n\n\n\n<div class=\"wp-block-columns has-nv-text-dark-bg-color has-text-color has-link-color wp-elements-955030d057d1dfb66e68f9600b4d55ae is-layout-flex wp-container-core-columns-is-layout-9d6595d7 wp-block-columns-is-layout-flex\">\n<div class=\"wp-block-column has-neve-text-color-color has-nv-site-bg-background-color has-text-color has-background has-link-color wp-elements-7be3b7bb6d119be226467c6f9a189447 is-layout-flow wp-block-column-is-layout-flow\" style=\"border-bottom-color:#008814;border-bottom-width:8px;padding-top:var(--wp--preset--spacing--70);padding-right:var(--wp--preset--spacing--50);padding-bottom:var(--wp--preset--spacing--70);padding-left:var(--wp--preset--spacing--50)\"><div class=\"wp-block-image\">\n<figure class=\"aligncenter size-large has-custom-border\"><img decoding=\"async\" src=\"https:\/\/media.licdn.com\/dms\/image\/v2\/C4E03AQEEo5orxuPEDQ\/profile-displayphoto-shrink_200_200\/profile-displayphoto-shrink_200_200\/0\/1516989176180?e=2147483647&amp;v=beta&amp;t=7WXEerh42ngHU8Xmywtb-z5YbGaNFS-vLLaQyknsXdQ\" alt=\"\" style=\"border-radius:999px;aspect-ratio:1;object-fit:cover\"\/><\/figure>\n<\/div>\n\n\n<div style=\"height:32px\" aria-hidden=\"true\" class=\"wp-block-spacer\"><\/div>\n\n\n\n<h3 class=\"wp-block-heading has-text-align-center\">Samuel<\/h3>\n\n\n\n<p class=\"has-text-align-center\"><em>&#8220;<\/em> Let s MB-326 nad n\u00e1dhern\u00fdmi kopci Reggio Emilia byl z\u00e1\u017eitkem na cel\u00fd \u017eivot! \u00dachvatn\u00e9 v\u00fdhledy v kombinaci s adrenalinem p\u0159i v\u00fdkrutech a smy\u010dk\u00e1ch z n\u011bj ud\u011blaly nezapomenuteln\u00fd z\u00e1\u017eitek a mo\u017enost p\u0159evz\u00edt \u0159\u00edzen\u00ed trysk\u00e1\u010de do vlastn\u00edch rukou byla t\u00edm nejv\u011bt\u0161\u00edm vzru\u0161en\u00edm. Nemohu toto dobrodru\u017estv\u00ed dostate\u010dn\u011b doporu\u010dit nikomu, kdo hled\u00e1 n\u011bco opravdu v\u00fdjime\u010dn\u00e9ho!<em>&#8220;<\/em><\/p>\n\n\n<div class=\"wp-block-image\">\n<figure class=\"aligncenter size-full is-resized\"><img decoding=\"async\" src=\"https:\/\/fighter-jet-rides.com\/wp-content\/uploads\/2024\/12\/samuel.svg\" alt=\"\" class=\"wp-image-722\" style=\"width:auto;height:40px\"\/><\/figure>\n<\/div><\/div>\n\n\n\n<div class=\"wp-block-column has-neve-text-color-color has-nv-site-bg-background-color has-text-color has-background has-link-color wp-elements-82980f3313bb34d076ad44718b03d22a is-layout-flow wp-block-column-is-layout-flow\" style=\"border-bottom-color:var(--wp--preset--color--neve-link-hover-color);border-bottom-width:8px;padding-top:var(--wp--preset--spacing--70);padding-right:var(--wp--preset--spacing--50);padding-bottom:var(--wp--preset--spacing--70);padding-left:var(--wp--preset--spacing--50)\"><div class=\"wp-block-image\">\n<figure class=\"aligncenter size-full is-resized has-custom-border\"><img decoding=\"async\" src=\"https:\/\/dev.fktc.ch\/fjr\/wp-content\/themes\/neve\/assets\/img\/starter-content\/8.jpg\" alt=\"\" class=\"wp-image-444\" style=\"border-radius:999px;aspect-ratio:1;object-fit:cover;width:120px\"\/><\/figure>\n<\/div>\n\n\n<div style=\"height:32px\" aria-hidden=\"true\" class=\"wp-block-spacer\"><\/div>\n\n\n\n<h3 class=\"wp-block-heading has-text-align-center\">Melina Albrecht<\/h3>\n\n\n\n<p class=\"has-text-align-center\"><em>\"... Miluji tento t\u00fdm! Odvedli fantastickou pr\u00e1ci, moc d\u011bkuji za perfektn\u00ed spolupr\u00e1ci, moc si toho v\u00e1\u017e\u00edm!...\"<\/em><\/p>\n\n\n<div class=\"wp-block-image\">\n<figure class=\"aligncenter size-full is-resized\"><img decoding=\"async\" src=\"https:\/\/dev.fktc.ch\/fjr\/wp-content\/themes\/neve\/assets\/img\/starter-content\/signature-1.png\" alt=\"\" class=\"wp-image-440\" style=\"width:auto;height:40px\"\/><\/figure>\n<\/div><\/div>\n<\/div>\n<\/div><\/section>\n\n\n\n<div class=\"wp-block-cover alignfull has-neve-text-color-color has-text-color has-link-color wp-elements-ba825376587fe4b87018e65867236474\" style=\"padding-top:var(--wp--preset--spacing--80);padding-right:var(--wp--preset--spacing--40);padding-bottom:var(--wp--preset--spacing--80);padding-left:var(--wp--preset--spacing--40)\"><span aria-hidden=\"true\" class=\"wp-block-cover__background has-nv-site-bg-background-color has-background-dim-100 has-background-dim\"><\/span><div class=\"wp-block-cover__inner-container is-layout-flow wp-block-cover-is-layout-flow\">\n<div class=\"wp-block-columns is-layout-flex wp-container-core-columns-is-layout-9d6595d7 wp-block-columns-is-layout-flex\">\n<div class=\"wp-block-column is-layout-flow wp-block-column-is-layout-flow\" style=\"flex-basis:100%\">\n<div class=\"wp-block-group is-vertical is-content-justification-center is-layout-flex wp-container-core-group-is-layout-4b2eccd6 wp-block-group-is-layout-flex\">\n<p class=\"big-number has-nv-light-bg-color has-text-color has-link-color wp-elements-a7fd32131fbdfd6fd566c5b9b1686a04\" style=\"font-size:220px\"><strong>0<\/strong>8<\/p>\n\n\n\n<h2 class=\"wp-block-heading has-text-align-center has-neve-text-color-color has-text-color has-link-color wp-elements-e0561d289cad4c05cbdbcf696a6081b6\">Galerie<\/h2>\n\n\n\n<p class=\"has-text-align-center has-neve-text-color-color has-text-color has-link-color wp-elements-8dc1298bdaf409ad0bfd8c3616aa532b\">Reggio Emilia<\/p>\n\n\n\n<div style=\"height:0px\" aria-hidden=\"true\" class=\"wp-block-spacer wp-container-content-f9bd05ee\"><\/div>\n<\/div>\n<\/div>\n<\/div>\n\n\n\n<figure class=\"wp-block-gallery has-nested-images columns-3 is-cropped wp-block-gallery-1 is-layout-flex wp-block-gallery-is-layout-flex\">\n<figure class=\"wp-block-image size-large\"><img loading=\"lazy\" decoding=\"async\" width=\"1024\" height=\"684\" data-id=\"522\" src=\"https:\/\/fighter-jet-rides.com\/wp-content\/uploads\/2024\/12\/5-4-1024x684.jpeg\" alt=\"\" class=\"wp-image-522\" srcset=\"https:\/\/fighter-jet-rides.com\/wp-content\/uploads\/2024\/12\/5-4-1024x684.jpeg 1024w, https:\/\/fighter-jet-rides.com\/wp-content\/uploads\/2024\/12\/5-4-300x200.jpeg 300w, https:\/\/fighter-jet-rides.com\/wp-content\/uploads\/2024\/12\/5-4-768x513.jpeg 768w, https:\/\/fighter-jet-rides.com\/wp-content\/uploads\/2024\/12\/5-4-18x12.jpeg 18w, https:\/\/fighter-jet-rides.com\/wp-content\/uploads\/2024\/12\/5-4-930x620.jpeg 930w, https:\/\/fighter-jet-rides.com\/wp-content\/uploads\/2024\/12\/5-4.jpeg 1280w\" sizes=\"auto, (max-width: 1024px) 100vw, 1024px\" \/><\/figure>\n\n\n\n<figure class=\"wp-block-image size-full\"><img loading=\"lazy\" decoding=\"async\" width=\"960\" height=\"654\" data-id=\"724\" src=\"https:\/\/fighter-jet-rides.com\/wp-content\/uploads\/2024\/12\/9-4.jpg\" alt=\"\" class=\"wp-image-724\" srcset=\"https:\/\/fighter-jet-rides.com\/wp-content\/uploads\/2024\/12\/9-4.jpg 960w, https:\/\/fighter-jet-rides.com\/wp-content\/uploads\/2024\/12\/9-4-300x204.jpg 300w, https:\/\/fighter-jet-rides.com\/wp-content\/uploads\/2024\/12\/9-4-768x523.jpg 768w, https:\/\/fighter-jet-rides.com\/wp-content\/uploads\/2024\/12\/9-4-18x12.jpg 18w\" sizes=\"auto, (max-width: 960px) 100vw, 960px\" \/><\/figure>\n\n\n\n<figure class=\"wp-block-image size-large\"><img loading=\"lazy\" decoding=\"async\" width=\"1024\" height=\"684\" data-id=\"523\" src=\"https:\/\/fighter-jet-rides.com\/wp-content\/uploads\/2024\/12\/6-2-1024x684.jpeg\" alt=\"\" class=\"wp-image-523\" srcset=\"https:\/\/fighter-jet-rides.com\/wp-content\/uploads\/2024\/12\/6-2-1024x684.jpeg 1024w, https:\/\/fighter-jet-rides.com\/wp-content\/uploads\/2024\/12\/6-2-300x200.jpeg 300w, https:\/\/fighter-jet-rides.com\/wp-content\/uploads\/2024\/12\/6-2-768x513.jpeg 768w, https:\/\/fighter-jet-rides.com\/wp-content\/uploads\/2024\/12\/6-2-18x12.jpeg 18w, https:\/\/fighter-jet-rides.com\/wp-content\/uploads\/2024\/12\/6-2-930x620.jpeg 930w, https:\/\/fighter-jet-rides.com\/wp-content\/uploads\/2024\/12\/6-2.jpeg 1280w\" sizes=\"auto, (max-width: 1024px) 100vw, 1024px\" \/><\/figure>\n\n\n\n<figure class=\"wp-block-image size-full\"><img loading=\"lazy\" decoding=\"async\" width=\"2160\" height=\"1385\" data-id=\"723\" src=\"https:\/\/fighter-jet-rides.com\/wp-content\/uploads\/2024\/12\/pexels-dantemunozphoto-28821751.jpg\" alt=\"\" class=\"wp-image-723\" srcset=\"https:\/\/fighter-jet-rides.com\/wp-content\/uploads\/2024\/12\/pexels-dantemunozphoto-28821751.jpg 2160w, https:\/\/fighter-jet-rides.com\/wp-content\/uploads\/2024\/12\/pexels-dantemunozphoto-28821751-300x192.jpg 300w, https:\/\/fighter-jet-rides.com\/wp-content\/uploads\/2024\/12\/pexels-dantemunozphoto-28821751-1024x657.jpg 1024w, https:\/\/fighter-jet-rides.com\/wp-content\/uploads\/2024\/12\/pexels-dantemunozphoto-28821751-768x492.jpg 768w, https:\/\/fighter-jet-rides.com\/wp-content\/uploads\/2024\/12\/pexels-dantemunozphoto-28821751-1536x985.jpg 1536w, https:\/\/fighter-jet-rides.com\/wp-content\/uploads\/2024\/12\/pexels-dantemunozphoto-28821751-2048x1313.jpg 2048w, https:\/\/fighter-jet-rides.com\/wp-content\/uploads\/2024\/12\/pexels-dantemunozphoto-28821751-18x12.jpg 18w\" sizes=\"auto, (max-width: 2160px) 100vw, 2160px\" \/><\/figure>\n\n\n\n<figure class=\"wp-block-image size-large\"><img loading=\"lazy\" decoding=\"async\" width=\"1024\" height=\"683\" data-id=\"520\" src=\"https:\/\/fighter-jet-rides.com\/wp-content\/uploads\/2024\/12\/3-4-1024x683.jpeg\" alt=\"\" class=\"wp-image-520\" srcset=\"https:\/\/fighter-jet-rides.com\/wp-content\/uploads\/2024\/12\/3-4-1024x683.jpeg 1024w, https:\/\/fighter-jet-rides.com\/wp-content\/uploads\/2024\/12\/3-4-300x200.jpeg 300w, https:\/\/fighter-jet-rides.com\/wp-content\/uploads\/2024\/12\/3-4-768x512.jpeg 768w, https:\/\/fighter-jet-rides.com\/wp-content\/uploads\/2024\/12\/3-4-18x12.jpeg 18w, https:\/\/fighter-jet-rides.com\/wp-content\/uploads\/2024\/12\/3-4-930x620.jpeg 930w, https:\/\/fighter-jet-rides.com\/wp-content\/uploads\/2024\/12\/3-4.jpeg 1280w\" sizes=\"auto, (max-width: 1024px) 100vw, 1024px\" \/><\/figure>\n\n\n\n<figure class=\"wp-block-image size-full\"><img loading=\"lazy\" decoding=\"async\" width=\"2560\" height=\"1707\" data-id=\"725\" src=\"https:\/\/fighter-jet-rides.com\/wp-content\/uploads\/2024\/12\/pexels-bruggi-29355230-scaled.jpg\" alt=\"\" class=\"wp-image-725\" srcset=\"https:\/\/fighter-jet-rides.com\/wp-content\/uploads\/2024\/12\/pexels-bruggi-29355230-scaled.jpg 2560w, https:\/\/fighter-jet-rides.com\/wp-content\/uploads\/2024\/12\/pexels-bruggi-29355230-300x200.jpg 300w, https:\/\/fighter-jet-rides.com\/wp-content\/uploads\/2024\/12\/pexels-bruggi-29355230-1024x683.jpg 1024w, https:\/\/fighter-jet-rides.com\/wp-content\/uploads\/2024\/12\/pexels-bruggi-29355230-768x512.jpg 768w\" sizes=\"auto, (max-width: 2560px) 100vw, 2560px\" \/><\/figure>\n<\/figure>\n<\/div><\/div>\n\n\n\n<div class=\"wp-block-cover alignfull\" style=\"padding-top:var(--wp--preset--spacing--80);padding-right:var(--wp--preset--spacing--50);padding-bottom:var(--wp--preset--spacing--80);padding-left:var(--wp--preset--spacing--50)\"><span aria-hidden=\"true\" class=\"wp-block-cover__background has-nv-dark-bg-background-color has-background-dim-100 has-background-dim\"><\/span><div class=\"wp-block-cover__inner-container is-layout-flow wp-block-cover-is-layout-flow\">\n<p class=\"has-text-align-center big-number has-neve-text-color-color has-text-color has-link-color wp-elements-b21b6a5898229b1b25e5e15c1fab375e\" id=\"pricing\" style=\"font-size:220px\"><strong>09<\/strong><\/p>\n\n\n\n<h2 class=\"wp-block-heading has-text-align-center\">Cena<\/h2>\n\n\n\n<div class=\"wp-block-columns has-neve-text-color-color has-text-color has-link-color wp-elements-0a949b79e839c4c3d97c542aa07df4f8 is-layout-flex wp-container-core-columns-is-layout-9d6595d7 wp-block-columns-is-layout-flex\">\n<div class=\"wp-block-column is-vertically-aligned-top is-layout-flow wp-block-column-is-layout-flow\">\n<div class=\"wp-block-group has-nv-site-bg-background-color has-background\" style=\"border-top-color:#008814;border-top-width:8px;border-right-style:none;border-right-width:0px;border-bottom-style:none;border-bottom-width:0px;border-left-style:none;border-left-width:0px;padding-top:var(--wp--preset--spacing--60);padding-right:var(--wp--preset--spacing--50);padding-bottom:var(--wp--preset--spacing--60);padding-left:var(--wp--preset--spacing--50)\"><div class=\"wp-block-group__inner-container is-layout-constrained wp-container-core-group-is-layout-fcc72f54 wp-block-group-is-layout-constrained\">\n<h3 class=\"wp-block-heading has-text-align-center has-large-font-size\">Teaser<\/h3>\n\n\n\n<div class=\"wp-block-group is-vertical is-content-justification-center is-layout-flex wp-container-core-group-is-layout-4b2eccd6 wp-block-group-is-layout-flex\">\n<h4 class=\"wp-block-heading has-text-color has-link-color has-x-large-font-size wp-elements-712d3cb837a315dbb0f895c78f1b57da\" style=\"color:#008814\"><\/h4>\n\n\n\n<p>na let<\/p>\n<\/div>\n\n\n\n<hr class=\"wp-block-separator has-text-color has-nv-light-bg-color has-alpha-channel-opacity has-nv-light-bg-background-color has-background\"\/>\n\n\n\n<p class=\"has-text-align-center\">Briefing<\/p>\n\n\n\n<p class=\"has-text-align-center\">30 minut letu<\/p>\n\n\n\n<div class=\"wp-block-buttons is-content-justification-center is-layout-flex wp-container-core-buttons-is-layout-16018d1d wp-block-buttons-is-layout-flex\">\n<div class=\"wp-block-button is-style-default\"><a class=\"wp-block-button__link has-nv-text-dark-bg-color has-text-color has-background has-link-color wp-element-button\" href=\"https:\/\/dev.fktc.ch\/fjr\/booking\/?params=hideregionselector&amp;region=rest&amp;itlocation=IT-REGGIOEMILIA-L39&amp;referrer=pdp&amp;utm_source=fjr&amp;eulocation=IT-REGGIOEMILIA-L39\" style=\"background-color:#008814\">REZERVOVAT<\/a><\/div>\n<\/div>\n<\/div><\/div>\n<\/div>\n\n\n\n<div class=\"wp-block-column is-vertically-aligned-top is-layout-flow wp-block-column-is-layout-flow\">\n<div class=\"wp-block-group has-nv-site-bg-background-color has-background\" style=\"border-top-color:var(--wp--preset--color--nv-text-dark-bg);border-top-width:8px;border-right-style:none;border-right-width:0px;border-bottom-style:none;border-bottom-width:0px;border-left-style:none;border-left-width:0px;padding-top:var(--wp--preset--spacing--60);padding-right:var(--wp--preset--spacing--50);padding-bottom:var(--wp--preset--spacing--60);padding-left:var(--wp--preset--spacing--50)\"><div class=\"wp-block-group__inner-container is-layout-constrained wp-container-core-group-is-layout-fcc72f54 wp-block-group-is-layout-constrained\">\n<h3 class=\"wp-block-heading has-text-align-center has-large-font-size\">Thriller<\/h3>\n\n\n\n<div class=\"wp-block-group is-vertical is-content-justification-center is-layout-flex wp-container-core-group-is-layout-4b2eccd6 wp-block-group-is-layout-flex\">\n<h4 class=\"wp-block-heading has-nv-dark-bg-color has-text-color has-link-color has-x-large-font-size wp-elements-f74fe52988f3ae0bf7a9bfeaf9a36e4b\"><\/h4>\n\n\n\n<p>na let<\/p>\n<\/div>\n\n\n\n<hr class=\"wp-block-separator has-text-color has-nv-light-bg-color has-alpha-channel-opacity has-nv-light-bg-background-color has-background\"\/>\n\n\n\n<p class=\"has-text-align-center\">Briefing<\/p>\n\n\n\n<p class=\"has-text-align-center\">45 minut Doba letu<\/p>\n\n\n\n<p class=\"has-text-align-center\">Video b\u011bhem letu<\/p>\n\n\n\n<div class=\"wp-block-buttons is-content-justification-center is-layout-flex wp-container-core-buttons-is-layout-16018d1d wp-block-buttons-is-layout-flex\">\n<div class=\"wp-block-button is-style-default\"><a class=\"wp-block-button__link has-nv-text-dark-bg-color has-nv-dark-bg-background-color has-text-color has-background has-link-color wp-element-button\" href=\"https:\/\/dev.fktc.ch\/fjr\/booking\/?params=hideregionselector&amp;region=rest&amp;itlocation=IT-REGGIOEMILIA-L39&amp;referrer=pdp&amp;utm_source=fjr&amp;eulocation=IT-REGGIOEMILIA-L39\">REZERVOVAT<\/a><\/div>\n<\/div>\n<\/div><\/div>\n<\/div>\n\n\n\n<div class=\"wp-block-column is-vertically-aligned-top is-layout-flow wp-block-column-is-layout-flow\">\n<div class=\"wp-block-group has-nv-site-bg-background-color has-background\" style=\"border-top-color:var(--wp--preset--color--neve-link-hover-color);border-top-width:8px;border-right-style:none;border-right-width:0px;border-bottom-style:none;border-bottom-width:0px;border-left-style:none;border-left-width:0px;padding-top:var(--wp--preset--spacing--60);padding-right:var(--wp--preset--spacing--50);padding-bottom:var(--wp--preset--spacing--60);padding-left:var(--wp--preset--spacing--50)\"><div class=\"wp-block-group__inner-container is-layout-constrained wp-container-core-group-is-layout-fcc72f54 wp-block-group-is-layout-constrained\">\n<h3 class=\"wp-block-heading has-text-align-center has-large-font-size\">Top Gun<\/h3>\n\n\n\n<div class=\"wp-block-group is-vertical is-content-justification-center is-layout-flex wp-container-core-group-is-layout-4b2eccd6 wp-block-group-is-layout-flex\">\n<h4 class=\"wp-block-heading has-neve-link-hover-color-color has-text-color has-link-color has-x-large-font-size wp-elements-3c1cae42928c408cfe9d8a14a97160ba\"><\/h4>\n\n\n\n<p>na let<\/p>\n<\/div>\n\n\n\n<hr class=\"wp-block-separator has-text-color has-nv-light-bg-color has-alpha-channel-opacity has-nv-light-bg-background-color has-background\"\/>\n\n\n\n<p class=\"has-text-align-center\">\u0160kol\u00edc\u00ed videa online<\/p>\n\n\n\n<p class=\"has-text-align-center\">Briefing<\/p>\n\n\n\n<p class=\"has-text-align-center\">45 minut Doba letu<\/p>\n\n\n\n<p class=\"has-text-align-center\">Video b\u011bhem letu<\/p>\n\n\n\n<p class=\"has-text-align-center\">Bezplatn\u00e9 zru\u0161en\u00ed<\/p>\n\n\n\n<p class=\"has-text-align-center\">Vyrovn\u00e1n\u00ed uhl\u00edkov\u00fdch emis\u00ed<\/p>\n\n\n\n<div class=\"wp-block-buttons is-content-justification-center is-layout-flex wp-container-core-buttons-is-layout-16018d1d wp-block-buttons-is-layout-flex\">\n<div class=\"wp-block-button is-style-default\"><a class=\"wp-block-button__link has-nv-text-dark-bg-color has-neve-link-hover-color-background-color has-text-color has-background has-link-color wp-element-button\" href=\"https:\/\/dev.fktc.ch\/fjr\/booking\/?params=hideregionselector&amp;region=rest&amp;itlocation=IT-TRENTO&amp;referrer=pdp&amp;utm_source=fjr&amp;eulocation=IT-REGGIOEMILIA-L39\">REZERVOVAT<\/a><\/div>\n<\/div>\n<\/div><\/div>\n<\/div>\n<\/div>\n<\/div><\/div>\n\n\n\n<div class=\"wp-block-cover alignfull has-neve-text-color-color has-text-color has-link-color wp-elements-4b031f20c7abd45422901879e12e8522\" style=\"padding-top:var(--wp--preset--spacing--80);padding-right:var(--wp--preset--spacing--40);padding-bottom:var(--wp--preset--spacing--80);padding-left:var(--wp--preset--spacing--40)\"><span aria-hidden=\"true\" class=\"wp-block-cover__background has-nv-site-bg-background-color has-background-dim-100 has-background-dim\"><\/span><div class=\"wp-block-cover__inner-container is-layout-flow wp-block-cover-is-layout-flow\">\n<div class=\"wp-block-columns is-layout-flex wp-container-core-columns-is-layout-9d6595d7 wp-block-columns-is-layout-flex\">\n<div class=\"wp-block-column is-layout-flow wp-block-column-is-layout-flow\" style=\"flex-basis:100%\">\n<div class=\"wp-block-group\"><div class=\"wp-block-group__inner-container is-layout-constrained wp-block-group-is-layout-constrained\">\n<p class=\"big-number has-nv-light-bg-color has-text-color has-link-color wp-elements-93f01c170b049a433dc9659f7dc4877c\" style=\"font-size:220px\">10<\/p>\n\n\n\n<h2 class=\"wp-block-heading has-text-align-center has-neve-text-color-color has-text-color has-link-color wp-elements-a7b4be59732789a23039606275ff32c2\">\u010cASTO KLADEN\u00c9 DOTAZY<\/h2>\n\n\n\n<p class=\"has-text-align-center has-neve-text-color-color has-text-color has-link-color wp-elements-9cca6875f495bf6c958d055d2ed65647\">Odpov\u011bdi na \u010dasto kladen\u00e9 ot\u00e1zky<\/p>\n<\/div><\/div>\n<\/div>\n<\/div>\n<\/div><\/div>\n\n\n\n<p><\/p>","protected":false},"excerpt":{"rendered":"","protected":false},"author":1,"featured_media":0,"parent":0,"menu_order":0,"comment_status":"closed","ping_status":"closed","template":"","meta":{"neve_meta_sidebar":"","neve_meta_container":"","neve_meta_enable_content_width":"","neve_meta_content_width":0,"neve_meta_title_alignment":"","neve_meta_author_avatar":"","neve_post_elements_order":"","neve_meta_disable_header":"","neve_meta_disable_footer":"","neve_meta_disable_title":"","footnotes":""},"class_list":["post-750","page","type-page","status-publish","hentry"],"_links":{"self":[{"href":"https:\/\/fighter-jet-rides.com\/cs\/wp-json\/wp\/v2\/pages\/750","targetHints":{"allow":["GET"]}}],"collection":[{"href":"https:\/\/fighter-jet-rides.com\/cs\/wp-json\/wp\/v2\/pages"}],"about":[{"href":"https:\/\/fighter-jet-rides.com\/cs\/wp-json\/wp\/v2\/types\/page"}],"author":[{"embeddable":true,"href":"https:\/\/fighter-jet-rides.com\/cs\/wp-json\/wp\/v2\/users\/1"}],"replies":[{"embeddable":true,"href":"https:\/\/fighter-jet-rides.com\/cs\/wp-json\/wp\/v2\/comments?post=750"}],"version-history":[{"count":1,"href":"https:\/\/fighter-jet-rides.com\/cs\/wp-json\/wp\/v2\/pages\/750\/revisions"}],"predecessor-version":[{"id":751,"href":"https:\/\/fighter-jet-rides.com\/cs\/wp-json\/wp\/v2\/pages\/750\/revisions\/751"}],"wp:attachment":[{"href":"https:\/\/fighter-jet-rides.com\/cs\/wp-json\/wp\/v2\/media?parent=750"}],"curies":[{"name":"wp","href":"https:\/\/api.w.org\/{rel}","templated":true}]}}