{"id":717,"date":"2024-12-23T01:43:02","date_gmt":"2024-12-23T01:43:02","guid":{"rendered":"https:\/\/fighter-jet-rides.com\/?page_id=717"},"modified":"2025-01-02T20:32:07","modified_gmt":"2025-01-02T20:32:07","slug":"fly-mb-326-italy-reggio-emilia","status":"publish","type":"page","link":"https:\/\/fighter-jet-rides.com\/da\/fly-mb-326-italien-reggio-emilia\/","title":{"rendered":"\ud83c\uddee\ud83c\uddf9 IT: MB-326 i Reggio Emilia"},"content":{"rendered":"<section class=\"wp-block-cover alignfull custom-divider\" style=\"min-height:625px;aspect-ratio:unset;\"><span aria-hidden=\"true\" class=\"wp-block-cover__background has-nv-dark-bg-background-color has-background-dim-60 has-background-dim\"><\/span><img loading=\"lazy\" decoding=\"async\" width=\"1280\" height=\"855\" class=\"wp-block-cover__image-background wp-image-523\" alt=\"\" src=\"https:\/\/fighter-jet-rides.com\/wp-content\/uploads\/2024\/12\/6-2.jpeg\" data-object-fit=\"cover\" srcset=\"https:\/\/fighter-jet-rides.com\/wp-content\/uploads\/2024\/12\/6-2.jpeg 1280w, https:\/\/fighter-jet-rides.com\/wp-content\/uploads\/2024\/12\/6-2-300x200.jpeg 300w, https:\/\/fighter-jet-rides.com\/wp-content\/uploads\/2024\/12\/6-2-1024x684.jpeg 1024w, https:\/\/fighter-jet-rides.com\/wp-content\/uploads\/2024\/12\/6-2-768x513.jpeg 768w, https:\/\/fighter-jet-rides.com\/wp-content\/uploads\/2024\/12\/6-2-18x12.jpeg 18w, https:\/\/fighter-jet-rides.com\/wp-content\/uploads\/2024\/12\/6-2-930x620.jpeg 930w\" sizes=\"auto, (max-width: 1280px) 100vw, 1280px\" \/><div class=\"wp-block-cover__inner-container is-layout-constrained wp-block-cover-is-layout-constrained\">\n<div class=\"wp-block-columns are-vertically-aligned-center is-layout-flex wp-container-core-columns-is-layout-9d6595d7 wp-block-columns-is-layout-flex\">\n<div class=\"wp-block-column is-vertically-aligned-center is-layout-flow wp-block-column-is-layout-flow\">\n<h1 class=\"wp-block-heading has-text-align-center scribble-underline-clip\" style=\"font-style:normal;font-weight:500\">Flyv en <mark style=\"background-color:rgba(0, 0, 0, 0)\" class=\"has-inline-color has-neve-link-hover-color-color\">MB-326 Jet<\/mark><br>Over Reggio Emilias b\u00f8lgende bakker<\/h1>\n\n\n\n<div style=\"height:40px\" aria-hidden=\"true\" class=\"wp-block-spacer\"><\/div>\n\n\n\n<div class=\"wp-block-buttons has-custom-font-size has-small-font-size is-content-justification-center is-layout-flex wp-container-core-buttons-is-layout-16018d1d wp-block-buttons-is-layout-flex\">\n<div class=\"wp-block-button has-custom-font-size is-style-default\" style=\"font-size:16px\"><a class=\"wp-block-button__link has-nv-dark-bg-color has-nv-text-dark-bg-background-color has-text-color has-background has-link-color wp-element-button\" href=\"#start\">F\u00e5 mere at vide<\/a><\/div>\n\n\n\n<div class=\"wp-block-button has-custom-font-size is-style-secondary\" style=\"font-size:16px\"><a class=\"wp-block-button__link has-nv-text-dark-bg-color has-neve-link-hover-color-background-color has-text-color has-background has-link-color wp-element-button\" href=\"#calendar\">Book nu<\/a><\/div>\n<\/div>\n<\/div>\n<\/div>\n<\/div><\/section>\n\n\n\n<div class=\"wp-block-cover alignfull\" style=\"padding-top:0;padding-right:var(--wp--preset--spacing--40);padding-bottom:0;padding-left:var(--wp--preset--spacing--40);min-height:716px;aspect-ratio:unset;\" id=\"start\"><span aria-hidden=\"true\" class=\"wp-block-cover__background has-nv-site-bg-background-color has-background-dim-100 has-background-dim\"><\/span><div class=\"wp-block-cover__inner-container is-layout-flow wp-block-cover-is-layout-flow\">\n<div class=\"wp-block-columns are-vertically-aligned-center has-neve-text-color-color has-text-color has-link-color wp-elements-b39cda9dc679b35d40a2b07332816b50 is-layout-flex wp-container-core-columns-is-layout-9d6595d7 wp-block-columns-is-layout-flex\">\n<div class=\"wp-block-column is-vertically-aligned-center is-layout-flow wp-block-column-is-layout-flow\" style=\"padding-top:0;padding-right:0;padding-bottom:0;padding-left:0;flex-basis:50%\">\n<figure class=\"wp-block-image size-full\"><img loading=\"lazy\" decoding=\"async\" width=\"900\" height=\"700\" src=\"https:\/\/fighter-jet-rides.com\/wp-content\/uploads\/2024\/12\/2-4.jpeg\" alt=\"\" class=\"wp-image-519\" srcset=\"https:\/\/fighter-jet-rides.com\/wp-content\/uploads\/2024\/12\/2-4.jpeg 900w, https:\/\/fighter-jet-rides.com\/wp-content\/uploads\/2024\/12\/2-4-300x233.jpeg 300w, https:\/\/fighter-jet-rides.com\/wp-content\/uploads\/2024\/12\/2-4-768x597.jpeg 768w, https:\/\/fighter-jet-rides.com\/wp-content\/uploads\/2024\/12\/2-4-15x12.jpeg 15w\" sizes=\"auto, (max-width: 900px) 100vw, 900px\" \/><\/figure>\n<\/div>\n\n\n\n<div class=\"wp-block-column is-vertically-aligned-center ticss-c703b306 is-layout-flow wp-block-column-is-layout-flow\" style=\"padding-top:0;padding-right:0;padding-bottom:0;padding-left:0;flex-basis:50%\">\n<div class=\"wp-block-group\" style=\"border-radius:16px\"><div class=\"wp-block-group__inner-container is-layout-constrained wp-block-group-is-layout-constrained\">\n<div style=\"height:0px\" aria-hidden=\"true\" class=\"wp-block-spacer\"><\/div>\n\n\n\n<p class=\"big-number has-nv-light-bg-color has-text-color has-link-color wp-elements-6fdb8f87016abe7b6bdd33e54773a620\" style=\"font-size:220px\"><strong>01<\/strong><\/p>\n\n\n\n<h2 class=\"wp-block-heading has-text-align-left\">Om denne oplevelse<\/h2>\n\n\n\n<ul class=\"wp-block-list\">\n<li>Tr\u00e6d ind i cockpittet p\u00e5 den legendariske&nbsp;<strong>MB-326<\/strong>et rigtigt jagerfly.<\/li>\n\n\n\n<li>Flyv med erfarne, dygtige piloter, som s\u00f8rger for b\u00e5de sikkerhed og sp\u00e6nding.<\/li>\n\n\n\n<li>M\u00e6rk adrenalinsuset med kunstflyvningsman\u00f8vrer som loops, rulninger og dyk.<\/li>\n\n\n\n<li>Beundr den uovertrufne udsigt over Dolomitterne og Gardas\u00f8en fra et perspektiv, som kun f\u00e5 nogensinde ser.<\/li>\n\n\n\n<li>Nyd et fuldt fordybende eventyr - perfekt til flyentusiaster og sp\u00e6ndingss\u00f8gende.<\/li>\n<\/ul>\n\n\n\n<p class=\"has-text-align-left\"><\/p>\n<\/div><\/div>\n<\/div>\n<\/div>\n<\/div><\/div>\n\n\n\n<div class=\"wp-block-cover alignfull wp-elements-92d96f85a3aaa36ce149836cc41d964f\" style=\"padding-top:var(--wp--preset--spacing--40);padding-right:var(--wp--preset--spacing--40);padding-bottom:var(--wp--preset--spacing--40);padding-left:var(--wp--preset--spacing--40)\"><span aria-hidden=\"true\" class=\"wp-block-cover__background has-nv-dark-bg-background-color has-background-dim-100 has-background-dim\"><\/span><div class=\"wp-block-cover__inner-container is-layout-flow wp-block-cover-is-layout-flow\">\n<div class=\"wp-block-columns is-layout-flex wp-container-core-columns-is-layout-9d6595d7 wp-block-columns-is-layout-flex\">\n<div class=\"wp-block-column is-layout-flow wp-block-column-is-layout-flow\" style=\"flex-basis:100%\">\n<div class=\"wp-block-group is-vertical is-content-justification-center is-layout-flex wp-container-core-group-is-layout-4b2eccd6 wp-block-group-is-layout-flex\">\n<p class=\"big-number has-neve-text-color-color has-text-color has-link-color wp-elements-7c40eab8282ed2a92a27cef4092d33a5\" style=\"font-size:220px\"><strong>02<\/strong><\/p>\n\n\n\n<h2 class=\"wp-block-heading has-text-align-center has-nv-light-bg-color has-text-color has-link-color wp-elements-b3279224177aa33df00510c787e0219c\">Din oplevelse omfatter<\/h2>\n\n\n\n<p class=\"has-text-align-center has-nv-site-bg-color has-text-color has-link-color wp-elements-fba89b250296a7b78678a3d58e46f9e7\">Nogle vigtige h\u00f8jdepunkter ved denne oplevelse:<\/p>\n\n\n\n<div style=\"height:0px\" aria-hidden=\"true\" class=\"wp-block-spacer wp-container-content-f9bd05ee\"><\/div>\n<\/div>\n<\/div>\n<\/div>\n\n\n\n<div class=\"wp-block-columns are-vertically-aligned-top is-layout-flex wp-container-core-columns-is-layout-9d6595d7 wp-block-columns-is-layout-flex\">\n<div class=\"wp-block-column is-vertically-aligned-top is-layout-flow wp-block-column-is-layout-flow\">\n<div class=\"wp-block-group has-nv-site-bg-background-color has-background\" style=\"border-radius:0px;border-bottom-color:#008814;border-bottom-width:8px;padding-top:var(--wp--preset--spacing--40);padding-right:var(--wp--preset--spacing--40);padding-bottom:var(--wp--preset--spacing--40);padding-left:var(--wp--preset--spacing--40)\"><div class=\"wp-block-group__inner-container is-layout-constrained wp-container-core-group-is-layout-65a08581 wp-block-group-is-layout-constrained\"><div class=\"wp-block-image\">\n<figure class=\"aligncenter size-full is-resized\"><img loading=\"lazy\" decoding=\"async\" width=\"512\" height=\"512\" src=\"https:\/\/dev.fktc.ch\/fjr\/wp-content\/uploads\/2024\/12\/air-force.png\" alt=\"\" class=\"wp-image-45\" style=\"width:auto;height:100px\" srcset=\"https:\/\/fighter-jet-rides.com\/wp-content\/uploads\/2024\/12\/air-force.png 512w, https:\/\/fighter-jet-rides.com\/wp-content\/uploads\/2024\/12\/air-force-300x300.png 300w, https:\/\/fighter-jet-rides.com\/wp-content\/uploads\/2024\/12\/air-force-150x150.png 150w\" sizes=\"auto, (max-width: 512px) 100vw, 512px\" \/><\/figure>\n<\/div>\n\n\n<h3 class=\"wp-block-heading has-text-align-center\">Sp\u00e6ndende flyvning med jagerfly<\/h3>\n\n\n\n<p class=\"has-text-align-center has-neve-text-color-color has-text-color has-link-color wp-elements-de0891fcd091d8b033aebb99df6140db\">M\u00e6rk adrenalinsuset, n\u00e5r du letter i den legendariske MB-326. Oplev h\u00f8jhastighedsman\u00f8vrer, loops og rulninger i det ultimative jagerflyeventyr.<\/p>\n<\/div><\/div>\n<\/div>\n\n\n\n<div class=\"wp-block-column is-vertically-aligned-top is-layout-flow wp-block-column-is-layout-flow\">\n<div class=\"wp-block-group has-nv-site-bg-background-color has-background\" style=\"border-radius:0px;border-bottom-color:var(--wp--preset--color--nv-text-dark-bg);border-bottom-width:8px;padding-top:var(--wp--preset--spacing--40);padding-right:var(--wp--preset--spacing--40);padding-bottom:var(--wp--preset--spacing--40);padding-left:var(--wp--preset--spacing--40)\"><div class=\"wp-block-group__inner-container is-layout-constrained wp-container-core-group-is-layout-65a08581 wp-block-group-is-layout-constrained\"><div class=\"wp-block-image\">\n<figure class=\"aligncenter size-full is-resized\"><img loading=\"lazy\" decoding=\"async\" width=\"512\" height=\"512\" src=\"https:\/\/dev.fktc.ch\/fjr\/wp-content\/uploads\/2024\/12\/air-force-1.png\" alt=\"\" class=\"wp-image-46\" style=\"width:auto;height:100px\" srcset=\"https:\/\/fighter-jet-rides.com\/wp-content\/uploads\/2024\/12\/air-force-1.png 512w, https:\/\/fighter-jet-rides.com\/wp-content\/uploads\/2024\/12\/air-force-1-300x300.png 300w, https:\/\/fighter-jet-rides.com\/wp-content\/uploads\/2024\/12\/air-force-1-150x150.png 150w\" sizes=\"auto, (max-width: 512px) 100vw, 512px\" \/><\/figure>\n<\/div>\n\n\n<h3 class=\"wp-block-heading has-text-align-center\">Vejledning af ekspertpiloter<\/h3>\n\n\n\n<p class=\"has-text-align-center has-neve-text-color-color has-text-color has-link-color wp-elements-a8fc44c776f03b54d3b07ad81b897361\">Flyv med erfarne fagfolk, der s\u00f8rger for din sikkerhed og samtidig leverer en uforglemmelig tur. De skr\u00e6ddersyr oplevelsen til dit sp\u00e6ndingsniveau, hvilket g\u00f8r den perfekt til b\u00e5de nybegyndere og vovehalse.<\/p>\n<\/div><\/div>\n<\/div>\n\n\n\n<div class=\"wp-block-column is-vertically-aligned-top is-layout-flow wp-block-column-is-layout-flow\">\n<div class=\"wp-block-group has-nv-site-bg-background-color has-background\" style=\"border-radius:0px;border-bottom-color:var(--wp--preset--color--neve-link-hover-color);border-bottom-width:8px;padding-top:var(--wp--preset--spacing--40);padding-right:var(--wp--preset--spacing--40);padding-bottom:var(--wp--preset--spacing--40);padding-left:var(--wp--preset--spacing--40)\"><div class=\"wp-block-group__inner-container is-layout-constrained wp-container-core-group-is-layout-65a08581 wp-block-group-is-layout-constrained\"><div class=\"wp-block-image\">\n<figure class=\"aligncenter size-full is-resized\"><img loading=\"lazy\" decoding=\"async\" width=\"512\" height=\"512\" src=\"https:\/\/fighter-jet-rides.com\/wp-content\/uploads\/2024\/12\/beach-1.png\" alt=\"\" class=\"wp-image-665\" style=\"width:auto;height:100px\" srcset=\"https:\/\/fighter-jet-rides.com\/wp-content\/uploads\/2024\/12\/beach-1.png 512w, https:\/\/fighter-jet-rides.com\/wp-content\/uploads\/2024\/12\/beach-1-300x300.png 300w, https:\/\/fighter-jet-rides.com\/wp-content\/uploads\/2024\/12\/beach-1-150x150.png 150w, https:\/\/fighter-jet-rides.com\/wp-content\/uploads\/2024\/12\/beach-1-12x12.png 12w\" sizes=\"auto, (max-width: 512px) 100vw, 512px\" \/><\/figure>\n<\/div>\n\n\n<h3 class=\"wp-block-heading has-text-align-center\">Ving\u00e5rde og historie<\/h3>\n\n\n\n<p class=\"has-text-align-center has-neve-text-color-color has-text-color has-link-color wp-elements-b76a64ecb50961e4c0bb2233f1a983c9\">Tag en sp\u00e6ndende MB-326 jetflyvning over de b\u00f8lgende bakker og det livlige landskab i Reggio Emilia, hvor endel\u00f8se vinmarker, historiske byer og frodige gr\u00f8nne omr\u00e5der skaber et fantastisk panorama. Oplev sp\u00e6ndingen ved at sv\u00e6ve over denne maleriske region og afd\u00e6kke dens sk\u00f8nhed fra et betagende luftperspektiv.<\/p>\n<\/div><\/div>\n<\/div>\n<\/div>\n<\/div><\/div>\n\n\n\n<section class=\"wp-block-cover alignfull\" style=\"min-height:100vh;aspect-ratio:unset;\"><span aria-hidden=\"true\" class=\"wp-block-cover__background has-nv-dark-bg-background-color has-background-dim-60 has-background-dim\"><\/span><video class=\"wp-block-cover__video-background intrinsic-ignore\" autoplay muted loop playsinline src=\"https:\/\/migflug.com\/wp-content\/media_manual_upload\/l-39-ca.mov\" data-object-fit=\"cover\"><\/video><div class=\"wp-block-cover__inner-container is-layout-constrained wp-block-cover-is-layout-constrained\">\n<h2 class=\"wp-block-heading has-text-align-center has-text-color has-link-color wp-elements-dc9d55ec59d6523ab78d890a888e45e2\" style=\"color:#ffffff\">Eksempel p\u00e5 flyvning<\/h2>\n\n\n\n<div style=\"height:32px\" aria-hidden=\"true\" class=\"wp-block-spacer\"><\/div>\n\n\n\n<p class=\"has-text-align-center has-text-color has-link-color wp-elements-1bf62cf1cf269f2744a57ce02929c841\" style=\"color:#ffffff\"><\/p>\n<\/div><\/section>\n\n\n\n<div class=\"wp-block-cover alignfull\" style=\"padding-top:var(--wp--preset--spacing--80);padding-right:var(--wp--preset--spacing--50);padding-bottom:var(--wp--preset--spacing--80);padding-left:var(--wp--preset--spacing--50)\"><span aria-hidden=\"true\" class=\"wp-block-cover__background has-nv-light-bg-background-color has-background-dim-100 has-background-dim\"><\/span><div class=\"wp-block-cover__inner-container is-layout-flow wp-block-cover-is-layout-flow\">\n<div class=\"wp-block-columns has-neve-text-color-color has-text-color has-link-color wp-elements-10ecfd1daabebde769a7cacad7ccc5f1 is-layout-flex wp-container-core-columns-is-layout-9d6595d7 wp-block-columns-is-layout-flex\">\n<div class=\"wp-block-column is-vertically-aligned-top is-layout-flow wp-block-column-is-layout-flow\">\n<p class=\"big-number has-nv-site-bg-color has-text-color has-link-color wp-elements-37aaf5bfc1f5577de73b508095c061d7\" style=\"font-size:220px\"><strong>04<\/strong><\/p>\n\n\n\n<h2 class=\"wp-block-heading\">Din dag<\/h2>\n\n\n\n<p>Din jagerflyoplevelse omfatter et m\u00f8de med din pilot til en briefing f\u00f8r flyvningen, en sp\u00e6ndende flyvetur over bakkerne i Reggio Emilia med aerobatiske man\u00f8vrer og mulighed for at overtage styringen, efterfulgt af forfriskninger, fotos med jagerflyet og valgfri tid efter flyvningen med din pilot.<\/p>\n\n\n\n<figure class=\"wp-block-image size-full\"><img loading=\"lazy\" decoding=\"async\" width=\"960\" height=\"704\" src=\"https:\/\/fighter-jet-rides.com\/wp-content\/uploads\/2024\/12\/8-4.jpg\" alt=\"\" class=\"wp-image-720\" srcset=\"https:\/\/fighter-jet-rides.com\/wp-content\/uploads\/2024\/12\/8-4.jpg 960w, https:\/\/fighter-jet-rides.com\/wp-content\/uploads\/2024\/12\/8-4-300x220.jpg 300w, https:\/\/fighter-jet-rides.com\/wp-content\/uploads\/2024\/12\/8-4-768x563.jpg 768w, https:\/\/fighter-jet-rides.com\/wp-content\/uploads\/2024\/12\/8-4-16x12.jpg 16w\" sizes=\"auto, (max-width: 960px) 100vw, 960px\" \/><\/figure>\n<\/div>\n\n\n\n<div class=\"wp-block-column is-layout-flow wp-block-column-is-layout-flow\">\n<div class=\"wp-block-group has-nv-site-bg-background-color has-background\" style=\"border-left-color:#008814;border-left-width:8px;padding-top:var(--wp--preset--spacing--60);padding-right:var(--wp--preset--spacing--50);padding-bottom:var(--wp--preset--spacing--30);padding-left:var(--wp--preset--spacing--50)\"><div class=\"wp-block-group__inner-container is-layout-constrained wp-container-core-group-is-layout-68dbf2b9 wp-block-group-is-layout-constrained\">\n<h3 class=\"wp-block-heading\">01 - Ankomst<\/h3>\n\n\n\n<p>Du ankommer og m\u00f8der din pilot i lufthavnens briefingrum.<\/p>\n<\/div><\/div>\n\n\n\n<div class=\"wp-block-group has-nv-site-bg-background-color has-background\" style=\"border-left-color:#ffffff;border-left-width:8px;padding-top:var(--wp--preset--spacing--60);padding-right:var(--wp--preset--spacing--50);padding-bottom:var(--wp--preset--spacing--30);padding-left:var(--wp--preset--spacing--50)\"><div class=\"wp-block-group__inner-container is-layout-constrained wp-container-core-group-is-layout-68dbf2b9 wp-block-group-is-layout-constrained\">\n<h3 class=\"wp-block-heading\">02 - Briefing<\/h3>\n\n\n\n<p>Mens mekanikerne tanker og klarg\u00f8r jetflyet, gennemg\u00e5r piloten sammen med dig det planlagte flyveprogram og besvarer alle de sp\u00f8rgsm\u00e5l, du m\u00e5tte have.<\/p>\n<\/div><\/div>\n\n\n\n<div class=\"wp-block-group has-nv-site-bg-background-color has-background\" style=\"border-left-color:var(--wp--preset--color--neve-link-hover-color);border-left-width:8px;padding-top:var(--wp--preset--spacing--60);padding-right:var(--wp--preset--spacing--50);padding-bottom:var(--wp--preset--spacing--30);padding-left:var(--wp--preset--spacing--50)\"><div class=\"wp-block-group__inner-container is-layout-constrained wp-container-core-group-is-layout-68dbf2b9 wp-block-group-is-layout-constrained\">\n<h3 class=\"wp-block-heading\">03 - Flyvning<\/h3>\n\n\n\n<p>Du letter og flyver over de maleriske bakker i Reggio Emilia. Programmet omfatter sp\u00e6ndende rulninger, loops, dyk og drejninger - og du f\u00e5r endda mulighed for selv at tage kontrol over MB-326-jetflyet. Afh\u00e6ngigt af lufttrafikken kan du ogs\u00e5 opleve sp\u00e6ndingen ved et h\u00f8jhastigheds low-pass over det fantastiske landskab!<\/p>\n<\/div><\/div>\n\n\n\n<div class=\"wp-block-group has-nv-site-bg-background-color has-background\" style=\"border-left-color:var(--wp--preset--color--nv-dark-bg);border-left-width:8px;padding-top:var(--wp--preset--spacing--60);padding-right:var(--wp--preset--spacing--50);padding-bottom:var(--wp--preset--spacing--30);padding-left:var(--wp--preset--spacing--50)\"><div class=\"wp-block-group__inner-container is-layout-constrained wp-container-core-group-is-layout-68dbf2b9 wp-block-group-is-layout-constrained\">\n<h3 class=\"wp-block-heading\">04 - Debriefing<\/h3>\n\n\n\n<p>Efter flyveturen har du mulighed for at f\u00e5 en forfriskning og tage en selfie foran flyet. Hvis tiden tillader det, vil din pilot gerne bruge lidt mere tid sammen med dig og ledsage dig til den lokale restaurant.<\/p>\n<\/div><\/div>\n<\/div>\n<\/div>\n<\/div><\/div>\n\n\n\n<div class=\"wp-block-cover alignfull\" style=\"padding-top:var(--wp--preset--spacing--80);padding-right:var(--wp--preset--spacing--50);padding-bottom:var(--wp--preset--spacing--80);padding-left:var(--wp--preset--spacing--50)\"><span aria-hidden=\"true\" class=\"wp-block-cover__background has-nv-dark-bg-background-color has-background-dim-100 has-background-dim\"><\/span><div class=\"wp-block-cover__inner-container is-layout-flow wp-block-cover-is-layout-flow\">\n<div class=\"wp-block-columns has-neve-text-color-color has-text-color has-link-color wp-elements-e2042012c09257236c48e696093f024d is-layout-flex wp-container-core-columns-is-layout-9d6595d7 wp-block-columns-is-layout-flex\">\n<div class=\"wp-block-column is-vertically-aligned-top is-layout-flow wp-block-column-is-layout-flow\">\n<p class=\"has-text-align-center big-number has-neve-text-color-color has-text-color has-link-color wp-elements-8b28edcdb6d96a7bde63073eb63cca00\" style=\"font-size:220px\"><strong>05<\/strong><\/p>\n\n\n\n<h2 class=\"wp-block-heading has-text-align-center has-nv-light-bg-color has-text-color has-link-color wp-elements-0a4d946587775a2209fc0b9a4906f27e\">At komme derhen<\/h2>\n\n\n\n<p class=\"has-text-align-center has-nv-light-bg-color has-text-color has-link-color wp-elements-26276d4f0bdb045223ce2c8670e7ed86\"><br><br>Reggio Emilia er let tilg\u00e6ngelig med tog fra Italien med h\u00f8jhastighedstogforbindelser til storbyer som Milano, Bologna og Firenze. For internationale rejsende tilbyder de n\u00e6rliggende lufthavne i Bologna (BLQ), Milano (MXP) eller Firenze (FLR) praktiske muligheder for at rejse videre med tog eller bil for at n\u00e5 denne charmerende destination.<\/p>\n\n\n\n<div class=\"leaflet-map WPLeafletMap\" style=\"height:800px; width:100%;\"><\/div><script>\nwindow.WPLeafletMapPlugin = window.WPLeafletMapPlugin || [];\nwindow.WPLeafletMapPlugin.push(function WPLeafletMapShortcode() {\/*<script>*\/\nvar baseUrl = atob('aHR0cHM6Ly90aWxlcy1ldS5zdGFkaWFtYXBzLmNvbS90aWxlcy9zdGFtZW5fdG9uZXIve3p9L3t4fS97eX17cn0ucG5n');\nvar base = (!baseUrl && window.MQ) ?\n    window.MQ.mapLayer() : L.tileLayer(baseUrl,\n        L.Util.extend({}, {\n            detectRetina: 0,\n        },\n        {\"subdomains\":\"abc\",\"noWrap\":false,\"maxZoom\":19}        )\n    );\n    var options = L.Util.extend({}, {\n        layers: [base],\n        attributionControl: false\n    },\n    {\"zoomControl\":true,\"scrollWheelZoom\":true,\"doubleClickZoom\":true,\"fitBounds\":false,\"minZoom\":0,\"maxZoom\":19,\"maxBounds\":null,\"attribution\":\"<a href=\\\"http:\\\/\\\/leafletjs.com\\\" title=\\\"A JS library for interactive maps\\\">Leaflet<\\\/a>; \\u00a9 <a href=\\\"http:\\\/\\\/www.openstreetmap.org\\\/copyright\\\">OpenStreetMap<\\\/a> contributors\"},\n    {});\nwindow.WPLeafletMapPlugin.createMap(options).setView([41.9028,12.4964],6);});<\/script>\n\n\n\n<script>\nwindow.WPLeafletMapPlugin = window.WPLeafletMapPlugin || [];\nwindow.WPLeafletMapPlugin.push(function WPLeafletMarkerShortcode() {\/*<script>*\/\nvar map = window.WPLeafletMapPlugin.getCurrentMap();\nvar group = window.WPLeafletMapPlugin.getCurrentGroup();\nvar marker_options = window.WPLeafletMapPlugin.getIconOptions({\"iconUrl\":\"https:\\\/\\\/migflug.com\\\/mf-marker-small.svg\",\"iconSize\":\"80,50\"});\nvar marker = L.marker(\n    [44.698993,10.62985],\n    marker_options\n);\nvar is_image = map.is_image_map;\nif (marker_options.draggable) {\n    marker.on('dragend', function () {\n        var latlng = this.getLatLng();\n        var lat = latlng.lat;\n        var lng = latlng.lng;\n        if (is_image) {\n            console.log('leaflet-marker y=' + lat + ' x=' + lng);\n        } else {\n            console.log('leaflet-marker lat=' + lat + ' lng=' + lng);\n        }\n    });\n}\nmarker.addTo( group );\nmarker.bindPopup(window.WPLeafletMapPlugin.unescape('\ud83d\ude80\ud83d\udc68\u200d\ud83d\ude80 The Location in Reggio Emilia, Italy \ud83c\uddee\ud83c\uddf9&lt;\/a&gt;&lt;img src=\\&quot;https:\/\/migflug.com\/wp-content\/uploads\/2022\/12\/L-39-var2.png\\&quot;&gt;'));window.WPLeafletMapPlugin.markers.push( marker );\n        });<\/script>\n<\/div>\n<\/div>\n<\/div><\/div>\n\n\n\n<div class=\"wp-block-cover alignfull\" style=\"padding-top:var(--wp--preset--spacing--80);padding-right:var(--wp--preset--spacing--50);padding-bottom:var(--wp--preset--spacing--80);padding-left:var(--wp--preset--spacing--50)\"><span aria-hidden=\"true\" class=\"wp-block-cover__background has-nv-light-bg-background-color has-background-dim-100 has-background-dim\"><\/span><div class=\"wp-block-cover__inner-container is-layout-flow wp-block-cover-is-layout-flow\">\n<div class=\"wp-block-columns has-neve-text-color-color has-text-color has-link-color wp-elements-d5638b5901bcb465d2af15ddef23f0c6 is-layout-flex wp-container-core-columns-is-layout-9d6595d7 wp-block-columns-is-layout-flex\">\n<div class=\"wp-block-column is-vertically-aligned-top is-layout-flow wp-block-column-is-layout-flow\">\n<p class=\"has-text-align-center big-number has-nv-site-bg-color has-text-color has-link-color wp-elements-b1acbaf334e5e8065ff18a7021d692b3\" id=\"calendar\" style=\"font-size:220px\"><strong>06<\/strong><\/p>\n\n\n\n<h2 class=\"wp-block-heading has-text-align-center\">Tilg\u00e6ngelighed<\/h2>\n\n\n\n<p class=\"has-text-align-center\">Tjek for tilg\u00e6ngelighed og <strong><mark style=\"background-color:var(--nv-site-bg)\" class=\"has-inline-color has-nv-dark-bg-color\">Klik p\u00e5 en dato for at starte booking<\/mark><\/strong><\/p>\n\n\n    <div style=\"display:none;\">MiGFlug DatePicker Version 1.2.2<\/div>\n\n    <div class=\"datepicker-container\" style=\"position: relative\">\n        <div class=\"datepicker-availability\" id=\"datepicker_69f31eec886fe\"><\/div>\n    <\/div>\n    <script src=\"https:\/\/cdnjs.cloudflare.com\/ajax\/libs\/luxon\/3.4.3\/luxon.min.js\"><\/script>\n    <script type=\"text\/javascript\">\n        jQuery(document).ready(function ($) {\n            const { DateTime } = luxon;\n            const timezone = \"America\/New_York\";\n            var disabledDays = [];\n\n            let today = DateTime.now().setZone(timezone);\n            let maxDate = today.plus({ years: 3 });\n\n            const debouncedFetchDisabledDates = debounce(fetchDisabledDates, 300);\n\n            $(\"#datepicker_69f31eec886fe\").datepicker({\n                changeMonth: true,\n                changeYear: true,\n                showOtherMonths: true,\n                selectOtherMonths: true,\n                yearRange: \"c-10:c+10\",\n                dateFormat: \"yy-dd-mm\",\n                minDate: 0,\n                maxDate: new Date(maxDate.year, maxDate.month - 1, maxDate.day),\n                monthNames: [\n                    \"January\", \"February\", \"March\", \"April\", \"May\", \"June\",\n                    \"July\", \"August\", \"September\", \"October\", \"November\", \"December\"\n                ],\n                monthNamesShort: [\n                    \"Jan\", \"Feb\", \"Mar\", \"Apr\", \"May\", \"Jun\",\n                    \"Jul\", \"Aug\", \"Sep\", \"Oct\", \"Nov\", \"Dec\"\n                ],\n                onSelect: function (dateText) {\n                    let parsedDate = $.datepicker.parseDate('yy-dd-mm', dateText);\n                    let finalDate = $.datepicker.formatDate('yy-mm-dd', parsedDate);\n\n                    let bookingURL = \"#pricing\";\n                    let popup_id = \"\";\n\n                    if (bookingURL !== \"\") {\n                        let fullURL = bookingURL + \"?datechoice=now&date=\" + finalDate +\n                            \"&region=\" + \"\" +\n                            \"&product=\" + \"\" +\n                            \"&eulocation=\" + \"\" +\n                            \"&uslocation=\" + \"\" +\n                            \"&referrer=\" + \"\" +\n                            \"&itlocation=\" + \"\" +\n                            \"&apaclocation=\" + \"\";\n                        window.open(fullURL, '_blank');\n                        showAvailableDay();\n                    } else if (popup_id !== \"\") {\n                        PUM.open('#' + popup_id);\n                        showAvailableDay();\n                    }\n                },\n                beforeShow: function (input, inst) {\n                    showAvailableDay();\n                },\n                beforeShowDay: function (date) {\n                    \/\/ Convert local date to the API timezone for comparison\n                    const localDt = DateTime.fromJSDate(date);\n                    \/\/ Format to check against our collection\n                    const dateToCheck = localDt.toFormat('yyyy-MM-dd');\n                    \n                    \/\/ Check if this date is in our available dates list\n                    const isAvailable = disabledDays.includes(dateToCheck);\n                    return [isAvailable];\n                },\n                onChangeMonthYear: function (year, month, inst) {\n                    debouncedFetchDisabledDates(year, month);\n                }\n            });\n\n            showAvailableDay();\n\n            function fetchDisabledDates(year, month, retryCount = 0) {\n                const appointmentId = \"68169382\";\n                const calendarId = \"10720052\";\n                const cacheKey = `disabledDates_${calendarId}_${appointmentId}_${year}_${month}_${timezone}`;\n                const expirationTime = 24 * 60 * 60 * 1000;\n                const now = Date.now();\n                const yearMonth = year + '-' + (\"0\" + month).slice(-2);\n                const maxRetries = 3;\n                const $datepicker = $('.datepicker-availability');\n                $datepicker.append('<div class=\"datepicker-loader-overlay\"><\/div><div class=\"spinner\"><\/div>');\n\n                if (localStorage.getItem(cacheKey)) {\n                    const cachedData = JSON.parse(localStorage.getItem(cacheKey));\n                    if (cachedData && cachedData.expiration > now) {\n                        updateDisabledDates(cachedData.response);\n                        fetchDataForNextMonth(year, month);\n                        return;\n                    }\n                }\n\n                $.ajax({\n                    url: 'https:\/\/fighter-jet-rides.com\/wp-admin\/admin-ajax.php',\n                    method: 'GET',\n                    data: {\n                        action: 'datepicker_fetch_disabled_dates',\n                        yearMonth: yearMonth.trim(),\n                        calendarId: calendarId.trim(),\n                        appointmentId: appointmentId.trim(),\n                        timezone: timezone.trim(), \/\/ Add timezone to the AJAX request\n                    },\n                    dataType: 'json',\n                    timeout: 10000,\n                }).done(function (response) {\n                    const item = {\n                        response,\n                        expiration: now + expirationTime\n                    };\n                    localStorage.setItem(cacheKey, JSON.stringify(item));\n                    updateDisabledDates(response);\n                    fetchDataForNextMonth(year, month);\n                }).fail(function (xhr, status) {\n                    if ((status === \"timeout\" || status === \"error\") && retryCount < maxRetries) {\n                        fetchDisabledDates(year, month, retryCount + 1);\n                    } else {\n                        hideLoader();\n                    }\n                });\n            }\n\n            async function fetchDataForNextMonth(year, month) {\n                \/\/ Adjust year if we're in December\n                let nextYear = year;\n                let nextMonth = month === 12 ? 1 : month + 1;\n                if (month === 12) nextYear++;\n\n                const appointmentId = \"68169382\";\n                const calendarId = \"10720052\";\n                const cacheKey = `disabledDates_${calendarId}_${appointmentId}_${nextYear}_${nextMonth}_${timezone}`;\n                const expirationTime = 24 * 60 * 60 * 1000;\n                const now = Date.now();\n                const yearMonth = nextYear + '-' + (\"0\" + nextMonth).slice(-2);\n\n                if (localStorage.getItem(cacheKey)) {\n                    const cachedData = JSON.parse(localStorage.getItem(cacheKey));\n                    if (cachedData && cachedData.expiration > now) {\n                        return;\n                    }\n                }\n\n                $.ajax({\n                    url: 'https:\/\/fighter-jet-rides.com\/wp-admin\/admin-ajax.php',\n                    method: 'GET',\n                    data: {\n                        action: 'datepicker_fetch_disabled_dates',\n                        yearMonth: yearMonth.trim(),\n                        calendarId: calendarId.trim(),\n                        appointmentId: appointmentId.trim(),\n                        timezone: timezone.trim(), \/\/ Add timezone to the AJAX request\n                    },\n                    dataType: 'json',\n                    timeout: 10000,\n                }).done(function (response) {\n                    const item = {\n                        response,\n                        expiration: now + expirationTime\n                    };\n                    localStorage.setItem(cacheKey, JSON.stringify(item));\n                }).fail(function () {\n                    hideLoader();\n                });\n            }\n\n            function updateDisabledDates(response) {\n                if (response && response.success) {\n                    \/\/ Store dates in YYYY-MM-DD format directly from API\n                    disabledDays = response.data.map(function (item) {\n                        return item.date; \/\/ API already returns dates in the requested timezone\n                    });\n                    $('#datepicker_69f31eec886fe').datepicker('refresh');\n                }\n                hideLoader();\n            }\n\n            function showAvailableDay() {\n                let date = DateTime.now().setZone(timezone);\n                fetchDisabledDates(date.year, date.month);\n            }\n\n            function hideLoader() {\n                $('.datepicker-loader-overlay, .spinner').remove();\n            }\n\n            function debounce(func, wait) {\n                let timeout;\n                return function (...args) {\n                    const context = this;\n                    clearTimeout(timeout);\n                    timeout = setTimeout(() => func.apply(context, args), wait);\n                };\n            }\n        });\n    <\/script>\n    \n<\/div>\n<\/div>\n<\/div><\/div>\n\n\n\n<section class=\"wp-block-cover alignfull\" style=\"padding-top:var(--wp--preset--spacing--80);padding-right:var(--wp--preset--spacing--40);padding-bottom:var(--wp--preset--spacing--80);padding-left:var(--wp--preset--spacing--40)\"><span aria-hidden=\"true\" class=\"wp-block-cover__background has-nv-dark-bg-background-color has-background-dim-80 has-background-dim\"><\/span><img loading=\"lazy\" decoding=\"async\" width=\"1707\" height=\"2560\" class=\"wp-block-cover__image-background wp-image-721\" alt=\"\" src=\"https:\/\/fighter-jet-rides.com\/wp-content\/uploads\/2024\/12\/pexels-dantemunozphoto-28821755-scaled.jpg\" data-object-fit=\"cover\" srcset=\"https:\/\/fighter-jet-rides.com\/wp-content\/uploads\/2024\/12\/pexels-dantemunozphoto-28821755-scaled.jpg 1707w, https:\/\/fighter-jet-rides.com\/wp-content\/uploads\/2024\/12\/pexels-dantemunozphoto-28821755-200x300.jpg 200w, https:\/\/fighter-jet-rides.com\/wp-content\/uploads\/2024\/12\/pexels-dantemunozphoto-28821755-683x1024.jpg 683w, https:\/\/fighter-jet-rides.com\/wp-content\/uploads\/2024\/12\/pexels-dantemunozphoto-28821755-768x1152.jpg 768w, https:\/\/fighter-jet-rides.com\/wp-content\/uploads\/2024\/12\/pexels-dantemunozphoto-28821755-1024x1536.jpg 1024w, https:\/\/fighter-jet-rides.com\/wp-content\/uploads\/2024\/12\/pexels-dantemunozphoto-28821755-1365x2048.jpg 1365w, https:\/\/fighter-jet-rides.com\/wp-content\/uploads\/2024\/12\/pexels-dantemunozphoto-28821755-8x12.jpg 8w\" sizes=\"auto, (max-width: 1707px) 100vw, 1707px\" \/><div class=\"wp-block-cover__inner-container is-layout-constrained wp-container-core-cover-is-layout-cd625289 wp-block-cover-is-layout-constrained\">\n<div class=\"wp-block-columns are-vertically-aligned-center is-layout-flex wp-container-core-columns-is-layout-9d6595d7 wp-block-columns-is-layout-flex\">\n<div class=\"wp-block-column is-vertically-aligned-center is-layout-flow wp-block-column-is-layout-flow\">\n<div class=\"wp-block-group has-nv-text-dark-bg-color has-text-color has-link-color wp-elements-03820e42c80cdd1e1033d8f1151ab950\"><div class=\"wp-block-group__inner-container is-layout-flow wp-block-group-is-layout-flow\">\n<p class=\"has-text-align-center big-number has-text-color has-link-color wp-elements-2a6a51a85a796ce6eea6527b9bcd760e\" style=\"color:#ffffff1c;font-size:220px\"><strong>07<\/strong><\/p>\n\n\n\n<h2 class=\"wp-block-heading has-text-align-center\">Udtalelser<\/h2>\n\n\n\n<div style=\"height:80px\" aria-hidden=\"true\" class=\"wp-block-spacer\"><\/div>\n<\/div><\/div>\n<\/div>\n<\/div>\n\n\n\n<div class=\"wp-block-columns has-nv-text-dark-bg-color has-text-color has-link-color wp-elements-955030d057d1dfb66e68f9600b4d55ae is-layout-flex wp-container-core-columns-is-layout-9d6595d7 wp-block-columns-is-layout-flex\">\n<div class=\"wp-block-column has-neve-text-color-color has-nv-site-bg-background-color has-text-color has-background has-link-color wp-elements-7be3b7bb6d119be226467c6f9a189447 is-layout-flow wp-block-column-is-layout-flow\" style=\"border-bottom-color:#008814;border-bottom-width:8px;padding-top:var(--wp--preset--spacing--70);padding-right:var(--wp--preset--spacing--50);padding-bottom:var(--wp--preset--spacing--70);padding-left:var(--wp--preset--spacing--50)\"><div class=\"wp-block-image\">\n<figure class=\"aligncenter size-large has-custom-border\"><img decoding=\"async\" src=\"https:\/\/media.licdn.com\/dms\/image\/v2\/C4E03AQEEo5orxuPEDQ\/profile-displayphoto-shrink_200_200\/profile-displayphoto-shrink_200_200\/0\/1516989176180?e=2147483647&amp;v=beta&amp;t=7WXEerh42ngHU8Xmywtb-z5YbGaNFS-vLLaQyknsXdQ\" alt=\"\" style=\"border-radius:999px;aspect-ratio:1;object-fit:cover\"\/><\/figure>\n<\/div>\n\n\n<div style=\"height:32px\" aria-hidden=\"true\" class=\"wp-block-spacer\"><\/div>\n\n\n\n<h3 class=\"wp-block-heading has-text-align-center\">Samuel<\/h3>\n\n\n\n<p class=\"has-text-align-center\"><em>&#8220;<\/em> At flyve MB-326 over de fantastiske bakker i Reggio Emilia var en oplevelse for livet! Den betagende udsigt kombineret med adrenalinet fra rulninger og loops gjorde det uforglemmeligt, og det var den ultimative sp\u00e6nding at f\u00e5 lov til selv at styre jetflyet. Jeg kan ikke anbefale dette eventyr nok til alle, der s\u00f8ger noget virkelig ekstraordin\u00e6rt!<em>&#8220;<\/em><\/p>\n\n\n<div class=\"wp-block-image\">\n<figure class=\"aligncenter size-full is-resized\"><img decoding=\"async\" src=\"https:\/\/fighter-jet-rides.com\/wp-content\/uploads\/2024\/12\/samuel.svg\" alt=\"\" class=\"wp-image-722\" style=\"width:auto;height:40px\"\/><\/figure>\n<\/div><\/div>\n\n\n\n<div class=\"wp-block-column has-neve-text-color-color has-nv-site-bg-background-color has-text-color has-background has-link-color wp-elements-82980f3313bb34d076ad44718b03d22a is-layout-flow wp-block-column-is-layout-flow\" style=\"border-bottom-color:var(--wp--preset--color--neve-link-hover-color);border-bottom-width:8px;padding-top:var(--wp--preset--spacing--70);padding-right:var(--wp--preset--spacing--50);padding-bottom:var(--wp--preset--spacing--70);padding-left:var(--wp--preset--spacing--50)\"><div class=\"wp-block-image\">\n<figure class=\"aligncenter size-full is-resized has-custom-border\"><img decoding=\"async\" src=\"https:\/\/dev.fktc.ch\/fjr\/wp-content\/themes\/neve\/assets\/img\/starter-content\/8.jpg\" alt=\"\" class=\"wp-image-444\" style=\"border-radius:999px;aspect-ratio:1;object-fit:cover;width:120px\"\/><\/figure>\n<\/div>\n\n\n<div style=\"height:32px\" aria-hidden=\"true\" class=\"wp-block-spacer\"><\/div>\n\n\n\n<h3 class=\"wp-block-heading has-text-align-center\">Melina Albrecht<\/h3>\n\n\n\n<p class=\"has-text-align-center\"><em>\"... Jeg elsker dette team! De gjorde et fantastisk stykke arbejde, mange tak for det perfekte samarbejde indtil videre, meget v\u00e6rdsat!...\"<\/em><\/p>\n\n\n<div class=\"wp-block-image\">\n<figure class=\"aligncenter size-full is-resized\"><img decoding=\"async\" src=\"https:\/\/dev.fktc.ch\/fjr\/wp-content\/themes\/neve\/assets\/img\/starter-content\/signature-1.png\" alt=\"\" class=\"wp-image-440\" style=\"width:auto;height:40px\"\/><\/figure>\n<\/div><\/div>\n<\/div>\n<\/div><\/section>\n\n\n\n<div class=\"wp-block-cover alignfull has-neve-text-color-color has-text-color has-link-color wp-elements-ba825376587fe4b87018e65867236474\" style=\"padding-top:var(--wp--preset--spacing--80);padding-right:var(--wp--preset--spacing--40);padding-bottom:var(--wp--preset--spacing--80);padding-left:var(--wp--preset--spacing--40)\"><span aria-hidden=\"true\" class=\"wp-block-cover__background has-nv-site-bg-background-color has-background-dim-100 has-background-dim\"><\/span><div class=\"wp-block-cover__inner-container is-layout-flow wp-block-cover-is-layout-flow\">\n<div class=\"wp-block-columns is-layout-flex wp-container-core-columns-is-layout-9d6595d7 wp-block-columns-is-layout-flex\">\n<div class=\"wp-block-column is-layout-flow wp-block-column-is-layout-flow\" style=\"flex-basis:100%\">\n<div class=\"wp-block-group is-vertical is-content-justification-center is-layout-flex wp-container-core-group-is-layout-4b2eccd6 wp-block-group-is-layout-flex\">\n<p class=\"big-number has-nv-light-bg-color has-text-color has-link-color wp-elements-a7fd32131fbdfd6fd566c5b9b1686a04\" style=\"font-size:220px\"><strong>0<\/strong>8<\/p>\n\n\n\n<h2 class=\"wp-block-heading has-text-align-center has-neve-text-color-color has-text-color has-link-color wp-elements-e0561d289cad4c05cbdbcf696a6081b6\">Galleri<\/h2>\n\n\n\n<p class=\"has-text-align-center has-neve-text-color-color has-text-color has-link-color wp-elements-8dc1298bdaf409ad0bfd8c3616aa532b\">Reggio Emilia<\/p>\n\n\n\n<div style=\"height:0px\" aria-hidden=\"true\" class=\"wp-block-spacer wp-container-content-f9bd05ee\"><\/div>\n<\/div>\n<\/div>\n<\/div>\n\n\n\n<figure class=\"wp-block-gallery has-nested-images columns-3 is-cropped wp-block-gallery-1 is-layout-flex wp-block-gallery-is-layout-flex\">\n<figure class=\"wp-block-image size-large\"><img loading=\"lazy\" decoding=\"async\" width=\"1024\" height=\"684\" data-id=\"522\" src=\"https:\/\/fighter-jet-rides.com\/wp-content\/uploads\/2024\/12\/5-4-1024x684.jpeg\" alt=\"\" class=\"wp-image-522\" srcset=\"https:\/\/fighter-jet-rides.com\/wp-content\/uploads\/2024\/12\/5-4-1024x684.jpeg 1024w, https:\/\/fighter-jet-rides.com\/wp-content\/uploads\/2024\/12\/5-4-300x200.jpeg 300w, https:\/\/fighter-jet-rides.com\/wp-content\/uploads\/2024\/12\/5-4-768x513.jpeg 768w, https:\/\/fighter-jet-rides.com\/wp-content\/uploads\/2024\/12\/5-4-18x12.jpeg 18w, https:\/\/fighter-jet-rides.com\/wp-content\/uploads\/2024\/12\/5-4-930x620.jpeg 930w, https:\/\/fighter-jet-rides.com\/wp-content\/uploads\/2024\/12\/5-4.jpeg 1280w\" sizes=\"auto, (max-width: 1024px) 100vw, 1024px\" \/><\/figure>\n\n\n\n<figure class=\"wp-block-image size-full\"><img loading=\"lazy\" decoding=\"async\" width=\"960\" height=\"654\" data-id=\"724\" src=\"https:\/\/fighter-jet-rides.com\/wp-content\/uploads\/2024\/12\/9-4.jpg\" alt=\"\" class=\"wp-image-724\" srcset=\"https:\/\/fighter-jet-rides.com\/wp-content\/uploads\/2024\/12\/9-4.jpg 960w, https:\/\/fighter-jet-rides.com\/wp-content\/uploads\/2024\/12\/9-4-300x204.jpg 300w, https:\/\/fighter-jet-rides.com\/wp-content\/uploads\/2024\/12\/9-4-768x523.jpg 768w, https:\/\/fighter-jet-rides.com\/wp-content\/uploads\/2024\/12\/9-4-18x12.jpg 18w\" sizes=\"auto, (max-width: 960px) 100vw, 960px\" \/><\/figure>\n\n\n\n<figure class=\"wp-block-image size-large\"><img loading=\"lazy\" decoding=\"async\" width=\"1024\" height=\"684\" data-id=\"523\" src=\"https:\/\/fighter-jet-rides.com\/wp-content\/uploads\/2024\/12\/6-2-1024x684.jpeg\" alt=\"\" class=\"wp-image-523\" srcset=\"https:\/\/fighter-jet-rides.com\/wp-content\/uploads\/2024\/12\/6-2-1024x684.jpeg 1024w, https:\/\/fighter-jet-rides.com\/wp-content\/uploads\/2024\/12\/6-2-300x200.jpeg 300w, https:\/\/fighter-jet-rides.com\/wp-content\/uploads\/2024\/12\/6-2-768x513.jpeg 768w, https:\/\/fighter-jet-rides.com\/wp-content\/uploads\/2024\/12\/6-2-18x12.jpeg 18w, https:\/\/fighter-jet-rides.com\/wp-content\/uploads\/2024\/12\/6-2-930x620.jpeg 930w, https:\/\/fighter-jet-rides.com\/wp-content\/uploads\/2024\/12\/6-2.jpeg 1280w\" sizes=\"auto, (max-width: 1024px) 100vw, 1024px\" \/><\/figure>\n\n\n\n<figure class=\"wp-block-image size-full\"><img loading=\"lazy\" decoding=\"async\" width=\"2160\" height=\"1385\" data-id=\"723\" src=\"https:\/\/fighter-jet-rides.com\/wp-content\/uploads\/2024\/12\/pexels-dantemunozphoto-28821751.jpg\" alt=\"\" class=\"wp-image-723\" srcset=\"https:\/\/fighter-jet-rides.com\/wp-content\/uploads\/2024\/12\/pexels-dantemunozphoto-28821751.jpg 2160w, https:\/\/fighter-jet-rides.com\/wp-content\/uploads\/2024\/12\/pexels-dantemunozphoto-28821751-300x192.jpg 300w, https:\/\/fighter-jet-rides.com\/wp-content\/uploads\/2024\/12\/pexels-dantemunozphoto-28821751-1024x657.jpg 1024w, https:\/\/fighter-jet-rides.com\/wp-content\/uploads\/2024\/12\/pexels-dantemunozphoto-28821751-768x492.jpg 768w, https:\/\/fighter-jet-rides.com\/wp-content\/uploads\/2024\/12\/pexels-dantemunozphoto-28821751-1536x985.jpg 1536w, https:\/\/fighter-jet-rides.com\/wp-content\/uploads\/2024\/12\/pexels-dantemunozphoto-28821751-2048x1313.jpg 2048w, https:\/\/fighter-jet-rides.com\/wp-content\/uploads\/2024\/12\/pexels-dantemunozphoto-28821751-18x12.jpg 18w\" sizes=\"auto, (max-width: 2160px) 100vw, 2160px\" \/><\/figure>\n\n\n\n<figure class=\"wp-block-image size-large\"><img loading=\"lazy\" decoding=\"async\" width=\"1024\" height=\"683\" data-id=\"520\" src=\"https:\/\/fighter-jet-rides.com\/wp-content\/uploads\/2024\/12\/3-4-1024x683.jpeg\" alt=\"\" class=\"wp-image-520\" srcset=\"https:\/\/fighter-jet-rides.com\/wp-content\/uploads\/2024\/12\/3-4-1024x683.jpeg 1024w, https:\/\/fighter-jet-rides.com\/wp-content\/uploads\/2024\/12\/3-4-300x200.jpeg 300w, https:\/\/fighter-jet-rides.com\/wp-content\/uploads\/2024\/12\/3-4-768x512.jpeg 768w, https:\/\/fighter-jet-rides.com\/wp-content\/uploads\/2024\/12\/3-4-18x12.jpeg 18w, https:\/\/fighter-jet-rides.com\/wp-content\/uploads\/2024\/12\/3-4-930x620.jpeg 930w, https:\/\/fighter-jet-rides.com\/wp-content\/uploads\/2024\/12\/3-4.jpeg 1280w\" sizes=\"auto, (max-width: 1024px) 100vw, 1024px\" \/><\/figure>\n\n\n\n<figure class=\"wp-block-image size-full\"><img loading=\"lazy\" decoding=\"async\" width=\"2560\" height=\"1707\" data-id=\"725\" src=\"https:\/\/fighter-jet-rides.com\/wp-content\/uploads\/2024\/12\/pexels-bruggi-29355230-scaled.jpg\" alt=\"\" class=\"wp-image-725\" srcset=\"https:\/\/fighter-jet-rides.com\/wp-content\/uploads\/2024\/12\/pexels-bruggi-29355230-scaled.jpg 2560w, https:\/\/fighter-jet-rides.com\/wp-content\/uploads\/2024\/12\/pexels-bruggi-29355230-300x200.jpg 300w, https:\/\/fighter-jet-rides.com\/wp-content\/uploads\/2024\/12\/pexels-bruggi-29355230-1024x683.jpg 1024w, https:\/\/fighter-jet-rides.com\/wp-content\/uploads\/2024\/12\/pexels-bruggi-29355230-768x512.jpg 768w\" sizes=\"auto, (max-width: 2560px) 100vw, 2560px\" \/><\/figure>\n<\/figure>\n<\/div><\/div>\n\n\n\n<div class=\"wp-block-cover alignfull\" style=\"padding-top:var(--wp--preset--spacing--80);padding-right:var(--wp--preset--spacing--50);padding-bottom:var(--wp--preset--spacing--80);padding-left:var(--wp--preset--spacing--50)\"><span aria-hidden=\"true\" class=\"wp-block-cover__background has-nv-dark-bg-background-color has-background-dim-100 has-background-dim\"><\/span><div class=\"wp-block-cover__inner-container is-layout-flow wp-block-cover-is-layout-flow\">\n<p class=\"has-text-align-center big-number has-neve-text-color-color has-text-color has-link-color wp-elements-b21b6a5898229b1b25e5e15c1fab375e\" id=\"pricing\" style=\"font-size:220px\"><strong>09<\/strong><\/p>\n\n\n\n<h2 class=\"wp-block-heading has-text-align-center\">Pris<\/h2>\n\n\n\n<div class=\"wp-block-columns has-neve-text-color-color has-text-color has-link-color wp-elements-d5f13064da9c3439f29896b5dacef60a is-layout-flex wp-container-core-columns-is-layout-9d6595d7 wp-block-columns-is-layout-flex\">\n<div class=\"wp-block-column is-vertically-aligned-top is-layout-flow wp-block-column-is-layout-flow\">\n<div class=\"wp-block-group has-nv-site-bg-background-color has-background\" style=\"border-top-color:#008814;border-top-width:8px;border-right-style:none;border-right-width:0px;border-bottom-style:none;border-bottom-width:0px;border-left-style:none;border-left-width:0px;padding-top:var(--wp--preset--spacing--60);padding-right:var(--wp--preset--spacing--50);padding-bottom:var(--wp--preset--spacing--60);padding-left:var(--wp--preset--spacing--50)\"><div class=\"wp-block-group__inner-container is-layout-constrained wp-container-core-group-is-layout-fcc72f54 wp-block-group-is-layout-constrained\">\n<h3 class=\"wp-block-heading has-text-align-center has-large-font-size\">Teaser<\/h3>\n\n\n\n<div class=\"wp-block-group is-vertical is-content-justification-center is-layout-flex wp-container-core-group-is-layout-4b2eccd6 wp-block-group-is-layout-flex\">\n<h4 class=\"wp-block-heading has-text-color has-link-color has-x-large-font-size wp-elements-b81b9751db16bb5ee1eccd0daf2c6ba1\" style=\"color:#008814\">4,500.00 EUR<\/h4>\n\n\n\n<p>pr. flyvning<\/p>\n<\/div>\n\n\n\n<hr class=\"wp-block-separator has-text-color has-nv-light-bg-color has-alpha-channel-opacity has-nv-light-bg-background-color has-background\"\/>\n\n\n\n<p class=\"has-text-align-center\">Briefing<\/p>\n\n\n\n<p class=\"has-text-align-center\">30 minutters flyvetid<\/p>\n\n\n\n<div class=\"wp-block-buttons is-content-justification-center is-layout-flex wp-container-core-buttons-is-layout-16018d1d wp-block-buttons-is-layout-flex\">\n<div class=\"wp-block-button is-style-default\"><a class=\"wp-block-button__link has-nv-text-dark-bg-color has-text-color has-background has-link-color wp-element-button\" href=\"https:\/\/dev.fktc.ch\/fjr\/booking\/?params=hideregionselector&amp;region=rest&amp;itlocation=IT-REGGIOEMILIA-L39&amp;referrer=pdp&amp;utm_source=fjr&amp;eulocation=IT-REGGIOEMILIA-L39\" style=\"background-color:#008814\">BOOK NU<\/a><\/div>\n<\/div>\n<\/div><\/div>\n<\/div>\n\n\n\n<div class=\"wp-block-column is-vertically-aligned-top is-layout-flow wp-block-column-is-layout-flow\">\n<div class=\"wp-block-group has-nv-site-bg-background-color has-background\" style=\"border-top-color:var(--wp--preset--color--nv-text-dark-bg);border-top-width:8px;border-right-style:none;border-right-width:0px;border-bottom-style:none;border-bottom-width:0px;border-left-style:none;border-left-width:0px;padding-top:var(--wp--preset--spacing--60);padding-right:var(--wp--preset--spacing--50);padding-bottom:var(--wp--preset--spacing--60);padding-left:var(--wp--preset--spacing--50)\"><div class=\"wp-block-group__inner-container is-layout-constrained wp-container-core-group-is-layout-fcc72f54 wp-block-group-is-layout-constrained\">\n<h3 class=\"wp-block-heading has-text-align-center has-large-font-size\">Thriller<\/h3>\n\n\n\n<div class=\"wp-block-group is-vertical is-content-justification-center is-layout-flex wp-container-core-group-is-layout-4b2eccd6 wp-block-group-is-layout-flex\">\n<h4 class=\"wp-block-heading has-nv-dark-bg-color has-text-color has-link-color has-x-large-font-size wp-elements-e0e1b376b21004a9eadfe0f2b4e75dc9\">Pris ikke fundet for: IT-TRENTO-ADDON-VIDEO<\/h4>\n\n\n\n<p>pr. flyvning<\/p>\n<\/div>\n\n\n\n<hr class=\"wp-block-separator has-text-color has-nv-light-bg-color has-alpha-channel-opacity has-nv-light-bg-background-color has-background\"\/>\n\n\n\n<p class=\"has-text-align-center\">Briefing<\/p>\n\n\n\n<p class=\"has-text-align-center\">45 minutters flyvetid<\/p>\n\n\n\n<p class=\"has-text-align-center\">Video under flyvning<\/p>\n\n\n\n<div class=\"wp-block-buttons is-content-justification-center is-layout-flex wp-container-core-buttons-is-layout-16018d1d wp-block-buttons-is-layout-flex\">\n<div class=\"wp-block-button is-style-default\"><a class=\"wp-block-button__link has-nv-text-dark-bg-color has-nv-dark-bg-background-color has-text-color has-background has-link-color wp-element-button\" href=\"https:\/\/dev.fktc.ch\/fjr\/booking\/?params=hideregionselector&amp;region=rest&amp;itlocation=IT-REGGIOEMILIA-L39&amp;referrer=pdp&amp;utm_source=fjr&amp;eulocation=IT-REGGIOEMILIA-L39\">BOOK NU<\/a><\/div>\n<\/div>\n<\/div><\/div>\n<\/div>\n\n\n\n<div class=\"wp-block-column is-vertically-aligned-top is-layout-flow wp-block-column-is-layout-flow\">\n<div class=\"wp-block-group has-nv-site-bg-background-color has-background\" style=\"border-top-color:var(--wp--preset--color--neve-link-hover-color);border-top-width:8px;border-right-style:none;border-right-width:0px;border-bottom-style:none;border-bottom-width:0px;border-left-style:none;border-left-width:0px;padding-top:var(--wp--preset--spacing--60);padding-right:var(--wp--preset--spacing--50);padding-bottom:var(--wp--preset--spacing--60);padding-left:var(--wp--preset--spacing--50)\"><div class=\"wp-block-group__inner-container is-layout-constrained wp-container-core-group-is-layout-fcc72f54 wp-block-group-is-layout-constrained\">\n<h3 class=\"wp-block-heading has-text-align-center has-large-font-size\">Top Gun<\/h3>\n\n\n\n<div class=\"wp-block-group is-vertical is-content-justification-center is-layout-flex wp-container-core-group-is-layout-4b2eccd6 wp-block-group-is-layout-flex\">\n<h4 class=\"wp-block-heading has-neve-link-hover-color-color has-text-color has-link-color has-x-large-font-size wp-elements-98d3d4476eeacbab272e47db9bb89622\">Pris ikke fundet for: IT-TRENTO-ADDON-VIDEO, EURO-ADDON-CARBON-OFFSET<\/h4>\n\n\n\n<p>pr. flyvning<\/p>\n<\/div>\n\n\n\n<hr class=\"wp-block-separator has-text-color has-nv-light-bg-color has-alpha-channel-opacity has-nv-light-bg-background-color has-background\"\/>\n\n\n\n<p class=\"has-text-align-center\">Online tr\u00e6ningsvideoer<\/p>\n\n\n\n<p class=\"has-text-align-center\">Briefing<\/p>\n\n\n\n<p class=\"has-text-align-center\">45 minutters flyvetid<\/p>\n\n\n\n<p class=\"has-text-align-center\">Video under flyvning<\/p>\n\n\n\n<p class=\"has-text-align-center\">Gratis afbestilling<\/p>\n\n\n\n<p class=\"has-text-align-center\">CO2-kompensation<\/p>\n\n\n\n<div class=\"wp-block-buttons is-content-justification-center is-layout-flex wp-container-core-buttons-is-layout-16018d1d wp-block-buttons-is-layout-flex\">\n<div class=\"wp-block-button is-style-default\"><a class=\"wp-block-button__link has-nv-text-dark-bg-color has-neve-link-hover-color-background-color has-text-color has-background has-link-color wp-element-button\" href=\"https:\/\/dev.fktc.ch\/fjr\/booking\/?params=hideregionselector&amp;region=rest&amp;itlocation=IT-TRENTO&amp;referrer=pdp&amp;utm_source=fjr&amp;eulocation=IT-REGGIOEMILIA-L39\">BOOK NU<\/a><\/div>\n<\/div>\n<\/div><\/div>\n<\/div>\n<\/div>\n<\/div><\/div>\n\n\n\n<div class=\"wp-block-cover alignfull has-neve-text-color-color has-text-color has-link-color wp-elements-475eea239206c70b31fe4ed010e31ce8\" style=\"padding-top:var(--wp--preset--spacing--80);padding-right:var(--wp--preset--spacing--40);padding-bottom:var(--wp--preset--spacing--80);padding-left:var(--wp--preset--spacing--40)\"><span aria-hidden=\"true\" class=\"wp-block-cover__background has-nv-site-bg-background-color has-background-dim-100 has-background-dim\"><\/span><div class=\"wp-block-cover__inner-container is-layout-flow wp-block-cover-is-layout-flow\">\n<div class=\"wp-block-columns is-layout-flex wp-container-core-columns-is-layout-9d6595d7 wp-block-columns-is-layout-flex\">\n<div class=\"wp-block-column is-layout-flow wp-block-column-is-layout-flow\" style=\"flex-basis:100%\">\n<div class=\"wp-block-group\"><div class=\"wp-block-group__inner-container is-layout-constrained wp-block-group-is-layout-constrained\">\n<p class=\"big-number has-nv-light-bg-color has-text-color has-link-color wp-elements-93f01c170b049a433dc9659f7dc4877c\" style=\"font-size:220px\">10<\/p>\n\n\n\n<h2 class=\"wp-block-heading has-text-align-center has-neve-text-color-color has-text-color has-link-color wp-elements-a7b4be59732789a23039606275ff32c2\">OFTE STILLEDE SP\u00d8RGSM\u00c5L<\/h2>\n\n\n\n<p class=\"has-text-align-center has-neve-text-color-color has-text-color has-link-color wp-elements-9cca6875f495bf6c958d055d2ed65647\">Svar p\u00e5 ofte stillede sp\u00f8rgsm\u00e5l<\/p>\n\n\n<ul style=\"padding-top:0;padding-bottom:0;padding-left:0;padding-right:0\" class=\"wp-block-tt-accordion\">\n<li class=\"wp-block-tt-accordion-item wp-block-tt-accordion-item-2 has-background has-nv-text-dark-bg-background-color\"><h3 class=\"wp-block-tt-accordion-item-header\"><button class=\"wp-block-tt-accordion-item-header-button\" id=\"wp-block-tt-accordion-item-header-button-dd4f64e1-635f-4191-8b3e-c37a93335813\" type=\"button\"><span class=\"wp-block-tt-accordion-item-header-button-text\">Skal jeg v\u00e6re pilot for at deltage i s\u00e5dan en flyvning?<\/span><span class=\"wp-block-tt-accordion-item-header-button-icon-arrow\" aria-hidden=\"true\"><svg version=\"1.1\" xmlns=\"http:\/\/www.w3.org\/2000\/svg\" width=\"24px\" height=\"24px\" viewbox=\"0 0 24 24\" aria-hidden=\"true\" focusable=\"false\"><polyline points=\"4.711,8 12,15.289 19.289,8\" stroke=\"black\" stroke-width=\"2\" fill=\"none\" \/><\/svg><\/span><\/button><\/h3><div class=\"wp-block-tt-accordion-item-panel open\" id=\"wp-block-tt-accordion-item-panel-dd4f64e1-635f-4191-8b3e-c37a93335813\" role=\"region\">\n\n<p class=\"has-nv-text-dark-bg-background-color has-background\">Nej, denne flyvning er \u00e5ben for alle.<\/p>\n\n<\/div><\/li>\n\n<li class=\"wp-block-tt-accordion-item wp-block-tt-accordion-item-3 has-background has-nv-site-bg-background-color\"><h3 class=\"wp-block-tt-accordion-item-header\"><button class=\"wp-block-tt-accordion-item-header-button\" id=\"wp-block-tt-accordion-item-header-button-04d1578a-972a-4bb8-8955-82f4768ad70a\" type=\"button\"><span class=\"wp-block-tt-accordion-item-header-button-text\">Hvor letter flyene fra?<\/span><span class=\"wp-block-tt-accordion-item-header-button-icon-arrow\" aria-hidden=\"true\"><svg version=\"1.1\" xmlns=\"http:\/\/www.w3.org\/2000\/svg\" width=\"24px\" height=\"24px\" viewbox=\"0 0 24 24\" aria-hidden=\"true\" focusable=\"false\"><polyline points=\"4.711,8 12,15.289 19.289,8\" stroke=\"black\" stroke-width=\"2\" fill=\"none\" \/><\/svg><\/span><\/button><\/h3><div class=\"wp-block-tt-accordion-item-panel open\" id=\"wp-block-tt-accordion-item-panel-04d1578a-972a-4bb8-8955-82f4768ad70a\" role=\"region\">\n\n<p class=\"has-nv-site-bg-background-color has-background\">Flyene letter fra Trento. Trento er en by i regionen Trentino-Alto Adige i det nordlige Italien. Det er en perfekt base for at flyve rundt om bjergtoppene og Gardas\u00f8en.<\/p>\n\n<\/div><\/li>\n\n<li class=\"wp-block-tt-accordion-item wp-block-tt-accordion-item-4 has-background has-nv-text-dark-bg-background-color\"><h3 class=\"wp-block-tt-accordion-item-header\"><button class=\"wp-block-tt-accordion-item-header-button\" id=\"wp-block-tt-accordion-item-header-button-66f80b3d-3346-4e88-9114-842bab6db91d\" type=\"button\"><span class=\"wp-block-tt-accordion-item-header-button-text\">Hvad er minimumsalderen?<\/span><span class=\"wp-block-tt-accordion-item-header-button-icon-arrow\" aria-hidden=\"true\"><svg version=\"1.1\" xmlns=\"http:\/\/www.w3.org\/2000\/svg\" width=\"24px\" height=\"24px\" viewbox=\"0 0 24 24\" aria-hidden=\"true\" focusable=\"false\"><polyline points=\"4.711,8 12,15.289 19.289,8\" stroke=\"black\" stroke-width=\"2\" fill=\"none\" \/><\/svg><\/span><\/button><\/h3><div class=\"wp-block-tt-accordion-item-panel open\" id=\"wp-block-tt-accordion-item-panel-66f80b3d-3346-4e88-9114-842bab6db91d\" role=\"region\">\n\n<p class=\"has-nv-text-dark-bg-background-color has-background\">Minimumsalderen er 16 \u00e5r.<\/p>\n\n<\/div><\/li>\n\n<li class=\"wp-block-tt-accordion-item wp-block-tt-accordion-item-5\"><h3 class=\"wp-block-tt-accordion-item-header\"><button class=\"wp-block-tt-accordion-item-header-button\" id=\"wp-block-tt-accordion-item-header-button-5b52f62c-d0f9-4c1d-be38-4e1450788bc1\" type=\"button\"><span class=\"wp-block-tt-accordion-item-header-button-text\">Hvad sker der i tilf\u00e6lde af d\u00e5rligt vejr?<\/span><span class=\"wp-block-tt-accordion-item-header-button-icon-arrow\" aria-hidden=\"true\"><svg version=\"1.1\" xmlns=\"http:\/\/www.w3.org\/2000\/svg\" width=\"24px\" height=\"24px\" viewbox=\"0 0 24 24\" aria-hidden=\"true\" focusable=\"false\"><polyline points=\"4.711,8 12,15.289 19.289,8\" stroke=\"black\" stroke-width=\"2\" fill=\"none\" \/><\/svg><\/span><\/button><\/h3><div class=\"wp-block-tt-accordion-item-panel open\" id=\"wp-block-tt-accordion-item-panel-5b52f62c-d0f9-4c1d-be38-4e1450788bc1\" role=\"region\">\n\n<p>Hvis vejret kortvarigt er for regnfuldt eller t\u00e5get, flyttes flyvningen et par timer for at muligg\u00f8re sikker drift. I l\u00e6ngerevarende perioder med d\u00e5rligt vejr kan flyvningen flyttes et par dage eller uger uden beregning. Hvis du vil v\u00e6re sikker p\u00e5 at flyve under solrige forhold, har du ogs\u00e5 mulighed for at anmode om en gratis oml\u00e6gning af flyvningen op til 7 dage f\u00f8r flyvningen.<\/p>\n\n<\/div><\/li>\n\n<li class=\"wp-block-tt-accordion-item wp-block-tt-accordion-item-6 has-background has-nv-text-dark-bg-background-color\"><h3 class=\"wp-block-tt-accordion-item-header\"><button class=\"wp-block-tt-accordion-item-header-button\" id=\"wp-block-tt-accordion-item-header-button-205f3d38-6d70-4628-902e-cc4f60e6900c\" type=\"button\"><span class=\"wp-block-tt-accordion-item-header-button-text\">Kan jeg k\u00f8be et gavekort?<\/span><span class=\"wp-block-tt-accordion-item-header-button-icon-arrow\" aria-hidden=\"true\"><svg version=\"1.1\" xmlns=\"http:\/\/www.w3.org\/2000\/svg\" width=\"24px\" height=\"24px\" viewbox=\"0 0 24 24\" aria-hidden=\"true\" focusable=\"false\"><polyline points=\"4.711,8 12,15.289 19.289,8\" stroke=\"black\" stroke-width=\"2\" fill=\"none\" \/><\/svg><\/span><\/button><\/h3><div class=\"wp-block-tt-accordion-item-panel open\" id=\"wp-block-tt-accordion-item-panel-205f3d38-6d70-4628-902e-cc4f60e6900c\" role=\"region\">\n\n<p>Helt sikkert! At give en flyvetur med en Fighter Jet er den ultimative gave og meget popul\u00e6r blandt vores kunder. Bare book en almindelig flyvning, og s\u00e6t kryds i feltet \"Denne flyvning er en gave\" under bookingprocessen. Vi udsteder et gavekort til flyvningen og s\u00f8rger for, at modtageren ikke bliver kontaktet f\u00f8r flyvningen.<\/p>\n\n<\/div><\/li>\n\n<li class=\"wp-block-tt-accordion-item wp-block-tt-accordion-item-7\"><h3 class=\"wp-block-tt-accordion-item-header\"><button class=\"wp-block-tt-accordion-item-header-button\" id=\"wp-block-tt-accordion-item-header-button-f1fc350f-65d9-42f3-a578-75da173e845d\" type=\"button\"><span class=\"wp-block-tt-accordion-item-header-button-text\">Hvor lang er flyveturen?<\/span><span class=\"wp-block-tt-accordion-item-header-button-icon-arrow\" aria-hidden=\"true\"><svg version=\"1.1\" xmlns=\"http:\/\/www.w3.org\/2000\/svg\" width=\"24px\" height=\"24px\" viewbox=\"0 0 24 24\" aria-hidden=\"true\" focusable=\"false\"><polyline points=\"4.711,8 12,15.289 19.289,8\" stroke=\"black\" stroke-width=\"2\" fill=\"none\" \/><\/svg><\/span><\/button><\/h3><div class=\"wp-block-tt-accordion-item-panel open\" id=\"wp-block-tt-accordion-item-panel-f1fc350f-65d9-42f3-a578-75da173e845d\" role=\"region\">\n\n<p>Flyveturenes varighed varierer, typisk fra 30 minutter til en time, afh\u00e6ngigt af hvilken pakke du v\u00e6lger.<\/p>\n\n<\/div><\/li>\n\n<li class=\"wp-block-tt-accordion-item wp-block-tt-accordion-item-8 has-background has-nv-text-dark-bg-background-color\"><h3 class=\"wp-block-tt-accordion-item-header\"><button class=\"wp-block-tt-accordion-item-header-button\" id=\"wp-block-tt-accordion-item-header-button-75ad5e5b-1be0-419f-b5fd-0d1ea8c5801b\" type=\"button\"><span class=\"wp-block-tt-accordion-item-header-button-text\">Hvad kan jeg forvente under flyvningen?<\/span><span class=\"wp-block-tt-accordion-item-header-button-icon-arrow\" aria-hidden=\"true\"><svg version=\"1.1\" xmlns=\"http:\/\/www.w3.org\/2000\/svg\" width=\"24px\" height=\"24px\" viewbox=\"0 0 24 24\" aria-hidden=\"true\" focusable=\"false\"><polyline points=\"4.711,8 12,15.289 19.289,8\" stroke=\"black\" stroke-width=\"2\" fill=\"none\" \/><\/svg><\/span><\/button><\/h3><div class=\"wp-block-tt-accordion-item-panel open\" id=\"wp-block-tt-accordion-item-panel-75ad5e5b-1be0-419f-b5fd-0d1ea8c5801b\" role=\"region\">\n\n<p>Du vil opleve en blanding af h\u00f8jhastighedsflyvning, aerobatiske man\u00f8vrer og en fantastisk udsigt. F\u00f8r afgang er der en detaljeret sikkerhedsbriefing og en introduktion til flyet.<\/p>\n\n\n\n<p>Under flyvningen er du i kontakt med piloten via intercom-systemet, og piloten vil s\u00f8rge for, at du har det godt.<\/p>\n\n<\/div><\/li>\n\n<li class=\"wp-block-tt-accordion-item wp-block-tt-accordion-item-9\"><h3 class=\"wp-block-tt-accordion-item-header\"><button class=\"wp-block-tt-accordion-item-header-button\" id=\"wp-block-tt-accordion-item-header-button-cc46ec0c-e4a0-4a7c-9b7d-08a68b1dd593\" type=\"button\"><span class=\"wp-block-tt-accordion-item-header-button-text\">Hvad skal jeg have p\u00e5, n\u00e5r jeg flyver med et jagerfly?<\/span><span class=\"wp-block-tt-accordion-item-header-button-icon-arrow\" aria-hidden=\"true\"><svg version=\"1.1\" xmlns=\"http:\/\/www.w3.org\/2000\/svg\" width=\"24px\" height=\"24px\" viewbox=\"0 0 24 24\" aria-hidden=\"true\" focusable=\"false\"><polyline points=\"4.711,8 12,15.289 19.289,8\" stroke=\"black\" stroke-width=\"2\" fill=\"none\" \/><\/svg><\/span><\/button><\/h3><div class=\"wp-block-tt-accordion-item-panel open\" id=\"wp-block-tt-accordion-item-panel-cc46ec0c-e4a0-4a7c-9b7d-08a68b1dd593\" role=\"region\">\n\n<p>Tag behageligt t\u00f8j og lukkede sko p\u00e5. Vi giver dig det ekstra udstyr, du har brug for, f.eks. flyverdragt og hjelm.<\/p>\n\n<\/div><\/li>\n\n<li class=\"wp-block-tt-accordion-item wp-block-tt-accordion-item-10 has-background has-nv-text-dark-bg-background-color\"><h3 class=\"wp-block-tt-accordion-item-header\"><button class=\"wp-block-tt-accordion-item-header-button\" id=\"wp-block-tt-accordion-item-header-button-c1990f76-5e54-4c80-a898-3d8f14a272e6\" type=\"button\"><span class=\"wp-block-tt-accordion-item-header-button-text\">Kan jeg tage en ven eller et familiemedlem med for at se med?<\/span><span class=\"wp-block-tt-accordion-item-header-button-icon-arrow\" aria-hidden=\"true\"><svg version=\"1.1\" xmlns=\"http:\/\/www.w3.org\/2000\/svg\" width=\"24px\" height=\"24px\" viewbox=\"0 0 24 24\" aria-hidden=\"true\" focusable=\"false\"><polyline points=\"4.711,8 12,15.289 19.289,8\" stroke=\"black\" stroke-width=\"2\" fill=\"none\" \/><\/svg><\/span><\/button><\/h3><div class=\"wp-block-tt-accordion-item-panel open\" id=\"wp-block-tt-accordion-item-panel-c1990f76-5e54-4c80-a898-3d8f14a272e6\" role=\"region\">\n\n<p>Ja, ja! G\u00e6ster er velkomne til at komme og se forberedelserne til flyvningen og takeoff. Mange steder er der ogs\u00e5 et udsigtsomr\u00e5de for tilskuere.<\/p>\n\n<\/div><\/li>\n\n<li class=\"wp-block-tt-accordion-item wp-block-tt-accordion-item-11\"><h3 class=\"wp-block-tt-accordion-item-header\"><button class=\"wp-block-tt-accordion-item-header-button\" id=\"wp-block-tt-accordion-item-header-button-fb3cecfe-7f96-4bde-91a9-17b140e92e98\" type=\"button\"><span class=\"wp-block-tt-accordion-item-header-button-text\">Kan jeg optage flyvningen?<\/span><span class=\"wp-block-tt-accordion-item-header-button-icon-arrow\" aria-hidden=\"true\"><svg version=\"1.1\" xmlns=\"http:\/\/www.w3.org\/2000\/svg\" width=\"24px\" height=\"24px\" viewbox=\"0 0 24 24\" aria-hidden=\"true\" focusable=\"false\"><polyline points=\"4.711,8 12,15.289 19.289,8\" stroke=\"black\" stroke-width=\"2\" fill=\"none\" \/><\/svg><\/span><\/button><\/h3><div class=\"wp-block-tt-accordion-item-panel open\" id=\"wp-block-tt-accordion-item-panel-fb3cecfe-7f96-4bde-91a9-17b140e92e98\" role=\"region\">\n\n<p>Helt sikkert! De fleste pakker inkluderer GoPro-optagelser fra cockpittet, s\u00e5 du kan genopleve oplevelsen. Du er velkommen til at medbringe dit eget kamera til billeder f\u00f8r og efter flyvningen. Private kameraer er ikke tilladt under flyvningen.<\/p>\n\n<\/div><\/li>\n\n<li class=\"wp-block-tt-accordion-item wp-block-tt-accordion-item-12 has-background has-nv-text-dark-bg-background-color\"><h3 class=\"wp-block-tt-accordion-item-header\"><button class=\"wp-block-tt-accordion-item-header-button\" id=\"wp-block-tt-accordion-item-header-button-95c0e8c3-4c67-4e3d-a929-7effcf504f00\" type=\"button\"><span class=\"wp-block-tt-accordion-item-header-button-text\">Er flyvningerne sikre?<\/span><span class=\"wp-block-tt-accordion-item-header-button-icon-arrow\" aria-hidden=\"true\"><svg version=\"1.1\" xmlns=\"http:\/\/www.w3.org\/2000\/svg\" width=\"24px\" height=\"24px\" viewbox=\"0 0 24 24\" aria-hidden=\"true\" focusable=\"false\"><polyline points=\"4.711,8 12,15.289 19.289,8\" stroke=\"black\" stroke-width=\"2\" fill=\"none\" \/><\/svg><\/span><\/button><\/h3><div class=\"wp-block-tt-accordion-item-panel open\" id=\"wp-block-tt-accordion-item-panel-95c0e8c3-4c67-4e3d-a929-7effcf504f00\" role=\"region\">\n\n<p>Ja, alle flyvninger udf\u00f8res af h\u00f8jtuddannede, certificerede piloter med mange \u00e5rs erfaring. Flyene er vedligeholdt efter de h\u00f8jeste sikkerhedsstandarder. Vi er stolte af 20 \u00e5rs drift uden ulykker.<\/p>\n\n<\/div><\/li>\n\n<li class=\"wp-block-tt-accordion-item wp-block-tt-accordion-item-13\"><h3 class=\"wp-block-tt-accordion-item-header\"><button class=\"wp-block-tt-accordion-item-header-button\" id=\"wp-block-tt-accordion-item-header-button-615f31b5-5939-4e2e-a941-92c4d187eda5\" type=\"button\"><span class=\"wp-block-tt-accordion-item-header-button-text\">Hvad er jeres afbestillingspolitik?<\/span><span class=\"wp-block-tt-accordion-item-header-button-icon-arrow\" aria-hidden=\"true\"><svg version=\"1.1\" xmlns=\"http:\/\/www.w3.org\/2000\/svg\" width=\"24px\" height=\"24px\" viewbox=\"0 0 24 24\" aria-hidden=\"true\" focusable=\"false\"><polyline points=\"4.711,8 12,15.289 19.289,8\" stroke=\"black\" stroke-width=\"2\" fill=\"none\" \/><\/svg><\/span><\/button><\/h3><div class=\"wp-block-tt-accordion-item-panel open\" id=\"wp-block-tt-accordion-item-panel-615f31b5-5939-4e2e-a941-92c4d187eda5\" role=\"region\">\n\n<p>Under bookingen kan du v\u00e6lge en mulighed for gratis afbestilling. Flyvninger, der er booket med denne mulighed, refunderes fuldt ud uden betingelser.<\/p>\n\n<\/div><\/li>\n\n<li class=\"wp-block-tt-accordion-item wp-block-tt-accordion-item-14 has-background has-nv-text-dark-bg-background-color\"><h3 class=\"wp-block-tt-accordion-item-header\"><button class=\"wp-block-tt-accordion-item-header-button\" id=\"wp-block-tt-accordion-item-header-button-86877543-3347-4044-b1f7-f2448681e1ec\" type=\"button\"><span class=\"wp-block-tt-accordion-item-header-button-text\">Kan jeg tilpasse min flyoplevelse?<\/span><span class=\"wp-block-tt-accordion-item-header-button-icon-arrow\" aria-hidden=\"true\"><svg version=\"1.1\" xmlns=\"http:\/\/www.w3.org\/2000\/svg\" width=\"24px\" height=\"24px\" viewbox=\"0 0 24 24\" aria-hidden=\"true\" focusable=\"false\"><polyline points=\"4.711,8 12,15.289 19.289,8\" stroke=\"black\" stroke-width=\"2\" fill=\"none\" \/><\/svg><\/span><\/button><\/h3><div class=\"wp-block-tt-accordion-item-panel open\" id=\"wp-block-tt-accordion-item-panel-86877543-3347-4044-b1f7-f2448681e1ec\" role=\"region\">\n\n<p>Ja, du kan diskutere dine pr\u00e6ferencer med piloten inden flyvningen, uanset om du vil have en j\u00e6vn natursk\u00f8n oplevelse eller en mere intens kunstflyvningssession.<\/p>\n\n<\/div><\/li>\n\n<li class=\"wp-block-tt-accordion-item wp-block-tt-accordion-item-15\"><h3 class=\"wp-block-tt-accordion-item-header\"><button class=\"wp-block-tt-accordion-item-header-button\" id=\"wp-block-tt-accordion-item-header-button-74707c6d-e0e6-4258-af02-f1edec7b6dfe\" type=\"button\"><span class=\"wp-block-tt-accordion-item-header-button-text\">Hvor lang tid i forvejen skal jeg booke?<\/span><span class=\"wp-block-tt-accordion-item-header-button-icon-arrow\" aria-hidden=\"true\"><svg version=\"1.1\" xmlns=\"http:\/\/www.w3.org\/2000\/svg\" width=\"24px\" height=\"24px\" viewbox=\"0 0 24 24\" aria-hidden=\"true\" focusable=\"false\"><polyline points=\"4.711,8 12,15.289 19.289,8\" stroke=\"black\" stroke-width=\"2\" fill=\"none\" \/><\/svg><\/span><\/button><\/h3><div class=\"wp-block-tt-accordion-item-panel open\" id=\"wp-block-tt-accordion-item-panel-74707c6d-e0e6-4258-af02-f1edec7b6dfe\" role=\"region\">\n\n<p>Vi respekterer bookede flypriser i 2 \u00e5r. Da flypriserne har en tendens til at stige, anbefaler vi, at du booker, s\u00e5 snart du har besluttet dig for at tage en flyvning og en pris. Is\u00e6r i h\u00f8js\u00e6sonen anbefaler vi ogs\u00e5 at reservere din dato s\u00e5 tidligt som muligt for at sikre din foretrukne dato.<\/p>\n\n<\/div><\/li>\n\n<li class=\"wp-block-tt-accordion-item wp-block-tt-accordion-item-16 has-background has-nv-text-dark-bg-background-color\"><h3 class=\"wp-block-tt-accordion-item-header\"><button class=\"wp-block-tt-accordion-item-header-button\" id=\"wp-block-tt-accordion-item-header-button-5452af50-aad9-4226-8e31-f502f60d2528\" type=\"button\"><span class=\"wp-block-tt-accordion-item-header-button-text\">Er der nogen skjulte omkostninger?<\/span><span class=\"wp-block-tt-accordion-item-header-button-icon-arrow\" aria-hidden=\"true\"><svg version=\"1.1\" xmlns=\"http:\/\/www.w3.org\/2000\/svg\" width=\"24px\" height=\"24px\" viewbox=\"0 0 24 24\" aria-hidden=\"true\" focusable=\"false\"><polyline points=\"4.711,8 12,15.289 19.289,8\" stroke=\"black\" stroke-width=\"2\" fill=\"none\" \/><\/svg><\/span><\/button><\/h3><div class=\"wp-block-tt-accordion-item-panel open\" id=\"wp-block-tt-accordion-item-panel-5452af50-aad9-4226-8e31-f502f60d2528\" role=\"region\">\n\n<p>Nej, den pris, du ser, er alt inklusive. Ekstraudstyr som ekstra flyvetid eller videopakker vil v\u00e6re tydeligt angivet.<\/p>\n\n<\/div><\/li>\n\n<li class=\"wp-block-tt-accordion-item wp-block-tt-accordion-item-17\"><h3 class=\"wp-block-tt-accordion-item-header\"><button class=\"wp-block-tt-accordion-item-header-button\" id=\"wp-block-tt-accordion-item-header-button-8eb85ff6-224d-4b15-a8c3-e8a301465ff6\" type=\"button\"><span class=\"wp-block-tt-accordion-item-header-button-text\">Jeg er en B2B-organisation og vil gerne samarbejde med jer<\/span><span class=\"wp-block-tt-accordion-item-header-button-icon-arrow\" aria-hidden=\"true\"><svg version=\"1.1\" xmlns=\"http:\/\/www.w3.org\/2000\/svg\" width=\"24px\" height=\"24px\" viewbox=\"0 0 24 24\" aria-hidden=\"true\" focusable=\"false\"><polyline points=\"4.711,8 12,15.289 19.289,8\" stroke=\"black\" stroke-width=\"2\" fill=\"none\" \/><\/svg><\/span><\/button><\/h3><div class=\"wp-block-tt-accordion-item-panel open\" id=\"wp-block-tt-accordion-item-panel-8eb85ff6-224d-4b15-a8c3-e8a301465ff6\" role=\"region\">\n\n<p>Vi har en interessant henvisningsmodel. Tag kontakt for at diskutere.<\/p>\n\n<\/div><\/li>\n<\/ul><\/div><\/div>\n<\/div>\n<\/div>\n<\/div><\/div>","protected":false},"excerpt":{"rendered":"","protected":false},"author":1,"featured_media":0,"parent":0,"menu_order":0,"comment_status":"closed","ping_status":"closed","template":"","meta":{"neve_meta_sidebar":"","neve_meta_container":"","neve_meta_enable_content_width":"","neve_meta_content_width":0,"neve_meta_title_alignment":"","neve_meta_author_avatar":"","neve_post_elements_order":"","neve_meta_disable_header":"","neve_meta_disable_footer":"","neve_meta_disable_title":"on","footnotes":""},"class_list":["post-717","page","type-page","status-publish","hentry"],"_links":{"self":[{"href":"https:\/\/fighter-jet-rides.com\/da\/wp-json\/wp\/v2\/pages\/717","targetHints":{"allow":["GET"]}}],"collection":[{"href":"https:\/\/fighter-jet-rides.com\/da\/wp-json\/wp\/v2\/pages"}],"about":[{"href":"https:\/\/fighter-jet-rides.com\/da\/wp-json\/wp\/v2\/types\/page"}],"author":[{"embeddable":true,"href":"https:\/\/fighter-jet-rides.com\/da\/wp-json\/wp\/v2\/users\/1"}],"replies":[{"embeddable":true,"href":"https:\/\/fighter-jet-rides.com\/da\/wp-json\/wp\/v2\/comments?post=717"}],"version-history":[{"count":6,"href":"https:\/\/fighter-jet-rides.com\/da\/wp-json\/wp\/v2\/pages\/717\/revisions"}],"predecessor-version":[{"id":919,"href":"https:\/\/fighter-jet-rides.com\/da\/wp-json\/wp\/v2\/pages\/717\/revisions\/919"}],"wp:attachment":[{"href":"https:\/\/fighter-jet-rides.com\/da\/wp-json\/wp\/v2\/media?parent=717"}],"curies":[{"name":"wp","href":"https:\/\/api.w.org\/{rel}","templated":true}]}}