{"id":342,"date":"2024-12-15T20:39:53","date_gmt":"2024-12-15T20:39:53","guid":{"rendered":"https:\/\/dev.fktc.ch\/fjr\/?page_id=342"},"modified":"2025-06-12T11:30:35","modified_gmt":"2025-06-12T11:30:35","slug":"fly-aermacchi-s211-germany-augsburg-munich-bavaria-alps","status":"publish","type":"page","link":"https:\/\/fighter-jet-rides.com\/es\/fly-aermacchi-s211-alemania-augsburg-munich-baviera-alpes\/","title":{"rendered":"\ud83c\udde9\ud83c\uddea DE: S.211 en Augsburgo, cerca de M\u00fanich"},"content":{"rendered":"<section class=\"wp-block-cover alignfull custom-divider\" style=\"min-height:625px;aspect-ratio:unset;\"><img loading=\"lazy\" decoding=\"async\" width=\"2560\" height=\"1707\" class=\"wp-block-cover__image-background wp-image-358\" alt=\"\" src=\"https:\/\/dev.fktc.ch\/fjr\/wp-content\/uploads\/2024\/12\/6-scaled.jpeg\" data-object-fit=\"cover\" srcset=\"https:\/\/fighter-jet-rides.com\/wp-content\/uploads\/2024\/12\/6-scaled.jpeg 2560w, https:\/\/fighter-jet-rides.com\/wp-content\/uploads\/2024\/12\/6-300x200.jpeg 300w\" sizes=\"auto, (max-width: 2560px) 100vw, 2560px\" \/><span aria-hidden=\"true\" class=\"wp-block-cover__background has-neve-text-color-background-color has-background-dim-60 has-background-dim\"><\/span><div class=\"wp-block-cover__inner-container is-layout-constrained wp-block-cover-is-layout-constrained\">\n<div class=\"wp-block-columns are-vertically-aligned-center is-layout-flex wp-container-core-columns-is-layout-9d6595d7 wp-block-columns-is-layout-flex\">\n<div class=\"wp-block-column is-vertically-aligned-center is-layout-flow wp-block-column-is-layout-flow\">\n<h1 class=\"wp-block-heading has-text-align-center scribble-underline-clip\" style=\"font-style:normal;font-weight:500\">Vuela un <mark style=\"background-color:rgba(0, 0, 0, 0)\" class=\"has-inline-color has-neve-link-hover-color-color\">Aermacchi S.211 Jet<\/mark><br>Cerca de M\u00fanich sobre los Alpes b\u00e1varos<\/h1>\n\n\n\n<div style=\"height:40px\" aria-hidden=\"true\" class=\"wp-block-spacer\"><\/div>\n\n\n\n<div class=\"wp-block-buttons has-custom-font-size has-small-font-size is-content-justification-center is-layout-flex wp-container-core-buttons-is-layout-16018d1d wp-block-buttons-is-layout-flex\">\n<div class=\"wp-block-button is-style-default\"><a class=\"wp-block-button__link has-nv-site-bg-color has-neve-text-color-background-color has-text-color has-background has-link-color has-custom-font-size wp-element-button\" href=\"#start\" style=\"font-size:16px\">M\u00e1s informaci\u00f3n<\/a><\/div>\n\n\n\n<div class=\"wp-block-button is-style-secondary\"><a class=\"wp-block-button__link has-nv-dark-bg-color has-neve-link-color-background-color has-text-color has-background has-link-color has-custom-font-size wp-element-button\" href=\"#calendar\" style=\"font-size:16px\">Reserve ahora<\/a><\/div>\n<\/div>\n<\/div>\n<\/div>\n<\/div><\/section>\n\n\n\n<div class=\"wp-block-cover alignfull\" style=\"padding-top:0;padding-right:var(--wp--preset--spacing--40);padding-bottom:0;padding-left:var(--wp--preset--spacing--40);min-height:716px;aspect-ratio:unset;\" id=\"start\"><span aria-hidden=\"true\" class=\"wp-block-cover__background has-nv-site-bg-background-color has-background-dim-100 has-background-dim\"><\/span><div class=\"wp-block-cover__inner-container is-layout-flow wp-block-cover-is-layout-flow\">\n<div class=\"wp-block-columns are-vertically-aligned-center has-neve-text-color-color has-text-color has-link-color wp-elements-14b22e01afdaecac86196e1537b62737 is-layout-flex wp-container-core-columns-is-layout-9d6595d7 wp-block-columns-is-layout-flex\">\n<div class=\"wp-block-column is-vertically-aligned-center is-layout-flow wp-block-column-is-layout-flow\" style=\"padding-top:0;padding-right:0;padding-bottom:0;padding-left:0;flex-basis:50%\">\n<figure class=\"wp-block-image size-full\"><img loading=\"lazy\" decoding=\"async\" width=\"2048\" height=\"2048\" src=\"https:\/\/dev.fktc.ch\/fjr\/wp-content\/uploads\/2024\/12\/9.jpeg\" alt=\"\" class=\"wp-image-361\" srcset=\"https:\/\/fighter-jet-rides.com\/wp-content\/uploads\/2024\/12\/9.jpeg 2048w, https:\/\/fighter-jet-rides.com\/wp-content\/uploads\/2024\/12\/9-300x300.jpeg 300w, https:\/\/fighter-jet-rides.com\/wp-content\/uploads\/2024\/12\/9-1024x1024.jpeg 1024w, https:\/\/fighter-jet-rides.com\/wp-content\/uploads\/2024\/12\/9-150x150.jpeg 150w, https:\/\/fighter-jet-rides.com\/wp-content\/uploads\/2024\/12\/9-768x768.jpeg 768w, https:\/\/fighter-jet-rides.com\/wp-content\/uploads\/2024\/12\/9-1536x1536.jpeg 1536w, https:\/\/fighter-jet-rides.com\/wp-content\/uploads\/2024\/12\/9-12x12.jpeg 12w\" sizes=\"auto, (max-width: 2048px) 100vw, 2048px\" \/><\/figure>\n<\/div>\n\n\n\n<div class=\"wp-block-column is-vertically-aligned-center ticss-c703b306 is-layout-flow wp-block-column-is-layout-flow\" style=\"padding-top:0;padding-right:0;padding-bottom:0;padding-left:0;flex-basis:50%\">\n<div class=\"wp-block-group\" style=\"border-radius:16px\"><div class=\"wp-block-group__inner-container is-layout-constrained wp-block-group-is-layout-constrained\">\n<div style=\"height:0px\" aria-hidden=\"true\" class=\"wp-block-spacer\"><\/div>\n\n\n\n<p class=\"big-number has-nv-light-bg-color has-text-color has-link-color wp-elements-6fdb8f87016abe7b6bdd33e54773a620\" style=\"font-size:220px\"><strong>01<\/strong><\/p>\n\n\n\n<h2 class=\"wp-block-heading has-text-align-left\">Acerca de esta experiencia<\/h2>\n\n\n\n<ul class=\"wp-block-list\">\n<li>Entra en la cabina del legendario&nbsp;<strong>Aermacchi S.211<\/strong>un verdadero avi\u00f3n de combate.<\/li>\n\n\n\n<li>Vuele con pilotos expertos y experimentados que garantizan tanto la seguridad como la emoci\u00f3n.<\/li>\n\n\n\n<li>Siente la adrenalina con maniobras acrob\u00e1ticas como bucles, volteretas e inmersiones.<\/li>\n\n\n\n<li>Marav\u00edllese con las incomparables vistas de los Alpes b\u00e1varos desde una perspectiva que pocos llegan a ver.<\/li>\n\n\n\n<li>Disfrute de una aventura totalmente envolvente, perfecta para los entusiastas de la aviaci\u00f3n y los amantes de las emociones fuertes.<\/li>\n<\/ul>\n\n\n\n<p class=\"has-text-align-left\"><\/p>\n<\/div><\/div>\n<\/div>\n<\/div>\n<\/div><\/div>\n\n\n\n<div class=\"wp-block-cover alignfull wp-elements-da98c15644c2f198938d12c18acd447a\" style=\"padding-top:var(--wp--preset--spacing--40);padding-right:var(--wp--preset--spacing--40);padding-bottom:var(--wp--preset--spacing--40);padding-left:var(--wp--preset--spacing--40)\"><span aria-hidden=\"true\" class=\"wp-block-cover__background has-neve-text-color-background-color has-background-dim-100 has-background-dim\"><\/span><div class=\"wp-block-cover__inner-container is-layout-flow wp-block-cover-is-layout-flow\">\n<div class=\"wp-block-columns is-layout-flex wp-container-core-columns-is-layout-9d6595d7 wp-block-columns-is-layout-flex\">\n<div class=\"wp-block-column is-layout-flow wp-block-column-is-layout-flow\" style=\"flex-basis:100%\">\n<div class=\"wp-block-group is-vertical is-content-justification-center is-layout-flex wp-container-core-group-is-layout-4b2eccd6 wp-block-group-is-layout-flex\">\n<p class=\"big-number has-nv-dark-bg-color has-text-color has-link-color wp-elements-1c83d26868e8ee1c98b57bbf942b57ba\" style=\"font-size:220px\"><strong>02<\/strong><\/p>\n\n\n\n<h2 class=\"wp-block-heading has-text-align-center has-nv-light-bg-color has-text-color has-link-color wp-elements-b3279224177aa33df00510c787e0219c\">Su experiencia incluye<\/h2>\n\n\n\n<p class=\"has-text-align-center has-nv-site-bg-color has-text-color has-link-color wp-elements-fba89b250296a7b78678a3d58e46f9e7\">Algunos aspectos destacados de esta experiencia:<\/p>\n\n\n\n<div style=\"height:0px\" aria-hidden=\"true\" class=\"wp-block-spacer wp-container-content-f9bd05ee\"><\/div>\n<\/div>\n<\/div>\n<\/div>\n\n\n\n<div class=\"wp-block-columns are-vertically-aligned-top is-layout-flex wp-container-core-columns-is-layout-9d6595d7 wp-block-columns-is-layout-flex\">\n<div class=\"wp-block-column is-vertically-aligned-top is-layout-flow wp-block-column-is-layout-flow\">\n<div class=\"wp-block-group has-nv-site-bg-background-color has-background\" style=\"border-radius:0px;border-bottom-color:var(--wp--preset--color--nv-dark-bg);border-bottom-width:8px;padding-top:var(--wp--preset--spacing--40);padding-right:var(--wp--preset--spacing--40);padding-bottom:var(--wp--preset--spacing--40);padding-left:var(--wp--preset--spacing--40)\"><div class=\"wp-block-group__inner-container is-layout-constrained wp-container-core-group-is-layout-65a08581 wp-block-group-is-layout-constrained\"><div class=\"wp-block-image\">\n<figure class=\"aligncenter size-full is-resized\"><img loading=\"lazy\" decoding=\"async\" width=\"512\" height=\"512\" src=\"https:\/\/dev.fktc.ch\/fjr\/wp-content\/uploads\/2024\/12\/air-force.png\" alt=\"\" class=\"wp-image-45\" style=\"width:auto;height:100px\" srcset=\"https:\/\/fighter-jet-rides.com\/wp-content\/uploads\/2024\/12\/air-force.png 512w, https:\/\/fighter-jet-rides.com\/wp-content\/uploads\/2024\/12\/air-force-300x300.png 300w, https:\/\/fighter-jet-rides.com\/wp-content\/uploads\/2024\/12\/air-force-150x150.png 150w\" sizes=\"auto, (max-width: 512px) 100vw, 512px\" \/><\/figure>\n<\/div>\n\n\n<h3 class=\"wp-block-heading has-text-align-center\">Emocionante vuelo de un caza<\/h3>\n\n\n\n<p class=\"has-text-align-center has-neve-text-color-color has-text-color has-link-color wp-elements-253ebd2a8d012b52169382fe07cc05a8\">Sienta la adrenalina al despegar en el legendario Aermacchi S.211. Experimenta maniobras de alta velocidad, bucles y giros para vivir la aventura definitiva en un avi\u00f3n de combate.<\/p>\n<\/div><\/div>\n<\/div>\n\n\n\n<div class=\"wp-block-column is-vertically-aligned-top is-layout-flow wp-block-column-is-layout-flow\">\n<div class=\"wp-block-group has-nv-site-bg-background-color has-background\" style=\"border-radius:0px;border-bottom-color:var(--wp--preset--color--neve-link-hover-color);border-bottom-width:8px;padding-top:var(--wp--preset--spacing--40);padding-right:var(--wp--preset--spacing--40);padding-bottom:var(--wp--preset--spacing--40);padding-left:var(--wp--preset--spacing--40)\"><div class=\"wp-block-group__inner-container is-layout-constrained wp-container-core-group-is-layout-65a08581 wp-block-group-is-layout-constrained\"><div class=\"wp-block-image\">\n<figure class=\"aligncenter size-full is-resized\"><img loading=\"lazy\" decoding=\"async\" width=\"512\" height=\"512\" src=\"https:\/\/dev.fktc.ch\/fjr\/wp-content\/uploads\/2024\/12\/air-force-1.png\" alt=\"\" class=\"wp-image-46\" style=\"width:auto;height:100px\" srcset=\"https:\/\/fighter-jet-rides.com\/wp-content\/uploads\/2024\/12\/air-force-1.png 512w, https:\/\/fighter-jet-rides.com\/wp-content\/uploads\/2024\/12\/air-force-1-300x300.png 300w, https:\/\/fighter-jet-rides.com\/wp-content\/uploads\/2024\/12\/air-force-1-150x150.png 150w\" sizes=\"auto, (max-width: 512px) 100vw, 512px\" \/><\/figure>\n<\/div>\n\n\n<h3 class=\"wp-block-heading has-text-align-center\">Guiado por pilotos expertos<\/h3>\n\n\n\n<p class=\"has-text-align-center has-neve-text-color-color has-text-color has-link-color wp-elements-a8fc44c776f03b54d3b07ad81b897361\">Vuele con profesionales experimentados que garantizan su seguridad a la vez que le ofrecen un viaje inolvidable. Adaptan la experiencia a tu nivel de emoci\u00f3n, por lo que es perfecta tanto para principiantes como para temerarios.<\/p>\n<\/div><\/div>\n<\/div>\n\n\n\n<div class=\"wp-block-column is-vertically-aligned-top is-layout-flow wp-block-column-is-layout-flow\">\n<div class=\"wp-block-group has-nv-site-bg-background-color has-background\" style=\"border-radius:0px;border-bottom-color:var(--wp--preset--color--neve-link-color);border-bottom-width:8px;padding-top:var(--wp--preset--spacing--40);padding-right:var(--wp--preset--spacing--40);padding-bottom:var(--wp--preset--spacing--40);padding-left:var(--wp--preset--spacing--40)\"><div class=\"wp-block-group__inner-container is-layout-constrained wp-container-core-group-is-layout-65a08581 wp-block-group-is-layout-constrained\"><div class=\"wp-block-image\">\n<figure class=\"aligncenter size-full is-resized\"><img loading=\"lazy\" decoding=\"async\" width=\"512\" height=\"512\" src=\"https:\/\/dev.fktc.ch\/fjr\/wp-content\/uploads\/2024\/12\/love.png\" alt=\"\" class=\"wp-image-343\" style=\"width:auto;height:100px\" srcset=\"https:\/\/fighter-jet-rides.com\/wp-content\/uploads\/2024\/12\/love.png 512w, https:\/\/fighter-jet-rides.com\/wp-content\/uploads\/2024\/12\/love-300x300.png 300w, https:\/\/fighter-jet-rides.com\/wp-content\/uploads\/2024\/12\/love-150x150.png 150w, https:\/\/fighter-jet-rides.com\/wp-content\/uploads\/2024\/12\/love-12x12.png 12w\" sizes=\"auto, (max-width: 512px) 100vw, 512px\" \/><\/figure>\n<\/div>\n\n\n<h3 class=\"wp-block-heading has-text-align-center\">Baviera y los Alpes<\/h3>\n\n\n\n<p class=\"has-text-align-center has-neve-text-color-color has-text-color has-link-color wp-elements-3b94a97d44436b1549f3ea3bc9785151\">Experimente la m\u00e1xima emoci\u00f3n sobrevolando los majestuosos Alpes b\u00e1varos en un aut\u00e9ntico avi\u00f3n de combate, con unas vistas que le dejar\u00e1n boquiabierto y unas maniobras de infarto que nunca olvidar\u00e1. Despu\u00e9s de la aventura de su vida, rel\u00e1jese como un aut\u00e9ntico b\u00e1varo con una cerveza Helles de M\u00fanich helada: \u00a1la forma perfecta de celebrar su triunfo a gran altitud!<\/p>\n<\/div><\/div>\n<\/div>\n<\/div>\n<\/div><\/div>\n\n\n\n<section class=\"wp-block-cover alignfull\" style=\"min-height:100vh;aspect-ratio:unset;\"><video class=\"wp-block-cover__video-background intrinsic-ignore\" autoplay muted loop playsinline src=\"https:\/\/dev.fktc.ch\/fjr\/assets\/cuban8-480p30.mov\" data-object-fit=\"cover\"><\/video><span aria-hidden=\"true\" class=\"wp-block-cover__background has-nv-dark-bg-background-color has-background-dim-60 has-background-dim\"><\/span><div class=\"wp-block-cover__inner-container is-layout-constrained wp-block-cover-is-layout-constrained\">\n<h2 class=\"wp-block-heading has-text-align-center has-text-color has-link-color wp-elements-dc9d55ec59d6523ab78d890a888e45e2\" style=\"color:#ffffff\">Avance del vuelo<\/h2>\n\n\n\n<div style=\"height:32px\" aria-hidden=\"true\" class=\"wp-block-spacer\"><\/div>\n\n\n\n<p class=\"has-text-align-center has-text-color has-link-color wp-elements-677e7db0218a3b6bec3340f1857bf42b\" style=\"color:#ffffff\">Presencia de copilotos no garantizada<\/p>\n<\/div><\/section>\n\n\n\n<div class=\"wp-block-cover alignfull\" style=\"padding-top:var(--wp--preset--spacing--80);padding-right:var(--wp--preset--spacing--50);padding-bottom:var(--wp--preset--spacing--80);padding-left:var(--wp--preset--spacing--50)\"><span aria-hidden=\"true\" class=\"wp-block-cover__background has-nv-light-bg-background-color has-background-dim-100 has-background-dim\"><\/span><div class=\"wp-block-cover__inner-container is-layout-flow wp-block-cover-is-layout-flow\">\n<div class=\"wp-block-columns has-neve-text-color-color has-text-color has-link-color wp-elements-bbf0edcbdda397abfee7dcbd1039edbc is-layout-flex wp-container-core-columns-is-layout-9d6595d7 wp-block-columns-is-layout-flex\">\n<div class=\"wp-block-column is-vertically-aligned-top is-layout-flow wp-block-column-is-layout-flow\">\n<p class=\"big-number has-nv-site-bg-color has-text-color has-link-color wp-elements-37aaf5bfc1f5577de73b508095c061d7\" style=\"font-size:220px\"><strong>04<\/strong><\/p>\n\n\n\n<h2 class=\"wp-block-heading\">Tu d\u00eda<\/h2>\n\n\n\n<p>Su experiencia en un avi\u00f3n de combate incluye un encuentro con el piloto para una sesi\u00f3n informativa previa al vuelo, un emocionante vuelo sobre los Alpes b\u00e1varos con maniobras acrob\u00e1ticas y la oportunidad de tomar los mandos, seguido de un refrigerio, fotos con el avi\u00f3n y un tiempo opcional con el piloto despu\u00e9s del vuelo.<\/p>\n\n\n\n<figure class=\"wp-block-image size-large\"><img loading=\"lazy\" decoding=\"async\" width=\"1024\" height=\"1024\" src=\"https:\/\/dev.fktc.ch\/fjr\/wp-content\/uploads\/2024\/12\/8-1024x1024.jpeg\" alt=\"\" class=\"wp-image-360\" srcset=\"https:\/\/fighter-jet-rides.com\/wp-content\/uploads\/2024\/12\/8-1024x1024.jpeg 1024w, https:\/\/fighter-jet-rides.com\/wp-content\/uploads\/2024\/12\/8-300x300.jpeg 300w, https:\/\/fighter-jet-rides.com\/wp-content\/uploads\/2024\/12\/8-150x150.jpeg 150w, https:\/\/fighter-jet-rides.com\/wp-content\/uploads\/2024\/12\/8-768x768.jpeg 768w, https:\/\/fighter-jet-rides.com\/wp-content\/uploads\/2024\/12\/8-1536x1536.jpeg 1536w, https:\/\/fighter-jet-rides.com\/wp-content\/uploads\/2024\/12\/8-12x12.jpeg 12w, https:\/\/fighter-jet-rides.com\/wp-content\/uploads\/2024\/12\/8.jpeg 2048w\" sizes=\"auto, (max-width: 1024px) 100vw, 1024px\" \/><\/figure>\n<\/div>\n\n\n\n<div class=\"wp-block-column is-layout-flow wp-block-column-is-layout-flow\">\n<div class=\"wp-block-group has-nv-site-bg-background-color has-background\" style=\"border-left-color:var(--wp--preset--color--neve-text-color);border-left-width:8px;padding-top:var(--wp--preset--spacing--60);padding-right:var(--wp--preset--spacing--50);padding-bottom:var(--wp--preset--spacing--30);padding-left:var(--wp--preset--spacing--50)\"><div class=\"wp-block-group__inner-container is-layout-constrained wp-container-core-group-is-layout-68dbf2b9 wp-block-group-is-layout-constrained\">\n<h3 class=\"wp-block-heading\">01 - Llegada<\/h3>\n\n\n\n<p>Llegar\u00e1 y se reunir\u00e1 con su piloto en la sala de reuniones del aeropuerto.<\/p>\n<\/div><\/div>\n\n\n\n<div class=\"wp-block-group has-nv-site-bg-background-color has-background\" style=\"border-left-color:var(--wp--preset--color--neve-link-hover-color);border-left-width:8px;padding-top:var(--wp--preset--spacing--60);padding-right:var(--wp--preset--spacing--50);padding-bottom:var(--wp--preset--spacing--30);padding-left:var(--wp--preset--spacing--50)\"><div class=\"wp-block-group__inner-container is-layout-constrained wp-container-core-group-is-layout-68dbf2b9 wp-block-group-is-layout-constrained\">\n<h3 class=\"wp-block-heading\">02 - Briefing<\/h3>\n\n\n\n<p>Mientras los mec\u00e1nicos cargan combustible y preparan el avi\u00f3n, el piloto le explicar\u00e1 el programa de vuelo previsto y responder\u00e1 a todas sus preguntas.<\/p>\n<\/div><\/div>\n\n\n\n<div class=\"wp-block-group has-nv-site-bg-background-color has-background\" style=\"border-left-color:var(--wp--preset--color--neve-link-color);border-left-width:8px;padding-top:var(--wp--preset--spacing--60);padding-right:var(--wp--preset--spacing--50);padding-bottom:var(--wp--preset--spacing--30);padding-left:var(--wp--preset--spacing--50)\"><div class=\"wp-block-group__inner-container is-layout-constrained wp-container-core-group-is-layout-68dbf2b9 wp-block-group-is-layout-constrained\">\n<h3 class=\"wp-block-heading\">03 - Vuelo<\/h3>\n\n\n\n<p>Despegar\u00e1 y sobrevolar\u00e1 la hermosa Baviera. El vuelo de 60 minutos incluye incluso sobrevolar los Alpes b\u00e1varos. El programa incluye barrenas, bucles, inmersiones y giros, y tendr\u00e1 la oportunidad de controlar el avi\u00f3n usted mismo. Dependiendo del tr\u00e1fico en la base a\u00e9rea, tambi\u00e9n podr\u00e1 hacer un vuelo rasante a alta velocidad.<\/p>\n<\/div><\/div>\n\n\n\n<div class=\"wp-block-group has-nv-site-bg-background-color has-background\" style=\"border-left-color:var(--wp--preset--color--nv-dark-bg);border-left-width:8px;padding-top:var(--wp--preset--spacing--60);padding-right:var(--wp--preset--spacing--50);padding-bottom:var(--wp--preset--spacing--30);padding-left:var(--wp--preset--spacing--50)\"><div class=\"wp-block-group__inner-container is-layout-constrained wp-container-core-group-is-layout-68dbf2b9 wp-block-group-is-layout-constrained\">\n<h3 class=\"wp-block-heading\">04 - Informe<\/h3>\n\n\n\n<p>Despu\u00e9s del vuelo tendr\u00e1 la oportunidad de tomar un refresco y hacerse un selfie delante del avi\u00f3n. Si el tiempo lo permite, tu piloto estar\u00e1 encantado de pasar algo m\u00e1s de tiempo contigo y acompa\u00f1arte al restaurante local.<\/p>\n<\/div><\/div>\n<\/div>\n<\/div>\n<\/div><\/div>\n\n\n\n<div class=\"wp-block-cover alignfull\" style=\"padding-top:var(--wp--preset--spacing--80);padding-right:var(--wp--preset--spacing--50);padding-bottom:var(--wp--preset--spacing--80);padding-left:var(--wp--preset--spacing--50)\"><span aria-hidden=\"true\" class=\"wp-block-cover__background has-neve-text-color-background-color has-background-dim-100 has-background-dim\"><\/span><div class=\"wp-block-cover__inner-container is-layout-flow wp-block-cover-is-layout-flow\">\n<div class=\"wp-block-columns has-neve-text-color-color has-text-color has-link-color wp-elements-035eb45a9c7b97b8a38a4f7e8d436719 is-layout-flex wp-container-core-columns-is-layout-9d6595d7 wp-block-columns-is-layout-flex\">\n<div class=\"wp-block-column is-vertically-aligned-top is-layout-flow wp-block-column-is-layout-flow\">\n<p class=\"has-text-align-center big-number has-nv-dark-bg-color has-text-color has-link-color wp-elements-7e612bda57bda529f54e8da88b244299\" style=\"font-size:220px\"><strong>05<\/strong><\/p>\n\n\n\n<h2 class=\"wp-block-heading has-text-align-center has-nv-light-bg-color has-text-color has-link-color wp-elements-0a4d946587775a2209fc0b9a4906f27e\">C\u00f3mo llegar<\/h2>\n\n\n\n<p class=\"has-text-align-center has-nv-light-bg-color has-text-color has-link-color wp-elements-ec6c036b2becaf0a6bdbeddc88a7ef81\">Llegar a Augsburgo es incre\u00edblemente f\u00e1cil, gracias a su pr\u00e1ctica ubicaci\u00f3n a s\u00f3lo 30 minutos en tren de M\u00fanich y a sus excelentes conexiones a trav\u00e9s de la red de autopistas de Alemania. Tanto si llega en coche, tren o avi\u00f3n a trav\u00e9s del aeropuerto de M\u00fanich, Augsburgo es perfectamente accesible para los viajeros.<\/p>\n\n\n\n<div class=\"leaflet-map WPLeafletMap\" style=\"height:800px; width:100%;\"><\/div><script>\nwindow.WPLeafletMapPlugin = window.WPLeafletMapPlugin || [];\nwindow.WPLeafletMapPlugin.push(function WPLeafletMapShortcode() {\/*<script>*\/\nvar baseUrl = atob('aHR0cHM6Ly90aWxlcy1ldS5zdGFkaWFtYXBzLmNvbS90aWxlcy9zdGFtZW5fdG9uZXIve3p9L3t4fS97eX17cn0ucG5n');\nvar base = (!baseUrl && window.MQ) ?\n    window.MQ.mapLayer() : L.tileLayer(baseUrl,\n        L.Util.extend({}, {\n            detectRetina: 0,\n        },\n        {\"subdomains\":\"abc\",\"noWrap\":false,\"maxZoom\":19}        )\n    );\n    var options = L.Util.extend({}, {\n        layers: [base],\n        attributionControl: false\n    },\n    {\"zoomControl\":true,\"scrollWheelZoom\":true,\"doubleClickZoom\":true,\"fitBounds\":false,\"minZoom\":0,\"maxZoom\":19,\"maxBounds\":null,\"attribution\":\"<a href=\\\"http:\\\/\\\/leafletjs.com\\\" title=\\\"Una biblioteca JS para mapas interactivos\\\">Leaflet<\\\/a>; \\u00a9 <a href=\\\"http:\\\/\\\/www.openstreetmap.org\\\/copyright\\\">OpenStreetMap<\\\/a> colaboradores\"},\n    {});\nwindow.WPLeafletMapPlugin.createMap(options).setView([46.0667,11.1256],6);});<\/script>\n\n\n\n<script>\nwindow.WPLeafletMapPlugin = window.WPLeafletMapPlugin || [];\nwindow.WPLeafletMapPlugin.push(function WPLeafletMarkerShortcode() {\/*<script>*\/\nvar map = window.WPLeafletMapPlugin.getCurrentMap();\nvar group = window.WPLeafletMapPlugin.getCurrentGroup();\nvar marker_options = window.WPLeafletMapPlugin.getIconOptions({\"iconUrl\":\"https:\\\/\\\/dev.fktc.ch\\\/fjr\\\/assets\\\/marker-yellow.svg\",\"iconSize\":\"80,50\"});\nvar marker = L.marker(\n    [48.1351253,11.5819806],\n    marker_options\n);\nvar is_image = map.is_image_map;\nif (marker_options.draggable) {\n    marker.on('dragend', function () {\n        var latlng = this.getLatLng();\n        var lat = latlng.lat;\n        var lng = latlng.lng;\n        if (is_image) {\n            console.log('leaflet-marker y=' + lat + ' x=' + lng);\n        } else {\n            console.log('leaflet-marker lat=' + lat + ' lng=' + lng);\n        }\n    });\n}\nmarker.addTo( group );\nmarker.bindPopup(window.WPLeafletMapPlugin.unescape('\ud83d\ude80\ud83d\udc68\u200d\ud83d\ude80 The S.211 in Augsburg near Munich, Germany \ud83c\udde9\ud83c\uddea&lt;img src=\\&quot;https:\/\/migflug.com\/wp-content\/uploads\/2022\/12\/S-211.png\\&quot;&gt;'));window.WPLeafletMapPlugin.markers.push( marker );\n        });<\/script>\n<\/div>\n<\/div>\n<\/div><\/div>\n\n\n\n<div class=\"wp-block-cover alignfull\" style=\"padding-top:var(--wp--preset--spacing--80);padding-right:var(--wp--preset--spacing--50);padding-bottom:var(--wp--preset--spacing--80);padding-left:var(--wp--preset--spacing--50)\"><span aria-hidden=\"true\" class=\"wp-block-cover__background has-nv-light-bg-background-color has-background-dim-100 has-background-dim\"><\/span><div class=\"wp-block-cover__inner-container is-layout-flow wp-block-cover-is-layout-flow\">\n<div class=\"wp-block-columns has-neve-text-color-color has-text-color has-link-color wp-elements-e51ad957948ac840f1a10a8532fc08b4 is-layout-flex wp-container-core-columns-is-layout-9d6595d7 wp-block-columns-is-layout-flex\">\n<div class=\"wp-block-column is-vertically-aligned-top is-layout-flow wp-block-column-is-layout-flow\" style=\"padding-right:0rem;padding-left:0rem\">\n<p class=\"has-text-align-center big-number has-nv-site-bg-color has-text-color has-link-color wp-elements-b1acbaf334e5e8065ff18a7021d692b3\" id=\"calendar\" style=\"font-size:220px\"><strong>06<\/strong><\/p>\n\n\n\n<h2 class=\"wp-block-heading has-text-align-center\">Disponibilidad<\/h2>\n\n\n\n<p class=\"has-text-align-center\">Compruebe la disponibilidad y <strong><mark style=\"background-color:var(--nv-site-bg)\" class=\"has-inline-color has-nv-dark-bg-color\">haga clic en cualquier fecha para empezar a reservar<\/mark><\/strong><\/p>\n\n\n    <div style=\"display:none;\">MiGFlug DatePicker Versi\u00f3n 1.2.2<\/div>\n\n    <div class=\"datepicker-container\" style=\"position: relative\">\n        <div class=\"datepicker-availability\" id=\"datepicker_69ec8d107e8cb\"><\/div>\n    <\/div>\n    <script src=\"https:\/\/cdnjs.cloudflare.com\/ajax\/libs\/luxon\/3.4.3\/luxon.min.js\"><\/script>\n    <script type=\"text\/javascript\">\n        jQuery(document).ready(function ($) {\n            const { DateTime } = luxon;\n            const timezone = \"America\/New_York\";\n            var disabledDays = [];\n\n            let today = DateTime.now().setZone(timezone);\n            let maxDate = today.plus({ years: 3 });\n\n            const debouncedFetchDisabledDates = debounce(fetchDisabledDates, 300);\n\n            $(\"#datepicker_69ec8d107e8cb\").datepicker({\n                changeMonth: true,\n                changeYear: true,\n                showOtherMonths: true,\n                selectOtherMonths: true,\n                yearRange: \"c-10:c+10\",\n                dateFormat: \"yy-dd-mm\",\n                minDate: 0,\n                maxDate: new Date(maxDate.year, maxDate.month - 1, maxDate.day),\n                monthNames: [\n                    \"January\", \"February\", \"March\", \"April\", \"May\", \"June\",\n                    \"July\", \"August\", \"September\", \"October\", \"November\", \"December\"\n                ],\n                monthNamesShort: [\n                    \"Jan\", \"Feb\", \"Mar\", \"Apr\", \"May\", \"Jun\",\n                    \"Jul\", \"Aug\", \"Sep\", \"Oct\", \"Nov\", \"Dec\"\n                ],\n                onSelect: function (dateText) {\n                    let parsedDate = $.datepicker.parseDate('yy-dd-mm', dateText);\n                    let finalDate = $.datepicker.formatDate('yy-mm-dd', parsedDate);\n\n                    let bookingURL = \"#pricing\";\n                    let popup_id = \"\";\n\n                    if (bookingURL !== \"\") {\n                        let fullURL = bookingURL + \"?datechoice=now&date=\" + finalDate +\n                            \"&region=\" + \"\" +\n                            \"&product=\" + \"\" +\n                            \"&eulocation=\" + \"\" +\n                            \"&uslocation=\" + \"\" +\n                            \"&referrer=\" + \"\" +\n                            \"&itlocation=\" + \"\" +\n                            \"&apaclocation=\" + \"\";\n                        window.open(fullURL, '_blank');\n                        showAvailableDay();\n                    } else if (popup_id !== \"\") {\n                        PUM.open('#' + popup_id);\n                        showAvailableDay();\n                    }\n                },\n                beforeShow: function (input, inst) {\n                    showAvailableDay();\n                },\n                beforeShowDay: function (date) {\n                    \/\/ Convert local date to the API timezone for comparison\n                    const localDt = DateTime.fromJSDate(date);\n                    \/\/ Format to check against our collection\n                    const dateToCheck = localDt.toFormat('yyyy-MM-dd');\n                    \n                    \/\/ Check if this date is in our available dates list\n                    const isAvailable = disabledDays.includes(dateToCheck);\n                    return [isAvailable];\n                },\n                onChangeMonthYear: function (year, month, inst) {\n                    debouncedFetchDisabledDates(year, month);\n                }\n            });\n\n            showAvailableDay();\n\n            function fetchDisabledDates(year, month, retryCount = 0) {\n                const appointmentId = \"36826538\";\n                const calendarId = \"7213381\";\n                const cacheKey = `disabledDates_${calendarId}_${appointmentId}_${year}_${month}_${timezone}`;\n                const expirationTime = 24 * 60 * 60 * 1000;\n                const now = Date.now();\n                const yearMonth = year + '-' + (\"0\" + month).slice(-2);\n                const maxRetries = 3;\n                const $datepicker = $('.datepicker-availability');\n                $datepicker.append('<div class=\"datepicker-loader-overlay\"><\/div><div class=\"spinner\"><\/div>');\n\n                if (localStorage.getItem(cacheKey)) {\n                    const cachedData = JSON.parse(localStorage.getItem(cacheKey));\n                    if (cachedData && cachedData.expiration > now) {\n                        updateDisabledDates(cachedData.response);\n                        fetchDataForNextMonth(year, month);\n                        return;\n                    }\n                }\n\n                $.ajax({\n                    url: 'https:\/\/fighter-jet-rides.com\/wp-admin\/admin-ajax.php',\n                    method: 'GET',\n                    data: {\n                        action: 'datepicker_fetch_disabled_dates',\n                        yearMonth: yearMonth.trim(),\n                        calendarId: calendarId.trim(),\n                        appointmentId: appointmentId.trim(),\n                        timezone: timezone.trim(), \/\/ Add timezone to the AJAX request\n                    },\n                    dataType: 'json',\n                    timeout: 10000,\n                }).done(function (response) {\n                    const item = {\n                        response,\n                        expiration: now + expirationTime\n                    };\n                    localStorage.setItem(cacheKey, JSON.stringify(item));\n                    updateDisabledDates(response);\n                    fetchDataForNextMonth(year, month);\n                }).fail(function (xhr, status) {\n                    if ((status === \"timeout\" || status === \"error\") && retryCount < maxRetries) {\n                        fetchDisabledDates(year, month, retryCount + 1);\n                    } else {\n                        hideLoader();\n                    }\n                });\n            }\n\n            async function fetchDataForNextMonth(year, month) {\n                \/\/ Adjust year if we're in December\n                let nextYear = year;\n                let nextMonth = month === 12 ? 1 : month + 1;\n                if (month === 12) nextYear++;\n\n                const appointmentId = \"36826538\";\n                const calendarId = \"7213381\";\n                const cacheKey = `disabledDates_${calendarId}_${appointmentId}_${nextYear}_${nextMonth}_${timezone}`;\n                const expirationTime = 24 * 60 * 60 * 1000;\n                const now = Date.now();\n                const yearMonth = nextYear + '-' + (\"0\" + nextMonth).slice(-2);\n\n                if (localStorage.getItem(cacheKey)) {\n                    const cachedData = JSON.parse(localStorage.getItem(cacheKey));\n                    if (cachedData && cachedData.expiration > now) {\n                        return;\n                    }\n                }\n\n                $.ajax({\n                    url: 'https:\/\/fighter-jet-rides.com\/wp-admin\/admin-ajax.php',\n                    method: 'GET',\n                    data: {\n                        action: 'datepicker_fetch_disabled_dates',\n                        yearMonth: yearMonth.trim(),\n                        calendarId: calendarId.trim(),\n                        appointmentId: appointmentId.trim(),\n                        timezone: timezone.trim(), \/\/ Add timezone to the AJAX request\n                    },\n                    dataType: 'json',\n                    timeout: 10000,\n                }).done(function (response) {\n                    const item = {\n                        response,\n                        expiration: now + expirationTime\n                    };\n                    localStorage.setItem(cacheKey, JSON.stringify(item));\n                }).fail(function () {\n                    hideLoader();\n                });\n            }\n\n            function updateDisabledDates(response) {\n                if (response && response.success) {\n                    \/\/ Store dates in YYYY-MM-DD format directly from API\n                    disabledDays = response.data.map(function (item) {\n                        return item.date; \/\/ API already returns dates in the requested timezone\n                    });\n                    $('#datepicker_69ec8d107e8cb').datepicker('refresh');\n                }\n                hideLoader();\n            }\n\n            function showAvailableDay() {\n                let date = DateTime.now().setZone(timezone);\n                fetchDisabledDates(date.year, date.month);\n            }\n\n            function hideLoader() {\n                $('.datepicker-loader-overlay, .spinner').remove();\n            }\n\n            function debounce(func, wait) {\n                let timeout;\n                return function (...args) {\n                    const context = this;\n                    clearTimeout(timeout);\n                    timeout = setTimeout(() => func.apply(context, args), wait);\n                };\n            }\n        });\n    <\/script>\n    \n<\/div>\n<\/div>\n<\/div><\/div>\n\n\n\n<section class=\"wp-block-cover alignfull\" style=\"padding-top:var(--wp--preset--spacing--80);padding-right:var(--wp--preset--spacing--40);padding-bottom:var(--wp--preset--spacing--80);padding-left:var(--wp--preset--spacing--40)\"><img loading=\"lazy\" decoding=\"async\" width=\"2560\" height=\"1440\" class=\"wp-block-cover__image-background wp-image-345\" alt=\"\" src=\"https:\/\/dev.fktc.ch\/fjr\/wp-content\/uploads\/2024\/12\/pexels-mysurrogateband-1076071941-29755557-scaled.jpg\" data-object-fit=\"cover\" srcset=\"https:\/\/fighter-jet-rides.com\/wp-content\/uploads\/2024\/12\/pexels-mysurrogateband-1076071941-29755557-scaled.jpg 2560w, https:\/\/fighter-jet-rides.com\/wp-content\/uploads\/2024\/12\/pexels-mysurrogateband-1076071941-29755557-300x169.jpg 300w, https:\/\/fighter-jet-rides.com\/wp-content\/uploads\/2024\/12\/pexels-mysurrogateband-1076071941-29755557-1024x576.jpg 1024w, https:\/\/fighter-jet-rides.com\/wp-content\/uploads\/2024\/12\/pexels-mysurrogateband-1076071941-29755557-768x432.jpg 768w\" sizes=\"auto, (max-width: 2560px) 100vw, 2560px\" \/><span aria-hidden=\"true\" class=\"wp-block-cover__background has-neve-text-color-background-color has-background-dim\"><\/span><div class=\"wp-block-cover__inner-container is-layout-constrained wp-container-core-cover-is-layout-cd625289 wp-block-cover-is-layout-constrained\">\n<div class=\"wp-block-columns are-vertically-aligned-center is-layout-flex wp-container-core-columns-is-layout-9d6595d7 wp-block-columns-is-layout-flex\">\n<div class=\"wp-block-column is-vertically-aligned-center is-layout-flow wp-block-column-is-layout-flow\">\n<div class=\"wp-block-group has-nv-text-dark-bg-color has-text-color has-link-color wp-elements-03820e42c80cdd1e1033d8f1151ab950\"><div class=\"wp-block-group__inner-container is-layout-flow wp-block-group-is-layout-flow\">\n<p class=\"has-text-align-center big-number has-text-color has-link-color wp-elements-2a6a51a85a796ce6eea6527b9bcd760e\" style=\"color:#ffffff1c;font-size:220px\"><strong>07<\/strong><\/p>\n\n\n\n<h2 class=\"wp-block-heading has-text-align-center\">Testimonios<\/h2>\n\n\n\n<div style=\"height:80px\" aria-hidden=\"true\" class=\"wp-block-spacer\"><\/div>\n<\/div><\/div>\n<\/div>\n<\/div>\n\n\n\n<div class=\"wp-block-columns has-nv-text-dark-bg-color has-text-color has-link-color wp-elements-7f1936109d41ca3032093f1270752291 is-layout-flex wp-container-core-columns-is-layout-9d6595d7 wp-block-columns-is-layout-flex\">\n<div class=\"wp-block-column has-neve-text-color-color has-nv-site-bg-background-color has-text-color has-background has-link-color wp-elements-498036e9bc86753f5ccb00ffdfb9e29e is-layout-flow wp-block-column-is-layout-flow\" style=\"border-bottom-color:var(--wp--preset--color--neve-link-hover-color);border-bottom-width:8px;padding-top:var(--wp--preset--spacing--70);padding-right:var(--wp--preset--spacing--50);padding-bottom:var(--wp--preset--spacing--70);padding-left:var(--wp--preset--spacing--50)\"><div class=\"wp-block-image\">\n<figure class=\"aligncenter size-full has-custom-border\"><img loading=\"lazy\" decoding=\"async\" width=\"300\" height=\"300\" src=\"https:\/\/dev.fktc.ch\/fjr\/wp-content\/uploads\/2024\/12\/WhatsApp-Image-2022-06-15-at-113158.jpg\" alt=\"\" class=\"wp-image-377\" style=\"border-radius:999px;aspect-ratio:1;object-fit:cover\" srcset=\"https:\/\/fighter-jet-rides.com\/wp-content\/uploads\/2024\/12\/WhatsApp-Image-2022-06-15-at-113158.jpg 300w, https:\/\/fighter-jet-rides.com\/wp-content\/uploads\/2024\/12\/WhatsApp-Image-2022-06-15-at-113158-150x150.jpg 150w, https:\/\/fighter-jet-rides.com\/wp-content\/uploads\/2024\/12\/WhatsApp-Image-2022-06-15-at-113158-12x12.jpg 12w\" sizes=\"auto, (max-width: 300px) 100vw, 300px\" \/><\/figure>\n<\/div>\n\n\n<div style=\"height:32px\" aria-hidden=\"true\" class=\"wp-block-spacer\"><\/div>\n\n\n\n<h3 class=\"wp-block-heading has-text-align-center\">Dimitry<\/h3>\n\n\n\n<p class=\"has-text-align-center\"><em>&#8220;<\/em>Absolutamente incre\u00edble... \u00a1de principio a fin!<br>Todo se explic\u00f3 clara y detalladamente, y el piloto y el mec\u00e1nico fueron muy agradables, amables y competentes.<br>La experiencia fue inolvidable e indescriptible... no hay nada sobre el terreno que se pueda comparar a estas fuerzas.<br>\u00a1Absolutamente recomendable! \ud83d\udc4d\ud83c\udffc<em>&#8220;<\/em><\/p>\n\n\n\n<p class=\"has-text-align-center\"><\/p>\n\n\n<div class=\"wp-block-image\">\n<figure class=\"aligncenter size-full is-resized\"><img decoding=\"async\" src=\"https:\/\/dev.fktc.ch\/fjr\/wp-content\/uploads\/2024\/12\/dimitry.svg\" alt=\"\" class=\"wp-image-351\" style=\"width:auto;height:40px\"\/><\/figure>\n<\/div><\/div>\n\n\n\n<div class=\"wp-block-column has-neve-text-color-color has-nv-site-bg-background-color has-text-color has-background has-link-color wp-elements-149bfd8d46f54153ce7490b564d93a2d is-layout-flow wp-block-column-is-layout-flow\" style=\"border-bottom-color:var(--wp--preset--color--neve-link-color);border-bottom-width:8px;padding-top:var(--wp--preset--spacing--70);padding-right:var(--wp--preset--spacing--50);padding-bottom:var(--wp--preset--spacing--70);padding-left:var(--wp--preset--spacing--50)\"><div class=\"wp-block-image\">\n<figure class=\"aligncenter size-full is-resized has-custom-border\"><img loading=\"lazy\" decoding=\"async\" width=\"1280\" height=\"542\" src=\"https:\/\/fighter-jet-rides.com\/wp-content\/uploads\/2025\/01\/OYoRO0C0CFvi1S9r.png\" alt=\"\" class=\"wp-image-977\" style=\"border-radius:999px;aspect-ratio:1;object-fit:cover;width:304px;height:auto\" srcset=\"https:\/\/fighter-jet-rides.com\/wp-content\/uploads\/2025\/01\/OYoRO0C0CFvi1S9r.png 1280w, https:\/\/fighter-jet-rides.com\/wp-content\/uploads\/2025\/01\/OYoRO0C0CFvi1S9r-300x127.png 300w, https:\/\/fighter-jet-rides.com\/wp-content\/uploads\/2025\/01\/OYoRO0C0CFvi1S9r-1024x434.png 1024w, https:\/\/fighter-jet-rides.com\/wp-content\/uploads\/2025\/01\/OYoRO0C0CFvi1S9r-768x325.png 768w, https:\/\/fighter-jet-rides.com\/wp-content\/uploads\/2025\/01\/OYoRO0C0CFvi1S9r-18x8.png 18w\" sizes=\"auto, (max-width: 1280px) 100vw, 1280px\" \/><\/figure>\n<\/div>\n\n\n<div style=\"height:32px\" aria-hidden=\"true\" class=\"wp-block-spacer\"><\/div>\n\n\n\n<h3 class=\"wp-block-heading has-text-align-center\">Miroslaw<\/h3>\n\n\n\n<p class=\"has-text-align-center\"><em>&#8220;<\/em> Me recibi\u00f3 un sol que ba\u00f1aba los Alpes con una luz hipnotizadora. El piloto me dio una calurosa bienvenida y me present\u00f3 el avi\u00f3n, el casco y el plan de vuelo, lo que me tranquiliz\u00f3 al instante.<\/p>\n\n\n\n<p class=\"has-text-align-center\">Una vez en el aire, el impresionante paisaje alpino se despleg\u00f3 bajo mis pies, esta vez desde una perspectiva totalmente nueva. La velocidad del jet era estimulante, y las maniobras llenas de adrenalina -bucles, giros e inmersiones- me proporcionaban la misma emoci\u00f3n que me gusta sentir al esquiar, pero a un nivel completamente nuevo.<\/p>\n\n\n\n<p class=\"has-text-align-center\">Al final del vuelo, estaba abrumado de alegr\u00eda y gratitud por haber hecho realidad mi sue\u00f1o de sobrevolar los Alpes. La mezcla perfecta de velocidad, altitud y mis queridas monta\u00f1as hizo que fuera una experiencia inolvidable.<em>&#8220;<\/em><\/p>\n\n\n<div class=\"wp-block-image\">\n<figure class=\"aligncenter size-full is-resized\"><img loading=\"lazy\" decoding=\"async\" width=\"733\" height=\"167\" src=\"https:\/\/dev.fktc.ch\/fjr\/wp-content\/uploads\/2024\/12\/miroslaw.png\" alt=\"\" class=\"wp-image-367\" style=\"width:auto;height:40px\" srcset=\"https:\/\/fighter-jet-rides.com\/wp-content\/uploads\/2024\/12\/miroslaw.png 733w, https:\/\/fighter-jet-rides.com\/wp-content\/uploads\/2024\/12\/miroslaw-300x68.png 300w, https:\/\/fighter-jet-rides.com\/wp-content\/uploads\/2024\/12\/miroslaw-18x4.png 18w\" sizes=\"auto, (max-width: 733px) 100vw, 733px\" \/><\/figure>\n<\/div><\/div>\n<\/div>\n<\/div><\/section>\n\n\n\n<div class=\"wp-block-cover alignfull has-neve-text-color-color has-text-color has-link-color wp-elements-dbef9a3c42b3144edb38959633649477\" style=\"padding-top:var(--wp--preset--spacing--80);padding-right:var(--wp--preset--spacing--40);padding-bottom:var(--wp--preset--spacing--80);padding-left:var(--wp--preset--spacing--40)\"><span aria-hidden=\"true\" class=\"wp-block-cover__background has-nv-site-bg-background-color has-background-dim-100 has-background-dim\"><\/span><div class=\"wp-block-cover__inner-container is-layout-flow wp-block-cover-is-layout-flow\">\n<div class=\"wp-block-columns is-layout-flex wp-container-core-columns-is-layout-9d6595d7 wp-block-columns-is-layout-flex\">\n<div class=\"wp-block-column is-layout-flow wp-block-column-is-layout-flow\" style=\"flex-basis:100%\">\n<div class=\"wp-block-group is-vertical is-content-justification-center is-layout-flex wp-container-core-group-is-layout-4b2eccd6 wp-block-group-is-layout-flex\">\n<p class=\"big-number has-nv-light-bg-color has-text-color has-link-color wp-elements-a7fd32131fbdfd6fd566c5b9b1686a04\" style=\"font-size:220px\"><strong>0<\/strong>8<\/p>\n\n\n\n<h2 class=\"wp-block-heading has-text-align-center has-neve-text-color-color has-text-color has-link-color wp-elements-e0561d289cad4c05cbdbcf696a6081b6\">Galer\u00eda<\/h2>\n\n\n\n<p class=\"has-text-align-center has-neve-text-color-color has-text-color has-link-color wp-elements-0aceafd41ecad9e259bd1ed0db923662\">Augsburgo<\/p>\n\n\n\n<div style=\"height:0px\" aria-hidden=\"true\" class=\"wp-block-spacer wp-container-content-f9bd05ee\"><\/div>\n<\/div>\n<\/div>\n<\/div>\n\n\n\n<figure class=\"wp-block-gallery has-nested-images columns-3 is-cropped wp-block-gallery-1 is-layout-flex wp-block-gallery-is-layout-flex\">\n<figure class=\"wp-block-image size-large\"><img loading=\"lazy\" decoding=\"async\" width=\"1024\" height=\"683\" data-id=\"353\" src=\"https:\/\/dev.fktc.ch\/fjr\/wp-content\/uploads\/2024\/12\/1-1-1024x683.jpeg\" alt=\"\" class=\"wp-image-353\" srcset=\"https:\/\/fighter-jet-rides.com\/wp-content\/uploads\/2024\/12\/1-1-1024x683.jpeg 1024w, https:\/\/fighter-jet-rides.com\/wp-content\/uploads\/2024\/12\/1-1-300x200.jpeg 300w, https:\/\/fighter-jet-rides.com\/wp-content\/uploads\/2024\/12\/1-1-768x512.jpeg 768w\" sizes=\"auto, (max-width: 1024px) 100vw, 1024px\" \/><\/figure>\n\n\n\n<figure class=\"wp-block-image size-full\"><img loading=\"lazy\" decoding=\"async\" width=\"2048\" height=\"2048\" data-id=\"355\" src=\"https:\/\/dev.fktc.ch\/fjr\/wp-content\/uploads\/2024\/12\/3-2.jpeg\" alt=\"\" class=\"wp-image-355\" srcset=\"https:\/\/fighter-jet-rides.com\/wp-content\/uploads\/2024\/12\/3-2.jpeg 2048w, https:\/\/fighter-jet-rides.com\/wp-content\/uploads\/2024\/12\/3-2-300x300.jpeg 300w, https:\/\/fighter-jet-rides.com\/wp-content\/uploads\/2024\/12\/3-2-1024x1024.jpeg 1024w, https:\/\/fighter-jet-rides.com\/wp-content\/uploads\/2024\/12\/3-2-150x150.jpeg 150w, https:\/\/fighter-jet-rides.com\/wp-content\/uploads\/2024\/12\/3-2-768x768.jpeg 768w, https:\/\/fighter-jet-rides.com\/wp-content\/uploads\/2024\/12\/3-2-1536x1536.jpeg 1536w, https:\/\/fighter-jet-rides.com\/wp-content\/uploads\/2024\/12\/3-2-12x12.jpeg 12w\" sizes=\"auto, (max-width: 2048px) 100vw, 2048px\" \/><\/figure>\n\n\n\n<figure class=\"wp-block-image size-large\"><img loading=\"lazy\" decoding=\"async\" width=\"1024\" height=\"576\" data-id=\"345\" src=\"https:\/\/dev.fktc.ch\/fjr\/wp-content\/uploads\/2024\/12\/pexels-mysurrogateband-1076071941-29755557-1024x576.jpg\" alt=\"\" class=\"wp-image-345\" srcset=\"https:\/\/fighter-jet-rides.com\/wp-content\/uploads\/2024\/12\/pexels-mysurrogateband-1076071941-29755557-1024x576.jpg 1024w, https:\/\/fighter-jet-rides.com\/wp-content\/uploads\/2024\/12\/pexels-mysurrogateband-1076071941-29755557-300x169.jpg 300w, https:\/\/fighter-jet-rides.com\/wp-content\/uploads\/2024\/12\/pexels-mysurrogateband-1076071941-29755557-768x432.jpg 768w\" sizes=\"auto, (max-width: 1024px) 100vw, 1024px\" \/><\/figure>\n\n\n\n<figure class=\"wp-block-image size-full\"><img loading=\"lazy\" decoding=\"async\" width=\"2048\" height=\"2048\" data-id=\"361\" src=\"https:\/\/fighter-jet-rides.com\/wp-content\/uploads\/2024\/12\/9.jpeg\" alt=\"\" class=\"wp-image-361\" srcset=\"https:\/\/fighter-jet-rides.com\/wp-content\/uploads\/2024\/12\/9.jpeg 2048w, https:\/\/fighter-jet-rides.com\/wp-content\/uploads\/2024\/12\/9-300x300.jpeg 300w, https:\/\/fighter-jet-rides.com\/wp-content\/uploads\/2024\/12\/9-1024x1024.jpeg 1024w, https:\/\/fighter-jet-rides.com\/wp-content\/uploads\/2024\/12\/9-150x150.jpeg 150w, https:\/\/fighter-jet-rides.com\/wp-content\/uploads\/2024\/12\/9-768x768.jpeg 768w, https:\/\/fighter-jet-rides.com\/wp-content\/uploads\/2024\/12\/9-1536x1536.jpeg 1536w, https:\/\/fighter-jet-rides.com\/wp-content\/uploads\/2024\/12\/9-12x12.jpeg 12w\" sizes=\"auto, (max-width: 2048px) 100vw, 2048px\" \/><\/figure>\n<\/figure>\n<\/div><\/div>\n\n\n\n<div class=\"wp-block-cover alignfull\" style=\"padding-top:var(--wp--preset--spacing--80);padding-right:var(--wp--preset--spacing--50);padding-bottom:var(--wp--preset--spacing--80);padding-left:var(--wp--preset--spacing--50)\"><span aria-hidden=\"true\" class=\"wp-block-cover__background has-neve-text-color-background-color has-background-dim-100 has-background-dim\"><\/span><div class=\"wp-block-cover__inner-container is-layout-flow wp-block-cover-is-layout-flow\">\n<p class=\"has-text-align-center big-number has-nv-dark-bg-color has-text-color has-link-color wp-elements-3a406c462527867313f211aa11578edb\" id=\"pricing\" style=\"font-size:220px\"><strong>09<\/strong><\/p>\n\n\n\n<h2 class=\"wp-block-heading has-text-align-center\">Precios y reservas<\/h2>\n\n\n\n<div class=\"wp-block-columns has-neve-text-color-color has-text-color has-link-color wp-elements-b84e590b715dfa67b4d2c7c8e0102430 is-layout-flex wp-container-core-columns-is-layout-9d6595d7 wp-block-columns-is-layout-flex\">\n<div class=\"wp-block-column is-vertically-aligned-top is-layout-flow wp-block-column-is-layout-flow\">\n<div class=\"wp-block-group has-nv-site-bg-background-color has-background\" style=\"border-top-color:var(--wp--preset--color--nv-dark-bg);border-top-width:8px;border-right-style:none;border-right-width:0px;border-bottom-style:none;border-bottom-width:0px;border-left-style:none;border-left-width:0px;padding-top:var(--wp--preset--spacing--60);padding-right:var(--wp--preset--spacing--50);padding-bottom:var(--wp--preset--spacing--60);padding-left:var(--wp--preset--spacing--50)\"><div class=\"wp-block-group__inner-container is-layout-constrained wp-container-core-group-is-layout-fcc72f54 wp-block-group-is-layout-constrained\">\n<h3 class=\"wp-block-heading has-text-align-center has-large-font-size\">Blitz b\u00e1varo<\/h3>\n\n\n\n<div class=\"wp-block-group is-vertical is-content-justification-center is-layout-flex wp-container-core-group-is-layout-4b2eccd6 wp-block-group-is-layout-flex\">\n<h4 class=\"wp-block-heading has-neve-text-color-color has-text-color has-link-color has-x-large-font-size wp-elements-9247a69110111981b63b08c4679eee5b\">3.850,00 EUR<\/h4>\n\n\n\n<p>por vuelo<\/p>\n<\/div>\n\n\n\n<hr class=\"wp-block-separator has-text-color has-nv-light-bg-color has-alpha-channel-opacity has-nv-light-bg-background-color has-background\"\/>\n\n\n\n<p class=\"has-text-align-center\">Informaci\u00f3n<\/p>\n\n\n\n<p class=\"has-text-align-center\">45 minutos de vuelo<\/p>\n\n\n\n<div class=\"wp-block-buttons is-content-justification-center is-layout-flex wp-container-core-buttons-is-layout-16018d1d wp-block-buttons-is-layout-flex\">\n<div class=\"wp-block-button is-style-default\"><a class=\"wp-block-button__link has-nv-text-dark-bg-color has-neve-text-color-background-color has-text-color has-background has-link-color wp-element-button\" href=\"https:\/\/fighter-jet-rides.com\/es\/reserva\/?params=hideregionselector&amp;region=rest&amp;eulocation=DE-MUNICH-S211&amp;referrer=pdp&amp;utm_source=fjr\">RESERVAR AHORA<\/a><\/div>\n<\/div>\n<\/div><\/div>\n<\/div>\n\n\n\n<div class=\"wp-block-column is-vertically-aligned-top is-layout-flow wp-block-column-is-layout-flow\">\n<div class=\"wp-block-group has-nv-site-bg-background-color has-background\" style=\"border-top-color:var(--wp--preset--color--neve-link-hover-color);border-top-width:8px;border-right-style:none;border-right-width:0px;border-bottom-style:none;border-bottom-width:0px;border-left-style:none;border-left-width:0px;padding-top:var(--wp--preset--spacing--60);padding-right:var(--wp--preset--spacing--50);padding-bottom:var(--wp--preset--spacing--60);padding-left:var(--wp--preset--spacing--50)\"><div class=\"wp-block-group__inner-container is-layout-constrained wp-container-core-group-is-layout-fcc72f54 wp-block-group-is-layout-constrained\">\n<h3 class=\"wp-block-heading has-text-align-center has-large-font-size\">As de los Alpes<\/h3>\n\n\n\n<div class=\"wp-block-group is-vertical is-content-justification-center is-layout-flex wp-container-core-group-is-layout-4b2eccd6 wp-block-group-is-layout-flex\">\n<h4 class=\"wp-block-heading has-neve-link-hover-color-color has-text-color has-link-color has-x-large-font-size wp-elements-9defaab2dab8aaf49303d4e0091f9884\">Precio no encontrado para: DE-MUNICH-ADDON-VIDEO<\/h4>\n\n\n\n<p>por vuelo<\/p>\n<\/div>\n\n\n\n<hr class=\"wp-block-separator has-text-color has-nv-light-bg-color has-alpha-channel-opacity has-nv-light-bg-background-color has-background\"\/>\n\n\n\n<p class=\"has-text-align-center\">Informaci\u00f3n<\/p>\n\n\n\n<p class=\"has-text-align-center\">45 minutos de vuelo<\/p>\n\n\n\n<p class=\"has-text-align-center\">Vuelo sobre los Alpes<\/p>\n\n\n\n<p class=\"has-text-align-center\">V\u00eddeo en vuelo<\/p>\n\n\n\n<div class=\"wp-block-buttons is-content-justification-center is-layout-flex wp-container-core-buttons-is-layout-16018d1d wp-block-buttons-is-layout-flex\">\n<div class=\"wp-block-button is-style-default\"><a class=\"wp-block-button__link has-nv-text-dark-bg-color has-neve-link-hover-color-background-color has-text-color has-background has-link-color wp-element-button\" href=\"https:\/\/fighter-jet-rides.com\/es\/reserva\/?params=hideregionselector&amp;region=rest&amp;eulocation=DE-MUNICH-S211&amp;referrer=pdp&amp;utm_source=fjr\">RESERVAR AHORA<\/a><\/div>\n<\/div>\n<\/div><\/div>\n<\/div>\n\n\n\n<div class=\"wp-block-column is-vertically-aligned-top is-layout-flow wp-block-column-is-layout-flow\">\n<div class=\"wp-block-group has-nv-site-bg-background-color has-background\" style=\"border-top-color:var(--wp--preset--color--neve-link-color);border-top-width:8px;border-right-style:none;border-right-width:0px;border-bottom-style:none;border-bottom-width:0px;border-left-style:none;border-left-width:0px;padding-top:var(--wp--preset--spacing--60);padding-right:var(--wp--preset--spacing--50);padding-bottom:var(--wp--preset--spacing--60);padding-left:var(--wp--preset--spacing--50)\"><div class=\"wp-block-group__inner-container is-layout-constrained wp-container-core-group-is-layout-fcc72f54 wp-block-group-is-layout-constrained\">\n<h3 class=\"wp-block-heading has-text-align-center has-large-font-size\">Ascensi\u00f3n del rey Luis<\/h3>\n\n\n\n<div class=\"wp-block-group is-vertical is-content-justification-center is-layout-flex wp-container-core-group-is-layout-4b2eccd6 wp-block-group-is-layout-flex\">\n<h4 class=\"wp-block-heading has-neve-link-color-color has-text-color has-link-color has-x-large-font-size wp-elements-c60dc068c9ee350e3ef474b55fea61b0\">Precio no encontrado para: DE-MUNICH-ADDON-VIDEO, EURO-ADDON-CARBON-OFFSET<\/h4>\n\n\n\n<p>por vuelo<\/p>\n<\/div>\n\n\n\n<hr class=\"wp-block-separator has-text-color has-nv-light-bg-color has-alpha-channel-opacity has-nv-light-bg-background-color has-background\"\/>\n\n\n\n<p class=\"has-text-align-center\">V\u00eddeos de formaci\u00f3n en l\u00ednea<\/p>\n\n\n\n<p class=\"has-text-align-center\">Informaci\u00f3n<\/p>\n\n\n\n<p class=\"has-text-align-center\">65 minutos de vuelo<\/p>\n\n\n\n<p class=\"has-text-align-center\">Vuelo sobre los Alpes<\/p>\n\n\n\n<p class=\"has-text-align-center\">V\u00eddeo en vuelo<\/p>\n\n\n\n<p class=\"has-text-align-center\">V\u00eddeo adicional de 360\u00b0 en vuelo<\/p>\n\n\n\n<p class=\"has-text-align-center\">Cancelaci\u00f3n gratuita<\/p>\n\n\n\n<p class=\"has-text-align-center\">Compensaci\u00f3n de carbono<\/p>\n\n\n\n<div class=\"wp-block-buttons is-content-justification-center is-layout-flex wp-container-core-buttons-is-layout-16018d1d wp-block-buttons-is-layout-flex\">\n<div class=\"wp-block-button is-style-default\"><a class=\"wp-block-button__link has-nv-text-dark-bg-color has-neve-link-color-background-color has-text-color has-background has-link-color wp-element-button\" href=\"https:\/\/fighter-jet-rides.com\/es\/reserva\/?params=hideregionselector&amp;region=rest&amp;eulocation=DE-MUNICH-S211&amp;referrer=pdp&amp;utm_source=fjr\">RESERVAR AHORA<\/a><\/div>\n<\/div>\n<\/div><\/div>\n<\/div>\n<\/div>\n<\/div><\/div>\n\n\n\n<div class=\"wp-block-cover alignfull has-neve-text-color-color has-text-color has-link-color wp-elements-13e11e3a46575c10fa3070afff05bdc1\" style=\"padding-top:var(--wp--preset--spacing--80);padding-right:var(--wp--preset--spacing--40);padding-bottom:var(--wp--preset--spacing--80);padding-left:var(--wp--preset--spacing--40)\"><span aria-hidden=\"true\" class=\"wp-block-cover__background has-nv-site-bg-background-color has-background-dim-100 has-background-dim\"><\/span><div class=\"wp-block-cover__inner-container is-layout-flow wp-block-cover-is-layout-flow\">\n<div class=\"wp-block-columns is-layout-flex wp-container-core-columns-is-layout-9d6595d7 wp-block-columns-is-layout-flex\">\n<div class=\"wp-block-column is-layout-flow wp-block-column-is-layout-flow\" style=\"flex-basis:100%\">\n<div class=\"wp-block-group\"><div class=\"wp-block-group__inner-container is-layout-constrained wp-block-group-is-layout-constrained\">\n<p class=\"big-number has-nv-light-bg-color has-text-color has-link-color wp-elements-93f01c170b049a433dc9659f7dc4877c\" style=\"font-size:220px\">10<\/p>\n\n\n\n<h2 class=\"wp-block-heading has-text-align-center has-neve-text-color-color has-text-color has-link-color wp-elements-a7b4be59732789a23039606275ff32c2\">PREGUNTAS FRECUENTES<\/h2>\n\n\n\n<p class=\"has-text-align-center has-neve-text-color-color has-text-color has-link-color wp-elements-9cca6875f495bf6c958d055d2ed65647\">Respuestas a las preguntas m\u00e1s frecuentes<\/p>\n\n\n<ul style=\"padding-top:0;padding-bottom:0;padding-left:0;padding-right:0\" class=\"wp-block-tt-accordion\">\n<li class=\"wp-block-tt-accordion-item wp-block-tt-accordion-item-2 has-background has-nv-text-dark-bg-background-color\"><h3 class=\"wp-block-tt-accordion-item-header\"><button class=\"wp-block-tt-accordion-item-header-button\" id=\"wp-block-tt-accordion-item-header-button-5af6f0f9-02ae-4498-ba0d-f29072aa4b57\" type=\"button\"><span class=\"wp-block-tt-accordion-item-header-button-text\">\u00bfTengo que ser piloto para participar en un vuelo de este tipo?<\/span><span class=\"wp-block-tt-accordion-item-header-button-icon-arrow\" aria-hidden=\"true\"><svg version=\"1.1\" xmlns=\"http:\/\/www.w3.org\/2000\/svg\" width=\"24px\" height=\"24px\" viewbox=\"0 0 24 24\" aria-hidden=\"true\" focusable=\"false\"><polyline points=\"4.711,8 12,15.289 19.289,8\" stroke=\"black\" stroke-width=\"2\" fill=\"none\" \/><\/svg><\/span><\/button><\/h3><div class=\"wp-block-tt-accordion-item-panel open\" id=\"wp-block-tt-accordion-item-panel-5af6f0f9-02ae-4498-ba0d-f29072aa4b57\" role=\"region\">\n\n<p class=\"has-nv-text-dark-bg-background-color has-background\">No, este vuelo est\u00e1 abierto a todo el mundo.<\/p>\n\n<\/div><\/li>\n\n<li class=\"wp-block-tt-accordion-item wp-block-tt-accordion-item-3 has-background has-nv-site-bg-background-color\"><h3 class=\"wp-block-tt-accordion-item-header\"><button class=\"wp-block-tt-accordion-item-header-button\" id=\"wp-block-tt-accordion-item-header-button-da44acaf-9b72-40f3-ab11-63cbe38e505c\" type=\"button\"><span class=\"wp-block-tt-accordion-item-header-button-text\">\u00bfDe d\u00f3nde despegan los vuelos?<\/span><span class=\"wp-block-tt-accordion-item-header-button-icon-arrow\" aria-hidden=\"true\"><svg version=\"1.1\" xmlns=\"http:\/\/www.w3.org\/2000\/svg\" width=\"24px\" height=\"24px\" viewbox=\"0 0 24 24\" aria-hidden=\"true\" focusable=\"false\"><polyline points=\"4.711,8 12,15.289 19.289,8\" stroke=\"black\" stroke-width=\"2\" fill=\"none\" \/><\/svg><\/span><\/button><\/h3><div class=\"wp-block-tt-accordion-item-panel open\" id=\"wp-block-tt-accordion-item-panel-da44acaf-9b72-40f3-ab11-63cbe38e505c\" role=\"region\">\n\n<p class=\"has-nv-site-bg-background-color has-background\">Los vuelos despegan de Augsburgo, a unos 30 minutos de M\u00fanich. Es un lugar perfecto para despegar y sobrevolar los Alpes b\u00e1varos.<\/p>\n\n<\/div><\/li>\n\n<li class=\"wp-block-tt-accordion-item wp-block-tt-accordion-item-4 has-background has-nv-text-dark-bg-background-color\"><h3 class=\"wp-block-tt-accordion-item-header\"><button class=\"wp-block-tt-accordion-item-header-button\" id=\"wp-block-tt-accordion-item-header-button-6f995c8f-75b6-4ba9-b85d-3b6406692672\" type=\"button\"><span class=\"wp-block-tt-accordion-item-header-button-text\">\u00bfCu\u00e1l es la edad m\u00ednima?<\/span><span class=\"wp-block-tt-accordion-item-header-button-icon-arrow\" aria-hidden=\"true\"><svg version=\"1.1\" xmlns=\"http:\/\/www.w3.org\/2000\/svg\" width=\"24px\" height=\"24px\" viewbox=\"0 0 24 24\" aria-hidden=\"true\" focusable=\"false\"><polyline points=\"4.711,8 12,15.289 19.289,8\" stroke=\"black\" stroke-width=\"2\" fill=\"none\" \/><\/svg><\/span><\/button><\/h3><div class=\"wp-block-tt-accordion-item-panel open\" id=\"wp-block-tt-accordion-item-panel-6f995c8f-75b6-4ba9-b85d-3b6406692672\" role=\"region\">\n\n<p class=\"has-nv-text-dark-bg-background-color has-background\">La edad m\u00ednima es de 16 a\u00f1os.<\/p>\n\n<\/div><\/li>\n\n<li class=\"wp-block-tt-accordion-item wp-block-tt-accordion-item-5\"><h3 class=\"wp-block-tt-accordion-item-header\"><button class=\"wp-block-tt-accordion-item-header-button\" id=\"wp-block-tt-accordion-item-header-button-7dccdef1-2d29-4532-86c6-728af6025eee\" type=\"button\"><span class=\"wp-block-tt-accordion-item-header-button-text\">\u00bfQu\u00e9 ocurre en caso de mal tiempo?<\/span><span class=\"wp-block-tt-accordion-item-header-button-icon-arrow\" aria-hidden=\"true\"><svg version=\"1.1\" xmlns=\"http:\/\/www.w3.org\/2000\/svg\" width=\"24px\" height=\"24px\" viewbox=\"0 0 24 24\" aria-hidden=\"true\" focusable=\"false\"><polyline points=\"4.711,8 12,15.289 19.289,8\" stroke=\"black\" stroke-width=\"2\" fill=\"none\" \/><\/svg><\/span><\/button><\/h3><div class=\"wp-block-tt-accordion-item-panel open\" id=\"wp-block-tt-accordion-item-panel-7dccdef1-2d29-4532-86c6-728af6025eee\" role=\"region\">\n\n<p>Si el tiempo es a corto plazo demasiado lluvioso o brumoso, el vuelo se retrasar\u00e1 unas horas para permitir operaciones seguras. Durante los periodos de mal tiempo a m\u00e1s largo plazo, el vuelo puede retrasarse unos d\u00edas o semanas, sin coste alguno. Si quiere asegurarse de volar en condiciones soleadas, tambi\u00e9n tiene la oportunidad de solicitar un cambio de horario gratuito hasta 7 d\u00edas antes del vuelo.<\/p>\n\n<\/div><\/li>\n\n<li class=\"wp-block-tt-accordion-item wp-block-tt-accordion-item-6 has-background has-nv-text-dark-bg-background-color\"><h3 class=\"wp-block-tt-accordion-item-header\"><button class=\"wp-block-tt-accordion-item-header-button\" id=\"wp-block-tt-accordion-item-header-button-61173a62-4a1b-474d-82d6-837d30c05a6f\" type=\"button\"><span class=\"wp-block-tt-accordion-item-header-button-text\">\u00bfPuedo comprar un vale regalo?<\/span><span class=\"wp-block-tt-accordion-item-header-button-icon-arrow\" aria-hidden=\"true\"><svg version=\"1.1\" xmlns=\"http:\/\/www.w3.org\/2000\/svg\" width=\"24px\" height=\"24px\" viewbox=\"0 0 24 24\" aria-hidden=\"true\" focusable=\"false\"><polyline points=\"4.711,8 12,15.289 19.289,8\" stroke=\"black\" stroke-width=\"2\" fill=\"none\" \/><\/svg><\/span><\/button><\/h3><div class=\"wp-block-tt-accordion-item-panel open\" id=\"wp-block-tt-accordion-item-panel-61173a62-4a1b-474d-82d6-837d30c05a6f\" role=\"region\">\n\n<p>Por supuesto. Regalar un vuelo en avi\u00f3n de combate es el regalo definitivo y muy popular entre nuestros clientes. S\u00f3lo tiene que reservar un vuelo regular y marcar la casilla \"Este vuelo es un regalo\" durante el proceso de reserva. Emitiremos un certificado de vuelo de regalo y nos aseguraremos de que no se env\u00ede ninguna comunicaci\u00f3n al destinatario antes de la fecha del vuelo.<\/p>\n\n<\/div><\/li>\n\n<li class=\"wp-block-tt-accordion-item wp-block-tt-accordion-item-7\"><h3 class=\"wp-block-tt-accordion-item-header\"><button class=\"wp-block-tt-accordion-item-header-button\" id=\"wp-block-tt-accordion-item-header-button-05ddc408-944d-4314-a144-042a3e2fb01a\" type=\"button\"><span class=\"wp-block-tt-accordion-item-header-button-text\">\u00bfCu\u00e1nto dura el vuelo?<\/span><span class=\"wp-block-tt-accordion-item-header-button-icon-arrow\" aria-hidden=\"true\"><svg version=\"1.1\" xmlns=\"http:\/\/www.w3.org\/2000\/svg\" width=\"24px\" height=\"24px\" viewbox=\"0 0 24 24\" aria-hidden=\"true\" focusable=\"false\"><polyline points=\"4.711,8 12,15.289 19.289,8\" stroke=\"black\" stroke-width=\"2\" fill=\"none\" \/><\/svg><\/span><\/button><\/h3><div class=\"wp-block-tt-accordion-item-panel open\" id=\"wp-block-tt-accordion-item-panel-05ddc408-944d-4314-a144-042a3e2fb01a\" role=\"region\">\n\n<p>La duraci\u00f3n de los vuelos var\u00eda, normalmente entre 30 minutos y una hora, seg\u00fan el paquete que elija.<\/p>\n\n<\/div><\/li>\n\n<li class=\"wp-block-tt-accordion-item wp-block-tt-accordion-item-8 has-background has-nv-text-dark-bg-background-color\"><h3 class=\"wp-block-tt-accordion-item-header\"><button class=\"wp-block-tt-accordion-item-header-button\" id=\"wp-block-tt-accordion-item-header-button-d7df2208-7e58-436e-915c-6f7139a96ae7\" type=\"button\"><span class=\"wp-block-tt-accordion-item-header-button-text\">\u00bfQu\u00e9 puedo esperar durante el vuelo?<\/span><span class=\"wp-block-tt-accordion-item-header-button-icon-arrow\" aria-hidden=\"true\"><svg version=\"1.1\" xmlns=\"http:\/\/www.w3.org\/2000\/svg\" width=\"24px\" height=\"24px\" viewbox=\"0 0 24 24\" aria-hidden=\"true\" focusable=\"false\"><polyline points=\"4.711,8 12,15.289 19.289,8\" stroke=\"black\" stroke-width=\"2\" fill=\"none\" \/><\/svg><\/span><\/button><\/h3><div class=\"wp-block-tt-accordion-item-panel open\" id=\"wp-block-tt-accordion-item-panel-d7df2208-7e58-436e-915c-6f7139a96ae7\" role=\"region\">\n\n<p>Experimentar\u00e1 una mezcla de vuelo a alta velocidad, maniobras acrob\u00e1ticas e impresionantes vistas. Antes del despegue, recibir\u00e1s una detallada charla de seguridad y una introducci\u00f3n a la aeronave.<\/p>\n\n\n\n<p>Durante el vuelo estar\u00e1s en contacto con el piloto a trav\u00e9s del sistema de intercomunicaci\u00f3n, y el piloto se asegurar\u00e1 de que est\u00e9s c\u00f3modo.<\/p>\n\n<\/div><\/li>\n\n<li class=\"wp-block-tt-accordion-item wp-block-tt-accordion-item-9\"><h3 class=\"wp-block-tt-accordion-item-header\"><button class=\"wp-block-tt-accordion-item-header-button\" id=\"wp-block-tt-accordion-item-header-button-838f223d-68f2-42e8-a100-c335a0919c9a\" type=\"button\"><span class=\"wp-block-tt-accordion-item-header-button-text\">\u00bfQu\u00e9 ropa debo llevar para un vuelo en avi\u00f3n de combate?<\/span><span class=\"wp-block-tt-accordion-item-header-button-icon-arrow\" aria-hidden=\"true\"><svg version=\"1.1\" xmlns=\"http:\/\/www.w3.org\/2000\/svg\" width=\"24px\" height=\"24px\" viewbox=\"0 0 24 24\" aria-hidden=\"true\" focusable=\"false\"><polyline points=\"4.711,8 12,15.289 19.289,8\" stroke=\"black\" stroke-width=\"2\" fill=\"none\" \/><\/svg><\/span><\/button><\/h3><div class=\"wp-block-tt-accordion-item-panel open\" id=\"wp-block-tt-accordion-item-panel-838f223d-68f2-42e8-a100-c335a0919c9a\" role=\"region\">\n\n<p>Lleve ropa c\u00f3moda y calzado cerrado. Te proporcionaremos el equipo adicional que necesites, como traje de vuelo y casco.<\/p>\n\n<\/div><\/li>\n\n<li class=\"wp-block-tt-accordion-item wp-block-tt-accordion-item-10 has-background has-nv-text-dark-bg-background-color\"><h3 class=\"wp-block-tt-accordion-item-header\"><button class=\"wp-block-tt-accordion-item-header-button\" id=\"wp-block-tt-accordion-item-header-button-5d595c27-8750-4b52-9677-026a5826e617\" type=\"button\"><span class=\"wp-block-tt-accordion-item-header-button-text\">\u00bfPuedo traer a un amigo o familiar?<\/span><span class=\"wp-block-tt-accordion-item-header-button-icon-arrow\" aria-hidden=\"true\"><svg version=\"1.1\" xmlns=\"http:\/\/www.w3.org\/2000\/svg\" width=\"24px\" height=\"24px\" viewbox=\"0 0 24 24\" aria-hidden=\"true\" focusable=\"false\"><polyline points=\"4.711,8 12,15.289 19.289,8\" stroke=\"black\" stroke-width=\"2\" fill=\"none\" \/><\/svg><\/span><\/button><\/h3><div class=\"wp-block-tt-accordion-item-panel open\" id=\"wp-block-tt-accordion-item-panel-5d595c27-8750-4b52-9677-026a5826e617\" role=\"region\">\n\n<p>S\u00ed. Los invitados son bienvenidos a ver los preparativos previos al vuelo y el despegue. En muchos lugares tambi\u00e9n hay una zona de observaci\u00f3n para los espectadores.<\/p>\n\n<\/div><\/li>\n\n<li class=\"wp-block-tt-accordion-item wp-block-tt-accordion-item-11\"><h3 class=\"wp-block-tt-accordion-item-header\"><button class=\"wp-block-tt-accordion-item-header-button\" id=\"wp-block-tt-accordion-item-header-button-fef40f00-11f0-4f1c-9a59-3ba45d9d985c\" type=\"button\"><span class=\"wp-block-tt-accordion-item-header-button-text\">\u00bfPuedo grabar el vuelo?<\/span><span class=\"wp-block-tt-accordion-item-header-button-icon-arrow\" aria-hidden=\"true\"><svg version=\"1.1\" xmlns=\"http:\/\/www.w3.org\/2000\/svg\" width=\"24px\" height=\"24px\" viewbox=\"0 0 24 24\" aria-hidden=\"true\" focusable=\"false\"><polyline points=\"4.711,8 12,15.289 19.289,8\" stroke=\"black\" stroke-width=\"2\" fill=\"none\" \/><\/svg><\/span><\/button><\/h3><div class=\"wp-block-tt-accordion-item-panel open\" id=\"wp-block-tt-accordion-item-panel-fef40f00-11f0-4f1c-9a59-3ba45d9d985c\" role=\"region\">\n\n<p>Por supuesto. La mayor\u00eda de los paquetes incluyen im\u00e1genes GoPro desde la cabina para que pueda revivir la experiencia. No dude en traer su propia c\u00e1mara para hacer fotos antes y despu\u00e9s del vuelo. No se permiten c\u00e1maras privadas durante el vuelo.<\/p>\n\n<\/div><\/li>\n\n<li class=\"wp-block-tt-accordion-item wp-block-tt-accordion-item-12 has-background has-nv-text-dark-bg-background-color\"><h3 class=\"wp-block-tt-accordion-item-header\"><button class=\"wp-block-tt-accordion-item-header-button\" id=\"wp-block-tt-accordion-item-header-button-5efabc30-2453-4b73-967e-3a977e161784\" type=\"button\"><span class=\"wp-block-tt-accordion-item-header-button-text\">\u00bfSon seguros los vuelos?<\/span><span class=\"wp-block-tt-accordion-item-header-button-icon-arrow\" aria-hidden=\"true\"><svg version=\"1.1\" xmlns=\"http:\/\/www.w3.org\/2000\/svg\" width=\"24px\" height=\"24px\" viewbox=\"0 0 24 24\" aria-hidden=\"true\" focusable=\"false\"><polyline points=\"4.711,8 12,15.289 19.289,8\" stroke=\"black\" stroke-width=\"2\" fill=\"none\" \/><\/svg><\/span><\/button><\/h3><div class=\"wp-block-tt-accordion-item-panel open\" id=\"wp-block-tt-accordion-item-panel-5efabc30-2453-4b73-967e-3a977e161784\" role=\"region\">\n\n<p>S\u00ed, todos los vuelos son realizados por pilotos altamente cualificados y certificados con a\u00f1os de experiencia. Las aeronaves se mantienen de acuerdo con las normas de seguridad m\u00e1s estrictas. Estamos orgullosos de 20 a\u00f1os de operaciones sin accidentes.<\/p>\n\n<\/div><\/li>\n\n<li class=\"wp-block-tt-accordion-item wp-block-tt-accordion-item-13\"><h3 class=\"wp-block-tt-accordion-item-header\"><button class=\"wp-block-tt-accordion-item-header-button\" id=\"wp-block-tt-accordion-item-header-button-037eb150-8a27-4156-b72d-237d7c90e73e\" type=\"button\"><span class=\"wp-block-tt-accordion-item-header-button-text\">\u00bfCu\u00e1l es su pol\u00edtica de cancelaci\u00f3n?<\/span><span class=\"wp-block-tt-accordion-item-header-button-icon-arrow\" aria-hidden=\"true\"><svg version=\"1.1\" xmlns=\"http:\/\/www.w3.org\/2000\/svg\" width=\"24px\" height=\"24px\" viewbox=\"0 0 24 24\" aria-hidden=\"true\" focusable=\"false\"><polyline points=\"4.711,8 12,15.289 19.289,8\" stroke=\"black\" stroke-width=\"2\" fill=\"none\" \/><\/svg><\/span><\/button><\/h3><div class=\"wp-block-tt-accordion-item-panel open\" id=\"wp-block-tt-accordion-item-panel-037eb150-8a27-4156-b72d-237d7c90e73e\" role=\"region\">\n\n<p>Durante la reserva, puede elegir una opci\u00f3n de cancelaci\u00f3n gratuita. Los vuelos reservados con esta opci\u00f3n son totalmente reembolsables sin condiciones.<\/p>\n\n<\/div><\/li>\n\n<li class=\"wp-block-tt-accordion-item wp-block-tt-accordion-item-14 has-background has-nv-text-dark-bg-background-color\"><h3 class=\"wp-block-tt-accordion-item-header\"><button class=\"wp-block-tt-accordion-item-header-button\" id=\"wp-block-tt-accordion-item-header-button-1cae6ba8-92a2-4bde-8431-b1b09a936e15\" type=\"button\"><span class=\"wp-block-tt-accordion-item-header-button-text\">\u00bfPuedo personalizar mi experiencia de vuelo?<\/span><span class=\"wp-block-tt-accordion-item-header-button-icon-arrow\" aria-hidden=\"true\"><svg version=\"1.1\" xmlns=\"http:\/\/www.w3.org\/2000\/svg\" width=\"24px\" height=\"24px\" viewbox=\"0 0 24 24\" aria-hidden=\"true\" focusable=\"false\"><polyline points=\"4.711,8 12,15.289 19.289,8\" stroke=\"black\" stroke-width=\"2\" fill=\"none\" \/><\/svg><\/span><\/button><\/h3><div class=\"wp-block-tt-accordion-item-panel open\" id=\"wp-block-tt-accordion-item-panel-1cae6ba8-92a2-4bde-8431-b1b09a936e15\" role=\"region\">\n\n<p>S\u00ed, puede comentar sus preferencias con el piloto antes del vuelo, tanto si desea una experiencia panor\u00e1mica suave como una sesi\u00f3n acrob\u00e1tica m\u00e1s intensa.<\/p>\n\n<\/div><\/li>\n\n<li class=\"wp-block-tt-accordion-item wp-block-tt-accordion-item-15\"><h3 class=\"wp-block-tt-accordion-item-header\"><button class=\"wp-block-tt-accordion-item-header-button\" id=\"wp-block-tt-accordion-item-header-button-b9005464-ec7d-4670-9a87-7c3175234c78\" type=\"button\"><span class=\"wp-block-tt-accordion-item-header-button-text\">\u00bfCon cu\u00e1nta antelaci\u00f3n debo reservar?<\/span><span class=\"wp-block-tt-accordion-item-header-button-icon-arrow\" aria-hidden=\"true\"><svg version=\"1.1\" xmlns=\"http:\/\/www.w3.org\/2000\/svg\" width=\"24px\" height=\"24px\" viewbox=\"0 0 24 24\" aria-hidden=\"true\" focusable=\"false\"><polyline points=\"4.711,8 12,15.289 19.289,8\" stroke=\"black\" stroke-width=\"2\" fill=\"none\" \/><\/svg><\/span><\/button><\/h3><div class=\"wp-block-tt-accordion-item-panel open\" id=\"wp-block-tt-accordion-item-panel-b9005464-ec7d-4670-9a87-7c3175234c78\" role=\"region\">\n\n<p>Honramos los precios de vuelos reservados por 2 A\u00f1os. Dado que los precios de los vuelos tienden a subir, recomendamos reservar tan pronto como se decida por un vuelo y un precio. Especialmente durante las temporadas altas, tambi\u00e9n aconsejamos reservar su fecha tan pronto como sea posible para asegurar su fecha preferida.<\/p>\n\n<\/div><\/li>\n\n<li class=\"wp-block-tt-accordion-item wp-block-tt-accordion-item-16 has-background has-nv-text-dark-bg-background-color\"><h3 class=\"wp-block-tt-accordion-item-header\"><button class=\"wp-block-tt-accordion-item-header-button\" id=\"wp-block-tt-accordion-item-header-button-21bd1bd5-4b73-46f4-86b3-7d0bfa8c5636\" type=\"button\"><span class=\"wp-block-tt-accordion-item-header-button-text\">\u00bfHay costes ocultos?<\/span><span class=\"wp-block-tt-accordion-item-header-button-icon-arrow\" aria-hidden=\"true\"><svg version=\"1.1\" xmlns=\"http:\/\/www.w3.org\/2000\/svg\" width=\"24px\" height=\"24px\" viewbox=\"0 0 24 24\" aria-hidden=\"true\" focusable=\"false\"><polyline points=\"4.711,8 12,15.289 19.289,8\" stroke=\"black\" stroke-width=\"2\" fill=\"none\" \/><\/svg><\/span><\/button><\/h3><div class=\"wp-block-tt-accordion-item-panel open\" id=\"wp-block-tt-accordion-item-panel-21bd1bd5-4b73-46f4-86b3-7d0bfa8c5636\" role=\"region\">\n\n<p>No, el precio que ve es todo incluido. Los extras opcionales, como el tiempo de vuelo adicional o los paquetes de v\u00eddeo, se indicar\u00e1n claramente.<\/p>\n\n<\/div><\/li>\n\n<li class=\"wp-block-tt-accordion-item wp-block-tt-accordion-item-17\"><h3 class=\"wp-block-tt-accordion-item-header\"><button class=\"wp-block-tt-accordion-item-header-button\" id=\"wp-block-tt-accordion-item-header-button-21f8750d-ad36-4c00-9c23-a860a19f4bcb\" type=\"button\"><span class=\"wp-block-tt-accordion-item-header-button-text\">Soy una organizaci\u00f3n B2B y me gustar\u00eda asociarme con ustedes<\/span><span class=\"wp-block-tt-accordion-item-header-button-icon-arrow\" aria-hidden=\"true\"><svg version=\"1.1\" xmlns=\"http:\/\/www.w3.org\/2000\/svg\" width=\"24px\" height=\"24px\" viewbox=\"0 0 24 24\" aria-hidden=\"true\" focusable=\"false\"><polyline points=\"4.711,8 12,15.289 19.289,8\" stroke=\"black\" stroke-width=\"2\" fill=\"none\" \/><\/svg><\/span><\/button><\/h3><div class=\"wp-block-tt-accordion-item-panel open\" id=\"wp-block-tt-accordion-item-panel-21f8750d-ad36-4c00-9c23-a860a19f4bcb\" role=\"region\">\n\n<p>Tenemos un interesante modelo de referencias. P\u00f3ngase en contacto con nosotros.<\/p>\n\n<\/div><\/li>\n<\/ul><\/div><\/div>\n<\/div>\n<\/div>\n<\/div><\/div>","protected":false},"excerpt":{"rendered":"","protected":false},"author":1,"featured_media":0,"parent":0,"menu_order":0,"comment_status":"closed","ping_status":"closed","template":"","meta":{"neve_meta_sidebar":"","neve_meta_container":"","neve_meta_enable_content_width":"","neve_meta_content_width":0,"neve_meta_title_alignment":"","neve_meta_author_avatar":"","neve_post_elements_order":"","neve_meta_disable_header":"off","neve_meta_disable_footer":"","neve_meta_disable_title":"on","footnotes":""},"class_list":["post-342","page","type-page","status-publish","hentry"],"_links":{"self":[{"href":"https:\/\/fighter-jet-rides.com\/es\/wp-json\/wp\/v2\/pages\/342","targetHints":{"allow":["GET"]}}],"collection":[{"href":"https:\/\/fighter-jet-rides.com\/es\/wp-json\/wp\/v2\/pages"}],"about":[{"href":"https:\/\/fighter-jet-rides.com\/es\/wp-json\/wp\/v2\/types\/page"}],"author":[{"embeddable":true,"href":"https:\/\/fighter-jet-rides.com\/es\/wp-json\/wp\/v2\/users\/1"}],"replies":[{"embeddable":true,"href":"https:\/\/fighter-jet-rides.com\/es\/wp-json\/wp\/v2\/comments?post=342"}],"version-history":[{"count":33,"href":"https:\/\/fighter-jet-rides.com\/es\/wp-json\/wp\/v2\/pages\/342\/revisions"}],"predecessor-version":[{"id":1075,"href":"https:\/\/fighter-jet-rides.com\/es\/wp-json\/wp\/v2\/pages\/342\/revisions\/1075"}],"wp:attachment":[{"href":"https:\/\/fighter-jet-rides.com\/es\/wp-json\/wp\/v2\/media?parent=342"}],"curies":[{"name":"wp","href":"https:\/\/api.w.org\/{rel}","templated":true}]}}