{"id":829,"date":"2025-01-02T17:06:49","date_gmt":"2025-01-02T17:06:49","guid":{"rendered":"https:\/\/fighter-jet-rides.com\/?page_id=829"},"modified":"2025-01-04T09:17:43","modified_gmt":"2025-01-04T09:17:43","slug":"l-39_albatros-in-the-czech-republic-brno","status":"publish","type":"page","link":"https:\/\/fighter-jet-rides.com\/fr\/l-39_albatros-en-republique-tcheque-brno\/","title":{"rendered":"\ud83c\udde8\ud83c\uddff CZ : Vol en avion \u00e0 r\u00e9action L-39 Albatros \u00e0 Brno"},"content":{"rendered":"<section class=\"wp-block-cover alignfull has-custom-content-position is-position-bottom-center custom-divider\" style=\"min-height:625px;aspect-ratio:unset;\"><span aria-hidden=\"true\" class=\"wp-block-cover__background has-neve-text-color-background-color has-background-dim-60 has-background-dim\"><\/span><img loading=\"lazy\" decoding=\"async\" width=\"2560\" height=\"1707\" class=\"wp-block-cover__image-background wp-image-834\" alt=\"\" src=\"https:\/\/fighter-jet-rides.com\/wp-content\/uploads\/2025\/01\/033_DR203126-scaled.jpg\" style=\"object-position:57% 57%\" data-object-fit=\"cover\" data-object-position=\"57% 57%\" srcset=\"https:\/\/fighter-jet-rides.com\/wp-content\/uploads\/2025\/01\/033_DR203126-scaled.jpg 2560w, https:\/\/fighter-jet-rides.com\/wp-content\/uploads\/2025\/01\/033_DR203126-300x200.jpg 300w, https:\/\/fighter-jet-rides.com\/wp-content\/uploads\/2025\/01\/033_DR203126-1024x683.jpg 1024w, https:\/\/fighter-jet-rides.com\/wp-content\/uploads\/2025\/01\/033_DR203126-768x512.jpg 768w, https:\/\/fighter-jet-rides.com\/wp-content\/uploads\/2025\/01\/033_DR203126-1536x1024.jpg 1536w, https:\/\/fighter-jet-rides.com\/wp-content\/uploads\/2025\/01\/033_DR203126-2048x1366.jpg 2048w, https:\/\/fighter-jet-rides.com\/wp-content\/uploads\/2025\/01\/033_DR203126-18x12.jpg 18w, https:\/\/fighter-jet-rides.com\/wp-content\/uploads\/2025\/01\/033_DR203126-930x620.jpg 930w\" sizes=\"auto, (max-width: 2560px) 100vw, 2560px\" \/><div class=\"wp-block-cover__inner-container is-layout-constrained wp-block-cover-is-layout-constrained\">\n<div class=\"wp-block-columns are-vertically-aligned-center is-layout-flex wp-container-core-columns-is-layout-9d6595d7 wp-block-columns-is-layout-flex\">\n<div class=\"wp-block-column is-vertically-aligned-center is-layout-flow wp-block-column-is-layout-flow\">\n<h1 class=\"wp-block-heading has-text-align-center scribble-underline-clip\" style=\"font-style:normal;font-weight:500\">Bohemian Rhapsody : <mark style=\"background-color:rgba(0, 0, 0, 0)\" class=\"has-inline-color has-neve-link-hover-color-color\">L-39 Albatros<\/mark> Vol en avion \u00e0 r\u00e9action en R\u00e9publique tch\u00e8que<\/h1>\n\n\n\n<div style=\"height:40px\" aria-hidden=\"true\" class=\"wp-block-spacer\"><\/div>\n\n\n\n<div class=\"wp-block-buttons has-custom-font-size has-small-font-size is-content-justification-center is-layout-flex wp-container-core-buttons-is-layout-16018d1d wp-block-buttons-is-layout-flex\">\n<div class=\"wp-block-button has-custom-font-size is-style-default\" style=\"font-size:16px\"><a class=\"wp-block-button__link has-nv-site-bg-color has-nv-dark-bg-background-color has-text-color has-background has-link-color wp-element-button\" href=\"#start\">En savoir plus<\/a><\/div>\n\n\n\n<div class=\"wp-block-button has-custom-font-size is-style-secondary\" style=\"font-size:16px\"><a class=\"wp-block-button__link has-nv-dark-bg-color has-neve-link-hover-color-background-color has-text-color has-background has-link-color wp-element-button\" href=\"#calendar\">R\u00e9server<\/a><\/div>\n<\/div>\n<\/div>\n<\/div>\n<\/div><\/section>\n\n\n\n<div class=\"wp-block-cover alignfull\" style=\"padding-top:0;padding-right:var(--wp--preset--spacing--40);padding-bottom:0;padding-left:var(--wp--preset--spacing--40);min-height:716px;aspect-ratio:unset;\" id=\"start\"><span aria-hidden=\"true\" class=\"wp-block-cover__background has-nv-site-bg-background-color has-background-dim-100 has-background-dim\"><\/span><div class=\"wp-block-cover__inner-container is-layout-flow wp-block-cover-is-layout-flow\">\n<div class=\"wp-block-columns are-vertically-aligned-center has-neve-text-color-color has-text-color has-link-color wp-elements-128547101ca458cc9754ff0ea2598d6b is-layout-flex wp-container-core-columns-is-layout-9d6595d7 wp-block-columns-is-layout-flex\">\n<div class=\"wp-block-column is-vertically-aligned-center is-layout-flow wp-block-column-is-layout-flow\" style=\"padding-top:0;padding-right:0;padding-bottom:0;padding-left:0;flex-basis:50%\">\n<figure class=\"wp-block-image size-full\"><img loading=\"lazy\" decoding=\"async\" width=\"2560\" height=\"1707\" src=\"https:\/\/fighter-jet-rides.com\/wp-content\/uploads\/2025\/01\/048_DR203379-scaled.jpg\" alt=\"\" class=\"wp-image-833\" srcset=\"https:\/\/fighter-jet-rides.com\/wp-content\/uploads\/2025\/01\/048_DR203379-scaled.jpg 2560w, https:\/\/fighter-jet-rides.com\/wp-content\/uploads\/2025\/01\/048_DR203379-300x200.jpg 300w, https:\/\/fighter-jet-rides.com\/wp-content\/uploads\/2025\/01\/048_DR203379-1024x683.jpg 1024w, https:\/\/fighter-jet-rides.com\/wp-content\/uploads\/2025\/01\/048_DR203379-768x512.jpg 768w, https:\/\/fighter-jet-rides.com\/wp-content\/uploads\/2025\/01\/048_DR203379-1536x1024.jpg 1536w, https:\/\/fighter-jet-rides.com\/wp-content\/uploads\/2025\/01\/048_DR203379-2048x1366.jpg 2048w, https:\/\/fighter-jet-rides.com\/wp-content\/uploads\/2025\/01\/048_DR203379-18x12.jpg 18w, https:\/\/fighter-jet-rides.com\/wp-content\/uploads\/2025\/01\/048_DR203379-930x620.jpg 930w\" sizes=\"auto, (max-width: 2560px) 100vw, 2560px\" \/><\/figure>\n<\/div>\n\n\n\n<div class=\"wp-block-column is-vertically-aligned-center ticss-c703b306 is-layout-flow wp-block-column-is-layout-flow\" style=\"padding-top:0;padding-right:0;padding-bottom:0;padding-left:0;flex-basis:50%\">\n<div class=\"wp-block-group\" style=\"border-radius:16px\"><div class=\"wp-block-group__inner-container is-layout-constrained wp-block-group-is-layout-constrained\">\n<div style=\"height:0px\" aria-hidden=\"true\" class=\"wp-block-spacer\"><\/div>\n\n\n\n<p class=\"big-number has-nv-light-bg-color has-text-color has-link-color wp-elements-6fdb8f87016abe7b6bdd33e54773a620\" style=\"font-size:220px\"><strong>01<\/strong><\/p>\n\n\n\n<h2 class=\"wp-block-heading has-text-align-left\">\u00c0 propos de cette exp\u00e9rience<\/h2>\n\n\n\n<ul class=\"wp-block-list\">\n<li><strong>Pilotez le l\u00e9gendaire L-39 Albatros<\/strong>: Envolez-vous dans le ciel \u00e0 bord de l'embl\u00e9matique L-39 Albatros, un jet r\u00e9put\u00e9 pour son agilit\u00e9 et sa polyvalence, largement utilis\u00e9 pour l'entra\u00eenement militaire et les missions d'attaque au sol.<\/li>\n\n\n\n<li><strong>Exp\u00e9rimentez de vraies man\u0153uvres de voltige<\/strong>: Prenez des boucles, des rouleaux et des virages d'Immelmann passionnants, guid\u00e9s par un pilote chevronn\u00e9. Ressentez les forces G extr\u00eames et repoussez vos limites dans un jet con\u00e7u pour l'aventure.<\/li>\n\n\n\n<li><strong>Prendre le contr\u00f4le de l'avion<\/strong>: Apr\u00e8s une formation au sol et des d\u00e9monstrations en vol, vous aurez l'occasion de piloter vous-m\u00eame le L-39, en effectuant des man\u0153uvres acrobatiques \u00e0 des vitesses \u00e9poustouflantes.<\/li>\n\n\n\n<li><strong>L'ultime passe-bas<\/strong>: Soyez t\u00e9moin de la ma\u00eetrise de votre pilote lorsqu'il effectue un passage \u00e0 basse altitude \u00e0 la vitesse de l'\u00e9clair. <strong>750 km\/h<\/strong>Il s'agit d'une man\u0153uvre que peu de gens peuvent ex\u00e9cuter avec une telle pr\u00e9cision.<\/li>\n\n\n\n<li><strong>D\u00e9couvrir Brno et la culture tch\u00e8que<\/strong>: Combinez votre vol en avion avec une visite \u00e0 Brno, une charmante ville europ\u00e9enne riche en histoire et en culture. Profitez de la beaut\u00e9 de la r\u00e9gion et de son prix abordable, ce qui en fait une escapade inoubliable.<\/li>\n<\/ul>\n<\/div><\/div>\n<\/div>\n<\/div>\n<\/div><\/div>\n\n\n\n<div class=\"wp-block-cover alignfull wp-elements-bf37caad1385e7ec76223373636de3dc\" style=\"padding-top:var(--wp--preset--spacing--40);padding-right:var(--wp--preset--spacing--40);padding-bottom:var(--wp--preset--spacing--40);padding-left:var(--wp--preset--spacing--40)\"><span aria-hidden=\"true\" class=\"wp-block-cover__background has-neve-text-color-background-color has-background-dim-100 has-background-dim\"><\/span><div class=\"wp-block-cover__inner-container is-layout-flow wp-block-cover-is-layout-flow\">\n<div style=\"height:133px\" aria-hidden=\"true\" class=\"wp-block-spacer\"><\/div>\n\n\n\n<div class=\"wp-block-columns is-layout-flex wp-container-core-columns-is-layout-9d6595d7 wp-block-columns-is-layout-flex\">\n<div class=\"wp-block-column is-layout-flow wp-block-column-is-layout-flow\" style=\"flex-basis:100%\">\n<div class=\"wp-block-group is-vertical is-content-justification-center is-layout-flex wp-container-core-group-is-layout-4b2eccd6 wp-block-group-is-layout-flex\">\n<p class=\"big-number has-nv-dark-bg-color has-text-color has-link-color wp-elements-1c83d26868e8ee1c98b57bbf942b57ba\" style=\"font-size:220px\"><strong>02<\/strong><\/p>\n\n\n\n<h2 class=\"wp-block-heading has-text-align-center has-nv-light-bg-color has-text-color has-link-color wp-elements-b3279224177aa33df00510c787e0219c\">Votre exp\u00e9rience comprend<\/h2>\n\n\n\n<p class=\"has-text-align-center has-nv-site-bg-color has-text-color has-link-color wp-elements-fba89b250296a7b78678a3d58e46f9e7\">Voici quelques points forts de cette exp\u00e9rience :<\/p>\n\n\n\n<div style=\"height:0px\" aria-hidden=\"true\" class=\"wp-block-spacer wp-container-content-f9bd05ee\"><\/div>\n<\/div>\n<\/div>\n<\/div>\n\n\n\n<div class=\"wp-block-columns are-vertically-aligned-top is-layout-flex wp-container-core-columns-is-layout-9d6595d7 wp-block-columns-is-layout-flex\">\n<div class=\"wp-block-column is-vertically-aligned-top is-layout-flow wp-block-column-is-layout-flow\">\n<div class=\"wp-block-group has-nv-site-bg-background-color has-background\" style=\"border-radius:0px;border-bottom-color:var(--wp--preset--color--nv-text-dark-bg);border-bottom-width:8px;padding-top:var(--wp--preset--spacing--40);padding-right:var(--wp--preset--spacing--40);padding-bottom:var(--wp--preset--spacing--40);padding-left:var(--wp--preset--spacing--40)\"><div class=\"wp-block-group__inner-container is-layout-constrained wp-container-core-group-is-layout-65a08581 wp-block-group-is-layout-constrained\"><div class=\"wp-block-image\">\n<figure class=\"aligncenter size-full is-resized\"><img loading=\"lazy\" decoding=\"async\" width=\"512\" height=\"512\" src=\"https:\/\/dev.fktc.ch\/fjr\/wp-content\/uploads\/2024\/12\/air-force.png\" alt=\"\" class=\"wp-image-45\" style=\"width:auto;height:100px\" srcset=\"https:\/\/fighter-jet-rides.com\/wp-content\/uploads\/2024\/12\/air-force.png 512w, https:\/\/fighter-jet-rides.com\/wp-content\/uploads\/2024\/12\/air-force-300x300.png 300w, https:\/\/fighter-jet-rides.com\/wp-content\/uploads\/2024\/12\/air-force-150x150.png 150w\" sizes=\"auto, (max-width: 512px) 100vw, 512px\" \/><\/figure>\n<\/div>\n\n\n<h3 class=\"wp-block-heading has-text-align-center\">Un vol exaltant en avion de chasse<\/h3>\n\n\n\n<p class=\"has-text-align-center has-neve-text-color-color has-text-color has-link-color wp-elements-d73e67c7c3b195e496b3ed989d92ba7c\">Sentez l'excitation vous envahir lorsque vous vous envolez dans le ciel \u00e0 bord du l\u00e9gendaire L-39 Albatros, en effectuant d'audacieuses man\u0153uvres acrobatiques.<\/p>\n<\/div><\/div>\n<\/div>\n\n\n\n<div class=\"wp-block-column is-vertically-aligned-top is-layout-flow wp-block-column-is-layout-flow\">\n<div class=\"wp-block-group has-nv-site-bg-background-color has-background\" style=\"border-radius:0px;border-bottom-color:var(--wp--preset--color--nv-dark-bg);border-bottom-width:8px;padding-top:var(--wp--preset--spacing--40);padding-right:var(--wp--preset--spacing--40);padding-bottom:var(--wp--preset--spacing--40);padding-left:var(--wp--preset--spacing--40)\"><div class=\"wp-block-group__inner-container is-layout-constrained wp-container-core-group-is-layout-65a08581 wp-block-group-is-layout-constrained\"><div class=\"wp-block-image\">\n<figure class=\"aligncenter size-full is-resized\"><img loading=\"lazy\" decoding=\"async\" width=\"512\" height=\"512\" src=\"https:\/\/dev.fktc.ch\/fjr\/wp-content\/uploads\/2024\/12\/air-force-1.png\" alt=\"\" class=\"wp-image-46\" style=\"width:auto;height:100px\" srcset=\"https:\/\/fighter-jet-rides.com\/wp-content\/uploads\/2024\/12\/air-force-1.png 512w, https:\/\/fighter-jet-rides.com\/wp-content\/uploads\/2024\/12\/air-force-1-300x300.png 300w, https:\/\/fighter-jet-rides.com\/wp-content\/uploads\/2024\/12\/air-force-1-150x150.png 150w\" sizes=\"auto, (max-width: 512px) 100vw, 512px\" \/><\/figure>\n<\/div>\n\n\n<h3 class=\"wp-block-heading has-text-align-center\">Prendre le contr\u00f4le<\/h3>\n\n\n\n<p class=\"has-text-align-center has-neve-text-color-color has-text-color has-link-color wp-elements-fa167349ad9f83c987938e09e25f03e2\">Vivez l'exp\u00e9rience de piloter vous-m\u00eame l'avion \u00e0 r\u00e9action, guid\u00e9 par un ancien pilote de l'arm\u00e9e de l'air tr\u00e8s exp\u00e9riment\u00e9.<\/p>\n<\/div><\/div>\n<\/div>\n\n\n\n<div class=\"wp-block-column is-vertically-aligned-top is-layout-flow wp-block-column-is-layout-flow\">\n<div class=\"wp-block-group has-nv-site-bg-background-color has-background\" style=\"border-radius:0px;border-bottom-color:var(--wp--preset--color--neve-link-hover-color);border-bottom-width:8px;padding-top:var(--wp--preset--spacing--40);padding-right:var(--wp--preset--spacing--40);padding-bottom:var(--wp--preset--spacing--40);padding-left:var(--wp--preset--spacing--40)\"><div class=\"wp-block-group__inner-container is-layout-constrained wp-container-core-group-is-layout-65a08581 wp-block-group-is-layout-constrained\"><div class=\"wp-block-image\">\n<figure class=\"aligncenter size-full is-resized\"><img loading=\"lazy\" decoding=\"async\" width=\"512\" height=\"512\" src=\"https:\/\/fighter-jet-rides.com\/wp-content\/uploads\/2025\/01\/castle.png\" alt=\"\" class=\"wp-image-871\" style=\"width:auto;height:100px\" srcset=\"https:\/\/fighter-jet-rides.com\/wp-content\/uploads\/2025\/01\/castle.png 512w, https:\/\/fighter-jet-rides.com\/wp-content\/uploads\/2025\/01\/castle-300x300.png 300w, https:\/\/fighter-jet-rides.com\/wp-content\/uploads\/2025\/01\/castle-150x150.png 150w, https:\/\/fighter-jet-rides.com\/wp-content\/uploads\/2025\/01\/castle-12x12.png 12w\" sizes=\"auto, (max-width: 512px) 100vw, 512px\" \/><\/figure>\n<\/div>\n\n\n<h3 class=\"wp-block-heading has-text-align-center\">Cadre historique de la base a\u00e9rienne<\/h3>\n\n\n\n<p class=\"has-text-align-center has-neve-text-color-color has-text-color has-link-color wp-elements-cbbaa6108fa98d62d5a63c3b836c316c\">Prenez l'avion depuis la base a\u00e9rienne historique de Brno et explorez les tr\u00e9sors culturels de la R\u00e9publique tch\u00e8que au cours de votre visite.<\/p>\n<\/div><\/div>\n<\/div>\n<\/div>\n<\/div><\/div>\n\n\n\n<section class=\"wp-block-cover alignfull\" style=\"min-height:100vh;aspect-ratio:unset;\"><span aria-hidden=\"true\" class=\"wp-block-cover__background has-nv-dark-bg-background-color has-background-dim-60 has-background-dim\"><\/span><video class=\"wp-block-cover__video-background intrinsic-ignore\" autoplay muted loop playsinline src=\"https:\/\/fighter-jet-rides.com\/emlproxy\/ca-canyon.mp4\" data-object-fit=\"cover\"><\/video><div class=\"wp-block-cover__inner-container is-layout-constrained wp-block-cover-is-layout-constrained\">\n<h2 class=\"wp-block-heading has-text-align-center has-text-color has-link-color wp-elements-dc9d55ec59d6523ab78d890a888e45e2\" style=\"color:#ffffff\">Aper\u00e7u des vols<\/h2>\n\n\n\n<div style=\"height:32px\" aria-hidden=\"true\" class=\"wp-block-spacer\"><\/div>\n\n\n\n<p class=\"has-text-align-center has-text-color has-link-color wp-elements-677e7db0218a3b6bec3340f1857bf42b\" style=\"color:#ffffff\">La pr\u00e9sence d'ailiers n'est pas garantie<\/p>\n<\/div><\/section>\n\n\n\n<div class=\"wp-block-cover alignfull\" style=\"padding-top:var(--wp--preset--spacing--80);padding-right:var(--wp--preset--spacing--50);padding-bottom:var(--wp--preset--spacing--80);padding-left:var(--wp--preset--spacing--50)\"><span aria-hidden=\"true\" class=\"wp-block-cover__background has-nv-light-bg-background-color has-background-dim-100 has-background-dim\"><\/span><div class=\"wp-block-cover__inner-container is-layout-flow wp-block-cover-is-layout-flow\">\n<div class=\"wp-block-columns has-neve-text-color-color has-text-color has-link-color wp-elements-5bb1cd02a48a0644bf02fdbbbaf95c8c is-layout-flex wp-container-core-columns-is-layout-9d6595d7 wp-block-columns-is-layout-flex\">\n<div class=\"wp-block-column is-vertically-aligned-top is-layout-flow wp-block-column-is-layout-flow\">\n<p class=\"big-number has-nv-site-bg-color has-text-color has-link-color wp-elements-37aaf5bfc1f5577de73b508095c061d7\" style=\"font-size:220px\"><strong>04<\/strong><\/p>\n\n\n\n<h2 class=\"wp-block-heading\">Votre journ\u00e9e<\/h2>\n\n\n\n<p>La journ\u00e9e commence \u00e0 la base a\u00e9rienne historique de Brno, o\u00f9 vous rencontrerez votre pilote exp\u00e9riment\u00e9 et d\u00e9couvrirez de pr\u00e8s le l\u00e9gendaire L-39 Albatros. <\/p>\n\n\n\n<p>Apr\u00e8s un briefing complet avant le vol, vous vous installerez dans le cockpit pour un vol exaltant au-dessus de la magnifique campagne tch\u00e8que. Vous ferez l'exp\u00e9rience de man\u0153uvres acrobatiques palpitantes, notamment des loopings, des tonneaux et des passages bas \u00e0 grande vitesse, et vous aurez l'occasion de prendre vous-m\u00eame les commandes de l'avion. <\/p>\n\n\n\n<p>Une fois de retour au sol, profitez de rafra\u00eechissements, prenez des photos m\u00e9morables avec l'avion et \u00e9coutez les r\u00e9cits incroyables de votre pilote sur ses aventures a\u00e9riennes. Cette journ\u00e9e est con\u00e7ue pour vous faire vibrer et vous inspirer !<\/p>\n\n\n\n<figure class=\"wp-block-image size-large\"><img loading=\"lazy\" decoding=\"async\" width=\"768\" height=\"1024\" src=\"https:\/\/fighter-jet-rides.com\/wp-content\/uploads\/2025\/01\/IMG-20240618-WA0023-768x1024.jpg\" alt=\"\" class=\"wp-image-835\" srcset=\"https:\/\/fighter-jet-rides.com\/wp-content\/uploads\/2025\/01\/IMG-20240618-WA0023-768x1024.jpg 768w, https:\/\/fighter-jet-rides.com\/wp-content\/uploads\/2025\/01\/IMG-20240618-WA0023-225x300.jpg 225w, https:\/\/fighter-jet-rides.com\/wp-content\/uploads\/2025\/01\/IMG-20240618-WA0023-1152x1536.jpg 1152w, https:\/\/fighter-jet-rides.com\/wp-content\/uploads\/2025\/01\/IMG-20240618-WA0023-9x12.jpg 9w, https:\/\/fighter-jet-rides.com\/wp-content\/uploads\/2025\/01\/IMG-20240618-WA0023.jpg 1200w\" sizes=\"auto, (max-width: 768px) 100vw, 768px\" \/><\/figure>\n<\/div>\n\n\n\n<div class=\"wp-block-column is-layout-flow wp-block-column-is-layout-flow\">\n<div class=\"wp-block-group has-nv-site-bg-background-color has-background\" style=\"border-left-color:var(--wp--preset--color--neve-text-color);border-left-width:8px;padding-top:var(--wp--preset--spacing--60);padding-right:var(--wp--preset--spacing--50);padding-bottom:var(--wp--preset--spacing--30);padding-left:var(--wp--preset--spacing--50)\"><div class=\"wp-block-group__inner-container is-layout-constrained wp-container-core-group-is-layout-68dbf2b9 wp-block-group-is-layout-constrained\">\n<h3 class=\"wp-block-heading\">01 - Arriv\u00e9e<\/h3>\n\n\n\n<p>Arriv\u00e9e \u00e0 la base a\u00e9rienne historique de Brno, o\u00f9 votre pilote vous accueillera et vous pr\u00e9sentera le l\u00e9gendaire L-39 Albatros.<\/p>\n<\/div><\/div>\n\n\n\n<div class=\"wp-block-group has-nv-site-bg-background-color has-background\" style=\"border-left-color:var(--wp--preset--color--nv-text-dark-bg);border-left-width:8px;padding-top:var(--wp--preset--spacing--60);padding-right:var(--wp--preset--spacing--50);padding-bottom:var(--wp--preset--spacing--30);padding-left:var(--wp--preset--spacing--50)\"><div class=\"wp-block-group__inner-container is-layout-constrained wp-container-core-group-is-layout-68dbf2b9 wp-block-group-is-layout-constrained\">\n<h3 class=\"wp-block-heading\">02 - Briefing<\/h3>\n\n\n\n<p>Pendant que le jet est pr\u00e9par\u00e9 pour le d\u00e9collage, votre pilote vous guidera \u00e0 travers les protocoles de s\u00e9curit\u00e9 et le programme de vol, et r\u00e9pondra \u00e0 toutes vos questions.<\/p>\n<\/div><\/div>\n\n\n\n<div class=\"wp-block-group has-nv-site-bg-background-color has-background\" style=\"border-left-color:var(--wp--preset--color--neve-link-hover-color);border-left-width:8px;padding-top:var(--wp--preset--spacing--60);padding-right:var(--wp--preset--spacing--50);padding-bottom:var(--wp--preset--spacing--30);padding-left:var(--wp--preset--spacing--50)\"><div class=\"wp-block-group__inner-container is-layout-constrained wp-container-core-group-is-layout-68dbf2b9 wp-block-group-is-layout-constrained\">\n<h3 class=\"wp-block-heading\">03 - Vol<\/h3>\n\n\n\n<p>D\u00e9collez pour un vol palpitant au-dessus de la campagne tch\u00e8que. Exp\u00e9rimentez des man\u0153uvres de voltige telles que des tonneaux, des loopings et des passages bas \u00e0 grande vitesse, et prenez m\u00eame les commandes sous la direction de votre pilote.<\/p>\n<\/div><\/div>\n\n\n\n<div class=\"wp-block-group has-nv-site-bg-background-color has-background\" style=\"border-left-color:var(--wp--preset--color--nv-dark-bg);border-left-width:8px;padding-top:var(--wp--preset--spacing--60);padding-right:var(--wp--preset--spacing--50);padding-bottom:var(--wp--preset--spacing--30);padding-left:var(--wp--preset--spacing--50)\"><div class=\"wp-block-group__inner-container is-layout-constrained wp-container-core-group-is-layout-68dbf2b9 wp-block-group-is-layout-constrained\">\n<h3 class=\"wp-block-heading\">04 - D\u00e9briefing<\/h3>\n\n\n\n<p>Apr\u00e8s l'atterrissage, profitez de rafra\u00eechissements, immortalisez des moments inoubliables avec le jet et discutez avec votre pilote de ses remarquables histoires de vol.<\/p>\n<\/div><\/div>\n<\/div>\n<\/div>\n<\/div><\/div>\n\n\n\n<div class=\"wp-block-cover alignfull\" style=\"padding-top:var(--wp--preset--spacing--80);padding-right:var(--wp--preset--spacing--50);padding-bottom:var(--wp--preset--spacing--80);padding-left:var(--wp--preset--spacing--50)\"><span aria-hidden=\"true\" class=\"wp-block-cover__background has-neve-text-color-background-color has-background-dim-100 has-background-dim\"><\/span><div class=\"wp-block-cover__inner-container is-layout-flow wp-block-cover-is-layout-flow\">\n<div class=\"wp-block-columns has-neve-text-color-color has-text-color has-link-color wp-elements-3674c08fa6e230c09923a92dfdc86d03 is-layout-flex wp-container-core-columns-is-layout-9d6595d7 wp-block-columns-is-layout-flex\">\n<div class=\"wp-block-column is-vertically-aligned-top is-layout-flow wp-block-column-is-layout-flow\">\n<p class=\"has-text-align-center big-number has-nv-dark-bg-color has-text-color has-link-color wp-elements-7e612bda57bda529f54e8da88b244299\" style=\"font-size:220px\"><strong>05<\/strong><\/p>\n\n\n\n<h2 class=\"wp-block-heading has-text-align-center has-nv-light-bg-color has-text-color has-link-color wp-elements-0a4d946587775a2209fc0b9a4906f27e\">Se rendre sur place<\/h2>\n\n\n\n<p class=\"has-text-align-center has-nv-light-bg-color has-text-color has-link-color wp-elements-29ed21dca7dda9e32e91673daa97e782\">Il est facile de se rendre \u00e0 Brno, situ\u00e9e \u00e0 seulement deux heures de Prague en voiture ou en train. La situation centrale de la ville rend la base a\u00e9rienne facilement accessible, que vous choisissiez de conduire ou de profiter des excellentes connexions avec les transports publics. Commencez votre aventure avec facilit\u00e9 et commodit\u00e9 dans cette magnifique destination tch\u00e8que.<\/p>\n\n\n\n<div class=\"leaflet-map WPLeafletMap\" style=\"height:800px; width:100%;\"><\/div><script>\nwindow.WPLeafletMapPlugin = window.WPLeafletMapPlugin || [];\nwindow.WPLeafletMapPlugin.push(function WPLeafletMapShortcode() {\/*<script>*\/\nvar baseUrl = atob('aHR0cHM6Ly90aWxlcy1ldS5zdGFkaWFtYXBzLmNvbS90aWxlcy9zdGFtZW5fdG9uZXIve3p9L3t4fS97eX17cn0ucG5n');\nvar base = (!baseUrl && window.MQ) ?\n    window.MQ.mapLayer() : L.tileLayer(baseUrl,\n        L.Util.extend({}, {\n            detectRetina: 0,\n        },\n        {\"subdomains\":\"abc\",\"noWrap\":false,\"maxZoom\":19}        )\n    );\n    var options = L.Util.extend({}, {\n        layers: [base],\n        attributionControl: false\n    },\n    {\"zoomControl\":true,\"scrollWheelZoom\":true,\"doubleClickZoom\":true,\"fitBounds\":false,\"minZoom\":0,\"maxZoom\":19,\"maxBounds\":null,\"attribution\":\"<a href=\\\"http:\\\/\\\/leafletjs.com\\\" title=\\\"Une biblioth\\u00e8que JS pour des cartes interactives\\\">Leaflet<\\\/a>; \\u00a9 <a href=\\\"http:\\\/\\\/www.openstreetmap.org\\\/copyright\\\">OpenStreetMap<\\\/a> contributeurs\\\/contributrices\"},\n    {});\nwindow.WPLeafletMapPlugin.createMap(options).setView([46.0667,11.1256],6);});<\/script>\n\n\n\n<script>\nwindow.WPLeafletMapPlugin = window.WPLeafletMapPlugin || [];\nwindow.WPLeafletMapPlugin.push(function WPLeafletMarkerShortcode() {\/*<script>*\/\nvar map = window.WPLeafletMapPlugin.getCurrentMap();\nvar group = window.WPLeafletMapPlugin.getCurrentGroup();\nvar marker_options = window.WPLeafletMapPlugin.getIconOptions({\"iconUrl\":\"https:\\\/\\\/dev.fktc.ch\\\/fjr\\\/assets\\\/marker-yellow.svg\",\"iconSize\":\"80,50\"});\nvar marker = L.marker(\n    [49.1950602,16.6068371],\n    marker_options\n);\nvar is_image = map.is_image_map;\nif (marker_options.draggable) {\n    marker.on('dragend', function () {\n        var latlng = this.getLatLng();\n        var lat = latlng.lat;\n        var lng = latlng.lng;\n        if (is_image) {\n            console.log('leaflet-marker y=' + lat + ' x=' + lng);\n        } else {\n            console.log('leaflet-marker lat=' + lat + ' lng=' + lng);\n        }\n    });\n}\nmarker.addTo( group );\nmarker.bindPopup(window.WPLeafletMapPlugin.unescape('\ud83d\ude80\ud83d\udc68\u200d\ud83d\ude80 The L-39 Albatros in Brno, Czech Republic \ud83c\udde8\ud83c\uddff&lt;img src=\\&quot;https:\/\/migflug.com\/wp-content\/uploads\/2022\/12\/L-39-Albatros.png\\&quot;&gt;'));window.WPLeafletMapPlugin.markers.push( marker );\n        });<\/script>\n<\/div>\n<\/div>\n<\/div><\/div>\n\n\n\n<div class=\"wp-block-cover alignfull\" style=\"padding-top:var(--wp--preset--spacing--80);padding-right:var(--wp--preset--spacing--50);padding-bottom:var(--wp--preset--spacing--80);padding-left:var(--wp--preset--spacing--50)\"><span aria-hidden=\"true\" class=\"wp-block-cover__background has-nv-light-bg-background-color has-background-dim-100 has-background-dim\"><\/span><div class=\"wp-block-cover__inner-container is-layout-flow wp-block-cover-is-layout-flow\">\n<div class=\"wp-block-columns has-neve-text-color-color has-text-color has-link-color wp-elements-a5e5a17f3602749fa45be4b5c7ba7e52 is-layout-flex wp-container-core-columns-is-layout-9d6595d7 wp-block-columns-is-layout-flex\">\n<div class=\"wp-block-column is-vertically-aligned-top is-layout-flow wp-block-column-is-layout-flow\" style=\"padding-right:0rem;padding-left:0rem\">\n<p class=\"has-text-align-center big-number has-nv-site-bg-color has-text-color has-link-color wp-elements-b1acbaf334e5e8065ff18a7021d692b3\" id=\"calendar\" style=\"font-size:220px\"><strong>06<\/strong><\/p>\n\n\n\n<h2 class=\"wp-block-heading has-text-align-center\">Disponibilit\u00e9<\/h2>\n\n\n\n<p class=\"has-text-align-center\">V\u00e9rifier la disponibilit\u00e9 et <strong><mark style=\"background-color:var(--nv-site-bg)\" class=\"has-inline-color has-nv-dark-bg-color\">cliquez sur n'importe quelle date pour commencer la r\u00e9servation<\/mark><\/strong><\/p>\n\n\n    <div style=\"display:none;\">MiGFlug DatePicker Version 1.2.2<\/div>\n\n    <div class=\"datepicker-container\" style=\"position: relative\">\n        <div class=\"datepicker-availability\" id=\"datepicker_69ec9060a5059\"><\/div>\n    <\/div>\n    <script src=\"https:\/\/cdnjs.cloudflare.com\/ajax\/libs\/luxon\/3.4.3\/luxon.min.js\"><\/script>\n    <script type=\"text\/javascript\">\n        jQuery(document).ready(function ($) {\n            const { DateTime } = luxon;\n            const timezone = \"America\/New_York\";\n            var disabledDays = [];\n\n            let today = DateTime.now().setZone(timezone);\n            let maxDate = today.plus({ years: 3 });\n\n            const debouncedFetchDisabledDates = debounce(fetchDisabledDates, 300);\n\n            $(\"#datepicker_69ec9060a5059\").datepicker({\n                changeMonth: true,\n                changeYear: true,\n                showOtherMonths: true,\n                selectOtherMonths: true,\n                yearRange: \"c-10:c+10\",\n                dateFormat: \"yy-dd-mm\",\n                minDate: 0,\n                maxDate: new Date(maxDate.year, maxDate.month - 1, maxDate.day),\n                monthNames: [\n                    \"January\", \"February\", \"March\", \"April\", \"May\", \"June\",\n                    \"July\", \"August\", \"September\", \"October\", \"November\", \"December\"\n                ],\n                monthNamesShort: [\n                    \"Jan\", \"Feb\", \"Mar\", \"Apr\", \"May\", \"Jun\",\n                    \"Jul\", \"Aug\", \"Sep\", \"Oct\", \"Nov\", \"Dec\"\n                ],\n                onSelect: function (dateText) {\n                    let parsedDate = $.datepicker.parseDate('yy-dd-mm', dateText);\n                    let finalDate = $.datepicker.formatDate('yy-mm-dd', parsedDate);\n\n                    let bookingURL = \"#pricing\";\n                    let popup_id = \"\";\n\n                    if (bookingURL !== \"\") {\n                        let fullURL = bookingURL + \"?datechoice=now&date=\" + finalDate +\n                            \"&region=\" + \"\" +\n                            \"&product=\" + \"\" +\n                            \"&eulocation=\" + \"\" +\n                            \"&uslocation=\" + \"\" +\n                            \"&referrer=\" + \"\" +\n                            \"&itlocation=\" + \"\" +\n                            \"&apaclocation=\" + \"\";\n                        window.open(fullURL, '_blank');\n                        showAvailableDay();\n                    } else if (popup_id !== \"\") {\n                        PUM.open('#' + popup_id);\n                        showAvailableDay();\n                    }\n                },\n                beforeShow: function (input, inst) {\n                    showAvailableDay();\n                },\n                beforeShowDay: function (date) {\n                    \/\/ Convert local date to the API timezone for comparison\n                    const localDt = DateTime.fromJSDate(date);\n                    \/\/ Format to check against our collection\n                    const dateToCheck = localDt.toFormat('yyyy-MM-dd');\n                    \n                    \/\/ Check if this date is in our available dates list\n                    const isAvailable = disabledDays.includes(dateToCheck);\n                    return [isAvailable];\n                },\n                onChangeMonthYear: function (year, month, inst) {\n                    debouncedFetchDisabledDates(year, month);\n                }\n            });\n\n            showAvailableDay();\n\n            function fetchDisabledDates(year, month, retryCount = 0) {\n                const appointmentId = \"15372312\";\n                const calendarId = \"4169808\";\n                const cacheKey = `disabledDates_${calendarId}_${appointmentId}_${year}_${month}_${timezone}`;\n                const expirationTime = 24 * 60 * 60 * 1000;\n                const now = Date.now();\n                const yearMonth = year + '-' + (\"0\" + month).slice(-2);\n                const maxRetries = 3;\n                const $datepicker = $('.datepicker-availability');\n                $datepicker.append('<div class=\"datepicker-loader-overlay\"><\/div><div class=\"spinner\"><\/div>');\n\n                if (localStorage.getItem(cacheKey)) {\n                    const cachedData = JSON.parse(localStorage.getItem(cacheKey));\n                    if (cachedData && cachedData.expiration > now) {\n                        updateDisabledDates(cachedData.response);\n                        fetchDataForNextMonth(year, month);\n                        return;\n                    }\n                }\n\n                $.ajax({\n                    url: 'https:\/\/fighter-jet-rides.com\/wp-admin\/admin-ajax.php',\n                    method: 'GET',\n                    data: {\n                        action: 'datepicker_fetch_disabled_dates',\n                        yearMonth: yearMonth.trim(),\n                        calendarId: calendarId.trim(),\n                        appointmentId: appointmentId.trim(),\n                        timezone: timezone.trim(), \/\/ Add timezone to the AJAX request\n                    },\n                    dataType: 'json',\n                    timeout: 10000,\n                }).done(function (response) {\n                    const item = {\n                        response,\n                        expiration: now + expirationTime\n                    };\n                    localStorage.setItem(cacheKey, JSON.stringify(item));\n                    updateDisabledDates(response);\n                    fetchDataForNextMonth(year, month);\n                }).fail(function (xhr, status) {\n                    if ((status === \"timeout\" || status === \"error\") && retryCount < maxRetries) {\n                        fetchDisabledDates(year, month, retryCount + 1);\n                    } else {\n                        hideLoader();\n                    }\n                });\n            }\n\n            async function fetchDataForNextMonth(year, month) {\n                \/\/ Adjust year if we're in December\n                let nextYear = year;\n                let nextMonth = month === 12 ? 1 : month + 1;\n                if (month === 12) nextYear++;\n\n                const appointmentId = \"15372312\";\n                const calendarId = \"4169808\";\n                const cacheKey = `disabledDates_${calendarId}_${appointmentId}_${nextYear}_${nextMonth}_${timezone}`;\n                const expirationTime = 24 * 60 * 60 * 1000;\n                const now = Date.now();\n                const yearMonth = nextYear + '-' + (\"0\" + nextMonth).slice(-2);\n\n                if (localStorage.getItem(cacheKey)) {\n                    const cachedData = JSON.parse(localStorage.getItem(cacheKey));\n                    if (cachedData && cachedData.expiration > now) {\n                        return;\n                    }\n                }\n\n                $.ajax({\n                    url: 'https:\/\/fighter-jet-rides.com\/wp-admin\/admin-ajax.php',\n                    method: 'GET',\n                    data: {\n                        action: 'datepicker_fetch_disabled_dates',\n                        yearMonth: yearMonth.trim(),\n                        calendarId: calendarId.trim(),\n                        appointmentId: appointmentId.trim(),\n                        timezone: timezone.trim(), \/\/ Add timezone to the AJAX request\n                    },\n                    dataType: 'json',\n                    timeout: 10000,\n                }).done(function (response) {\n                    const item = {\n                        response,\n                        expiration: now + expirationTime\n                    };\n                    localStorage.setItem(cacheKey, JSON.stringify(item));\n                }).fail(function () {\n                    hideLoader();\n                });\n            }\n\n            function updateDisabledDates(response) {\n                if (response && response.success) {\n                    \/\/ Store dates in YYYY-MM-DD format directly from API\n                    disabledDays = response.data.map(function (item) {\n                        return item.date; \/\/ API already returns dates in the requested timezone\n                    });\n                    $('#datepicker_69ec9060a5059').datepicker('refresh');\n                }\n                hideLoader();\n            }\n\n            function showAvailableDay() {\n                let date = DateTime.now().setZone(timezone);\n                fetchDisabledDates(date.year, date.month);\n            }\n\n            function hideLoader() {\n                $('.datepicker-loader-overlay, .spinner').remove();\n            }\n\n            function debounce(func, wait) {\n                let timeout;\n                return function (...args) {\n                    const context = this;\n                    clearTimeout(timeout);\n                    timeout = setTimeout(() => func.apply(context, args), wait);\n                };\n            }\n        });\n    <\/script>\n    \n<\/div>\n<\/div>\n<\/div><\/div>\n\n\n\n<section class=\"wp-block-cover alignfull\" style=\"padding-top:var(--wp--preset--spacing--80);padding-right:var(--wp--preset--spacing--40);padding-bottom:var(--wp--preset--spacing--80);padding-left:var(--wp--preset--spacing--40)\"><span aria-hidden=\"true\" class=\"wp-block-cover__background has-neve-text-color-background-color has-background-dim\"><\/span><img loading=\"lazy\" decoding=\"async\" width=\"2560\" height=\"1676\" class=\"wp-block-cover__image-background wp-image-843\" alt=\"\" src=\"https:\/\/fighter-jet-rides.com\/wp-content\/uploads\/2025\/01\/pexels-alex-does-pictures-33201512-16885439-scaled.jpg\" data-object-fit=\"cover\" srcset=\"https:\/\/fighter-jet-rides.com\/wp-content\/uploads\/2025\/01\/pexels-alex-does-pictures-33201512-16885439-scaled.jpg 2560w, https:\/\/fighter-jet-rides.com\/wp-content\/uploads\/2025\/01\/pexels-alex-does-pictures-33201512-16885439-300x196.jpg 300w, https:\/\/fighter-jet-rides.com\/wp-content\/uploads\/2025\/01\/pexels-alex-does-pictures-33201512-16885439-1024x670.jpg 1024w, https:\/\/fighter-jet-rides.com\/wp-content\/uploads\/2025\/01\/pexels-alex-does-pictures-33201512-16885439-768x503.jpg 768w\" sizes=\"auto, (max-width: 2560px) 100vw, 2560px\" \/><div class=\"wp-block-cover__inner-container is-layout-constrained wp-container-core-cover-is-layout-cd625289 wp-block-cover-is-layout-constrained\">\n<div class=\"wp-block-columns are-vertically-aligned-center is-layout-flex wp-container-core-columns-is-layout-9d6595d7 wp-block-columns-is-layout-flex\">\n<div class=\"wp-block-column is-vertically-aligned-center is-layout-flow wp-block-column-is-layout-flow\">\n<div class=\"wp-block-group has-nv-text-dark-bg-color has-text-color has-link-color wp-elements-03820e42c80cdd1e1033d8f1151ab950\"><div class=\"wp-block-group__inner-container is-layout-flow wp-block-group-is-layout-flow\">\n<p class=\"has-text-align-center big-number has-text-color has-link-color wp-elements-2a6a51a85a796ce6eea6527b9bcd760e\" style=\"color:#ffffff1c;font-size:220px\"><strong>07<\/strong><\/p>\n\n\n\n<h2 class=\"wp-block-heading has-text-align-center\">T\u00e9moignages<\/h2>\n\n\n\n<div style=\"height:80px\" aria-hidden=\"true\" class=\"wp-block-spacer\"><\/div>\n<\/div><\/div>\n<\/div>\n<\/div>\n\n\n\n<div class=\"wp-block-columns has-nv-text-dark-bg-color has-text-color has-link-color wp-elements-d28991a77c422ddba5787a42276ca742 is-layout-flex wp-container-core-columns-is-layout-9d6595d7 wp-block-columns-is-layout-flex\">\n<div class=\"wp-block-column has-neve-text-color-color has-nv-site-bg-background-color has-text-color has-background has-link-color wp-elements-5032606d94f8ba4ab01f7c45b288eacc is-layout-flow wp-block-column-is-layout-flow\" style=\"border-bottom-color:var(--wp--preset--color--neve-link-hover-color);border-bottom-width:8px;padding-top:var(--wp--preset--spacing--70);padding-right:var(--wp--preset--spacing--50);padding-bottom:var(--wp--preset--spacing--70);padding-left:var(--wp--preset--spacing--50)\"><div class=\"wp-block-image is-style-rounded\">\n<figure class=\"aligncenter size-full is-resized has-custom-border\"><img loading=\"lazy\" decoding=\"async\" width=\"818\" height=\"883\" src=\"https:\/\/fighter-jet-rides.com\/wp-content\/uploads\/2025\/01\/WhatsApp-Bild-2024-06-18-um-10.19.37_685ecd78.jpg\" alt=\"\" class=\"wp-image-840\" style=\"border-radius:999px;aspect-ratio:1;object-fit:contain;width:323px;height:auto\" srcset=\"https:\/\/fighter-jet-rides.com\/wp-content\/uploads\/2025\/01\/WhatsApp-Bild-2024-06-18-um-10.19.37_685ecd78.jpg 818w, https:\/\/fighter-jet-rides.com\/wp-content\/uploads\/2025\/01\/WhatsApp-Bild-2024-06-18-um-10.19.37_685ecd78-278x300.jpg 278w, https:\/\/fighter-jet-rides.com\/wp-content\/uploads\/2025\/01\/WhatsApp-Bild-2024-06-18-um-10.19.37_685ecd78-768x829.jpg 768w, https:\/\/fighter-jet-rides.com\/wp-content\/uploads\/2025\/01\/WhatsApp-Bild-2024-06-18-um-10.19.37_685ecd78-11x12.jpg 11w\" sizes=\"auto, (max-width: 818px) 100vw, 818px\" \/><\/figure>\n<\/div>\n\n\n<h3 class=\"wp-block-heading has-text-align-center\">Thomas Schulze<br><\/h3>\n\n\n\n<p class=\"has-text-align-center\"><em>&#8220;<\/em> Une exp\u00e9rience inoubliable. De l'accueil sur place jusqu'au pilotage, tout a \u00e9t\u00e9 parfaitement organis\u00e9 et optimis\u00e9. Eine freundliche und sehr nette Atmosph\u00e4re haben diesen Tag gro\u00dfartig gemacht.<em>&#8220;<\/em><\/p>\n\n\n<div class=\"wp-block-image\">\n<figure class=\"aligncenter size-full is-resized\"><img decoding=\"async\" src=\"https:\/\/fighter-jet-rides.com\/wp-content\/uploads\/2025\/01\/thomas-schulze.svg\" alt=\"\" class=\"wp-image-838\" style=\"width:auto;height:40px\"\/><\/figure>\n<\/div><\/div>\n\n\n\n<div class=\"wp-block-column has-neve-text-color-color has-nv-site-bg-background-color has-text-color has-background has-link-color wp-elements-76433fdb9067a7370ab0f1da2af30d8a is-layout-flow wp-block-column-is-layout-flow\" style=\"border-bottom-color:var(--wp--preset--color--nv-dark-bg);border-bottom-width:8px;padding-top:var(--wp--preset--spacing--70);padding-right:var(--wp--preset--spacing--50);padding-bottom:var(--wp--preset--spacing--70);padding-left:var(--wp--preset--spacing--50)\"><div class=\"wp-block-image\">\n<figure class=\"aligncenter size-full is-resized has-custom-border\"><img loading=\"lazy\" decoding=\"async\" width=\"2048\" height=\"1536\" src=\"https:\/\/fighter-jet-rides.com\/wp-content\/uploads\/2025\/01\/WhatsApp-Bild-2024-06-18-um-11.02.49_6f10dd31.jpg\" alt=\"\" class=\"wp-image-841\" style=\"border-radius:999px;aspect-ratio:1;object-fit:cover;width:304px;height:auto\" srcset=\"https:\/\/fighter-jet-rides.com\/wp-content\/uploads\/2025\/01\/WhatsApp-Bild-2024-06-18-um-11.02.49_6f10dd31.jpg 2048w, https:\/\/fighter-jet-rides.com\/wp-content\/uploads\/2025\/01\/WhatsApp-Bild-2024-06-18-um-11.02.49_6f10dd31-300x225.jpg 300w, https:\/\/fighter-jet-rides.com\/wp-content\/uploads\/2025\/01\/WhatsApp-Bild-2024-06-18-um-11.02.49_6f10dd31-1024x768.jpg 1024w, https:\/\/fighter-jet-rides.com\/wp-content\/uploads\/2025\/01\/WhatsApp-Bild-2024-06-18-um-11.02.49_6f10dd31-768x576.jpg 768w, https:\/\/fighter-jet-rides.com\/wp-content\/uploads\/2025\/01\/WhatsApp-Bild-2024-06-18-um-11.02.49_6f10dd31-1536x1152.jpg 1536w, https:\/\/fighter-jet-rides.com\/wp-content\/uploads\/2025\/01\/WhatsApp-Bild-2024-06-18-um-11.02.49_6f10dd31-16x12.jpg 16w\" sizes=\"auto, (max-width: 2048px) 100vw, 2048px\" \/><\/figure>\n<\/div>\n\n\n<div style=\"height:32px\" aria-hidden=\"true\" class=\"wp-block-spacer\"><\/div>\n\n\n\n<h3 class=\"wp-block-heading has-text-align-center\">Carsten K\u00f6ppen<\/h3>\n\n\n\n<p class=\"has-text-align-center\"><em>&#8220;<\/em> Buchung hat dank freundlicher Hilfestellung gut funktioniert. Le vol a \u00e9t\u00e9 une exp\u00e9rience extraordinaire et inoubliable. La prise en charge sur place par l'\u00e9quipage et les pilotes a \u00e9t\u00e9 absolument g\u00e9niale. Uneingeschr\u00e4nkt zu empfehlen ! \"<\/p>\n\n\n<div class=\"wp-block-image\">\n<figure class=\"aligncenter size-full is-resized\"><img decoding=\"async\" src=\"https:\/\/fighter-jet-rides.com\/wp-content\/uploads\/2025\/01\/carsten-kppen.svg\" alt=\"\" class=\"wp-image-839\" style=\"width:auto;height:40px\"\/><\/figure>\n<\/div><\/div>\n<\/div>\n<\/div><\/section>\n\n\n\n<div class=\"wp-block-cover alignfull has-neve-text-color-color has-text-color has-link-color wp-elements-9134f9de129f5407976b9321a67670cc\" style=\"padding-top:var(--wp--preset--spacing--80);padding-right:var(--wp--preset--spacing--40);padding-bottom:var(--wp--preset--spacing--80);padding-left:var(--wp--preset--spacing--40)\"><span aria-hidden=\"true\" class=\"wp-block-cover__background has-nv-site-bg-background-color has-background-dim-100 has-background-dim\"><\/span><div class=\"wp-block-cover__inner-container is-layout-flow wp-block-cover-is-layout-flow\">\n<div class=\"wp-block-columns is-layout-flex wp-container-core-columns-is-layout-9d6595d7 wp-block-columns-is-layout-flex\">\n<div class=\"wp-block-column is-layout-flow wp-block-column-is-layout-flow\" style=\"flex-basis:100%\">\n<div class=\"wp-block-group is-vertical is-content-justification-center is-layout-flex wp-container-core-group-is-layout-4b2eccd6 wp-block-group-is-layout-flex\">\n<p class=\"big-number has-nv-light-bg-color has-text-color has-link-color wp-elements-a7fd32131fbdfd6fd566c5b9b1686a04\" style=\"font-size:220px\"><strong>0<\/strong>8<\/p>\n\n\n\n<h2 class=\"wp-block-heading has-text-align-center has-neve-text-color-color has-text-color has-link-color wp-elements-e0561d289cad4c05cbdbcf696a6081b6\">Galerie<\/h2>\n\n\n\n<p class=\"has-text-align-center has-neve-text-color-color has-text-color has-link-color wp-elements-3dd8f303cd79c82e0d685656cf6c0541\">Brno ; CZ<\/p>\n\n\n\n<div style=\"height:0px\" aria-hidden=\"true\" class=\"wp-block-spacer wp-container-content-f9bd05ee\"><\/div>\n<\/div>\n<\/div>\n<\/div>\n\n\n\n<figure class=\"wp-block-gallery has-nested-images columns-3 is-cropped wp-block-gallery-1 is-layout-flex wp-block-gallery-is-layout-flex\">\n<figure class=\"wp-block-image size-large\"><img loading=\"lazy\" decoding=\"async\" width=\"1024\" height=\"1024\" data-id=\"856\" src=\"https:\/\/fighter-jet-rides.com\/wp-content\/uploads\/2025\/01\/Fighter-Jet-Flight-in-Brno-Czech-Republic-1-1024x1024.jpg\" alt=\"\" class=\"wp-image-856\" srcset=\"https:\/\/fighter-jet-rides.com\/wp-content\/uploads\/2025\/01\/Fighter-Jet-Flight-in-Brno-Czech-Republic-1-1024x1024.jpg 1024w, https:\/\/fighter-jet-rides.com\/wp-content\/uploads\/2025\/01\/Fighter-Jet-Flight-in-Brno-Czech-Republic-1-300x300.jpg 300w, https:\/\/fighter-jet-rides.com\/wp-content\/uploads\/2025\/01\/Fighter-Jet-Flight-in-Brno-Czech-Republic-1-150x150.jpg 150w, https:\/\/fighter-jet-rides.com\/wp-content\/uploads\/2025\/01\/Fighter-Jet-Flight-in-Brno-Czech-Republic-1-768x768.jpg 768w, https:\/\/fighter-jet-rides.com\/wp-content\/uploads\/2025\/01\/Fighter-Jet-Flight-in-Brno-Czech-Republic-1-12x12.jpg 12w, https:\/\/fighter-jet-rides.com\/wp-content\/uploads\/2025\/01\/Fighter-Jet-Flight-in-Brno-Czech-Republic-1.jpg 1200w\" sizes=\"auto, (max-width: 1024px) 100vw, 1024px\" \/><\/figure>\n\n\n\n<figure class=\"wp-block-image size-large\"><img loading=\"lazy\" decoding=\"async\" width=\"1024\" height=\"1024\" data-id=\"857\" src=\"https:\/\/fighter-jet-rides.com\/wp-content\/uploads\/2025\/01\/Aero-L-39-Albatros-Fighter-Jet-Flight-in-Brno-Czech-Republic-1-1024x1024.jpg\" alt=\"\" class=\"wp-image-857\" srcset=\"https:\/\/fighter-jet-rides.com\/wp-content\/uploads\/2025\/01\/Aero-L-39-Albatros-Fighter-Jet-Flight-in-Brno-Czech-Republic-1-1024x1024.jpg 1024w, https:\/\/fighter-jet-rides.com\/wp-content\/uploads\/2025\/01\/Aero-L-39-Albatros-Fighter-Jet-Flight-in-Brno-Czech-Republic-1-300x300.jpg 300w, https:\/\/fighter-jet-rides.com\/wp-content\/uploads\/2025\/01\/Aero-L-39-Albatros-Fighter-Jet-Flight-in-Brno-Czech-Republic-1-150x150.jpg 150w, https:\/\/fighter-jet-rides.com\/wp-content\/uploads\/2025\/01\/Aero-L-39-Albatros-Fighter-Jet-Flight-in-Brno-Czech-Republic-1-768x768.jpg 768w, https:\/\/fighter-jet-rides.com\/wp-content\/uploads\/2025\/01\/Aero-L-39-Albatros-Fighter-Jet-Flight-in-Brno-Czech-Republic-1-12x12.jpg 12w, https:\/\/fighter-jet-rides.com\/wp-content\/uploads\/2025\/01\/Aero-L-39-Albatros-Fighter-Jet-Flight-in-Brno-Czech-Republic-1.jpg 1200w\" sizes=\"auto, (max-width: 1024px) 100vw, 1024px\" \/><\/figure>\n\n\n\n<figure class=\"wp-block-image size-large\"><img loading=\"lazy\" decoding=\"async\" width=\"1024\" height=\"1024\" data-id=\"858\" src=\"https:\/\/fighter-jet-rides.com\/wp-content\/uploads\/2025\/01\/Fighter-Jet-Flight-in-Czech-Republic-1-1024x1024.jpg\" alt=\"\" class=\"wp-image-858\" srcset=\"https:\/\/fighter-jet-rides.com\/wp-content\/uploads\/2025\/01\/Fighter-Jet-Flight-in-Czech-Republic-1-1024x1024.jpg 1024w, https:\/\/fighter-jet-rides.com\/wp-content\/uploads\/2025\/01\/Fighter-Jet-Flight-in-Czech-Republic-1-300x300.jpg 300w, https:\/\/fighter-jet-rides.com\/wp-content\/uploads\/2025\/01\/Fighter-Jet-Flight-in-Czech-Republic-1-150x150.jpg 150w, https:\/\/fighter-jet-rides.com\/wp-content\/uploads\/2025\/01\/Fighter-Jet-Flight-in-Czech-Republic-1-768x768.jpg 768w, https:\/\/fighter-jet-rides.com\/wp-content\/uploads\/2025\/01\/Fighter-Jet-Flight-in-Czech-Republic-1-12x12.jpg 12w, https:\/\/fighter-jet-rides.com\/wp-content\/uploads\/2025\/01\/Fighter-Jet-Flight-in-Czech-Republic-1.jpg 1200w\" sizes=\"auto, (max-width: 1024px) 100vw, 1024px\" \/><\/figure>\n\n\n\n<figure class=\"wp-block-image size-full\"><img loading=\"lazy\" decoding=\"async\" width=\"2560\" height=\"1707\" data-id=\"860\" src=\"https:\/\/fighter-jet-rides.com\/wp-content\/uploads\/2025\/01\/092_DR203957-1-scaled.jpg\" alt=\"\" class=\"wp-image-860\" srcset=\"https:\/\/fighter-jet-rides.com\/wp-content\/uploads\/2025\/01\/092_DR203957-1-scaled.jpg 2560w, https:\/\/fighter-jet-rides.com\/wp-content\/uploads\/2025\/01\/092_DR203957-1-300x200.jpg 300w, https:\/\/fighter-jet-rides.com\/wp-content\/uploads\/2025\/01\/092_DR203957-1-1024x683.jpg 1024w, https:\/\/fighter-jet-rides.com\/wp-content\/uploads\/2025\/01\/092_DR203957-1-768x512.jpg 768w, https:\/\/fighter-jet-rides.com\/wp-content\/uploads\/2025\/01\/092_DR203957-1-1536x1024.jpg 1536w, https:\/\/fighter-jet-rides.com\/wp-content\/uploads\/2025\/01\/092_DR203957-1-2048x1366.jpg 2048w, https:\/\/fighter-jet-rides.com\/wp-content\/uploads\/2025\/01\/092_DR203957-1-18x12.jpg 18w, https:\/\/fighter-jet-rides.com\/wp-content\/uploads\/2025\/01\/092_DR203957-1-930x620.jpg 930w\" sizes=\"auto, (max-width: 2560px) 100vw, 2560px\" \/><\/figure>\n\n\n\n<figure class=\"wp-block-image size-large\"><img loading=\"lazy\" decoding=\"async\" width=\"1024\" height=\"768\" data-id=\"861\" src=\"https:\/\/fighter-jet-rides.com\/wp-content\/uploads\/2025\/01\/IMG-20240618-WA0032-1-1024x768.jpg\" alt=\"\" class=\"wp-image-861\" srcset=\"https:\/\/fighter-jet-rides.com\/wp-content\/uploads\/2025\/01\/IMG-20240618-WA0032-1-1024x768.jpg 1024w, https:\/\/fighter-jet-rides.com\/wp-content\/uploads\/2025\/01\/IMG-20240618-WA0032-1-300x225.jpg 300w, https:\/\/fighter-jet-rides.com\/wp-content\/uploads\/2025\/01\/IMG-20240618-WA0032-1-768x576.jpg 768w, https:\/\/fighter-jet-rides.com\/wp-content\/uploads\/2025\/01\/IMG-20240618-WA0032-1-1536x1152.jpg 1536w, https:\/\/fighter-jet-rides.com\/wp-content\/uploads\/2025\/01\/IMG-20240618-WA0032-1-16x12.jpg 16w, https:\/\/fighter-jet-rides.com\/wp-content\/uploads\/2025\/01\/IMG-20240618-WA0032-1.jpg 1600w\" sizes=\"auto, (max-width: 1024px) 100vw, 1024px\" \/><\/figure>\n\n\n\n<figure class=\"wp-block-image size-full\"><img loading=\"lazy\" decoding=\"async\" width=\"2560\" height=\"1707\" data-id=\"862\" src=\"https:\/\/fighter-jet-rides.com\/wp-content\/uploads\/2025\/01\/077_DR203763-1-scaled.jpg\" alt=\"\" class=\"wp-image-862\" srcset=\"https:\/\/fighter-jet-rides.com\/wp-content\/uploads\/2025\/01\/077_DR203763-1-scaled.jpg 2560w, https:\/\/fighter-jet-rides.com\/wp-content\/uploads\/2025\/01\/077_DR203763-1-300x200.jpg 300w, https:\/\/fighter-jet-rides.com\/wp-content\/uploads\/2025\/01\/077_DR203763-1-1024x683.jpg 1024w, https:\/\/fighter-jet-rides.com\/wp-content\/uploads\/2025\/01\/077_DR203763-1-768x512.jpg 768w, https:\/\/fighter-jet-rides.com\/wp-content\/uploads\/2025\/01\/077_DR203763-1-1536x1024.jpg 1536w, https:\/\/fighter-jet-rides.com\/wp-content\/uploads\/2025\/01\/077_DR203763-1-2048x1366.jpg 2048w, https:\/\/fighter-jet-rides.com\/wp-content\/uploads\/2025\/01\/077_DR203763-1-18x12.jpg 18w, https:\/\/fighter-jet-rides.com\/wp-content\/uploads\/2025\/01\/077_DR203763-1-930x620.jpg 930w\" sizes=\"auto, (max-width: 2560px) 100vw, 2560px\" \/><\/figure>\n<\/figure>\n<\/div><\/div>\n\n\n\n<div class=\"wp-block-cover alignfull\" style=\"padding-top:var(--wp--preset--spacing--80);padding-right:var(--wp--preset--spacing--50);padding-bottom:var(--wp--preset--spacing--80);padding-left:var(--wp--preset--spacing--50)\"><span aria-hidden=\"true\" class=\"wp-block-cover__background has-neve-text-color-background-color has-background-dim-100 has-background-dim\"><\/span><div class=\"wp-block-cover__inner-container is-layout-flow wp-block-cover-is-layout-flow\">\n<p class=\"has-text-align-center big-number has-nv-dark-bg-color has-text-color has-link-color wp-elements-3a406c462527867313f211aa11578edb\" id=\"pricing\" style=\"font-size:220px\"><strong>09<\/strong><\/p>\n\n\n\n<h2 class=\"wp-block-heading has-text-align-center\">Prix et r\u00e9servations<\/h2>\n\n\n\n<div class=\"wp-block-columns has-neve-text-color-color has-text-color has-link-color wp-elements-4b9f60dfbb05693468446f46f87c5bd2 is-layout-flex wp-container-core-columns-is-layout-9d6595d7 wp-block-columns-is-layout-flex\">\n<div class=\"wp-block-column is-vertically-aligned-top is-layout-flow wp-block-column-is-layout-flow\">\n<div class=\"wp-block-group has-nv-site-bg-background-color has-background\" style=\"border-top-color:var(--wp--preset--color--nv-dark-bg);border-top-width:8px;border-right-style:none;border-right-width:0px;border-bottom-style:none;border-bottom-width:0px;border-left-style:none;border-left-width:0px;padding-top:var(--wp--preset--spacing--60);padding-right:var(--wp--preset--spacing--50);padding-bottom:var(--wp--preset--spacing--60);padding-left:var(--wp--preset--spacing--50)\"><div class=\"wp-block-group__inner-container is-layout-constrained wp-container-core-group-is-layout-fcc72f54 wp-block-group-is-layout-constrained\">\n<h3 class=\"wp-block-heading has-text-align-center has-large-font-size\"><mark style=\"background-color:rgba(0, 0, 0, 0)\" class=\"has-inline-color has-neve-link-hover-color-color\">R\u00e8gle du ciel<\/mark> Paquet-20MIN<\/h3>\n\n\n\n<div class=\"wp-block-group is-vertical is-content-justification-center is-layout-flex wp-container-core-group-is-layout-4b2eccd6 wp-block-group-is-layout-flex\">\n<h4 class=\"wp-block-heading has-neve-text-color-color has-text-color has-link-color has-x-large-font-size wp-elements-44664f241973e4f9dc9107c9cf5a171d\">2 600,00 EUR<\/h4>\n\n\n\n<p>par vol<\/p>\n<\/div>\n\n\n\n<hr class=\"wp-block-separator has-text-color has-nv-light-bg-color has-alpha-channel-opacity has-nv-light-bg-background-color has-background\"\/>\n\n\n\n<p class=\"has-text-align-center\">Briefing<\/p>\n\n\n\n<p class=\"has-text-align-center\">20 minutes de temps de vol<\/p>\n\n\n\n<p class=\"has-text-align-center\">Vid\u00e9o en vol<\/p>\n\n\n\n<div class=\"wp-block-buttons is-content-justification-center is-layout-flex wp-container-core-buttons-is-layout-16018d1d wp-block-buttons-is-layout-flex\">\n<div class=\"wp-block-button is-style-default\"><a class=\"wp-block-button__link has-nv-text-dark-bg-color has-neve-text-color-background-color has-text-color has-background has-link-color wp-element-button\" href=\"https:\/\/fighter-jet-rides.com\/fr\/reservation\/?params=hideregionselector&amp;region=rest&amp;eulocation=CZ-BRNO-L39&amp;referrer=pdp&amp;utm_source=fjr\">R\u00c9SERVEZ MAINTENANT<\/a><\/div>\n<\/div>\n<\/div><\/div>\n<\/div>\n\n\n\n<div class=\"wp-block-column is-vertically-aligned-top is-layout-flow wp-block-column-is-layout-flow\">\n<div class=\"wp-block-group has-nv-site-bg-background-color has-background\" style=\"border-top-color:var(--wp--preset--color--neve-link-hover-color);border-top-width:8px;border-right-style:none;border-right-width:0px;border-bottom-style:none;border-bottom-width:0px;border-left-style:none;border-left-width:0px;padding-top:var(--wp--preset--spacing--60);padding-right:var(--wp--preset--spacing--50);padding-bottom:var(--wp--preset--spacing--60);padding-left:var(--wp--preset--spacing--50)\"><div class=\"wp-block-group__inner-container is-layout-constrained wp-container-core-group-is-layout-fcc72f54 wp-block-group-is-layout-constrained\">\n<h3 class=\"wp-block-heading has-text-align-center has-large-font-size\"><mark style=\"background-color:rgba(0, 0, 0, 0)\" class=\"has-inline-color has-neve-link-hover-color-color\">Aventure supersonique<\/mark> Paquet -30MIN<\/h3>\n\n\n\n<div class=\"wp-block-group is-vertical is-content-justification-center is-layout-flex wp-container-core-group-is-layout-4b2eccd6 wp-block-group-is-layout-flex\">\n<h4 class=\"wp-block-heading has-neve-link-hover-color-color has-text-color has-link-color has-x-large-font-size wp-elements-8f79ffa765bd9f1031291d362a9fbb16\">3 600,00 EUR<\/h4>\n\n\n\n<p>par vol<\/p>\n<\/div>\n\n\n\n<hr class=\"wp-block-separator has-text-color has-nv-light-bg-color has-alpha-channel-opacity has-nv-light-bg-background-color has-background\"\/>\n\n\n\n<p class=\"has-text-align-center\">Briefing<\/p>\n\n\n\n<p class=\"has-text-align-center\">30 minutes de vol<\/p>\n\n\n\n<p class=\"has-text-align-center\">Vid\u00e9o en vol<\/p>\n\n\n\n<div class=\"wp-block-buttons is-content-justification-center is-layout-flex wp-container-core-buttons-is-layout-16018d1d wp-block-buttons-is-layout-flex\">\n<div class=\"wp-block-button is-style-default\"><a class=\"wp-block-button__link has-nv-text-dark-bg-color has-neve-link-hover-color-background-color has-text-color has-background has-link-color wp-element-button\" href=\"https:\/\/fighter-jet-rides.com\/fr\/reservation\/?params=hideregionselector&amp;region=rest&amp;eulocation=CZ-BRNO-L39&amp;referrer=pdp&amp;utm_source=fjr\">R\u00c9SERVEZ MAINTENANT<\/a><\/div>\n<\/div>\n<\/div><\/div>\n<\/div>\n<\/div>\n<\/div><\/div>\n\n\n\n<div class=\"wp-block-cover alignfull has-neve-text-color-color has-text-color has-link-color wp-elements-fd161d822126525a2ade0ea7e93cbd27\" style=\"padding-top:var(--wp--preset--spacing--80);padding-right:var(--wp--preset--spacing--40);padding-bottom:var(--wp--preset--spacing--80);padding-left:var(--wp--preset--spacing--40)\"><span aria-hidden=\"true\" class=\"wp-block-cover__background has-nv-site-bg-background-color has-background-dim-100 has-background-dim\"><\/span><div class=\"wp-block-cover__inner-container is-layout-flow wp-block-cover-is-layout-flow\">\n<div class=\"wp-block-columns is-layout-flex wp-container-core-columns-is-layout-9d6595d7 wp-block-columns-is-layout-flex\">\n<div class=\"wp-block-column is-layout-flow wp-block-column-is-layout-flow\" style=\"flex-basis:100%\">\n<div class=\"wp-block-group\"><div class=\"wp-block-group__inner-container is-layout-constrained wp-block-group-is-layout-constrained\">\n<p class=\"big-number has-nv-light-bg-color has-text-color has-link-color wp-elements-93f01c170b049a433dc9659f7dc4877c\" style=\"font-size:220px\">10<\/p>\n\n\n\n<h2 class=\"wp-block-heading has-text-align-center has-neve-text-color-color has-text-color has-link-color wp-elements-a7b4be59732789a23039606275ff32c2\">FAQ<\/h2>\n\n\n\n<p class=\"has-text-align-center has-neve-text-color-color has-text-color has-link-color wp-elements-9cca6875f495bf6c958d055d2ed65647\">R\u00e9ponses aux questions fr\u00e9quemment pos\u00e9es<\/p>\n\n\n<ul style=\"padding-top:0;padding-bottom:0;padding-left:0;padding-right:0\" class=\"wp-block-tt-accordion\">\n<li class=\"wp-block-tt-accordion-item wp-block-tt-accordion-item-2 has-background has-nv-text-dark-bg-background-color\"><h3 class=\"wp-block-tt-accordion-item-header\"><button class=\"wp-block-tt-accordion-item-header-button\" id=\"wp-block-tt-accordion-item-header-button-27a296e6-e81a-4de7-8148-e6bd9d46247c\" type=\"button\"><span class=\"wp-block-tt-accordion-item-header-button-text\">Dois-je \u00eatre pilote pour participer \u00e0 un tel vol ?<\/span><span class=\"wp-block-tt-accordion-item-header-button-icon-arrow\" aria-hidden=\"true\"><svg version=\"1.1\" xmlns=\"http:\/\/www.w3.org\/2000\/svg\" width=\"24px\" height=\"24px\" viewbox=\"0 0 24 24\" aria-hidden=\"true\" focusable=\"false\"><polyline points=\"4.711,8 12,15.289 19.289,8\" stroke=\"black\" stroke-width=\"2\" fill=\"none\" \/><\/svg><\/span><\/button><\/h3><div class=\"wp-block-tt-accordion-item-panel open\" id=\"wp-block-tt-accordion-item-panel-27a296e6-e81a-4de7-8148-e6bd9d46247c\" role=\"region\">\n\n<p class=\"has-nv-text-dark-bg-background-color has-background\">Non, ce vol est ouvert \u00e0 tous.<\/p>\n\n<\/div><\/li>\n\n<li class=\"wp-block-tt-accordion-item wp-block-tt-accordion-item-3 has-background has-nv-site-bg-background-color\"><h3 class=\"wp-block-tt-accordion-item-header\"><button class=\"wp-block-tt-accordion-item-header-button\" id=\"wp-block-tt-accordion-item-header-button-8bc745e8-3056-4c2c-8a3b-10ab764a78b5\" type=\"button\"><span class=\"wp-block-tt-accordion-item-header-button-text\">D'o\u00f9 d\u00e9collent les vols ?<\/span><span class=\"wp-block-tt-accordion-item-header-button-icon-arrow\" aria-hidden=\"true\"><svg version=\"1.1\" xmlns=\"http:\/\/www.w3.org\/2000\/svg\" width=\"24px\" height=\"24px\" viewbox=\"0 0 24 24\" aria-hidden=\"true\" focusable=\"false\"><polyline points=\"4.711,8 12,15.289 19.289,8\" stroke=\"black\" stroke-width=\"2\" fill=\"none\" \/><\/svg><\/span><\/button><\/h3><div class=\"wp-block-tt-accordion-item-panel open\" id=\"wp-block-tt-accordion-item-panel-8bc745e8-3056-4c2c-8a3b-10ab764a78b5\" role=\"region\">\n\n<p class=\"has-nv-site-bg-background-color has-background\">Les vols d\u00e9collent d'Augsbourg, \u00e0 environ 30 minutes de Munich. C'est un endroit id\u00e9al pour d\u00e9coller et survoler les Alpes bavaroises.<\/p>\n\n<\/div><\/li>\n\n<li class=\"wp-block-tt-accordion-item wp-block-tt-accordion-item-4 has-background has-nv-text-dark-bg-background-color\"><h3 class=\"wp-block-tt-accordion-item-header\"><button class=\"wp-block-tt-accordion-item-header-button\" id=\"wp-block-tt-accordion-item-header-button-ca0e7f64-2363-4e0a-851e-80ae3418426f\" type=\"button\"><span class=\"wp-block-tt-accordion-item-header-button-text\">Quel est l'\u00e2ge minimum ?<\/span><span class=\"wp-block-tt-accordion-item-header-button-icon-arrow\" aria-hidden=\"true\"><svg version=\"1.1\" xmlns=\"http:\/\/www.w3.org\/2000\/svg\" width=\"24px\" height=\"24px\" viewbox=\"0 0 24 24\" aria-hidden=\"true\" focusable=\"false\"><polyline points=\"4.711,8 12,15.289 19.289,8\" stroke=\"black\" stroke-width=\"2\" fill=\"none\" \/><\/svg><\/span><\/button><\/h3><div class=\"wp-block-tt-accordion-item-panel open\" id=\"wp-block-tt-accordion-item-panel-ca0e7f64-2363-4e0a-851e-80ae3418426f\" role=\"region\">\n\n<p class=\"has-nv-text-dark-bg-background-color has-background\">L'\u00e2ge minimum est de 16 ans.<\/p>\n\n<\/div><\/li>\n\n<li class=\"wp-block-tt-accordion-item wp-block-tt-accordion-item-5\"><h3 class=\"wp-block-tt-accordion-item-header\"><button class=\"wp-block-tt-accordion-item-header-button\" id=\"wp-block-tt-accordion-item-header-button-cdb7f8f4-419b-40fd-bf89-88db80de5cb7\" type=\"button\"><span class=\"wp-block-tt-accordion-item-header-button-text\">Que se passe-t-il en cas de mauvais temps ?<\/span><span class=\"wp-block-tt-accordion-item-header-button-icon-arrow\" aria-hidden=\"true\"><svg version=\"1.1\" xmlns=\"http:\/\/www.w3.org\/2000\/svg\" width=\"24px\" height=\"24px\" viewbox=\"0 0 24 24\" aria-hidden=\"true\" focusable=\"false\"><polyline points=\"4.711,8 12,15.289 19.289,8\" stroke=\"black\" stroke-width=\"2\" fill=\"none\" \/><\/svg><\/span><\/button><\/h3><div class=\"wp-block-tt-accordion-item-panel open\" id=\"wp-block-tt-accordion-item-panel-cdb7f8f4-419b-40fd-bf89-88db80de5cb7\" role=\"region\">\n\n<p>Si le temps est trop pluvieux ou brumeux \u00e0 court terme, le vol sera d\u00e9plac\u00e9 de quelques heures pour permettre des op\u00e9rations s\u00fbres. Pendant les p\u00e9riodes de mauvais temps \u00e0 plus long terme, le vol peut \u00eatre d\u00e9plac\u00e9 de quelques jours ou de quelques semaines, sans frais. Si vous voulez vous assurer de voler dans des conditions ensoleill\u00e9es, vous avez \u00e9galement la possibilit\u00e9 de demander un report sans frais jusqu'\u00e0 7 jours avant le vol.<\/p>\n\n<\/div><\/li>\n\n<li class=\"wp-block-tt-accordion-item wp-block-tt-accordion-item-6 has-background has-nv-text-dark-bg-background-color\"><h3 class=\"wp-block-tt-accordion-item-header\"><button class=\"wp-block-tt-accordion-item-header-button\" id=\"wp-block-tt-accordion-item-header-button-ed6ebb73-5798-49e1-bdec-7f18bbb17de8\" type=\"button\"><span class=\"wp-block-tt-accordion-item-header-button-text\">Puis-je acheter un ch\u00e8que-cadeau ?<\/span><span class=\"wp-block-tt-accordion-item-header-button-icon-arrow\" aria-hidden=\"true\"><svg version=\"1.1\" xmlns=\"http:\/\/www.w3.org\/2000\/svg\" width=\"24px\" height=\"24px\" viewbox=\"0 0 24 24\" aria-hidden=\"true\" focusable=\"false\"><polyline points=\"4.711,8 12,15.289 19.289,8\" stroke=\"black\" stroke-width=\"2\" fill=\"none\" \/><\/svg><\/span><\/button><\/h3><div class=\"wp-block-tt-accordion-item-panel open\" id=\"wp-block-tt-accordion-item-panel-ed6ebb73-5798-49e1-bdec-7f18bbb17de8\" role=\"region\">\n\n<p>Absolument ! Offrir un vol en avion de chasse est le cadeau id\u00e9al et tr\u00e8s appr\u00e9ci\u00e9 de nos clients. Il suffit de r\u00e9server un vol r\u00e9gulier et de cocher la case \"Ce vol est un cadeau\" au cours du processus de r\u00e9servation. Nous \u00e9mettrons un certificat de cadeau de vol et veillerons \u00e0 ce qu'aucune communication ne soit envoy\u00e9e au destinataire avant la date du vol.<\/p>\n\n<\/div><\/li>\n\n<li class=\"wp-block-tt-accordion-item wp-block-tt-accordion-item-7\"><h3 class=\"wp-block-tt-accordion-item-header\"><button class=\"wp-block-tt-accordion-item-header-button\" id=\"wp-block-tt-accordion-item-header-button-04752a7c-26e4-4ed5-81f9-89b5581ed22a\" type=\"button\"><span class=\"wp-block-tt-accordion-item-header-button-text\">Quelle est la dur\u00e9e du vol ?<\/span><span class=\"wp-block-tt-accordion-item-header-button-icon-arrow\" aria-hidden=\"true\"><svg version=\"1.1\" xmlns=\"http:\/\/www.w3.org\/2000\/svg\" width=\"24px\" height=\"24px\" viewbox=\"0 0 24 24\" aria-hidden=\"true\" focusable=\"false\"><polyline points=\"4.711,8 12,15.289 19.289,8\" stroke=\"black\" stroke-width=\"2\" fill=\"none\" \/><\/svg><\/span><\/button><\/h3><div class=\"wp-block-tt-accordion-item-panel open\" id=\"wp-block-tt-accordion-item-panel-04752a7c-26e4-4ed5-81f9-89b5581ed22a\" role=\"region\">\n\n<p>La dur\u00e9e des vols varie, g\u00e9n\u00e9ralement de 30 minutes \u00e0 une heure, en fonction de la formule choisie.<\/p>\n\n<\/div><\/li>\n\n<li class=\"wp-block-tt-accordion-item wp-block-tt-accordion-item-8 has-background has-nv-text-dark-bg-background-color\"><h3 class=\"wp-block-tt-accordion-item-header\"><button class=\"wp-block-tt-accordion-item-header-button\" id=\"wp-block-tt-accordion-item-header-button-d171dee4-4dd7-44cb-9fc5-5a35627cff75\" type=\"button\"><span class=\"wp-block-tt-accordion-item-header-button-text\">\u00c0 quoi puis-je m'attendre pendant le vol ?<\/span><span class=\"wp-block-tt-accordion-item-header-button-icon-arrow\" aria-hidden=\"true\"><svg version=\"1.1\" xmlns=\"http:\/\/www.w3.org\/2000\/svg\" width=\"24px\" height=\"24px\" viewbox=\"0 0 24 24\" aria-hidden=\"true\" focusable=\"false\"><polyline points=\"4.711,8 12,15.289 19.289,8\" stroke=\"black\" stroke-width=\"2\" fill=\"none\" \/><\/svg><\/span><\/button><\/h3><div class=\"wp-block-tt-accordion-item-panel open\" id=\"wp-block-tt-accordion-item-panel-d171dee4-4dd7-44cb-9fc5-5a35627cff75\" role=\"region\">\n\n<p>Vous ferez l'exp\u00e9rience d'un m\u00e9lange de vols \u00e0 grande vitesse, de man\u0153uvres acrobatiques et de vues imprenables. Avant le d\u00e9collage, un briefing d\u00e9taill\u00e9 sur la s\u00e9curit\u00e9 et une pr\u00e9sentation de l'avion sont organis\u00e9s.<\/p>\n\n\n\n<p>Pendant le vol, vous serez en contact avec le pilote par l'interm\u00e9diaire du syst\u00e8me d'intercom, et le pilote s'assurera que vous \u00eates \u00e0 l'aise.<\/p>\n\n<\/div><\/li>\n\n<li class=\"wp-block-tt-accordion-item wp-block-tt-accordion-item-9\"><h3 class=\"wp-block-tt-accordion-item-header\"><button class=\"wp-block-tt-accordion-item-header-button\" id=\"wp-block-tt-accordion-item-header-button-25047eba-48a3-4b5f-a628-ce5f71d0b6ad\" type=\"button\"><span class=\"wp-block-tt-accordion-item-header-button-text\">Que faut-il porter pour un vol en avion de chasse ?<\/span><span class=\"wp-block-tt-accordion-item-header-button-icon-arrow\" aria-hidden=\"true\"><svg version=\"1.1\" xmlns=\"http:\/\/www.w3.org\/2000\/svg\" width=\"24px\" height=\"24px\" viewbox=\"0 0 24 24\" aria-hidden=\"true\" focusable=\"false\"><polyline points=\"4.711,8 12,15.289 19.289,8\" stroke=\"black\" stroke-width=\"2\" fill=\"none\" \/><\/svg><\/span><\/button><\/h3><div class=\"wp-block-tt-accordion-item-panel open\" id=\"wp-block-tt-accordion-item-panel-25047eba-48a3-4b5f-a628-ce5f71d0b6ad\" role=\"region\">\n\n<p>Portez des v\u00eatements confortables et des chaussures ferm\u00e9es. Nous vous fournirons tout \u00e9quipement suppl\u00e9mentaire n\u00e9cessaire, comme une combinaison de vol et un casque.<\/p>\n\n<\/div><\/li>\n\n<li class=\"wp-block-tt-accordion-item wp-block-tt-accordion-item-10 has-background has-nv-text-dark-bg-background-color\"><h3 class=\"wp-block-tt-accordion-item-header\"><button class=\"wp-block-tt-accordion-item-header-button\" id=\"wp-block-tt-accordion-item-header-button-17db1cc0-f309-40ac-b543-6fa827a26397\" type=\"button\"><span class=\"wp-block-tt-accordion-item-header-button-text\">Puis-je faire venir un ami ou un membre de ma famille ?<\/span><span class=\"wp-block-tt-accordion-item-header-button-icon-arrow\" aria-hidden=\"true\"><svg version=\"1.1\" xmlns=\"http:\/\/www.w3.org\/2000\/svg\" width=\"24px\" height=\"24px\" viewbox=\"0 0 24 24\" aria-hidden=\"true\" focusable=\"false\"><polyline points=\"4.711,8 12,15.289 19.289,8\" stroke=\"black\" stroke-width=\"2\" fill=\"none\" \/><\/svg><\/span><\/button><\/h3><div class=\"wp-block-tt-accordion-item-panel open\" id=\"wp-block-tt-accordion-item-panel-17db1cc0-f309-40ac-b543-6fa827a26397\" role=\"region\">\n\n<p>Oui ! Les invit\u00e9s sont les bienvenus pour assister aux pr\u00e9paratifs avant le vol et au d\u00e9collage. De nombreux sites disposent \u00e9galement d'une zone d'observation pour les spectateurs.<\/p>\n\n<\/div><\/li>\n\n<li class=\"wp-block-tt-accordion-item wp-block-tt-accordion-item-11\"><h3 class=\"wp-block-tt-accordion-item-header\"><button class=\"wp-block-tt-accordion-item-header-button\" id=\"wp-block-tt-accordion-item-header-button-fbc08d06-bbbe-495f-905d-07a5b846a0d4\" type=\"button\"><span class=\"wp-block-tt-accordion-item-header-button-text\">Puis-je enregistrer le vol ?<\/span><span class=\"wp-block-tt-accordion-item-header-button-icon-arrow\" aria-hidden=\"true\"><svg version=\"1.1\" xmlns=\"http:\/\/www.w3.org\/2000\/svg\" width=\"24px\" height=\"24px\" viewbox=\"0 0 24 24\" aria-hidden=\"true\" focusable=\"false\"><polyline points=\"4.711,8 12,15.289 19.289,8\" stroke=\"black\" stroke-width=\"2\" fill=\"none\" \/><\/svg><\/span><\/button><\/h3><div class=\"wp-block-tt-accordion-item-panel open\" id=\"wp-block-tt-accordion-item-panel-fbc08d06-bbbe-495f-905d-07a5b846a0d4\" role=\"region\">\n\n<p>Absolument ! La plupart des forfaits incluent des images GoPro du cockpit pour que vous puissiez revivre l'exp\u00e9rience. N'h\u00e9sitez pas \u00e0 apporter votre propre appareil photo pour prendre des clich\u00e9s avant et apr\u00e8s le vol. Les cam\u00e9ras priv\u00e9es ne sont pas autoris\u00e9es pendant le vol.<\/p>\n\n<\/div><\/li>\n\n<li class=\"wp-block-tt-accordion-item wp-block-tt-accordion-item-12 has-background has-nv-text-dark-bg-background-color\"><h3 class=\"wp-block-tt-accordion-item-header\"><button class=\"wp-block-tt-accordion-item-header-button\" id=\"wp-block-tt-accordion-item-header-button-302777a8-d25b-42b2-80a7-f5efa23e8112\" type=\"button\"><span class=\"wp-block-tt-accordion-item-header-button-text\">Les vols sont-ils s\u00fbrs ?<\/span><span class=\"wp-block-tt-accordion-item-header-button-icon-arrow\" aria-hidden=\"true\"><svg version=\"1.1\" xmlns=\"http:\/\/www.w3.org\/2000\/svg\" width=\"24px\" height=\"24px\" viewbox=\"0 0 24 24\" aria-hidden=\"true\" focusable=\"false\"><polyline points=\"4.711,8 12,15.289 19.289,8\" stroke=\"black\" stroke-width=\"2\" fill=\"none\" \/><\/svg><\/span><\/button><\/h3><div class=\"wp-block-tt-accordion-item-panel open\" id=\"wp-block-tt-accordion-item-panel-302777a8-d25b-42b2-80a7-f5efa23e8112\" role=\"region\">\n\n<p>Oui, tous les vols sont effectu\u00e9s par des pilotes hautement qualifi\u00e9s et certifi\u00e9s ayant des ann\u00e9es d'exp\u00e9rience. Les avions sont entretenus selon les normes de s\u00e9curit\u00e9 les plus strictes. Nous sommes fiers de nos 20 ans d'activit\u00e9 sans accident.<\/p>\n\n<\/div><\/li>\n\n<li class=\"wp-block-tt-accordion-item wp-block-tt-accordion-item-13\"><h3 class=\"wp-block-tt-accordion-item-header\"><button class=\"wp-block-tt-accordion-item-header-button\" id=\"wp-block-tt-accordion-item-header-button-aa5ccf3a-9657-4ce9-85cb-0dbb622ea7d0\" type=\"button\"><span class=\"wp-block-tt-accordion-item-header-button-text\">Quelle est votre politique d'annulation ?<\/span><span class=\"wp-block-tt-accordion-item-header-button-icon-arrow\" aria-hidden=\"true\"><svg version=\"1.1\" xmlns=\"http:\/\/www.w3.org\/2000\/svg\" width=\"24px\" height=\"24px\" viewbox=\"0 0 24 24\" aria-hidden=\"true\" focusable=\"false\"><polyline points=\"4.711,8 12,15.289 19.289,8\" stroke=\"black\" stroke-width=\"2\" fill=\"none\" \/><\/svg><\/span><\/button><\/h3><div class=\"wp-block-tt-accordion-item-panel open\" id=\"wp-block-tt-accordion-item-panel-aa5ccf3a-9657-4ce9-85cb-0dbb622ea7d0\" role=\"region\">\n\n<p>Lors de la r\u00e9servation, vous pouvez choisir une option d'annulation gratuite. Les vols r\u00e9serv\u00e9s avec cette option sont enti\u00e8rement remboursables sans conditions.<\/p>\n\n<\/div><\/li>\n\n<li class=\"wp-block-tt-accordion-item wp-block-tt-accordion-item-14 has-background has-nv-text-dark-bg-background-color\"><h3 class=\"wp-block-tt-accordion-item-header\"><button class=\"wp-block-tt-accordion-item-header-button\" id=\"wp-block-tt-accordion-item-header-button-02e0b3a9-a602-4845-8ee6-7f88d27be1c9\" type=\"button\"><span class=\"wp-block-tt-accordion-item-header-button-text\">Puis-je personnaliser mon exp\u00e9rience de vol ?<\/span><span class=\"wp-block-tt-accordion-item-header-button-icon-arrow\" aria-hidden=\"true\"><svg version=\"1.1\" xmlns=\"http:\/\/www.w3.org\/2000\/svg\" width=\"24px\" height=\"24px\" viewbox=\"0 0 24 24\" aria-hidden=\"true\" focusable=\"false\"><polyline points=\"4.711,8 12,15.289 19.289,8\" stroke=\"black\" stroke-width=\"2\" fill=\"none\" \/><\/svg><\/span><\/button><\/h3><div class=\"wp-block-tt-accordion-item-panel open\" id=\"wp-block-tt-accordion-item-panel-02e0b3a9-a602-4845-8ee6-7f88d27be1c9\" role=\"region\">\n\n<p>Oui, vous pouvez discuter de vos pr\u00e9f\u00e9rences avec le pilote avant le vol, que vous souhaitiez une exp\u00e9rience panoramique en douceur ou une session de voltige plus intense.<\/p>\n\n<\/div><\/li>\n\n<li class=\"wp-block-tt-accordion-item wp-block-tt-accordion-item-15\"><h3 class=\"wp-block-tt-accordion-item-header\"><button class=\"wp-block-tt-accordion-item-header-button\" id=\"wp-block-tt-accordion-item-header-button-436ab268-e222-4940-8e55-157e80356ec0\" type=\"button\"><span class=\"wp-block-tt-accordion-item-header-button-text\">Combien de temps \u00e0 l'avance dois-je r\u00e9server ?<\/span><span class=\"wp-block-tt-accordion-item-header-button-icon-arrow\" aria-hidden=\"true\"><svg version=\"1.1\" xmlns=\"http:\/\/www.w3.org\/2000\/svg\" width=\"24px\" height=\"24px\" viewbox=\"0 0 24 24\" aria-hidden=\"true\" focusable=\"false\"><polyline points=\"4.711,8 12,15.289 19.289,8\" stroke=\"black\" stroke-width=\"2\" fill=\"none\" \/><\/svg><\/span><\/button><\/h3><div class=\"wp-block-tt-accordion-item-panel open\" id=\"wp-block-tt-accordion-item-panel-436ab268-e222-4940-8e55-157e80356ec0\" role=\"region\">\n\n<p>Nous avons r\u00e9serv\u00e9 les prix des vols depuis 2 ans. Les prix des vols ayant tendance \u00e0 augmenter, nous vous recommandons de r\u00e9server d\u00e8s que vous avez d\u00e9cid\u00e9 de prendre un vol et un prix. En particulier pendant les saisons de pointe, nous vous conseillons \u00e9galement de r\u00e9server votre date le plus t\u00f4t possible afin de garantir votre date pr\u00e9f\u00e9r\u00e9e.<\/p>\n\n<\/div><\/li>\n\n<li class=\"wp-block-tt-accordion-item wp-block-tt-accordion-item-16 has-background has-nv-text-dark-bg-background-color\"><h3 class=\"wp-block-tt-accordion-item-header\"><button class=\"wp-block-tt-accordion-item-header-button\" id=\"wp-block-tt-accordion-item-header-button-b3f5627c-534f-45c7-8853-462aed02fcf4\" type=\"button\"><span class=\"wp-block-tt-accordion-item-header-button-text\">Y a-t-il des co\u00fbts cach\u00e9s ?<\/span><span class=\"wp-block-tt-accordion-item-header-button-icon-arrow\" aria-hidden=\"true\"><svg version=\"1.1\" xmlns=\"http:\/\/www.w3.org\/2000\/svg\" width=\"24px\" height=\"24px\" viewbox=\"0 0 24 24\" aria-hidden=\"true\" focusable=\"false\"><polyline points=\"4.711,8 12,15.289 19.289,8\" stroke=\"black\" stroke-width=\"2\" fill=\"none\" \/><\/svg><\/span><\/button><\/h3><div class=\"wp-block-tt-accordion-item-panel open\" id=\"wp-block-tt-accordion-item-panel-b3f5627c-534f-45c7-8853-462aed02fcf4\" role=\"region\">\n\n<p>Non, le prix que vous voyez est tout compris. Les suppl\u00e9ments optionnels tels que les heures de vol suppl\u00e9mentaires ou les forfaits vid\u00e9o seront clairement indiqu\u00e9s.<\/p>\n\n<\/div><\/li>\n\n<li class=\"wp-block-tt-accordion-item wp-block-tt-accordion-item-17\"><h3 class=\"wp-block-tt-accordion-item-header\"><button class=\"wp-block-tt-accordion-item-header-button\" id=\"wp-block-tt-accordion-item-header-button-73b23776-2660-49c9-b924-d87b150c2c7a\" type=\"button\"><span class=\"wp-block-tt-accordion-item-header-button-text\">Je suis une organisation B2B et j'aimerais m'associer avec vous<\/span><span class=\"wp-block-tt-accordion-item-header-button-icon-arrow\" aria-hidden=\"true\"><svg version=\"1.1\" xmlns=\"http:\/\/www.w3.org\/2000\/svg\" width=\"24px\" height=\"24px\" viewbox=\"0 0 24 24\" aria-hidden=\"true\" focusable=\"false\"><polyline points=\"4.711,8 12,15.289 19.289,8\" stroke=\"black\" stroke-width=\"2\" fill=\"none\" \/><\/svg><\/span><\/button><\/h3><div class=\"wp-block-tt-accordion-item-panel open\" id=\"wp-block-tt-accordion-item-panel-73b23776-2660-49c9-b924-d87b150c2c7a\" role=\"region\">\n\n<p>Nous avons un mod\u00e8le de r\u00e9f\u00e9rence int\u00e9ressant. N'h\u00e9sitez pas \u00e0 nous contacter pour en discuter.<\/p>\n\n<\/div><\/li>\n<\/ul><\/div><\/div>\n<\/div>\n<\/div>\n<\/div><\/div>","protected":false},"excerpt":{"rendered":"","protected":false},"author":1,"featured_media":0,"parent":0,"menu_order":0,"comment_status":"closed","ping_status":"closed","template":"","meta":{"neve_meta_sidebar":"","neve_meta_container":"","neve_meta_enable_content_width":"","neve_meta_content_width":0,"neve_meta_title_alignment":"","neve_meta_author_avatar":"","neve_post_elements_order":"","neve_meta_disable_header":"","neve_meta_disable_footer":"","neve_meta_disable_title":"","footnotes":""},"class_list":["post-829","page","type-page","status-publish","hentry"],"_links":{"self":[{"href":"https:\/\/fighter-jet-rides.com\/fr\/wp-json\/wp\/v2\/pages\/829","targetHints":{"allow":["GET"]}}],"collection":[{"href":"https:\/\/fighter-jet-rides.com\/fr\/wp-json\/wp\/v2\/pages"}],"about":[{"href":"https:\/\/fighter-jet-rides.com\/fr\/wp-json\/wp\/v2\/types\/page"}],"author":[{"embeddable":true,"href":"https:\/\/fighter-jet-rides.com\/fr\/wp-json\/wp\/v2\/users\/1"}],"replies":[{"embeddable":true,"href":"https:\/\/fighter-jet-rides.com\/fr\/wp-json\/wp\/v2\/comments?post=829"}],"version-history":[{"count":18,"href":"https:\/\/fighter-jet-rides.com\/fr\/wp-json\/wp\/v2\/pages\/829\/revisions"}],"predecessor-version":[{"id":1044,"href":"https:\/\/fighter-jet-rides.com\/fr\/wp-json\/wp\/v2\/pages\/829\/revisions\/1044"}],"wp:attachment":[{"href":"https:\/\/fighter-jet-rides.com\/fr\/wp-json\/wp\/v2\/media?parent=829"}],"curies":[{"name":"wp","href":"https:\/\/api.w.org\/{rel}","templated":true}]}}