{"id":949,"date":"2025-01-03T00:00:58","date_gmt":"2025-01-03T00:00:58","guid":{"rendered":"https:\/\/fighter-jet-rides.com\/?page_id=949"},"modified":"2025-01-03T21:26:27","modified_gmt":"2025-01-03T21:26:27","slug":"fly-albatros-l39-riga","status":"publish","type":"page","link":"https:\/\/fighter-jet-rides.com\/fr\/voler-albatros-l39-riga\/","title":{"rendered":"\ud83c\uddf1\ud83c\uddfb LV : Vol en avion \u00e0 r\u00e9action L-39 Albatros \u00e0 Riga"},"content":{"rendered":"<section class=\"wp-block-cover alignfull custom-divider\" style=\"min-height:625px;aspect-ratio:unset;\"><span aria-hidden=\"true\" class=\"wp-block-cover__background has-neve-text-color-background-color has-background-dim-60 has-background-dim\"><\/span><img loading=\"lazy\" decoding=\"async\" width=\"900\" height=\"700\" class=\"wp-block-cover__image-background wp-image-961\" alt=\"\" src=\"https:\/\/fighter-jet-rides.com\/wp-content\/uploads\/2025\/01\/Linthal-Glarus-Mollis-Airshow.jpg\" style=\"object-position:47% 29%\" data-object-fit=\"cover\" data-object-position=\"47% 29%\" srcset=\"https:\/\/fighter-jet-rides.com\/wp-content\/uploads\/2025\/01\/Linthal-Glarus-Mollis-Airshow.jpg 900w, https:\/\/fighter-jet-rides.com\/wp-content\/uploads\/2025\/01\/Linthal-Glarus-Mollis-Airshow-300x233.jpg 300w, https:\/\/fighter-jet-rides.com\/wp-content\/uploads\/2025\/01\/Linthal-Glarus-Mollis-Airshow-768x597.jpg 768w, https:\/\/fighter-jet-rides.com\/wp-content\/uploads\/2025\/01\/Linthal-Glarus-Mollis-Airshow-15x12.jpg 15w\" sizes=\"auto, (max-width: 900px) 100vw, 900px\" \/><div class=\"wp-block-cover__inner-container is-layout-constrained wp-block-cover-is-layout-constrained\">\n<div class=\"wp-block-columns are-vertically-aligned-center is-layout-flex wp-container-core-columns-is-layout-9d6595d7 wp-block-columns-is-layout-flex\">\n<div class=\"wp-block-column is-vertically-aligned-center is-layout-flow wp-block-column-is-layout-flow\">\n<h1 class=\"wp-block-heading has-text-align-center scribble-underline-clip\" style=\"font-style:normal;font-weight:500\"><mark style=\"background-color:rgba(0, 0, 0, 0)\" class=\"has-inline-color has-neve-link-hover-color-color\">Albatros Jet Flight<\/mark> \u00e0 Riga : explosion au-dessus de la mer Baltique<\/h1>\n\n\n\n<div style=\"height:40px\" aria-hidden=\"true\" class=\"wp-block-spacer\"><\/div>\n\n\n\n<div class=\"wp-block-buttons has-custom-font-size has-small-font-size is-content-justification-center is-layout-flex wp-container-core-buttons-is-layout-16018d1d wp-block-buttons-is-layout-flex\">\n<div class=\"wp-block-button has-custom-font-size is-style-default\" style=\"font-size:16px\"><a class=\"wp-block-button__link has-nv-site-bg-color has-neve-text-color-background-color has-text-color has-background has-link-color wp-element-button\" href=\"#start\">En savoir plus<\/a><\/div>\n\n\n\n<div class=\"wp-block-button has-custom-font-size is-style-secondary\" style=\"font-size:16px\"><a class=\"wp-block-button__link has-nv-text-dark-bg-color has-neve-link-hover-color-background-color has-text-color has-background has-link-color wp-element-button\" href=\"#calendar\">R\u00e9server<\/a><\/div>\n<\/div>\n<\/div>\n<\/div>\n<\/div><\/section>\n\n\n\n<div class=\"wp-block-cover alignfull\" style=\"padding-top:0;padding-right:var(--wp--preset--spacing--40);padding-bottom:0;padding-left:var(--wp--preset--spacing--40);min-height:716px;aspect-ratio:unset;\" id=\"start\"><span aria-hidden=\"true\" class=\"wp-block-cover__background has-nv-site-bg-background-color has-background-dim-100 has-background-dim\"><\/span><div class=\"wp-block-cover__inner-container is-layout-flow wp-block-cover-is-layout-flow\">\n<div class=\"wp-block-columns are-vertically-aligned-center has-neve-text-color-color has-text-color has-link-color wp-elements-25287328217f6ebe00063009f4efcfde is-layout-flex wp-container-core-columns-is-layout-9d6595d7 wp-block-columns-is-layout-flex\">\n<div class=\"wp-block-column is-vertically-aligned-center is-layout-flow wp-block-column-is-layout-flow\" style=\"padding-top:0;padding-right:0;padding-bottom:0;padding-left:0;flex-basis:50%\">\n<figure class=\"wp-block-image size-full\"><img loading=\"lazy\" decoding=\"async\" width=\"2560\" height=\"1707\" src=\"https:\/\/fighter-jet-rides.com\/wp-content\/uploads\/2025\/01\/DSC_6055-scaled.jpg\" alt=\"\" class=\"wp-image-928\" srcset=\"https:\/\/fighter-jet-rides.com\/wp-content\/uploads\/2025\/01\/DSC_6055-scaled.jpg 2560w, https:\/\/fighter-jet-rides.com\/wp-content\/uploads\/2025\/01\/DSC_6055-300x200.jpg 300w, https:\/\/fighter-jet-rides.com\/wp-content\/uploads\/2025\/01\/DSC_6055-1024x683.jpg 1024w, https:\/\/fighter-jet-rides.com\/wp-content\/uploads\/2025\/01\/DSC_6055-768x512.jpg 768w\" sizes=\"auto, (max-width: 2560px) 100vw, 2560px\" \/><\/figure>\n<\/div>\n\n\n\n<div class=\"wp-block-column is-vertically-aligned-center ticss-c703b306 is-layout-flow wp-block-column-is-layout-flow\" style=\"padding-top:0;padding-right:0;padding-bottom:0;padding-left:0;flex-basis:50%\">\n<div class=\"wp-block-group\" style=\"border-radius:16px\"><div class=\"wp-block-group__inner-container is-layout-constrained wp-block-group-is-layout-constrained\">\n<div style=\"height:0px\" aria-hidden=\"true\" class=\"wp-block-spacer\"><\/div>\n\n\n\n<p class=\"big-number has-nv-light-bg-color has-text-color has-link-color wp-elements-6fdb8f87016abe7b6bdd33e54773a620\" style=\"font-size:220px\"><strong>01<\/strong><\/p>\n\n\n\n<h2 class=\"wp-block-heading has-text-align-left\">\u00c0 propos de cette exp\u00e9rience<\/h2>\n\n\n\n<ul class=\"wp-block-list\">\n<li><strong>Jet d'entra\u00eenement l\u00e9gendaire<\/strong>: Pilotez le c\u00e9l\u00e8bre L-39 Albatros, utilis\u00e9 dans le monde entier pour l'entra\u00eenement militaire et les acrobaties a\u00e9riennes.<\/li>\n\n\n\n<li><strong>Voltige \u00e0 haute adr\u00e9naline<\/strong>: Exp\u00e9rimentez des man\u0153uvres telles que des boucles, des rouleaux et des virages serr\u00e9s \u00e0 des vitesses exaltantes.<\/li>\n\n\n\n<li><strong>Des vues \u00e0 couper le souffle<\/strong>: Profitez de perspectives a\u00e9riennes \u00e9tonnantes des paysages pittoresques de la Lettonie et du littoral de la mer Baltique.<\/li>\n\n\n\n<li><strong>Exp\u00e9rience pratique du pilotage<\/strong>: Prenez les commandes et pilotez le jet sous la conduite d'un expert pour une occasion unique.<\/li>\n\n\n\n<li><strong>Professionnels chevronn\u00e9s<\/strong>: Voler avec des pilotes exp\u00e9riment\u00e9s qui garantissent la s\u00e9curit\u00e9 et partagent des histoires fascinantes sur l'aviation.<\/li>\n\n\n\n<li><strong>Accessible et passionnant<\/strong>: Id\u00e9alement situ\u00e9 \u00e0 l'a\u00e9roport international de Riga, il est facile de se lancer dans l'aventure.<\/li>\n<\/ul>\n<\/div><\/div>\n<\/div>\n<\/div>\n<\/div><\/div>\n\n\n\n<div class=\"wp-block-cover alignfull wp-elements-c87a1c0f11958da074b9aaa590526292\" style=\"padding-top:var(--wp--preset--spacing--40);padding-right:var(--wp--preset--spacing--40);padding-bottom:var(--wp--preset--spacing--40);padding-left:var(--wp--preset--spacing--40)\"><span aria-hidden=\"true\" class=\"wp-block-cover__background has-neve-text-color-background-color has-background-dim-100 has-background-dim\"><\/span><div class=\"wp-block-cover__inner-container is-layout-flow wp-block-cover-is-layout-flow\">\n<div class=\"wp-block-columns is-layout-flex wp-container-core-columns-is-layout-9d6595d7 wp-block-columns-is-layout-flex\">\n<div class=\"wp-block-column is-layout-flow wp-block-column-is-layout-flow\" style=\"flex-basis:100%\">\n<div class=\"wp-block-group is-vertical is-content-justification-center is-layout-flex wp-container-core-group-is-layout-4b2eccd6 wp-block-group-is-layout-flex\">\n<div style=\"height:0px\" aria-hidden=\"true\" class=\"wp-block-spacer wp-container-content-6388d5dc\"><\/div>\n\n\n\n<p class=\"big-number has-nv-dark-bg-color has-text-color has-link-color wp-elements-1c83d26868e8ee1c98b57bbf942b57ba\" style=\"font-size:220px\"><strong>02<\/strong><\/p>\n\n\n\n<h2 class=\"wp-block-heading has-text-align-center has-nv-light-bg-color has-text-color has-link-color wp-elements-b3279224177aa33df00510c787e0219c\">Votre exp\u00e9rience comprend<\/h2>\n\n\n\n<p class=\"has-text-align-center has-nv-site-bg-color has-text-color has-link-color wp-elements-fba89b250296a7b78678a3d58e46f9e7\">Voici quelques points forts de cette exp\u00e9rience :<\/p>\n\n\n\n<div style=\"height:0px\" aria-hidden=\"true\" class=\"wp-block-spacer wp-container-content-f9bd05ee\"><\/div>\n<\/div>\n<\/div>\n<\/div>\n\n\n\n<div class=\"wp-block-columns are-vertically-aligned-top is-layout-flex wp-container-core-columns-is-layout-9d6595d7 wp-block-columns-is-layout-flex\">\n<div class=\"wp-block-column is-vertically-aligned-top is-layout-flow wp-block-column-is-layout-flow\">\n<div class=\"wp-block-group has-nv-site-bg-background-color has-background\" style=\"border-radius:0px;border-bottom-color:var(--wp--preset--color--neve-link-hover-color);border-bottom-width:8px;padding-top:var(--wp--preset--spacing--40);padding-right:var(--wp--preset--spacing--40);padding-bottom:var(--wp--preset--spacing--40);padding-left:var(--wp--preset--spacing--40)\"><div class=\"wp-block-group__inner-container is-layout-constrained wp-container-core-group-is-layout-65a08581 wp-block-group-is-layout-constrained\"><div class=\"wp-block-image\">\n<figure class=\"aligncenter size-full is-resized\"><img loading=\"lazy\" decoding=\"async\" width=\"512\" height=\"512\" src=\"https:\/\/fighter-jet-rides.com\/wp-content\/uploads\/2025\/01\/jet.png\" alt=\"\" class=\"wp-image-953\" style=\"width:auto;height:100px\" srcset=\"https:\/\/fighter-jet-rides.com\/wp-content\/uploads\/2025\/01\/jet.png 512w, https:\/\/fighter-jet-rides.com\/wp-content\/uploads\/2025\/01\/jet-300x300.png 300w, https:\/\/fighter-jet-rides.com\/wp-content\/uploads\/2025\/01\/jet-150x150.png 150w, https:\/\/fighter-jet-rides.com\/wp-content\/uploads\/2025\/01\/jet-12x12.png 12w\" sizes=\"auto, (max-width: 512px) 100vw, 512px\" \/><\/figure>\n<\/div>\n\n\n<h3 class=\"wp-block-heading has-text-align-center\"><strong>Adr\u00e9naline \u00e0 grande vitesse<\/strong><\/h3>\n\n\n\n<p class=\"has-text-align-center has-neve-text-color-color has-text-color has-link-color wp-elements-95033f29f2f218424f0a74c30dd2f136\">Ressentez la puissance du L-39 en atteignant des vitesses vertigineuses \u00e0 bord d'un jet l\u00e9gendaire.<\/p>\n<\/div><\/div>\n<\/div>\n\n\n\n<div class=\"wp-block-column is-vertically-aligned-top is-layout-flow wp-block-column-is-layout-flow\">\n<div class=\"wp-block-group has-nv-site-bg-background-color has-background\" style=\"border-radius:0px;border-bottom-color:var(--wp--preset--color--nv-text-dark-bg);border-bottom-width:8px;padding-top:var(--wp--preset--spacing--40);padding-right:var(--wp--preset--spacing--40);padding-bottom:var(--wp--preset--spacing--40);padding-left:var(--wp--preset--spacing--40)\"><div class=\"wp-block-group__inner-container is-layout-constrained wp-container-core-group-is-layout-65a08581 wp-block-group-is-layout-constrained\"><div class=\"wp-block-image\">\n<figure class=\"aligncenter size-full is-resized\"><img loading=\"lazy\" decoding=\"async\" width=\"512\" height=\"512\" src=\"https:\/\/dev.fktc.ch\/fjr\/wp-content\/uploads\/2024\/12\/air-force-1.png\" alt=\"\" class=\"wp-image-46\" style=\"width:auto;height:100px\" srcset=\"https:\/\/fighter-jet-rides.com\/wp-content\/uploads\/2024\/12\/air-force-1.png 512w, https:\/\/fighter-jet-rides.com\/wp-content\/uploads\/2024\/12\/air-force-1-300x300.png 300w, https:\/\/fighter-jet-rides.com\/wp-content\/uploads\/2024\/12\/air-force-1-150x150.png 150w\" sizes=\"auto, (max-width: 512px) 100vw, 512px\" \/><\/figure>\n<\/div>\n\n\n<h3 class=\"wp-block-heading has-text-align-center\"><strong>Contr\u00f4le de vol pratique<\/strong><\/h3>\n\n\n\n<p class=\"has-text-align-center has-neve-text-color-color has-text-color has-link-color wp-elements-6d42b271f07a92a483cdc4a330b87260\">Prenez les commandes vous-m\u00eame sous la conduite d'un des meilleurs pilotes chevronn\u00e9s.<\/p>\n<\/div><\/div>\n<\/div>\n\n\n\n<div class=\"wp-block-column is-vertically-aligned-top is-layout-flow wp-block-column-is-layout-flow\">\n<div class=\"wp-block-group has-nv-site-bg-background-color has-background\" style=\"border-radius:0px;border-bottom-color:var(--wp--preset--color--neve-link-hover-color);border-bottom-width:8px;padding-top:var(--wp--preset--spacing--40);padding-right:var(--wp--preset--spacing--40);padding-bottom:var(--wp--preset--spacing--40);padding-left:var(--wp--preset--spacing--40)\"><div class=\"wp-block-group__inner-container is-layout-constrained wp-container-core-group-is-layout-65a08581 wp-block-group-is-layout-constrained\"><div class=\"wp-block-image\">\n<figure class=\"aligncenter size-full is-resized\"><img loading=\"lazy\" decoding=\"async\" width=\"512\" height=\"512\" src=\"https:\/\/fighter-jet-rides.com\/wp-content\/uploads\/2025\/01\/matterhorn.png\" alt=\"\" class=\"wp-image-929\" style=\"width:auto;height:100px\" srcset=\"https:\/\/fighter-jet-rides.com\/wp-content\/uploads\/2025\/01\/matterhorn.png 512w, https:\/\/fighter-jet-rides.com\/wp-content\/uploads\/2025\/01\/matterhorn-300x300.png 300w, https:\/\/fighter-jet-rides.com\/wp-content\/uploads\/2025\/01\/matterhorn-150x150.png 150w, https:\/\/fighter-jet-rides.com\/wp-content\/uploads\/2025\/01\/matterhorn-12x12.png 12w\" sizes=\"auto, (max-width: 512px) 100vw, 512px\" \/><\/figure>\n<\/div>\n\n\n<h3 class=\"wp-block-heading has-text-align-center\"><strong><strong>Vues panoramiques<\/strong><\/strong><\/h3>\n\n\n\n<p class=\"has-text-align-center has-neve-text-color-color has-text-color has-link-color wp-elements-86ac0a0d985378413f28e885b36921fd\">Survolez les paysages \u00e9poustouflants de la Lettonie et admirez la vue comme jamais auparavant.<\/p>\n<\/div><\/div>\n<\/div>\n<\/div>\n<\/div><\/div>\n\n\n\n<section class=\"wp-block-cover alignfull\" style=\"min-height:100vh;aspect-ratio:unset;\"><span aria-hidden=\"true\" class=\"wp-block-cover__background has-nv-dark-bg-background-color has-background-dim-60 has-background-dim\"><\/span><video class=\"wp-block-cover__video-background intrinsic-ignore\" autoplay muted loop playsinline src=\"https:\/\/fighter-jet-rides.com\/wp-content\/uploads\/2025\/01\/Untitled-video-Made-with-Clipchamp-1-1.mp4\" data-object-fit=\"cover\"><\/video><div class=\"wp-block-cover__inner-container is-layout-constrained wp-block-cover-is-layout-constrained\">\n<h2 class=\"wp-block-heading has-text-align-center has-text-color has-link-color wp-elements-dc9d55ec59d6523ab78d890a888e45e2\" style=\"color:#ffffff\">Aper\u00e7u des vols<\/h2>\n\n\n\n<div style=\"height:32px\" aria-hidden=\"true\" class=\"wp-block-spacer\"><\/div>\n\n\n\n<p class=\"has-text-align-center has-text-color has-link-color wp-elements-677e7db0218a3b6bec3340f1857bf42b\" style=\"color:#ffffff\">La pr\u00e9sence d'ailiers n'est pas garantie<\/p>\n<\/div><\/section>\n\n\n\n<div class=\"wp-block-cover alignfull\" style=\"padding-top:var(--wp--preset--spacing--80);padding-right:var(--wp--preset--spacing--50);padding-bottom:var(--wp--preset--spacing--80);padding-left:var(--wp--preset--spacing--50)\"><span aria-hidden=\"true\" class=\"wp-block-cover__background has-nv-light-bg-background-color has-background-dim-100 has-background-dim\"><\/span><div class=\"wp-block-cover__inner-container is-layout-flow wp-block-cover-is-layout-flow\">\n<div class=\"wp-block-columns has-neve-text-color-color has-text-color has-link-color wp-elements-43dfa6ae19656be0631d7ac61353d539 is-layout-flex wp-container-core-columns-is-layout-9d6595d7 wp-block-columns-is-layout-flex\">\n<div class=\"wp-block-column is-vertically-aligned-top is-layout-flow wp-block-column-is-layout-flow\">\n<p class=\"big-number has-nv-site-bg-color has-text-color has-link-color wp-elements-37aaf5bfc1f5577de73b508095c061d7\" style=\"font-size:220px\"><strong>04<\/strong><\/p>\n\n\n\n<h2 class=\"wp-block-heading\">Votre journ\u00e9e<\/h2>\n\n\n\n<p>Votre aventure en L-39 Albatros commence \u00e0 l'a\u00e9roport international de Riga, o\u00f9 vous rencontrerez votre pilote chevronn\u00e9 pour un briefing complet avant le vol. Ensemble, vous discuterez du plan de vol, des mesures de s\u00e9curit\u00e9 et des man\u0153uvres acrobatiques exaltantes que vous vous appr\u00eatez \u00e0 vivre.<\/p>\n\n\n\n<p>Installez-vous dans le cockpit et d\u00e9collez pour un voyage inoubliable dans le ciel de Lettonie. Admirez les vues \u00e9poustouflantes de la c\u00f4te baltique tout en r\u00e9alisant des cascades palpitantes telles que des tonneaux, des loopings et des virages serr\u00e9s. Gr\u00e2ce aux conseils d'un expert, vous aurez m\u00eame la possibilit\u00e9 de contr\u00f4ler le jet vous-m\u00eame, ce qui en fait une exp\u00e9rience interactive et inoubliable.<\/p>\n\n\n\n<p>Apr\u00e8s l'atterrissage, prenez le temps de prendre des photos avec le jet et de discuter avec votre pilote de ses incroyables histoires de vol. C'est la fa\u00e7on id\u00e9ale de conclure une journ\u00e9e extraordinaire \u00e0 Riga !<\/p>\n\n\n\n<figure class=\"wp-block-image size-large\"><img loading=\"lazy\" decoding=\"async\" width=\"1024\" height=\"576\" src=\"https:\/\/fighter-jet-rides.com\/wp-content\/uploads\/2025\/01\/BalticBees-Aerofestival-FP-175-1024x576.jpg\" alt=\"\" class=\"wp-image-954\" srcset=\"https:\/\/fighter-jet-rides.com\/wp-content\/uploads\/2025\/01\/BalticBees-Aerofestival-FP-175-1024x576.jpg 1024w, https:\/\/fighter-jet-rides.com\/wp-content\/uploads\/2025\/01\/BalticBees-Aerofestival-FP-175-300x169.jpg 300w, https:\/\/fighter-jet-rides.com\/wp-content\/uploads\/2025\/01\/BalticBees-Aerofestival-FP-175-768x432.jpg 768w, https:\/\/fighter-jet-rides.com\/wp-content\/uploads\/2025\/01\/BalticBees-Aerofestival-FP-175-1536x864.jpg 1536w, https:\/\/fighter-jet-rides.com\/wp-content\/uploads\/2025\/01\/BalticBees-Aerofestival-FP-175-18x10.jpg 18w, https:\/\/fighter-jet-rides.com\/wp-content\/uploads\/2025\/01\/BalticBees-Aerofestival-FP-175.jpg 1920w\" sizes=\"auto, (max-width: 1024px) 100vw, 1024px\" \/><\/figure>\n<\/div>\n\n\n\n<div class=\"wp-block-column is-layout-flow wp-block-column-is-layout-flow\">\n<div class=\"wp-block-group has-nv-site-bg-background-color has-background\" style=\"border-left-color:var(--wp--preset--color--neve-link-hover-color);border-left-width:8px;padding-top:var(--wp--preset--spacing--60);padding-right:var(--wp--preset--spacing--50);padding-bottom:var(--wp--preset--spacing--30);padding-left:var(--wp--preset--spacing--50)\"><div class=\"wp-block-group__inner-container is-layout-constrained wp-container-core-group-is-layout-68dbf2b9 wp-block-group-is-layout-constrained\">\n<h3 class=\"wp-block-heading\">01 - Arriv\u00e9e<\/h3>\n\n\n\n<p>Arriv\u00e9e \u00e0 l'a\u00e9roport international de Riga, o\u00f9 votre voyage commence. Un transport peut \u00eatre organis\u00e9 sur demande. <\/p>\n<\/div><\/div>\n\n\n\n<div class=\"wp-block-group has-nv-site-bg-background-color has-background\" style=\"border-left-color:var(--wp--preset--color--nv-text-dark-bg);border-left-width:8px;padding-top:var(--wp--preset--spacing--60);padding-right:var(--wp--preset--spacing--50);padding-bottom:var(--wp--preset--spacing--30);padding-left:var(--wp--preset--spacing--50)\"><div class=\"wp-block-group__inner-container is-layout-constrained wp-container-core-group-is-layout-68dbf2b9 wp-block-group-is-layout-constrained\">\n<h3 class=\"wp-block-heading\">02 - Briefing<\/h3>\n\n\n\n<p>Rencontrez votre pilote pour une s\u00e9ance de pr\u00e9paration au vol portant sur la s\u00e9curit\u00e9, les man\u0153uvres et votre plan de vol personnalis\u00e9.<\/p>\n<\/div><\/div>\n\n\n\n<div class=\"wp-block-group has-nv-site-bg-background-color has-background\" style=\"border-left-color:var(--wp--preset--color--neve-link-hover-color);border-left-width:8px;padding-top:var(--wp--preset--spacing--60);padding-right:var(--wp--preset--spacing--50);padding-bottom:var(--wp--preset--spacing--30);padding-left:var(--wp--preset--spacing--50)\"><div class=\"wp-block-group__inner-container is-layout-constrained wp-container-core-group-is-layout-68dbf2b9 wp-block-group-is-layout-constrained\">\n<h3 class=\"wp-block-heading\">03 - Vol<\/h3>\n\n\n\n<p>D\u00e9collez \u00e0 bord du L-39 pour une aventure \u00e0 grande vitesse remplie de loopings, de tonneaux et de virages. Vous aurez \u00e9galement la chance de piloter l'avion.<\/p>\n<\/div><\/div>\n\n\n\n<div class=\"wp-block-group has-nv-site-bg-background-color has-background\" style=\"border-left-color:var(--wp--preset--color--nv-text-dark-bg);border-left-width:8px;padding-top:var(--wp--preset--spacing--60);padding-right:var(--wp--preset--spacing--50);padding-bottom:var(--wp--preset--spacing--30);padding-left:var(--wp--preset--spacing--50)\"><div class=\"wp-block-group__inner-container is-layout-constrained wp-container-core-group-is-layout-68dbf2b9 wp-block-group-is-layout-constrained\">\n<h3 class=\"wp-block-heading\">04 - D\u00e9briefing<\/h3>\n\n\n\n<p>Apr\u00e8s l'atterrissage, d\u00e9gustez des rafra\u00eechissements, prenez des photos avec le jet et discutez avec votre pilote de ses exp\u00e9riences remarquables.<\/p>\n<\/div><\/div>\n<\/div>\n<\/div>\n<\/div><\/div>\n\n\n\n<div class=\"wp-block-cover alignfull\" style=\"padding-top:var(--wp--preset--spacing--80);padding-right:var(--wp--preset--spacing--50);padding-bottom:var(--wp--preset--spacing--80);padding-left:var(--wp--preset--spacing--50)\"><span aria-hidden=\"true\" class=\"wp-block-cover__background has-neve-text-color-background-color has-background-dim-100 has-background-dim\"><\/span><div class=\"wp-block-cover__inner-container is-layout-flow wp-block-cover-is-layout-flow\">\n<div class=\"wp-block-columns has-neve-text-color-color has-text-color has-link-color wp-elements-1793f69d9a1305221e06e4a73ed7598c is-layout-flex wp-container-core-columns-is-layout-9d6595d7 wp-block-columns-is-layout-flex\">\n<div class=\"wp-block-column is-vertically-aligned-top is-layout-flow wp-block-column-is-layout-flow\">\n<p class=\"has-text-align-center big-number has-nv-dark-bg-color has-text-color has-link-color wp-elements-7e612bda57bda529f54e8da88b244299\" style=\"font-size:220px\"><strong>05<\/strong><\/p>\n\n\n\n<h2 class=\"wp-block-heading has-text-align-center has-nv-light-bg-color has-text-color has-link-color wp-elements-0a4d946587775a2209fc0b9a4906f27e\">Se rendre sur place<\/h2>\n\n\n\n<p class=\"has-text-align-center has-nv-light-bg-color has-text-color has-link-color wp-elements-a42ce1811d31a0b792e78d91ad49a0d9\">Situ\u00e9e \u00e0 l'a\u00e9roport international de Riga, la base a\u00e9rienne est facilement accessible. Que vous arriviez \u00e0 Riga en voiture, en taxi ou en avion, il est facile de rejoindre ce centre a\u00e9ronautique de classe mondiale. Des transferts facultatifs depuis le centre-ville de Riga peuvent \u00e9galement \u00eatre organis\u00e9s pour un d\u00e9but d'aventure sans stress.<\/p>\n\n\n\n<div class=\"leaflet-map WPLeafletMap\" style=\"height:800px; width:100%;\"><\/div><script>\nwindow.WPLeafletMapPlugin = window.WPLeafletMapPlugin || [];\nwindow.WPLeafletMapPlugin.push(function WPLeafletMapShortcode() {\/*<script>*\/\nvar baseUrl = atob('aHR0cHM6Ly90aWxlcy1ldS5zdGFkaWFtYXBzLmNvbS90aWxlcy9zdGFtZW5fdG9uZXIve3p9L3t4fS97eX17cn0ucG5n');\nvar base = (!baseUrl && window.MQ) ?\n    window.MQ.mapLayer() : L.tileLayer(baseUrl,\n        L.Util.extend({}, {\n            detectRetina: 0,\n        },\n        {\"subdomains\":\"abc\",\"noWrap\":false,\"maxZoom\":19}        )\n    );\n    var options = L.Util.extend({}, {\n        layers: [base],\n        attributionControl: false\n    },\n    {\"zoomControl\":true,\"scrollWheelZoom\":true,\"doubleClickZoom\":true,\"fitBounds\":false,\"minZoom\":0,\"maxZoom\":19,\"maxBounds\":null,\"attribution\":\"<a href=\\\"http:\\\/\\\/leafletjs.com\\\" title=\\\"Une biblioth\\u00e8que JS pour des cartes interactives\\\">Leaflet<\\\/a>; \\u00a9 <a href=\\\"http:\\\/\\\/www.openstreetmap.org\\\/copyright\\\">OpenStreetMap<\\\/a> contributeurs\\\/contributrices\"},\n    {});\nwindow.WPLeafletMapPlugin.createMap(options).setView([56.923611,23.971667],5);});<\/script>\n\n\n\n<script>\nwindow.WPLeafletMapPlugin = window.WPLeafletMapPlugin || [];\nwindow.WPLeafletMapPlugin.push(function WPLeafletMarkerShortcode() {\/*<script>*\/\nvar map = window.WPLeafletMapPlugin.getCurrentMap();\nvar group = window.WPLeafletMapPlugin.getCurrentGroup();\nvar marker_options = window.WPLeafletMapPlugin.getIconOptions({\"iconUrl\":\"https:\\\/\\\/dev.fktc.ch\\\/fjr\\\/assets\\\/marker-yellow.svg\",\"iconSize\":\"80,50\"});\nvar marker = L.marker(\n    [56.923611,23.971667],\n    marker_options\n);\nvar is_image = map.is_image_map;\nif (marker_options.draggable) {\n    marker.on('dragend', function () {\n        var latlng = this.getLatLng();\n        var lat = latlng.lat;\n        var lng = latlng.lng;\n        if (is_image) {\n            console.log('leaflet-marker y=' + lat + ' x=' + lng);\n        } else {\n            console.log('leaflet-marker lat=' + lat + ' lng=' + lng);\n        }\n    });\n}\nmarker.addTo( group );\nmarker.bindPopup(window.WPLeafletMapPlugin.unescape('\ud83d\ude80\ud83d\udc68\u200d\ud83d\ude80 The L-39 in Riga near Latvia\u2019s stunning countryside \ud83c\uddf1\ud83c\uddfb'));window.WPLeafletMapPlugin.markers.push( marker );\n        });<\/script>\n<\/div>\n<\/div>\n<\/div><\/div>\n\n\n\n<div class=\"wp-block-cover alignfull\" style=\"padding-top:var(--wp--preset--spacing--80);padding-right:var(--wp--preset--spacing--50);padding-bottom:var(--wp--preset--spacing--80);padding-left:var(--wp--preset--spacing--50)\"><span aria-hidden=\"true\" class=\"wp-block-cover__background has-nv-light-bg-background-color has-background-dim-100 has-background-dim\"><\/span><div class=\"wp-block-cover__inner-container is-layout-flow wp-block-cover-is-layout-flow\">\n<div class=\"wp-block-columns has-neve-text-color-color has-text-color has-link-color wp-elements-bf8fa8bd8c4c9dd5bd17cf362f37e3eb is-layout-flex wp-container-core-columns-is-layout-9d6595d7 wp-block-columns-is-layout-flex\">\n<div class=\"wp-block-column is-vertically-aligned-top is-layout-flow wp-block-column-is-layout-flow\" style=\"padding-right:0rem;padding-left:0rem\">\n<p class=\"has-text-align-center big-number has-nv-site-bg-color has-text-color has-link-color wp-elements-b1acbaf334e5e8065ff18a7021d692b3\" id=\"calendar\" style=\"font-size:220px\"><strong>06<\/strong><\/p>\n\n\n\n<h2 class=\"wp-block-heading has-text-align-center\">Disponibilit\u00e9<\/h2>\n\n\n\n<p class=\"has-text-align-center\">V\u00e9rifier la disponibilit\u00e9 et <strong><mark style=\"background-color:var(--nv-site-bg)\" class=\"has-inline-color has-nv-dark-bg-color\">cliquez sur n'importe quelle date pour commencer la r\u00e9servation<\/mark><\/strong><\/p>\n\n\n    <div style=\"display:none;\">MiGFlug DatePicker Version 1.2.2<\/div>\n\n    <div class=\"datepicker-container\" style=\"position: relative\">\n        <div class=\"datepicker-availability\" id=\"datepicker_69ec7873c89f6\"><\/div>\n    <\/div>\n    <script src=\"https:\/\/cdnjs.cloudflare.com\/ajax\/libs\/luxon\/3.4.3\/luxon.min.js\"><\/script>\n    <script type=\"text\/javascript\">\n        jQuery(document).ready(function ($) {\n            const { DateTime } = luxon;\n            const timezone = \"America\/New_York\";\n            var disabledDays = [];\n\n            let today = DateTime.now().setZone(timezone);\n            let maxDate = today.plus({ years: 3 });\n\n            const debouncedFetchDisabledDates = debounce(fetchDisabledDates, 300);\n\n            $(\"#datepicker_69ec7873c89f6\").datepicker({\n                changeMonth: true,\n                changeYear: true,\n                showOtherMonths: true,\n                selectOtherMonths: true,\n                yearRange: \"c-10:c+10\",\n                dateFormat: \"yy-dd-mm\",\n                minDate: 0,\n                maxDate: new Date(maxDate.year, maxDate.month - 1, maxDate.day),\n                monthNames: [\n                    \"January\", \"February\", \"March\", \"April\", \"May\", \"June\",\n                    \"July\", \"August\", \"September\", \"October\", \"November\", \"December\"\n                ],\n                monthNamesShort: [\n                    \"Jan\", \"Feb\", \"Mar\", \"Apr\", \"May\", \"Jun\",\n                    \"Jul\", \"Aug\", \"Sep\", \"Oct\", \"Nov\", \"Dec\"\n                ],\n                onSelect: function (dateText) {\n                    let parsedDate = $.datepicker.parseDate('yy-dd-mm', dateText);\n                    let finalDate = $.datepicker.formatDate('yy-mm-dd', parsedDate);\n\n                    let bookingURL = \"#pricing\";\n                    let popup_id = \"\";\n\n                    if (bookingURL !== \"\") {\n                        let fullURL = bookingURL + \"?datechoice=now&date=\" + finalDate +\n                            \"&region=\" + \"\" +\n                            \"&product=\" + \"\" +\n                            \"&eulocation=\" + \"\" +\n                            \"&uslocation=\" + \"\" +\n                            \"&referrer=\" + \"\" +\n                            \"&itlocation=\" + \"\" +\n                            \"&apaclocation=\" + \"\";\n                        window.open(fullURL, '_blank');\n                        showAvailableDay();\n                    } else if (popup_id !== \"\") {\n                        PUM.open('#' + popup_id);\n                        showAvailableDay();\n                    }\n                },\n                beforeShow: function (input, inst) {\n                    showAvailableDay();\n                },\n                beforeShowDay: function (date) {\n                    \/\/ Convert local date to the API timezone for comparison\n                    const localDt = DateTime.fromJSDate(date);\n                    \/\/ Format to check against our collection\n                    const dateToCheck = localDt.toFormat('yyyy-MM-dd');\n                    \n                    \/\/ Check if this date is in our available dates list\n                    const isAvailable = disabledDays.includes(dateToCheck);\n                    return [isAvailable];\n                },\n                onChangeMonthYear: function (year, month, inst) {\n                    debouncedFetchDisabledDates(year, month);\n                }\n            });\n\n            showAvailableDay();\n\n            function fetchDisabledDates(year, month, retryCount = 0) {\n                const appointmentId = \"1785496\";\n                const calendarId = \"697034\";\n                const cacheKey = `disabledDates_${calendarId}_${appointmentId}_${year}_${month}_${timezone}`;\n                const expirationTime = 24 * 60 * 60 * 1000;\n                const now = Date.now();\n                const yearMonth = year + '-' + (\"0\" + month).slice(-2);\n                const maxRetries = 3;\n                const $datepicker = $('.datepicker-availability');\n                $datepicker.append('<div class=\"datepicker-loader-overlay\"><\/div><div class=\"spinner\"><\/div>');\n\n                if (localStorage.getItem(cacheKey)) {\n                    const cachedData = JSON.parse(localStorage.getItem(cacheKey));\n                    if (cachedData && cachedData.expiration > now) {\n                        updateDisabledDates(cachedData.response);\n                        fetchDataForNextMonth(year, month);\n                        return;\n                    }\n                }\n\n                $.ajax({\n                    url: 'https:\/\/fighter-jet-rides.com\/wp-admin\/admin-ajax.php',\n                    method: 'GET',\n                    data: {\n                        action: 'datepicker_fetch_disabled_dates',\n                        yearMonth: yearMonth.trim(),\n                        calendarId: calendarId.trim(),\n                        appointmentId: appointmentId.trim(),\n                        timezone: timezone.trim(), \/\/ Add timezone to the AJAX request\n                    },\n                    dataType: 'json',\n                    timeout: 10000,\n                }).done(function (response) {\n                    const item = {\n                        response,\n                        expiration: now + expirationTime\n                    };\n                    localStorage.setItem(cacheKey, JSON.stringify(item));\n                    updateDisabledDates(response);\n                    fetchDataForNextMonth(year, month);\n                }).fail(function (xhr, status) {\n                    if ((status === \"timeout\" || status === \"error\") && retryCount < maxRetries) {\n                        fetchDisabledDates(year, month, retryCount + 1);\n                    } else {\n                        hideLoader();\n                    }\n                });\n            }\n\n            async function fetchDataForNextMonth(year, month) {\n                \/\/ Adjust year if we're in December\n                let nextYear = year;\n                let nextMonth = month === 12 ? 1 : month + 1;\n                if (month === 12) nextYear++;\n\n                const appointmentId = \"1785496\";\n                const calendarId = \"697034\";\n                const cacheKey = `disabledDates_${calendarId}_${appointmentId}_${nextYear}_${nextMonth}_${timezone}`;\n                const expirationTime = 24 * 60 * 60 * 1000;\n                const now = Date.now();\n                const yearMonth = nextYear + '-' + (\"0\" + nextMonth).slice(-2);\n\n                if (localStorage.getItem(cacheKey)) {\n                    const cachedData = JSON.parse(localStorage.getItem(cacheKey));\n                    if (cachedData && cachedData.expiration > now) {\n                        return;\n                    }\n                }\n\n                $.ajax({\n                    url: 'https:\/\/fighter-jet-rides.com\/wp-admin\/admin-ajax.php',\n                    method: 'GET',\n                    data: {\n                        action: 'datepicker_fetch_disabled_dates',\n                        yearMonth: yearMonth.trim(),\n                        calendarId: calendarId.trim(),\n                        appointmentId: appointmentId.trim(),\n                        timezone: timezone.trim(), \/\/ Add timezone to the AJAX request\n                    },\n                    dataType: 'json',\n                    timeout: 10000,\n                }).done(function (response) {\n                    const item = {\n                        response,\n                        expiration: now + expirationTime\n                    };\n                    localStorage.setItem(cacheKey, JSON.stringify(item));\n                }).fail(function () {\n                    hideLoader();\n                });\n            }\n\n            function updateDisabledDates(response) {\n                if (response && response.success) {\n                    \/\/ Store dates in YYYY-MM-DD format directly from API\n                    disabledDays = response.data.map(function (item) {\n                        return item.date; \/\/ API already returns dates in the requested timezone\n                    });\n                    $('#datepicker_69ec7873c89f6').datepicker('refresh');\n                }\n                hideLoader();\n            }\n\n            function showAvailableDay() {\n                let date = DateTime.now().setZone(timezone);\n                fetchDisabledDates(date.year, date.month);\n            }\n\n            function hideLoader() {\n                $('.datepicker-loader-overlay, .spinner').remove();\n            }\n\n            function debounce(func, wait) {\n                let timeout;\n                return function (...args) {\n                    const context = this;\n                    clearTimeout(timeout);\n                    timeout = setTimeout(() => func.apply(context, args), wait);\n                };\n            }\n        });\n    <\/script>\n    \n<\/div>\n<\/div>\n<\/div><\/div>\n\n\n\n<section class=\"wp-block-cover alignfull\" style=\"padding-top:var(--wp--preset--spacing--80);padding-right:var(--wp--preset--spacing--40);padding-bottom:var(--wp--preset--spacing--80);padding-left:var(--wp--preset--spacing--40)\"><span aria-hidden=\"true\" class=\"wp-block-cover__background has-neve-text-color-background-color has-background-dim\"><\/span><img loading=\"lazy\" decoding=\"async\" width=\"2560\" height=\"1707\" class=\"wp-block-cover__image-background wp-image-937\" alt=\"\" src=\"https:\/\/fighter-jet-rides.com\/wp-content\/uploads\/2025\/01\/pexels-gijs-jakobs-155324371-11105437-scaled.jpg\" data-object-fit=\"cover\" srcset=\"https:\/\/fighter-jet-rides.com\/wp-content\/uploads\/2025\/01\/pexels-gijs-jakobs-155324371-11105437-scaled.jpg 2560w, https:\/\/fighter-jet-rides.com\/wp-content\/uploads\/2025\/01\/pexels-gijs-jakobs-155324371-11105437-300x200.jpg 300w, https:\/\/fighter-jet-rides.com\/wp-content\/uploads\/2025\/01\/pexels-gijs-jakobs-155324371-11105437-1024x683.jpg 1024w, https:\/\/fighter-jet-rides.com\/wp-content\/uploads\/2025\/01\/pexels-gijs-jakobs-155324371-11105437-768x512.jpg 768w\" sizes=\"auto, (max-width: 2560px) 100vw, 2560px\" \/><div class=\"wp-block-cover__inner-container is-layout-constrained wp-container-core-cover-is-layout-cd625289 wp-block-cover-is-layout-constrained\">\n<div class=\"wp-block-columns are-vertically-aligned-center is-layout-flex wp-container-core-columns-is-layout-9d6595d7 wp-block-columns-is-layout-flex\">\n<div class=\"wp-block-column is-vertically-aligned-center is-layout-flow wp-block-column-is-layout-flow\">\n<div class=\"wp-block-group has-nv-text-dark-bg-color has-text-color has-link-color wp-elements-03820e42c80cdd1e1033d8f1151ab950\"><div class=\"wp-block-group__inner-container is-layout-flow wp-block-group-is-layout-flow\">\n<p class=\"has-text-align-center big-number has-text-color has-link-color wp-elements-2a6a51a85a796ce6eea6527b9bcd760e\" style=\"color:#ffffff1c;font-size:220px\"><strong>07<\/strong><\/p>\n\n\n\n<h2 class=\"wp-block-heading has-text-align-center\">T\u00e9moignages<\/h2>\n\n\n\n<div style=\"height:80px\" aria-hidden=\"true\" class=\"wp-block-spacer\"><\/div>\n<\/div><\/div>\n<\/div>\n<\/div>\n\n\n\n<div class=\"wp-block-columns has-nv-text-dark-bg-color has-text-color has-link-color wp-elements-0425d5f61f6bf4c8a2d1870f081a85a5 is-layout-flex wp-container-core-columns-is-layout-9d6595d7 wp-block-columns-is-layout-flex\">\n<div class=\"wp-block-column has-neve-text-color-color has-nv-site-bg-background-color has-text-color has-background has-link-color wp-elements-78c749849b41d7e7c7a56631731aa621 is-layout-flow wp-block-column-is-layout-flow\" style=\"border-bottom-color:var(--wp--preset--color--neve-link-hover-color);border-bottom-width:8px;padding-top:var(--wp--preset--spacing--70);padding-right:var(--wp--preset--spacing--50);padding-bottom:var(--wp--preset--spacing--70);padding-left:var(--wp--preset--spacing--50)\"><div class=\"wp-block-image\">\n<figure class=\"aligncenter size-full is-resized has-custom-border\"><img loading=\"lazy\" decoding=\"async\" width=\"2553\" height=\"1362\" src=\"https:\/\/fighter-jet-rides.com\/wp-content\/uploads\/2025\/01\/L-39-Riga-Selfie.jpg\" alt=\"\" class=\"wp-image-957\" style=\"border-radius:999px;aspect-ratio:1;object-fit:cover;width:303px;height:auto\" srcset=\"https:\/\/fighter-jet-rides.com\/wp-content\/uploads\/2025\/01\/L-39-Riga-Selfie.jpg 2553w, https:\/\/fighter-jet-rides.com\/wp-content\/uploads\/2025\/01\/L-39-Riga-Selfie-300x160.jpg 300w, https:\/\/fighter-jet-rides.com\/wp-content\/uploads\/2025\/01\/L-39-Riga-Selfie-1024x546.jpg 1024w, https:\/\/fighter-jet-rides.com\/wp-content\/uploads\/2025\/01\/L-39-Riga-Selfie-768x410.jpg 768w, https:\/\/fighter-jet-rides.com\/wp-content\/uploads\/2025\/01\/L-39-Riga-Selfie-1536x819.jpg 1536w, https:\/\/fighter-jet-rides.com\/wp-content\/uploads\/2025\/01\/L-39-Riga-Selfie-2048x1093.jpg 2048w, https:\/\/fighter-jet-rides.com\/wp-content\/uploads\/2025\/01\/L-39-Riga-Selfie-18x10.jpg 18w\" sizes=\"auto, (max-width: 2553px) 100vw, 2553px\" \/><\/figure>\n<\/div>\n\n\n<div style=\"height:32px\" aria-hidden=\"true\" class=\"wp-block-spacer\"><\/div>\n\n\n\n<h3 class=\"wp-block-heading has-text-align-center\">Ronen Ben yehoshua - Lettonie<\/h3>\n\n\n\n<p class=\"has-text-align-center\"><em>&#8220;<\/em> J'ai appr\u00e9ci\u00e9 d\u00e8s le d\u00e9but quand j'ai rencontr\u00e9 Valeri (le pilote) Il m'a expliqu\u00e9 ce que nous allions faire avec le sourire Il m'a laiss\u00e9 remplir le jet L'exp\u00e9rience \u00e9tait 10 sur 10.  Je vous remercie ! <em>&#8220;<\/em><\/p>\n\n\n<div class=\"wp-block-image\">\n<figure class=\"aligncenter size-full is-resized\"><img decoding=\"async\" src=\"https:\/\/fighter-jet-rides.com\/wp-content\/uploads\/2025\/01\/ronen-ben-yehoshua.svg\" alt=\"\" class=\"wp-image-956\" style=\"width:auto;height:40px\"\/><\/figure>\n<\/div><\/div>\n\n\n\n<div class=\"wp-block-column has-neve-text-color-color has-nv-site-bg-background-color has-text-color has-background has-link-color wp-elements-3138084f46fdedbcec5ed9fbfd74a9f2 is-layout-flow wp-block-column-is-layout-flow\" style=\"border-bottom-color:var(--wp--preset--color--nv-text-dark-bg);border-bottom-width:8px;padding-top:var(--wp--preset--spacing--70);padding-right:var(--wp--preset--spacing--50);padding-bottom:var(--wp--preset--spacing--70);padding-left:var(--wp--preset--spacing--50)\"><div class=\"wp-block-image\">\n<figure class=\"aligncenter size-full is-resized has-custom-border\"><img loading=\"lazy\" decoding=\"async\" width=\"2560\" height=\"1707\" src=\"https:\/\/fighter-jet-rides.com\/wp-content\/uploads\/2025\/01\/IMG_6523-scaled.jpg\" alt=\"\" class=\"wp-image-958\" style=\"border-radius:999px;aspect-ratio:1;object-fit:cover;width:304px;height:auto\" srcset=\"https:\/\/fighter-jet-rides.com\/wp-content\/uploads\/2025\/01\/IMG_6523-scaled.jpg 2560w, https:\/\/fighter-jet-rides.com\/wp-content\/uploads\/2025\/01\/IMG_6523-300x200.jpg 300w, https:\/\/fighter-jet-rides.com\/wp-content\/uploads\/2025\/01\/IMG_6523-1024x683.jpg 1024w, https:\/\/fighter-jet-rides.com\/wp-content\/uploads\/2025\/01\/IMG_6523-768x512.jpg 768w\" sizes=\"auto, (max-width: 2560px) 100vw, 2560px\" \/><\/figure>\n<\/div>\n\n\n<div style=\"height:32px\" aria-hidden=\"true\" class=\"wp-block-spacer\"><\/div>\n\n\n\n<h3 class=\"wp-block-heading has-text-align-center\">Debarshi Maitra - Lettonie<\/h3>\n\n\n\n<p class=\"has-text-align-center\"><em>&#8220;<\/em> Mon exp\u00e9rience de 20 minutes de vol en formation avec Migflug a \u00e9t\u00e9 excellente. Tout le monde \u00e9tait tr\u00e8s professionnel et les pilotes \u00e9taient tr\u00e8s comp\u00e9tents. A recommander sans h\u00e9siter. \"<\/p>\n\n\n<div class=\"wp-block-image\">\n<figure class=\"aligncenter size-full is-resized\"><img decoding=\"async\" src=\"https:\/\/fighter-jet-rides.com\/wp-content\/uploads\/2025\/01\/debarshi-maitra.svg\" alt=\"\" class=\"wp-image-955\" style=\"width:auto;height:40px\"\/><\/figure>\n<\/div><\/div>\n<\/div>\n<\/div><\/section>\n\n\n\n<div class=\"wp-block-cover alignfull has-neve-text-color-color has-text-color has-link-color wp-elements-14cbc561489da449c426d7f7adf40497\" style=\"padding-top:var(--wp--preset--spacing--80);padding-right:var(--wp--preset--spacing--40);padding-bottom:var(--wp--preset--spacing--80);padding-left:var(--wp--preset--spacing--40)\"><span aria-hidden=\"true\" class=\"wp-block-cover__background has-nv-site-bg-background-color has-background-dim-100 has-background-dim\"><\/span><div class=\"wp-block-cover__inner-container is-layout-flow wp-block-cover-is-layout-flow\">\n<div class=\"wp-block-columns is-layout-flex wp-container-core-columns-is-layout-9d6595d7 wp-block-columns-is-layout-flex\">\n<div class=\"wp-block-column is-layout-flow wp-block-column-is-layout-flow\" style=\"flex-basis:100%\">\n<div class=\"wp-block-group is-vertical is-content-justification-center is-layout-flex wp-container-core-group-is-layout-4b2eccd6 wp-block-group-is-layout-flex\">\n<p class=\"big-number has-nv-light-bg-color has-text-color has-link-color wp-elements-a7fd32131fbdfd6fd566c5b9b1686a04\" style=\"font-size:220px\"><strong>0<\/strong>8<\/p>\n\n\n\n<h2 class=\"wp-block-heading has-text-align-center has-neve-text-color-color has-text-color has-link-color wp-elements-e0561d289cad4c05cbdbcf696a6081b6\">Galerie<\/h2>\n\n\n\n<p class=\"has-text-align-center has-neve-text-color-color has-text-color has-link-color wp-elements-0ba4c4eb1f12e55a7ac9608bfef20cf1\">Riga<\/p>\n\n\n\n<div style=\"height:0px\" aria-hidden=\"true\" class=\"wp-block-spacer wp-container-content-f9bd05ee\"><\/div>\n<\/div>\n<\/div>\n<\/div>\n\n\n\n<figure class=\"wp-block-gallery has-nested-images columns-3 is-cropped wp-block-gallery-1 is-layout-flex wp-block-gallery-is-layout-flex\">\n<figure class=\"wp-block-image size-large\"><img loading=\"lazy\" decoding=\"async\" width=\"1024\" height=\"683\" data-id=\"959\" src=\"https:\/\/fighter-jet-rides.com\/wp-content\/uploads\/2025\/01\/11411724_10153293938232752_7945081181947135260_o-1024x683.jpg\" alt=\"\" class=\"wp-image-959\" srcset=\"https:\/\/fighter-jet-rides.com\/wp-content\/uploads\/2025\/01\/11411724_10153293938232752_7945081181947135260_o-1024x683.jpg 1024w, https:\/\/fighter-jet-rides.com\/wp-content\/uploads\/2025\/01\/11411724_10153293938232752_7945081181947135260_o-300x200.jpg 300w, https:\/\/fighter-jet-rides.com\/wp-content\/uploads\/2025\/01\/11411724_10153293938232752_7945081181947135260_o-768x512.jpg 768w, https:\/\/fighter-jet-rides.com\/wp-content\/uploads\/2025\/01\/11411724_10153293938232752_7945081181947135260_o-1536x1024.jpg 1536w, https:\/\/fighter-jet-rides.com\/wp-content\/uploads\/2025\/01\/11411724_10153293938232752_7945081181947135260_o-18x12.jpg 18w, https:\/\/fighter-jet-rides.com\/wp-content\/uploads\/2025\/01\/11411724_10153293938232752_7945081181947135260_o-930x620.jpg 930w, https:\/\/fighter-jet-rides.com\/wp-content\/uploads\/2025\/01\/11411724_10153293938232752_7945081181947135260_o.jpg 2048w\" sizes=\"auto, (max-width: 1024px) 100vw, 1024px\" \/><\/figure>\n\n\n\n<figure class=\"wp-block-image size-full\"><img loading=\"lazy\" decoding=\"async\" width=\"1920\" height=\"1080\" data-id=\"960\" src=\"https:\/\/fighter-jet-rides.com\/wp-content\/uploads\/2025\/01\/L-39-Riga.jpg\" alt=\"\" class=\"wp-image-960\" srcset=\"https:\/\/fighter-jet-rides.com\/wp-content\/uploads\/2025\/01\/L-39-Riga.jpg 1920w, https:\/\/fighter-jet-rides.com\/wp-content\/uploads\/2025\/01\/L-39-Riga-300x169.jpg 300w, https:\/\/fighter-jet-rides.com\/wp-content\/uploads\/2025\/01\/L-39-Riga-1024x576.jpg 1024w, https:\/\/fighter-jet-rides.com\/wp-content\/uploads\/2025\/01\/L-39-Riga-768x432.jpg 768w, https:\/\/fighter-jet-rides.com\/wp-content\/uploads\/2025\/01\/L-39-Riga-1536x864.jpg 1536w, https:\/\/fighter-jet-rides.com\/wp-content\/uploads\/2025\/01\/L-39-Riga-18x10.jpg 18w\" sizes=\"auto, (max-width: 1920px) 100vw, 1920px\" \/><\/figure>\n\n\n\n<figure class=\"wp-block-image size-full\"><img loading=\"lazy\" decoding=\"async\" width=\"900\" height=\"700\" data-id=\"961\" src=\"https:\/\/fighter-jet-rides.com\/wp-content\/uploads\/2025\/01\/Linthal-Glarus-Mollis-Airshow.jpg\" alt=\"\" class=\"wp-image-961\" srcset=\"https:\/\/fighter-jet-rides.com\/wp-content\/uploads\/2025\/01\/Linthal-Glarus-Mollis-Airshow.jpg 900w, https:\/\/fighter-jet-rides.com\/wp-content\/uploads\/2025\/01\/Linthal-Glarus-Mollis-Airshow-300x233.jpg 300w, https:\/\/fighter-jet-rides.com\/wp-content\/uploads\/2025\/01\/Linthal-Glarus-Mollis-Airshow-768x597.jpg 768w, https:\/\/fighter-jet-rides.com\/wp-content\/uploads\/2025\/01\/Linthal-Glarus-Mollis-Airshow-15x12.jpg 15w\" sizes=\"auto, (max-width: 900px) 100vw, 900px\" \/><\/figure>\n\n\n\n<figure class=\"wp-block-image size-full\"><img loading=\"lazy\" decoding=\"async\" width=\"1920\" height=\"1080\" data-id=\"962\" src=\"https:\/\/fighter-jet-rides.com\/wp-content\/uploads\/2025\/01\/BalticBees-Aerofestival-FP-65.jpg\" alt=\"\" class=\"wp-image-962\" srcset=\"https:\/\/fighter-jet-rides.com\/wp-content\/uploads\/2025\/01\/BalticBees-Aerofestival-FP-65.jpg 1920w, https:\/\/fighter-jet-rides.com\/wp-content\/uploads\/2025\/01\/BalticBees-Aerofestival-FP-65-300x169.jpg 300w, https:\/\/fighter-jet-rides.com\/wp-content\/uploads\/2025\/01\/BalticBees-Aerofestival-FP-65-1024x576.jpg 1024w, https:\/\/fighter-jet-rides.com\/wp-content\/uploads\/2025\/01\/BalticBees-Aerofestival-FP-65-768x432.jpg 768w, https:\/\/fighter-jet-rides.com\/wp-content\/uploads\/2025\/01\/BalticBees-Aerofestival-FP-65-1536x864.jpg 1536w, https:\/\/fighter-jet-rides.com\/wp-content\/uploads\/2025\/01\/BalticBees-Aerofestival-FP-65-18x10.jpg 18w\" sizes=\"auto, (max-width: 1920px) 100vw, 1920px\" \/><\/figure>\n\n\n\n<figure class=\"wp-block-image size-full\"><img loading=\"lazy\" decoding=\"async\" width=\"2560\" height=\"1708\" data-id=\"963\" src=\"https:\/\/fighter-jet-rides.com\/wp-content\/uploads\/2025\/01\/bees15-218-scaled.jpg\" alt=\"\" class=\"wp-image-963\" srcset=\"https:\/\/fighter-jet-rides.com\/wp-content\/uploads\/2025\/01\/bees15-218-scaled.jpg 2560w, https:\/\/fighter-jet-rides.com\/wp-content\/uploads\/2025\/01\/bees15-218-300x200.jpg 300w, https:\/\/fighter-jet-rides.com\/wp-content\/uploads\/2025\/01\/bees15-218-1024x683.jpg 1024w, https:\/\/fighter-jet-rides.com\/wp-content\/uploads\/2025\/01\/bees15-218-768x513.jpg 768w, https:\/\/fighter-jet-rides.com\/wp-content\/uploads\/2025\/01\/bees15-218-1536x1025.jpg 1536w, https:\/\/fighter-jet-rides.com\/wp-content\/uploads\/2025\/01\/bees15-218-2048x1367.jpg 2048w, https:\/\/fighter-jet-rides.com\/wp-content\/uploads\/2025\/01\/bees15-218-18x12.jpg 18w, https:\/\/fighter-jet-rides.com\/wp-content\/uploads\/2025\/01\/bees15-218-930x620.jpg 930w\" sizes=\"auto, (max-width: 2560px) 100vw, 2560px\" \/><\/figure>\n\n\n\n<figure class=\"wp-block-image size-full\"><img loading=\"lazy\" decoding=\"async\" width=\"1200\" height=\"1200\" data-id=\"942\" src=\"https:\/\/fighter-jet-rides.com\/wp-content\/uploads\/2025\/01\/Kampfjet-fliegen-Sion-Schweiz.jpg\" alt=\"\" class=\"wp-image-942\" srcset=\"https:\/\/fighter-jet-rides.com\/wp-content\/uploads\/2025\/01\/Kampfjet-fliegen-Sion-Schweiz.jpg 1200w, https:\/\/fighter-jet-rides.com\/wp-content\/uploads\/2025\/01\/Kampfjet-fliegen-Sion-Schweiz-300x300.jpg 300w, https:\/\/fighter-jet-rides.com\/wp-content\/uploads\/2025\/01\/Kampfjet-fliegen-Sion-Schweiz-1024x1024.jpg 1024w, https:\/\/fighter-jet-rides.com\/wp-content\/uploads\/2025\/01\/Kampfjet-fliegen-Sion-Schweiz-150x150.jpg 150w, https:\/\/fighter-jet-rides.com\/wp-content\/uploads\/2025\/01\/Kampfjet-fliegen-Sion-Schweiz-768x768.jpg 768w, https:\/\/fighter-jet-rides.com\/wp-content\/uploads\/2025\/01\/Kampfjet-fliegen-Sion-Schweiz-12x12.jpg 12w\" sizes=\"auto, (max-width: 1200px) 100vw, 1200px\" \/><\/figure>\n<\/figure>\n<\/div><\/div>\n\n\n\n<div class=\"wp-block-cover alignfull\" style=\"padding-top:var(--wp--preset--spacing--80);padding-right:var(--wp--preset--spacing--50);padding-bottom:var(--wp--preset--spacing--80);padding-left:var(--wp--preset--spacing--50)\"><span aria-hidden=\"true\" class=\"wp-block-cover__background has-neve-text-color-background-color has-background-dim-100 has-background-dim\"><\/span><div class=\"wp-block-cover__inner-container is-layout-flow wp-block-cover-is-layout-flow\">\n<p class=\"has-text-align-center big-number has-nv-dark-bg-color has-text-color has-link-color wp-elements-3a406c462527867313f211aa11578edb\" id=\"pricing\" style=\"font-size:220px\"><strong>09<\/strong><\/p>\n\n\n\n<h2 class=\"wp-block-heading has-text-align-center\">Prix et r\u00e9servations<\/h2>\n\n\n\n<div class=\"wp-block-columns has-neve-text-color-color has-text-color has-link-color wp-elements-dec6df821189fdfb71c9e430ed012811 is-layout-flex wp-container-core-columns-is-layout-9d6595d7 wp-block-columns-is-layout-flex\">\n<div class=\"wp-block-column is-vertically-aligned-top is-layout-flow wp-block-column-is-layout-flow\">\n<div class=\"wp-block-group has-nv-site-bg-background-color has-background\" style=\"border-top-color:var(--wp--preset--color--nv-text-dark-bg);border-top-width:8px;border-right-style:none;border-right-width:0px;border-bottom-style:none;border-bottom-width:0px;border-left-style:none;border-left-width:0px;padding-top:var(--wp--preset--spacing--60);padding-right:var(--wp--preset--spacing--50);padding-bottom:var(--wp--preset--spacing--60);padding-left:var(--wp--preset--spacing--50)\"><div class=\"wp-block-group__inner-container is-layout-constrained wp-container-core-group-is-layout-fcc72f54 wp-block-group-is-layout-constrained\">\n<h3 class=\"wp-block-heading has-text-align-center has-large-font-size\">Baltic Blitz<\/h3>\n\n\n\n<div class=\"wp-block-group is-vertical is-content-justification-center is-layout-flex wp-container-core-group-is-layout-4b2eccd6 wp-block-group-is-layout-flex\">\n<h4 class=\"wp-block-heading has-neve-text-color-color has-text-color has-link-color has-x-large-font-size wp-elements-f17efb4c56a5136ed675ecbccae10e5a\">2 600,00 EUR<\/h4>\n\n\n\n<p>par vol<\/p>\n<\/div>\n\n\n\n<hr class=\"wp-block-separator has-text-color has-nv-light-bg-color has-alpha-channel-opacity has-nv-light-bg-background-color has-background\"\/>\n\n\n\n<p class=\"has-text-align-center\">Briefing<br>25 minutes de temps de vol<\/p>\n\n\n\n<div class=\"wp-block-buttons is-content-justification-center is-layout-flex wp-container-core-buttons-is-layout-16018d1d wp-block-buttons-is-layout-flex\">\n<div class=\"wp-block-button is-style-default\"><a class=\"wp-block-button__link has-nv-text-dark-bg-color has-neve-text-color-background-color has-text-color has-background has-link-color wp-element-button\" href=\"https:\/\/fighter-jet-rides.com\/fr\/reservation\/?params=hideregionselector&amp;region=rest&amp;eulocation=LV-RIGA-L39&amp;referrer=pdp&amp;utm_source=fjr\">R\u00c9SERVEZ MAINTENANT<\/a><\/div>\n<\/div>\n<\/div><\/div>\n<\/div>\n\n\n\n<div class=\"wp-block-column is-vertically-aligned-top is-layout-flow wp-block-column-is-layout-flow\">\n<div class=\"wp-block-group has-nv-site-bg-background-color has-background\" style=\"border-top-color:var(--wp--preset--color--neve-link-hover-color);border-top-width:8px;border-right-style:none;border-right-width:0px;border-bottom-style:none;border-bottom-width:0px;border-left-style:none;border-left-width:0px;padding-top:var(--wp--preset--spacing--60);padding-right:var(--wp--preset--spacing--50);padding-bottom:var(--wp--preset--spacing--60);padding-left:var(--wp--preset--spacing--50)\"><div class=\"wp-block-group__inner-container is-layout-constrained wp-container-core-group-is-layout-fcc72f54 wp-block-group-is-layout-constrained\">\n<h3 class=\"wp-block-heading has-text-align-center has-large-font-size\">Conqu\u00e9rant du ciel RiGA<\/h3>\n\n\n\n<div class=\"wp-block-group is-vertical is-content-justification-center is-layout-flex wp-container-core-group-is-layout-4b2eccd6 wp-block-group-is-layout-flex\">\n<h4 class=\"wp-block-heading has-neve-link-hover-color-color has-text-color has-link-color has-x-large-font-size wp-elements-a379677aaaa4006266d002c7f81923bc\">3 800,00 EUR<\/h4>\n\n\n\n<p>par vol<\/p>\n<\/div>\n\n\n\n<hr class=\"wp-block-separator has-text-color has-nv-light-bg-color has-alpha-channel-opacity has-nv-light-bg-background-color has-background\"\/>\n\n\n\n<p class=\"has-text-align-center\">Briefing<\/p>\n\n\n\n<p class=\"has-text-align-center\">35 minutes de temps de vol<\/p>\n\n\n\n<p class=\"has-text-align-center\">Vid\u00e9o en vol<\/p>\n\n\n\n<div class=\"wp-block-buttons is-content-justification-center is-layout-flex wp-container-core-buttons-is-layout-16018d1d wp-block-buttons-is-layout-flex\">\n<div class=\"wp-block-button is-style-default\"><a class=\"wp-block-button__link has-nv-text-dark-bg-color has-neve-link-hover-color-background-color has-text-color has-background has-link-color wp-element-button\" href=\"https:\/\/fighter-jet-rides.com\/fr\/reservation\/?params=hideregionselector&amp;region=rest&amp;eulocation=LV-RIGA-L39&amp;referrer=pdp&amp;utm_source=fjr\">R\u00c9SERVEZ MAINTENANT<\/a><\/div>\n<\/div>\n<\/div><\/div>\n<\/div>\n<\/div>\n<\/div><\/div>\n\n\n\n<div class=\"wp-block-cover alignfull has-neve-text-color-color has-text-color has-link-color wp-elements-90f33d651e271315999428ccc9fa9097\" style=\"padding-top:var(--wp--preset--spacing--80);padding-right:var(--wp--preset--spacing--40);padding-bottom:var(--wp--preset--spacing--80);padding-left:var(--wp--preset--spacing--40)\"><span aria-hidden=\"true\" class=\"wp-block-cover__background has-nv-site-bg-background-color has-background-dim-100 has-background-dim\"><\/span><div class=\"wp-block-cover__inner-container is-layout-flow wp-block-cover-is-layout-flow\">\n<div class=\"wp-block-columns is-layout-flex wp-container-core-columns-is-layout-9d6595d7 wp-block-columns-is-layout-flex\">\n<div class=\"wp-block-column is-layout-flow wp-block-column-is-layout-flow\" style=\"flex-basis:100%\">\n<div class=\"wp-block-group\"><div class=\"wp-block-group__inner-container is-layout-constrained wp-block-group-is-layout-constrained\">\n<p class=\"big-number has-nv-light-bg-color has-text-color has-link-color wp-elements-93f01c170b049a433dc9659f7dc4877c\" style=\"font-size:220px\">10<\/p>\n\n\n\n<h2 class=\"wp-block-heading has-text-align-center has-neve-text-color-color has-text-color has-link-color wp-elements-a7b4be59732789a23039606275ff32c2\">FAQ<\/h2>\n\n\n\n<p class=\"has-text-align-center has-neve-text-color-color has-text-color has-link-color wp-elements-9cca6875f495bf6c958d055d2ed65647\">R\u00e9ponses aux questions fr\u00e9quemment pos\u00e9es<\/p>\n\n\n<ul style=\"padding-top:0;padding-bottom:0;padding-left:0;padding-right:0\" class=\"wp-block-tt-accordion\">\n<li class=\"wp-block-tt-accordion-item wp-block-tt-accordion-item-2 has-background has-nv-text-dark-bg-background-color\"><h3 class=\"wp-block-tt-accordion-item-header\"><button class=\"wp-block-tt-accordion-item-header-button\" id=\"wp-block-tt-accordion-item-header-button-fa56e4c9-6afd-4e63-b1fe-551b8779b3f0\" type=\"button\"><span class=\"wp-block-tt-accordion-item-header-button-text\">Dois-je \u00eatre pilote pour participer \u00e0 un tel vol ?<\/span><span class=\"wp-block-tt-accordion-item-header-button-icon-arrow\" aria-hidden=\"true\"><svg version=\"1.1\" xmlns=\"http:\/\/www.w3.org\/2000\/svg\" width=\"24px\" height=\"24px\" viewbox=\"0 0 24 24\" aria-hidden=\"true\" focusable=\"false\"><polyline points=\"4.711,8 12,15.289 19.289,8\" stroke=\"black\" stroke-width=\"2\" fill=\"none\" \/><\/svg><\/span><\/button><\/h3><div class=\"wp-block-tt-accordion-item-panel open\" id=\"wp-block-tt-accordion-item-panel-fa56e4c9-6afd-4e63-b1fe-551b8779b3f0\" role=\"region\">\n\n<p class=\"has-nv-text-dark-bg-background-color has-background\">Non, ce vol est ouvert \u00e0 tous.<\/p>\n\n<\/div><\/li>\n\n<li class=\"wp-block-tt-accordion-item wp-block-tt-accordion-item-3 has-background has-nv-site-bg-background-color\"><h3 class=\"wp-block-tt-accordion-item-header\"><button class=\"wp-block-tt-accordion-item-header-button\" id=\"wp-block-tt-accordion-item-header-button-ef7684ec-f304-436b-8a17-fad972eb334c\" type=\"button\"><span class=\"wp-block-tt-accordion-item-header-button-text\">D'o\u00f9 d\u00e9collent les vols ?<\/span><span class=\"wp-block-tt-accordion-item-header-button-icon-arrow\" aria-hidden=\"true\"><svg version=\"1.1\" xmlns=\"http:\/\/www.w3.org\/2000\/svg\" width=\"24px\" height=\"24px\" viewbox=\"0 0 24 24\" aria-hidden=\"true\" focusable=\"false\"><polyline points=\"4.711,8 12,15.289 19.289,8\" stroke=\"black\" stroke-width=\"2\" fill=\"none\" \/><\/svg><\/span><\/button><\/h3><div class=\"wp-block-tt-accordion-item-panel open\" id=\"wp-block-tt-accordion-item-panel-ef7684ec-f304-436b-8a17-fad972eb334c\" role=\"region\">\n\n<p class=\"has-nv-site-bg-background-color has-background\">Les vols d\u00e9collent d'Augsbourg, \u00e0 environ 30 minutes de Munich. C'est un endroit id\u00e9al pour d\u00e9coller et survoler les Alpes bavaroises.<\/p>\n\n<\/div><\/li>\n\n<li class=\"wp-block-tt-accordion-item wp-block-tt-accordion-item-4 has-background has-nv-text-dark-bg-background-color\"><h3 class=\"wp-block-tt-accordion-item-header\"><button class=\"wp-block-tt-accordion-item-header-button\" id=\"wp-block-tt-accordion-item-header-button-055197c6-8411-40d9-9190-777ceba4ebb5\" type=\"button\"><span class=\"wp-block-tt-accordion-item-header-button-text\">Quel est l'\u00e2ge minimum ?<\/span><span class=\"wp-block-tt-accordion-item-header-button-icon-arrow\" aria-hidden=\"true\"><svg version=\"1.1\" xmlns=\"http:\/\/www.w3.org\/2000\/svg\" width=\"24px\" height=\"24px\" viewbox=\"0 0 24 24\" aria-hidden=\"true\" focusable=\"false\"><polyline points=\"4.711,8 12,15.289 19.289,8\" stroke=\"black\" stroke-width=\"2\" fill=\"none\" \/><\/svg><\/span><\/button><\/h3><div class=\"wp-block-tt-accordion-item-panel open\" id=\"wp-block-tt-accordion-item-panel-055197c6-8411-40d9-9190-777ceba4ebb5\" role=\"region\">\n\n<p class=\"has-nv-text-dark-bg-background-color has-background\">L'\u00e2ge minimum est de 16 ans.<\/p>\n\n<\/div><\/li>\n\n<li class=\"wp-block-tt-accordion-item wp-block-tt-accordion-item-5\"><h3 class=\"wp-block-tt-accordion-item-header\"><button class=\"wp-block-tt-accordion-item-header-button\" id=\"wp-block-tt-accordion-item-header-button-23ac1aac-2646-464e-aa32-178295f6b8d3\" type=\"button\"><span class=\"wp-block-tt-accordion-item-header-button-text\">Que se passe-t-il en cas de mauvais temps ?<\/span><span class=\"wp-block-tt-accordion-item-header-button-icon-arrow\" aria-hidden=\"true\"><svg version=\"1.1\" xmlns=\"http:\/\/www.w3.org\/2000\/svg\" width=\"24px\" height=\"24px\" viewbox=\"0 0 24 24\" aria-hidden=\"true\" focusable=\"false\"><polyline points=\"4.711,8 12,15.289 19.289,8\" stroke=\"black\" stroke-width=\"2\" fill=\"none\" \/><\/svg><\/span><\/button><\/h3><div class=\"wp-block-tt-accordion-item-panel open\" id=\"wp-block-tt-accordion-item-panel-23ac1aac-2646-464e-aa32-178295f6b8d3\" role=\"region\">\n\n<p>Si le temps est trop pluvieux ou brumeux \u00e0 court terme, le vol sera d\u00e9plac\u00e9 de quelques heures pour permettre des op\u00e9rations s\u00fbres. Pendant les p\u00e9riodes de mauvais temps \u00e0 plus long terme, le vol peut \u00eatre d\u00e9plac\u00e9 de quelques jours ou de quelques semaines, sans frais. Si vous voulez vous assurer de voler dans des conditions ensoleill\u00e9es, vous avez \u00e9galement la possibilit\u00e9 de demander un report sans frais jusqu'\u00e0 7 jours avant le vol.<\/p>\n\n<\/div><\/li>\n\n<li class=\"wp-block-tt-accordion-item wp-block-tt-accordion-item-6 has-background has-nv-text-dark-bg-background-color\"><h3 class=\"wp-block-tt-accordion-item-header\"><button class=\"wp-block-tt-accordion-item-header-button\" id=\"wp-block-tt-accordion-item-header-button-93620c05-3122-41cb-ad05-4bdde8b2470e\" type=\"button\"><span class=\"wp-block-tt-accordion-item-header-button-text\">Puis-je acheter un ch\u00e8que-cadeau ?<\/span><span class=\"wp-block-tt-accordion-item-header-button-icon-arrow\" aria-hidden=\"true\"><svg version=\"1.1\" xmlns=\"http:\/\/www.w3.org\/2000\/svg\" width=\"24px\" height=\"24px\" viewbox=\"0 0 24 24\" aria-hidden=\"true\" focusable=\"false\"><polyline points=\"4.711,8 12,15.289 19.289,8\" stroke=\"black\" stroke-width=\"2\" fill=\"none\" \/><\/svg><\/span><\/button><\/h3><div class=\"wp-block-tt-accordion-item-panel open\" id=\"wp-block-tt-accordion-item-panel-93620c05-3122-41cb-ad05-4bdde8b2470e\" role=\"region\">\n\n<p>Absolument ! Offrir un vol en avion de chasse est le cadeau id\u00e9al et tr\u00e8s appr\u00e9ci\u00e9 de nos clients. Il suffit de r\u00e9server un vol r\u00e9gulier et de cocher la case \"Ce vol est un cadeau\" au cours du processus de r\u00e9servation. Nous \u00e9mettrons un certificat de cadeau de vol et veillerons \u00e0 ce qu'aucune communication ne soit envoy\u00e9e au destinataire avant la date du vol.<\/p>\n\n<\/div><\/li>\n\n<li class=\"wp-block-tt-accordion-item wp-block-tt-accordion-item-7\"><h3 class=\"wp-block-tt-accordion-item-header\"><button class=\"wp-block-tt-accordion-item-header-button\" id=\"wp-block-tt-accordion-item-header-button-d01d0f11-98a9-4fce-89b6-30ed119d58b4\" type=\"button\"><span class=\"wp-block-tt-accordion-item-header-button-text\">Quelle est la dur\u00e9e du vol ?<\/span><span class=\"wp-block-tt-accordion-item-header-button-icon-arrow\" aria-hidden=\"true\"><svg version=\"1.1\" xmlns=\"http:\/\/www.w3.org\/2000\/svg\" width=\"24px\" height=\"24px\" viewbox=\"0 0 24 24\" aria-hidden=\"true\" focusable=\"false\"><polyline points=\"4.711,8 12,15.289 19.289,8\" stroke=\"black\" stroke-width=\"2\" fill=\"none\" \/><\/svg><\/span><\/button><\/h3><div class=\"wp-block-tt-accordion-item-panel open\" id=\"wp-block-tt-accordion-item-panel-d01d0f11-98a9-4fce-89b6-30ed119d58b4\" role=\"region\">\n\n<p>La dur\u00e9e des vols varie, g\u00e9n\u00e9ralement de 30 minutes \u00e0 une heure, en fonction de la formule choisie.<\/p>\n\n<\/div><\/li>\n\n<li class=\"wp-block-tt-accordion-item wp-block-tt-accordion-item-8 has-background has-nv-text-dark-bg-background-color\"><h3 class=\"wp-block-tt-accordion-item-header\"><button class=\"wp-block-tt-accordion-item-header-button\" id=\"wp-block-tt-accordion-item-header-button-e9f6f192-1786-4e7b-b553-5ac75ca1d335\" type=\"button\"><span class=\"wp-block-tt-accordion-item-header-button-text\">\u00c0 quoi puis-je m'attendre pendant le vol ?<\/span><span class=\"wp-block-tt-accordion-item-header-button-icon-arrow\" aria-hidden=\"true\"><svg version=\"1.1\" xmlns=\"http:\/\/www.w3.org\/2000\/svg\" width=\"24px\" height=\"24px\" viewbox=\"0 0 24 24\" aria-hidden=\"true\" focusable=\"false\"><polyline points=\"4.711,8 12,15.289 19.289,8\" stroke=\"black\" stroke-width=\"2\" fill=\"none\" \/><\/svg><\/span><\/button><\/h3><div class=\"wp-block-tt-accordion-item-panel open\" id=\"wp-block-tt-accordion-item-panel-e9f6f192-1786-4e7b-b553-5ac75ca1d335\" role=\"region\">\n\n<p>Vous ferez l'exp\u00e9rience d'un m\u00e9lange de vols \u00e0 grande vitesse, de man\u0153uvres acrobatiques et de vues imprenables. Avant le d\u00e9collage, un briefing d\u00e9taill\u00e9 sur la s\u00e9curit\u00e9 et une pr\u00e9sentation de l'avion sont organis\u00e9s.<\/p>\n\n\n\n<p>Pendant le vol, vous serez en contact avec le pilote par l'interm\u00e9diaire du syst\u00e8me d'intercom, et le pilote s'assurera que vous \u00eates \u00e0 l'aise.<\/p>\n\n<\/div><\/li>\n\n<li class=\"wp-block-tt-accordion-item wp-block-tt-accordion-item-9\"><h3 class=\"wp-block-tt-accordion-item-header\"><button class=\"wp-block-tt-accordion-item-header-button\" id=\"wp-block-tt-accordion-item-header-button-58b12b93-7536-4d40-8a9b-dd2c5fbc85cc\" type=\"button\"><span class=\"wp-block-tt-accordion-item-header-button-text\">Que faut-il porter pour un vol en avion de chasse ?<\/span><span class=\"wp-block-tt-accordion-item-header-button-icon-arrow\" aria-hidden=\"true\"><svg version=\"1.1\" xmlns=\"http:\/\/www.w3.org\/2000\/svg\" width=\"24px\" height=\"24px\" viewbox=\"0 0 24 24\" aria-hidden=\"true\" focusable=\"false\"><polyline points=\"4.711,8 12,15.289 19.289,8\" stroke=\"black\" stroke-width=\"2\" fill=\"none\" \/><\/svg><\/span><\/button><\/h3><div class=\"wp-block-tt-accordion-item-panel open\" id=\"wp-block-tt-accordion-item-panel-58b12b93-7536-4d40-8a9b-dd2c5fbc85cc\" role=\"region\">\n\n<p>Portez des v\u00eatements confortables et des chaussures ferm\u00e9es. Nous vous fournirons tout \u00e9quipement suppl\u00e9mentaire n\u00e9cessaire, comme une combinaison de vol et un casque.<\/p>\n\n<\/div><\/li>\n\n<li class=\"wp-block-tt-accordion-item wp-block-tt-accordion-item-10 has-background has-nv-text-dark-bg-background-color\"><h3 class=\"wp-block-tt-accordion-item-header\"><button class=\"wp-block-tt-accordion-item-header-button\" id=\"wp-block-tt-accordion-item-header-button-ee8072f1-6e1f-40fc-b874-14ad973678df\" type=\"button\"><span class=\"wp-block-tt-accordion-item-header-button-text\">Puis-je faire venir un ami ou un membre de ma famille ?<\/span><span class=\"wp-block-tt-accordion-item-header-button-icon-arrow\" aria-hidden=\"true\"><svg version=\"1.1\" xmlns=\"http:\/\/www.w3.org\/2000\/svg\" width=\"24px\" height=\"24px\" viewbox=\"0 0 24 24\" aria-hidden=\"true\" focusable=\"false\"><polyline points=\"4.711,8 12,15.289 19.289,8\" stroke=\"black\" stroke-width=\"2\" fill=\"none\" \/><\/svg><\/span><\/button><\/h3><div class=\"wp-block-tt-accordion-item-panel open\" id=\"wp-block-tt-accordion-item-panel-ee8072f1-6e1f-40fc-b874-14ad973678df\" role=\"region\">\n\n<p>Oui ! Les invit\u00e9s sont les bienvenus pour assister aux pr\u00e9paratifs avant le vol et au d\u00e9collage. De nombreux sites disposent \u00e9galement d'une zone d'observation pour les spectateurs.<\/p>\n\n<\/div><\/li>\n\n<li class=\"wp-block-tt-accordion-item wp-block-tt-accordion-item-11\"><h3 class=\"wp-block-tt-accordion-item-header\"><button class=\"wp-block-tt-accordion-item-header-button\" id=\"wp-block-tt-accordion-item-header-button-0d658e6c-547f-4017-86d7-df2cc8d60ca4\" type=\"button\"><span class=\"wp-block-tt-accordion-item-header-button-text\">Puis-je enregistrer le vol ?<\/span><span class=\"wp-block-tt-accordion-item-header-button-icon-arrow\" aria-hidden=\"true\"><svg version=\"1.1\" xmlns=\"http:\/\/www.w3.org\/2000\/svg\" width=\"24px\" height=\"24px\" viewbox=\"0 0 24 24\" aria-hidden=\"true\" focusable=\"false\"><polyline points=\"4.711,8 12,15.289 19.289,8\" stroke=\"black\" stroke-width=\"2\" fill=\"none\" \/><\/svg><\/span><\/button><\/h3><div class=\"wp-block-tt-accordion-item-panel open\" id=\"wp-block-tt-accordion-item-panel-0d658e6c-547f-4017-86d7-df2cc8d60ca4\" role=\"region\">\n\n<p>Absolument ! La plupart des forfaits incluent des images GoPro du cockpit pour que vous puissiez revivre l'exp\u00e9rience. N'h\u00e9sitez pas \u00e0 apporter votre propre appareil photo pour prendre des clich\u00e9s avant et apr\u00e8s le vol. Les cam\u00e9ras priv\u00e9es ne sont pas autoris\u00e9es pendant le vol.<\/p>\n\n<\/div><\/li>\n\n<li class=\"wp-block-tt-accordion-item wp-block-tt-accordion-item-12 has-background has-nv-text-dark-bg-background-color\"><h3 class=\"wp-block-tt-accordion-item-header\"><button class=\"wp-block-tt-accordion-item-header-button\" id=\"wp-block-tt-accordion-item-header-button-83f080a6-db2f-45fa-a936-6d84b78e5c6a\" type=\"button\"><span class=\"wp-block-tt-accordion-item-header-button-text\">Les vols sont-ils s\u00fbrs ?<\/span><span class=\"wp-block-tt-accordion-item-header-button-icon-arrow\" aria-hidden=\"true\"><svg version=\"1.1\" xmlns=\"http:\/\/www.w3.org\/2000\/svg\" width=\"24px\" height=\"24px\" viewbox=\"0 0 24 24\" aria-hidden=\"true\" focusable=\"false\"><polyline points=\"4.711,8 12,15.289 19.289,8\" stroke=\"black\" stroke-width=\"2\" fill=\"none\" \/><\/svg><\/span><\/button><\/h3><div class=\"wp-block-tt-accordion-item-panel open\" id=\"wp-block-tt-accordion-item-panel-83f080a6-db2f-45fa-a936-6d84b78e5c6a\" role=\"region\">\n\n<p>Oui, tous les vols sont effectu\u00e9s par des pilotes hautement qualifi\u00e9s et certifi\u00e9s ayant des ann\u00e9es d'exp\u00e9rience. Les avions sont entretenus selon les normes de s\u00e9curit\u00e9 les plus strictes. Nous sommes fiers de nos 20 ans d'activit\u00e9 sans accident.<\/p>\n\n<\/div><\/li>\n\n<li class=\"wp-block-tt-accordion-item wp-block-tt-accordion-item-13\"><h3 class=\"wp-block-tt-accordion-item-header\"><button class=\"wp-block-tt-accordion-item-header-button\" id=\"wp-block-tt-accordion-item-header-button-d8c95701-603d-4d0b-ae20-68a34cfe3d8d\" type=\"button\"><span class=\"wp-block-tt-accordion-item-header-button-text\">Quelle est votre politique d'annulation ?<\/span><span class=\"wp-block-tt-accordion-item-header-button-icon-arrow\" aria-hidden=\"true\"><svg version=\"1.1\" xmlns=\"http:\/\/www.w3.org\/2000\/svg\" width=\"24px\" height=\"24px\" viewbox=\"0 0 24 24\" aria-hidden=\"true\" focusable=\"false\"><polyline points=\"4.711,8 12,15.289 19.289,8\" stroke=\"black\" stroke-width=\"2\" fill=\"none\" \/><\/svg><\/span><\/button><\/h3><div class=\"wp-block-tt-accordion-item-panel open\" id=\"wp-block-tt-accordion-item-panel-d8c95701-603d-4d0b-ae20-68a34cfe3d8d\" role=\"region\">\n\n<p>Lors de la r\u00e9servation, vous pouvez choisir une option d'annulation gratuite. Les vols r\u00e9serv\u00e9s avec cette option sont enti\u00e8rement remboursables sans conditions.<\/p>\n\n<\/div><\/li>\n\n<li class=\"wp-block-tt-accordion-item wp-block-tt-accordion-item-14 has-background has-nv-text-dark-bg-background-color\"><h3 class=\"wp-block-tt-accordion-item-header\"><button class=\"wp-block-tt-accordion-item-header-button\" id=\"wp-block-tt-accordion-item-header-button-affe8036-f451-4d9b-91cb-75a4c846c03b\" type=\"button\"><span class=\"wp-block-tt-accordion-item-header-button-text\">Puis-je personnaliser mon exp\u00e9rience de vol ?<\/span><span class=\"wp-block-tt-accordion-item-header-button-icon-arrow\" aria-hidden=\"true\"><svg version=\"1.1\" xmlns=\"http:\/\/www.w3.org\/2000\/svg\" width=\"24px\" height=\"24px\" viewbox=\"0 0 24 24\" aria-hidden=\"true\" focusable=\"false\"><polyline points=\"4.711,8 12,15.289 19.289,8\" stroke=\"black\" stroke-width=\"2\" fill=\"none\" \/><\/svg><\/span><\/button><\/h3><div class=\"wp-block-tt-accordion-item-panel open\" id=\"wp-block-tt-accordion-item-panel-affe8036-f451-4d9b-91cb-75a4c846c03b\" role=\"region\">\n\n<p>Oui, vous pouvez discuter de vos pr\u00e9f\u00e9rences avec le pilote avant le vol, que vous souhaitiez une exp\u00e9rience panoramique en douceur ou une session de voltige plus intense.<\/p>\n\n<\/div><\/li>\n\n<li class=\"wp-block-tt-accordion-item wp-block-tt-accordion-item-15\"><h3 class=\"wp-block-tt-accordion-item-header\"><button class=\"wp-block-tt-accordion-item-header-button\" id=\"wp-block-tt-accordion-item-header-button-8631fbe2-6dca-48a5-905d-d382b9b25986\" type=\"button\"><span class=\"wp-block-tt-accordion-item-header-button-text\">Combien de temps \u00e0 l'avance dois-je r\u00e9server ?<\/span><span class=\"wp-block-tt-accordion-item-header-button-icon-arrow\" aria-hidden=\"true\"><svg version=\"1.1\" xmlns=\"http:\/\/www.w3.org\/2000\/svg\" width=\"24px\" height=\"24px\" viewbox=\"0 0 24 24\" aria-hidden=\"true\" focusable=\"false\"><polyline points=\"4.711,8 12,15.289 19.289,8\" stroke=\"black\" stroke-width=\"2\" fill=\"none\" \/><\/svg><\/span><\/button><\/h3><div class=\"wp-block-tt-accordion-item-panel open\" id=\"wp-block-tt-accordion-item-panel-8631fbe2-6dca-48a5-905d-d382b9b25986\" role=\"region\">\n\n<p>Nous avons r\u00e9serv\u00e9 les prix des vols depuis 2 ans. Les prix des vols ayant tendance \u00e0 augmenter, nous vous recommandons de r\u00e9server d\u00e8s que vous avez d\u00e9cid\u00e9 de prendre un vol et un prix. En particulier pendant les saisons de pointe, nous vous conseillons \u00e9galement de r\u00e9server votre date le plus t\u00f4t possible afin de garantir votre date pr\u00e9f\u00e9r\u00e9e.<\/p>\n\n<\/div><\/li>\n\n<li class=\"wp-block-tt-accordion-item wp-block-tt-accordion-item-16 has-background has-nv-text-dark-bg-background-color\"><h3 class=\"wp-block-tt-accordion-item-header\"><button class=\"wp-block-tt-accordion-item-header-button\" id=\"wp-block-tt-accordion-item-header-button-95d2e37f-9470-463f-8565-37a596b51dcb\" type=\"button\"><span class=\"wp-block-tt-accordion-item-header-button-text\">Y a-t-il des co\u00fbts cach\u00e9s ?<\/span><span class=\"wp-block-tt-accordion-item-header-button-icon-arrow\" aria-hidden=\"true\"><svg version=\"1.1\" xmlns=\"http:\/\/www.w3.org\/2000\/svg\" width=\"24px\" height=\"24px\" viewbox=\"0 0 24 24\" aria-hidden=\"true\" focusable=\"false\"><polyline points=\"4.711,8 12,15.289 19.289,8\" stroke=\"black\" stroke-width=\"2\" fill=\"none\" \/><\/svg><\/span><\/button><\/h3><div class=\"wp-block-tt-accordion-item-panel open\" id=\"wp-block-tt-accordion-item-panel-95d2e37f-9470-463f-8565-37a596b51dcb\" role=\"region\">\n\n<p>Non, le prix que vous voyez est tout compris. Les suppl\u00e9ments optionnels tels que les heures de vol suppl\u00e9mentaires ou les forfaits vid\u00e9o seront clairement indiqu\u00e9s.<\/p>\n\n<\/div><\/li>\n\n<li class=\"wp-block-tt-accordion-item wp-block-tt-accordion-item-17\"><h3 class=\"wp-block-tt-accordion-item-header\"><button class=\"wp-block-tt-accordion-item-header-button\" id=\"wp-block-tt-accordion-item-header-button-21e21afd-6c2d-4622-babe-806ea8b3e5c4\" type=\"button\"><span class=\"wp-block-tt-accordion-item-header-button-text\">Je suis une organisation B2B et j'aimerais m'associer avec vous<\/span><span class=\"wp-block-tt-accordion-item-header-button-icon-arrow\" aria-hidden=\"true\"><svg version=\"1.1\" xmlns=\"http:\/\/www.w3.org\/2000\/svg\" width=\"24px\" height=\"24px\" viewbox=\"0 0 24 24\" aria-hidden=\"true\" focusable=\"false\"><polyline points=\"4.711,8 12,15.289 19.289,8\" stroke=\"black\" stroke-width=\"2\" fill=\"none\" \/><\/svg><\/span><\/button><\/h3><div class=\"wp-block-tt-accordion-item-panel open\" id=\"wp-block-tt-accordion-item-panel-21e21afd-6c2d-4622-babe-806ea8b3e5c4\" role=\"region\">\n\n<p>Nous avons un mod\u00e8le de r\u00e9f\u00e9rence int\u00e9ressant. N'h\u00e9sitez pas \u00e0 nous contacter pour en discuter.<\/p>\n\n<\/div><\/li>\n<\/ul><\/div><\/div>\n<\/div>\n<\/div>\n<\/div><\/div>","protected":false},"excerpt":{"rendered":"","protected":false},"author":1,"featured_media":0,"parent":0,"menu_order":0,"comment_status":"closed","ping_status":"closed","template":"","meta":{"neve_meta_sidebar":"","neve_meta_container":"","neve_meta_enable_content_width":"","neve_meta_content_width":0,"neve_meta_title_alignment":"","neve_meta_author_avatar":"","neve_post_elements_order":"","neve_meta_disable_header":"","neve_meta_disable_footer":"","neve_meta_disable_title":"","footnotes":""},"class_list":["post-949","page","type-page","status-publish","hentry"],"_links":{"self":[{"href":"https:\/\/fighter-jet-rides.com\/fr\/wp-json\/wp\/v2\/pages\/949","targetHints":{"allow":["GET"]}}],"collection":[{"href":"https:\/\/fighter-jet-rides.com\/fr\/wp-json\/wp\/v2\/pages"}],"about":[{"href":"https:\/\/fighter-jet-rides.com\/fr\/wp-json\/wp\/v2\/types\/page"}],"author":[{"embeddable":true,"href":"https:\/\/fighter-jet-rides.com\/fr\/wp-json\/wp\/v2\/users\/1"}],"replies":[{"embeddable":true,"href":"https:\/\/fighter-jet-rides.com\/fr\/wp-json\/wp\/v2\/comments?post=949"}],"version-history":[{"count":12,"href":"https:\/\/fighter-jet-rides.com\/fr\/wp-json\/wp\/v2\/pages\/949\/revisions"}],"predecessor-version":[{"id":1022,"href":"https:\/\/fighter-jet-rides.com\/fr\/wp-json\/wp\/v2\/pages\/949\/revisions\/1022"}],"wp:attachment":[{"href":"https:\/\/fighter-jet-rides.com\/fr\/wp-json\/wp\/v2\/media?parent=949"}],"curies":[{"name":"wp","href":"https:\/\/api.w.org\/{rel}","templated":true}]}}