{"id":829,"date":"2025-01-02T17:06:49","date_gmt":"2025-01-02T17:06:49","guid":{"rendered":"https:\/\/fighter-jet-rides.com\/?page_id=829"},"modified":"2025-01-04T09:17:43","modified_gmt":"2025-01-04T09:17:43","slug":"l-39_albatros-in-the-czech-republic-brno","status":"publish","type":"page","link":"https:\/\/fighter-jet-rides.com\/ro\/l-39_albatros-in-republica-ceha-brno\/","title":{"rendered":"\ud83c\udde8\ud83c\uddff CZ: Zbor cu avionul L-39 Albatros \u00een Brno"},"content":{"rendered":"<section class=\"wp-block-cover alignfull has-custom-content-position is-position-bottom-center custom-divider\" style=\"min-height:625px;aspect-ratio:unset;\"><span aria-hidden=\"true\" class=\"wp-block-cover__background has-neve-text-color-background-color has-background-dim-60 has-background-dim\"><\/span><img loading=\"lazy\" decoding=\"async\" width=\"2560\" height=\"1707\" class=\"wp-block-cover__image-background wp-image-834\" alt=\"\" src=\"https:\/\/fighter-jet-rides.com\/wp-content\/uploads\/2025\/01\/033_DR203126-scaled.jpg\" style=\"object-position:57% 57%\" data-object-fit=\"cover\" data-object-position=\"57% 57%\" srcset=\"https:\/\/fighter-jet-rides.com\/wp-content\/uploads\/2025\/01\/033_DR203126-scaled.jpg 2560w, https:\/\/fighter-jet-rides.com\/wp-content\/uploads\/2025\/01\/033_DR203126-300x200.jpg 300w, https:\/\/fighter-jet-rides.com\/wp-content\/uploads\/2025\/01\/033_DR203126-1024x683.jpg 1024w, https:\/\/fighter-jet-rides.com\/wp-content\/uploads\/2025\/01\/033_DR203126-768x512.jpg 768w, https:\/\/fighter-jet-rides.com\/wp-content\/uploads\/2025\/01\/033_DR203126-1536x1024.jpg 1536w, https:\/\/fighter-jet-rides.com\/wp-content\/uploads\/2025\/01\/033_DR203126-2048x1366.jpg 2048w, https:\/\/fighter-jet-rides.com\/wp-content\/uploads\/2025\/01\/033_DR203126-18x12.jpg 18w, https:\/\/fighter-jet-rides.com\/wp-content\/uploads\/2025\/01\/033_DR203126-930x620.jpg 930w\" sizes=\"auto, (max-width: 2560px) 100vw, 2560px\" \/><div class=\"wp-block-cover__inner-container is-layout-constrained wp-block-cover-is-layout-constrained\">\n<div class=\"wp-block-columns are-vertically-aligned-center is-layout-flex wp-container-core-columns-is-layout-9d6595d7 wp-block-columns-is-layout-flex\">\n<div class=\"wp-block-column is-vertically-aligned-center is-layout-flow wp-block-column-is-layout-flow\">\n<h1 class=\"wp-block-heading has-text-align-center scribble-underline-clip\" style=\"font-style:normal;font-weight:500\">Bohemian Rhapsody: <mark style=\"background-color:rgba(0, 0, 0, 0)\" class=\"has-inline-color has-neve-link-hover-color-color\">L-39 Albatros<\/mark> Jet Flight Thrill \u00een Republica Ceh\u0103<\/h1>\n\n\n\n<div style=\"height:40px\" aria-hidden=\"true\" class=\"wp-block-spacer\"><\/div>\n\n\n\n<div class=\"wp-block-buttons has-custom-font-size has-small-font-size is-content-justification-center is-layout-flex wp-container-core-buttons-is-layout-16018d1d wp-block-buttons-is-layout-flex\">\n<div class=\"wp-block-button has-custom-font-size is-style-default\" style=\"font-size:16px\"><a class=\"wp-block-button__link has-nv-site-bg-color has-nv-dark-bg-background-color has-text-color has-background has-link-color wp-element-button\" href=\"#start\">Afla\u021bi mai multe<\/a><\/div>\n\n\n\n<div class=\"wp-block-button has-custom-font-size is-style-secondary\" style=\"font-size:16px\"><a class=\"wp-block-button__link has-nv-dark-bg-color has-neve-link-hover-color-background-color has-text-color has-background has-link-color wp-element-button\" href=\"#calendar\">Rezerva\u021bi acum<\/a><\/div>\n<\/div>\n<\/div>\n<\/div>\n<\/div><\/section>\n\n\n\n<div class=\"wp-block-cover alignfull\" style=\"padding-top:0;padding-right:var(--wp--preset--spacing--40);padding-bottom:0;padding-left:var(--wp--preset--spacing--40);min-height:716px;aspect-ratio:unset;\" id=\"start\"><span aria-hidden=\"true\" class=\"wp-block-cover__background has-nv-site-bg-background-color has-background-dim-100 has-background-dim\"><\/span><div class=\"wp-block-cover__inner-container is-layout-flow wp-block-cover-is-layout-flow\">\n<div class=\"wp-block-columns are-vertically-aligned-center has-neve-text-color-color has-text-color has-link-color wp-elements-128547101ca458cc9754ff0ea2598d6b is-layout-flex wp-container-core-columns-is-layout-9d6595d7 wp-block-columns-is-layout-flex\">\n<div class=\"wp-block-column is-vertically-aligned-center is-layout-flow wp-block-column-is-layout-flow\" style=\"padding-top:0;padding-right:0;padding-bottom:0;padding-left:0;flex-basis:50%\">\n<figure class=\"wp-block-image size-full\"><img loading=\"lazy\" decoding=\"async\" width=\"2560\" height=\"1707\" src=\"https:\/\/fighter-jet-rides.com\/wp-content\/uploads\/2025\/01\/048_DR203379-scaled.jpg\" alt=\"\" class=\"wp-image-833\" srcset=\"https:\/\/fighter-jet-rides.com\/wp-content\/uploads\/2025\/01\/048_DR203379-scaled.jpg 2560w, https:\/\/fighter-jet-rides.com\/wp-content\/uploads\/2025\/01\/048_DR203379-300x200.jpg 300w, https:\/\/fighter-jet-rides.com\/wp-content\/uploads\/2025\/01\/048_DR203379-1024x683.jpg 1024w, https:\/\/fighter-jet-rides.com\/wp-content\/uploads\/2025\/01\/048_DR203379-768x512.jpg 768w, https:\/\/fighter-jet-rides.com\/wp-content\/uploads\/2025\/01\/048_DR203379-1536x1024.jpg 1536w, https:\/\/fighter-jet-rides.com\/wp-content\/uploads\/2025\/01\/048_DR203379-2048x1366.jpg 2048w, https:\/\/fighter-jet-rides.com\/wp-content\/uploads\/2025\/01\/048_DR203379-18x12.jpg 18w, https:\/\/fighter-jet-rides.com\/wp-content\/uploads\/2025\/01\/048_DR203379-930x620.jpg 930w\" sizes=\"auto, (max-width: 2560px) 100vw, 2560px\" \/><\/figure>\n<\/div>\n\n\n\n<div class=\"wp-block-column is-vertically-aligned-center ticss-c703b306 is-layout-flow wp-block-column-is-layout-flow\" style=\"padding-top:0;padding-right:0;padding-bottom:0;padding-left:0;flex-basis:50%\">\n<div class=\"wp-block-group\" style=\"border-radius:16px\"><div class=\"wp-block-group__inner-container is-layout-constrained wp-block-group-is-layout-constrained\">\n<div style=\"height:0px\" aria-hidden=\"true\" class=\"wp-block-spacer\"><\/div>\n\n\n\n<p class=\"big-number has-nv-light-bg-color has-text-color has-link-color wp-elements-6fdb8f87016abe7b6bdd33e54773a620\" style=\"font-size:220px\"><strong>01<\/strong><\/p>\n\n\n\n<h2 class=\"wp-block-heading has-text-align-left\">Despre aceast\u0103 experien\u021b\u0103<\/h2>\n\n\n\n<ul class=\"wp-block-list\">\n<li><strong>Zbura\u021bi cu legendarul L-39 Albatros<\/strong>: Zbura\u021bi pe ceruri cu emblematicul L-39 Albatros, un avion cu reac\u021bie renumit pentru agilitatea \u0219i versatilitatea sa, utilizat pe scar\u0103 larg\u0103 pentru antrenamente militare \u0219i misiuni de atac la sol.<\/li>\n\n\n\n<li><strong>Experimenta\u021bi manevre acrobatice reale<\/strong>: Face\u021bi loopinguri palpitante, rostogoliri \u0219i viraje Immelmann, ghidat de un pilot experimentat. Simte for\u021bele G extreme \u0219i dep\u0103\u0219e\u0219te-\u021bi limitele \u00eentr-un avion construit pentru aventur\u0103.<\/li>\n\n\n\n<li><strong>Preia controlul asupra avionului<\/strong>: Dup\u0103 instruire la sol \u0219i demonstra\u021bii \u00een zbor, ve\u021bi avea \u0219ansa de a pilota chiar dvs. avionul L-39, efectu\u00e2nd manevre acrobatice la viteze uluitoare.<\/li>\n\n\n\n<li><strong>Cea mai bun\u0103 trecere joas\u0103<\/strong>: Fii martor la m\u0103iestria pilotului t\u0103u \u00een timp ce efectueaz\u0103 o trecere la joas\u0103 altitudine la <strong>750 km\/h<\/strong>, la doar c\u00e2\u021biva metri deasupra solului - o manevr\u0103 pe care pu\u021bini o pot executa cu o asemenea precizie.<\/li>\n\n\n\n<li><strong>Descoperi\u021bi Brno \u0219i cultura ceh\u0103<\/strong>: Combina\u021bi-v\u0103 zborul cu avionul cu reac\u021bie cu o vizit\u0103 la Brno, un fermec\u0103tor ora\u0219 european bogat \u00een istorie \u0219i cultur\u0103. Bucura\u021bi-v\u0103 de frumuse\u021bea \u0219i accesibilitatea regiunii, f\u0103c\u00e2nd din aceasta o escapad\u0103 de neuitat.<\/li>\n<\/ul>\n<\/div><\/div>\n<\/div>\n<\/div>\n<\/div><\/div>\n\n\n\n<div class=\"wp-block-cover alignfull wp-elements-bf37caad1385e7ec76223373636de3dc\" style=\"padding-top:var(--wp--preset--spacing--40);padding-right:var(--wp--preset--spacing--40);padding-bottom:var(--wp--preset--spacing--40);padding-left:var(--wp--preset--spacing--40)\"><span aria-hidden=\"true\" class=\"wp-block-cover__background has-neve-text-color-background-color has-background-dim-100 has-background-dim\"><\/span><div class=\"wp-block-cover__inner-container is-layout-flow wp-block-cover-is-layout-flow\">\n<div style=\"height:133px\" aria-hidden=\"true\" class=\"wp-block-spacer\"><\/div>\n\n\n\n<div class=\"wp-block-columns is-layout-flex wp-container-core-columns-is-layout-9d6595d7 wp-block-columns-is-layout-flex\">\n<div class=\"wp-block-column is-layout-flow wp-block-column-is-layout-flow\" style=\"flex-basis:100%\">\n<div class=\"wp-block-group is-vertical is-content-justification-center is-layout-flex wp-container-core-group-is-layout-4b2eccd6 wp-block-group-is-layout-flex\">\n<p class=\"big-number has-nv-dark-bg-color has-text-color has-link-color wp-elements-1c83d26868e8ee1c98b57bbf942b57ba\" style=\"font-size:220px\"><strong>02<\/strong><\/p>\n\n\n\n<h2 class=\"wp-block-heading has-text-align-center has-nv-light-bg-color has-text-color has-link-color wp-elements-b3279224177aa33df00510c787e0219c\">Experien\u021ba dvs. include<\/h2>\n\n\n\n<p class=\"has-text-align-center has-nv-site-bg-color has-text-color has-link-color wp-elements-fba89b250296a7b78678a3d58e46f9e7\">C\u00e2teva aspecte importante despre aceast\u0103 experien\u021b\u0103:<\/p>\n\n\n\n<div style=\"height:0px\" aria-hidden=\"true\" class=\"wp-block-spacer wp-container-content-f9bd05ee\"><\/div>\n<\/div>\n<\/div>\n<\/div>\n\n\n\n<div class=\"wp-block-columns are-vertically-aligned-top is-layout-flex wp-container-core-columns-is-layout-9d6595d7 wp-block-columns-is-layout-flex\">\n<div class=\"wp-block-column is-vertically-aligned-top is-layout-flow wp-block-column-is-layout-flow\">\n<div class=\"wp-block-group has-nv-site-bg-background-color has-background\" style=\"border-radius:0px;border-bottom-color:var(--wp--preset--color--nv-text-dark-bg);border-bottom-width:8px;padding-top:var(--wp--preset--spacing--40);padding-right:var(--wp--preset--spacing--40);padding-bottom:var(--wp--preset--spacing--40);padding-left:var(--wp--preset--spacing--40)\"><div class=\"wp-block-group__inner-container is-layout-constrained wp-container-core-group-is-layout-65a08581 wp-block-group-is-layout-constrained\"><div class=\"wp-block-image\">\n<figure class=\"aligncenter size-full is-resized\"><img loading=\"lazy\" decoding=\"async\" width=\"512\" height=\"512\" src=\"https:\/\/dev.fktc.ch\/fjr\/wp-content\/uploads\/2024\/12\/air-force.png\" alt=\"\" class=\"wp-image-45\" style=\"width:auto;height:100px\" srcset=\"https:\/\/fighter-jet-rides.com\/wp-content\/uploads\/2024\/12\/air-force.png 512w, https:\/\/fighter-jet-rides.com\/wp-content\/uploads\/2024\/12\/air-force-300x300.png 300w, https:\/\/fighter-jet-rides.com\/wp-content\/uploads\/2024\/12\/air-force-150x150.png 150w\" sizes=\"auto, (max-width: 512px) 100vw, 512px\" \/><\/figure>\n<\/div>\n\n\n<h3 class=\"wp-block-heading has-text-align-center\">Zbor antrenant cu avionul de v\u00e2n\u0103toare<\/h3>\n\n\n\n<p class=\"has-text-align-center has-neve-text-color-color has-text-color has-link-color wp-elements-d73e67c7c3b195e496b3ed989d92ba7c\">Sim\u021bi\u021bi adrenalina \u00een timp ce v\u0103 \u00een\u0103l\u021ba\u021bi pe ceruri \u00een legendarul L-39 Albatros, efectu\u00e2nd manevre acrobatice \u00eendr\u0103zne\u021be.<\/p>\n<\/div><\/div>\n<\/div>\n\n\n\n<div class=\"wp-block-column is-vertically-aligned-top is-layout-flow wp-block-column-is-layout-flow\">\n<div class=\"wp-block-group has-nv-site-bg-background-color has-background\" style=\"border-radius:0px;border-bottom-color:var(--wp--preset--color--nv-dark-bg);border-bottom-width:8px;padding-top:var(--wp--preset--spacing--40);padding-right:var(--wp--preset--spacing--40);padding-bottom:var(--wp--preset--spacing--40);padding-left:var(--wp--preset--spacing--40)\"><div class=\"wp-block-group__inner-container is-layout-constrained wp-container-core-group-is-layout-65a08581 wp-block-group-is-layout-constrained\"><div class=\"wp-block-image\">\n<figure class=\"aligncenter size-full is-resized\"><img loading=\"lazy\" decoding=\"async\" width=\"512\" height=\"512\" src=\"https:\/\/dev.fktc.ch\/fjr\/wp-content\/uploads\/2024\/12\/air-force-1.png\" alt=\"\" class=\"wp-image-46\" style=\"width:auto;height:100px\" srcset=\"https:\/\/fighter-jet-rides.com\/wp-content\/uploads\/2024\/12\/air-force-1.png 512w, https:\/\/fighter-jet-rides.com\/wp-content\/uploads\/2024\/12\/air-force-1-300x300.png 300w, https:\/\/fighter-jet-rides.com\/wp-content\/uploads\/2024\/12\/air-force-1-150x150.png 150w\" sizes=\"auto, (max-width: 512px) 100vw, 512px\" \/><\/figure>\n<\/div>\n\n\n<h3 class=\"wp-block-heading has-text-align-center\">Preia controlul<\/h3>\n\n\n\n<p class=\"has-text-align-center has-neve-text-color-color has-text-color has-link-color wp-elements-fa167349ad9f83c987938e09e25f03e2\">Experimenta\u021bi emo\u021bia pilot\u0103rii unui avion cu reac\u021bie, sub \u00eendrumarea unui fost pilot al For\u021belor Aeriene foarte experimentat.<\/p>\n<\/div><\/div>\n<\/div>\n\n\n\n<div class=\"wp-block-column is-vertically-aligned-top is-layout-flow wp-block-column-is-layout-flow\">\n<div class=\"wp-block-group has-nv-site-bg-background-color has-background\" style=\"border-radius:0px;border-bottom-color:var(--wp--preset--color--neve-link-hover-color);border-bottom-width:8px;padding-top:var(--wp--preset--spacing--40);padding-right:var(--wp--preset--spacing--40);padding-bottom:var(--wp--preset--spacing--40);padding-left:var(--wp--preset--spacing--40)\"><div class=\"wp-block-group__inner-container is-layout-constrained wp-container-core-group-is-layout-65a08581 wp-block-group-is-layout-constrained\"><div class=\"wp-block-image\">\n<figure class=\"aligncenter size-full is-resized\"><img loading=\"lazy\" decoding=\"async\" width=\"512\" height=\"512\" src=\"https:\/\/fighter-jet-rides.com\/wp-content\/uploads\/2025\/01\/castle.png\" alt=\"\" class=\"wp-image-871\" style=\"width:auto;height:100px\" srcset=\"https:\/\/fighter-jet-rides.com\/wp-content\/uploads\/2025\/01\/castle.png 512w, https:\/\/fighter-jet-rides.com\/wp-content\/uploads\/2025\/01\/castle-300x300.png 300w, https:\/\/fighter-jet-rides.com\/wp-content\/uploads\/2025\/01\/castle-150x150.png 150w, https:\/\/fighter-jet-rides.com\/wp-content\/uploads\/2025\/01\/castle-12x12.png 12w\" sizes=\"auto, (max-width: 512px) 100vw, 512px\" \/><\/figure>\n<\/div>\n\n\n<h3 class=\"wp-block-heading has-text-align-center\">Cadrul istoric al bazei aeriene<\/h3>\n\n\n\n<p class=\"has-text-align-center has-neve-text-color-color has-text-color has-link-color wp-elements-cbbaa6108fa98d62d5a63c3b836c316c\">Zbura\u021bi de la baza aerian\u0103 istoric\u0103 din Brno \u0219i explora\u021bi comorile culturale ale Republicii Cehe \u00een timpul vizitei dumneavoastr\u0103.<\/p>\n<\/div><\/div>\n<\/div>\n<\/div>\n<\/div><\/div>\n\n\n\n<section class=\"wp-block-cover alignfull\" style=\"min-height:100vh;aspect-ratio:unset;\"><span aria-hidden=\"true\" class=\"wp-block-cover__background has-nv-dark-bg-background-color has-background-dim-60 has-background-dim\"><\/span><video class=\"wp-block-cover__video-background intrinsic-ignore\" autoplay muted loop playsinline src=\"https:\/\/fighter-jet-rides.com\/emlproxy\/ca-canyon.mp4\" data-object-fit=\"cover\"><\/video><div class=\"wp-block-cover__inner-container is-layout-constrained wp-block-cover-is-layout-constrained\">\n<h2 class=\"wp-block-heading has-text-align-center has-text-color has-link-color wp-elements-dc9d55ec59d6523ab78d890a888e45e2\" style=\"color:#ffffff\">Previzualizare zbor<\/h2>\n\n\n\n<div style=\"height:32px\" aria-hidden=\"true\" class=\"wp-block-spacer\"><\/div>\n\n\n\n<p class=\"has-text-align-center has-text-color has-link-color wp-elements-677e7db0218a3b6bec3340f1857bf42b\" style=\"color:#ffffff\">Prezen\u021ba \u00eenso\u021bitorilor nu este garantat\u0103<\/p>\n<\/div><\/section>\n\n\n\n<div class=\"wp-block-cover alignfull\" style=\"padding-top:var(--wp--preset--spacing--80);padding-right:var(--wp--preset--spacing--50);padding-bottom:var(--wp--preset--spacing--80);padding-left:var(--wp--preset--spacing--50)\"><span aria-hidden=\"true\" class=\"wp-block-cover__background has-nv-light-bg-background-color has-background-dim-100 has-background-dim\"><\/span><div class=\"wp-block-cover__inner-container is-layout-flow wp-block-cover-is-layout-flow\">\n<div class=\"wp-block-columns has-neve-text-color-color has-text-color has-link-color wp-elements-5bb1cd02a48a0644bf02fdbbbaf95c8c is-layout-flex wp-container-core-columns-is-layout-9d6595d7 wp-block-columns-is-layout-flex\">\n<div class=\"wp-block-column is-vertically-aligned-top is-layout-flow wp-block-column-is-layout-flow\">\n<p class=\"big-number has-nv-site-bg-color has-text-color has-link-color wp-elements-37aaf5bfc1f5577de73b508095c061d7\" style=\"font-size:220px\"><strong>04<\/strong><\/p>\n\n\n\n<h2 class=\"wp-block-heading\">Ziua ta<\/h2>\n\n\n\n<p>Ziua dvs. \u00eencepe la baza aerian\u0103 istoric\u0103 din Brno, unde v\u0103 ve\u021bi \u00eent\u00e2lni cu pilotul dvs. experimentat \u0219i ve\u021bi face cuno\u0219tin\u021b\u0103 cu legendarul L-39 Albatros. <\/p>\n\n\n\n<p>Dup\u0103 un instructaj cuprinz\u0103tor \u00eenainte de zbor, v\u0103 ve\u021bi urca \u00een carling\u0103 pentru un zbor antrenant deasupra frumoasei zone rurale cehe. Experimenta\u021bi manevre acrobatice ame\u021bitoare, inclusiv loopinguri, rostogoliri \u0219i low-pass-uri de mare vitez\u0103, av\u00e2nd \u0219ansa de a prelua controlul asupra avionului. <\/p>\n\n\n\n<p>Odat\u0103 \u00eentors la sol, savura\u021bi b\u0103uturi r\u0103coritoare, face\u021bi fotografii memorabile cu aeronava \u0219i asculta\u021bi pove\u0219tile incredibile ale pilotului despre aventurile sale de zbor. Aceasta este o zi conceput\u0103 pentru a emo\u021biona \u0219i inspira!<\/p>\n\n\n\n<figure class=\"wp-block-image size-large\"><img loading=\"lazy\" decoding=\"async\" width=\"768\" height=\"1024\" src=\"https:\/\/fighter-jet-rides.com\/wp-content\/uploads\/2025\/01\/IMG-20240618-WA0023-768x1024.jpg\" alt=\"\" class=\"wp-image-835\" srcset=\"https:\/\/fighter-jet-rides.com\/wp-content\/uploads\/2025\/01\/IMG-20240618-WA0023-768x1024.jpg 768w, https:\/\/fighter-jet-rides.com\/wp-content\/uploads\/2025\/01\/IMG-20240618-WA0023-225x300.jpg 225w, https:\/\/fighter-jet-rides.com\/wp-content\/uploads\/2025\/01\/IMG-20240618-WA0023-1152x1536.jpg 1152w, https:\/\/fighter-jet-rides.com\/wp-content\/uploads\/2025\/01\/IMG-20240618-WA0023-9x12.jpg 9w, https:\/\/fighter-jet-rides.com\/wp-content\/uploads\/2025\/01\/IMG-20240618-WA0023.jpg 1200w\" sizes=\"auto, (max-width: 768px) 100vw, 768px\" \/><\/figure>\n<\/div>\n\n\n\n<div class=\"wp-block-column is-layout-flow wp-block-column-is-layout-flow\">\n<div class=\"wp-block-group has-nv-site-bg-background-color has-background\" style=\"border-left-color:var(--wp--preset--color--neve-text-color);border-left-width:8px;padding-top:var(--wp--preset--spacing--60);padding-right:var(--wp--preset--spacing--50);padding-bottom:var(--wp--preset--spacing--30);padding-left:var(--wp--preset--spacing--50)\"><div class=\"wp-block-group__inner-container is-layout-constrained wp-container-core-group-is-layout-68dbf2b9 wp-block-group-is-layout-constrained\">\n<h3 class=\"wp-block-heading\">01 - Sosire<\/h3>\n\n\n\n<p>Ajunge\u021bi la baza aerian\u0103 istoric\u0103 din Brno, unde ve\u021bi fi \u00eent\u00e2mpina\u021bi de pilot \u0219i vi se va prezenta legendarul L-39 Albatros.<\/p>\n<\/div><\/div>\n\n\n\n<div class=\"wp-block-group has-nv-site-bg-background-color has-background\" style=\"border-left-color:var(--wp--preset--color--nv-text-dark-bg);border-left-width:8px;padding-top:var(--wp--preset--spacing--60);padding-right:var(--wp--preset--spacing--50);padding-bottom:var(--wp--preset--spacing--30);padding-left:var(--wp--preset--spacing--50)\"><div class=\"wp-block-group__inner-container is-layout-constrained wp-container-core-group-is-layout-68dbf2b9 wp-block-group-is-layout-constrained\">\n<h3 class=\"wp-block-heading\">02 - Briefing<\/h3>\n\n\n\n<p>\u00cen timp ce avionul este preg\u0103tit pentru decolare, pilotul v\u0103 va ghida prin protocoalele de siguran\u021b\u0103 \u0219i programul de zbor, r\u0103spunz\u00e2nd la toate \u00eentreb\u0103rile pe care le ave\u021bi.<\/p>\n<\/div><\/div>\n\n\n\n<div class=\"wp-block-group has-nv-site-bg-background-color has-background\" style=\"border-left-color:var(--wp--preset--color--neve-link-hover-color);border-left-width:8px;padding-top:var(--wp--preset--spacing--60);padding-right:var(--wp--preset--spacing--50);padding-bottom:var(--wp--preset--spacing--30);padding-left:var(--wp--preset--spacing--50)\"><div class=\"wp-block-group__inner-container is-layout-constrained wp-container-core-group-is-layout-68dbf2b9 wp-block-group-is-layout-constrained\">\n<h3 class=\"wp-block-heading\">03 - Zbor<\/h3>\n\n\n\n<p>Decoleaz\u0103 pentru un zbor palpitant deasupra \u021binutului ceh. Experimenta\u021bi manevre acrobatice, cum ar fi rostogoliri, loopinguri \u0219i treceri joase de mare vitez\u0103, \u0219i chiar prelua\u021bi comenzile sub \u00eendrumarea pilotului dumneavoastr\u0103.<\/p>\n<\/div><\/div>\n\n\n\n<div class=\"wp-block-group has-nv-site-bg-background-color has-background\" style=\"border-left-color:var(--wp--preset--color--nv-dark-bg);border-left-width:8px;padding-top:var(--wp--preset--spacing--60);padding-right:var(--wp--preset--spacing--50);padding-bottom:var(--wp--preset--spacing--30);padding-left:var(--wp--preset--spacing--50)\"><div class=\"wp-block-group__inner-container is-layout-constrained wp-container-core-group-is-layout-68dbf2b9 wp-block-group-is-layout-constrained\">\n<h3 class=\"wp-block-heading\">04 - Debrief<\/h3>\n\n\n\n<p>Dup\u0103 aterizare, savura\u021bi b\u0103uturi r\u0103coritoare, surprinde\u021bi momente de neuitat cu avionul \u0219i discuta\u021bi cu pilotul despre pove\u0219tile sale remarcabile de zbor.<\/p>\n<\/div><\/div>\n<\/div>\n<\/div>\n<\/div><\/div>\n\n\n\n<div class=\"wp-block-cover alignfull\" style=\"padding-top:var(--wp--preset--spacing--80);padding-right:var(--wp--preset--spacing--50);padding-bottom:var(--wp--preset--spacing--80);padding-left:var(--wp--preset--spacing--50)\"><span aria-hidden=\"true\" class=\"wp-block-cover__background has-neve-text-color-background-color has-background-dim-100 has-background-dim\"><\/span><div class=\"wp-block-cover__inner-container is-layout-flow wp-block-cover-is-layout-flow\">\n<div class=\"wp-block-columns has-neve-text-color-color has-text-color has-link-color wp-elements-3674c08fa6e230c09923a92dfdc86d03 is-layout-flex wp-container-core-columns-is-layout-9d6595d7 wp-block-columns-is-layout-flex\">\n<div class=\"wp-block-column is-vertically-aligned-top is-layout-flow wp-block-column-is-layout-flow\">\n<p class=\"has-text-align-center big-number has-nv-dark-bg-color has-text-color has-link-color wp-elements-7e612bda57bda529f54e8da88b244299\" style=\"font-size:220px\"><strong>05<\/strong><\/p>\n\n\n\n<h2 class=\"wp-block-heading has-text-align-center has-nv-light-bg-color has-text-color has-link-color wp-elements-0a4d946587775a2209fc0b9a4906f27e\">Cum ajungem acolo<\/h2>\n\n\n\n<p class=\"has-text-align-center has-nv-light-bg-color has-text-color has-link-color wp-elements-29ed21dca7dda9e32e91673daa97e782\">Ajungerea la Brno se face f\u0103r\u0103 efort, fiind situat la doar dou\u0103 ore de Praga cu ma\u0219ina sau cu trenul. Pozi\u021bia central\u0103 a ora\u0219ului face ca baza aerian\u0103 s\u0103 fie u\u0219or accesibil\u0103, fie c\u0103 alege\u021bi s\u0103 conduce\u021bi sau s\u0103 profita\u021bi de conexiunile excelente de transport public. \u00cencepe\u021bi-v\u0103 aventura cu confort \u0219i u\u0219urin\u021b\u0103 \u00een aceast\u0103 frumoas\u0103 destina\u021bie ceh\u0103.<\/p>\n\n\n\n<div class=\"leaflet-map WPLeafletMap\" style=\"height:800px; width:100%;\"><\/div><script>\nwindow.WPLeafletMapPlugin = window.WPLeafletMapPlugin || [];\nwindow.WPLeafletMapPlugin.push(function WPLeafletMapShortcode() {\/*<script>*\/\nvar baseUrl = atob('aHR0cHM6Ly90aWxlcy1ldS5zdGFkaWFtYXBzLmNvbS90aWxlcy9zdGFtZW5fdG9uZXIve3p9L3t4fS97eX17cn0ucG5n');\nvar base = (!baseUrl && window.MQ) ?\n    window.MQ.mapLayer() : L.tileLayer(baseUrl,\n        L.Util.extend({}, {\n            detectRetina: 0,\n        },\n        {\"subdomains\":\"abc\",\"noWrap\":false,\"maxZoom\":19}        )\n    );\n    var options = L.Util.extend({}, {\n        layers: [base],\n        attributionControl: false\n    },\n    {\"zoomControl\":true,\"scrollWheelZoom\":true,\"doubleClickZoom\":true,\"fitBounds\":false,\"minZoom\":0,\"maxZoom\":19,\"maxBounds\":null,\"attribution\":\"<a href=\\\"http:\\\/\\\/leafletjs.com\\\" title=\\\"A JS library for interactive maps\\\">Leaflet<\\\/a>; \\u00a9 <a href=\\\"http:\\\/\\\/www.openstreetmap.org\\\/copyright\\\">OpenStreetMap<\\\/a> contributors\"},\n    {});\nwindow.WPLeafletMapPlugin.createMap(options).setView([46.0667,11.1256],6);});<\/script>\n\n\n\n<script>\nwindow.WPLeafletMapPlugin = window.WPLeafletMapPlugin || [];\nwindow.WPLeafletMapPlugin.push(function WPLeafletMarkerShortcode() {\/*<script>*\/\nvar map = window.WPLeafletMapPlugin.getCurrentMap();\nvar group = window.WPLeafletMapPlugin.getCurrentGroup();\nvar marker_options = window.WPLeafletMapPlugin.getIconOptions({\"iconUrl\":\"https:\\\/\\\/dev.fktc.ch\\\/fjr\\\/assets\\\/marker-yellow.svg\",\"iconSize\":\"80,50\"});\nvar marker = L.marker(\n    [49.1950602,16.6068371],\n    marker_options\n);\nvar is_image = map.is_image_map;\nif (marker_options.draggable) {\n    marker.on('dragend', function () {\n        var latlng = this.getLatLng();\n        var lat = latlng.lat;\n        var lng = latlng.lng;\n        if (is_image) {\n            console.log('leaflet-marker y=' + lat + ' x=' + lng);\n        } else {\n            console.log('leaflet-marker lat=' + lat + ' lng=' + lng);\n        }\n    });\n}\nmarker.addTo( group );\nmarker.bindPopup(window.WPLeafletMapPlugin.unescape('\ud83d\ude80\ud83d\udc68\u200d\ud83d\ude80 The L-39 Albatros in Brno, Czech Republic \ud83c\udde8\ud83c\uddff&lt;img src=\\&quot;https:\/\/migflug.com\/wp-content\/uploads\/2022\/12\/L-39-Albatros.png\\&quot;&gt;'));window.WPLeafletMapPlugin.markers.push( marker );\n        });<\/script>\n<\/div>\n<\/div>\n<\/div><\/div>\n\n\n\n<div class=\"wp-block-cover alignfull\" style=\"padding-top:var(--wp--preset--spacing--80);padding-right:var(--wp--preset--spacing--50);padding-bottom:var(--wp--preset--spacing--80);padding-left:var(--wp--preset--spacing--50)\"><span aria-hidden=\"true\" class=\"wp-block-cover__background has-nv-light-bg-background-color has-background-dim-100 has-background-dim\"><\/span><div class=\"wp-block-cover__inner-container is-layout-flow wp-block-cover-is-layout-flow\">\n<div class=\"wp-block-columns has-neve-text-color-color has-text-color has-link-color wp-elements-a5e5a17f3602749fa45be4b5c7ba7e52 is-layout-flex wp-container-core-columns-is-layout-9d6595d7 wp-block-columns-is-layout-flex\">\n<div class=\"wp-block-column is-vertically-aligned-top is-layout-flow wp-block-column-is-layout-flow\" style=\"padding-right:0rem;padding-left:0rem\">\n<p class=\"has-text-align-center big-number has-nv-site-bg-color has-text-color has-link-color wp-elements-b1acbaf334e5e8065ff18a7021d692b3\" id=\"calendar\" style=\"font-size:220px\"><strong>06<\/strong><\/p>\n\n\n\n<h2 class=\"wp-block-heading has-text-align-center\">Disponibilitate<\/h2>\n\n\n\n<p class=\"has-text-align-center\">Verifica\u021bi disponibilitatea \u0219i <strong><mark style=\"background-color:var(--nv-site-bg)\" class=\"has-inline-color has-nv-dark-bg-color\">face\u021bi clic pe orice dat\u0103 pentru a \u00eencepe rezervarea<\/mark><\/strong><\/p>\n\n\n    <div style=\"display:none;\">MiGFlug DatePicker Versiunea 1.2.2<\/div>\n\n    <div class=\"datepicker-container\" style=\"position: relative\">\n        <div class=\"datepicker-availability\" id=\"datepicker_69ec89844c23c\"><\/div>\n    <\/div>\n    <script src=\"https:\/\/cdnjs.cloudflare.com\/ajax\/libs\/luxon\/3.4.3\/luxon.min.js\"><\/script>\n    <script type=\"text\/javascript\">\n        jQuery(document).ready(function ($) {\n            const { DateTime } = luxon;\n            const timezone = \"America\/New_York\";\n            var disabledDays = [];\n\n            let today = DateTime.now().setZone(timezone);\n            let maxDate = today.plus({ years: 3 });\n\n            const debouncedFetchDisabledDates = debounce(fetchDisabledDates, 300);\n\n            $(\"#datepicker_69ec89844c23c\").datepicker({\n                changeMonth: true,\n                changeYear: true,\n                showOtherMonths: true,\n                selectOtherMonths: true,\n                yearRange: \"c-10:c+10\",\n                dateFormat: \"yy-dd-mm\",\n                minDate: 0,\n                maxDate: new Date(maxDate.year, maxDate.month - 1, maxDate.day),\n                monthNames: [\n                    \"January\", \"February\", \"March\", \"April\", \"May\", \"June\",\n                    \"July\", \"August\", \"September\", \"October\", \"November\", \"December\"\n                ],\n                monthNamesShort: [\n                    \"Jan\", \"Feb\", \"Mar\", \"Apr\", \"May\", \"Jun\",\n                    \"Jul\", \"Aug\", \"Sep\", \"Oct\", \"Nov\", \"Dec\"\n                ],\n                onSelect: function (dateText) {\n                    let parsedDate = $.datepicker.parseDate('yy-dd-mm', dateText);\n                    let finalDate = $.datepicker.formatDate('yy-mm-dd', parsedDate);\n\n                    let bookingURL = \"#pricing\";\n                    let popup_id = \"\";\n\n                    if (bookingURL !== \"\") {\n                        let fullURL = bookingURL + \"?datechoice=now&date=\" + finalDate +\n                            \"&region=\" + \"\" +\n                            \"&product=\" + \"\" +\n                            \"&eulocation=\" + \"\" +\n                            \"&uslocation=\" + \"\" +\n                            \"&referrer=\" + \"\" +\n                            \"&itlocation=\" + \"\" +\n                            \"&apaclocation=\" + \"\";\n                        window.open(fullURL, '_blank');\n                        showAvailableDay();\n                    } else if (popup_id !== \"\") {\n                        PUM.open('#' + popup_id);\n                        showAvailableDay();\n                    }\n                },\n                beforeShow: function (input, inst) {\n                    showAvailableDay();\n                },\n                beforeShowDay: function (date) {\n                    \/\/ Convert local date to the API timezone for comparison\n                    const localDt = DateTime.fromJSDate(date);\n                    \/\/ Format to check against our collection\n                    const dateToCheck = localDt.toFormat('yyyy-MM-dd');\n                    \n                    \/\/ Check if this date is in our available dates list\n                    const isAvailable = disabledDays.includes(dateToCheck);\n                    return [isAvailable];\n                },\n                onChangeMonthYear: function (year, month, inst) {\n                    debouncedFetchDisabledDates(year, month);\n                }\n            });\n\n            showAvailableDay();\n\n            function fetchDisabledDates(year, month, retryCount = 0) {\n                const appointmentId = \"15372312\";\n                const calendarId = \"4169808\";\n                const cacheKey = `disabledDates_${calendarId}_${appointmentId}_${year}_${month}_${timezone}`;\n                const expirationTime = 24 * 60 * 60 * 1000;\n                const now = Date.now();\n                const yearMonth = year + '-' + (\"0\" + month).slice(-2);\n                const maxRetries = 3;\n                const $datepicker = $('.datepicker-availability');\n                $datepicker.append('<div class=\"datepicker-loader-overlay\"><\/div><div class=\"spinner\"><\/div>');\n\n                if (localStorage.getItem(cacheKey)) {\n                    const cachedData = JSON.parse(localStorage.getItem(cacheKey));\n                    if (cachedData && cachedData.expiration > now) {\n                        updateDisabledDates(cachedData.response);\n                        fetchDataForNextMonth(year, month);\n                        return;\n                    }\n                }\n\n                $.ajax({\n                    url: 'https:\/\/fighter-jet-rides.com\/wp-admin\/admin-ajax.php',\n                    method: 'GET',\n                    data: {\n                        action: 'datepicker_fetch_disabled_dates',\n                        yearMonth: yearMonth.trim(),\n                        calendarId: calendarId.trim(),\n                        appointmentId: appointmentId.trim(),\n                        timezone: timezone.trim(), \/\/ Add timezone to the AJAX request\n                    },\n                    dataType: 'json',\n                    timeout: 10000,\n                }).done(function (response) {\n                    const item = {\n                        response,\n                        expiration: now + expirationTime\n                    };\n                    localStorage.setItem(cacheKey, JSON.stringify(item));\n                    updateDisabledDates(response);\n                    fetchDataForNextMonth(year, month);\n                }).fail(function (xhr, status) {\n                    if ((status === \"timeout\" || status === \"error\") && retryCount < maxRetries) {\n                        fetchDisabledDates(year, month, retryCount + 1);\n                    } else {\n                        hideLoader();\n                    }\n                });\n            }\n\n            async function fetchDataForNextMonth(year, month) {\n                \/\/ Adjust year if we're in December\n                let nextYear = year;\n                let nextMonth = month === 12 ? 1 : month + 1;\n                if (month === 12) nextYear++;\n\n                const appointmentId = \"15372312\";\n                const calendarId = \"4169808\";\n                const cacheKey = `disabledDates_${calendarId}_${appointmentId}_${nextYear}_${nextMonth}_${timezone}`;\n                const expirationTime = 24 * 60 * 60 * 1000;\n                const now = Date.now();\n                const yearMonth = nextYear + '-' + (\"0\" + nextMonth).slice(-2);\n\n                if (localStorage.getItem(cacheKey)) {\n                    const cachedData = JSON.parse(localStorage.getItem(cacheKey));\n                    if (cachedData && cachedData.expiration > now) {\n                        return;\n                    }\n                }\n\n                $.ajax({\n                    url: 'https:\/\/fighter-jet-rides.com\/wp-admin\/admin-ajax.php',\n                    method: 'GET',\n                    data: {\n                        action: 'datepicker_fetch_disabled_dates',\n                        yearMonth: yearMonth.trim(),\n                        calendarId: calendarId.trim(),\n                        appointmentId: appointmentId.trim(),\n                        timezone: timezone.trim(), \/\/ Add timezone to the AJAX request\n                    },\n                    dataType: 'json',\n                    timeout: 10000,\n                }).done(function (response) {\n                    const item = {\n                        response,\n                        expiration: now + expirationTime\n                    };\n                    localStorage.setItem(cacheKey, JSON.stringify(item));\n                }).fail(function () {\n                    hideLoader();\n                });\n            }\n\n            function updateDisabledDates(response) {\n                if (response && response.success) {\n                    \/\/ Store dates in YYYY-MM-DD format directly from API\n                    disabledDays = response.data.map(function (item) {\n                        return item.date; \/\/ API already returns dates in the requested timezone\n                    });\n                    $('#datepicker_69ec89844c23c').datepicker('refresh');\n                }\n                hideLoader();\n            }\n\n            function showAvailableDay() {\n                let date = DateTime.now().setZone(timezone);\n                fetchDisabledDates(date.year, date.month);\n            }\n\n            function hideLoader() {\n                $('.datepicker-loader-overlay, .spinner').remove();\n            }\n\n            function debounce(func, wait) {\n                let timeout;\n                return function (...args) {\n                    const context = this;\n                    clearTimeout(timeout);\n                    timeout = setTimeout(() => func.apply(context, args), wait);\n                };\n            }\n        });\n    <\/script>\n    \n<\/div>\n<\/div>\n<\/div><\/div>\n\n\n\n<section class=\"wp-block-cover alignfull\" style=\"padding-top:var(--wp--preset--spacing--80);padding-right:var(--wp--preset--spacing--40);padding-bottom:var(--wp--preset--spacing--80);padding-left:var(--wp--preset--spacing--40)\"><span aria-hidden=\"true\" class=\"wp-block-cover__background has-neve-text-color-background-color has-background-dim\"><\/span><img loading=\"lazy\" decoding=\"async\" width=\"2560\" height=\"1676\" class=\"wp-block-cover__image-background wp-image-843\" alt=\"\" src=\"https:\/\/fighter-jet-rides.com\/wp-content\/uploads\/2025\/01\/pexels-alex-does-pictures-33201512-16885439-scaled.jpg\" data-object-fit=\"cover\" srcset=\"https:\/\/fighter-jet-rides.com\/wp-content\/uploads\/2025\/01\/pexels-alex-does-pictures-33201512-16885439-scaled.jpg 2560w, https:\/\/fighter-jet-rides.com\/wp-content\/uploads\/2025\/01\/pexels-alex-does-pictures-33201512-16885439-300x196.jpg 300w, https:\/\/fighter-jet-rides.com\/wp-content\/uploads\/2025\/01\/pexels-alex-does-pictures-33201512-16885439-1024x670.jpg 1024w, https:\/\/fighter-jet-rides.com\/wp-content\/uploads\/2025\/01\/pexels-alex-does-pictures-33201512-16885439-768x503.jpg 768w\" sizes=\"auto, (max-width: 2560px) 100vw, 2560px\" \/><div class=\"wp-block-cover__inner-container is-layout-constrained wp-container-core-cover-is-layout-cd625289 wp-block-cover-is-layout-constrained\">\n<div class=\"wp-block-columns are-vertically-aligned-center is-layout-flex wp-container-core-columns-is-layout-9d6595d7 wp-block-columns-is-layout-flex\">\n<div class=\"wp-block-column is-vertically-aligned-center is-layout-flow wp-block-column-is-layout-flow\">\n<div class=\"wp-block-group has-nv-text-dark-bg-color has-text-color has-link-color wp-elements-03820e42c80cdd1e1033d8f1151ab950\"><div class=\"wp-block-group__inner-container is-layout-flow wp-block-group-is-layout-flow\">\n<p class=\"has-text-align-center big-number has-text-color has-link-color wp-elements-2a6a51a85a796ce6eea6527b9bcd760e\" style=\"color:#ffffff1c;font-size:220px\"><strong>07<\/strong><\/p>\n\n\n\n<h2 class=\"wp-block-heading has-text-align-center\">Testimoniale<\/h2>\n\n\n\n<div style=\"height:80px\" aria-hidden=\"true\" class=\"wp-block-spacer\"><\/div>\n<\/div><\/div>\n<\/div>\n<\/div>\n\n\n\n<div class=\"wp-block-columns has-nv-text-dark-bg-color has-text-color has-link-color wp-elements-d28991a77c422ddba5787a42276ca742 is-layout-flex wp-container-core-columns-is-layout-9d6595d7 wp-block-columns-is-layout-flex\">\n<div class=\"wp-block-column has-neve-text-color-color has-nv-site-bg-background-color has-text-color has-background has-link-color wp-elements-5032606d94f8ba4ab01f7c45b288eacc is-layout-flow wp-block-column-is-layout-flow\" style=\"border-bottom-color:var(--wp--preset--color--neve-link-hover-color);border-bottom-width:8px;padding-top:var(--wp--preset--spacing--70);padding-right:var(--wp--preset--spacing--50);padding-bottom:var(--wp--preset--spacing--70);padding-left:var(--wp--preset--spacing--50)\"><div class=\"wp-block-image is-style-rounded\">\n<figure class=\"aligncenter size-full is-resized has-custom-border\"><img loading=\"lazy\" decoding=\"async\" width=\"818\" height=\"883\" src=\"https:\/\/fighter-jet-rides.com\/wp-content\/uploads\/2025\/01\/WhatsApp-Bild-2024-06-18-um-10.19.37_685ecd78.jpg\" alt=\"\" class=\"wp-image-840\" style=\"border-radius:999px;aspect-ratio:1;object-fit:contain;width:323px;height:auto\" srcset=\"https:\/\/fighter-jet-rides.com\/wp-content\/uploads\/2025\/01\/WhatsApp-Bild-2024-06-18-um-10.19.37_685ecd78.jpg 818w, https:\/\/fighter-jet-rides.com\/wp-content\/uploads\/2025\/01\/WhatsApp-Bild-2024-06-18-um-10.19.37_685ecd78-278x300.jpg 278w, https:\/\/fighter-jet-rides.com\/wp-content\/uploads\/2025\/01\/WhatsApp-Bild-2024-06-18-um-10.19.37_685ecd78-768x829.jpg 768w, https:\/\/fighter-jet-rides.com\/wp-content\/uploads\/2025\/01\/WhatsApp-Bild-2024-06-18-um-10.19.37_685ecd78-11x12.jpg 11w\" sizes=\"auto, (max-width: 818px) 100vw, 818px\" \/><\/figure>\n<\/div>\n\n\n<h3 class=\"wp-block-heading has-text-align-center\">Thomas Schulze<br><\/h3>\n\n\n\n<p class=\"has-text-align-center\"><em>&#8220;<\/em> Ein unvergessliches Erlebnis. Angefangen von der Betreuung vor Ort bis zum Piloten war alles perfekt organisiert und abgestimmt. Eine freundliche und sehr nette Atmosph\u00e4re haben diesen Tag gro\u00dfartig gemacht.<em>&#8220;<\/em><\/p>\n\n\n<div class=\"wp-block-image\">\n<figure class=\"aligncenter size-full is-resized\"><img decoding=\"async\" src=\"https:\/\/fighter-jet-rides.com\/wp-content\/uploads\/2025\/01\/thomas-schulze.svg\" alt=\"\" class=\"wp-image-838\" style=\"width:auto;height:40px\"\/><\/figure>\n<\/div><\/div>\n\n\n\n<div class=\"wp-block-column has-neve-text-color-color has-nv-site-bg-background-color has-text-color has-background has-link-color wp-elements-76433fdb9067a7370ab0f1da2af30d8a is-layout-flow wp-block-column-is-layout-flow\" style=\"border-bottom-color:var(--wp--preset--color--nv-dark-bg);border-bottom-width:8px;padding-top:var(--wp--preset--spacing--70);padding-right:var(--wp--preset--spacing--50);padding-bottom:var(--wp--preset--spacing--70);padding-left:var(--wp--preset--spacing--50)\"><div class=\"wp-block-image\">\n<figure class=\"aligncenter size-full is-resized has-custom-border\"><img loading=\"lazy\" decoding=\"async\" width=\"2048\" height=\"1536\" src=\"https:\/\/fighter-jet-rides.com\/wp-content\/uploads\/2025\/01\/WhatsApp-Bild-2024-06-18-um-11.02.49_6f10dd31.jpg\" alt=\"\" class=\"wp-image-841\" style=\"border-radius:999px;aspect-ratio:1;object-fit:cover;width:304px;height:auto\" srcset=\"https:\/\/fighter-jet-rides.com\/wp-content\/uploads\/2025\/01\/WhatsApp-Bild-2024-06-18-um-11.02.49_6f10dd31.jpg 2048w, https:\/\/fighter-jet-rides.com\/wp-content\/uploads\/2025\/01\/WhatsApp-Bild-2024-06-18-um-11.02.49_6f10dd31-300x225.jpg 300w, https:\/\/fighter-jet-rides.com\/wp-content\/uploads\/2025\/01\/WhatsApp-Bild-2024-06-18-um-11.02.49_6f10dd31-1024x768.jpg 1024w, https:\/\/fighter-jet-rides.com\/wp-content\/uploads\/2025\/01\/WhatsApp-Bild-2024-06-18-um-11.02.49_6f10dd31-768x576.jpg 768w, https:\/\/fighter-jet-rides.com\/wp-content\/uploads\/2025\/01\/WhatsApp-Bild-2024-06-18-um-11.02.49_6f10dd31-1536x1152.jpg 1536w, https:\/\/fighter-jet-rides.com\/wp-content\/uploads\/2025\/01\/WhatsApp-Bild-2024-06-18-um-11.02.49_6f10dd31-16x12.jpg 16w\" sizes=\"auto, (max-width: 2048px) 100vw, 2048px\" \/><\/figure>\n<\/div>\n\n\n<div style=\"height:32px\" aria-hidden=\"true\" class=\"wp-block-spacer\"><\/div>\n\n\n\n<h3 class=\"wp-block-heading has-text-align-center\">Carsten K\u00f6ppen<\/h3>\n\n\n\n<p class=\"has-text-align-center\"><em>&#8220;<\/em> Buchung hat dank freundlicher Hilfestellung gut funktioniert. Flug war ein unglaublich tolles und einmaliges Erlebnis. Betreuung vor Ort samt der Crew und des Piloten war absolut top. Uneingeschr\u00e4nkt zu empfehlen! \"<\/p>\n\n\n<div class=\"wp-block-image\">\n<figure class=\"aligncenter size-full is-resized\"><img decoding=\"async\" src=\"https:\/\/fighter-jet-rides.com\/wp-content\/uploads\/2025\/01\/carsten-kppen.svg\" alt=\"\" class=\"wp-image-839\" style=\"width:auto;height:40px\"\/><\/figure>\n<\/div><\/div>\n<\/div>\n<\/div><\/section>\n\n\n\n<div class=\"wp-block-cover alignfull has-neve-text-color-color has-text-color has-link-color wp-elements-9134f9de129f5407976b9321a67670cc\" style=\"padding-top:var(--wp--preset--spacing--80);padding-right:var(--wp--preset--spacing--40);padding-bottom:var(--wp--preset--spacing--80);padding-left:var(--wp--preset--spacing--40)\"><span aria-hidden=\"true\" class=\"wp-block-cover__background has-nv-site-bg-background-color has-background-dim-100 has-background-dim\"><\/span><div class=\"wp-block-cover__inner-container is-layout-flow wp-block-cover-is-layout-flow\">\n<div class=\"wp-block-columns is-layout-flex wp-container-core-columns-is-layout-9d6595d7 wp-block-columns-is-layout-flex\">\n<div class=\"wp-block-column is-layout-flow wp-block-column-is-layout-flow\" style=\"flex-basis:100%\">\n<div class=\"wp-block-group is-vertical is-content-justification-center is-layout-flex wp-container-core-group-is-layout-4b2eccd6 wp-block-group-is-layout-flex\">\n<p class=\"big-number has-nv-light-bg-color has-text-color has-link-color wp-elements-a7fd32131fbdfd6fd566c5b9b1686a04\" style=\"font-size:220px\"><strong>0<\/strong>8<\/p>\n\n\n\n<h2 class=\"wp-block-heading has-text-align-center has-neve-text-color-color has-text-color has-link-color wp-elements-e0561d289cad4c05cbdbcf696a6081b6\">Galerie<\/h2>\n\n\n\n<p class=\"has-text-align-center has-neve-text-color-color has-text-color has-link-color wp-elements-3dd8f303cd79c82e0d685656cf6c0541\">Brno; CZ<\/p>\n\n\n\n<div style=\"height:0px\" aria-hidden=\"true\" class=\"wp-block-spacer wp-container-content-f9bd05ee\"><\/div>\n<\/div>\n<\/div>\n<\/div>\n\n\n\n<figure class=\"wp-block-gallery has-nested-images columns-3 is-cropped wp-block-gallery-1 is-layout-flex wp-block-gallery-is-layout-flex\">\n<figure class=\"wp-block-image size-large\"><img loading=\"lazy\" decoding=\"async\" width=\"1024\" height=\"1024\" data-id=\"856\" src=\"https:\/\/fighter-jet-rides.com\/wp-content\/uploads\/2025\/01\/Fighter-Jet-Flight-in-Brno-Czech-Republic-1-1024x1024.jpg\" alt=\"\" class=\"wp-image-856\" srcset=\"https:\/\/fighter-jet-rides.com\/wp-content\/uploads\/2025\/01\/Fighter-Jet-Flight-in-Brno-Czech-Republic-1-1024x1024.jpg 1024w, https:\/\/fighter-jet-rides.com\/wp-content\/uploads\/2025\/01\/Fighter-Jet-Flight-in-Brno-Czech-Republic-1-300x300.jpg 300w, https:\/\/fighter-jet-rides.com\/wp-content\/uploads\/2025\/01\/Fighter-Jet-Flight-in-Brno-Czech-Republic-1-150x150.jpg 150w, https:\/\/fighter-jet-rides.com\/wp-content\/uploads\/2025\/01\/Fighter-Jet-Flight-in-Brno-Czech-Republic-1-768x768.jpg 768w, https:\/\/fighter-jet-rides.com\/wp-content\/uploads\/2025\/01\/Fighter-Jet-Flight-in-Brno-Czech-Republic-1-12x12.jpg 12w, https:\/\/fighter-jet-rides.com\/wp-content\/uploads\/2025\/01\/Fighter-Jet-Flight-in-Brno-Czech-Republic-1.jpg 1200w\" sizes=\"auto, (max-width: 1024px) 100vw, 1024px\" \/><\/figure>\n\n\n\n<figure class=\"wp-block-image size-large\"><img loading=\"lazy\" decoding=\"async\" width=\"1024\" height=\"1024\" data-id=\"857\" src=\"https:\/\/fighter-jet-rides.com\/wp-content\/uploads\/2025\/01\/Aero-L-39-Albatros-Fighter-Jet-Flight-in-Brno-Czech-Republic-1-1024x1024.jpg\" alt=\"\" class=\"wp-image-857\" srcset=\"https:\/\/fighter-jet-rides.com\/wp-content\/uploads\/2025\/01\/Aero-L-39-Albatros-Fighter-Jet-Flight-in-Brno-Czech-Republic-1-1024x1024.jpg 1024w, https:\/\/fighter-jet-rides.com\/wp-content\/uploads\/2025\/01\/Aero-L-39-Albatros-Fighter-Jet-Flight-in-Brno-Czech-Republic-1-300x300.jpg 300w, https:\/\/fighter-jet-rides.com\/wp-content\/uploads\/2025\/01\/Aero-L-39-Albatros-Fighter-Jet-Flight-in-Brno-Czech-Republic-1-150x150.jpg 150w, https:\/\/fighter-jet-rides.com\/wp-content\/uploads\/2025\/01\/Aero-L-39-Albatros-Fighter-Jet-Flight-in-Brno-Czech-Republic-1-768x768.jpg 768w, https:\/\/fighter-jet-rides.com\/wp-content\/uploads\/2025\/01\/Aero-L-39-Albatros-Fighter-Jet-Flight-in-Brno-Czech-Republic-1-12x12.jpg 12w, https:\/\/fighter-jet-rides.com\/wp-content\/uploads\/2025\/01\/Aero-L-39-Albatros-Fighter-Jet-Flight-in-Brno-Czech-Republic-1.jpg 1200w\" sizes=\"auto, (max-width: 1024px) 100vw, 1024px\" \/><\/figure>\n\n\n\n<figure class=\"wp-block-image size-large\"><img loading=\"lazy\" decoding=\"async\" width=\"1024\" height=\"1024\" data-id=\"858\" src=\"https:\/\/fighter-jet-rides.com\/wp-content\/uploads\/2025\/01\/Fighter-Jet-Flight-in-Czech-Republic-1-1024x1024.jpg\" alt=\"\" class=\"wp-image-858\" srcset=\"https:\/\/fighter-jet-rides.com\/wp-content\/uploads\/2025\/01\/Fighter-Jet-Flight-in-Czech-Republic-1-1024x1024.jpg 1024w, https:\/\/fighter-jet-rides.com\/wp-content\/uploads\/2025\/01\/Fighter-Jet-Flight-in-Czech-Republic-1-300x300.jpg 300w, https:\/\/fighter-jet-rides.com\/wp-content\/uploads\/2025\/01\/Fighter-Jet-Flight-in-Czech-Republic-1-150x150.jpg 150w, https:\/\/fighter-jet-rides.com\/wp-content\/uploads\/2025\/01\/Fighter-Jet-Flight-in-Czech-Republic-1-768x768.jpg 768w, https:\/\/fighter-jet-rides.com\/wp-content\/uploads\/2025\/01\/Fighter-Jet-Flight-in-Czech-Republic-1-12x12.jpg 12w, https:\/\/fighter-jet-rides.com\/wp-content\/uploads\/2025\/01\/Fighter-Jet-Flight-in-Czech-Republic-1.jpg 1200w\" sizes=\"auto, (max-width: 1024px) 100vw, 1024px\" \/><\/figure>\n\n\n\n<figure class=\"wp-block-image size-full\"><img loading=\"lazy\" decoding=\"async\" width=\"2560\" height=\"1707\" data-id=\"860\" src=\"https:\/\/fighter-jet-rides.com\/wp-content\/uploads\/2025\/01\/092_DR203957-1-scaled.jpg\" alt=\"\" class=\"wp-image-860\" srcset=\"https:\/\/fighter-jet-rides.com\/wp-content\/uploads\/2025\/01\/092_DR203957-1-scaled.jpg 2560w, https:\/\/fighter-jet-rides.com\/wp-content\/uploads\/2025\/01\/092_DR203957-1-300x200.jpg 300w, https:\/\/fighter-jet-rides.com\/wp-content\/uploads\/2025\/01\/092_DR203957-1-1024x683.jpg 1024w, https:\/\/fighter-jet-rides.com\/wp-content\/uploads\/2025\/01\/092_DR203957-1-768x512.jpg 768w, https:\/\/fighter-jet-rides.com\/wp-content\/uploads\/2025\/01\/092_DR203957-1-1536x1024.jpg 1536w, https:\/\/fighter-jet-rides.com\/wp-content\/uploads\/2025\/01\/092_DR203957-1-2048x1366.jpg 2048w, https:\/\/fighter-jet-rides.com\/wp-content\/uploads\/2025\/01\/092_DR203957-1-18x12.jpg 18w, https:\/\/fighter-jet-rides.com\/wp-content\/uploads\/2025\/01\/092_DR203957-1-930x620.jpg 930w\" sizes=\"auto, (max-width: 2560px) 100vw, 2560px\" \/><\/figure>\n\n\n\n<figure class=\"wp-block-image size-large\"><img loading=\"lazy\" decoding=\"async\" width=\"1024\" height=\"768\" data-id=\"861\" src=\"https:\/\/fighter-jet-rides.com\/wp-content\/uploads\/2025\/01\/IMG-20240618-WA0032-1-1024x768.jpg\" alt=\"\" class=\"wp-image-861\" srcset=\"https:\/\/fighter-jet-rides.com\/wp-content\/uploads\/2025\/01\/IMG-20240618-WA0032-1-1024x768.jpg 1024w, https:\/\/fighter-jet-rides.com\/wp-content\/uploads\/2025\/01\/IMG-20240618-WA0032-1-300x225.jpg 300w, https:\/\/fighter-jet-rides.com\/wp-content\/uploads\/2025\/01\/IMG-20240618-WA0032-1-768x576.jpg 768w, https:\/\/fighter-jet-rides.com\/wp-content\/uploads\/2025\/01\/IMG-20240618-WA0032-1-1536x1152.jpg 1536w, https:\/\/fighter-jet-rides.com\/wp-content\/uploads\/2025\/01\/IMG-20240618-WA0032-1-16x12.jpg 16w, https:\/\/fighter-jet-rides.com\/wp-content\/uploads\/2025\/01\/IMG-20240618-WA0032-1.jpg 1600w\" sizes=\"auto, (max-width: 1024px) 100vw, 1024px\" \/><\/figure>\n\n\n\n<figure class=\"wp-block-image size-full\"><img loading=\"lazy\" decoding=\"async\" width=\"2560\" height=\"1707\" data-id=\"862\" src=\"https:\/\/fighter-jet-rides.com\/wp-content\/uploads\/2025\/01\/077_DR203763-1-scaled.jpg\" alt=\"\" class=\"wp-image-862\" srcset=\"https:\/\/fighter-jet-rides.com\/wp-content\/uploads\/2025\/01\/077_DR203763-1-scaled.jpg 2560w, https:\/\/fighter-jet-rides.com\/wp-content\/uploads\/2025\/01\/077_DR203763-1-300x200.jpg 300w, https:\/\/fighter-jet-rides.com\/wp-content\/uploads\/2025\/01\/077_DR203763-1-1024x683.jpg 1024w, https:\/\/fighter-jet-rides.com\/wp-content\/uploads\/2025\/01\/077_DR203763-1-768x512.jpg 768w, https:\/\/fighter-jet-rides.com\/wp-content\/uploads\/2025\/01\/077_DR203763-1-1536x1024.jpg 1536w, https:\/\/fighter-jet-rides.com\/wp-content\/uploads\/2025\/01\/077_DR203763-1-2048x1366.jpg 2048w, https:\/\/fighter-jet-rides.com\/wp-content\/uploads\/2025\/01\/077_DR203763-1-18x12.jpg 18w, https:\/\/fighter-jet-rides.com\/wp-content\/uploads\/2025\/01\/077_DR203763-1-930x620.jpg 930w\" sizes=\"auto, (max-width: 2560px) 100vw, 2560px\" \/><\/figure>\n<\/figure>\n<\/div><\/div>\n\n\n\n<div class=\"wp-block-cover alignfull\" style=\"padding-top:var(--wp--preset--spacing--80);padding-right:var(--wp--preset--spacing--50);padding-bottom:var(--wp--preset--spacing--80);padding-left:var(--wp--preset--spacing--50)\"><span aria-hidden=\"true\" class=\"wp-block-cover__background has-neve-text-color-background-color has-background-dim-100 has-background-dim\"><\/span><div class=\"wp-block-cover__inner-container is-layout-flow wp-block-cover-is-layout-flow\">\n<p class=\"has-text-align-center big-number has-nv-dark-bg-color has-text-color has-link-color wp-elements-3a406c462527867313f211aa11578edb\" id=\"pricing\" style=\"font-size:220px\"><strong>09<\/strong><\/p>\n\n\n\n<h2 class=\"wp-block-heading has-text-align-center\">Pre\u021buri \u0219i rezerv\u0103ri<\/h2>\n\n\n\n<div class=\"wp-block-columns has-neve-text-color-color has-text-color has-link-color wp-elements-4b9f60dfbb05693468446f46f87c5bd2 is-layout-flex wp-container-core-columns-is-layout-9d6595d7 wp-block-columns-is-layout-flex\">\n<div class=\"wp-block-column is-vertically-aligned-top is-layout-flow wp-block-column-is-layout-flow\">\n<div class=\"wp-block-group has-nv-site-bg-background-color has-background\" style=\"border-top-color:var(--wp--preset--color--nv-dark-bg);border-top-width:8px;border-right-style:none;border-right-width:0px;border-bottom-style:none;border-bottom-width:0px;border-left-style:none;border-left-width:0px;padding-top:var(--wp--preset--spacing--60);padding-right:var(--wp--preset--spacing--50);padding-bottom:var(--wp--preset--spacing--60);padding-left:var(--wp--preset--spacing--50)\"><div class=\"wp-block-group__inner-container is-layout-constrained wp-container-core-group-is-layout-fcc72f54 wp-block-group-is-layout-constrained\">\n<h3 class=\"wp-block-heading has-text-align-center has-large-font-size\"><mark style=\"background-color:rgba(0, 0, 0, 0)\" class=\"has-inline-color has-neve-link-hover-color-color\">Regula cerului<\/mark> Pachet-20MIN<\/h3>\n\n\n\n<div class=\"wp-block-group is-vertical is-content-justification-center is-layout-flex wp-container-core-group-is-layout-4b2eccd6 wp-block-group-is-layout-flex\">\n<h4 class=\"wp-block-heading has-neve-text-color-color has-text-color has-link-color has-x-large-font-size wp-elements-44664f241973e4f9dc9107c9cf5a171d\">2,600.00 EUR<\/h4>\n\n\n\n<p>pe zbor<\/p>\n<\/div>\n\n\n\n<hr class=\"wp-block-separator has-text-color has-nv-light-bg-color has-alpha-channel-opacity has-nv-light-bg-background-color has-background\"\/>\n\n\n\n<p class=\"has-text-align-center\">Briefing<\/p>\n\n\n\n<p class=\"has-text-align-center\">Timp de zbor 20 de minute<\/p>\n\n\n\n<p class=\"has-text-align-center\">Video \u00een timpul zborului<\/p>\n\n\n\n<div class=\"wp-block-buttons is-content-justification-center is-layout-flex wp-container-core-buttons-is-layout-16018d1d wp-block-buttons-is-layout-flex\">\n<div class=\"wp-block-button is-style-default\"><a class=\"wp-block-button__link has-nv-text-dark-bg-color has-neve-text-color-background-color has-text-color has-background has-link-color wp-element-button\" href=\"https:\/\/fighter-jet-rides.com\/ro\/rezervare\/?params=hideregionselector&amp;region=rest&amp;eulocation=CZ-BRNO-L39&amp;referrer=pdp&amp;utm_source=fjr\">REZERVA\u021aI ACUM<\/a><\/div>\n<\/div>\n<\/div><\/div>\n<\/div>\n\n\n\n<div class=\"wp-block-column is-vertically-aligned-top is-layout-flow wp-block-column-is-layout-flow\">\n<div class=\"wp-block-group has-nv-site-bg-background-color has-background\" style=\"border-top-color:var(--wp--preset--color--neve-link-hover-color);border-top-width:8px;border-right-style:none;border-right-width:0px;border-bottom-style:none;border-bottom-width:0px;border-left-style:none;border-left-width:0px;padding-top:var(--wp--preset--spacing--60);padding-right:var(--wp--preset--spacing--50);padding-bottom:var(--wp--preset--spacing--60);padding-left:var(--wp--preset--spacing--50)\"><div class=\"wp-block-group__inner-container is-layout-constrained wp-container-core-group-is-layout-fcc72f54 wp-block-group-is-layout-constrained\">\n<h3 class=\"wp-block-heading has-text-align-center has-large-font-size\"><mark style=\"background-color:rgba(0, 0, 0, 0)\" class=\"has-inline-color has-neve-link-hover-color-color\">Aventur\u0103 supersonic\u0103<\/mark> Pachet -30MIN<\/h3>\n\n\n\n<div class=\"wp-block-group is-vertical is-content-justification-center is-layout-flex wp-container-core-group-is-layout-4b2eccd6 wp-block-group-is-layout-flex\">\n<h4 class=\"wp-block-heading has-neve-link-hover-color-color has-text-color has-link-color has-x-large-font-size wp-elements-8f79ffa765bd9f1031291d362a9fbb16\">3,600.00 EUR<\/h4>\n\n\n\n<p>pe zbor<\/p>\n<\/div>\n\n\n\n<hr class=\"wp-block-separator has-text-color has-nv-light-bg-color has-alpha-channel-opacity has-nv-light-bg-background-color has-background\"\/>\n\n\n\n<p class=\"has-text-align-center\">Briefing<\/p>\n\n\n\n<p class=\"has-text-align-center\">30 de minute timp de zbor<\/p>\n\n\n\n<p class=\"has-text-align-center\">Video \u00een timpul zborului<\/p>\n\n\n\n<div class=\"wp-block-buttons is-content-justification-center is-layout-flex wp-container-core-buttons-is-layout-16018d1d wp-block-buttons-is-layout-flex\">\n<div class=\"wp-block-button is-style-default\"><a class=\"wp-block-button__link has-nv-text-dark-bg-color has-neve-link-hover-color-background-color has-text-color has-background has-link-color wp-element-button\" href=\"https:\/\/fighter-jet-rides.com\/ro\/rezervare\/?params=hideregionselector&amp;region=rest&amp;eulocation=CZ-BRNO-L39&amp;referrer=pdp&amp;utm_source=fjr\">REZERVA\u021aI ACUM<\/a><\/div>\n<\/div>\n<\/div><\/div>\n<\/div>\n<\/div>\n<\/div><\/div>\n\n\n\n<div class=\"wp-block-cover alignfull has-neve-text-color-color has-text-color has-link-color wp-elements-fd161d822126525a2ade0ea7e93cbd27\" style=\"padding-top:var(--wp--preset--spacing--80);padding-right:var(--wp--preset--spacing--40);padding-bottom:var(--wp--preset--spacing--80);padding-left:var(--wp--preset--spacing--40)\"><span aria-hidden=\"true\" class=\"wp-block-cover__background has-nv-site-bg-background-color has-background-dim-100 has-background-dim\"><\/span><div class=\"wp-block-cover__inner-container is-layout-flow wp-block-cover-is-layout-flow\">\n<div class=\"wp-block-columns is-layout-flex wp-container-core-columns-is-layout-9d6595d7 wp-block-columns-is-layout-flex\">\n<div class=\"wp-block-column is-layout-flow wp-block-column-is-layout-flow\" style=\"flex-basis:100%\">\n<div class=\"wp-block-group\"><div class=\"wp-block-group__inner-container is-layout-constrained wp-block-group-is-layout-constrained\">\n<p class=\"big-number has-nv-light-bg-color has-text-color has-link-color wp-elements-93f01c170b049a433dc9659f7dc4877c\" style=\"font-size:220px\">10<\/p>\n\n\n\n<h2 class=\"wp-block-heading has-text-align-center has-neve-text-color-color has-text-color has-link-color wp-elements-a7b4be59732789a23039606275ff32c2\">\u00ceNTREB\u0102RI FRECVENTE<\/h2>\n\n\n\n<p class=\"has-text-align-center has-neve-text-color-color has-text-color has-link-color wp-elements-9cca6875f495bf6c958d055d2ed65647\">R\u0103spunsuri la \u00eentreb\u0103ri frecvente<\/p>\n\n\n<ul style=\"padding-top:0;padding-bottom:0;padding-left:0;padding-right:0\" class=\"wp-block-tt-accordion\">\n<li class=\"wp-block-tt-accordion-item wp-block-tt-accordion-item-2 has-background has-nv-text-dark-bg-background-color\"><h3 class=\"wp-block-tt-accordion-item-header\"><button class=\"wp-block-tt-accordion-item-header-button\" id=\"wp-block-tt-accordion-item-header-button-27a296e6-e81a-4de7-8148-e6bd9d46247c\" type=\"button\"><span class=\"wp-block-tt-accordion-item-header-button-text\">Trebuie s\u0103 fiu pilot pentru a lua parte la un astfel de zbor?<\/span><span class=\"wp-block-tt-accordion-item-header-button-icon-arrow\" aria-hidden=\"true\"><svg version=\"1.1\" xmlns=\"http:\/\/www.w3.org\/2000\/svg\" width=\"24px\" height=\"24px\" viewbox=\"0 0 24 24\" aria-hidden=\"true\" focusable=\"false\"><polyline points=\"4.711,8 12,15.289 19.289,8\" stroke=\"black\" stroke-width=\"2\" fill=\"none\" \/><\/svg><\/span><\/button><\/h3><div class=\"wp-block-tt-accordion-item-panel open\" id=\"wp-block-tt-accordion-item-panel-27a296e6-e81a-4de7-8148-e6bd9d46247c\" role=\"region\">\n\n<p class=\"has-nv-text-dark-bg-background-color has-background\">Nu, acest zbor este deschis tuturor.<\/p>\n\n<\/div><\/li>\n\n<li class=\"wp-block-tt-accordion-item wp-block-tt-accordion-item-3 has-background has-nv-site-bg-background-color\"><h3 class=\"wp-block-tt-accordion-item-header\"><button class=\"wp-block-tt-accordion-item-header-button\" id=\"wp-block-tt-accordion-item-header-button-8bc745e8-3056-4c2c-8a3b-10ab764a78b5\" type=\"button\"><span class=\"wp-block-tt-accordion-item-header-button-text\">De unde decoleaz\u0103 zborurile?<\/span><span class=\"wp-block-tt-accordion-item-header-button-icon-arrow\" aria-hidden=\"true\"><svg version=\"1.1\" xmlns=\"http:\/\/www.w3.org\/2000\/svg\" width=\"24px\" height=\"24px\" viewbox=\"0 0 24 24\" aria-hidden=\"true\" focusable=\"false\"><polyline points=\"4.711,8 12,15.289 19.289,8\" stroke=\"black\" stroke-width=\"2\" fill=\"none\" \/><\/svg><\/span><\/button><\/h3><div class=\"wp-block-tt-accordion-item-panel open\" id=\"wp-block-tt-accordion-item-panel-8bc745e8-3056-4c2c-8a3b-10ab764a78b5\" role=\"region\">\n\n<p class=\"has-nv-site-bg-background-color has-background\">Zborurile decoleaz\u0103 din Augsburg, la aproximativ 30 de minute de M\u00fcnchen. Este un loc perfect pentru a decola pentru zboruri deasupra Alpilor bavarezi.<\/p>\n\n<\/div><\/li>\n\n<li class=\"wp-block-tt-accordion-item wp-block-tt-accordion-item-4 has-background has-nv-text-dark-bg-background-color\"><h3 class=\"wp-block-tt-accordion-item-header\"><button class=\"wp-block-tt-accordion-item-header-button\" id=\"wp-block-tt-accordion-item-header-button-ca0e7f64-2363-4e0a-851e-80ae3418426f\" type=\"button\"><span class=\"wp-block-tt-accordion-item-header-button-text\">Care este v\u00e2rsta minim\u0103?<\/span><span class=\"wp-block-tt-accordion-item-header-button-icon-arrow\" aria-hidden=\"true\"><svg version=\"1.1\" xmlns=\"http:\/\/www.w3.org\/2000\/svg\" width=\"24px\" height=\"24px\" viewbox=\"0 0 24 24\" aria-hidden=\"true\" focusable=\"false\"><polyline points=\"4.711,8 12,15.289 19.289,8\" stroke=\"black\" stroke-width=\"2\" fill=\"none\" \/><\/svg><\/span><\/button><\/h3><div class=\"wp-block-tt-accordion-item-panel open\" id=\"wp-block-tt-accordion-item-panel-ca0e7f64-2363-4e0a-851e-80ae3418426f\" role=\"region\">\n\n<p class=\"has-nv-text-dark-bg-background-color has-background\">V\u00e2rsta minim\u0103 este de 16 ani.<\/p>\n\n<\/div><\/li>\n\n<li class=\"wp-block-tt-accordion-item wp-block-tt-accordion-item-5\"><h3 class=\"wp-block-tt-accordion-item-header\"><button class=\"wp-block-tt-accordion-item-header-button\" id=\"wp-block-tt-accordion-item-header-button-cdb7f8f4-419b-40fd-bf89-88db80de5cb7\" type=\"button\"><span class=\"wp-block-tt-accordion-item-header-button-text\">Ce se \u00eent\u00e2mpl\u0103 \u00een caz de vreme rea?<\/span><span class=\"wp-block-tt-accordion-item-header-button-icon-arrow\" aria-hidden=\"true\"><svg version=\"1.1\" xmlns=\"http:\/\/www.w3.org\/2000\/svg\" width=\"24px\" height=\"24px\" viewbox=\"0 0 24 24\" aria-hidden=\"true\" focusable=\"false\"><polyline points=\"4.711,8 12,15.289 19.289,8\" stroke=\"black\" stroke-width=\"2\" fill=\"none\" \/><\/svg><\/span><\/button><\/h3><div class=\"wp-block-tt-accordion-item-panel open\" id=\"wp-block-tt-accordion-item-panel-cdb7f8f4-419b-40fd-bf89-88db80de5cb7\" role=\"region\">\n\n<p>Dac\u0103 vremea este prea ploioas\u0103 sau cea\u021b\u0103 pe termen scurt, zborul va fi mutat cu c\u00e2teva ore pentru a permite desf\u0103\u0219urarea opera\u021biunilor \u00een condi\u021bii de siguran\u021b\u0103. \u00cen timpul perioadelor de vreme nefavorabil\u0103 pe termen lung, zborul poate fi mutat cu c\u00e2teva zile sau s\u0103pt\u0103m\u00e2ni, gratuit. Dac\u0103 dori\u021bi s\u0103 v\u0103 asigura\u021bi c\u0103 zbura\u021bi \u00een condi\u021bii \u00eensorite, ave\u021bi, de asemenea, posibilitatea de a solicita o reprogramare gratuit\u0103 p\u00e2n\u0103 cu 7 zile \u00eenainte de zbor.<\/p>\n\n<\/div><\/li>\n\n<li class=\"wp-block-tt-accordion-item wp-block-tt-accordion-item-6 has-background has-nv-text-dark-bg-background-color\"><h3 class=\"wp-block-tt-accordion-item-header\"><button class=\"wp-block-tt-accordion-item-header-button\" id=\"wp-block-tt-accordion-item-header-button-ed6ebb73-5798-49e1-bdec-7f18bbb17de8\" type=\"button\"><span class=\"wp-block-tt-accordion-item-header-button-text\">Pot cump\u0103ra un voucher cadou?<\/span><span class=\"wp-block-tt-accordion-item-header-button-icon-arrow\" aria-hidden=\"true\"><svg version=\"1.1\" xmlns=\"http:\/\/www.w3.org\/2000\/svg\" width=\"24px\" height=\"24px\" viewbox=\"0 0 24 24\" aria-hidden=\"true\" focusable=\"false\"><polyline points=\"4.711,8 12,15.289 19.289,8\" stroke=\"black\" stroke-width=\"2\" fill=\"none\" \/><\/svg><\/span><\/button><\/h3><div class=\"wp-block-tt-accordion-item-panel open\" id=\"wp-block-tt-accordion-item-panel-ed6ebb73-5798-49e1-bdec-7f18bbb17de8\" role=\"region\">\n\n<p>Categoric! Oferirea unui zbor cu un avion de v\u00e2n\u0103toare este cadoul suprem \u0219i foarte popular printre clien\u021bii no\u0219tri. Doar rezerva\u021bi un zbor regulat \u0219i bifa\u021bi c\u0103su\u021ba \"Acest zbor este un cadou\" \u00een timpul procesului de rezervare. Vom emite un certificat de cadou pentru zbor \u0219i ne vom asigura c\u0103 destinatarul nu va fi informat \u00eenainte de data zborului.<\/p>\n\n<\/div><\/li>\n\n<li class=\"wp-block-tt-accordion-item wp-block-tt-accordion-item-7\"><h3 class=\"wp-block-tt-accordion-item-header\"><button class=\"wp-block-tt-accordion-item-header-button\" id=\"wp-block-tt-accordion-item-header-button-04752a7c-26e4-4ed5-81f9-89b5581ed22a\" type=\"button\"><span class=\"wp-block-tt-accordion-item-header-button-text\">C\u00e2t dureaz\u0103 zborul?<\/span><span class=\"wp-block-tt-accordion-item-header-button-icon-arrow\" aria-hidden=\"true\"><svg version=\"1.1\" xmlns=\"http:\/\/www.w3.org\/2000\/svg\" width=\"24px\" height=\"24px\" viewbox=\"0 0 24 24\" aria-hidden=\"true\" focusable=\"false\"><polyline points=\"4.711,8 12,15.289 19.289,8\" stroke=\"black\" stroke-width=\"2\" fill=\"none\" \/><\/svg><\/span><\/button><\/h3><div class=\"wp-block-tt-accordion-item-panel open\" id=\"wp-block-tt-accordion-item-panel-04752a7c-26e4-4ed5-81f9-89b5581ed22a\" role=\"region\">\n\n<p>Durata zborurilor variaz\u0103, de obicei \u00eentre 30 de minute \u0219i o or\u0103, \u00een func\u021bie de pachetul ales.<\/p>\n\n<\/div><\/li>\n\n<li class=\"wp-block-tt-accordion-item wp-block-tt-accordion-item-8 has-background has-nv-text-dark-bg-background-color\"><h3 class=\"wp-block-tt-accordion-item-header\"><button class=\"wp-block-tt-accordion-item-header-button\" id=\"wp-block-tt-accordion-item-header-button-d171dee4-4dd7-44cb-9fc5-5a35627cff75\" type=\"button\"><span class=\"wp-block-tt-accordion-item-header-button-text\">La ce m\u0103 pot a\u0219tepta \u00een timpul zborului?<\/span><span class=\"wp-block-tt-accordion-item-header-button-icon-arrow\" aria-hidden=\"true\"><svg version=\"1.1\" xmlns=\"http:\/\/www.w3.org\/2000\/svg\" width=\"24px\" height=\"24px\" viewbox=\"0 0 24 24\" aria-hidden=\"true\" focusable=\"false\"><polyline points=\"4.711,8 12,15.289 19.289,8\" stroke=\"black\" stroke-width=\"2\" fill=\"none\" \/><\/svg><\/span><\/button><\/h3><div class=\"wp-block-tt-accordion-item-panel open\" id=\"wp-block-tt-accordion-item-panel-d171dee4-4dd7-44cb-9fc5-5a35627cff75\" role=\"region\">\n\n<p>Ve\u021bi experimenta un amestec de zboruri de mare vitez\u0103, manevre acrobatice \u0219i priveli\u0219ti uimitoare. \u00cenainte de decolare, ave\u021bi parte de un briefing detaliat privind siguran\u021ba \u0219i de o prezentare a aeronavei.<\/p>\n\n\n\n<p>\u00cen timpul zborului, ve\u021bi fi \u00een contact cu pilotul prin sistemul de interfon, iar pilotul se va asigura c\u0103 v\u0103 sim\u021bi\u021bi confortabil.<\/p>\n\n<\/div><\/li>\n\n<li class=\"wp-block-tt-accordion-item wp-block-tt-accordion-item-9\"><h3 class=\"wp-block-tt-accordion-item-header\"><button class=\"wp-block-tt-accordion-item-header-button\" id=\"wp-block-tt-accordion-item-header-button-25047eba-48a3-4b5f-a628-ce5f71d0b6ad\" type=\"button\"><span class=\"wp-block-tt-accordion-item-header-button-text\">Cum ar trebui s\u0103 m\u0103 \u00eembrac pentru un zbor cu un avion de v\u00e2n\u0103toare?<\/span><span class=\"wp-block-tt-accordion-item-header-button-icon-arrow\" aria-hidden=\"true\"><svg version=\"1.1\" xmlns=\"http:\/\/www.w3.org\/2000\/svg\" width=\"24px\" height=\"24px\" viewbox=\"0 0 24 24\" aria-hidden=\"true\" focusable=\"false\"><polyline points=\"4.711,8 12,15.289 19.289,8\" stroke=\"black\" stroke-width=\"2\" fill=\"none\" \/><\/svg><\/span><\/button><\/h3><div class=\"wp-block-tt-accordion-item-panel open\" id=\"wp-block-tt-accordion-item-panel-25047eba-48a3-4b5f-a628-ce5f71d0b6ad\" role=\"region\">\n\n<p>Purta\u021bi haine confortabile \u0219i \u00eenc\u0103l\u021b\u0103minte cu v\u00e2rf \u00eenchis. V\u0103 vom oferi orice echipament suplimentar necesar, cum ar fi un costum de zbor \u0219i o casc\u0103.<\/p>\n\n<\/div><\/li>\n\n<li class=\"wp-block-tt-accordion-item wp-block-tt-accordion-item-10 has-background has-nv-text-dark-bg-background-color\"><h3 class=\"wp-block-tt-accordion-item-header\"><button class=\"wp-block-tt-accordion-item-header-button\" id=\"wp-block-tt-accordion-item-header-button-17db1cc0-f309-40ac-b543-6fa827a26397\" type=\"button\"><span class=\"wp-block-tt-accordion-item-header-button-text\">Pot aduce un prieten sau un membru al familiei s\u0103 vad\u0103?<\/span><span class=\"wp-block-tt-accordion-item-header-button-icon-arrow\" aria-hidden=\"true\"><svg version=\"1.1\" xmlns=\"http:\/\/www.w3.org\/2000\/svg\" width=\"24px\" height=\"24px\" viewbox=\"0 0 24 24\" aria-hidden=\"true\" focusable=\"false\"><polyline points=\"4.711,8 12,15.289 19.289,8\" stroke=\"black\" stroke-width=\"2\" fill=\"none\" \/><\/svg><\/span><\/button><\/h3><div class=\"wp-block-tt-accordion-item-panel open\" id=\"wp-block-tt-accordion-item-panel-17db1cc0-f309-40ac-b543-6fa827a26397\" role=\"region\">\n\n<p>Da! Oaspe\u021bii sunt bineveni\u021bi s\u0103 vin\u0103 \u0219i s\u0103 urm\u0103reasc\u0103 preg\u0103tirile dinaintea zborului \u0219i decolarea. Multe loca\u021bii au \u0219i o zon\u0103 de vizionare pentru spectatori.<\/p>\n\n<\/div><\/li>\n\n<li class=\"wp-block-tt-accordion-item wp-block-tt-accordion-item-11\"><h3 class=\"wp-block-tt-accordion-item-header\"><button class=\"wp-block-tt-accordion-item-header-button\" id=\"wp-block-tt-accordion-item-header-button-fbc08d06-bbbe-495f-905d-07a5b846a0d4\" type=\"button\"><span class=\"wp-block-tt-accordion-item-header-button-text\">Pot \u00eenregistra zborul?<\/span><span class=\"wp-block-tt-accordion-item-header-button-icon-arrow\" aria-hidden=\"true\"><svg version=\"1.1\" xmlns=\"http:\/\/www.w3.org\/2000\/svg\" width=\"24px\" height=\"24px\" viewbox=\"0 0 24 24\" aria-hidden=\"true\" focusable=\"false\"><polyline points=\"4.711,8 12,15.289 19.289,8\" stroke=\"black\" stroke-width=\"2\" fill=\"none\" \/><\/svg><\/span><\/button><\/h3><div class=\"wp-block-tt-accordion-item-panel open\" id=\"wp-block-tt-accordion-item-panel-fbc08d06-bbbe-495f-905d-07a5b846a0d4\" role=\"region\">\n\n<p>Categoric! Majoritatea pachetelor includ \u00eenregistr\u0103ri GoPro din cabina pilo\u021bilor, astfel \u00eenc\u00e2t s\u0103 pute\u021bi retr\u0103i experien\u021ba. Nu ezita\u021bi s\u0103 v\u0103 aduce\u021bi propriul aparat foto pentru fotografii \u00eenainte \u0219i dup\u0103 zbor. Camerele private nu sunt permise \u00een timpul zborului.<\/p>\n\n<\/div><\/li>\n\n<li class=\"wp-block-tt-accordion-item wp-block-tt-accordion-item-12 has-background has-nv-text-dark-bg-background-color\"><h3 class=\"wp-block-tt-accordion-item-header\"><button class=\"wp-block-tt-accordion-item-header-button\" id=\"wp-block-tt-accordion-item-header-button-302777a8-d25b-42b2-80a7-f5efa23e8112\" type=\"button\"><span class=\"wp-block-tt-accordion-item-header-button-text\">Zborurile sunt sigure?<\/span><span class=\"wp-block-tt-accordion-item-header-button-icon-arrow\" aria-hidden=\"true\"><svg version=\"1.1\" xmlns=\"http:\/\/www.w3.org\/2000\/svg\" width=\"24px\" height=\"24px\" viewbox=\"0 0 24 24\" aria-hidden=\"true\" focusable=\"false\"><polyline points=\"4.711,8 12,15.289 19.289,8\" stroke=\"black\" stroke-width=\"2\" fill=\"none\" \/><\/svg><\/span><\/button><\/h3><div class=\"wp-block-tt-accordion-item-panel open\" id=\"wp-block-tt-accordion-item-panel-302777a8-d25b-42b2-80a7-f5efa23e8112\" role=\"region\">\n\n<p>Da, toate zborurile sunt efectuate de pilo\u021bi certifica\u021bi, foarte bine preg\u0103ti\u021bi, cu ani de experien\u021b\u0103. Aeronavele sunt \u00eentre\u021binute la cele mai \u00eenalte standarde de siguran\u021b\u0103. Suntem m\u00e2ndri de 20 de ani de opera\u021biuni f\u0103r\u0103 accidente.<\/p>\n\n<\/div><\/li>\n\n<li class=\"wp-block-tt-accordion-item wp-block-tt-accordion-item-13\"><h3 class=\"wp-block-tt-accordion-item-header\"><button class=\"wp-block-tt-accordion-item-header-button\" id=\"wp-block-tt-accordion-item-header-button-aa5ccf3a-9657-4ce9-85cb-0dbb622ea7d0\" type=\"button\"><span class=\"wp-block-tt-accordion-item-header-button-text\">Care este politica dumneavoastr\u0103 de anulare?<\/span><span class=\"wp-block-tt-accordion-item-header-button-icon-arrow\" aria-hidden=\"true\"><svg version=\"1.1\" xmlns=\"http:\/\/www.w3.org\/2000\/svg\" width=\"24px\" height=\"24px\" viewbox=\"0 0 24 24\" aria-hidden=\"true\" focusable=\"false\"><polyline points=\"4.711,8 12,15.289 19.289,8\" stroke=\"black\" stroke-width=\"2\" fill=\"none\" \/><\/svg><\/span><\/button><\/h3><div class=\"wp-block-tt-accordion-item-panel open\" id=\"wp-block-tt-accordion-item-panel-aa5ccf3a-9657-4ce9-85cb-0dbb622ea7d0\" role=\"region\">\n\n<p>\u00cen timpul rezerv\u0103rii, pute\u021bi alege o op\u021biune pentru anul\u0103ri gratuite. Zborurile rezervate cu aceast\u0103 op\u021biune sunt complet rambursabile, f\u0103r\u0103 nicio restric\u021bie.<\/p>\n\n<\/div><\/li>\n\n<li class=\"wp-block-tt-accordion-item wp-block-tt-accordion-item-14 has-background has-nv-text-dark-bg-background-color\"><h3 class=\"wp-block-tt-accordion-item-header\"><button class=\"wp-block-tt-accordion-item-header-button\" id=\"wp-block-tt-accordion-item-header-button-02e0b3a9-a602-4845-8ee6-7f88d27be1c9\" type=\"button\"><span class=\"wp-block-tt-accordion-item-header-button-text\">Pot s\u0103-mi personalizez experien\u021ba de zbor?<\/span><span class=\"wp-block-tt-accordion-item-header-button-icon-arrow\" aria-hidden=\"true\"><svg version=\"1.1\" xmlns=\"http:\/\/www.w3.org\/2000\/svg\" width=\"24px\" height=\"24px\" viewbox=\"0 0 24 24\" aria-hidden=\"true\" focusable=\"false\"><polyline points=\"4.711,8 12,15.289 19.289,8\" stroke=\"black\" stroke-width=\"2\" fill=\"none\" \/><\/svg><\/span><\/button><\/h3><div class=\"wp-block-tt-accordion-item-panel open\" id=\"wp-block-tt-accordion-item-panel-02e0b3a9-a602-4845-8ee6-7f88d27be1c9\" role=\"region\">\n\n<p>Da, v\u0103 pute\u021bi discuta preferin\u021bele cu pilotul \u00eenainte de zbor, indiferent dac\u0103 dori\u021bi o experien\u021b\u0103 panoramic\u0103 lin\u0103 sau o sesiune acrobatic\u0103 mai intens\u0103.<\/p>\n\n<\/div><\/li>\n\n<li class=\"wp-block-tt-accordion-item wp-block-tt-accordion-item-15\"><h3 class=\"wp-block-tt-accordion-item-header\"><button class=\"wp-block-tt-accordion-item-header-button\" id=\"wp-block-tt-accordion-item-header-button-436ab268-e222-4940-8e55-157e80356ec0\" type=\"button\"><span class=\"wp-block-tt-accordion-item-header-button-text\">Cu c\u00e2t timp \u00een avans ar trebui s\u0103 fac rezervarea?<\/span><span class=\"wp-block-tt-accordion-item-header-button-icon-arrow\" aria-hidden=\"true\"><svg version=\"1.1\" xmlns=\"http:\/\/www.w3.org\/2000\/svg\" width=\"24px\" height=\"24px\" viewbox=\"0 0 24 24\" aria-hidden=\"true\" focusable=\"false\"><polyline points=\"4.711,8 12,15.289 19.289,8\" stroke=\"black\" stroke-width=\"2\" fill=\"none\" \/><\/svg><\/span><\/button><\/h3><div class=\"wp-block-tt-accordion-item-panel open\" id=\"wp-block-tt-accordion-item-panel-436ab268-e222-4940-8e55-157e80356ec0\" role=\"region\">\n\n<p>Onor\u0103m pre\u021burile rezervate ale zborurilor timp de 2 ani. Deoarece pre\u021burile zborurilor tind s\u0103 creasc\u0103, v\u0103 recomand\u0103m s\u0103 face\u021bi rezervarea imediat ce v-a\u021bi decis s\u0103 lua\u021bi un zbor \u0219i un pre\u021b. Mai ales \u00een timpul sezoanelor de v\u00e2rf, v\u0103 sf\u0103tuim, de asemenea, s\u0103 v\u0103 rezerva\u021bi data c\u00e2t mai devreme posibil pentru a v\u0103 asigura data preferat\u0103.<\/p>\n\n<\/div><\/li>\n\n<li class=\"wp-block-tt-accordion-item wp-block-tt-accordion-item-16 has-background has-nv-text-dark-bg-background-color\"><h3 class=\"wp-block-tt-accordion-item-header\"><button class=\"wp-block-tt-accordion-item-header-button\" id=\"wp-block-tt-accordion-item-header-button-b3f5627c-534f-45c7-8853-462aed02fcf4\" type=\"button\"><span class=\"wp-block-tt-accordion-item-header-button-text\">Exist\u0103 costuri ascunse?<\/span><span class=\"wp-block-tt-accordion-item-header-button-icon-arrow\" aria-hidden=\"true\"><svg version=\"1.1\" xmlns=\"http:\/\/www.w3.org\/2000\/svg\" width=\"24px\" height=\"24px\" viewbox=\"0 0 24 24\" aria-hidden=\"true\" focusable=\"false\"><polyline points=\"4.711,8 12,15.289 19.289,8\" stroke=\"black\" stroke-width=\"2\" fill=\"none\" \/><\/svg><\/span><\/button><\/h3><div class=\"wp-block-tt-accordion-item-panel open\" id=\"wp-block-tt-accordion-item-panel-b3f5627c-534f-45c7-8853-462aed02fcf4\" role=\"region\">\n\n<p>Nu, pre\u021bul pe care \u00eel vede\u021bi este all-inclusive. Suplimentele op\u021bionale, cum ar fi timpul de zbor suplimentar sau pachetele video, vor fi enumerate \u00een mod clar.<\/p>\n\n<\/div><\/li>\n\n<li class=\"wp-block-tt-accordion-item wp-block-tt-accordion-item-17\"><h3 class=\"wp-block-tt-accordion-item-header\"><button class=\"wp-block-tt-accordion-item-header-button\" id=\"wp-block-tt-accordion-item-header-button-73b23776-2660-49c9-b924-d87b150c2c7a\" type=\"button\"><span class=\"wp-block-tt-accordion-item-header-button-text\">Sunt o organiza\u021bie B2B \u0219i a\u0219 dori s\u0103 colaborez cu dvs.<\/span><span class=\"wp-block-tt-accordion-item-header-button-icon-arrow\" aria-hidden=\"true\"><svg version=\"1.1\" xmlns=\"http:\/\/www.w3.org\/2000\/svg\" width=\"24px\" height=\"24px\" viewbox=\"0 0 24 24\" aria-hidden=\"true\" focusable=\"false\"><polyline points=\"4.711,8 12,15.289 19.289,8\" stroke=\"black\" stroke-width=\"2\" fill=\"none\" \/><\/svg><\/span><\/button><\/h3><div class=\"wp-block-tt-accordion-item-panel open\" id=\"wp-block-tt-accordion-item-panel-73b23776-2660-49c9-b924-d87b150c2c7a\" role=\"region\">\n\n<p>Avem un model de recomandare interesant. Contacta\u021bi-ne pentru a discuta.<\/p>\n\n<\/div><\/li>\n<\/ul><\/div><\/div>\n<\/div>\n<\/div>\n<\/div><\/div>","protected":false},"excerpt":{"rendered":"","protected":false},"author":1,"featured_media":0,"parent":0,"menu_order":0,"comment_status":"closed","ping_status":"closed","template":"","meta":{"neve_meta_sidebar":"","neve_meta_container":"","neve_meta_enable_content_width":"","neve_meta_content_width":0,"neve_meta_title_alignment":"","neve_meta_author_avatar":"","neve_post_elements_order":"","neve_meta_disable_header":"","neve_meta_disable_footer":"","neve_meta_disable_title":"","footnotes":""},"class_list":["post-829","page","type-page","status-publish","hentry"],"_links":{"self":[{"href":"https:\/\/fighter-jet-rides.com\/ro\/wp-json\/wp\/v2\/pages\/829","targetHints":{"allow":["GET"]}}],"collection":[{"href":"https:\/\/fighter-jet-rides.com\/ro\/wp-json\/wp\/v2\/pages"}],"about":[{"href":"https:\/\/fighter-jet-rides.com\/ro\/wp-json\/wp\/v2\/types\/page"}],"author":[{"embeddable":true,"href":"https:\/\/fighter-jet-rides.com\/ro\/wp-json\/wp\/v2\/users\/1"}],"replies":[{"embeddable":true,"href":"https:\/\/fighter-jet-rides.com\/ro\/wp-json\/wp\/v2\/comments?post=829"}],"version-history":[{"count":18,"href":"https:\/\/fighter-jet-rides.com\/ro\/wp-json\/wp\/v2\/pages\/829\/revisions"}],"predecessor-version":[{"id":1044,"href":"https:\/\/fighter-jet-rides.com\/ro\/wp-json\/wp\/v2\/pages\/829\/revisions\/1044"}],"wp:attachment":[{"href":"https:\/\/fighter-jet-rides.com\/ro\/wp-json\/wp\/v2\/media?parent=829"}],"curies":[{"name":"wp","href":"https:\/\/api.w.org\/{rel}","templated":true}]}}