{"id":750,"date":"2024-12-23T21:07:12","date_gmt":"2024-12-23T21:07:12","guid":{"rendered":"https:\/\/fighter-jet-rides.com\/?page_id=750"},"modified":"2024-12-23T21:07:12","modified_gmt":"2024-12-23T21:07:12","slug":"fly-mb-326-italy-reggio-emilia-2","status":"publish","type":"page","link":"https:\/\/fighter-jet-rides.com\/sv\/fly-mb-326-italy-reggio-emilia-2\/","title":{"rendered":"FK Container Test"},"content":{"rendered":"<section class=\"wp-block-cover alignfull custom-divider\" style=\"min-height:625px;aspect-ratio:unset;\"><span aria-hidden=\"true\" class=\"wp-block-cover__background has-nv-dark-bg-background-color has-background-dim-60 has-background-dim\"><\/span><img loading=\"lazy\" decoding=\"async\" width=\"1280\" height=\"855\" class=\"wp-block-cover__image-background wp-image-523\" alt=\"\" src=\"https:\/\/fighter-jet-rides.com\/wp-content\/uploads\/2024\/12\/6-2.jpeg\" data-object-fit=\"cover\" srcset=\"https:\/\/fighter-jet-rides.com\/wp-content\/uploads\/2024\/12\/6-2.jpeg 1280w, https:\/\/fighter-jet-rides.com\/wp-content\/uploads\/2024\/12\/6-2-300x200.jpeg 300w, https:\/\/fighter-jet-rides.com\/wp-content\/uploads\/2024\/12\/6-2-1024x684.jpeg 1024w, https:\/\/fighter-jet-rides.com\/wp-content\/uploads\/2024\/12\/6-2-768x513.jpeg 768w, https:\/\/fighter-jet-rides.com\/wp-content\/uploads\/2024\/12\/6-2-18x12.jpeg 18w, https:\/\/fighter-jet-rides.com\/wp-content\/uploads\/2024\/12\/6-2-930x620.jpeg 930w\" sizes=\"auto, (max-width: 1280px) 100vw, 1280px\" \/><div class=\"wp-block-cover__inner-container is-layout-constrained wp-block-cover-is-layout-constrained\">\n<div class=\"wp-block-columns are-vertically-aligned-center is-layout-flex wp-container-core-columns-is-layout-9d6595d7 wp-block-columns-is-layout-flex\">\n<div class=\"wp-block-column is-vertically-aligned-center is-layout-flow wp-block-column-is-layout-flow\">\n<h1 class=\"wp-block-heading has-text-align-center scribble-underline-clip\" style=\"font-style:normal;font-weight:500\">Flyga en <mark style=\"background-color:rgba(0, 0, 0, 0)\" class=\"has-inline-color has-neve-link-hover-color-color\">MB-326 Jet<\/mark><br>\u00d6ver Reggio Emilias b\u00f6ljande kullar<\/h1>\n\n\n\n<div class=\"wp-block-buttons has-custom-font-size has-small-font-size is-content-justification-center is-layout-flex wp-container-core-buttons-is-layout-16018d1d wp-block-buttons-is-layout-flex\">\n<div class=\"wp-block-button has-custom-font-size is-style-default\" style=\"font-size:16px\"><a class=\"wp-block-button__link has-nv-dark-bg-color has-nv-text-dark-bg-background-color has-text-color has-background has-link-color wp-element-button\" href=\"#start\">L\u00e4r dig mer<\/a><\/div>\n\n\n\n<div class=\"wp-block-button has-custom-font-size is-style-secondary\" style=\"font-size:16px\"><a class=\"wp-block-button__link has-nv-text-dark-bg-color has-neve-link-hover-color-background-color has-text-color has-background has-link-color wp-element-button\" href=\"#calendar\">Boka nu<\/a><\/div>\n<\/div>\n<\/div>\n<\/div>\n<\/div><\/section>\n\n\n\n<div class=\"wp-block-cover alignfull\" style=\"padding-top:0;padding-right:var(--wp--preset--spacing--40);padding-bottom:0;padding-left:var(--wp--preset--spacing--40);min-height:716px;aspect-ratio:unset;\" id=\"start\"><span aria-hidden=\"true\" class=\"wp-block-cover__background has-nv-site-bg-background-color has-background-dim-100 has-background-dim\"><\/span><div class=\"wp-block-cover__inner-container is-layout-flow wp-block-cover-is-layout-flow\">\n<div class=\"wp-block-columns are-vertically-aligned-center has-neve-text-color-color has-text-color has-link-color wp-elements-b39cda9dc679b35d40a2b07332816b50 is-layout-flex wp-container-core-columns-is-layout-9d6595d7 wp-block-columns-is-layout-flex\">\n<div class=\"wp-block-column is-vertically-aligned-center is-layout-flow wp-block-column-is-layout-flow\" style=\"padding-top:0;padding-right:0;padding-bottom:0;padding-left:0;flex-basis:50%\">\n<figure class=\"wp-block-image size-full\"><img loading=\"lazy\" decoding=\"async\" width=\"900\" height=\"700\" src=\"https:\/\/fighter-jet-rides.com\/wp-content\/uploads\/2024\/12\/2-4.jpeg\" alt=\"\" class=\"wp-image-519\" srcset=\"https:\/\/fighter-jet-rides.com\/wp-content\/uploads\/2024\/12\/2-4.jpeg 900w, https:\/\/fighter-jet-rides.com\/wp-content\/uploads\/2024\/12\/2-4-300x233.jpeg 300w, https:\/\/fighter-jet-rides.com\/wp-content\/uploads\/2024\/12\/2-4-768x597.jpeg 768w, https:\/\/fighter-jet-rides.com\/wp-content\/uploads\/2024\/12\/2-4-15x12.jpeg 15w\" sizes=\"auto, (max-width: 900px) 100vw, 900px\" \/><\/figure>\n<\/div>\n\n\n\n<div class=\"wp-block-column is-vertically-aligned-center ticss-c703b306 is-layout-flow wp-block-column-is-layout-flow\" style=\"padding-top:0;padding-right:0;padding-bottom:0;padding-left:0;flex-basis:50%\">\n<div class=\"wp-block-group\" style=\"border-radius:16px\"><div class=\"wp-block-group__inner-container is-layout-constrained wp-block-group-is-layout-constrained\">\n<div style=\"height:0px\" aria-hidden=\"true\" class=\"wp-block-spacer\"><\/div>\n\n\n\n<p class=\"big-number has-nv-light-bg-color has-text-color has-link-color wp-elements-6fdb8f87016abe7b6bdd33e54773a620\" style=\"font-size:220px\"><strong>01<\/strong><\/p>\n\n\n\n<h2 class=\"wp-block-heading has-text-align-left\">Om denna erfarenhet<\/h2>\n\n\n\n<ul class=\"wp-block-list\">\n<li>Stig in i cockpit p\u00e5 den legendariska&nbsp;<strong>MB-326<\/strong>ett riktigt stridsflygplan.<\/li>\n\n\n\n<li>Flyg med erfarna expertpiloter som garanterar b\u00e5de s\u00e4kerhet och sp\u00e4nning.<\/li>\n\n\n\n<li>K\u00e4nn adrenalinkicken med aerobatiska man\u00f6vrar som loopar, rullningar och dykningar.<\/li>\n\n\n\n<li>F\u00f6rundras \u00f6ver den o\u00f6vertr\u00e4ffade utsikten \u00f6ver Dolomiterna och Gardasj\u00f6n fr\u00e5n ett perspektiv som f\u00e5 n\u00e5gonsin ser.<\/li>\n\n\n\n<li>Njut av ett helt uppslukande \u00e4ventyr - perfekt f\u00f6r flygentusiaster och sp\u00e4nningss\u00f6kare<\/li>\n<\/ul>\n\n\n\n<p class=\"has-text-align-left\"><\/p>\n<\/div><\/div>\n<\/div>\n<\/div>\n<\/div><\/div>\n\n\n\n<div class=\"wp-block-cover alignfull wp-elements-92d96f85a3aaa36ce149836cc41d964f\" style=\"padding-top:var(--wp--preset--spacing--40);padding-right:var(--wp--preset--spacing--40);padding-bottom:var(--wp--preset--spacing--40);padding-left:var(--wp--preset--spacing--40)\"><span aria-hidden=\"true\" class=\"wp-block-cover__background has-nv-dark-bg-background-color has-background-dim-100 has-background-dim\"><\/span><div class=\"wp-block-cover__inner-container is-layout-flow wp-block-cover-is-layout-flow\">\n<div class=\"wp-block-columns is-layout-flex wp-container-core-columns-is-layout-9d6595d7 wp-block-columns-is-layout-flex\">\n<div class=\"wp-block-column is-layout-flow wp-block-column-is-layout-flow\" style=\"flex-basis:100%\">\n<div class=\"wp-block-group is-vertical is-content-justification-center is-layout-flex wp-container-core-group-is-layout-4b2eccd6 wp-block-group-is-layout-flex\">\n<p class=\"big-number has-neve-text-color-color has-text-color has-link-color wp-elements-7c40eab8282ed2a92a27cef4092d33a5\" style=\"font-size:220px\"><strong>02<\/strong><\/p>\n\n\n\n<h2 class=\"wp-block-heading has-text-align-center has-nv-light-bg-color has-text-color has-link-color wp-elements-b3279224177aa33df00510c787e0219c\">Din erfarenhet omfattar<\/h2>\n\n\n\n<p class=\"has-text-align-center has-nv-site-bg-color has-text-color has-link-color wp-elements-fba89b250296a7b78678a3d58e46f9e7\">N\u00e5gra viktiga h\u00f6jdpunkter i denna erfarenhet:<\/p>\n\n\n\n<div style=\"height:0px\" aria-hidden=\"true\" class=\"wp-block-spacer wp-container-content-f9bd05ee\"><\/div>\n<\/div>\n<\/div>\n<\/div>\n\n\n\n<div class=\"wp-block-columns are-vertically-aligned-top is-layout-flex wp-container-core-columns-is-layout-9d6595d7 wp-block-columns-is-layout-flex\">\n<div class=\"wp-block-column is-vertically-aligned-top is-layout-flow wp-block-column-is-layout-flow\">\n<div class=\"wp-block-group has-nv-site-bg-background-color has-background\" style=\"border-radius:0px;border-bottom-color:#008814;border-bottom-width:8px;padding-top:var(--wp--preset--spacing--40);padding-right:var(--wp--preset--spacing--40);padding-bottom:var(--wp--preset--spacing--40);padding-left:var(--wp--preset--spacing--40)\"><div class=\"wp-block-group__inner-container is-layout-constrained wp-container-core-group-is-layout-65a08581 wp-block-group-is-layout-constrained\"><div class=\"wp-block-image\">\n<figure class=\"aligncenter size-full is-resized\"><img loading=\"lazy\" decoding=\"async\" width=\"512\" height=\"512\" src=\"https:\/\/dev.fktc.ch\/fjr\/wp-content\/uploads\/2024\/12\/air-force.png\" alt=\"\" class=\"wp-image-45\" style=\"width:auto;height:100px\" srcset=\"https:\/\/fighter-jet-rides.com\/wp-content\/uploads\/2024\/12\/air-force.png 512w, https:\/\/fighter-jet-rides.com\/wp-content\/uploads\/2024\/12\/air-force-300x300.png 300w, https:\/\/fighter-jet-rides.com\/wp-content\/uploads\/2024\/12\/air-force-150x150.png 150w\" sizes=\"auto, (max-width: 512px) 100vw, 512px\" \/><\/figure>\n<\/div>\n\n\n<h3 class=\"wp-block-heading has-text-align-center\">Sp\u00e4nnande flygning med stridsflygplan<\/h3>\n\n\n\n<p class=\"has-text-align-center has-neve-text-color-color has-text-color has-link-color wp-elements-de0891fcd091d8b033aebb99df6140db\">K\u00e4nn adrenalinkicken n\u00e4r du lyfter i den legendariska MB-326. Upplev h\u00f6ghastighetsman\u00f6vrar, loopar och rullningar f\u00f6r det ultimata stridsflyg\u00e4ventyret.<\/p>\n<\/div><\/div>\n<\/div>\n\n\n\n<div class=\"wp-block-column is-vertically-aligned-top is-layout-flow wp-block-column-is-layout-flow\">\n<div class=\"wp-block-group has-nv-site-bg-background-color has-background\" style=\"border-radius:0px;border-bottom-color:var(--wp--preset--color--nv-text-dark-bg);border-bottom-width:8px;padding-top:var(--wp--preset--spacing--40);padding-right:var(--wp--preset--spacing--40);padding-bottom:var(--wp--preset--spacing--40);padding-left:var(--wp--preset--spacing--40)\"><div class=\"wp-block-group__inner-container is-layout-constrained wp-container-core-group-is-layout-65a08581 wp-block-group-is-layout-constrained\"><div class=\"wp-block-image\">\n<figure class=\"aligncenter size-full is-resized\"><img loading=\"lazy\" decoding=\"async\" width=\"512\" height=\"512\" src=\"https:\/\/dev.fktc.ch\/fjr\/wp-content\/uploads\/2024\/12\/air-force-1.png\" alt=\"\" class=\"wp-image-46\" style=\"width:auto;height:100px\" srcset=\"https:\/\/fighter-jet-rides.com\/wp-content\/uploads\/2024\/12\/air-force-1.png 512w, https:\/\/fighter-jet-rides.com\/wp-content\/uploads\/2024\/12\/air-force-1-300x300.png 300w, https:\/\/fighter-jet-rides.com\/wp-content\/uploads\/2024\/12\/air-force-1-150x150.png 150w\" sizes=\"auto, (max-width: 512px) 100vw, 512px\" \/><\/figure>\n<\/div>\n\n\n<h3 class=\"wp-block-heading has-text-align-center\">V\u00e4gledning av expertpiloter<\/h3>\n\n\n\n<p class=\"has-text-align-center has-neve-text-color-color has-text-color has-link-color wp-elements-a8fc44c776f03b54d3b07ad81b897361\">Flyg med erfarna proffs som garanterar din s\u00e4kerhet samtidigt som de levererar en of\u00f6rgl\u00f6mlig \u00e5ktur. De skr\u00e4ddarsyr upplevelsen efter din sp\u00e4nningsniv\u00e5, vilket g\u00f6r den perfekt f\u00f6r b\u00e5de nyb\u00f6rjare och v\u00e5ghalsar.<\/p>\n<\/div><\/div>\n<\/div>\n\n\n\n<div class=\"wp-block-column is-vertically-aligned-top is-layout-flow wp-block-column-is-layout-flow\">\n<div class=\"wp-block-group has-nv-site-bg-background-color has-background\" style=\"border-radius:0px;border-bottom-color:var(--wp--preset--color--neve-link-hover-color);border-bottom-width:8px;padding-top:var(--wp--preset--spacing--40);padding-right:var(--wp--preset--spacing--40);padding-bottom:var(--wp--preset--spacing--40);padding-left:var(--wp--preset--spacing--40)\"><div class=\"wp-block-group__inner-container is-layout-constrained wp-container-core-group-is-layout-65a08581 wp-block-group-is-layout-constrained\"><div class=\"wp-block-image\">\n<figure class=\"aligncenter size-full is-resized\"><img loading=\"lazy\" decoding=\"async\" width=\"512\" height=\"512\" src=\"https:\/\/fighter-jet-rides.com\/wp-content\/uploads\/2024\/12\/beach-1.png\" alt=\"\" class=\"wp-image-665\" style=\"width:auto;height:100px\" srcset=\"https:\/\/fighter-jet-rides.com\/wp-content\/uploads\/2024\/12\/beach-1.png 512w, https:\/\/fighter-jet-rides.com\/wp-content\/uploads\/2024\/12\/beach-1-300x300.png 300w, https:\/\/fighter-jet-rides.com\/wp-content\/uploads\/2024\/12\/beach-1-150x150.png 150w, https:\/\/fighter-jet-rides.com\/wp-content\/uploads\/2024\/12\/beach-1-12x12.png 12w\" sizes=\"auto, (max-width: 512px) 100vw, 512px\" \/><\/figure>\n<\/div>\n\n\n<h3 class=\"wp-block-heading has-text-align-center\">Ving\u00e5rdar &amp; historia<\/h3>\n\n\n\n<p class=\"has-text-align-center has-neve-text-color-color has-text-color has-link-color wp-elements-b76a64ecb50961e4c0bb2233f1a983c9\">Ta en sp\u00e4nnande MB-326 jetflygning \u00f6ver de b\u00f6ljande kullarna och den livliga landsbygden i Reggio Emilia, d\u00e4r o\u00e4ndliga ving\u00e5rdar, historiska st\u00e4der och frodig gr\u00f6nska skapar ett fantastiskt panorama. Upplev sp\u00e4nningen i att sv\u00e4va \u00f6ver denna pittoreska region och uppt\u00e4ck dess sk\u00f6nhet fr\u00e5n ett hisnande flygperspektiv.<\/p>\n<\/div><\/div>\n<\/div>\n<\/div>\n<\/div><\/div>\n\n\n\n<div class=\"wp-block-cover alignfull\" style=\"padding-top:var(--wp--preset--spacing--80);padding-right:var(--wp--preset--spacing--50);padding-bottom:var(--wp--preset--spacing--80);padding-left:var(--wp--preset--spacing--50)\"><span aria-hidden=\"true\" class=\"wp-block-cover__background has-nv-light-bg-background-color has-background-dim-100 has-background-dim\"><\/span><div class=\"wp-block-cover__inner-container is-layout-flow wp-block-cover-is-layout-flow\">\n<div class=\"wp-block-columns has-neve-text-color-color has-text-color has-link-color wp-elements-10ecfd1daabebde769a7cacad7ccc5f1 is-layout-flex wp-container-core-columns-is-layout-9d6595d7 wp-block-columns-is-layout-flex\">\n<div class=\"wp-block-column is-vertically-aligned-top is-layout-flow wp-block-column-is-layout-flow\">\n<p class=\"big-number has-nv-site-bg-color has-text-color has-link-color wp-elements-37aaf5bfc1f5577de73b508095c061d7\" style=\"font-size:220px\"><strong>04<\/strong><\/p>\n\n\n\n<h2 class=\"wp-block-heading\">Din dag<\/h2>\n\n\n\n<p>Din stridsflygupplevelse inkluderar att tr\u00e4ffa din pilot f\u00f6r en genomg\u00e5ng f\u00f6re flygningen, en sp\u00e4nnande flygning \u00f6ver kullarna i Reggio Emilia med aerobatiska man\u00f6vrer och chansen att ta kontrollerna, f\u00f6ljt av f\u00f6rfriskningar, foton med jetplanet och valfri tid efter flygningen med din pilot.<\/p>\n\n\n\n<figure class=\"wp-block-image size-full\"><img loading=\"lazy\" decoding=\"async\" width=\"960\" height=\"704\" src=\"https:\/\/fighter-jet-rides.com\/wp-content\/uploads\/2024\/12\/8-4.jpg\" alt=\"\" class=\"wp-image-720\" srcset=\"https:\/\/fighter-jet-rides.com\/wp-content\/uploads\/2024\/12\/8-4.jpg 960w, https:\/\/fighter-jet-rides.com\/wp-content\/uploads\/2024\/12\/8-4-300x220.jpg 300w, https:\/\/fighter-jet-rides.com\/wp-content\/uploads\/2024\/12\/8-4-768x563.jpg 768w, https:\/\/fighter-jet-rides.com\/wp-content\/uploads\/2024\/12\/8-4-16x12.jpg 16w\" sizes=\"auto, (max-width: 960px) 100vw, 960px\" \/><\/figure>\n<\/div>\n\n\n\n<div class=\"wp-block-column is-layout-flow wp-block-column-is-layout-flow\">\n<div class=\"wp-block-group has-nv-site-bg-background-color has-background\" style=\"border-left-color:#008814;border-left-width:8px;padding-top:var(--wp--preset--spacing--60);padding-right:var(--wp--preset--spacing--50);padding-bottom:var(--wp--preset--spacing--30);padding-left:var(--wp--preset--spacing--50)\"><div class=\"wp-block-group__inner-container is-layout-constrained wp-container-core-group-is-layout-68dbf2b9 wp-block-group-is-layout-constrained\">\n<h3 class=\"wp-block-heading\">01 - Ankomst<\/h3>\n\n\n\n<p>Du anl\u00e4nder och m\u00f6ter din pilot i flygplatsens genomg\u00e5ngsrum.<\/p>\n<\/div><\/div>\n\n\n\n<div class=\"wp-block-group has-nv-site-bg-background-color has-background\" style=\"border-left-color:#ffffff;border-left-width:8px;padding-top:var(--wp--preset--spacing--60);padding-right:var(--wp--preset--spacing--50);padding-bottom:var(--wp--preset--spacing--30);padding-left:var(--wp--preset--spacing--50)\"><div class=\"wp-block-group__inner-container is-layout-constrained wp-container-core-group-is-layout-68dbf2b9 wp-block-group-is-layout-constrained\">\n<h3 class=\"wp-block-heading\">02 - Informationsm\u00f6te<\/h3>\n\n\n\n<p>Medan mekanikerna tankar och f\u00f6rbereder jetplanet g\u00e5r piloten med dig genom det planerade flygprogrammet och svarar p\u00e5 alla fr\u00e5gor du kan ha.<\/p>\n<\/div><\/div>\n\n\n\n<div class=\"wp-block-group has-nv-site-bg-background-color has-background\" style=\"border-left-color:var(--wp--preset--color--neve-link-hover-color);border-left-width:8px;padding-top:var(--wp--preset--spacing--60);padding-right:var(--wp--preset--spacing--50);padding-bottom:var(--wp--preset--spacing--30);padding-left:var(--wp--preset--spacing--50)\"><div class=\"wp-block-group__inner-container is-layout-constrained wp-container-core-group-is-layout-68dbf2b9 wp-block-group-is-layout-constrained\">\n<h3 class=\"wp-block-heading\">03 - Flyg<\/h3>\n\n\n\n<p>Du lyfter och flyger \u00f6ver de pittoreska kullarna i Reggio Emilia. Programmet inneh\u00e5ller sp\u00e4nnande rullningar, loopar, dykningar och sv\u00e4ngar - och du f\u00e5r till och med chansen att sj\u00e4lv ta kontroll \u00f6ver MB-326-jetplanet. Beroende p\u00e5 flygtrafiken kan du ocks\u00e5 f\u00e5 uppleva sp\u00e4nningen i en h\u00f6ghastighets l\u00e5gpassage \u00f6ver den fantastiska landsbygden!<\/p>\n<\/div><\/div>\n\n\n\n<div class=\"wp-block-group has-nv-site-bg-background-color has-background\" style=\"border-left-color:var(--wp--preset--color--nv-dark-bg);border-left-width:8px;padding-top:var(--wp--preset--spacing--60);padding-right:var(--wp--preset--spacing--50);padding-bottom:var(--wp--preset--spacing--30);padding-left:var(--wp--preset--spacing--50)\"><div class=\"wp-block-group__inner-container is-layout-constrained wp-container-core-group-is-layout-68dbf2b9 wp-block-group-is-layout-constrained\">\n<h3 class=\"wp-block-heading\">04 - Avrapportering<\/h3>\n\n\n\n<p>Efter flygningen har du m\u00f6jlighet att ta en f\u00f6rfriskning och en selfie framf\u00f6r planet. Om tiden till\u00e5ter kommer din pilot g\u00e4rna att tillbringa lite mer tid med dig och f\u00f6lja med dig till den lokala restaurangen.<\/p>\n<\/div><\/div>\n<\/div>\n<\/div>\n<\/div><\/div>\n\n\n\n<div class=\"wp-block-cover alignfull\" style=\"padding-top:var(--wp--preset--spacing--80);padding-right:var(--wp--preset--spacing--50);padding-bottom:var(--wp--preset--spacing--80);padding-left:var(--wp--preset--spacing--50)\"><span aria-hidden=\"true\" class=\"wp-block-cover__background has-nv-dark-bg-background-color has-background-dim-100 has-background-dim\"><\/span><div class=\"wp-block-cover__inner-container is-layout-flow wp-block-cover-is-layout-flow\">\n<div class=\"wp-block-columns has-neve-text-color-color has-text-color has-link-color wp-elements-e625a26a42392fc417683a8e7145ba26 is-layout-flex wp-container-core-columns-is-layout-9d6595d7 wp-block-columns-is-layout-flex\">\n<div class=\"wp-block-column is-vertically-aligned-top is-layout-flow wp-block-column-is-layout-flow\">\n<p class=\"has-text-align-center big-number has-neve-text-color-color has-text-color has-link-color wp-elements-8b28edcdb6d96a7bde63073eb63cca00\" style=\"font-size:220px\"><strong>05<\/strong><\/p>\n\n\n\n<h2 class=\"wp-block-heading has-text-align-center has-nv-light-bg-color has-text-color has-link-color wp-elements-0a4d946587775a2209fc0b9a4906f27e\">Att ta sig dit<\/h2>\n\n\n\n<p class=\"has-text-align-center has-nv-light-bg-color has-text-color has-link-color wp-elements-26276d4f0bdb045223ce2c8670e7ed86\"><br><br>Reggio Emilia \u00e4r l\u00e4ttillg\u00e4ngligt fr\u00e5n Italien med t\u00e5g, med h\u00f6ghastighetst\u00e5gf\u00f6rbindelser som f\u00f6rbinder det med st\u00f6rre st\u00e4der som Milano, Bologna och Florens. F\u00f6r internationella resen\u00e4rer erbjuder n\u00e4rliggande flygplatser i Bologna (BLQ), Milano (MXP) eller Florens (FLR) bekv\u00e4ma alternativ, med vidare resa med t\u00e5g eller bil f\u00f6r att n\u00e5 denna charmiga destination.<\/p>\n<\/div>\n<\/div>\n<\/div><\/div>\n\n\n\n<div class=\"wp-block-cover alignfull\" style=\"padding-top:var(--wp--preset--spacing--80);padding-right:var(--wp--preset--spacing--50);padding-bottom:var(--wp--preset--spacing--80);padding-left:var(--wp--preset--spacing--50)\"><span aria-hidden=\"true\" class=\"wp-block-cover__background has-nv-light-bg-background-color has-background-dim-100 has-background-dim\"><\/span><div class=\"wp-block-cover__inner-container is-layout-flow wp-block-cover-is-layout-flow\">\n<div class=\"wp-block-columns has-neve-text-color-color has-text-color has-link-color wp-elements-70e062aef5a18794305d39810d1c9f1d is-layout-flex wp-container-core-columns-is-layout-9d6595d7 wp-block-columns-is-layout-flex\">\n<div class=\"wp-block-column is-vertically-aligned-top is-layout-flow wp-block-column-is-layout-flow\">\n<p class=\"has-text-align-center big-number has-nv-site-bg-color has-text-color has-link-color wp-elements-b1acbaf334e5e8065ff18a7021d692b3\" id=\"calendar\" style=\"font-size:220px\"><strong>06<\/strong><\/p>\n\n\n\n<h2 class=\"wp-block-heading has-text-align-center\">Tillg\u00e4nglighet<\/h2>\n\n\n\n<p class=\"has-text-align-center\">Kontrollera tillg\u00e4nglighet och <strong><mark style=\"background-color:var(--nv-site-bg)\" class=\"has-inline-color has-nv-dark-bg-color\">klicka p\u00e5 valfritt datum f\u00f6r att starta bokningen<\/mark><\/strong><\/p>\n<\/div>\n<\/div>\n<\/div><\/div>\n\n\n\n<section class=\"wp-block-cover alignfull\" style=\"padding-top:var(--wp--preset--spacing--80);padding-right:var(--wp--preset--spacing--40);padding-bottom:var(--wp--preset--spacing--80);padding-left:var(--wp--preset--spacing--40)\"><span aria-hidden=\"true\" class=\"wp-block-cover__background has-nv-dark-bg-background-color has-background-dim-80 has-background-dim\"><\/span><img loading=\"lazy\" decoding=\"async\" width=\"1707\" height=\"2560\" class=\"wp-block-cover__image-background wp-image-721\" alt=\"\" src=\"https:\/\/fighter-jet-rides.com\/wp-content\/uploads\/2024\/12\/pexels-dantemunozphoto-28821755-scaled.jpg\" data-object-fit=\"cover\" srcset=\"https:\/\/fighter-jet-rides.com\/wp-content\/uploads\/2024\/12\/pexels-dantemunozphoto-28821755-scaled.jpg 1707w, https:\/\/fighter-jet-rides.com\/wp-content\/uploads\/2024\/12\/pexels-dantemunozphoto-28821755-200x300.jpg 200w, https:\/\/fighter-jet-rides.com\/wp-content\/uploads\/2024\/12\/pexels-dantemunozphoto-28821755-683x1024.jpg 683w, https:\/\/fighter-jet-rides.com\/wp-content\/uploads\/2024\/12\/pexels-dantemunozphoto-28821755-768x1152.jpg 768w, https:\/\/fighter-jet-rides.com\/wp-content\/uploads\/2024\/12\/pexels-dantemunozphoto-28821755-1024x1536.jpg 1024w, https:\/\/fighter-jet-rides.com\/wp-content\/uploads\/2024\/12\/pexels-dantemunozphoto-28821755-1365x2048.jpg 1365w, https:\/\/fighter-jet-rides.com\/wp-content\/uploads\/2024\/12\/pexels-dantemunozphoto-28821755-8x12.jpg 8w\" sizes=\"auto, (max-width: 1707px) 100vw, 1707px\" \/><div class=\"wp-block-cover__inner-container is-layout-constrained wp-container-core-cover-is-layout-cd625289 wp-block-cover-is-layout-constrained\">\n<div class=\"wp-block-columns are-vertically-aligned-center is-layout-flex wp-container-core-columns-is-layout-9d6595d7 wp-block-columns-is-layout-flex\">\n<div class=\"wp-block-column is-vertically-aligned-center is-layout-flow wp-block-column-is-layout-flow\">\n<div class=\"wp-block-group has-nv-text-dark-bg-color has-text-color has-link-color wp-elements-03820e42c80cdd1e1033d8f1151ab950\"><div class=\"wp-block-group__inner-container is-layout-flow wp-block-group-is-layout-flow\">\n<p class=\"has-text-align-center big-number has-text-color has-link-color wp-elements-2a6a51a85a796ce6eea6527b9bcd760e\" style=\"color:#ffffff1c;font-size:220px\"><strong>07<\/strong><\/p>\n\n\n\n<h2 class=\"wp-block-heading has-text-align-center\">Vittnesm\u00e5l<\/h2>\n\n\n\n<div style=\"height:80px\" aria-hidden=\"true\" class=\"wp-block-spacer\"><\/div>\n<\/div><\/div>\n<\/div>\n<\/div>\n\n\n\n<div class=\"wp-block-columns has-nv-text-dark-bg-color has-text-color has-link-color wp-elements-955030d057d1dfb66e68f9600b4d55ae is-layout-flex wp-container-core-columns-is-layout-9d6595d7 wp-block-columns-is-layout-flex\">\n<div class=\"wp-block-column has-neve-text-color-color has-nv-site-bg-background-color has-text-color has-background has-link-color wp-elements-7be3b7bb6d119be226467c6f9a189447 is-layout-flow wp-block-column-is-layout-flow\" style=\"border-bottom-color:#008814;border-bottom-width:8px;padding-top:var(--wp--preset--spacing--70);padding-right:var(--wp--preset--spacing--50);padding-bottom:var(--wp--preset--spacing--70);padding-left:var(--wp--preset--spacing--50)\"><div class=\"wp-block-image\">\n<figure class=\"aligncenter size-large has-custom-border\"><img decoding=\"async\" src=\"https:\/\/media.licdn.com\/dms\/image\/v2\/C4E03AQEEo5orxuPEDQ\/profile-displayphoto-shrink_200_200\/profile-displayphoto-shrink_200_200\/0\/1516989176180?e=2147483647&amp;v=beta&amp;t=7WXEerh42ngHU8Xmywtb-z5YbGaNFS-vLLaQyknsXdQ\" alt=\"\" style=\"border-radius:999px;aspect-ratio:1;object-fit:cover\"\/><\/figure>\n<\/div>\n\n\n<div style=\"height:32px\" aria-hidden=\"true\" class=\"wp-block-spacer\"><\/div>\n\n\n\n<h3 class=\"wp-block-heading has-text-align-center\">Samuel<\/h3>\n\n\n\n<p class=\"has-text-align-center\"><em>&#8220;<\/em> Att flyga MB-326 \u00f6ver de fantastiska kullarna i Reggio Emilia var en upplevelse f\u00f6r livet! Den hisnande utsikten i kombination med adrenalinet fr\u00e5n rullningar och loopar gjorde det of\u00f6rgl\u00f6mligt, och att sj\u00e4lv f\u00e5 ta kontroll \u00f6ver jetplanet var den ultimata sp\u00e4nningen. Jag kan inte nog rekommendera det h\u00e4r \u00e4ventyret till alla som s\u00f6ker n\u00e5got riktigt extraordin\u00e4rt!<em>&#8220;<\/em><\/p>\n\n\n<div class=\"wp-block-image\">\n<figure class=\"aligncenter size-full is-resized\"><img decoding=\"async\" src=\"https:\/\/fighter-jet-rides.com\/wp-content\/uploads\/2024\/12\/samuel.svg\" alt=\"\" class=\"wp-image-722\" style=\"width:auto;height:40px\"\/><\/figure>\n<\/div><\/div>\n\n\n\n<div class=\"wp-block-column has-neve-text-color-color has-nv-site-bg-background-color has-text-color has-background has-link-color wp-elements-82980f3313bb34d076ad44718b03d22a is-layout-flow wp-block-column-is-layout-flow\" style=\"border-bottom-color:var(--wp--preset--color--neve-link-hover-color);border-bottom-width:8px;padding-top:var(--wp--preset--spacing--70);padding-right:var(--wp--preset--spacing--50);padding-bottom:var(--wp--preset--spacing--70);padding-left:var(--wp--preset--spacing--50)\"><div class=\"wp-block-image\">\n<figure class=\"aligncenter size-full is-resized has-custom-border\"><img decoding=\"async\" src=\"https:\/\/dev.fktc.ch\/fjr\/wp-content\/themes\/neve\/assets\/img\/starter-content\/8.jpg\" alt=\"\" class=\"wp-image-444\" style=\"border-radius:999px;aspect-ratio:1;object-fit:cover;width:120px\"\/><\/figure>\n<\/div>\n\n\n<div style=\"height:32px\" aria-hidden=\"true\" class=\"wp-block-spacer\"><\/div>\n\n\n\n<h3 class=\"wp-block-heading has-text-align-center\">Melina Albrecht<\/h3>\n\n\n\n<p class=\"has-text-align-center\"><em>\"... Jag \u00e4lskar det h\u00e4r teamet! De gjorde ett fantastiskt arbete, tack f\u00f6r det perfekta samarbetet hittills, mycket uppskattat!...\"<\/em><\/p>\n\n\n<div class=\"wp-block-image\">\n<figure class=\"aligncenter size-full is-resized\"><img decoding=\"async\" src=\"https:\/\/dev.fktc.ch\/fjr\/wp-content\/themes\/neve\/assets\/img\/starter-content\/signature-1.png\" alt=\"\" class=\"wp-image-440\" style=\"width:auto;height:40px\"\/><\/figure>\n<\/div><\/div>\n<\/div>\n<\/div><\/section>\n\n\n\n<div class=\"wp-block-cover alignfull has-neve-text-color-color has-text-color has-link-color wp-elements-ba825376587fe4b87018e65867236474\" style=\"padding-top:var(--wp--preset--spacing--80);padding-right:var(--wp--preset--spacing--40);padding-bottom:var(--wp--preset--spacing--80);padding-left:var(--wp--preset--spacing--40)\"><span aria-hidden=\"true\" class=\"wp-block-cover__background has-nv-site-bg-background-color has-background-dim-100 has-background-dim\"><\/span><div class=\"wp-block-cover__inner-container is-layout-flow wp-block-cover-is-layout-flow\">\n<div class=\"wp-block-columns is-layout-flex wp-container-core-columns-is-layout-9d6595d7 wp-block-columns-is-layout-flex\">\n<div class=\"wp-block-column is-layout-flow wp-block-column-is-layout-flow\" style=\"flex-basis:100%\">\n<div class=\"wp-block-group is-vertical is-content-justification-center is-layout-flex wp-container-core-group-is-layout-4b2eccd6 wp-block-group-is-layout-flex\">\n<p class=\"big-number has-nv-light-bg-color has-text-color has-link-color wp-elements-a7fd32131fbdfd6fd566c5b9b1686a04\" style=\"font-size:220px\"><strong>0<\/strong>8<\/p>\n\n\n\n<h2 class=\"wp-block-heading has-text-align-center has-neve-text-color-color has-text-color has-link-color wp-elements-e0561d289cad4c05cbdbcf696a6081b6\">Galleri<\/h2>\n\n\n\n<p class=\"has-text-align-center has-neve-text-color-color has-text-color has-link-color wp-elements-8dc1298bdaf409ad0bfd8c3616aa532b\">Reggio Emilia<\/p>\n\n\n\n<div style=\"height:0px\" aria-hidden=\"true\" class=\"wp-block-spacer wp-container-content-f9bd05ee\"><\/div>\n<\/div>\n<\/div>\n<\/div>\n\n\n\n<figure class=\"wp-block-gallery has-nested-images columns-3 is-cropped wp-block-gallery-1 is-layout-flex wp-block-gallery-is-layout-flex\">\n<figure class=\"wp-block-image size-large\"><img loading=\"lazy\" decoding=\"async\" width=\"1024\" height=\"684\" data-id=\"522\" src=\"https:\/\/fighter-jet-rides.com\/wp-content\/uploads\/2024\/12\/5-4-1024x684.jpeg\" alt=\"\" class=\"wp-image-522\" srcset=\"https:\/\/fighter-jet-rides.com\/wp-content\/uploads\/2024\/12\/5-4-1024x684.jpeg 1024w, https:\/\/fighter-jet-rides.com\/wp-content\/uploads\/2024\/12\/5-4-300x200.jpeg 300w, https:\/\/fighter-jet-rides.com\/wp-content\/uploads\/2024\/12\/5-4-768x513.jpeg 768w, https:\/\/fighter-jet-rides.com\/wp-content\/uploads\/2024\/12\/5-4-18x12.jpeg 18w, https:\/\/fighter-jet-rides.com\/wp-content\/uploads\/2024\/12\/5-4-930x620.jpeg 930w, https:\/\/fighter-jet-rides.com\/wp-content\/uploads\/2024\/12\/5-4.jpeg 1280w\" sizes=\"auto, (max-width: 1024px) 100vw, 1024px\" \/><\/figure>\n\n\n\n<figure class=\"wp-block-image size-full\"><img loading=\"lazy\" decoding=\"async\" width=\"960\" height=\"654\" data-id=\"724\" src=\"https:\/\/fighter-jet-rides.com\/wp-content\/uploads\/2024\/12\/9-4.jpg\" alt=\"\" class=\"wp-image-724\" srcset=\"https:\/\/fighter-jet-rides.com\/wp-content\/uploads\/2024\/12\/9-4.jpg 960w, https:\/\/fighter-jet-rides.com\/wp-content\/uploads\/2024\/12\/9-4-300x204.jpg 300w, https:\/\/fighter-jet-rides.com\/wp-content\/uploads\/2024\/12\/9-4-768x523.jpg 768w, https:\/\/fighter-jet-rides.com\/wp-content\/uploads\/2024\/12\/9-4-18x12.jpg 18w\" sizes=\"auto, (max-width: 960px) 100vw, 960px\" \/><\/figure>\n\n\n\n<figure class=\"wp-block-image size-large\"><img loading=\"lazy\" decoding=\"async\" width=\"1024\" height=\"684\" data-id=\"523\" src=\"https:\/\/fighter-jet-rides.com\/wp-content\/uploads\/2024\/12\/6-2-1024x684.jpeg\" alt=\"\" class=\"wp-image-523\" srcset=\"https:\/\/fighter-jet-rides.com\/wp-content\/uploads\/2024\/12\/6-2-1024x684.jpeg 1024w, https:\/\/fighter-jet-rides.com\/wp-content\/uploads\/2024\/12\/6-2-300x200.jpeg 300w, https:\/\/fighter-jet-rides.com\/wp-content\/uploads\/2024\/12\/6-2-768x513.jpeg 768w, https:\/\/fighter-jet-rides.com\/wp-content\/uploads\/2024\/12\/6-2-18x12.jpeg 18w, https:\/\/fighter-jet-rides.com\/wp-content\/uploads\/2024\/12\/6-2-930x620.jpeg 930w, https:\/\/fighter-jet-rides.com\/wp-content\/uploads\/2024\/12\/6-2.jpeg 1280w\" sizes=\"auto, (max-width: 1024px) 100vw, 1024px\" \/><\/figure>\n\n\n\n<figure class=\"wp-block-image size-full\"><img loading=\"lazy\" decoding=\"async\" width=\"2160\" height=\"1385\" data-id=\"723\" src=\"https:\/\/fighter-jet-rides.com\/wp-content\/uploads\/2024\/12\/pexels-dantemunozphoto-28821751.jpg\" alt=\"\" class=\"wp-image-723\" srcset=\"https:\/\/fighter-jet-rides.com\/wp-content\/uploads\/2024\/12\/pexels-dantemunozphoto-28821751.jpg 2160w, https:\/\/fighter-jet-rides.com\/wp-content\/uploads\/2024\/12\/pexels-dantemunozphoto-28821751-300x192.jpg 300w, https:\/\/fighter-jet-rides.com\/wp-content\/uploads\/2024\/12\/pexels-dantemunozphoto-28821751-1024x657.jpg 1024w, https:\/\/fighter-jet-rides.com\/wp-content\/uploads\/2024\/12\/pexels-dantemunozphoto-28821751-768x492.jpg 768w, https:\/\/fighter-jet-rides.com\/wp-content\/uploads\/2024\/12\/pexels-dantemunozphoto-28821751-1536x985.jpg 1536w, https:\/\/fighter-jet-rides.com\/wp-content\/uploads\/2024\/12\/pexels-dantemunozphoto-28821751-2048x1313.jpg 2048w, https:\/\/fighter-jet-rides.com\/wp-content\/uploads\/2024\/12\/pexels-dantemunozphoto-28821751-18x12.jpg 18w\" sizes=\"auto, (max-width: 2160px) 100vw, 2160px\" \/><\/figure>\n\n\n\n<figure class=\"wp-block-image size-large\"><img loading=\"lazy\" decoding=\"async\" width=\"1024\" height=\"683\" data-id=\"520\" src=\"https:\/\/fighter-jet-rides.com\/wp-content\/uploads\/2024\/12\/3-4-1024x683.jpeg\" alt=\"\" class=\"wp-image-520\" srcset=\"https:\/\/fighter-jet-rides.com\/wp-content\/uploads\/2024\/12\/3-4-1024x683.jpeg 1024w, https:\/\/fighter-jet-rides.com\/wp-content\/uploads\/2024\/12\/3-4-300x200.jpeg 300w, https:\/\/fighter-jet-rides.com\/wp-content\/uploads\/2024\/12\/3-4-768x512.jpeg 768w, https:\/\/fighter-jet-rides.com\/wp-content\/uploads\/2024\/12\/3-4-18x12.jpeg 18w, https:\/\/fighter-jet-rides.com\/wp-content\/uploads\/2024\/12\/3-4-930x620.jpeg 930w, https:\/\/fighter-jet-rides.com\/wp-content\/uploads\/2024\/12\/3-4.jpeg 1280w\" sizes=\"auto, (max-width: 1024px) 100vw, 1024px\" \/><\/figure>\n\n\n\n<figure class=\"wp-block-image size-full\"><img loading=\"lazy\" decoding=\"async\" width=\"2560\" height=\"1707\" data-id=\"725\" src=\"https:\/\/fighter-jet-rides.com\/wp-content\/uploads\/2024\/12\/pexels-bruggi-29355230-scaled.jpg\" alt=\"\" class=\"wp-image-725\" srcset=\"https:\/\/fighter-jet-rides.com\/wp-content\/uploads\/2024\/12\/pexels-bruggi-29355230-scaled.jpg 2560w, https:\/\/fighter-jet-rides.com\/wp-content\/uploads\/2024\/12\/pexels-bruggi-29355230-300x200.jpg 300w, https:\/\/fighter-jet-rides.com\/wp-content\/uploads\/2024\/12\/pexels-bruggi-29355230-1024x683.jpg 1024w, https:\/\/fighter-jet-rides.com\/wp-content\/uploads\/2024\/12\/pexels-bruggi-29355230-768x512.jpg 768w\" sizes=\"auto, (max-width: 2560px) 100vw, 2560px\" \/><\/figure>\n<\/figure>\n<\/div><\/div>\n\n\n\n<div class=\"wp-block-cover alignfull\" style=\"padding-top:var(--wp--preset--spacing--80);padding-right:var(--wp--preset--spacing--50);padding-bottom:var(--wp--preset--spacing--80);padding-left:var(--wp--preset--spacing--50)\"><span aria-hidden=\"true\" class=\"wp-block-cover__background has-nv-dark-bg-background-color has-background-dim-100 has-background-dim\"><\/span><div class=\"wp-block-cover__inner-container is-layout-flow wp-block-cover-is-layout-flow\">\n<p class=\"has-text-align-center big-number has-neve-text-color-color has-text-color has-link-color wp-elements-b21b6a5898229b1b25e5e15c1fab375e\" id=\"pricing\" style=\"font-size:220px\"><strong>09<\/strong><\/p>\n\n\n\n<h2 class=\"wp-block-heading has-text-align-center\">Pris<\/h2>\n\n\n\n<div class=\"wp-block-columns has-neve-text-color-color has-text-color has-link-color wp-elements-0a949b79e839c4c3d97c542aa07df4f8 is-layout-flex wp-container-core-columns-is-layout-9d6595d7 wp-block-columns-is-layout-flex\">\n<div class=\"wp-block-column is-vertically-aligned-top is-layout-flow wp-block-column-is-layout-flow\">\n<div class=\"wp-block-group has-nv-site-bg-background-color has-background\" style=\"border-top-color:#008814;border-top-width:8px;border-right-style:none;border-right-width:0px;border-bottom-style:none;border-bottom-width:0px;border-left-style:none;border-left-width:0px;padding-top:var(--wp--preset--spacing--60);padding-right:var(--wp--preset--spacing--50);padding-bottom:var(--wp--preset--spacing--60);padding-left:var(--wp--preset--spacing--50)\"><div class=\"wp-block-group__inner-container is-layout-constrained wp-container-core-group-is-layout-fcc72f54 wp-block-group-is-layout-constrained\">\n<h3 class=\"wp-block-heading has-text-align-center has-large-font-size\">Teaser<\/h3>\n\n\n\n<div class=\"wp-block-group is-vertical is-content-justification-center is-layout-flex wp-container-core-group-is-layout-4b2eccd6 wp-block-group-is-layout-flex\">\n<h4 class=\"wp-block-heading has-text-color has-link-color has-x-large-font-size wp-elements-712d3cb837a315dbb0f895c78f1b57da\" style=\"color:#008814\"><\/h4>\n\n\n\n<p>per flygning<\/p>\n<\/div>\n\n\n\n<hr class=\"wp-block-separator has-text-color has-nv-light-bg-color has-alpha-channel-opacity has-nv-light-bg-background-color has-background\"\/>\n\n\n\n<p class=\"has-text-align-center\">Information<\/p>\n\n\n\n<p class=\"has-text-align-center\">30 minuters flygtid<\/p>\n\n\n\n<div class=\"wp-block-buttons is-content-justification-center is-layout-flex wp-container-core-buttons-is-layout-16018d1d wp-block-buttons-is-layout-flex\">\n<div class=\"wp-block-button is-style-default\"><a class=\"wp-block-button__link has-nv-text-dark-bg-color has-text-color has-background has-link-color wp-element-button\" href=\"https:\/\/dev.fktc.ch\/fjr\/booking\/?params=hideregionselector&amp;region=rest&amp;itlocation=IT-REGGIOEMILIA-L39&amp;referrer=pdp&amp;utm_source=fjr&amp;eulocation=IT-REGGIOEMILIA-L39\" style=\"background-color:#008814\">BOKA NU<\/a><\/div>\n<\/div>\n<\/div><\/div>\n<\/div>\n\n\n\n<div class=\"wp-block-column is-vertically-aligned-top is-layout-flow wp-block-column-is-layout-flow\">\n<div class=\"wp-block-group has-nv-site-bg-background-color has-background\" style=\"border-top-color:var(--wp--preset--color--nv-text-dark-bg);border-top-width:8px;border-right-style:none;border-right-width:0px;border-bottom-style:none;border-bottom-width:0px;border-left-style:none;border-left-width:0px;padding-top:var(--wp--preset--spacing--60);padding-right:var(--wp--preset--spacing--50);padding-bottom:var(--wp--preset--spacing--60);padding-left:var(--wp--preset--spacing--50)\"><div class=\"wp-block-group__inner-container is-layout-constrained wp-container-core-group-is-layout-fcc72f54 wp-block-group-is-layout-constrained\">\n<h3 class=\"wp-block-heading has-text-align-center has-large-font-size\">Thriller<\/h3>\n\n\n\n<div class=\"wp-block-group is-vertical is-content-justification-center is-layout-flex wp-container-core-group-is-layout-4b2eccd6 wp-block-group-is-layout-flex\">\n<h4 class=\"wp-block-heading has-nv-dark-bg-color has-text-color has-link-color has-x-large-font-size wp-elements-f74fe52988f3ae0bf7a9bfeaf9a36e4b\"><\/h4>\n\n\n\n<p>per flygning<\/p>\n<\/div>\n\n\n\n<hr class=\"wp-block-separator has-text-color has-nv-light-bg-color has-alpha-channel-opacity has-nv-light-bg-background-color has-background\"\/>\n\n\n\n<p class=\"has-text-align-center\">Information<\/p>\n\n\n\n<p class=\"has-text-align-center\">45 minuters flygtid<\/p>\n\n\n\n<p class=\"has-text-align-center\">Video under flygning<\/p>\n\n\n\n<div class=\"wp-block-buttons is-content-justification-center is-layout-flex wp-container-core-buttons-is-layout-16018d1d wp-block-buttons-is-layout-flex\">\n<div class=\"wp-block-button is-style-default\"><a class=\"wp-block-button__link has-nv-text-dark-bg-color has-nv-dark-bg-background-color has-text-color has-background has-link-color wp-element-button\" href=\"https:\/\/dev.fktc.ch\/fjr\/booking\/?params=hideregionselector&amp;region=rest&amp;itlocation=IT-REGGIOEMILIA-L39&amp;referrer=pdp&amp;utm_source=fjr&amp;eulocation=IT-REGGIOEMILIA-L39\">BOKA NU<\/a><\/div>\n<\/div>\n<\/div><\/div>\n<\/div>\n\n\n\n<div class=\"wp-block-column is-vertically-aligned-top is-layout-flow wp-block-column-is-layout-flow\">\n<div class=\"wp-block-group has-nv-site-bg-background-color has-background\" style=\"border-top-color:var(--wp--preset--color--neve-link-hover-color);border-top-width:8px;border-right-style:none;border-right-width:0px;border-bottom-style:none;border-bottom-width:0px;border-left-style:none;border-left-width:0px;padding-top:var(--wp--preset--spacing--60);padding-right:var(--wp--preset--spacing--50);padding-bottom:var(--wp--preset--spacing--60);padding-left:var(--wp--preset--spacing--50)\"><div class=\"wp-block-group__inner-container is-layout-constrained wp-container-core-group-is-layout-fcc72f54 wp-block-group-is-layout-constrained\">\n<h3 class=\"wp-block-heading has-text-align-center has-large-font-size\">Top Gun<\/h3>\n\n\n\n<div class=\"wp-block-group is-vertical is-content-justification-center is-layout-flex wp-container-core-group-is-layout-4b2eccd6 wp-block-group-is-layout-flex\">\n<h4 class=\"wp-block-heading has-neve-link-hover-color-color has-text-color has-link-color has-x-large-font-size wp-elements-3c1cae42928c408cfe9d8a14a97160ba\"><\/h4>\n\n\n\n<p>per flygning<\/p>\n<\/div>\n\n\n\n<hr class=\"wp-block-separator has-text-color has-nv-light-bg-color has-alpha-channel-opacity has-nv-light-bg-background-color has-background\"\/>\n\n\n\n<p class=\"has-text-align-center\">Utbildningsvideor online<\/p>\n\n\n\n<p class=\"has-text-align-center\">Information<\/p>\n\n\n\n<p class=\"has-text-align-center\">45 minuters flygtid<\/p>\n\n\n\n<p class=\"has-text-align-center\">Video under flygning<\/p>\n\n\n\n<p class=\"has-text-align-center\">Fri avbokning<\/p>\n\n\n\n<p class=\"has-text-align-center\">Koldioxidkompensation<\/p>\n\n\n\n<div class=\"wp-block-buttons is-content-justification-center is-layout-flex wp-container-core-buttons-is-layout-16018d1d wp-block-buttons-is-layout-flex\">\n<div class=\"wp-block-button is-style-default\"><a class=\"wp-block-button__link has-nv-text-dark-bg-color has-neve-link-hover-color-background-color has-text-color has-background has-link-color wp-element-button\" href=\"https:\/\/dev.fktc.ch\/fjr\/booking\/?params=hideregionselector&amp;region=rest&amp;itlocation=IT-TRENTO&amp;referrer=pdp&amp;utm_source=fjr&amp;eulocation=IT-REGGIOEMILIA-L39\">BOKA NU<\/a><\/div>\n<\/div>\n<\/div><\/div>\n<\/div>\n<\/div>\n<\/div><\/div>\n\n\n\n<div class=\"wp-block-cover alignfull has-neve-text-color-color has-text-color has-link-color wp-elements-4b031f20c7abd45422901879e12e8522\" style=\"padding-top:var(--wp--preset--spacing--80);padding-right:var(--wp--preset--spacing--40);padding-bottom:var(--wp--preset--spacing--80);padding-left:var(--wp--preset--spacing--40)\"><span aria-hidden=\"true\" class=\"wp-block-cover__background has-nv-site-bg-background-color has-background-dim-100 has-background-dim\"><\/span><div class=\"wp-block-cover__inner-container is-layout-flow wp-block-cover-is-layout-flow\">\n<div class=\"wp-block-columns is-layout-flex wp-container-core-columns-is-layout-9d6595d7 wp-block-columns-is-layout-flex\">\n<div class=\"wp-block-column is-layout-flow wp-block-column-is-layout-flow\" style=\"flex-basis:100%\">\n<div class=\"wp-block-group\"><div class=\"wp-block-group__inner-container is-layout-constrained wp-block-group-is-layout-constrained\">\n<p class=\"big-number has-nv-light-bg-color has-text-color has-link-color wp-elements-93f01c170b049a433dc9659f7dc4877c\" style=\"font-size:220px\">10<\/p>\n\n\n\n<h2 class=\"wp-block-heading has-text-align-center has-neve-text-color-color has-text-color has-link-color wp-elements-a7b4be59732789a23039606275ff32c2\">VANLIGA FR\u00c5GOR<\/h2>\n\n\n\n<p class=\"has-text-align-center has-neve-text-color-color has-text-color has-link-color wp-elements-9cca6875f495bf6c958d055d2ed65647\">Svar p\u00e5 vanliga fr\u00e5gor och svar<\/p>\n<\/div><\/div>\n<\/div>\n<\/div>\n<\/div><\/div>\n\n\n\n<p><\/p>","protected":false},"excerpt":{"rendered":"","protected":false},"author":1,"featured_media":0,"parent":0,"menu_order":0,"comment_status":"closed","ping_status":"closed","template":"","meta":{"neve_meta_sidebar":"","neve_meta_container":"","neve_meta_enable_content_width":"","neve_meta_content_width":0,"neve_meta_title_alignment":"","neve_meta_author_avatar":"","neve_post_elements_order":"","neve_meta_disable_header":"","neve_meta_disable_footer":"","neve_meta_disable_title":"","footnotes":""},"class_list":["post-750","page","type-page","status-publish","hentry"],"_links":{"self":[{"href":"https:\/\/fighter-jet-rides.com\/sv\/wp-json\/wp\/v2\/pages\/750","targetHints":{"allow":["GET"]}}],"collection":[{"href":"https:\/\/fighter-jet-rides.com\/sv\/wp-json\/wp\/v2\/pages"}],"about":[{"href":"https:\/\/fighter-jet-rides.com\/sv\/wp-json\/wp\/v2\/types\/page"}],"author":[{"embeddable":true,"href":"https:\/\/fighter-jet-rides.com\/sv\/wp-json\/wp\/v2\/users\/1"}],"replies":[{"embeddable":true,"href":"https:\/\/fighter-jet-rides.com\/sv\/wp-json\/wp\/v2\/comments?post=750"}],"version-history":[{"count":1,"href":"https:\/\/fighter-jet-rides.com\/sv\/wp-json\/wp\/v2\/pages\/750\/revisions"}],"predecessor-version":[{"id":751,"href":"https:\/\/fighter-jet-rides.com\/sv\/wp-json\/wp\/v2\/pages\/750\/revisions\/751"}],"wp:attachment":[{"href":"https:\/\/fighter-jet-rides.com\/sv\/wp-json\/wp\/v2\/media?parent=750"}],"curies":[{"name":"wp","href":"https:\/\/api.w.org\/{rel}","templated":true}]}}