{"id":972,"date":"2025-01-03T13:02:31","date_gmt":"2025-01-03T13:02:31","guid":{"rendered":"https:\/\/fighter-jet-rides.com\/?page_id=972"},"modified":"2025-01-03T21:18:59","modified_gmt":"2025-01-03T21:18:59","slug":"fly-l-39-italy-turin","status":"publish","type":"page","link":"https:\/\/fighter-jet-rides.com\/sv\/flyga-l-39-italien-turin\/","title":{"rendered":"\ud83c\uddee\ud83c\uddf9 IT: Jetflygning med L-39 Albatros i Turin"},"content":{"rendered":"<section class=\"wp-block-cover alignfull custom-divider\" style=\"min-height:625px;aspect-ratio:unset;\"><span aria-hidden=\"true\" class=\"wp-block-cover__background has-nv-dark-bg-background-color has-background-dim-60 has-background-dim\"><\/span><img loading=\"lazy\" decoding=\"async\" width=\"1255\" height=\"888\" class=\"wp-block-cover__image-background wp-image-985\" alt=\"\" src=\"https:\/\/fighter-jet-rides.com\/wp-content\/uploads\/2025\/01\/L-39-Aosta-1.png\" style=\"object-position:50% 83%\" data-object-fit=\"cover\" data-object-position=\"50% 83%\" srcset=\"https:\/\/fighter-jet-rides.com\/wp-content\/uploads\/2025\/01\/L-39-Aosta-1.png 1255w, https:\/\/fighter-jet-rides.com\/wp-content\/uploads\/2025\/01\/L-39-Aosta-1-300x212.png 300w, https:\/\/fighter-jet-rides.com\/wp-content\/uploads\/2025\/01\/L-39-Aosta-1-1024x725.png 1024w, https:\/\/fighter-jet-rides.com\/wp-content\/uploads\/2025\/01\/L-39-Aosta-1-768x543.png 768w, https:\/\/fighter-jet-rides.com\/wp-content\/uploads\/2025\/01\/L-39-Aosta-1-18x12.png 18w\" sizes=\"auto, (max-width: 1255px) 100vw, 1255px\" \/><div class=\"wp-block-cover__inner-container is-layout-constrained wp-block-cover-is-layout-constrained\">\n<div class=\"wp-block-columns are-vertically-aligned-center is-layout-flex wp-container-core-columns-is-layout-9d6595d7 wp-block-columns-is-layout-flex\">\n<div class=\"wp-block-column is-vertically-aligned-center is-layout-flow wp-block-column-is-layout-flow\">\n<h1 class=\"wp-block-heading has-text-align-center scribble-underline-clip\" style=\"font-style:normal;font-weight:500\"><mark style=\"background-color:rgba(0, 0, 0, 0)\" class=\"has-inline-color has-neve-link-hover-color-color\">L-39 Albatros<\/mark> Jetflyg i de italienska Alperna: Uppstigning fr\u00e5n Turin runt fantastiska toppar<\/h1>\n\n\n\n<div style=\"height:40px\" aria-hidden=\"true\" class=\"wp-block-spacer\"><\/div>\n\n\n\n<div class=\"wp-block-buttons has-custom-font-size has-small-font-size is-content-justification-center is-layout-flex wp-container-core-buttons-is-layout-16018d1d wp-block-buttons-is-layout-flex\">\n<div class=\"wp-block-button has-custom-font-size is-style-default\" style=\"font-size:16px\"><a class=\"wp-block-button__link has-nv-dark-bg-color has-nv-text-dark-bg-background-color has-text-color has-background has-link-color wp-element-button\" href=\"#start\">L\u00e4r dig mer<\/a><\/div>\n\n\n\n<div class=\"wp-block-button has-custom-font-size is-style-secondary\" style=\"font-size:16px\"><a class=\"wp-block-button__link has-nv-text-dark-bg-color has-neve-link-hover-color-background-color has-text-color has-background has-link-color wp-element-button\" href=\"#calendar\">Boka nu<\/a><\/div>\n<\/div>\n<\/div>\n<\/div>\n<\/div><\/section>\n\n\n\n<div class=\"wp-block-cover alignfull\" style=\"padding-top:0;padding-right:var(--wp--preset--spacing--40);padding-bottom:0;padding-left:var(--wp--preset--spacing--40);min-height:716px;aspect-ratio:unset;\" id=\"start\"><span aria-hidden=\"true\" class=\"wp-block-cover__background has-nv-site-bg-background-color has-background-dim-100 has-background-dim\"><\/span><div class=\"wp-block-cover__inner-container is-layout-flow wp-block-cover-is-layout-flow\">\n<div class=\"wp-block-columns are-vertically-aligned-center has-neve-text-color-color has-text-color has-link-color wp-elements-762dacd39745429ddcf8a08f604934b4 is-layout-flex wp-container-core-columns-is-layout-9d6595d7 wp-block-columns-is-layout-flex\">\n<div class=\"wp-block-column is-vertically-aligned-center is-layout-flow wp-block-column-is-layout-flow\" style=\"padding-top:0;padding-right:0;padding-bottom:0;padding-left:0;flex-basis:50%\">\n<figure class=\"wp-block-image size-large\"><img loading=\"lazy\" decoding=\"async\" width=\"1024\" height=\"725\" src=\"https:\/\/fighter-jet-rides.com\/wp-content\/uploads\/2025\/01\/L-39-Aosta-1024x725.png\" alt=\"\" class=\"wp-image-981\" srcset=\"https:\/\/fighter-jet-rides.com\/wp-content\/uploads\/2025\/01\/L-39-Aosta-1024x725.png 1024w, https:\/\/fighter-jet-rides.com\/wp-content\/uploads\/2025\/01\/L-39-Aosta-300x212.png 300w, https:\/\/fighter-jet-rides.com\/wp-content\/uploads\/2025\/01\/L-39-Aosta-768x543.png 768w, https:\/\/fighter-jet-rides.com\/wp-content\/uploads\/2025\/01\/L-39-Aosta-18x12.png 18w, https:\/\/fighter-jet-rides.com\/wp-content\/uploads\/2025\/01\/L-39-Aosta.png 1255w\" sizes=\"auto, (max-width: 1024px) 100vw, 1024px\" \/><\/figure>\n<\/div>\n\n\n\n<div class=\"wp-block-column is-vertically-aligned-center ticss-c703b306 is-layout-flow wp-block-column-is-layout-flow\" style=\"padding-top:0;padding-right:0;padding-bottom:0;padding-left:0;flex-basis:50%\">\n<div class=\"wp-block-group\" style=\"border-radius:16px\"><div class=\"wp-block-group__inner-container is-layout-constrained wp-block-group-is-layout-constrained\">\n<div style=\"height:0px\" aria-hidden=\"true\" class=\"wp-block-spacer\"><\/div>\n\n\n\n<p class=\"big-number has-nv-light-bg-color has-text-color has-link-color wp-elements-6fdb8f87016abe7b6bdd33e54773a620\" style=\"font-size:220px\"><strong>01<\/strong><\/p>\n\n\n\n<h2 class=\"wp-block-heading has-text-align-left\">Om denna erfarenhet<\/h2>\n\n\n\n<ul class=\"wp-block-list\">\n<li>Flyg den legendariska <strong>L-39 Albatros<\/strong>, ett m\u00e5ngsidigt och smidigt jetplan med en rik flyghistoria.<\/li>\n\n\n\n<li>Upplev de hisnande vyerna av den vackra <strong>Italienska Alperna<\/strong>och kombinerar naturlig sk\u00f6nhet med sp\u00e4nnande aerobatics.<\/li>\n\n\n\n<li>Ta kontrollerna och styr jetplanet sj\u00e4lv, guidad av en mycket skicklig f\u00f6re detta milit\u00e4rpilot.<\/li>\n\n\n\n<li>Perfekt f\u00f6r adrenalins\u00f6kare, med aerobatiska man\u00f6vrar som rullar, loopar och dyk inkluderade.<\/li>\n\n\n\n<li>Utforska Italiens ikoniska landskap fr\u00e5n ett o\u00f6vertr\u00e4ffat flygperspektiv.<\/li>\n\n\n\n<li>Njut av den b\u00e4sta kombinationen av <strong>hastighet, skicklighet och landskap<\/strong> i en of\u00f6rgl\u00f6mlig flygning.<\/li>\n<\/ul>\n\n\n\n<p class=\"has-text-align-left\"><\/p>\n<\/div><\/div>\n<\/div>\n<\/div>\n<\/div><\/div>\n\n\n\n<div class=\"wp-block-cover alignfull wp-elements-122a28962f692e1983fa831c70278b12\" style=\"padding-top:var(--wp--preset--spacing--40);padding-right:var(--wp--preset--spacing--40);padding-bottom:var(--wp--preset--spacing--40);padding-left:var(--wp--preset--spacing--40)\"><span aria-hidden=\"true\" class=\"wp-block-cover__background has-nv-dark-bg-background-color has-background-dim-100 has-background-dim\"><\/span><div class=\"wp-block-cover__inner-container is-layout-flow wp-block-cover-is-layout-flow\">\n<div class=\"wp-block-columns is-layout-flex wp-container-core-columns-is-layout-9d6595d7 wp-block-columns-is-layout-flex\">\n<div class=\"wp-block-column is-layout-flow wp-block-column-is-layout-flow\" style=\"flex-basis:100%\">\n<div style=\"height:100px\" aria-hidden=\"true\" class=\"wp-block-spacer\"><\/div>\n\n\n\n<div class=\"wp-block-group is-vertical is-content-justification-center is-layout-flex wp-container-core-group-is-layout-4b2eccd6 wp-block-group-is-layout-flex\">\n<p class=\"big-number has-neve-text-color-color has-text-color has-link-color wp-elements-7c40eab8282ed2a92a27cef4092d33a5\" style=\"font-size:220px\"><strong>02<\/strong><\/p>\n\n\n\n<h2 class=\"wp-block-heading has-text-align-center has-nv-light-bg-color has-text-color has-link-color wp-elements-ccaaba1230b6822020e0d0290a85cfd7\">Din erfarenhet omfattar<\/h2>\n\n\n\n<p class=\"has-text-align-center has-nv-site-bg-color has-text-color has-link-color wp-elements-fba89b250296a7b78678a3d58e46f9e7\">N\u00e5gra viktiga h\u00f6jdpunkter i denna erfarenhet:<\/p>\n\n\n\n<div style=\"height:0px\" aria-hidden=\"true\" class=\"wp-block-spacer wp-container-content-f9bd05ee\"><\/div>\n<\/div>\n<\/div>\n<\/div>\n\n\n\n<div class=\"wp-block-columns are-vertically-aligned-top is-layout-flex wp-container-core-columns-is-layout-9d6595d7 wp-block-columns-is-layout-flex\">\n<div class=\"wp-block-column is-vertically-aligned-top is-layout-flow wp-block-column-is-layout-flow\">\n<div class=\"wp-block-group has-nv-site-bg-background-color has-background\" style=\"border-radius:0px;border-bottom-color:#008814;border-bottom-width:8px;padding-top:var(--wp--preset--spacing--40);padding-right:var(--wp--preset--spacing--40);padding-bottom:var(--wp--preset--spacing--40);padding-left:var(--wp--preset--spacing--40)\"><div class=\"wp-block-group__inner-container is-layout-constrained wp-container-core-group-is-layout-65a08581 wp-block-group-is-layout-constrained\"><div class=\"wp-block-image\">\n<figure class=\"aligncenter size-full is-resized\"><img loading=\"lazy\" decoding=\"async\" width=\"512\" height=\"512\" src=\"https:\/\/fighter-jet-rides.com\/wp-content\/uploads\/2025\/01\/fighter-airplane.png\" alt=\"\" class=\"wp-image-876\" style=\"width:auto;height:100px\" srcset=\"https:\/\/fighter-jet-rides.com\/wp-content\/uploads\/2025\/01\/fighter-airplane.png 512w, https:\/\/fighter-jet-rides.com\/wp-content\/uploads\/2025\/01\/fighter-airplane-300x300.png 300w, https:\/\/fighter-jet-rides.com\/wp-content\/uploads\/2025\/01\/fighter-airplane-150x150.png 150w, https:\/\/fighter-jet-rides.com\/wp-content\/uploads\/2025\/01\/fighter-airplane-12x12.png 12w\" sizes=\"auto, (max-width: 512px) 100vw, 512px\" \/><\/figure>\n<\/div>\n\n\n<h3 class=\"wp-block-heading has-text-align-center\">Sp\u00e4nnande flygning med stridsflygplan<\/h3>\n\n\n\n<p class=\"has-text-align-center has-neve-text-color-color has-text-color has-link-color wp-elements-6e92fbb3825b7d3b9184def53e69597e\">Flyger fritt \u00f6ver den hisnande <strong>Italienska Alperna<\/strong> i den ikoniska L-39 Albatros. En verkligt of\u00f6rgl\u00f6mlig resa. <\/p>\n<\/div><\/div>\n<\/div>\n\n\n\n<div class=\"wp-block-column is-vertically-aligned-top is-layout-flow wp-block-column-is-layout-flow\">\n<div class=\"wp-block-group has-nv-site-bg-background-color has-background\" style=\"border-radius:0px;border-bottom-color:var(--wp--preset--color--nv-text-dark-bg);border-bottom-width:8px;padding-top:var(--wp--preset--spacing--40);padding-right:var(--wp--preset--spacing--40);padding-bottom:var(--wp--preset--spacing--40);padding-left:var(--wp--preset--spacing--40)\"><div class=\"wp-block-group__inner-container is-layout-constrained wp-container-core-group-is-layout-65a08581 wp-block-group-is-layout-constrained\"><div class=\"wp-block-image\">\n<figure class=\"aligncenter size-full is-resized\"><img loading=\"lazy\" decoding=\"async\" width=\"512\" height=\"512\" src=\"https:\/\/dev.fktc.ch\/fjr\/wp-content\/uploads\/2024\/12\/air-force-1.png\" alt=\"\" class=\"wp-image-46\" style=\"width:auto;height:100px\" srcset=\"https:\/\/fighter-jet-rides.com\/wp-content\/uploads\/2024\/12\/air-force-1.png 512w, https:\/\/fighter-jet-rides.com\/wp-content\/uploads\/2024\/12\/air-force-1-300x300.png 300w, https:\/\/fighter-jet-rides.com\/wp-content\/uploads\/2024\/12\/air-force-1-150x150.png 150w\" sizes=\"auto, (max-width: 512px) 100vw, 512px\" \/><\/figure>\n<\/div>\n\n\n<h3 class=\"wp-block-heading has-text-align-center\">V\u00e4gledning av expertpiloter<\/h3>\n\n\n\n<p class=\"has-text-align-center has-neve-text-color-color has-text-color has-link-color wp-elements-752afa781b3b7decd413fa0926d84e4f\">M\u00f6jlighet att upptr\u00e4da <strong>aerobatiska man\u00f6vrar<\/strong> under ledning av en erfaren pilot.<\/p>\n<\/div><\/div>\n<\/div>\n\n\n\n<div class=\"wp-block-column is-vertically-aligned-top is-layout-flow wp-block-column-is-layout-flow\">\n<div class=\"wp-block-group has-nv-site-bg-background-color has-background\" style=\"border-radius:0px;border-bottom-color:var(--wp--preset--color--neve-link-hover-color);border-bottom-width:8px;padding-top:var(--wp--preset--spacing--40);padding-right:var(--wp--preset--spacing--40);padding-bottom:var(--wp--preset--spacing--40);padding-left:var(--wp--preset--spacing--40)\"><div class=\"wp-block-group__inner-container is-layout-constrained wp-container-core-group-is-layout-65a08581 wp-block-group-is-layout-constrained\"><div class=\"wp-block-image\">\n<figure class=\"aligncenter size-full is-resized\"><img loading=\"lazy\" decoding=\"async\" width=\"512\" height=\"512\" src=\"https:\/\/dev.fktc.ch\/fjr\/wp-content\/uploads\/2024\/12\/mountain.png\" alt=\"\" class=\"wp-image-47\" style=\"width:auto;height:100px\" srcset=\"https:\/\/fighter-jet-rides.com\/wp-content\/uploads\/2024\/12\/mountain.png 512w, https:\/\/fighter-jet-rides.com\/wp-content\/uploads\/2024\/12\/mountain-300x300.png 300w, https:\/\/fighter-jet-rides.com\/wp-content\/uploads\/2024\/12\/mountain-150x150.png 150w\" sizes=\"auto, (max-width: 512px) 100vw, 512px\" \/><\/figure>\n<\/div>\n\n\n<h3 class=\"wp-block-heading has-text-align-center\">Dolomiterna &amp; Italianit\u00e0<\/h3>\n\n\n\n<p class=\"has-text-align-center has-neve-text-color-color has-text-color has-link-color wp-elements-a587dc70fd6fbc53740578c27050bf31\">Ett verkligt uppslukande \u00e4ventyr med <strong>praktisk flygkontroll<\/strong> och personliga f\u00e4rdplaner.<\/p>\n<\/div><\/div>\n<\/div>\n<\/div>\n<\/div><\/div>\n\n\n\n<section class=\"wp-block-cover alignfull\" style=\"min-height:100vh;aspect-ratio:unset;\"><span aria-hidden=\"true\" class=\"wp-block-cover__background has-nv-dark-bg-background-color has-background-dim-60 has-background-dim\"><\/span><video class=\"wp-block-cover__video-background intrinsic-ignore\" autoplay muted loop playsinline src=\"https:\/\/fighter-jet-rides.com\/wp-content\/uploads\/2025\/01\/MiGFlug-Clip-Square-2-1.mov\" data-object-fit=\"cover\"><\/video><div class=\"wp-block-cover__inner-container is-layout-constrained wp-block-cover-is-layout-constrained\">\n<h2 class=\"wp-block-heading has-text-align-center has-text-color has-link-color wp-elements-dc9d55ec59d6523ab78d890a888e45e2\" style=\"color:#ffffff\">F\u00f6rhandsgranskning av flygning<\/h2>\n\n\n\n<div style=\"height:32px\" aria-hidden=\"true\" class=\"wp-block-spacer\"><\/div>\n\n\n\n<p class=\"has-text-align-center has-text-color has-link-color wp-elements-1bf62cf1cf269f2744a57ce02929c841\" style=\"color:#ffffff\"><\/p>\n<\/div><\/section>\n\n\n\n<div class=\"wp-block-cover alignfull\" style=\"padding-top:var(--wp--preset--spacing--80);padding-right:var(--wp--preset--spacing--50);padding-bottom:var(--wp--preset--spacing--80);padding-left:var(--wp--preset--spacing--50)\"><span aria-hidden=\"true\" class=\"wp-block-cover__background has-nv-light-bg-background-color has-background-dim-100 has-background-dim\"><\/span><div class=\"wp-block-cover__inner-container is-layout-flow wp-block-cover-is-layout-flow\">\n<div class=\"wp-block-columns has-neve-text-color-color has-text-color has-link-color wp-elements-15265441d15b3d44f0a5aa11312704ce is-layout-flex wp-container-core-columns-is-layout-9d6595d7 wp-block-columns-is-layout-flex\">\n<div class=\"wp-block-column is-vertically-aligned-top is-layout-flow wp-block-column-is-layout-flow\">\n<p class=\"big-number has-nv-site-bg-color has-text-color has-link-color wp-elements-37aaf5bfc1f5577de73b508095c061d7\" style=\"font-size:220px\"><strong>04<\/strong><\/p>\n\n\n\n<h2 class=\"wp-block-heading\">Din dag<\/h2>\n\n\n\n<p>Din stridsflygupplevelse inkluderar att tr\u00e4ffa din pilot f\u00f6r en genomg\u00e5ng f\u00f6re flygningen, en sp\u00e4nnande flygning \u00f6ver Dolomiterna med aerobatiska man\u00f6vrer och chansen att ta kontrollerna, f\u00f6ljt av f\u00f6rfriskningar, foton med jetplanet och valfri tid efter flygningen med din pilot.<\/p>\n\n\n\n<figure class=\"wp-block-image size-large\"><img decoding=\"async\" src=\"https:\/\/migflug.com\/wp-content\/uploads\/2021\/12\/fighter-jet-rides-in-the-us-01.jpg\" alt=\"\"\/><\/figure>\n<\/div>\n\n\n\n<div class=\"wp-block-column is-layout-flow wp-block-column-is-layout-flow\">\n<div class=\"wp-block-group has-nv-site-bg-background-color has-background\" style=\"border-left-color:#008814;border-left-width:8px;padding-top:var(--wp--preset--spacing--60);padding-right:var(--wp--preset--spacing--50);padding-bottom:var(--wp--preset--spacing--30);padding-left:var(--wp--preset--spacing--50)\"><div class=\"wp-block-group__inner-container is-layout-constrained wp-container-core-group-is-layout-68dbf2b9 wp-block-group-is-layout-constrained\">\n<h3 class=\"wp-block-heading\">01 - Ankomst<\/h3>\n\n\n\n<p>Ankomst till den pittoreska flygbasen som ligger inb\u00e4ddad i de italienska Alperna. Din pilot och ditt team v\u00e4lkomnar dig f\u00f6r att kickstarta ditt flyg\u00e4ventyr.<\/p>\n<\/div><\/div>\n\n\n\n<div class=\"wp-block-group has-nv-site-bg-background-color has-background\" style=\"border-left-color:#ffffff;border-left-width:8px;padding-top:var(--wp--preset--spacing--60);padding-right:var(--wp--preset--spacing--50);padding-bottom:var(--wp--preset--spacing--30);padding-left:var(--wp--preset--spacing--50)\"><div class=\"wp-block-group__inner-container is-layout-constrained wp-container-core-group-is-layout-68dbf2b9 wp-block-group-is-layout-constrained\">\n<h3 class=\"wp-block-heading\">02 - Informationsm\u00f6te<\/h3>\n\n\n\n<p>F\u00e5 en grundlig genomg\u00e5ng f\u00f6re flygningen d\u00e4r din pilot kommer att f\u00f6rklara flygplanen, s\u00e4kerhets\u00e5tg\u00e4rder och aerobatiska m\u00f6jligheter skr\u00e4ddarsydda efter dina \u00f6nskem\u00e5l.<\/p>\n<\/div><\/div>\n\n\n\n<div class=\"wp-block-group has-nv-site-bg-background-color has-background\" style=\"border-left-color:var(--wp--preset--color--neve-link-hover-color);border-left-width:8px;padding-top:var(--wp--preset--spacing--60);padding-right:var(--wp--preset--spacing--50);padding-bottom:var(--wp--preset--spacing--30);padding-left:var(--wp--preset--spacing--50)\"><div class=\"wp-block-group__inner-container is-layout-constrained wp-container-core-group-is-layout-68dbf2b9 wp-block-group-is-layout-constrained\">\n<h3 class=\"wp-block-heading\">03 - Flyg<\/h3>\n\n\n\n<p>Ta dig upp i luften f\u00f6r en h\u00e4pnadsv\u00e4ckande resa \u00f6ver de italienska Alperna. Upplev sp\u00e4nnande aerobatiska stunts, fantastiska alpvyer och chansen att styra jetplanet under experthandledning.<\/p>\n<\/div><\/div>\n\n\n\n<div class=\"wp-block-group has-nv-site-bg-background-color has-background\" style=\"border-left-color:var(--wp--preset--color--nv-dark-bg);border-left-width:8px;padding-top:var(--wp--preset--spacing--60);padding-right:var(--wp--preset--spacing--50);padding-bottom:var(--wp--preset--spacing--30);padding-left:var(--wp--preset--spacing--50)\"><div class=\"wp-block-group__inner-container is-layout-constrained wp-container-core-group-is-layout-68dbf2b9 wp-block-group-is-layout-constrained\">\n<h3 class=\"wp-block-heading\">04 - Avrapportering<\/h3>\n\n\n\n<p>Efter landningen kan du koppla av med f\u00f6rfriskningar, ta fantastiska bilder med jetplanet och dela historier med din pilot om ditt h\u00f6gtflygande \u00e4ventyr.<\/p>\n<\/div><\/div>\n<\/div>\n<\/div>\n<\/div><\/div>\n\n\n\n<div class=\"wp-block-cover alignfull\" style=\"padding-top:var(--wp--preset--spacing--80);padding-right:var(--wp--preset--spacing--50);padding-bottom:var(--wp--preset--spacing--80);padding-left:var(--wp--preset--spacing--50)\"><span aria-hidden=\"true\" class=\"wp-block-cover__background has-nv-dark-bg-background-color has-background-dim-100 has-background-dim\"><\/span><div class=\"wp-block-cover__inner-container is-layout-flow wp-block-cover-is-layout-flow\">\n<div class=\"wp-block-columns has-neve-text-color-color has-text-color has-link-color wp-elements-b7d078f34557c657eb690f0a005ef370 is-layout-flex wp-container-core-columns-is-layout-9d6595d7 wp-block-columns-is-layout-flex\">\n<div class=\"wp-block-column is-vertically-aligned-top is-layout-flow wp-block-column-is-layout-flow\">\n<p class=\"has-text-align-center big-number has-neve-text-color-color has-text-color has-link-color wp-elements-8b28edcdb6d96a7bde63073eb63cca00\" style=\"font-size:220px\"><strong>05<\/strong><\/p>\n\n\n\n<h2 class=\"wp-block-heading has-text-align-center has-nv-light-bg-color has-text-color has-link-color wp-elements-0a4d946587775a2209fc0b9a4906f27e\">Att ta sig dit<\/h2>\n\n\n\n<p class=\"has-text-align-center has-nv-light-bg-color has-text-color has-link-color wp-elements-0558a66abe68357ccf65cf5220f679d2\">Flygbasen \u00e4r bekv\u00e4mt bel\u00e4gen i norra Italien, med enkel \u00e5tkomst fr\u00e5n st\u00f6rre st\u00e4der som Milano och Venedig. Oavsett om du anl\u00e4nder med bil eller flyg lovar platsen en s\u00f6ml\u00f6s start p\u00e5 ditt alpina flyg\u00e4ventyr.<\/p>\n\n\n\n<div class=\"leaflet-map WPLeafletMap\" style=\"height:800px; width:100%;\"><\/div><script>\nwindow.WPLeafletMapPlugin = window.WPLeafletMapPlugin || [];\nwindow.WPLeafletMapPlugin.push(function WPLeafletMapShortcode() {\/*<script>*\/\nvar baseUrl = atob('aHR0cHM6Ly90aWxlcy1ldS5zdGFkaWFtYXBzLmNvbS90aWxlcy9zdGFtZW5fdG9uZXIve3p9L3t4fS97eX17cn0ucG5n');\nvar base = (!baseUrl && window.MQ) ?\n    window.MQ.mapLayer() : L.tileLayer(baseUrl,\n        L.Util.extend({}, {\n            detectRetina: 0,\n        },\n        {\"subdomains\":\"abc\",\"noWrap\":false,\"maxZoom\":19}        )\n    );\n    var options = L.Util.extend({}, {\n        layers: [base],\n        attributionControl: false\n    },\n    {\"zoomControl\":true,\"scrollWheelZoom\":true,\"doubleClickZoom\":true,\"fitBounds\":false,\"minZoom\":0,\"maxZoom\":19,\"maxBounds\":null,\"attribution\":\"<a href=\\\"http:\\\/\\\/leafletjs.com\\\" title=\\\"A JS library for interactive maps\\\">Leaflet<\\\/a>; \\u00a9 <a href=\\\"http:\\\/\\\/www.openstreetmap.org\\\/copyright\\\">OpenStreetMap<\\\/a> contributors\"},\n    {});\nwindow.WPLeafletMapPlugin.createMap(options).setView([46.0667,11.1256],6);});<\/script>\n\n\n\n<script>\nwindow.WPLeafletMapPlugin = window.WPLeafletMapPlugin || [];\nwindow.WPLeafletMapPlugin.push(function WPLeafletMarkerShortcode() {\/*<script>*\/\nvar map = window.WPLeafletMapPlugin.getCurrentMap();\nvar group = window.WPLeafletMapPlugin.getCurrentGroup();\nvar marker_options = window.WPLeafletMapPlugin.getIconOptions({\"iconUrl\":\"https:\\\/\\\/dev.fktc.ch\\\/fjr\\\/assets\\\/marker-yellow.svg\",\"iconSize\":\"80,50\"});\nvar marker = L.marker(\n    [46.4982953,10.2750706],\n    marker_options\n);\nvar is_image = map.is_image_map;\nif (marker_options.draggable) {\n    marker.on('dragend', function () {\n        var latlng = this.getLatLng();\n        var lat = latlng.lat;\n        var lng = latlng.lng;\n        if (is_image) {\n            console.log('leaflet-marker y=' + lat + ' x=' + lng);\n        } else {\n            console.log('leaflet-marker lat=' + lat + ' lng=' + lng);\n        }\n    });\n}\nmarker.addTo( group );\nmarker.bindPopup(window.WPLeafletMapPlugin.unescape('\ud83d\ude80\ud83d\udc68\u200d\ud83d\ude80 The L-39 in the heart of the Italian Alps near Bormio, Italy \ud83c\uddee\ud83c\uddf9'));window.WPLeafletMapPlugin.markers.push( marker );\n        });<\/script>\n<\/div>\n<\/div>\n<\/div><\/div>\n\n\n\n<div class=\"wp-block-cover alignfull\" style=\"padding-top:var(--wp--preset--spacing--80);padding-right:var(--wp--preset--spacing--50);padding-bottom:var(--wp--preset--spacing--80);padding-left:var(--wp--preset--spacing--50)\"><span aria-hidden=\"true\" class=\"wp-block-cover__background has-nv-light-bg-background-color has-background-dim-100 has-background-dim\"><\/span><div class=\"wp-block-cover__inner-container is-layout-flow wp-block-cover-is-layout-flow\">\n<div class=\"wp-block-columns has-neve-text-color-color has-text-color has-link-color wp-elements-4cc728e2533f6b365acf12c5b2697640 is-layout-flex wp-container-core-columns-is-layout-9d6595d7 wp-block-columns-is-layout-flex\">\n<div class=\"wp-block-column is-vertically-aligned-top is-layout-flow wp-block-column-is-layout-flow\">\n<p class=\"has-text-align-center big-number has-nv-site-bg-color has-text-color has-link-color wp-elements-b1acbaf334e5e8065ff18a7021d692b3\" id=\"calendar\" style=\"font-size:220px\"><strong>06<\/strong><\/p>\n\n\n\n<h2 class=\"wp-block-heading has-text-align-center\">Tillg\u00e4nglighet<\/h2>\n\n\n\n<p class=\"has-text-align-center\">Kontrollera tillg\u00e4nglighet och <strong><mark style=\"background-color:var(--nv-site-bg)\" class=\"has-inline-color has-nv-dark-bg-color\">klicka p\u00e5 valfritt datum f\u00f6r att starta bokningen<\/mark><\/strong><\/p>\n\n\n    <div style=\"display:none;\">MiGFlug DatePicker version 1.2.2<\/div>\n\n    <div class=\"datepicker-container\" style=\"position: relative\">\n        <div class=\"datepicker-availability\" id=\"datepicker_69f71aaa57193\"><\/div>\n    <\/div>\n    <script src=\"https:\/\/cdnjs.cloudflare.com\/ajax\/libs\/luxon\/3.4.3\/luxon.min.js\"><\/script>\n    <script type=\"text\/javascript\">\n        jQuery(document).ready(function ($) {\n            const { DateTime } = luxon;\n            const timezone = \"America\/New_York\";\n            var disabledDays = [];\n\n            let today = DateTime.now().setZone(timezone);\n            let maxDate = today.plus({ years: 3 });\n\n            const debouncedFetchDisabledDates = debounce(fetchDisabledDates, 300);\n\n            $(\"#datepicker_69f71aaa57193\").datepicker({\n                changeMonth: true,\n                changeYear: true,\n                showOtherMonths: true,\n                selectOtherMonths: true,\n                yearRange: \"c-10:c+10\",\n                dateFormat: \"yy-dd-mm\",\n                minDate: 0,\n                maxDate: new Date(maxDate.year, maxDate.month - 1, maxDate.day),\n                monthNames: [\n                    \"January\", \"February\", \"March\", \"April\", \"May\", \"June\",\n                    \"July\", \"August\", \"September\", \"October\", \"November\", \"December\"\n                ],\n                monthNamesShort: [\n                    \"Jan\", \"Feb\", \"Mar\", \"Apr\", \"May\", \"Jun\",\n                    \"Jul\", \"Aug\", \"Sep\", \"Oct\", \"Nov\", \"Dec\"\n                ],\n                onSelect: function (dateText) {\n                    let parsedDate = $.datepicker.parseDate('yy-dd-mm', dateText);\n                    let finalDate = $.datepicker.formatDate('yy-mm-dd', parsedDate);\n\n                    let bookingURL = \"#pricing\";\n                    let popup_id = \"\";\n\n                    if (bookingURL !== \"\") {\n                        let fullURL = bookingURL + \"?datechoice=now&date=\" + finalDate +\n                            \"&region=\" + \"\" +\n                            \"&product=\" + \"\" +\n                            \"&eulocation=\" + \"\" +\n                            \"&uslocation=\" + \"\" +\n                            \"&referrer=\" + \"\" +\n                            \"&itlocation=\" + \"\" +\n                            \"&apaclocation=\" + \"\";\n                        window.open(fullURL, '_blank');\n                        showAvailableDay();\n                    } else if (popup_id !== \"\") {\n                        PUM.open('#' + popup_id);\n                        showAvailableDay();\n                    }\n                },\n                beforeShow: function (input, inst) {\n                    showAvailableDay();\n                },\n                beforeShowDay: function (date) {\n                    \/\/ Convert local date to the API timezone for comparison\n                    const localDt = DateTime.fromJSDate(date);\n                    \/\/ Format to check against our collection\n                    const dateToCheck = localDt.toFormat('yyyy-MM-dd');\n                    \n                    \/\/ Check if this date is in our available dates list\n                    const isAvailable = disabledDays.includes(dateToCheck);\n                    return [isAvailable];\n                },\n                onChangeMonthYear: function (year, month, inst) {\n                    debouncedFetchDisabledDates(year, month);\n                }\n            });\n\n            showAvailableDay();\n\n            function fetchDisabledDates(year, month, retryCount = 0) {\n                const appointmentId = \"64792193\";\n                const calendarId = \"10345775\";\n                const cacheKey = `disabledDates_${calendarId}_${appointmentId}_${year}_${month}_${timezone}`;\n                const expirationTime = 24 * 60 * 60 * 1000;\n                const now = Date.now();\n                const yearMonth = year + '-' + (\"0\" + month).slice(-2);\n                const maxRetries = 3;\n                const $datepicker = $('.datepicker-availability');\n                $datepicker.append('<div class=\"datepicker-loader-overlay\"><\/div><div class=\"spinner\"><\/div>');\n\n                if (localStorage.getItem(cacheKey)) {\n                    const cachedData = JSON.parse(localStorage.getItem(cacheKey));\n                    if (cachedData && cachedData.expiration > now) {\n                        updateDisabledDates(cachedData.response);\n                        fetchDataForNextMonth(year, month);\n                        return;\n                    }\n                }\n\n                $.ajax({\n                    url: 'https:\/\/fighter-jet-rides.com\/wp-admin\/admin-ajax.php',\n                    method: 'GET',\n                    data: {\n                        action: 'datepicker_fetch_disabled_dates',\n                        yearMonth: yearMonth.trim(),\n                        calendarId: calendarId.trim(),\n                        appointmentId: appointmentId.trim(),\n                        timezone: timezone.trim(), \/\/ Add timezone to the AJAX request\n                    },\n                    dataType: 'json',\n                    timeout: 10000,\n                }).done(function (response) {\n                    const item = {\n                        response,\n                        expiration: now + expirationTime\n                    };\n                    localStorage.setItem(cacheKey, JSON.stringify(item));\n                    updateDisabledDates(response);\n                    fetchDataForNextMonth(year, month);\n                }).fail(function (xhr, status) {\n                    if ((status === \"timeout\" || status === \"error\") && retryCount < maxRetries) {\n                        fetchDisabledDates(year, month, retryCount + 1);\n                    } else {\n                        hideLoader();\n                    }\n                });\n            }\n\n            async function fetchDataForNextMonth(year, month) {\n                \/\/ Adjust year if we're in December\n                let nextYear = year;\n                let nextMonth = month === 12 ? 1 : month + 1;\n                if (month === 12) nextYear++;\n\n                const appointmentId = \"64792193\";\n                const calendarId = \"10345775\";\n                const cacheKey = `disabledDates_${calendarId}_${appointmentId}_${nextYear}_${nextMonth}_${timezone}`;\n                const expirationTime = 24 * 60 * 60 * 1000;\n                const now = Date.now();\n                const yearMonth = nextYear + '-' + (\"0\" + nextMonth).slice(-2);\n\n                if (localStorage.getItem(cacheKey)) {\n                    const cachedData = JSON.parse(localStorage.getItem(cacheKey));\n                    if (cachedData && cachedData.expiration > now) {\n                        return;\n                    }\n                }\n\n                $.ajax({\n                    url: 'https:\/\/fighter-jet-rides.com\/wp-admin\/admin-ajax.php',\n                    method: 'GET',\n                    data: {\n                        action: 'datepicker_fetch_disabled_dates',\n                        yearMonth: yearMonth.trim(),\n                        calendarId: calendarId.trim(),\n                        appointmentId: appointmentId.trim(),\n                        timezone: timezone.trim(), \/\/ Add timezone to the AJAX request\n                    },\n                    dataType: 'json',\n                    timeout: 10000,\n                }).done(function (response) {\n                    const item = {\n                        response,\n                        expiration: now + expirationTime\n                    };\n                    localStorage.setItem(cacheKey, JSON.stringify(item));\n                }).fail(function () {\n                    hideLoader();\n                });\n            }\n\n            function updateDisabledDates(response) {\n                if (response && response.success) {\n                    \/\/ Store dates in YYYY-MM-DD format directly from API\n                    disabledDays = response.data.map(function (item) {\n                        return item.date; \/\/ API already returns dates in the requested timezone\n                    });\n                    $('#datepicker_69f71aaa57193').datepicker('refresh');\n                }\n                hideLoader();\n            }\n\n            function showAvailableDay() {\n                let date = DateTime.now().setZone(timezone);\n                fetchDisabledDates(date.year, date.month);\n            }\n\n            function hideLoader() {\n                $('.datepicker-loader-overlay, .spinner').remove();\n            }\n\n            function debounce(func, wait) {\n                let timeout;\n                return function (...args) {\n                    const context = this;\n                    clearTimeout(timeout);\n                    timeout = setTimeout(() => func.apply(context, args), wait);\n                };\n            }\n        });\n    <\/script>\n    \n<\/div>\n<\/div>\n<\/div><\/div>\n\n\n\n<section class=\"wp-block-cover alignfull\" style=\"padding-top:var(--wp--preset--spacing--80);padding-right:var(--wp--preset--spacing--40);padding-bottom:var(--wp--preset--spacing--80);padding-left:var(--wp--preset--spacing--40)\"><span aria-hidden=\"true\" class=\"wp-block-cover__background has-nv-dark-bg-background-color has-background-dim-80 has-background-dim\"><\/span><img decoding=\"async\" class=\"wp-block-cover__image-background wp-image-101\" alt=\"\" src=\"https:\/\/dev.fktc.ch\/fjr\/emlproxy\/pexels-thomas-vitali-213214-3039336-2.jpg\" data-object-fit=\"cover\"\/><div class=\"wp-block-cover__inner-container is-layout-constrained wp-container-core-cover-is-layout-cd625289 wp-block-cover-is-layout-constrained\">\n<div class=\"wp-block-columns are-vertically-aligned-center is-layout-flex wp-container-core-columns-is-layout-9d6595d7 wp-block-columns-is-layout-flex\">\n<div class=\"wp-block-column is-vertically-aligned-center is-layout-flow wp-block-column-is-layout-flow\">\n<div class=\"wp-block-group has-nv-text-dark-bg-color has-text-color has-link-color wp-elements-03820e42c80cdd1e1033d8f1151ab950\"><div class=\"wp-block-group__inner-container is-layout-flow wp-block-group-is-layout-flow\">\n<p class=\"has-text-align-center big-number has-text-color has-link-color wp-elements-2a6a51a85a796ce6eea6527b9bcd760e\" style=\"color:#ffffff1c;font-size:220px\"><strong>07<\/strong><\/p>\n\n\n\n<h2 class=\"wp-block-heading has-text-align-center\">Vittnesm\u00e5l<\/h2>\n\n\n\n<div style=\"height:80px\" aria-hidden=\"true\" class=\"wp-block-spacer\"><\/div>\n<\/div><\/div>\n<\/div>\n<\/div>\n\n\n\n<div class=\"wp-block-columns has-nv-text-dark-bg-color has-text-color has-link-color wp-elements-dbba08ffa0c41be0cba8558c6a69eedc is-layout-flex wp-container-core-columns-is-layout-9d6595d7 wp-block-columns-is-layout-flex\">\n<div class=\"wp-block-column has-neve-text-color-color has-nv-site-bg-background-color has-text-color has-background has-link-color wp-elements-91d830427120655ee2247ab27e8d5a04 is-layout-flow wp-block-column-is-layout-flow\" style=\"border-bottom-color:#008814;border-bottom-width:8px;padding-top:var(--wp--preset--spacing--70);padding-right:var(--wp--preset--spacing--50);padding-bottom:var(--wp--preset--spacing--70);padding-left:var(--wp--preset--spacing--50)\"><div class=\"wp-block-image\">\n<figure class=\"aligncenter size-large is-resized has-custom-border\"><img loading=\"lazy\" decoding=\"async\" width=\"806\" height=\"1024\" src=\"https:\/\/fighter-jet-rides.com\/wp-content\/uploads\/2025\/01\/8fb32559-512f-4987-a1be-132d1d577c4d-806x1024.jpg\" alt=\"\" class=\"wp-image-978\" style=\"border-radius:999px;aspect-ratio:1;object-fit:cover;width:239px;height:auto\" srcset=\"https:\/\/fighter-jet-rides.com\/wp-content\/uploads\/2025\/01\/8fb32559-512f-4987-a1be-132d1d577c4d-806x1024.jpg 806w, https:\/\/fighter-jet-rides.com\/wp-content\/uploads\/2025\/01\/8fb32559-512f-4987-a1be-132d1d577c4d-236x300.jpg 236w, https:\/\/fighter-jet-rides.com\/wp-content\/uploads\/2025\/01\/8fb32559-512f-4987-a1be-132d1d577c4d-768x976.jpg 768w, https:\/\/fighter-jet-rides.com\/wp-content\/uploads\/2025\/01\/8fb32559-512f-4987-a1be-132d1d577c4d-9x12.jpg 9w, https:\/\/fighter-jet-rides.com\/wp-content\/uploads\/2025\/01\/8fb32559-512f-4987-a1be-132d1d577c4d.jpg 967w\" sizes=\"auto, (max-width: 806px) 100vw, 806px\" \/><\/figure>\n<\/div>\n\n\n<div style=\"height:32px\" aria-hidden=\"true\" class=\"wp-block-spacer\"><\/div>\n\n\n\n<h3 class=\"wp-block-heading has-text-align-center\">Graham Sagar - Storbritannien<\/h3>\n\n\n\n<p class=\"has-text-align-center\">\" Det h\u00e4r var min tredje flygning med MiGFlug, och jag valde platsen n\u00e4ra Turin i Italien f\u00f6r dess fantastiska landskap. Piloten, Max, f\u00f6rklarade deras ideella uppdrag att inspirera unga flygare. Efter en smidig s\u00e4kerhetsgenomg\u00e5ng fl\u00f6g jag flygplanet under 90% av tiden, utf\u00f6rde olika man\u00f6vrer och nj\u00f6t av den hisnande utsikten \u00f6ver Alperna. Max var fantastisk och hans oklanderliga engelska gjorde kommunikationen enkel. MiGFlug \u00e4r p\u00e5litligt och p\u00e5litligt, och jag kan inte v\u00e4nta p\u00e5 min n\u00e4sta flygning! \"<\/p>\n\n\n<div class=\"wp-block-image\">\n<figure class=\"aligncenter size-full is-resized\"><img decoding=\"async\" src=\"https:\/\/fighter-jet-rides.com\/wp-content\/uploads\/2025\/01\/graham-sagar.svg\" alt=\"\" class=\"wp-image-986\" style=\"width:auto;height:40px\"\/><\/figure>\n<\/div><\/div>\n\n\n\n<div class=\"wp-block-column has-neve-text-color-color has-nv-site-bg-background-color has-text-color has-background has-link-color wp-elements-cbb3a0c7f243b9a74a25570aef9355b0 is-layout-flow wp-block-column-is-layout-flow\" style=\"border-bottom-color:var(--wp--preset--color--neve-link-hover-color);border-bottom-width:8px;padding-top:var(--wp--preset--spacing--70);padding-right:var(--wp--preset--spacing--50);padding-bottom:var(--wp--preset--spacing--70);padding-left:var(--wp--preset--spacing--50)\"><div class=\"wp-block-image\">\n<figure class=\"aligncenter size-full is-resized has-custom-border\"><img loading=\"lazy\" decoding=\"async\" width=\"1280\" height=\"542\" src=\"https:\/\/fighter-jet-rides.com\/wp-content\/uploads\/2025\/01\/OYoRO0C0CFvi1S9r.png\" alt=\"\" class=\"wp-image-977\" style=\"border-radius:999px;aspect-ratio:1;object-fit:cover;width:240px;height:auto\" srcset=\"https:\/\/fighter-jet-rides.com\/wp-content\/uploads\/2025\/01\/OYoRO0C0CFvi1S9r.png 1280w, https:\/\/fighter-jet-rides.com\/wp-content\/uploads\/2025\/01\/OYoRO0C0CFvi1S9r-300x127.png 300w, https:\/\/fighter-jet-rides.com\/wp-content\/uploads\/2025\/01\/OYoRO0C0CFvi1S9r-1024x434.png 1024w, https:\/\/fighter-jet-rides.com\/wp-content\/uploads\/2025\/01\/OYoRO0C0CFvi1S9r-768x325.png 768w, https:\/\/fighter-jet-rides.com\/wp-content\/uploads\/2025\/01\/OYoRO0C0CFvi1S9r-18x8.png 18w\" sizes=\"auto, (max-width: 1280px) 100vw, 1280px\" \/><\/figure>\n<\/div>\n\n\n<div style=\"height:32px\" aria-hidden=\"true\" class=\"wp-block-spacer\"><\/div>\n\n\n\n<h3 class=\"wp-block-heading has-text-align-center\">Alessandro Pollace - Italien<\/h3>\n\n\n\n<p class=\"has-text-align-center\">&#8221; <em>Det var precis som jag dr\u00f6mde, underbart alpscenario och bra v\u00e4derf\u00f6rh\u00e5llanden med n\u00e5gra spridda moln f\u00f6r att g\u00f6ra det \u00e4nnu b\u00e4ttre! Super v\u00e4lkommen av den erfarna bes\u00e4ttningen, dynamiskt flygprogram med aerobatiska man\u00f6vrer i bergshimlen, tydlig genomg\u00e5ng f\u00f6re f\u00f6rs\u00e4ljning och ett trevligt hopp in i L39-historien. Jag \u00f6nskar att jag gjorde det tidigare!<\/em> &#8220;<\/p>\n\n\n\n<p><\/p>\n\n\n<div class=\"wp-block-image\">\n<figure class=\"aligncenter size-full is-resized\"><img decoding=\"async\" src=\"https:\/\/fighter-jet-rides.com\/wp-content\/uploads\/2025\/01\/alessandro-pollace.svg\" alt=\"\" class=\"wp-image-987\" style=\"width:356px;height:auto\"\/><\/figure>\n<\/div><\/div>\n<\/div>\n<\/div><\/section>\n\n\n\n<div class=\"wp-block-cover alignfull has-neve-text-color-color has-text-color has-link-color wp-elements-dc6dcdfb53b9797696db56bed56b5d2e\" style=\"padding-top:var(--wp--preset--spacing--80);padding-right:var(--wp--preset--spacing--40);padding-bottom:var(--wp--preset--spacing--80);padding-left:var(--wp--preset--spacing--40)\"><span aria-hidden=\"true\" class=\"wp-block-cover__background has-nv-site-bg-background-color has-background-dim-100 has-background-dim\"><\/span><div class=\"wp-block-cover__inner-container is-layout-flow wp-block-cover-is-layout-flow\">\n<div class=\"wp-block-columns is-layout-flex wp-container-core-columns-is-layout-9d6595d7 wp-block-columns-is-layout-flex\">\n<div class=\"wp-block-column is-layout-flow wp-block-column-is-layout-flow\" style=\"flex-basis:100%\">\n<div class=\"wp-block-group is-vertical is-content-justification-center is-layout-flex wp-container-core-group-is-layout-4b2eccd6 wp-block-group-is-layout-flex\">\n<p class=\"big-number has-nv-light-bg-color has-text-color has-link-color wp-elements-a7fd32131fbdfd6fd566c5b9b1686a04\" style=\"font-size:220px\"><strong>0<\/strong>8<\/p>\n\n\n\n<h2 class=\"wp-block-heading has-text-align-center has-neve-text-color-color has-text-color has-link-color wp-elements-e0561d289cad4c05cbdbcf696a6081b6\">Galleri<\/h2>\n\n\n\n<p class=\"has-text-align-center has-neve-text-color-color has-text-color has-link-color wp-elements-745c0730f7c6d90f1b0c6a73cc09e5e0\">N\u00e4ra Turin<\/p>\n\n\n\n<div style=\"height:0px\" aria-hidden=\"true\" class=\"wp-block-spacer wp-container-content-f9bd05ee\"><\/div>\n<\/div>\n<\/div>\n<\/div>\n\n\n\n<figure class=\"wp-block-gallery has-nested-images columns-3 is-cropped wp-block-gallery-1 is-layout-flex wp-block-gallery-is-layout-flex\">\n<figure class=\"wp-block-image size-large\"><img loading=\"lazy\" decoding=\"async\" width=\"1024\" height=\"641\" data-id=\"979\" src=\"https:\/\/fighter-jet-rides.com\/wp-content\/uploads\/2025\/01\/L-39-Aosta-II-1024x641.png\" alt=\"\" class=\"wp-image-979\" srcset=\"https:\/\/fighter-jet-rides.com\/wp-content\/uploads\/2025\/01\/L-39-Aosta-II-1024x641.png 1024w, https:\/\/fighter-jet-rides.com\/wp-content\/uploads\/2025\/01\/L-39-Aosta-II-300x188.png 300w, https:\/\/fighter-jet-rides.com\/wp-content\/uploads\/2025\/01\/L-39-Aosta-II-768x481.png 768w, https:\/\/fighter-jet-rides.com\/wp-content\/uploads\/2025\/01\/L-39-Aosta-II-18x12.png 18w, https:\/\/fighter-jet-rides.com\/wp-content\/uploads\/2025\/01\/L-39-Aosta-II.png 1252w\" sizes=\"auto, (max-width: 1024px) 100vw, 1024px\" \/><\/figure>\n\n\n\n<figure class=\"wp-block-image size-large\"><img loading=\"lazy\" decoding=\"async\" width=\"1024\" height=\"427\" data-id=\"980\" src=\"https:\/\/fighter-jet-rides.com\/wp-content\/uploads\/2025\/01\/lBIoBTMioH4fq1oA-1024x427.png\" alt=\"\" class=\"wp-image-980\" srcset=\"https:\/\/fighter-jet-rides.com\/wp-content\/uploads\/2025\/01\/lBIoBTMioH4fq1oA-1024x427.png 1024w, https:\/\/fighter-jet-rides.com\/wp-content\/uploads\/2025\/01\/lBIoBTMioH4fq1oA-300x125.png 300w, https:\/\/fighter-jet-rides.com\/wp-content\/uploads\/2025\/01\/lBIoBTMioH4fq1oA-768x321.png 768w, https:\/\/fighter-jet-rides.com\/wp-content\/uploads\/2025\/01\/lBIoBTMioH4fq1oA-18x8.png 18w, https:\/\/fighter-jet-rides.com\/wp-content\/uploads\/2025\/01\/lBIoBTMioH4fq1oA.png 1277w\" sizes=\"auto, (max-width: 1024px) 100vw, 1024px\" \/><\/figure>\n\n\n\n<figure class=\"wp-block-image size-large\"><img loading=\"lazy\" decoding=\"async\" width=\"1024\" height=\"725\" data-id=\"981\" src=\"https:\/\/fighter-jet-rides.com\/wp-content\/uploads\/2025\/01\/L-39-Aosta-1024x725.png\" alt=\"\" class=\"wp-image-981\" srcset=\"https:\/\/fighter-jet-rides.com\/wp-content\/uploads\/2025\/01\/L-39-Aosta-1024x725.png 1024w, https:\/\/fighter-jet-rides.com\/wp-content\/uploads\/2025\/01\/L-39-Aosta-300x212.png 300w, https:\/\/fighter-jet-rides.com\/wp-content\/uploads\/2025\/01\/L-39-Aosta-768x543.png 768w, https:\/\/fighter-jet-rides.com\/wp-content\/uploads\/2025\/01\/L-39-Aosta-18x12.png 18w, https:\/\/fighter-jet-rides.com\/wp-content\/uploads\/2025\/01\/L-39-Aosta.png 1255w\" sizes=\"auto, (max-width: 1024px) 100vw, 1024px\" \/><\/figure>\n\n\n\n<figure class=\"wp-block-image size-full\"><img decoding=\"async\" data-id=\"101\" src=\"https:\/\/dev.fktc.ch\/fjr\/emlproxy\/pexels-thomas-vitali-213214-3039336-2.jpg\" alt=\"\" class=\"wp-image-101\"\/><\/figure>\n\n\n\n<figure class=\"wp-block-image size-large\"><img loading=\"lazy\" decoding=\"async\" width=\"1024\" height=\"433\" data-id=\"982\" src=\"https:\/\/fighter-jet-rides.com\/wp-content\/uploads\/2025\/01\/PYIXa9MUyrwkVS10-1024x433.png\" alt=\"\" class=\"wp-image-982\" srcset=\"https:\/\/fighter-jet-rides.com\/wp-content\/uploads\/2025\/01\/PYIXa9MUyrwkVS10-1024x433.png 1024w, https:\/\/fighter-jet-rides.com\/wp-content\/uploads\/2025\/01\/PYIXa9MUyrwkVS10-300x127.png 300w, https:\/\/fighter-jet-rides.com\/wp-content\/uploads\/2025\/01\/PYIXa9MUyrwkVS10-768x325.png 768w, https:\/\/fighter-jet-rides.com\/wp-content\/uploads\/2025\/01\/PYIXa9MUyrwkVS10-18x8.png 18w, https:\/\/fighter-jet-rides.com\/wp-content\/uploads\/2025\/01\/PYIXa9MUyrwkVS10.png 1279w\" sizes=\"auto, (max-width: 1024px) 100vw, 1024px\" \/><\/figure>\n\n\n\n<figure class=\"wp-block-image size-full\"><img loading=\"lazy\" decoding=\"async\" width=\"2200\" height=\"1469\" data-id=\"983\" src=\"https:\/\/fighter-jet-rides.com\/wp-content\/uploads\/2025\/01\/pexels-sagui-andrea-200115-618833.jpg\" alt=\"\" class=\"wp-image-983\" srcset=\"https:\/\/fighter-jet-rides.com\/wp-content\/uploads\/2025\/01\/pexels-sagui-andrea-200115-618833.jpg 2200w, https:\/\/fighter-jet-rides.com\/wp-content\/uploads\/2025\/01\/pexels-sagui-andrea-200115-618833-300x200.jpg 300w, https:\/\/fighter-jet-rides.com\/wp-content\/uploads\/2025\/01\/pexels-sagui-andrea-200115-618833-1024x684.jpg 1024w, https:\/\/fighter-jet-rides.com\/wp-content\/uploads\/2025\/01\/pexels-sagui-andrea-200115-618833-768x513.jpg 768w, https:\/\/fighter-jet-rides.com\/wp-content\/uploads\/2025\/01\/pexels-sagui-andrea-200115-618833-1536x1026.jpg 1536w, https:\/\/fighter-jet-rides.com\/wp-content\/uploads\/2025\/01\/pexels-sagui-andrea-200115-618833-2048x1368.jpg 2048w, https:\/\/fighter-jet-rides.com\/wp-content\/uploads\/2025\/01\/pexels-sagui-andrea-200115-618833-18x12.jpg 18w, https:\/\/fighter-jet-rides.com\/wp-content\/uploads\/2025\/01\/pexels-sagui-andrea-200115-618833-930x620.jpg 930w\" sizes=\"auto, (max-width: 2200px) 100vw, 2200px\" \/><\/figure>\n<\/figure>\n<\/div><\/div>\n\n\n\n<div class=\"wp-block-cover alignfull\" style=\"padding-top:var(--wp--preset--spacing--80);padding-right:var(--wp--preset--spacing--50);padding-bottom:var(--wp--preset--spacing--80);padding-left:var(--wp--preset--spacing--50)\"><span aria-hidden=\"true\" class=\"wp-block-cover__background has-nv-dark-bg-background-color has-background-dim-100 has-background-dim\"><\/span><div class=\"wp-block-cover__inner-container is-layout-flow wp-block-cover-is-layout-flow\">\n<p class=\"has-text-align-center big-number has-neve-text-color-color has-text-color has-link-color wp-elements-b21b6a5898229b1b25e5e15c1fab375e\" id=\"pricing\" style=\"font-size:220px\"><strong>09<\/strong><\/p>\n\n\n\n<h2 class=\"wp-block-heading has-text-align-center\">Pris<\/h2>\n\n\n\n<div class=\"wp-block-columns has-neve-text-color-color has-text-color has-link-color wp-elements-032b0059bb07b53adedd2e439ea74fb2 is-layout-flex wp-container-core-columns-is-layout-9d6595d7 wp-block-columns-is-layout-flex\">\n<div class=\"wp-block-column is-vertically-aligned-top is-layout-flow wp-block-column-is-layout-flow\">\n<div class=\"wp-block-group has-nv-site-bg-background-color has-background\" style=\"border-top-color:#008814;border-top-width:8px;border-right-style:none;border-right-width:0px;border-bottom-style:none;border-bottom-width:0px;border-left-style:none;border-left-width:0px;padding-top:var(--wp--preset--spacing--60);padding-right:var(--wp--preset--spacing--50);padding-bottom:var(--wp--preset--spacing--60);padding-left:var(--wp--preset--spacing--50)\"><div class=\"wp-block-group__inner-container is-layout-constrained wp-container-core-group-is-layout-fcc72f54 wp-block-group-is-layout-constrained\">\n<h3 class=\"wp-block-heading has-text-align-center has-large-font-size\"><mark style=\"background-color:rgba(0, 0, 0, 0)\" class=\"has-inline-color has-neve-link-hover-color-color\">Kungen av Alperna<\/mark><\/h3>\n\n\n\n<div class=\"wp-block-group is-vertical is-content-justification-center is-layout-flex wp-container-core-group-is-layout-4b2eccd6 wp-block-group-is-layout-flex\">\n<h4 class=\"wp-block-heading has-text-color has-link-color has-x-large-font-size wp-elements-c5cabec7ffaa01532f8792f80406e1f1\" style=\"color:#008814\"><code>4.500,00 EUR<\/code><\/h4>\n\n\n\n<p>per flygning<\/p>\n<\/div>\n\n\n\n<hr class=\"wp-block-separator has-text-color has-nv-light-bg-color has-alpha-channel-opacity has-nv-light-bg-background-color has-background\"\/>\n\n\n\n<p class=\"has-text-align-center\">Information<\/p>\n\n\n\n<p class=\"has-text-align-center\">30 minuters flygtid<\/p>\n\n\n\n<div class=\"wp-block-buttons is-content-justification-center is-layout-flex wp-container-core-buttons-is-layout-16018d1d wp-block-buttons-is-layout-flex\">\n<div class=\"wp-block-button is-style-default\"><a class=\"wp-block-button__link has-nv-text-dark-bg-color has-text-color has-background has-link-color wp-element-button\" href=\"https:\/\/fighter-jet-rides.com\/sv\/bokning\/?params=hideregionselector&amp;region=rest&amp;eulocation=IT-VARIOUS-L39&amp;referrer=pdp&amp;utm_source=fjr\" style=\"background-color:#008814\">BOKA NU<\/a><\/div>\n<\/div>\n<\/div><\/div>\n<\/div>\n\n\n\n<div class=\"wp-block-column is-vertically-aligned-top is-layout-flow wp-block-column-is-layout-flow\">\n<div class=\"wp-block-group has-nv-site-bg-background-color has-background\" style=\"border-top-color:var(--wp--preset--color--neve-link-hover-color);border-top-width:8px;border-right-style:none;border-right-width:0px;border-bottom-style:none;border-bottom-width:0px;border-left-style:none;border-left-width:0px;padding-top:var(--wp--preset--spacing--60);padding-right:var(--wp--preset--spacing--50);padding-bottom:var(--wp--preset--spacing--60);padding-left:var(--wp--preset--spacing--50)\"><div class=\"wp-block-group__inner-container is-layout-constrained wp-container-core-group-is-layout-fcc72f54 wp-block-group-is-layout-constrained\">\n<h3 class=\"wp-block-heading has-text-align-center has-large-font-size\"><mark style=\"background-color:rgba(0, 0, 0, 0)\" class=\"has-inline-color has-neve-link-hover-color-color\">Maverick<\/mark><\/h3>\n\n\n\n<div class=\"wp-block-group is-vertical is-content-justification-center is-layout-flex wp-container-core-group-is-layout-4b2eccd6 wp-block-group-is-layout-flex\">\n<h4 class=\"wp-block-heading has-nv-dark-bg-color has-text-color has-link-color has-x-large-font-size wp-elements-a639ec581c4a97c52497bf04c3955859\"><code>6.350,00 EUR<\/code><\/h4>\n\n\n\n<p>per flygning<\/p>\n<\/div>\n\n\n\n<hr class=\"wp-block-separator has-text-color has-nv-light-bg-color has-alpha-channel-opacity has-nv-light-bg-background-color has-background\"\/>\n\n\n\n<p class=\"has-text-align-center\">Information<\/p>\n\n\n\n<p class=\"has-text-align-center\">45 minuters flygtid<\/p>\n\n\n\n<p class=\"has-text-align-center\">Video under flygning<\/p>\n\n\n\n<div class=\"wp-block-buttons is-content-justification-center is-layout-flex wp-container-core-buttons-is-layout-16018d1d wp-block-buttons-is-layout-flex\">\n<div class=\"wp-block-button is-style-default\"><a class=\"wp-block-button__link has-nv-text-dark-bg-color has-nv-dark-bg-background-color has-text-color has-background has-link-color wp-element-button\" href=\"https:\/\/fighter-jet-rides.com\/sv\/bokning\/?params=hideregionselector&amp;region=rest&amp;eulocation=IT-VARIOUS-L39&amp;referrer=pdp&amp;utm_source=fjr\">BOKA NU<\/a><\/div>\n<\/div>\n<\/div><\/div>\n<\/div>\n<\/div>\n<\/div><\/div>\n\n\n\n<div class=\"wp-block-cover alignfull has-neve-text-color-color has-text-color has-link-color wp-elements-5c363b81bb3781c0fe6fd21d6abb76b8\" style=\"padding-top:var(--wp--preset--spacing--80);padding-right:var(--wp--preset--spacing--40);padding-bottom:var(--wp--preset--spacing--80);padding-left:var(--wp--preset--spacing--40)\"><span aria-hidden=\"true\" class=\"wp-block-cover__background has-nv-site-bg-background-color has-background-dim-100 has-background-dim\"><\/span><div class=\"wp-block-cover__inner-container is-layout-flow wp-block-cover-is-layout-flow\">\n<div class=\"wp-block-columns is-layout-flex wp-container-core-columns-is-layout-9d6595d7 wp-block-columns-is-layout-flex\">\n<div class=\"wp-block-column is-layout-flow wp-block-column-is-layout-flow\" style=\"flex-basis:100%\">\n<div class=\"wp-block-group\"><div class=\"wp-block-group__inner-container is-layout-constrained wp-block-group-is-layout-constrained\">\n<p class=\"big-number has-nv-light-bg-color has-text-color has-link-color wp-elements-93f01c170b049a433dc9659f7dc4877c\" style=\"font-size:220px\">10<\/p>\n\n\n\n<h2 class=\"wp-block-heading has-text-align-center has-neve-text-color-color has-text-color has-link-color wp-elements-a7b4be59732789a23039606275ff32c2\">VANLIGA FR\u00c5GOR<\/h2>\n\n\n\n<p class=\"has-text-align-center has-neve-text-color-color has-text-color has-link-color wp-elements-9cca6875f495bf6c958d055d2ed65647\">Svar p\u00e5 vanliga fr\u00e5gor och svar<\/p>\n\n\n<ul style=\"padding-top:0;padding-bottom:0;padding-left:0;padding-right:0\" class=\"wp-block-tt-accordion\">\n<li class=\"wp-block-tt-accordion-item wp-block-tt-accordion-item-2 has-background has-nv-text-dark-bg-background-color\"><h3 class=\"wp-block-tt-accordion-item-header\"><button class=\"wp-block-tt-accordion-item-header-button\" id=\"wp-block-tt-accordion-item-header-button-27946169-68d7-4d87-9db6-89f6d77c29e9\" type=\"button\"><span class=\"wp-block-tt-accordion-item-header-button-text\">M\u00e5ste jag vara pilot f\u00f6r att delta i en s\u00e5dan flygning?<\/span><span class=\"wp-block-tt-accordion-item-header-button-icon-arrow\" aria-hidden=\"true\"><svg version=\"1.1\" xmlns=\"http:\/\/www.w3.org\/2000\/svg\" width=\"24px\" height=\"24px\" viewbox=\"0 0 24 24\" aria-hidden=\"true\" focusable=\"false\"><polyline points=\"4.711,8 12,15.289 19.289,8\" stroke=\"black\" stroke-width=\"2\" fill=\"none\" \/><\/svg><\/span><\/button><\/h3><div class=\"wp-block-tt-accordion-item-panel open\" id=\"wp-block-tt-accordion-item-panel-27946169-68d7-4d87-9db6-89f6d77c29e9\" role=\"region\">\n\n<p class=\"has-nv-text-dark-bg-background-color has-background\">Nej, den h\u00e4r flygningen \u00e4r \u00f6ppen f\u00f6r alla.<\/p>\n\n<\/div><\/li>\n\n<li class=\"wp-block-tt-accordion-item wp-block-tt-accordion-item-3 has-background has-nv-site-bg-background-color\"><h3 class=\"wp-block-tt-accordion-item-header\"><button class=\"wp-block-tt-accordion-item-header-button\" id=\"wp-block-tt-accordion-item-header-button-873ae5a3-c9aa-4ab3-a662-439df6fc87af\" type=\"button\"><span class=\"wp-block-tt-accordion-item-header-button-text\">Var lyfter flygplanen fr\u00e5n?<\/span><span class=\"wp-block-tt-accordion-item-header-button-icon-arrow\" aria-hidden=\"true\"><svg version=\"1.1\" xmlns=\"http:\/\/www.w3.org\/2000\/svg\" width=\"24px\" height=\"24px\" viewbox=\"0 0 24 24\" aria-hidden=\"true\" focusable=\"false\"><polyline points=\"4.711,8 12,15.289 19.289,8\" stroke=\"black\" stroke-width=\"2\" fill=\"none\" \/><\/svg><\/span><\/button><\/h3><div class=\"wp-block-tt-accordion-item-panel open\" id=\"wp-block-tt-accordion-item-panel-873ae5a3-c9aa-4ab3-a662-439df6fc87af\" role=\"region\">\n\n<p class=\"has-nv-site-bg-background-color has-background\">Flygplan lyfter fr\u00e5n Trento. Trento \u00e4r en stad i regionen Trentino-Alto Adige i norra Italien. Det \u00e4r en perfekt bas f\u00f6r att flyga runt Mountain Peaks och Gardasj\u00f6n.<\/p>\n\n<\/div><\/li>\n\n<li class=\"wp-block-tt-accordion-item wp-block-tt-accordion-item-4 has-background has-nv-text-dark-bg-background-color\"><h3 class=\"wp-block-tt-accordion-item-header\"><button class=\"wp-block-tt-accordion-item-header-button\" id=\"wp-block-tt-accordion-item-header-button-283534bb-cc6a-494a-9f88-6ef4a1764ece\" type=\"button\"><span class=\"wp-block-tt-accordion-item-header-button-text\">Vad \u00e4r l\u00e4gsta \u00e5lder?<\/span><span class=\"wp-block-tt-accordion-item-header-button-icon-arrow\" aria-hidden=\"true\"><svg version=\"1.1\" xmlns=\"http:\/\/www.w3.org\/2000\/svg\" width=\"24px\" height=\"24px\" viewbox=\"0 0 24 24\" aria-hidden=\"true\" focusable=\"false\"><polyline points=\"4.711,8 12,15.289 19.289,8\" stroke=\"black\" stroke-width=\"2\" fill=\"none\" \/><\/svg><\/span><\/button><\/h3><div class=\"wp-block-tt-accordion-item-panel open\" id=\"wp-block-tt-accordion-item-panel-283534bb-cc6a-494a-9f88-6ef4a1764ece\" role=\"region\">\n\n<p class=\"has-nv-text-dark-bg-background-color has-background\">Minimi\u00e5lder \u00e4r 16 \u00e5r.<\/p>\n\n<\/div><\/li>\n\n<li class=\"wp-block-tt-accordion-item wp-block-tt-accordion-item-5\"><h3 class=\"wp-block-tt-accordion-item-header\"><button class=\"wp-block-tt-accordion-item-header-button\" id=\"wp-block-tt-accordion-item-header-button-2f87169c-1656-4a9e-a4a9-d83017fd8dd8\" type=\"button\"><span class=\"wp-block-tt-accordion-item-header-button-text\">Vad h\u00e4nder vid d\u00e5ligt v\u00e4der?<\/span><span class=\"wp-block-tt-accordion-item-header-button-icon-arrow\" aria-hidden=\"true\"><svg version=\"1.1\" xmlns=\"http:\/\/www.w3.org\/2000\/svg\" width=\"24px\" height=\"24px\" viewbox=\"0 0 24 24\" aria-hidden=\"true\" focusable=\"false\"><polyline points=\"4.711,8 12,15.289 19.289,8\" stroke=\"black\" stroke-width=\"2\" fill=\"none\" \/><\/svg><\/span><\/button><\/h3><div class=\"wp-block-tt-accordion-item-panel open\" id=\"wp-block-tt-accordion-item-panel-2f87169c-1656-4a9e-a4a9-d83017fd8dd8\" role=\"region\">\n\n<p>Om v\u00e4dret p\u00e5 kort sikt \u00e4r f\u00f6r regnigt eller dimmigt flyttas flygningen fram n\u00e5gra timmar f\u00f6r att m\u00f6jligg\u00f6ra en s\u00e4ker drift. Under l\u00e4ngre perioder med d\u00e5ligt v\u00e4der kan flygningen flyttas fram n\u00e5gra dagar eller veckor utan kostnad. Om du vill f\u00f6rs\u00e4kra dig om att flyga i soliga f\u00f6rh\u00e5llanden har du ocks\u00e5 m\u00f6jlighet att beg\u00e4ra en kostnadsfri ombokning fram till 7 dagar f\u00f6re flygningen.<\/p>\n\n<\/div><\/li>\n\n<li class=\"wp-block-tt-accordion-item wp-block-tt-accordion-item-6 has-background has-nv-text-dark-bg-background-color\"><h3 class=\"wp-block-tt-accordion-item-header\"><button class=\"wp-block-tt-accordion-item-header-button\" id=\"wp-block-tt-accordion-item-header-button-84014d6f-5c56-4cf1-8b36-58700b5ac7fa\" type=\"button\"><span class=\"wp-block-tt-accordion-item-header-button-text\">Kan jag k\u00f6pa ett presentkort?<\/span><span class=\"wp-block-tt-accordion-item-header-button-icon-arrow\" aria-hidden=\"true\"><svg version=\"1.1\" xmlns=\"http:\/\/www.w3.org\/2000\/svg\" width=\"24px\" height=\"24px\" viewbox=\"0 0 24 24\" aria-hidden=\"true\" focusable=\"false\"><polyline points=\"4.711,8 12,15.289 19.289,8\" stroke=\"black\" stroke-width=\"2\" fill=\"none\" \/><\/svg><\/span><\/button><\/h3><div class=\"wp-block-tt-accordion-item-panel open\" id=\"wp-block-tt-accordion-item-panel-84014d6f-5c56-4cf1-8b36-58700b5ac7fa\" role=\"region\">\n\n<p>Absolut! Att ge bort en flygning med ett stridsflygplan \u00e4r den ultimata presenten och mycket popul\u00e4r bland v\u00e5ra kunder. Boka bara en vanlig flygning och kryssa i rutan \"Denna flygning \u00e4r en g\u00e5va\" under bokningsprocessen. Vi utf\u00e4rdar ett presentkort f\u00f6r flygningen och ser till att ingen kommunikation g\u00e5r ut till mottagaren f\u00f6re flygdatumet.<\/p>\n\n<\/div><\/li>\n\n<li class=\"wp-block-tt-accordion-item wp-block-tt-accordion-item-7\"><h3 class=\"wp-block-tt-accordion-item-header\"><button class=\"wp-block-tt-accordion-item-header-button\" id=\"wp-block-tt-accordion-item-header-button-cfc815c9-e045-415a-b795-6ba64d865f6b\" type=\"button\"><span class=\"wp-block-tt-accordion-item-header-button-text\">Hur l\u00e5ng \u00e4r flygresan?<\/span><span class=\"wp-block-tt-accordion-item-header-button-icon-arrow\" aria-hidden=\"true\"><svg version=\"1.1\" xmlns=\"http:\/\/www.w3.org\/2000\/svg\" width=\"24px\" height=\"24px\" viewbox=\"0 0 24 24\" aria-hidden=\"true\" focusable=\"false\"><polyline points=\"4.711,8 12,15.289 19.289,8\" stroke=\"black\" stroke-width=\"2\" fill=\"none\" \/><\/svg><\/span><\/button><\/h3><div class=\"wp-block-tt-accordion-item-panel open\" id=\"wp-block-tt-accordion-item-panel-cfc815c9-e045-415a-b795-6ba64d865f6b\" role=\"region\">\n\n<p>Flygtiden varierar och \u00e4r vanligtvis mellan 30 minuter och en timme, beroende p\u00e5 vilket paket du v\u00e4ljer.<\/p>\n\n<\/div><\/li>\n\n<li class=\"wp-block-tt-accordion-item wp-block-tt-accordion-item-8 has-background has-nv-text-dark-bg-background-color\"><h3 class=\"wp-block-tt-accordion-item-header\"><button class=\"wp-block-tt-accordion-item-header-button\" id=\"wp-block-tt-accordion-item-header-button-12640471-fb5a-4048-9be3-5f4c85a74f09\" type=\"button\"><span class=\"wp-block-tt-accordion-item-header-button-text\">Vad kan jag f\u00f6rv\u00e4nta mig under flygningen?<\/span><span class=\"wp-block-tt-accordion-item-header-button-icon-arrow\" aria-hidden=\"true\"><svg version=\"1.1\" xmlns=\"http:\/\/www.w3.org\/2000\/svg\" width=\"24px\" height=\"24px\" viewbox=\"0 0 24 24\" aria-hidden=\"true\" focusable=\"false\"><polyline points=\"4.711,8 12,15.289 19.289,8\" stroke=\"black\" stroke-width=\"2\" fill=\"none\" \/><\/svg><\/span><\/button><\/h3><div class=\"wp-block-tt-accordion-item-panel open\" id=\"wp-block-tt-accordion-item-panel-12640471-fb5a-4048-9be3-5f4c85a74f09\" role=\"region\">\n\n<p>Du kommer att uppleva en blandning av h\u00f6ghastighetsflygning, aerobatiska man\u00f6vrer och fantastiska vyer. F\u00f6re start f\u00e5r du en detaljerad s\u00e4kerhetsgenomg\u00e5ng och en introduktion till flygplanet.<\/p>\n\n\n\n<p>Under flygningen har du kontakt med piloten via intercom-systemet, och piloten ser till att du har det bekv\u00e4mt.<\/p>\n\n<\/div><\/li>\n\n<li class=\"wp-block-tt-accordion-item wp-block-tt-accordion-item-9\"><h3 class=\"wp-block-tt-accordion-item-header\"><button class=\"wp-block-tt-accordion-item-header-button\" id=\"wp-block-tt-accordion-item-header-button-78a3328e-b590-403f-af68-94486e8beb09\" type=\"button\"><span class=\"wp-block-tt-accordion-item-header-button-text\">Vad ska jag ha p\u00e5 mig n\u00e4r jag flyger med ett stridsflygplan?<\/span><span class=\"wp-block-tt-accordion-item-header-button-icon-arrow\" aria-hidden=\"true\"><svg version=\"1.1\" xmlns=\"http:\/\/www.w3.org\/2000\/svg\" width=\"24px\" height=\"24px\" viewbox=\"0 0 24 24\" aria-hidden=\"true\" focusable=\"false\"><polyline points=\"4.711,8 12,15.289 19.289,8\" stroke=\"black\" stroke-width=\"2\" fill=\"none\" \/><\/svg><\/span><\/button><\/h3><div class=\"wp-block-tt-accordion-item-panel open\" id=\"wp-block-tt-accordion-item-panel-78a3328e-b590-403f-af68-94486e8beb09\" role=\"region\">\n\n<p>B\u00e4r bekv\u00e4ma kl\u00e4der och skor med st\u00e4ngda t\u00e5r. Vi f\u00f6rser dig med all extra utrustning som beh\u00f6vs, till exempel flygdr\u00e4kt och hj\u00e4lm.<\/p>\n\n<\/div><\/li>\n\n<li class=\"wp-block-tt-accordion-item wp-block-tt-accordion-item-10 has-background has-nv-text-dark-bg-background-color\"><h3 class=\"wp-block-tt-accordion-item-header\"><button class=\"wp-block-tt-accordion-item-header-button\" id=\"wp-block-tt-accordion-item-header-button-0e4a4693-c6ce-4074-858b-8ee2a0abee6b\" type=\"button\"><span class=\"wp-block-tt-accordion-item-header-button-text\">Kan jag ta med en v\u00e4n eller familjemedlem f\u00f6r att titta?<\/span><span class=\"wp-block-tt-accordion-item-header-button-icon-arrow\" aria-hidden=\"true\"><svg version=\"1.1\" xmlns=\"http:\/\/www.w3.org\/2000\/svg\" width=\"24px\" height=\"24px\" viewbox=\"0 0 24 24\" aria-hidden=\"true\" focusable=\"false\"><polyline points=\"4.711,8 12,15.289 19.289,8\" stroke=\"black\" stroke-width=\"2\" fill=\"none\" \/><\/svg><\/span><\/button><\/h3><div class=\"wp-block-tt-accordion-item-panel open\" id=\"wp-block-tt-accordion-item-panel-0e4a4693-c6ce-4074-858b-8ee2a0abee6b\" role=\"region\">\n\n<p>Ja, ja, ja! G\u00e4ster \u00e4r v\u00e4lkomna att komma och titta p\u00e5 f\u00f6rberedelserna inf\u00f6r flygning och start. M\u00e5nga platser har ocks\u00e5 en utsiktsplats f\u00f6r \u00e5sk\u00e5dare.<\/p>\n\n<\/div><\/li>\n\n<li class=\"wp-block-tt-accordion-item wp-block-tt-accordion-item-11\"><h3 class=\"wp-block-tt-accordion-item-header\"><button class=\"wp-block-tt-accordion-item-header-button\" id=\"wp-block-tt-accordion-item-header-button-b92bae65-e876-4fcd-aef3-675170182060\" type=\"button\"><span class=\"wp-block-tt-accordion-item-header-button-text\">Kan jag spela in flygningen?<\/span><span class=\"wp-block-tt-accordion-item-header-button-icon-arrow\" aria-hidden=\"true\"><svg version=\"1.1\" xmlns=\"http:\/\/www.w3.org\/2000\/svg\" width=\"24px\" height=\"24px\" viewbox=\"0 0 24 24\" aria-hidden=\"true\" focusable=\"false\"><polyline points=\"4.711,8 12,15.289 19.289,8\" stroke=\"black\" stroke-width=\"2\" fill=\"none\" \/><\/svg><\/span><\/button><\/h3><div class=\"wp-block-tt-accordion-item-panel open\" id=\"wp-block-tt-accordion-item-panel-b92bae65-e876-4fcd-aef3-675170182060\" role=\"region\">\n\n<p>Ja, absolut! I de flesta paket ing\u00e5r GoPro-bilder fr\u00e5n cockpit s\u00e5 att du kan \u00e5teruppleva upplevelsen. Ta g\u00e4rna med din egen kamera f\u00f6r bilder f\u00f6re och efter flygningen. Privata kameror \u00e4r inte till\u00e5tna under flygningen.<\/p>\n\n<\/div><\/li>\n\n<li class=\"wp-block-tt-accordion-item wp-block-tt-accordion-item-12 has-background has-nv-text-dark-bg-background-color\"><h3 class=\"wp-block-tt-accordion-item-header\"><button class=\"wp-block-tt-accordion-item-header-button\" id=\"wp-block-tt-accordion-item-header-button-3c11724d-b8a1-494d-92a4-db5134d186b7\" type=\"button\"><span class=\"wp-block-tt-accordion-item-header-button-text\">\u00c4r flygningarna s\u00e4kra?<\/span><span class=\"wp-block-tt-accordion-item-header-button-icon-arrow\" aria-hidden=\"true\"><svg version=\"1.1\" xmlns=\"http:\/\/www.w3.org\/2000\/svg\" width=\"24px\" height=\"24px\" viewbox=\"0 0 24 24\" aria-hidden=\"true\" focusable=\"false\"><polyline points=\"4.711,8 12,15.289 19.289,8\" stroke=\"black\" stroke-width=\"2\" fill=\"none\" \/><\/svg><\/span><\/button><\/h3><div class=\"wp-block-tt-accordion-item-panel open\" id=\"wp-block-tt-accordion-item-panel-3c11724d-b8a1-494d-92a4-db5134d186b7\" role=\"region\">\n\n<p>Ja, alla flygningar utf\u00f6rs av v\u00e4lutbildade, certifierade piloter med m\u00e5nga \u00e5rs erfarenhet. Flygplanen underh\u00e5lls enligt h\u00f6gsta s\u00e4kerhetsstandard. Vi \u00e4r stolta \u00f6ver 20 \u00e5r av olycksfri verksamhet.<\/p>\n\n<\/div><\/li>\n\n<li class=\"wp-block-tt-accordion-item wp-block-tt-accordion-item-13\"><h3 class=\"wp-block-tt-accordion-item-header\"><button class=\"wp-block-tt-accordion-item-header-button\" id=\"wp-block-tt-accordion-item-header-button-37ec2c07-ef32-4375-8689-03610c8ff865\" type=\"button\"><span class=\"wp-block-tt-accordion-item-header-button-text\">Vad \u00e4r din avbokningspolicy?<\/span><span class=\"wp-block-tt-accordion-item-header-button-icon-arrow\" aria-hidden=\"true\"><svg version=\"1.1\" xmlns=\"http:\/\/www.w3.org\/2000\/svg\" width=\"24px\" height=\"24px\" viewbox=\"0 0 24 24\" aria-hidden=\"true\" focusable=\"false\"><polyline points=\"4.711,8 12,15.289 19.289,8\" stroke=\"black\" stroke-width=\"2\" fill=\"none\" \/><\/svg><\/span><\/button><\/h3><div class=\"wp-block-tt-accordion-item-panel open\" id=\"wp-block-tt-accordion-item-panel-37ec2c07-ef32-4375-8689-03610c8ff865\" role=\"region\">\n\n<p>N\u00e4r du bokar kan du v\u00e4lja ett alternativ f\u00f6r kostnadsfri avbokning. Flyg som bokas med detta alternativ \u00e4r fullt \u00e5terbetalningsbara utan n\u00e5gra villkor.<\/p>\n\n<\/div><\/li>\n\n<li class=\"wp-block-tt-accordion-item wp-block-tt-accordion-item-14 has-background has-nv-text-dark-bg-background-color\"><h3 class=\"wp-block-tt-accordion-item-header\"><button class=\"wp-block-tt-accordion-item-header-button\" id=\"wp-block-tt-accordion-item-header-button-44d03110-a486-455b-92cd-e66b03e354c7\" type=\"button\"><span class=\"wp-block-tt-accordion-item-header-button-text\">Kan jag skr\u00e4ddarsy min flygupplevelse?<\/span><span class=\"wp-block-tt-accordion-item-header-button-icon-arrow\" aria-hidden=\"true\"><svg version=\"1.1\" xmlns=\"http:\/\/www.w3.org\/2000\/svg\" width=\"24px\" height=\"24px\" viewbox=\"0 0 24 24\" aria-hidden=\"true\" focusable=\"false\"><polyline points=\"4.711,8 12,15.289 19.289,8\" stroke=\"black\" stroke-width=\"2\" fill=\"none\" \/><\/svg><\/span><\/button><\/h3><div class=\"wp-block-tt-accordion-item-panel open\" id=\"wp-block-tt-accordion-item-panel-44d03110-a486-455b-92cd-e66b03e354c7\" role=\"region\">\n\n<p>Ja, du kan diskutera dina \u00f6nskem\u00e5l med piloten f\u00f6re flygningen, oavsett om du vill ha en lugn natursk\u00f6n upplevelse eller en mer intensiv aerobatisk session.<\/p>\n\n<\/div><\/li>\n\n<li class=\"wp-block-tt-accordion-item wp-block-tt-accordion-item-15\"><h3 class=\"wp-block-tt-accordion-item-header\"><button class=\"wp-block-tt-accordion-item-header-button\" id=\"wp-block-tt-accordion-item-header-button-4a1e9447-e8ae-4532-92d1-23b82c2df7de\" type=\"button\"><span class=\"wp-block-tt-accordion-item-header-button-text\">Hur l\u00e5ngt i f\u00f6rv\u00e4g b\u00f6r jag boka?<\/span><span class=\"wp-block-tt-accordion-item-header-button-icon-arrow\" aria-hidden=\"true\"><svg version=\"1.1\" xmlns=\"http:\/\/www.w3.org\/2000\/svg\" width=\"24px\" height=\"24px\" viewbox=\"0 0 24 24\" aria-hidden=\"true\" focusable=\"false\"><polyline points=\"4.711,8 12,15.289 19.289,8\" stroke=\"black\" stroke-width=\"2\" fill=\"none\" \/><\/svg><\/span><\/button><\/h3><div class=\"wp-block-tt-accordion-item-panel open\" id=\"wp-block-tt-accordion-item-panel-4a1e9447-e8ae-4532-92d1-23b82c2df7de\" role=\"region\">\n\n<p>Vi hedrar bokade flygpriser i 2 \u00e5r. Eftersom flygpriserna tenderar att g\u00e5 upp rekommenderar vi att du bokar s\u00e5 snart du har best\u00e4mt dig f\u00f6r att ta ett flyg och pris. Speciellt under h\u00f6gs\u00e4song rekommenderar vi ocks\u00e5 att du bokar ditt datum s\u00e5 tidigt som m\u00f6jligt f\u00f6r att s\u00e4kra ditt \u00f6nskade datum.<\/p>\n\n<\/div><\/li>\n\n<li class=\"wp-block-tt-accordion-item wp-block-tt-accordion-item-16 has-background has-nv-text-dark-bg-background-color\"><h3 class=\"wp-block-tt-accordion-item-header\"><button class=\"wp-block-tt-accordion-item-header-button\" id=\"wp-block-tt-accordion-item-header-button-b302f476-7433-4ab5-8008-812cd9ab28f4\" type=\"button\"><span class=\"wp-block-tt-accordion-item-header-button-text\">Finns det n\u00e5gra dolda kostnader?<\/span><span class=\"wp-block-tt-accordion-item-header-button-icon-arrow\" aria-hidden=\"true\"><svg version=\"1.1\" xmlns=\"http:\/\/www.w3.org\/2000\/svg\" width=\"24px\" height=\"24px\" viewbox=\"0 0 24 24\" aria-hidden=\"true\" focusable=\"false\"><polyline points=\"4.711,8 12,15.289 19.289,8\" stroke=\"black\" stroke-width=\"2\" fill=\"none\" \/><\/svg><\/span><\/button><\/h3><div class=\"wp-block-tt-accordion-item-panel open\" id=\"wp-block-tt-accordion-item-panel-b302f476-7433-4ab5-8008-812cd9ab28f4\" role=\"region\">\n\n<p>Nej, priset du ser \u00e4r all-inclusive. Valfria till\u00e4gg som extra flygtid eller videopaket kommer att anges tydligt.<\/p>\n\n<\/div><\/li>\n\n<li class=\"wp-block-tt-accordion-item wp-block-tt-accordion-item-17\"><h3 class=\"wp-block-tt-accordion-item-header\"><button class=\"wp-block-tt-accordion-item-header-button\" id=\"wp-block-tt-accordion-item-header-button-42943b08-0ad9-4ef0-8932-7bd2b106ba6c\" type=\"button\"><span class=\"wp-block-tt-accordion-item-header-button-text\">Jag \u00e4r en B2B-organisation och skulle vilja samarbeta med er<\/span><span class=\"wp-block-tt-accordion-item-header-button-icon-arrow\" aria-hidden=\"true\"><svg version=\"1.1\" xmlns=\"http:\/\/www.w3.org\/2000\/svg\" width=\"24px\" height=\"24px\" viewbox=\"0 0 24 24\" aria-hidden=\"true\" focusable=\"false\"><polyline points=\"4.711,8 12,15.289 19.289,8\" stroke=\"black\" stroke-width=\"2\" fill=\"none\" \/><\/svg><\/span><\/button><\/h3><div class=\"wp-block-tt-accordion-item-panel open\" id=\"wp-block-tt-accordion-item-panel-42943b08-0ad9-4ef0-8932-7bd2b106ba6c\" role=\"region\">\n\n<p>Vi har en intressant modell f\u00f6r remittering. H\u00f6r av dig f\u00f6r att diskutera.<\/p>\n\n<\/div><\/li>\n<\/ul><\/div><\/div>\n<\/div>\n<\/div>\n<\/div><\/div>\n\n\n\n<p><\/p>","protected":false},"excerpt":{"rendered":"","protected":false},"author":1,"featured_media":0,"parent":0,"menu_order":0,"comment_status":"closed","ping_status":"closed","template":"","meta":{"neve_meta_sidebar":"","neve_meta_container":"","neve_meta_enable_content_width":"","neve_meta_content_width":0,"neve_meta_title_alignment":"","neve_meta_author_avatar":"","neve_post_elements_order":"","neve_meta_disable_header":"","neve_meta_disable_footer":"","neve_meta_disable_title":"","footnotes":""},"class_list":["post-972","page","type-page","status-publish","hentry"],"_links":{"self":[{"href":"https:\/\/fighter-jet-rides.com\/sv\/wp-json\/wp\/v2\/pages\/972","targetHints":{"allow":["GET"]}}],"collection":[{"href":"https:\/\/fighter-jet-rides.com\/sv\/wp-json\/wp\/v2\/pages"}],"about":[{"href":"https:\/\/fighter-jet-rides.com\/sv\/wp-json\/wp\/v2\/types\/page"}],"author":[{"embeddable":true,"href":"https:\/\/fighter-jet-rides.com\/sv\/wp-json\/wp\/v2\/users\/1"}],"replies":[{"embeddable":true,"href":"https:\/\/fighter-jet-rides.com\/sv\/wp-json\/wp\/v2\/comments?post=972"}],"version-history":[{"count":8,"href":"https:\/\/fighter-jet-rides.com\/sv\/wp-json\/wp\/v2\/pages\/972\/revisions"}],"predecessor-version":[{"id":1009,"href":"https:\/\/fighter-jet-rides.com\/sv\/wp-json\/wp\/v2\/pages\/972\/revisions\/1009"}],"wp:attachment":[{"href":"https:\/\/fighter-jet-rides.com\/sv\/wp-json\/wp\/v2\/media?parent=972"}],"curies":[{"name":"wp","href":"https:\/\/api.w.org\/{rel}","templated":true}]}}