{"id":750,"date":"2024-12-23T21:07:12","date_gmt":"2024-12-23T21:07:12","guid":{"rendered":"https:\/\/fighter-jet-rides.com\/?page_id=750"},"modified":"2024-12-23T21:07:12","modified_gmt":"2024-12-23T21:07:12","slug":"fly-mb-326-italy-reggio-emilia-2","status":"publish","type":"page","link":"https:\/\/fighter-jet-rides.com\/tr\/fly-mb-326-i%cc%87talya-reggio-emilia-2\/","title":{"rendered":"FK Konteyner Testi"},"content":{"rendered":"<section class=\"wp-block-cover alignfull custom-divider\" style=\"min-height:625px;aspect-ratio:unset;\"><span aria-hidden=\"true\" class=\"wp-block-cover__background has-nv-dark-bg-background-color has-background-dim-60 has-background-dim\"><\/span><img loading=\"lazy\" decoding=\"async\" width=\"1280\" height=\"855\" class=\"wp-block-cover__image-background wp-image-523\" alt=\"\" src=\"https:\/\/fighter-jet-rides.com\/wp-content\/uploads\/2024\/12\/6-2.jpeg\" data-object-fit=\"cover\" srcset=\"https:\/\/fighter-jet-rides.com\/wp-content\/uploads\/2024\/12\/6-2.jpeg 1280w, https:\/\/fighter-jet-rides.com\/wp-content\/uploads\/2024\/12\/6-2-300x200.jpeg 300w, https:\/\/fighter-jet-rides.com\/wp-content\/uploads\/2024\/12\/6-2-1024x684.jpeg 1024w, https:\/\/fighter-jet-rides.com\/wp-content\/uploads\/2024\/12\/6-2-768x513.jpeg 768w, https:\/\/fighter-jet-rides.com\/wp-content\/uploads\/2024\/12\/6-2-18x12.jpeg 18w, https:\/\/fighter-jet-rides.com\/wp-content\/uploads\/2024\/12\/6-2-930x620.jpeg 930w\" sizes=\"auto, (max-width: 1280px) 100vw, 1280px\" \/><div class=\"wp-block-cover__inner-container is-layout-constrained wp-block-cover-is-layout-constrained\">\n<div class=\"wp-block-columns are-vertically-aligned-center is-layout-flex wp-container-core-columns-is-layout-9d6595d7 wp-block-columns-is-layout-flex\">\n<div class=\"wp-block-column is-vertically-aligned-center is-layout-flow wp-block-column-is-layout-flow\">\n<h1 class=\"wp-block-heading has-text-align-center scribble-underline-clip\" style=\"font-style:normal;font-weight:500\">U\u00e7mak <mark style=\"background-color:rgba(0, 0, 0, 0)\" class=\"has-inline-color has-neve-link-hover-color-color\">MB-326 Jet<\/mark><br>Reggio Emilia'n\u0131n Yuvarlanan Tepeleri \u00dczerinde<\/h1>\n\n\n\n<div class=\"wp-block-buttons has-custom-font-size has-small-font-size is-content-justification-center is-layout-flex wp-container-core-buttons-is-layout-16018d1d wp-block-buttons-is-layout-flex\">\n<div class=\"wp-block-button has-custom-font-size is-style-default\" style=\"font-size:16px\"><a class=\"wp-block-button__link has-nv-dark-bg-color has-nv-text-dark-bg-background-color has-text-color has-background has-link-color wp-element-button\" href=\"#start\">Daha fazla bilgi edin<\/a><\/div>\n\n\n\n<div class=\"wp-block-button has-custom-font-size is-style-secondary\" style=\"font-size:16px\"><a class=\"wp-block-button__link has-nv-text-dark-bg-color has-neve-link-hover-color-background-color has-text-color has-background has-link-color wp-element-button\" href=\"#calendar\">\u015eimdi Rezervasyon Yap\u0131n<\/a><\/div>\n<\/div>\n<\/div>\n<\/div>\n<\/div><\/section>\n\n\n\n<div class=\"wp-block-cover alignfull\" style=\"padding-top:0;padding-right:var(--wp--preset--spacing--40);padding-bottom:0;padding-left:var(--wp--preset--spacing--40);min-height:716px;aspect-ratio:unset;\" id=\"start\"><span aria-hidden=\"true\" class=\"wp-block-cover__background has-nv-site-bg-background-color has-background-dim-100 has-background-dim\"><\/span><div class=\"wp-block-cover__inner-container is-layout-flow wp-block-cover-is-layout-flow\">\n<div class=\"wp-block-columns are-vertically-aligned-center has-neve-text-color-color has-text-color has-link-color wp-elements-b39cda9dc679b35d40a2b07332816b50 is-layout-flex wp-container-core-columns-is-layout-9d6595d7 wp-block-columns-is-layout-flex\">\n<div class=\"wp-block-column is-vertically-aligned-center is-layout-flow wp-block-column-is-layout-flow\" style=\"padding-top:0;padding-right:0;padding-bottom:0;padding-left:0;flex-basis:50%\">\n<figure class=\"wp-block-image size-full\"><img loading=\"lazy\" decoding=\"async\" width=\"900\" height=\"700\" src=\"https:\/\/fighter-jet-rides.com\/wp-content\/uploads\/2024\/12\/2-4.jpeg\" alt=\"\" class=\"wp-image-519\" srcset=\"https:\/\/fighter-jet-rides.com\/wp-content\/uploads\/2024\/12\/2-4.jpeg 900w, https:\/\/fighter-jet-rides.com\/wp-content\/uploads\/2024\/12\/2-4-300x233.jpeg 300w, https:\/\/fighter-jet-rides.com\/wp-content\/uploads\/2024\/12\/2-4-768x597.jpeg 768w, https:\/\/fighter-jet-rides.com\/wp-content\/uploads\/2024\/12\/2-4-15x12.jpeg 15w\" sizes=\"auto, (max-width: 900px) 100vw, 900px\" \/><\/figure>\n<\/div>\n\n\n\n<div class=\"wp-block-column is-vertically-aligned-center ticss-c703b306 is-layout-flow wp-block-column-is-layout-flow\" style=\"padding-top:0;padding-right:0;padding-bottom:0;padding-left:0;flex-basis:50%\">\n<div class=\"wp-block-group\" style=\"border-radius:16px\"><div class=\"wp-block-group__inner-container is-layout-constrained wp-block-group-is-layout-constrained\">\n<div style=\"height:0px\" aria-hidden=\"true\" class=\"wp-block-spacer\"><\/div>\n\n\n\n<p class=\"big-number has-nv-light-bg-color has-text-color has-link-color wp-elements-6fdb8f87016abe7b6bdd33e54773a620\" style=\"font-size:220px\"><strong>01<\/strong><\/p>\n\n\n\n<h2 class=\"wp-block-heading has-text-align-left\">Bu Deneyim Hakk\u0131nda<\/h2>\n\n\n\n<ul class=\"wp-block-list\">\n<li>Efsanevi u\u00e7a\u011f\u0131n kokpitine girin&nbsp;<strong>MB-326<\/strong>, ger\u00e7ek bir sava\u015f u\u00e7a\u011f\u0131.<\/li>\n\n\n\n<li>Hem g\u00fcvenli\u011fi hem de heyecan\u0131 garantileyen deneyimli, uzman pilotlarla u\u00e7un.<\/li>\n\n\n\n<li>D\u00f6ng\u00fc, d\u00f6n\u00fc\u015f ve dal\u0131\u015f gibi akrobasi manevralar\u0131yla adrenalini hissedin.<\/li>\n\n\n\n<li>Dolomitler ve Garda G\u00f6l\u00fc'n\u00fcn e\u015fsiz manzaras\u0131n\u0131 \u00e7ok az ki\u015finin g\u00f6rebilece\u011fi bir perspektiften seyredin.<\/li>\n\n\n\n<li>Havac\u0131l\u0131k merakl\u0131lar\u0131 ve heyecan arayanlar i\u00e7in m\u00fckemmel, tamamen s\u00fcr\u00fckleyici bir maceran\u0131n tad\u0131n\u0131 \u00e7\u0131kar\u0131n<\/li>\n<\/ul>\n\n\n\n<p class=\"has-text-align-left\"><\/p>\n<\/div><\/div>\n<\/div>\n<\/div>\n<\/div><\/div>\n\n\n\n<div class=\"wp-block-cover alignfull wp-elements-92d96f85a3aaa36ce149836cc41d964f\" style=\"padding-top:var(--wp--preset--spacing--40);padding-right:var(--wp--preset--spacing--40);padding-bottom:var(--wp--preset--spacing--40);padding-left:var(--wp--preset--spacing--40)\"><span aria-hidden=\"true\" class=\"wp-block-cover__background has-nv-dark-bg-background-color has-background-dim-100 has-background-dim\"><\/span><div class=\"wp-block-cover__inner-container is-layout-flow wp-block-cover-is-layout-flow\">\n<div class=\"wp-block-columns is-layout-flex wp-container-core-columns-is-layout-9d6595d7 wp-block-columns-is-layout-flex\">\n<div class=\"wp-block-column is-layout-flow wp-block-column-is-layout-flow\" style=\"flex-basis:100%\">\n<div class=\"wp-block-group is-vertical is-content-justification-center is-layout-flex wp-container-core-group-is-layout-4b2eccd6 wp-block-group-is-layout-flex\">\n<p class=\"big-number has-neve-text-color-color has-text-color has-link-color wp-elements-7c40eab8282ed2a92a27cef4092d33a5\" style=\"font-size:220px\"><strong>02<\/strong><\/p>\n\n\n\n<h2 class=\"wp-block-heading has-text-align-center has-nv-light-bg-color has-text-color has-link-color wp-elements-b3279224177aa33df00510c787e0219c\">Deneyiminiz \u015funlar\u0131 i\u00e7erir:<\/h2>\n\n\n\n<p class=\"has-text-align-center has-nv-site-bg-color has-text-color has-link-color wp-elements-fba89b250296a7b78678a3d58e46f9e7\">Bu deneyimin baz\u0131 \u00f6nemli noktalar\u0131:<\/p>\n\n\n\n<div style=\"height:0px\" aria-hidden=\"true\" class=\"wp-block-spacer wp-container-content-f9bd05ee\"><\/div>\n<\/div>\n<\/div>\n<\/div>\n\n\n\n<div class=\"wp-block-columns are-vertically-aligned-top is-layout-flex wp-container-core-columns-is-layout-9d6595d7 wp-block-columns-is-layout-flex\">\n<div class=\"wp-block-column is-vertically-aligned-top is-layout-flow wp-block-column-is-layout-flow\">\n<div class=\"wp-block-group has-nv-site-bg-background-color has-background\" style=\"border-radius:0px;border-bottom-color:#008814;border-bottom-width:8px;padding-top:var(--wp--preset--spacing--40);padding-right:var(--wp--preset--spacing--40);padding-bottom:var(--wp--preset--spacing--40);padding-left:var(--wp--preset--spacing--40)\"><div class=\"wp-block-group__inner-container is-layout-constrained wp-container-core-group-is-layout-65a08581 wp-block-group-is-layout-constrained\"><div class=\"wp-block-image\">\n<figure class=\"aligncenter size-full is-resized\"><img loading=\"lazy\" decoding=\"async\" width=\"512\" height=\"512\" src=\"https:\/\/dev.fktc.ch\/fjr\/wp-content\/uploads\/2024\/12\/air-force.png\" alt=\"\" class=\"wp-image-45\" style=\"width:auto;height:100px\" srcset=\"https:\/\/fighter-jet-rides.com\/wp-content\/uploads\/2024\/12\/air-force.png 512w, https:\/\/fighter-jet-rides.com\/wp-content\/uploads\/2024\/12\/air-force-300x300.png 300w, https:\/\/fighter-jet-rides.com\/wp-content\/uploads\/2024\/12\/air-force-150x150.png 150w\" sizes=\"auto, (max-width: 512px) 100vw, 512px\" \/><\/figure>\n<\/div>\n\n\n<h3 class=\"wp-block-heading has-text-align-center\">Heyecan Verici Sava\u015f U\u00e7a\u011f\u0131 U\u00e7u\u015fu<\/h3>\n\n\n\n<p class=\"has-text-align-center has-neve-text-color-color has-text-color has-link-color wp-elements-de0891fcd091d8b033aebb99df6140db\">Efsanevi MB-326 ile havalan\u0131rken adrenalin patlamas\u0131n\u0131 hissedin. En \u00fcst d\u00fczey sava\u015f u\u00e7a\u011f\u0131 maceras\u0131 i\u00e7in y\u00fcksek h\u0131zl\u0131 manevralar\u0131, d\u00f6n\u00fc\u015fleri ve taklalar\u0131 deneyimleyin.<\/p>\n<\/div><\/div>\n<\/div>\n\n\n\n<div class=\"wp-block-column is-vertically-aligned-top is-layout-flow wp-block-column-is-layout-flow\">\n<div class=\"wp-block-group has-nv-site-bg-background-color has-background\" style=\"border-radius:0px;border-bottom-color:var(--wp--preset--color--nv-text-dark-bg);border-bottom-width:8px;padding-top:var(--wp--preset--spacing--40);padding-right:var(--wp--preset--spacing--40);padding-bottom:var(--wp--preset--spacing--40);padding-left:var(--wp--preset--spacing--40)\"><div class=\"wp-block-group__inner-container is-layout-constrained wp-container-core-group-is-layout-65a08581 wp-block-group-is-layout-constrained\"><div class=\"wp-block-image\">\n<figure class=\"aligncenter size-full is-resized\"><img loading=\"lazy\" decoding=\"async\" width=\"512\" height=\"512\" src=\"https:\/\/dev.fktc.ch\/fjr\/wp-content\/uploads\/2024\/12\/air-force-1.png\" alt=\"\" class=\"wp-image-46\" style=\"width:auto;height:100px\" srcset=\"https:\/\/fighter-jet-rides.com\/wp-content\/uploads\/2024\/12\/air-force-1.png 512w, https:\/\/fighter-jet-rides.com\/wp-content\/uploads\/2024\/12\/air-force-1-300x300.png 300w, https:\/\/fighter-jet-rides.com\/wp-content\/uploads\/2024\/12\/air-force-1-150x150.png 150w\" sizes=\"auto, (max-width: 512px) 100vw, 512px\" \/><\/figure>\n<\/div>\n\n\n<h3 class=\"wp-block-heading has-text-align-center\">Uzman Pilotlar\u0131n Rehberli\u011fi<\/h3>\n\n\n\n<p class=\"has-text-align-center has-neve-text-color-color has-text-color has-link-color wp-elements-a8fc44c776f03b54d3b07ad81b897361\">Unutulmaz bir yolculuk sunarken g\u00fcvenli\u011finizi sa\u011flayan deneyimli profesyonellerle u\u00e7un. Deneyimi heyecan seviyenize g\u00f6re uyarlayarak hem ilk kez u\u00e7anlar hem de cesurlar i\u00e7in m\u00fckemmel hale getirirler.<\/p>\n<\/div><\/div>\n<\/div>\n\n\n\n<div class=\"wp-block-column is-vertically-aligned-top is-layout-flow wp-block-column-is-layout-flow\">\n<div class=\"wp-block-group has-nv-site-bg-background-color has-background\" style=\"border-radius:0px;border-bottom-color:var(--wp--preset--color--neve-link-hover-color);border-bottom-width:8px;padding-top:var(--wp--preset--spacing--40);padding-right:var(--wp--preset--spacing--40);padding-bottom:var(--wp--preset--spacing--40);padding-left:var(--wp--preset--spacing--40)\"><div class=\"wp-block-group__inner-container is-layout-constrained wp-container-core-group-is-layout-65a08581 wp-block-group-is-layout-constrained\"><div class=\"wp-block-image\">\n<figure class=\"aligncenter size-full is-resized\"><img loading=\"lazy\" decoding=\"async\" width=\"512\" height=\"512\" src=\"https:\/\/fighter-jet-rides.com\/wp-content\/uploads\/2024\/12\/beach-1.png\" alt=\"\" class=\"wp-image-665\" style=\"width:auto;height:100px\" srcset=\"https:\/\/fighter-jet-rides.com\/wp-content\/uploads\/2024\/12\/beach-1.png 512w, https:\/\/fighter-jet-rides.com\/wp-content\/uploads\/2024\/12\/beach-1-300x300.png 300w, https:\/\/fighter-jet-rides.com\/wp-content\/uploads\/2024\/12\/beach-1-150x150.png 150w, https:\/\/fighter-jet-rides.com\/wp-content\/uploads\/2024\/12\/beach-1-12x12.png 12w\" sizes=\"auto, (max-width: 512px) 100vw, 512px\" \/><\/figure>\n<\/div>\n\n\n<h3 class=\"wp-block-heading has-text-align-center\">\u00dcz\u00fcm Ba\u011flar\u0131 ve Tarih<\/h3>\n\n\n\n<p class=\"has-text-align-center has-neve-text-color-color has-text-color has-link-color wp-elements-b76a64ecb50961e4c0bb2233f1a983c9\">U\u00e7suz bucaks\u0131z \u00fcz\u00fcm ba\u011flar\u0131n\u0131n, tarihi kasabalar\u0131n ve yemye\u015fil do\u011fan\u0131n \u00e7arp\u0131c\u0131 bir panorama olu\u015fturdu\u011fu Reggio Emilia'n\u0131n ini\u015fli \u00e7\u0131k\u0131\u015fl\u0131 tepeleri ve canl\u0131 k\u0131rsal\u0131 \u00fczerinde heyecan verici bir MB-326 jet u\u00e7u\u015fu yap\u0131n. Bu pitoresk b\u00f6lgenin \u00fczerinde s\u00fcz\u00fclmenin heyecan\u0131n\u0131 ya\u015fay\u0131n ve g\u00fczelli\u011fini nefes kesici bir hava perspektifinden ortaya \u00e7\u0131kar\u0131n.<\/p>\n<\/div><\/div>\n<\/div>\n<\/div>\n<\/div><\/div>\n\n\n\n<div class=\"wp-block-cover alignfull\" style=\"padding-top:var(--wp--preset--spacing--80);padding-right:var(--wp--preset--spacing--50);padding-bottom:var(--wp--preset--spacing--80);padding-left:var(--wp--preset--spacing--50)\"><span aria-hidden=\"true\" class=\"wp-block-cover__background has-nv-light-bg-background-color has-background-dim-100 has-background-dim\"><\/span><div class=\"wp-block-cover__inner-container is-layout-flow wp-block-cover-is-layout-flow\">\n<div class=\"wp-block-columns has-neve-text-color-color has-text-color has-link-color wp-elements-10ecfd1daabebde769a7cacad7ccc5f1 is-layout-flex wp-container-core-columns-is-layout-9d6595d7 wp-block-columns-is-layout-flex\">\n<div class=\"wp-block-column is-vertically-aligned-top is-layout-flow wp-block-column-is-layout-flow\">\n<p class=\"big-number has-nv-site-bg-color has-text-color has-link-color wp-elements-37aaf5bfc1f5577de73b508095c061d7\" style=\"font-size:220px\"><strong>04<\/strong><\/p>\n\n\n\n<h2 class=\"wp-block-heading\">Senin G\u00fcn\u00fcn<\/h2>\n\n\n\n<p>Sava\u015f u\u00e7a\u011f\u0131 deneyiminiz, u\u00e7u\u015f \u00f6ncesi brifing i\u00e7in pilotunuzla bulu\u015fman\u0131z\u0131, Reggio Emilia tepeleri \u00fczerinde akrobasi manevralar\u0131 ile heyecan verici bir u\u00e7u\u015fu ve kontrolleri ele alma \u015fans\u0131n\u0131, ard\u0131ndan ikramlar\u0131, jet ile foto\u011fraflar\u0131 ve pilotunuzla iste\u011fe ba\u011fl\u0131 u\u00e7u\u015f sonras\u0131 zaman\u0131 i\u00e7erir.<\/p>\n\n\n\n<figure class=\"wp-block-image size-full\"><img loading=\"lazy\" decoding=\"async\" width=\"960\" height=\"704\" src=\"https:\/\/fighter-jet-rides.com\/wp-content\/uploads\/2024\/12\/8-4.jpg\" alt=\"\" class=\"wp-image-720\" srcset=\"https:\/\/fighter-jet-rides.com\/wp-content\/uploads\/2024\/12\/8-4.jpg 960w, https:\/\/fighter-jet-rides.com\/wp-content\/uploads\/2024\/12\/8-4-300x220.jpg 300w, https:\/\/fighter-jet-rides.com\/wp-content\/uploads\/2024\/12\/8-4-768x563.jpg 768w, https:\/\/fighter-jet-rides.com\/wp-content\/uploads\/2024\/12\/8-4-16x12.jpg 16w\" sizes=\"auto, (max-width: 960px) 100vw, 960px\" \/><\/figure>\n<\/div>\n\n\n\n<div class=\"wp-block-column is-layout-flow wp-block-column-is-layout-flow\">\n<div class=\"wp-block-group has-nv-site-bg-background-color has-background\" style=\"border-left-color:#008814;border-left-width:8px;padding-top:var(--wp--preset--spacing--60);padding-right:var(--wp--preset--spacing--50);padding-bottom:var(--wp--preset--spacing--30);padding-left:var(--wp--preset--spacing--50)\"><div class=\"wp-block-group__inner-container is-layout-constrained wp-container-core-group-is-layout-68dbf2b9 wp-block-group-is-layout-constrained\">\n<h3 class=\"wp-block-heading\">01 \u2013 Var\u0131\u015f<\/h3>\n\n\n\n<p>Havaalan\u0131na vard\u0131\u011f\u0131n\u0131zda pilotunuzla havaliman\u0131n\u0131n brifing odas\u0131nda bulu\u015facaks\u0131n\u0131z.<\/p>\n<\/div><\/div>\n\n\n\n<div class=\"wp-block-group has-nv-site-bg-background-color has-background\" style=\"border-left-color:#ffffff;border-left-width:8px;padding-top:var(--wp--preset--spacing--60);padding-right:var(--wp--preset--spacing--50);padding-bottom:var(--wp--preset--spacing--30);padding-left:var(--wp--preset--spacing--50)\"><div class=\"wp-block-group__inner-container is-layout-constrained wp-container-core-group-is-layout-68dbf2b9 wp-block-group-is-layout-constrained\">\n<h3 class=\"wp-block-heading\">02 \u2013 Brifing<\/h3>\n\n\n\n<p>Teknisyenler jete yak\u0131t doldurup u\u00e7a\u011f\u0131 haz\u0131rlarken, pilot sizinle birlikte planlanan u\u00e7u\u015f program\u0131n\u0131 inceleyecek ve akl\u0131n\u0131za tak\u0131lan t\u00fcm sorular\u0131 cevaplayacakt\u0131r.<\/p>\n<\/div><\/div>\n\n\n\n<div class=\"wp-block-group has-nv-site-bg-background-color has-background\" style=\"border-left-color:var(--wp--preset--color--neve-link-hover-color);border-left-width:8px;padding-top:var(--wp--preset--spacing--60);padding-right:var(--wp--preset--spacing--50);padding-bottom:var(--wp--preset--spacing--30);padding-left:var(--wp--preset--spacing--50)\"><div class=\"wp-block-group__inner-container is-layout-constrained wp-container-core-group-is-layout-68dbf2b9 wp-block-group-is-layout-constrained\">\n<h3 class=\"wp-block-heading\">03 \u2013 U\u00e7u\u015f<\/h3>\n\n\n\n<p>Havalanacak ve Reggio Emilia'n\u0131n pitoresk tepeleri \u00fczerinde u\u00e7acaks\u0131n\u0131z. Program heyecan verici taklalar, d\u00f6ng\u00fcler, dal\u0131\u015flar ve d\u00f6n\u00fc\u015fler i\u00e7eriyor - ve hatta MB-326 jetinin kontrol\u00fcn\u00fc kendiniz alma \u015fans\u0131na sahip olacaks\u0131n\u0131z. Hava trafi\u011fine ba\u011fl\u0131 olarak, \u00e7arp\u0131c\u0131 k\u0131rsal alan \u00fczerinde y\u00fcksek h\u0131zl\u0131 bir al\u00e7ak ge\u00e7i\u015fin heyecan\u0131n\u0131 da ya\u015fayabilirsiniz!<\/p>\n<\/div><\/div>\n\n\n\n<div class=\"wp-block-group has-nv-site-bg-background-color has-background\" style=\"border-left-color:var(--wp--preset--color--nv-dark-bg);border-left-width:8px;padding-top:var(--wp--preset--spacing--60);padding-right:var(--wp--preset--spacing--50);padding-bottom:var(--wp--preset--spacing--30);padding-left:var(--wp--preset--spacing--50)\"><div class=\"wp-block-group__inner-container is-layout-constrained wp-container-core-group-is-layout-68dbf2b9 wp-block-group-is-layout-constrained\">\n<h3 class=\"wp-block-heading\">04 \u2013 Bilgilendirme<\/h3>\n\n\n\n<p>U\u00e7u\u015ftan sonra u\u00e7a\u011f\u0131n \u00f6n\u00fcnde bir i\u00e7ecek ve selfie \u00e7ekme \u015fans\u0131n\u0131z olacak. Zaman\u0131n\u0131z varsa, pilotunuz sizinle biraz daha vakit ge\u00e7irmekten ve sizi yerel restorana kadar g\u00f6t\u00fcrmekten mutluluk duyacakt\u0131r.<\/p>\n<\/div><\/div>\n<\/div>\n<\/div>\n<\/div><\/div>\n\n\n\n<div class=\"wp-block-cover alignfull\" style=\"padding-top:var(--wp--preset--spacing--80);padding-right:var(--wp--preset--spacing--50);padding-bottom:var(--wp--preset--spacing--80);padding-left:var(--wp--preset--spacing--50)\"><span aria-hidden=\"true\" class=\"wp-block-cover__background has-nv-dark-bg-background-color has-background-dim-100 has-background-dim\"><\/span><div class=\"wp-block-cover__inner-container is-layout-flow wp-block-cover-is-layout-flow\">\n<div class=\"wp-block-columns has-neve-text-color-color has-text-color has-link-color wp-elements-e625a26a42392fc417683a8e7145ba26 is-layout-flex wp-container-core-columns-is-layout-9d6595d7 wp-block-columns-is-layout-flex\">\n<div class=\"wp-block-column is-vertically-aligned-top is-layout-flow wp-block-column-is-layout-flow\">\n<p class=\"has-text-align-center big-number has-neve-text-color-color has-text-color has-link-color wp-elements-8b28edcdb6d96a7bde63073eb63cca00\" style=\"font-size:220px\"><strong>05<\/strong><\/p>\n\n\n\n<h2 class=\"wp-block-heading has-text-align-center has-nv-light-bg-color has-text-color has-link-color wp-elements-0a4d946587775a2209fc0b9a4906f27e\">Oraya Ula\u015fmak<\/h2>\n\n\n\n<p class=\"has-text-align-center has-nv-light-bg-color has-text-color has-link-color wp-elements-26276d4f0bdb045223ce2c8670e7ed86\"><br><br>Reggio Emilia'y\u0131 Milano, Bologna ve Floransa gibi b\u00fcy\u00fck \u015fehirlere ba\u011flayan y\u00fcksek h\u0131zl\u0131 tren ba\u011flant\u0131lar\u0131 sayesinde Reggio Emilia'ya \u0130talya i\u00e7inden trenle kolayca ula\u015f\u0131labilir. Uluslararas\u0131 seyahat edenler i\u00e7in Bologna (BLQ), Milano (MXP) veya Floransa'daki (FLR) yak\u0131n havalimanlar\u0131, bu b\u00fcy\u00fcleyici destinasyona ula\u015fmak i\u00e7in tren veya araba ile ileriye do\u011fru seyahat ederek uygun se\u00e7enekler sunar.<\/p>\n<\/div>\n<\/div>\n<\/div><\/div>\n\n\n\n<div class=\"wp-block-cover alignfull\" style=\"padding-top:var(--wp--preset--spacing--80);padding-right:var(--wp--preset--spacing--50);padding-bottom:var(--wp--preset--spacing--80);padding-left:var(--wp--preset--spacing--50)\"><span aria-hidden=\"true\" class=\"wp-block-cover__background has-nv-light-bg-background-color has-background-dim-100 has-background-dim\"><\/span><div class=\"wp-block-cover__inner-container is-layout-flow wp-block-cover-is-layout-flow\">\n<div class=\"wp-block-columns has-neve-text-color-color has-text-color has-link-color wp-elements-70e062aef5a18794305d39810d1c9f1d is-layout-flex wp-container-core-columns-is-layout-9d6595d7 wp-block-columns-is-layout-flex\">\n<div class=\"wp-block-column is-vertically-aligned-top is-layout-flow wp-block-column-is-layout-flow\">\n<p class=\"has-text-align-center big-number has-nv-site-bg-color has-text-color has-link-color wp-elements-b1acbaf334e5e8065ff18a7021d692b3\" id=\"calendar\" style=\"font-size:220px\"><strong>06<\/strong><\/p>\n\n\n\n<h2 class=\"wp-block-heading has-text-align-center\">Kullan\u0131labilirlik<\/h2>\n\n\n\n<p class=\"has-text-align-center\">Mevcut olup olmad\u0131\u011f\u0131n\u0131 kontrol edin ve <strong><mark style=\"background-color:var(--nv-site-bg)\" class=\"has-inline-color has-nv-dark-bg-color\">Rezervasyona ba\u015flamak i\u00e7in herhangi bir tarihi t\u0131klay\u0131n<\/mark><\/strong><\/p>\n<\/div>\n<\/div>\n<\/div><\/div>\n\n\n\n<section class=\"wp-block-cover alignfull\" style=\"padding-top:var(--wp--preset--spacing--80);padding-right:var(--wp--preset--spacing--40);padding-bottom:var(--wp--preset--spacing--80);padding-left:var(--wp--preset--spacing--40)\"><span aria-hidden=\"true\" class=\"wp-block-cover__background has-nv-dark-bg-background-color has-background-dim-80 has-background-dim\"><\/span><img loading=\"lazy\" decoding=\"async\" width=\"1707\" height=\"2560\" class=\"wp-block-cover__image-background wp-image-721\" alt=\"\" src=\"https:\/\/fighter-jet-rides.com\/wp-content\/uploads\/2024\/12\/pexels-dantemunozphoto-28821755-scaled.jpg\" data-object-fit=\"cover\" srcset=\"https:\/\/fighter-jet-rides.com\/wp-content\/uploads\/2024\/12\/pexels-dantemunozphoto-28821755-scaled.jpg 1707w, https:\/\/fighter-jet-rides.com\/wp-content\/uploads\/2024\/12\/pexels-dantemunozphoto-28821755-200x300.jpg 200w, https:\/\/fighter-jet-rides.com\/wp-content\/uploads\/2024\/12\/pexels-dantemunozphoto-28821755-683x1024.jpg 683w, https:\/\/fighter-jet-rides.com\/wp-content\/uploads\/2024\/12\/pexels-dantemunozphoto-28821755-768x1152.jpg 768w, https:\/\/fighter-jet-rides.com\/wp-content\/uploads\/2024\/12\/pexels-dantemunozphoto-28821755-1024x1536.jpg 1024w, https:\/\/fighter-jet-rides.com\/wp-content\/uploads\/2024\/12\/pexels-dantemunozphoto-28821755-1365x2048.jpg 1365w, https:\/\/fighter-jet-rides.com\/wp-content\/uploads\/2024\/12\/pexels-dantemunozphoto-28821755-8x12.jpg 8w\" sizes=\"auto, (max-width: 1707px) 100vw, 1707px\" \/><div class=\"wp-block-cover__inner-container is-layout-constrained wp-container-core-cover-is-layout-cd625289 wp-block-cover-is-layout-constrained\">\n<div class=\"wp-block-columns are-vertically-aligned-center is-layout-flex wp-container-core-columns-is-layout-9d6595d7 wp-block-columns-is-layout-flex\">\n<div class=\"wp-block-column is-vertically-aligned-center is-layout-flow wp-block-column-is-layout-flow\">\n<div class=\"wp-block-group has-nv-text-dark-bg-color has-text-color has-link-color wp-elements-03820e42c80cdd1e1033d8f1151ab950\"><div class=\"wp-block-group__inner-container is-layout-flow wp-block-group-is-layout-flow\">\n<p class=\"has-text-align-center big-number has-text-color has-link-color wp-elements-2a6a51a85a796ce6eea6527b9bcd760e\" style=\"color:#ffffff1c;font-size:220px\"><strong>07<\/strong><\/p>\n\n\n\n<h2 class=\"wp-block-heading has-text-align-center\">Referanslar<\/h2>\n\n\n\n<div style=\"height:80px\" aria-hidden=\"true\" class=\"wp-block-spacer\"><\/div>\n<\/div><\/div>\n<\/div>\n<\/div>\n\n\n\n<div class=\"wp-block-columns has-nv-text-dark-bg-color has-text-color has-link-color wp-elements-955030d057d1dfb66e68f9600b4d55ae is-layout-flex wp-container-core-columns-is-layout-9d6595d7 wp-block-columns-is-layout-flex\">\n<div class=\"wp-block-column has-neve-text-color-color has-nv-site-bg-background-color has-text-color has-background has-link-color wp-elements-7be3b7bb6d119be226467c6f9a189447 is-layout-flow wp-block-column-is-layout-flow\" style=\"border-bottom-color:#008814;border-bottom-width:8px;padding-top:var(--wp--preset--spacing--70);padding-right:var(--wp--preset--spacing--50);padding-bottom:var(--wp--preset--spacing--70);padding-left:var(--wp--preset--spacing--50)\"><div class=\"wp-block-image\">\n<figure class=\"aligncenter size-large has-custom-border\"><img decoding=\"async\" src=\"https:\/\/media.licdn.com\/dms\/image\/v2\/C4E03AQEEo5orxuPEDQ\/profile-displayphoto-shrink_200_200\/profile-displayphoto-shrink_200_200\/0\/1516989176180?e=2147483647&amp;v=beta&amp;t=7WXEerh42ngHU8Xmywtb-z5YbGaNFS-vLLaQyknsXdQ\" alt=\"\" style=\"border-radius:999px;aspect-ratio:1;object-fit:cover\"\/><\/figure>\n<\/div>\n\n\n<div style=\"height:32px\" aria-hidden=\"true\" class=\"wp-block-spacer\"><\/div>\n\n\n\n<h3 class=\"wp-block-heading has-text-align-center\">Samuel<\/h3>\n\n\n\n<p class=\"has-text-align-center\"><em>&#8220;<\/em> MB-326'y\u0131 Reggio Emilia'n\u0131n muhte\u015fem tepeleri \u00fczerinde u\u00e7urmak hayat\u0131m\u0131n deneyimiydi! Nefes kesici manzaralar, takla atma ve d\u00f6nme adrenalini ile birle\u015fince unutulmaz bir deneyim oldu ve jetin kontrol\u00fcn\u00fc bizzat elime almak en b\u00fcy\u00fck heyecand\u0131. Bu maceray\u0131 ger\u00e7ekten ola\u011fan\u00fcst\u00fc bir \u015fey arayan herkese yeterince tavsiye edemem!<em>&#8220;<\/em><\/p>\n\n\n<div class=\"wp-block-image\">\n<figure class=\"aligncenter size-full is-resized\"><img decoding=\"async\" src=\"https:\/\/fighter-jet-rides.com\/wp-content\/uploads\/2024\/12\/samuel.svg\" alt=\"\" class=\"wp-image-722\" style=\"width:auto;height:40px\"\/><\/figure>\n<\/div><\/div>\n\n\n\n<div class=\"wp-block-column has-neve-text-color-color has-nv-site-bg-background-color has-text-color has-background has-link-color wp-elements-82980f3313bb34d076ad44718b03d22a is-layout-flow wp-block-column-is-layout-flow\" style=\"border-bottom-color:var(--wp--preset--color--neve-link-hover-color);border-bottom-width:8px;padding-top:var(--wp--preset--spacing--70);padding-right:var(--wp--preset--spacing--50);padding-bottom:var(--wp--preset--spacing--70);padding-left:var(--wp--preset--spacing--50)\"><div class=\"wp-block-image\">\n<figure class=\"aligncenter size-full is-resized has-custom-border\"><img decoding=\"async\" src=\"https:\/\/dev.fktc.ch\/fjr\/wp-content\/themes\/neve\/assets\/img\/starter-content\/8.jpg\" alt=\"\" class=\"wp-image-444\" style=\"border-radius:999px;aspect-ratio:1;object-fit:cover;width:120px\"\/><\/figure>\n<\/div>\n\n\n<div style=\"height:32px\" aria-hidden=\"true\" class=\"wp-block-spacer\"><\/div>\n\n\n\n<h3 class=\"wp-block-heading has-text-align-center\">Melina Albrecht<\/h3>\n\n\n\n<p class=\"has-text-align-center\"><em>\"... Bu ekibi \u00e7ok seviyorum! Harika bir i\u015f \u00e7\u0131kard\u0131lar, \u015fimdiye kadarki m\u00fckemmel i\u015fbirli\u011fi i\u00e7in \u00e7ok te\u015fekk\u00fcrler, \u00e7ok takdir ediyorum!...\"<\/em><\/p>\n\n\n<div class=\"wp-block-image\">\n<figure class=\"aligncenter size-full is-resized\"><img decoding=\"async\" src=\"https:\/\/dev.fktc.ch\/fjr\/wp-content\/themes\/neve\/assets\/img\/starter-content\/signature-1.png\" alt=\"\" class=\"wp-image-440\" style=\"width:auto;height:40px\"\/><\/figure>\n<\/div><\/div>\n<\/div>\n<\/div><\/section>\n\n\n\n<div class=\"wp-block-cover alignfull has-neve-text-color-color has-text-color has-link-color wp-elements-ba825376587fe4b87018e65867236474\" style=\"padding-top:var(--wp--preset--spacing--80);padding-right:var(--wp--preset--spacing--40);padding-bottom:var(--wp--preset--spacing--80);padding-left:var(--wp--preset--spacing--40)\"><span aria-hidden=\"true\" class=\"wp-block-cover__background has-nv-site-bg-background-color has-background-dim-100 has-background-dim\"><\/span><div class=\"wp-block-cover__inner-container is-layout-flow wp-block-cover-is-layout-flow\">\n<div class=\"wp-block-columns is-layout-flex wp-container-core-columns-is-layout-9d6595d7 wp-block-columns-is-layout-flex\">\n<div class=\"wp-block-column is-layout-flow wp-block-column-is-layout-flow\" style=\"flex-basis:100%\">\n<div class=\"wp-block-group is-vertical is-content-justification-center is-layout-flex wp-container-core-group-is-layout-4b2eccd6 wp-block-group-is-layout-flex\">\n<p class=\"big-number has-nv-light-bg-color has-text-color has-link-color wp-elements-a7fd32131fbdfd6fd566c5b9b1686a04\" style=\"font-size:220px\"><strong>0<\/strong>8<\/p>\n\n\n\n<h2 class=\"wp-block-heading has-text-align-center has-neve-text-color-color has-text-color has-link-color wp-elements-e0561d289cad4c05cbdbcf696a6081b6\">Galeri<\/h2>\n\n\n\n<p class=\"has-text-align-center has-neve-text-color-color has-text-color has-link-color wp-elements-8dc1298bdaf409ad0bfd8c3616aa532b\">Reggio Emilia<\/p>\n\n\n\n<div style=\"height:0px\" aria-hidden=\"true\" class=\"wp-block-spacer wp-container-content-f9bd05ee\"><\/div>\n<\/div>\n<\/div>\n<\/div>\n\n\n\n<figure class=\"wp-block-gallery has-nested-images columns-3 is-cropped wp-block-gallery-1 is-layout-flex wp-block-gallery-is-layout-flex\">\n<figure class=\"wp-block-image size-large\"><img loading=\"lazy\" decoding=\"async\" width=\"1024\" height=\"684\" data-id=\"522\" src=\"https:\/\/fighter-jet-rides.com\/wp-content\/uploads\/2024\/12\/5-4-1024x684.jpeg\" alt=\"\" class=\"wp-image-522\" srcset=\"https:\/\/fighter-jet-rides.com\/wp-content\/uploads\/2024\/12\/5-4-1024x684.jpeg 1024w, https:\/\/fighter-jet-rides.com\/wp-content\/uploads\/2024\/12\/5-4-300x200.jpeg 300w, https:\/\/fighter-jet-rides.com\/wp-content\/uploads\/2024\/12\/5-4-768x513.jpeg 768w, https:\/\/fighter-jet-rides.com\/wp-content\/uploads\/2024\/12\/5-4-18x12.jpeg 18w, https:\/\/fighter-jet-rides.com\/wp-content\/uploads\/2024\/12\/5-4-930x620.jpeg 930w, https:\/\/fighter-jet-rides.com\/wp-content\/uploads\/2024\/12\/5-4.jpeg 1280w\" sizes=\"auto, (max-width: 1024px) 100vw, 1024px\" \/><\/figure>\n\n\n\n<figure class=\"wp-block-image size-full\"><img loading=\"lazy\" decoding=\"async\" width=\"960\" height=\"654\" data-id=\"724\" src=\"https:\/\/fighter-jet-rides.com\/wp-content\/uploads\/2024\/12\/9-4.jpg\" alt=\"\" class=\"wp-image-724\" srcset=\"https:\/\/fighter-jet-rides.com\/wp-content\/uploads\/2024\/12\/9-4.jpg 960w, https:\/\/fighter-jet-rides.com\/wp-content\/uploads\/2024\/12\/9-4-300x204.jpg 300w, https:\/\/fighter-jet-rides.com\/wp-content\/uploads\/2024\/12\/9-4-768x523.jpg 768w, https:\/\/fighter-jet-rides.com\/wp-content\/uploads\/2024\/12\/9-4-18x12.jpg 18w\" sizes=\"auto, (max-width: 960px) 100vw, 960px\" \/><\/figure>\n\n\n\n<figure class=\"wp-block-image size-large\"><img loading=\"lazy\" decoding=\"async\" width=\"1024\" height=\"684\" data-id=\"523\" src=\"https:\/\/fighter-jet-rides.com\/wp-content\/uploads\/2024\/12\/6-2-1024x684.jpeg\" alt=\"\" class=\"wp-image-523\" srcset=\"https:\/\/fighter-jet-rides.com\/wp-content\/uploads\/2024\/12\/6-2-1024x684.jpeg 1024w, https:\/\/fighter-jet-rides.com\/wp-content\/uploads\/2024\/12\/6-2-300x200.jpeg 300w, https:\/\/fighter-jet-rides.com\/wp-content\/uploads\/2024\/12\/6-2-768x513.jpeg 768w, https:\/\/fighter-jet-rides.com\/wp-content\/uploads\/2024\/12\/6-2-18x12.jpeg 18w, https:\/\/fighter-jet-rides.com\/wp-content\/uploads\/2024\/12\/6-2-930x620.jpeg 930w, https:\/\/fighter-jet-rides.com\/wp-content\/uploads\/2024\/12\/6-2.jpeg 1280w\" sizes=\"auto, (max-width: 1024px) 100vw, 1024px\" \/><\/figure>\n\n\n\n<figure class=\"wp-block-image size-full\"><img loading=\"lazy\" decoding=\"async\" width=\"2160\" height=\"1385\" data-id=\"723\" src=\"https:\/\/fighter-jet-rides.com\/wp-content\/uploads\/2024\/12\/pexels-dantemunozphoto-28821751.jpg\" alt=\"\" class=\"wp-image-723\" srcset=\"https:\/\/fighter-jet-rides.com\/wp-content\/uploads\/2024\/12\/pexels-dantemunozphoto-28821751.jpg 2160w, https:\/\/fighter-jet-rides.com\/wp-content\/uploads\/2024\/12\/pexels-dantemunozphoto-28821751-300x192.jpg 300w, https:\/\/fighter-jet-rides.com\/wp-content\/uploads\/2024\/12\/pexels-dantemunozphoto-28821751-1024x657.jpg 1024w, https:\/\/fighter-jet-rides.com\/wp-content\/uploads\/2024\/12\/pexels-dantemunozphoto-28821751-768x492.jpg 768w, https:\/\/fighter-jet-rides.com\/wp-content\/uploads\/2024\/12\/pexels-dantemunozphoto-28821751-1536x985.jpg 1536w, https:\/\/fighter-jet-rides.com\/wp-content\/uploads\/2024\/12\/pexels-dantemunozphoto-28821751-2048x1313.jpg 2048w, https:\/\/fighter-jet-rides.com\/wp-content\/uploads\/2024\/12\/pexels-dantemunozphoto-28821751-18x12.jpg 18w\" sizes=\"auto, (max-width: 2160px) 100vw, 2160px\" \/><\/figure>\n\n\n\n<figure class=\"wp-block-image size-large\"><img loading=\"lazy\" decoding=\"async\" width=\"1024\" height=\"683\" data-id=\"520\" src=\"https:\/\/fighter-jet-rides.com\/wp-content\/uploads\/2024\/12\/3-4-1024x683.jpeg\" alt=\"\" class=\"wp-image-520\" srcset=\"https:\/\/fighter-jet-rides.com\/wp-content\/uploads\/2024\/12\/3-4-1024x683.jpeg 1024w, https:\/\/fighter-jet-rides.com\/wp-content\/uploads\/2024\/12\/3-4-300x200.jpeg 300w, https:\/\/fighter-jet-rides.com\/wp-content\/uploads\/2024\/12\/3-4-768x512.jpeg 768w, https:\/\/fighter-jet-rides.com\/wp-content\/uploads\/2024\/12\/3-4-18x12.jpeg 18w, https:\/\/fighter-jet-rides.com\/wp-content\/uploads\/2024\/12\/3-4-930x620.jpeg 930w, https:\/\/fighter-jet-rides.com\/wp-content\/uploads\/2024\/12\/3-4.jpeg 1280w\" sizes=\"auto, (max-width: 1024px) 100vw, 1024px\" \/><\/figure>\n\n\n\n<figure class=\"wp-block-image size-full\"><img loading=\"lazy\" decoding=\"async\" width=\"2560\" height=\"1707\" data-id=\"725\" src=\"https:\/\/fighter-jet-rides.com\/wp-content\/uploads\/2024\/12\/pexels-bruggi-29355230-scaled.jpg\" alt=\"\" class=\"wp-image-725\" srcset=\"https:\/\/fighter-jet-rides.com\/wp-content\/uploads\/2024\/12\/pexels-bruggi-29355230-scaled.jpg 2560w, https:\/\/fighter-jet-rides.com\/wp-content\/uploads\/2024\/12\/pexels-bruggi-29355230-300x200.jpg 300w, https:\/\/fighter-jet-rides.com\/wp-content\/uploads\/2024\/12\/pexels-bruggi-29355230-1024x683.jpg 1024w, https:\/\/fighter-jet-rides.com\/wp-content\/uploads\/2024\/12\/pexels-bruggi-29355230-768x512.jpg 768w\" sizes=\"auto, (max-width: 2560px) 100vw, 2560px\" \/><\/figure>\n<\/figure>\n<\/div><\/div>\n\n\n\n<div class=\"wp-block-cover alignfull\" style=\"padding-top:var(--wp--preset--spacing--80);padding-right:var(--wp--preset--spacing--50);padding-bottom:var(--wp--preset--spacing--80);padding-left:var(--wp--preset--spacing--50)\"><span aria-hidden=\"true\" class=\"wp-block-cover__background has-nv-dark-bg-background-color has-background-dim-100 has-background-dim\"><\/span><div class=\"wp-block-cover__inner-container is-layout-flow wp-block-cover-is-layout-flow\">\n<p class=\"has-text-align-center big-number has-neve-text-color-color has-text-color has-link-color wp-elements-b21b6a5898229b1b25e5e15c1fab375e\" id=\"pricing\" style=\"font-size:220px\"><strong>09<\/strong><\/p>\n\n\n\n<h2 class=\"wp-block-heading has-text-align-center\">Fiyat<\/h2>\n\n\n\n<div class=\"wp-block-columns has-neve-text-color-color has-text-color has-link-color wp-elements-0a949b79e839c4c3d97c542aa07df4f8 is-layout-flex wp-container-core-columns-is-layout-9d6595d7 wp-block-columns-is-layout-flex\">\n<div class=\"wp-block-column is-vertically-aligned-top is-layout-flow wp-block-column-is-layout-flow\">\n<div class=\"wp-block-group has-nv-site-bg-background-color has-background\" style=\"border-top-color:#008814;border-top-width:8px;border-right-style:none;border-right-width:0px;border-bottom-style:none;border-bottom-width:0px;border-left-style:none;border-left-width:0px;padding-top:var(--wp--preset--spacing--60);padding-right:var(--wp--preset--spacing--50);padding-bottom:var(--wp--preset--spacing--60);padding-left:var(--wp--preset--spacing--50)\"><div class=\"wp-block-group__inner-container is-layout-constrained wp-container-core-group-is-layout-fcc72f54 wp-block-group-is-layout-constrained\">\n<h3 class=\"wp-block-heading has-text-align-center has-large-font-size\">Teaser<\/h3>\n\n\n\n<div class=\"wp-block-group is-vertical is-content-justification-center is-layout-flex wp-container-core-group-is-layout-4b2eccd6 wp-block-group-is-layout-flex\">\n<h4 class=\"wp-block-heading has-text-color has-link-color has-x-large-font-size wp-elements-712d3cb837a315dbb0f895c78f1b57da\" style=\"color:#008814\"><\/h4>\n\n\n\n<p>U\u00e7u\u015f ba\u015f\u0131na<\/p>\n<\/div>\n\n\n\n<hr class=\"wp-block-separator has-text-color has-nv-light-bg-color has-alpha-channel-opacity has-nv-light-bg-background-color has-background\"\/>\n\n\n\n<p class=\"has-text-align-center\">Brifing<\/p>\n\n\n\n<p class=\"has-text-align-center\">30 Dakika U\u00e7u\u015f S\u00fcresi<\/p>\n\n\n\n<div class=\"wp-block-buttons is-content-justification-center is-layout-flex wp-container-core-buttons-is-layout-16018d1d wp-block-buttons-is-layout-flex\">\n<div class=\"wp-block-button is-style-default\"><a class=\"wp-block-button__link has-nv-text-dark-bg-color has-text-color has-background has-link-color wp-element-button\" href=\"https:\/\/dev.fktc.ch\/fjr\/booking\/?params=hideregionselector&amp;region=rest&amp;itlocation=IT-REGGIOEMILIA-L39&amp;referrer=pdp&amp;utm_source=fjr&amp;eulocation=IT-REGGIOEMILIA-L39\" style=\"background-color:#008814\">\u015e\u0130MD\u0130 REZERVASYON YAPIN<\/a><\/div>\n<\/div>\n<\/div><\/div>\n<\/div>\n\n\n\n<div class=\"wp-block-column is-vertically-aligned-top is-layout-flow wp-block-column-is-layout-flow\">\n<div class=\"wp-block-group has-nv-site-bg-background-color has-background\" style=\"border-top-color:var(--wp--preset--color--nv-text-dark-bg);border-top-width:8px;border-right-style:none;border-right-width:0px;border-bottom-style:none;border-bottom-width:0px;border-left-style:none;border-left-width:0px;padding-top:var(--wp--preset--spacing--60);padding-right:var(--wp--preset--spacing--50);padding-bottom:var(--wp--preset--spacing--60);padding-left:var(--wp--preset--spacing--50)\"><div class=\"wp-block-group__inner-container is-layout-constrained wp-container-core-group-is-layout-fcc72f54 wp-block-group-is-layout-constrained\">\n<h3 class=\"wp-block-heading has-text-align-center has-large-font-size\">Gerilim<\/h3>\n\n\n\n<div class=\"wp-block-group is-vertical is-content-justification-center is-layout-flex wp-container-core-group-is-layout-4b2eccd6 wp-block-group-is-layout-flex\">\n<h4 class=\"wp-block-heading has-nv-dark-bg-color has-text-color has-link-color has-x-large-font-size wp-elements-f74fe52988f3ae0bf7a9bfeaf9a36e4b\"><\/h4>\n\n\n\n<p>U\u00e7u\u015f ba\u015f\u0131na<\/p>\n<\/div>\n\n\n\n<hr class=\"wp-block-separator has-text-color has-nv-light-bg-color has-alpha-channel-opacity has-nv-light-bg-background-color has-background\"\/>\n\n\n\n<p class=\"has-text-align-center\">Brifing<\/p>\n\n\n\n<p class=\"has-text-align-center\">45 Dakika U\u00e7u\u015f S\u00fcresi<\/p>\n\n\n\n<p class=\"has-text-align-center\">U\u00e7u\u015f S\u0131ras\u0131nda Video<\/p>\n\n\n\n<div class=\"wp-block-buttons is-content-justification-center is-layout-flex wp-container-core-buttons-is-layout-16018d1d wp-block-buttons-is-layout-flex\">\n<div class=\"wp-block-button is-style-default\"><a class=\"wp-block-button__link has-nv-text-dark-bg-color has-nv-dark-bg-background-color has-text-color has-background has-link-color wp-element-button\" href=\"https:\/\/dev.fktc.ch\/fjr\/booking\/?params=hideregionselector&amp;region=rest&amp;itlocation=IT-REGGIOEMILIA-L39&amp;referrer=pdp&amp;utm_source=fjr&amp;eulocation=IT-REGGIOEMILIA-L39\">\u015e\u0130MD\u0130 REZERVASYON YAPIN<\/a><\/div>\n<\/div>\n<\/div><\/div>\n<\/div>\n\n\n\n<div class=\"wp-block-column is-vertically-aligned-top is-layout-flow wp-block-column-is-layout-flow\">\n<div class=\"wp-block-group has-nv-site-bg-background-color has-background\" style=\"border-top-color:var(--wp--preset--color--neve-link-hover-color);border-top-width:8px;border-right-style:none;border-right-width:0px;border-bottom-style:none;border-bottom-width:0px;border-left-style:none;border-left-width:0px;padding-top:var(--wp--preset--spacing--60);padding-right:var(--wp--preset--spacing--50);padding-bottom:var(--wp--preset--spacing--60);padding-left:var(--wp--preset--spacing--50)\"><div class=\"wp-block-group__inner-container is-layout-constrained wp-container-core-group-is-layout-fcc72f54 wp-block-group-is-layout-constrained\">\n<h3 class=\"wp-block-heading has-text-align-center has-large-font-size\">Top Gun<\/h3>\n\n\n\n<div class=\"wp-block-group is-vertical is-content-justification-center is-layout-flex wp-container-core-group-is-layout-4b2eccd6 wp-block-group-is-layout-flex\">\n<h4 class=\"wp-block-heading has-neve-link-hover-color-color has-text-color has-link-color has-x-large-font-size wp-elements-3c1cae42928c408cfe9d8a14a97160ba\"><\/h4>\n\n\n\n<p>U\u00e7u\u015f ba\u015f\u0131na<\/p>\n<\/div>\n\n\n\n<hr class=\"wp-block-separator has-text-color has-nv-light-bg-color has-alpha-channel-opacity has-nv-light-bg-background-color has-background\"\/>\n\n\n\n<p class=\"has-text-align-center\">\u00c7evrimi\u00e7i E\u011fitim Videolar\u0131<\/p>\n\n\n\n<p class=\"has-text-align-center\">Brifing<\/p>\n\n\n\n<p class=\"has-text-align-center\">45 Dakika U\u00e7u\u015f S\u00fcresi<\/p>\n\n\n\n<p class=\"has-text-align-center\">U\u00e7u\u015f S\u0131ras\u0131nda Video<\/p>\n\n\n\n<p class=\"has-text-align-center\">\u00dccretsiz \u0130ptal<\/p>\n\n\n\n<p class=\"has-text-align-center\">Karbon Ofseti<\/p>\n\n\n\n<div class=\"wp-block-buttons is-content-justification-center is-layout-flex wp-container-core-buttons-is-layout-16018d1d wp-block-buttons-is-layout-flex\">\n<div class=\"wp-block-button is-style-default\"><a class=\"wp-block-button__link has-nv-text-dark-bg-color has-neve-link-hover-color-background-color has-text-color has-background has-link-color wp-element-button\" href=\"https:\/\/dev.fktc.ch\/fjr\/booking\/?params=hideregionselector&amp;region=rest&amp;itlocation=IT-TRENTO&amp;referrer=pdp&amp;utm_source=fjr&amp;eulocation=IT-REGGIOEMILIA-L39\">\u015e\u0130MD\u0130 REZERVASYON YAPIN<\/a><\/div>\n<\/div>\n<\/div><\/div>\n<\/div>\n<\/div>\n<\/div><\/div>\n\n\n\n<div class=\"wp-block-cover alignfull has-neve-text-color-color has-text-color has-link-color wp-elements-4b031f20c7abd45422901879e12e8522\" style=\"padding-top:var(--wp--preset--spacing--80);padding-right:var(--wp--preset--spacing--40);padding-bottom:var(--wp--preset--spacing--80);padding-left:var(--wp--preset--spacing--40)\"><span aria-hidden=\"true\" class=\"wp-block-cover__background has-nv-site-bg-background-color has-background-dim-100 has-background-dim\"><\/span><div class=\"wp-block-cover__inner-container is-layout-flow wp-block-cover-is-layout-flow\">\n<div class=\"wp-block-columns is-layout-flex wp-container-core-columns-is-layout-9d6595d7 wp-block-columns-is-layout-flex\">\n<div class=\"wp-block-column is-layout-flow wp-block-column-is-layout-flow\" style=\"flex-basis:100%\">\n<div class=\"wp-block-group\"><div class=\"wp-block-group__inner-container is-layout-constrained wp-block-group-is-layout-constrained\">\n<p class=\"big-number has-nv-light-bg-color has-text-color has-link-color wp-elements-93f01c170b049a433dc9659f7dc4877c\" style=\"font-size:220px\">10<\/p>\n\n\n\n<h2 class=\"wp-block-heading has-text-align-center has-neve-text-color-color has-text-color has-link-color wp-elements-a7b4be59732789a23039606275ff32c2\">SSS<\/h2>\n\n\n\n<p class=\"has-text-align-center has-neve-text-color-color has-text-color has-link-color wp-elements-9cca6875f495bf6c958d055d2ed65647\">S\u0131k\u00e7a Sorulan Sorular\u0131n Cevaplar\u0131<\/p>\n<\/div><\/div>\n<\/div>\n<\/div>\n<\/div><\/div>\n\n\n\n<p><\/p>","protected":false},"excerpt":{"rendered":"","protected":false},"author":1,"featured_media":0,"parent":0,"menu_order":0,"comment_status":"closed","ping_status":"closed","template":"","meta":{"neve_meta_sidebar":"","neve_meta_container":"","neve_meta_enable_content_width":"","neve_meta_content_width":0,"neve_meta_title_alignment":"","neve_meta_author_avatar":"","neve_post_elements_order":"","neve_meta_disable_header":"","neve_meta_disable_footer":"","neve_meta_disable_title":"","footnotes":""},"class_list":["post-750","page","type-page","status-publish","hentry"],"_links":{"self":[{"href":"https:\/\/fighter-jet-rides.com\/tr\/wp-json\/wp\/v2\/pages\/750","targetHints":{"allow":["GET"]}}],"collection":[{"href":"https:\/\/fighter-jet-rides.com\/tr\/wp-json\/wp\/v2\/pages"}],"about":[{"href":"https:\/\/fighter-jet-rides.com\/tr\/wp-json\/wp\/v2\/types\/page"}],"author":[{"embeddable":true,"href":"https:\/\/fighter-jet-rides.com\/tr\/wp-json\/wp\/v2\/users\/1"}],"replies":[{"embeddable":true,"href":"https:\/\/fighter-jet-rides.com\/tr\/wp-json\/wp\/v2\/comments?post=750"}],"version-history":[{"count":1,"href":"https:\/\/fighter-jet-rides.com\/tr\/wp-json\/wp\/v2\/pages\/750\/revisions"}],"predecessor-version":[{"id":751,"href":"https:\/\/fighter-jet-rides.com\/tr\/wp-json\/wp\/v2\/pages\/750\/revisions\/751"}],"wp:attachment":[{"href":"https:\/\/fighter-jet-rides.com\/tr\/wp-json\/wp\/v2\/media?parent=750"}],"curies":[{"name":"wp","href":"https:\/\/api.w.org\/{rel}","templated":true}]}}