{"id":864,"date":"2025-01-02T18:27:19","date_gmt":"2025-01-02T18:27:19","guid":{"rendered":"https:\/\/fighter-jet-rides.com\/?page_id=864"},"modified":"2025-01-04T09:19:25","modified_gmt":"2025-01-04T09:19:25","slug":"fly-l-39-albatros-paderborn-germany","status":"publish","type":"page","link":"https:\/\/fighter-jet-rides.com\/tr\/fly-l-39-albatros-paderborn-almanya\/","title":{"rendered":"\ud83c\udde9\ud83c\uddea DE: Paderborn'da L-39 Albatros Jet Maceras\u0131"},"content":{"rendered":"<section class=\"wp-block-cover alignfull custom-divider\" style=\"min-height:625px;aspect-ratio:unset;\"><span aria-hidden=\"true\" class=\"wp-block-cover__background has-neve-text-color-background-color has-background-dim-60 has-background-dim\"><\/span><img loading=\"lazy\" decoding=\"async\" width=\"1200\" height=\"1200\" class=\"wp-block-cover__image-background wp-image-858\" alt=\"\" src=\"https:\/\/fighter-jet-rides.com\/wp-content\/uploads\/2025\/01\/Fighter-Jet-Flight-in-Czech-Republic-1.jpg\" data-object-fit=\"cover\" srcset=\"https:\/\/fighter-jet-rides.com\/wp-content\/uploads\/2025\/01\/Fighter-Jet-Flight-in-Czech-Republic-1.jpg 1200w, https:\/\/fighter-jet-rides.com\/wp-content\/uploads\/2025\/01\/Fighter-Jet-Flight-in-Czech-Republic-1-300x300.jpg 300w, https:\/\/fighter-jet-rides.com\/wp-content\/uploads\/2025\/01\/Fighter-Jet-Flight-in-Czech-Republic-1-1024x1024.jpg 1024w, https:\/\/fighter-jet-rides.com\/wp-content\/uploads\/2025\/01\/Fighter-Jet-Flight-in-Czech-Republic-1-150x150.jpg 150w, https:\/\/fighter-jet-rides.com\/wp-content\/uploads\/2025\/01\/Fighter-Jet-Flight-in-Czech-Republic-1-768x768.jpg 768w, https:\/\/fighter-jet-rides.com\/wp-content\/uploads\/2025\/01\/Fighter-Jet-Flight-in-Czech-Republic-1-12x12.jpg 12w\" sizes=\"auto, (max-width: 1200px) 100vw, 1200px\" \/><div class=\"wp-block-cover__inner-container is-layout-constrained wp-block-cover-is-layout-constrained\">\n<div class=\"wp-block-columns are-vertically-aligned-center is-layout-flex wp-container-core-columns-is-layout-9d6595d7 wp-block-columns-is-layout-flex\">\n<div class=\"wp-block-column is-vertically-aligned-center is-layout-flow wp-block-column-is-layout-flow\">\n<h1 class=\"wp-block-heading has-text-align-center scribble-underline-clip\" style=\"font-style:normal;font-weight:500\">G\u00f6ky\u00fcz\u00fcnde s\u00fcz\u00fcl\u00fcn: <mark style=\"background-color:rgba(0, 0, 0, 0)\" class=\"has-inline-color has-neve-link-hover-color-color\">L-39 Albatros Jet<\/mark> Paderborn \u00dczerinde Macera, Almanya<\/h1>\n\n\n\n<div style=\"height:40px\" aria-hidden=\"true\" class=\"wp-block-spacer\"><\/div>\n\n\n\n<div class=\"wp-block-buttons has-custom-font-size has-small-font-size is-content-justification-center is-layout-flex wp-container-core-buttons-is-layout-16018d1d wp-block-buttons-is-layout-flex\">\n<div class=\"wp-block-button has-custom-font-size is-style-default\" style=\"font-size:16px\"><a class=\"wp-block-button__link has-nv-site-bg-color has-neve-text-color-background-color has-text-color has-background has-link-color wp-element-button\" href=\"#start\">Daha fazla bilgi edin<\/a><\/div>\n\n\n\n<div class=\"wp-block-button has-custom-font-size is-style-secondary\" style=\"font-size:16px\"><a class=\"wp-block-button__link has-nv-dark-bg-color has-neve-link-color-background-color has-text-color has-background has-link-color wp-element-button\" href=\"#calendar\">\u015eimdi Rezervasyon Yap\u0131n<\/a><\/div>\n<\/div>\n<\/div>\n<\/div>\n<\/div><\/section>\n\n\n\n<div class=\"wp-block-cover alignfull\" style=\"padding-top:0;padding-right:var(--wp--preset--spacing--40);padding-bottom:0;padding-left:var(--wp--preset--spacing--40);min-height:716px;aspect-ratio:unset;\" id=\"start\"><span aria-hidden=\"true\" class=\"wp-block-cover__background has-nv-site-bg-background-color has-background-dim-100 has-background-dim\"><\/span><div class=\"wp-block-cover__inner-container is-layout-flow wp-block-cover-is-layout-flow\">\n<div class=\"wp-block-columns are-vertically-aligned-center has-neve-text-color-color has-text-color has-link-color wp-elements-a641b633d9dbb2da2ca37f12eb8d0ec8 is-layout-flex wp-container-core-columns-is-layout-9d6595d7 wp-block-columns-is-layout-flex\">\n<div class=\"wp-block-column is-vertically-aligned-center is-layout-flow wp-block-column-is-layout-flow\" style=\"padding-top:0;padding-right:0;padding-bottom:0;padding-left:0;flex-basis:50%\">\n<figure class=\"wp-block-image size-full\"><img loading=\"lazy\" decoding=\"async\" width=\"1600\" height=\"1063\" src=\"https:\/\/fighter-jet-rides.com\/wp-content\/uploads\/2025\/01\/L-39-Albatros-Flight-LA.jpg\" alt=\"\" class=\"wp-image-873\" srcset=\"https:\/\/fighter-jet-rides.com\/wp-content\/uploads\/2025\/01\/L-39-Albatros-Flight-LA.jpg 1600w, https:\/\/fighter-jet-rides.com\/wp-content\/uploads\/2025\/01\/L-39-Albatros-Flight-LA-300x199.jpg 300w, https:\/\/fighter-jet-rides.com\/wp-content\/uploads\/2025\/01\/L-39-Albatros-Flight-LA-1024x680.jpg 1024w, https:\/\/fighter-jet-rides.com\/wp-content\/uploads\/2025\/01\/L-39-Albatros-Flight-LA-768x510.jpg 768w, https:\/\/fighter-jet-rides.com\/wp-content\/uploads\/2025\/01\/L-39-Albatros-Flight-LA-1536x1020.jpg 1536w, https:\/\/fighter-jet-rides.com\/wp-content\/uploads\/2025\/01\/L-39-Albatros-Flight-LA-18x12.jpg 18w\" sizes=\"auto, (max-width: 1600px) 100vw, 1600px\" \/><\/figure>\n<\/div>\n\n\n\n<div class=\"wp-block-column is-vertically-aligned-center ticss-c703b306 is-layout-flow wp-block-column-is-layout-flow\" style=\"padding-top:0;padding-right:0;padding-bottom:0;padding-left:0;flex-basis:50%\">\n<div class=\"wp-block-group\" style=\"border-radius:16px\"><div class=\"wp-block-group__inner-container is-layout-constrained wp-block-group-is-layout-constrained\">\n<div style=\"height:0px\" aria-hidden=\"true\" class=\"wp-block-spacer\"><\/div>\n\n\n\n<p class=\"big-number has-nv-light-bg-color has-text-color has-link-color wp-elements-6fdb8f87016abe7b6bdd33e54773a620\" style=\"font-size:220px\"><strong>01<\/strong><\/p>\n\n\n\n<h2 class=\"wp-block-heading has-text-align-left\">Bu Deneyim Hakk\u0131nda<\/h2>\n\n\n\n<ul class=\"wp-block-list\">\n<li><strong>Klasik Bir Sava\u015f U\u00e7a\u011f\u0131 U\u00e7urun<\/strong>: Askeri pilotlar taraf\u0131ndan e\u011fitim ve sava\u015f i\u00e7in kullan\u0131lan, manevra kabiliyeti ve h\u0131z\u0131yla sayg\u0131 duyulan bir jet olan L-39 Albatros ile g\u00f6ky\u00fcz\u00fcne \u00e7\u0131k\u0131n.<\/li>\n\n\n\n<li><strong>Akrobasi Heyecan\u0131<\/strong>: Profesyonel bir pilotun rehberli\u011finde d\u00f6ng\u00fcler, taklalar ve y\u00fcksek h\u0131zl\u0131 d\u00f6n\u00fc\u015fler gibi kalp at\u0131\u015flar\u0131n\u0131 h\u0131zland\u0131ran akrobasi hareketlerinin keyfini \u00e7\u0131kar\u0131n. Adrenalin dolu bir deneyim i\u00e7in jetin kontrol\u00fcn\u00fc elinize al\u0131n.<\/li>\n\n\n\n<li><strong>Askeri S\u0131n\u0131f Deneyimi<\/strong>: Bir zamanlar 30'dan fazla \u00fclke taraf\u0131ndan kullan\u0131lan ger\u00e7ek bir askeri u\u00e7a\u011f\u0131n g\u00fcc\u00fcn\u00fc hissedin ve y\u00fcksek performansl\u0131 bir sava\u015f u\u00e7a\u011f\u0131n\u0131 u\u00e7urman\u0131n nas\u0131l bir \u015fey oldu\u011funu ilk elden deneyimleyin.<\/li>\n\n\n\n<li><strong>Deneyimli Pilotlardan Rehberlik<\/strong>: Y\u0131llar\u0131n askeri ve test u\u00e7u\u015fu deneyimine sahip uzman pilotlarla u\u00e7un. Kapsaml\u0131 e\u011fitim verecek ve s\u0131n\u0131rlar\u0131n\u0131z\u0131 zorlarken g\u00fcvenli\u011finizi sa\u011flayacaklard\u0131r.<\/li>\n\n\n\n<li><strong>Paderborn \u00dczerinde Manzaral\u0131 U\u00e7u\u015f<\/strong>: Pitoresk Alman k\u0131rsal\u0131n\u0131n \u00fczerinde s\u00fcz\u00fcl\u00fcn ve Paderborn'un \u00e7arp\u0131c\u0131 manzaralar\u0131n\u0131 seyredin, jet u\u00e7u\u015f maceran\u0131za nefes kesici bir unsur ekleyin.<\/li>\n<\/ul>\n<\/div><\/div>\n<\/div>\n<\/div>\n<\/div><\/div>\n\n\n\n<div class=\"wp-block-cover alignfull wp-elements-96f85c66b6d7dc864fd43a7c844cf0f6\" style=\"padding-top:var(--wp--preset--spacing--40);padding-right:var(--wp--preset--spacing--40);padding-bottom:var(--wp--preset--spacing--40);padding-left:var(--wp--preset--spacing--40)\"><span aria-hidden=\"true\" class=\"wp-block-cover__background has-neve-text-color-background-color has-background-dim-100 has-background-dim\"><\/span><div class=\"wp-block-cover__inner-container is-layout-flow wp-block-cover-is-layout-flow\">\n<div class=\"wp-block-columns is-layout-flex wp-container-core-columns-is-layout-9d6595d7 wp-block-columns-is-layout-flex\">\n<div class=\"wp-block-column is-layout-flow wp-block-column-is-layout-flow\" style=\"flex-basis:100%\">\n<div style=\"height:100px\" aria-hidden=\"true\" class=\"wp-block-spacer\"><\/div>\n\n\n\n<div class=\"wp-block-group is-vertical is-content-justification-center is-layout-flex wp-container-core-group-is-layout-4b2eccd6 wp-block-group-is-layout-flex\">\n<p class=\"big-number has-nv-dark-bg-color has-text-color has-link-color wp-elements-1c83d26868e8ee1c98b57bbf942b57ba\" style=\"font-size:220px\"><strong>02<\/strong><\/p>\n\n\n\n<h2 class=\"wp-block-heading has-text-align-center has-nv-light-bg-color has-text-color has-link-color wp-elements-b3279224177aa33df00510c787e0219c\">Deneyiminiz \u015funlar\u0131 i\u00e7erir:<\/h2>\n\n\n\n<p class=\"has-text-align-center has-nv-site-bg-color has-text-color has-link-color wp-elements-fba89b250296a7b78678a3d58e46f9e7\">Bu deneyimin baz\u0131 \u00f6nemli noktalar\u0131:<\/p>\n\n\n\n<div style=\"height:0px\" aria-hidden=\"true\" class=\"wp-block-spacer wp-container-content-f9bd05ee\"><\/div>\n<\/div>\n<\/div>\n<\/div>\n\n\n\n<div class=\"wp-block-columns are-vertically-aligned-top is-layout-flex wp-container-core-columns-is-layout-9d6595d7 wp-block-columns-is-layout-flex\">\n<div class=\"wp-block-column is-vertically-aligned-top is-layout-flow wp-block-column-is-layout-flow\">\n<div class=\"wp-block-group has-nv-site-bg-background-color has-background\" style=\"border-radius:0px;border-bottom-color:#000000;border-bottom-width:8px;padding-top:var(--wp--preset--spacing--40);padding-right:var(--wp--preset--spacing--40);padding-bottom:var(--wp--preset--spacing--40);padding-left:var(--wp--preset--spacing--40)\"><div class=\"wp-block-group__inner-container is-layout-constrained wp-container-core-group-is-layout-65a08581 wp-block-group-is-layout-constrained\"><div class=\"wp-block-image\">\n<figure class=\"aligncenter size-full is-resized\"><img loading=\"lazy\" decoding=\"async\" width=\"512\" height=\"512\" src=\"https:\/\/fighter-jet-rides.com\/wp-content\/uploads\/2025\/01\/fighter-airplane.png\" alt=\"\" class=\"wp-image-876\" style=\"width:auto;height:100px\" srcset=\"https:\/\/fighter-jet-rides.com\/wp-content\/uploads\/2025\/01\/fighter-airplane.png 512w, https:\/\/fighter-jet-rides.com\/wp-content\/uploads\/2025\/01\/fighter-airplane-300x300.png 300w, https:\/\/fighter-jet-rides.com\/wp-content\/uploads\/2025\/01\/fighter-airplane-150x150.png 150w, https:\/\/fighter-jet-rides.com\/wp-content\/uploads\/2025\/01\/fighter-airplane-12x12.png 12w\" sizes=\"auto, (max-width: 512px) 100vw, 512px\" \/><\/figure>\n<\/div>\n\n\n<h3 class=\"wp-block-heading has-text-align-center\">Adrenalin Pompalayan Jet U\u00e7u\u015fu<\/h3>\n\n\n\n<p class=\"has-text-align-center has-neve-text-color-color has-text-color has-link-color wp-elements-6410ab291cf13753ed896f1f2af48706\">Efsanevi L-39 Albatros ile y\u00fcksek h\u0131zl\u0131 manevralar ve heyecan verici akrobasi hareketleriyle dolu heyecan verici bir u\u00e7u\u015fa haz\u0131r olun. Bu ikonik jetin ham g\u00fcc\u00fcn\u00fc deneyimleyeceksiniz.<\/p>\n<\/div><\/div>\n<\/div>\n\n\n\n<div class=\"wp-block-column is-vertically-aligned-top is-layout-flow wp-block-column-is-layout-flow\">\n<div class=\"wp-block-group has-nv-site-bg-background-color has-background\" style=\"border-radius:0px;border-bottom-color:var(--wp--preset--color--neve-link-hover-color);border-bottom-width:8px;padding-top:var(--wp--preset--spacing--40);padding-right:var(--wp--preset--spacing--40);padding-bottom:var(--wp--preset--spacing--40);padding-left:var(--wp--preset--spacing--40)\"><div class=\"wp-block-group__inner-container is-layout-constrained wp-container-core-group-is-layout-65a08581 wp-block-group-is-layout-constrained\"><div class=\"wp-block-image\">\n<figure class=\"aligncenter size-full is-resized\"><img loading=\"lazy\" decoding=\"async\" width=\"512\" height=\"512\" src=\"https:\/\/fighter-jet-rides.com\/wp-content\/uploads\/2025\/01\/pilot.png\" alt=\"\" class=\"wp-image-877\" style=\"width:auto;height:100px\" srcset=\"https:\/\/fighter-jet-rides.com\/wp-content\/uploads\/2025\/01\/pilot.png 512w, https:\/\/fighter-jet-rides.com\/wp-content\/uploads\/2025\/01\/pilot-300x300.png 300w, https:\/\/fighter-jet-rides.com\/wp-content\/uploads\/2025\/01\/pilot-150x150.png 150w, https:\/\/fighter-jet-rides.com\/wp-content\/uploads\/2025\/01\/pilot-12x12.png 12w\" sizes=\"auto, (max-width: 512px) 100vw, 512px\" \/><\/figure>\n<\/div>\n\n\n<h3 class=\"wp-block-heading has-text-align-center\">Uzman Pilot Rehberli\u011fi<\/h3>\n\n\n\n<p class=\"has-text-align-center has-neve-text-color-color has-text-color has-link-color wp-elements-3a03d02d251dd338ffe7ebc04f4c3f9c\">Heyecan verici manevralarda size rehberlik edecek ve jet maceran\u0131zdan en iyi \u015fekilde yararlanman\u0131z\u0131 sa\u011flayacak Hava Kuvvetleri taraf\u0131ndan e\u011fitilmi\u015f deneyimli bir pilotla u\u00e7un.<\/p>\n<\/div><\/div>\n<\/div>\n\n\n\n<div class=\"wp-block-column is-vertically-aligned-top is-layout-flow wp-block-column-is-layout-flow\">\n<div class=\"wp-block-group has-nv-site-bg-background-color has-background\" style=\"border-radius:0px;border-bottom-color:var(--wp--preset--color--neve-link-color);border-bottom-width:8px;padding-top:var(--wp--preset--spacing--40);padding-right:var(--wp--preset--spacing--40);padding-bottom:var(--wp--preset--spacing--40);padding-left:var(--wp--preset--spacing--40)\"><div class=\"wp-block-group__inner-container is-layout-constrained wp-container-core-group-is-layout-65a08581 wp-block-group-is-layout-constrained\"><div class=\"wp-block-image\">\n<figure class=\"aligncenter size-full is-resized\"><img loading=\"lazy\" decoding=\"async\" width=\"512\" height=\"512\" src=\"https:\/\/fighter-jet-rides.com\/wp-content\/uploads\/2025\/01\/beer-festival.png\" alt=\"\" class=\"wp-image-878\" style=\"width:auto;height:100px\" srcset=\"https:\/\/fighter-jet-rides.com\/wp-content\/uploads\/2025\/01\/beer-festival.png 512w, https:\/\/fighter-jet-rides.com\/wp-content\/uploads\/2025\/01\/beer-festival-300x300.png 300w, https:\/\/fighter-jet-rides.com\/wp-content\/uploads\/2025\/01\/beer-festival-150x150.png 150w, https:\/\/fighter-jet-rides.com\/wp-content\/uploads\/2025\/01\/beer-festival-12x12.png 12w\" sizes=\"auto, (max-width: 512px) 100vw, 512px\" \/><\/figure>\n<\/div>\n\n\n<h3 class=\"wp-block-heading has-text-align-center\"><strong>Paderborn'un Muhte\u015fem Manzaras\u0131<\/strong><\/h3>\n\n\n\n<p class=\"has-text-align-center has-neve-text-color-color has-text-color has-link-color wp-elements-6a5c08202541dfd4fba6e87f64b9dc6d\">L-39 Albatros'un kontrol\u00fcn\u00fc ele ge\u00e7irirken Paderborn ve \u00e7evresinin nefes kesen manzaralar\u0131yla g\u00fczel Almanya manzaras\u0131n\u0131n \u00fczerinde g\u00f6ky\u00fcz\u00fcnde s\u00fcz\u00fcl\u00fcn.<\/p>\n<\/div><\/div>\n<\/div>\n<\/div>\n<\/div><\/div>\n\n\n\n<section class=\"wp-block-cover alignfull\" style=\"min-height:100vh;aspect-ratio:unset;\"><span aria-hidden=\"true\" class=\"wp-block-cover__background has-nv-dark-bg-background-color has-background-dim-60 has-background-dim\"><\/span><video class=\"wp-block-cover__video-background intrinsic-ignore\" autoplay muted loop playsinline src=\"https:\/\/dev.fktc.ch\/fjr\/assets\/cuban8-480p30.mov\" data-object-fit=\"cover\"><\/video><div class=\"wp-block-cover__inner-container is-layout-constrained wp-block-cover-is-layout-constrained\">\n<h2 class=\"wp-block-heading has-text-align-center has-text-color has-link-color wp-elements-dc9d55ec59d6523ab78d890a888e45e2\" style=\"color:#ffffff\">U\u00e7u\u015f \u00d6nizlemesi<\/h2>\n\n\n\n<div style=\"height:32px\" aria-hidden=\"true\" class=\"wp-block-spacer\"><\/div>\n\n\n\n<p class=\"has-text-align-center has-text-color has-link-color wp-elements-677e7db0218a3b6bec3340f1857bf42b\" style=\"color:#ffffff\">Kanat adamlar\u0131n\u0131n varl\u0131\u011f\u0131 garanti edilmez<\/p>\n<\/div><\/section>\n\n\n\n<div class=\"wp-block-cover alignfull\" style=\"padding-top:var(--wp--preset--spacing--80);padding-right:var(--wp--preset--spacing--50);padding-bottom:var(--wp--preset--spacing--80);padding-left:var(--wp--preset--spacing--50)\"><span aria-hidden=\"true\" class=\"wp-block-cover__background has-nv-light-bg-background-color has-background-dim-100 has-background-dim\"><\/span><div class=\"wp-block-cover__inner-container is-layout-flow wp-block-cover-is-layout-flow\">\n<div class=\"wp-block-columns has-neve-text-color-color has-text-color has-link-color wp-elements-9ac707d5270df711bb007cd2ddaaf140 is-layout-flex wp-container-core-columns-is-layout-9d6595d7 wp-block-columns-is-layout-flex\">\n<div class=\"wp-block-column is-vertically-aligned-top is-layout-flow wp-block-column-is-layout-flow\">\n<p class=\"big-number has-nv-site-bg-color has-text-color has-link-color wp-elements-37aaf5bfc1f5577de73b508095c061d7\" style=\"font-size:220px\"><strong>04<\/strong><\/p>\n\n\n\n<h2 class=\"wp-block-heading\">Senin G\u00fcn\u00fcn<\/h2>\n\n\n\n<p>G\u00fcn\u00fcn\u00fcz, hava \u00fcss\u00fcne ad\u0131m att\u0131\u011f\u0131n\u0131zda ve deneyimli pilotunuzla tan\u0131\u015ft\u0131\u011f\u0131n\u0131zda heyecan verici bir tan\u0131\u015fma ve selamla\u015fma ile ba\u015flayacak. Y\u00fcksek adrenalinli maceran\u0131z hakk\u0131nda ayr\u0131nt\u0131l\u0131 bir brifingin ard\u0131ndan, L-39 Albatros'un kalk\u0131\u015fa haz\u0131rland\u0131\u011f\u0131na ve jetin g\u00fc\u00e7l\u00fc motorlar\u0131n\u0131n hayata k\u00fckredi\u011fine tan\u0131k olacaks\u0131n\u0131z. <\/p>\n\n\n\n<p>Havaland\u0131ktan sonra, Paderborn'un pitoresk manzaralar\u0131 \u00fczerinde s\u00fcz\u00fcl\u00fcrken varil taklalar\u0131, dik d\u00f6n\u00fc\u015fler ve d\u00f6ng\u00fcler gibi yer\u00e7ekimine meydan okuyan akrobasi hareketleriyle y\u00fcrek hoplatan bir deneyime dalacaks\u0131n\u0131z. Heyecan bununla da bitmiyor; kumanday\u0131 ele al\u0131p bu efsanevi u\u00e7a\u011f\u0131 kullanma \u015fans\u0131na da sahip olacak ve kumandan\u0131n sizde oldu\u011funu hissedeceksiniz. <\/p>\n\n\n\n<p>U\u00e7u\u015funuzdan sonra, i\u00e7ecekler, ikonik jet ile foto\u011fraflar ve belki de pilotunuz taraf\u0131ndan payla\u015f\u0131lan ve size ger\u00e7ek bir sava\u015f u\u00e7a\u011f\u0131 pilotunun hayat\u0131na i\u00e7eriden bir bak\u0131\u015f a\u00e7\u0131s\u0131 sa\u011flayan birka\u00e7 hikaye ile g\u00f6ky\u00fcz\u00fcndeki maceran\u0131z\u0131n zaferini ya\u015famak i\u00e7in biraz zaman ay\u0131r\u0131n.<\/p>\n\n\n\n<figure class=\"wp-block-image size-large\"><img loading=\"lazy\" decoding=\"async\" width=\"1024\" height=\"683\" src=\"https:\/\/fighter-jet-rides.com\/wp-content\/uploads\/2025\/01\/Ewoud-Jet-Flight-II-1024x683.jpg\" alt=\"\" class=\"wp-image-879\" srcset=\"https:\/\/fighter-jet-rides.com\/wp-content\/uploads\/2025\/01\/Ewoud-Jet-Flight-II-1024x683.jpg 1024w, https:\/\/fighter-jet-rides.com\/wp-content\/uploads\/2025\/01\/Ewoud-Jet-Flight-II-300x200.jpg 300w, https:\/\/fighter-jet-rides.com\/wp-content\/uploads\/2025\/01\/Ewoud-Jet-Flight-II-768x512.jpg 768w, https:\/\/fighter-jet-rides.com\/wp-content\/uploads\/2025\/01\/Ewoud-Jet-Flight-II-1536x1024.jpg 1536w, https:\/\/fighter-jet-rides.com\/wp-content\/uploads\/2025\/01\/Ewoud-Jet-Flight-II-2048x1365.jpg 2048w, https:\/\/fighter-jet-rides.com\/wp-content\/uploads\/2025\/01\/Ewoud-Jet-Flight-II-18x12.jpg 18w, https:\/\/fighter-jet-rides.com\/wp-content\/uploads\/2025\/01\/Ewoud-Jet-Flight-II-930x620.jpg 930w\" sizes=\"auto, (max-width: 1024px) 100vw, 1024px\" \/><\/figure>\n<\/div>\n\n\n\n<div class=\"wp-block-column is-layout-flow wp-block-column-is-layout-flow\">\n<div class=\"wp-block-group has-nv-site-bg-background-color has-background\" style=\"border-left-color:var(--wp--preset--color--neve-text-color);border-left-width:8px;padding-top:var(--wp--preset--spacing--60);padding-right:var(--wp--preset--spacing--50);padding-bottom:var(--wp--preset--spacing--30);padding-left:var(--wp--preset--spacing--50)\"><div class=\"wp-block-group__inner-container is-layout-constrained wp-container-core-group-is-layout-68dbf2b9 wp-block-group-is-layout-constrained\">\n<h3 class=\"wp-block-heading\">01 \u2013 Var\u0131\u015f<\/h3>\n\n\n\n<p>Hava \u00fcss\u00fcne var\u0131n ve brifing odas\u0131nda deneyimli pilotunuzla tan\u0131\u015f\u0131n, burada s\u0131cak bir kar\u015f\u0131lama alacak ve u\u00e7u\u015funuzun ayr\u0131nt\u0131lar\u0131n\u0131 tart\u0131\u015facaks\u0131n\u0131z.<\/p>\n<\/div><\/div>\n\n\n\n<div class=\"wp-block-group has-nv-site-bg-background-color has-background\" style=\"border-left-color:var(--wp--preset--color--neve-link-hover-color);border-left-width:8px;padding-top:var(--wp--preset--spacing--60);padding-right:var(--wp--preset--spacing--50);padding-bottom:var(--wp--preset--spacing--30);padding-left:var(--wp--preset--spacing--50)\"><div class=\"wp-block-group__inner-container is-layout-constrained wp-container-core-group-is-layout-68dbf2b9 wp-block-group-is-layout-constrained\">\n<h3 class=\"wp-block-heading\">02 \u2013 Brifing<\/h3>\n\n\n\n<p>Teknisyenler L-39 Albatros'u haz\u0131rlarken, pilotunuz g\u00fcvenlik protokollerini, manevralar\u0131 kapsayan ve akl\u0131n\u0131za gelebilecek her t\u00fcrl\u00fc soruyu yan\u0131tlayan planl\u0131 u\u00e7u\u015f program\u0131 boyunca size yol g\u00f6sterecektir.<\/p>\n<\/div><\/div>\n\n\n\n<div class=\"wp-block-group has-nv-site-bg-background-color has-background\" style=\"border-left-color:var(--wp--preset--color--neve-link-color);border-left-width:8px;padding-top:var(--wp--preset--spacing--60);padding-right:var(--wp--preset--spacing--50);padding-bottom:var(--wp--preset--spacing--30);padding-left:var(--wp--preset--spacing--50)\"><div class=\"wp-block-group__inner-container is-layout-constrained wp-container-core-group-is-layout-68dbf2b9 wp-block-group-is-layout-constrained\">\n<h3 class=\"wp-block-heading\">03 \u2013 U\u00e7u\u015f<\/h3>\n\n\n\n<p>Kalk\u0131\u015ftan sonra Paderborn \u00fczerinde s\u00fcz\u00fclerek y\u00fcksek h\u0131zl\u0131 d\u00f6n\u00fc\u015fler, taklalar ve akrobasi manevralar\u0131 deneyimleyeceksiniz. Ayr\u0131ca adrenalin dolu bir macera i\u00e7in jetin kontrol\u00fcn\u00fc kendiniz ele alma \u015fans\u0131na da sahip olacaks\u0131n\u0131z.<\/p>\n<\/div><\/div>\n\n\n\n<div class=\"wp-block-group has-nv-site-bg-background-color has-background\" style=\"border-left-color:var(--wp--preset--color--nv-dark-bg);border-left-width:8px;padding-top:var(--wp--preset--spacing--60);padding-right:var(--wp--preset--spacing--50);padding-bottom:var(--wp--preset--spacing--30);padding-left:var(--wp--preset--spacing--50)\"><div class=\"wp-block-group__inner-container is-layout-constrained wp-container-core-group-is-layout-68dbf2b9 wp-block-group-is-layout-constrained\">\n<h3 class=\"wp-block-heading\">04 \u2013 Bilgilendirme<\/h3>\n\n\n\n<p>\u0130ndi\u011finizde, i\u00e7eceklerle rahatlay\u0131n ve L-39 Albatros'un \u00f6n\u00fcnde birka\u00e7 foto\u011fraf \u00e7ekin. Pilotunuz sohbet etmek ve u\u00e7u\u015f kariyerinden b\u00fcy\u00fcleyici hikayeler payla\u015fmak i\u00e7in haz\u0131r olacakt\u0131r.<\/p>\n<\/div><\/div>\n<\/div>\n<\/div>\n<\/div><\/div>\n\n\n\n<div class=\"wp-block-cover alignfull\" style=\"padding-top:var(--wp--preset--spacing--80);padding-right:var(--wp--preset--spacing--50);padding-bottom:var(--wp--preset--spacing--80);padding-left:var(--wp--preset--spacing--50)\"><span aria-hidden=\"true\" class=\"wp-block-cover__background has-neve-text-color-background-color has-background-dim-100 has-background-dim\"><\/span><div class=\"wp-block-cover__inner-container is-layout-flow wp-block-cover-is-layout-flow\">\n<div class=\"wp-block-columns has-neve-text-color-color has-text-color has-link-color wp-elements-9a63116f45a71047ed12f48a2d4ddd00 is-layout-flex wp-container-core-columns-is-layout-9d6595d7 wp-block-columns-is-layout-flex\">\n<div class=\"wp-block-column is-vertically-aligned-top is-layout-flow wp-block-column-is-layout-flow\">\n<p class=\"has-text-align-center big-number has-nv-dark-bg-color has-text-color has-link-color wp-elements-7e612bda57bda529f54e8da88b244299\" style=\"font-size:220px\"><strong>05<\/strong><\/p>\n\n\n\n<h2 class=\"wp-block-heading has-text-align-center has-nv-light-bg-color has-text-color has-link-color wp-elements-0a4d946587775a2209fc0b9a4906f27e\">Oraya Ula\u015fmak<\/h2>\n\n\n\n<p class=\"has-text-align-center has-nv-light-bg-color has-text-color has-link-color wp-elements-ab1d276c703f4186114a40ed2fb94568\">Dortmund ve Hannover gibi b\u00fcy\u00fck merkezlerden sadece iki saat uzakl\u0131kta bulunan Paderborn'a ula\u015fmak \u00e7ok kolay. \u0130ster arabayla ister trenle geliyor olun, heyecan verici jet deneyiminiz i\u00e7in hava \u00fcss\u00fcne kolayca eri\u015febilirsiniz. Daha fazla kolayl\u0131k sa\u011flamak i\u00e7in \u015fehirden iste\u011fe ba\u011fl\u0131 transferler d\u00fczenlenebilir ve maceran\u0131za en ba\u015f\u0131ndan itibaren kolayl\u0131kla ve heyecanla ba\u015flaman\u0131z sa\u011flanabilir.<\/p>\n\n\n\n<div class=\"leaflet-map WPLeafletMap\" style=\"height:800px; width:100%;\"><\/div><script>\nwindow.WPLeafletMapPlugin = window.WPLeafletMapPlugin || [];\nwindow.WPLeafletMapPlugin.push(function WPLeafletMapShortcode() {\/*<script>*\/\nvar baseUrl = atob('aHR0cHM6Ly90aWxlcy1ldS5zdGFkaWFtYXBzLmNvbS90aWxlcy9zdGFtZW5fdG9uZXIve3p9L3t4fS97eX17cn0ucG5n');\nvar base = (!baseUrl && window.MQ) ?\n    window.MQ.mapLayer() : L.tileLayer(baseUrl,\n        L.Util.extend({}, {\n            detectRetina: 0,\n        },\n        {\"subdomains\":\"abc\",\"noWrap\":false,\"maxZoom\":19}        )\n    );\n    var options = L.Util.extend({}, {\n        layers: [base],\n        attributionControl: false\n    },\n    {\"zoomControl\":true,\"scrollWheelZoom\":true,\"doubleClickZoom\":true,\"fitBounds\":false,\"minZoom\":0,\"maxZoom\":19,\"maxBounds\":null,\"attribution\":\"<a href=\\\"http:\\\/\\\/leafletjs.com\\\" title=\\\"A JS library for interactive maps\\\">Leaflet<\\\/a>; \\u00a9 <a href=\\\"http:\\\/\\\/www.openstreetmap.org\\\/copyright\\\">OpenStreetMap<\\\/a> contributors\"},\n    {});\nwindow.WPLeafletMapPlugin.createMap(options).setView([46.0667,11.1256],5);});<\/script>\n\n\n\n<script>\nwindow.WPLeafletMapPlugin = window.WPLeafletMapPlugin || [];\nwindow.WPLeafletMapPlugin.push(function WPLeafletMarkerShortcode() {\/*<script>*\/\nvar map = window.WPLeafletMapPlugin.getCurrentMap();\nvar group = window.WPLeafletMapPlugin.getCurrentGroup();\nvar marker_options = window.WPLeafletMapPlugin.getIconOptions({\"iconUrl\":\"https:\\\/\\\/dev.fktc.ch\\\/fjr\\\/assets\\\/marker-yellow.svg\",\"iconSize\":\"80,50\"});\nvar marker = L.marker(\n    [51.6925,8.7444],\n    marker_options\n);\nvar is_image = map.is_image_map;\nif (marker_options.draggable) {\n    marker.on('dragend', function () {\n        var latlng = this.getLatLng();\n        var lat = latlng.lat;\n        var lng = latlng.lng;\n        if (is_image) {\n            console.log('leaflet-marker y=' + lat + ' x=' + lng);\n        } else {\n            console.log('leaflet-marker lat=' + lat + ' lng=' + lng);\n        }\n    });\n}\nmarker.addTo( group );\nmarker.bindPopup(window.WPLeafletMapPlugin.unescape('\ud83d\ude80\ud83d\udc68\u200d\ud83d\ude80 The L-39 Albatros in Paderborn, Germany \ud83c\udde9\ud83c\uddea'));window.WPLeafletMapPlugin.markers.push( marker );\n        });<\/script>\n<\/div>\n<\/div>\n<\/div><\/div>\n\n\n\n<div class=\"wp-block-cover alignfull\" style=\"padding-top:var(--wp--preset--spacing--80);padding-right:var(--wp--preset--spacing--50);padding-bottom:var(--wp--preset--spacing--80);padding-left:var(--wp--preset--spacing--50)\"><span aria-hidden=\"true\" class=\"wp-block-cover__background has-nv-light-bg-background-color has-background-dim-100 has-background-dim\"><\/span><div class=\"wp-block-cover__inner-container is-layout-flow wp-block-cover-is-layout-flow\">\n<div class=\"wp-block-columns has-neve-text-color-color has-text-color has-link-color wp-elements-6e57ea1ef115dcbea77ca0abe7f3fe6a is-layout-flex wp-container-core-columns-is-layout-9d6595d7 wp-block-columns-is-layout-flex\">\n<div class=\"wp-block-column is-vertically-aligned-top is-layout-flow wp-block-column-is-layout-flow\" style=\"padding-right:0rem;padding-left:0rem\">\n<p class=\"has-text-align-center big-number has-nv-site-bg-color has-text-color has-link-color wp-elements-b1acbaf334e5e8065ff18a7021d692b3\" id=\"calendar\" style=\"font-size:220px\"><strong>06<\/strong><\/p>\n\n\n\n<h2 class=\"wp-block-heading has-text-align-center\">Kullan\u0131labilirlik<\/h2>\n\n\n\n<p class=\"has-text-align-center\">Mevcut olup olmad\u0131\u011f\u0131n\u0131 kontrol edin ve <strong><mark style=\"background-color:var(--nv-site-bg)\" class=\"has-inline-color has-nv-dark-bg-color\">Rezervasyona ba\u015flamak i\u00e7in herhangi bir tarihi t\u0131klay\u0131n<\/mark><\/strong><\/p>\n\n\n    <div style=\"display:none;\">MiGFlug DatePicker S\u00fcr\u00fcm 1.2.2<\/div>\n\n    <div class=\"datepicker-container\" style=\"position: relative\">\n        <div class=\"datepicker-availability\" id=\"datepicker_69f7178a3389b\"><\/div>\n    <\/div>\n    <script src=\"https:\/\/cdnjs.cloudflare.com\/ajax\/libs\/luxon\/3.4.3\/luxon.min.js\"><\/script>\n    <script type=\"text\/javascript\">\n        jQuery(document).ready(function ($) {\n            const { DateTime } = luxon;\n            const timezone = \"America\/New_York\";\n            var disabledDays = [];\n\n            let today = DateTime.now().setZone(timezone);\n            let maxDate = today.plus({ years: 3 });\n\n            const debouncedFetchDisabledDates = debounce(fetchDisabledDates, 300);\n\n            $(\"#datepicker_69f7178a3389b\").datepicker({\n                changeMonth: true,\n                changeYear: true,\n                showOtherMonths: true,\n                selectOtherMonths: true,\n                yearRange: \"c-10:c+10\",\n                dateFormat: \"yy-dd-mm\",\n                minDate: 0,\n                maxDate: new Date(maxDate.year, maxDate.month - 1, maxDate.day),\n                monthNames: [\n                    \"January\", \"February\", \"March\", \"April\", \"May\", \"June\",\n                    \"July\", \"August\", \"September\", \"October\", \"November\", \"December\"\n                ],\n                monthNamesShort: [\n                    \"Jan\", \"Feb\", \"Mar\", \"Apr\", \"May\", \"Jun\",\n                    \"Jul\", \"Aug\", \"Sep\", \"Oct\", \"Nov\", \"Dec\"\n                ],\n                onSelect: function (dateText) {\n                    let parsedDate = $.datepicker.parseDate('yy-dd-mm', dateText);\n                    let finalDate = $.datepicker.formatDate('yy-mm-dd', parsedDate);\n\n                    let bookingURL = \"#pricing\";\n                    let popup_id = \"\";\n\n                    if (bookingURL !== \"\") {\n                        let fullURL = bookingURL + \"?datechoice=now&date=\" + finalDate +\n                            \"&region=\" + \"\" +\n                            \"&product=\" + \"\" +\n                            \"&eulocation=\" + \"\" +\n                            \"&uslocation=\" + \"\" +\n                            \"&referrer=\" + \"\" +\n                            \"&itlocation=\" + \"\" +\n                            \"&apaclocation=\" + \"\";\n                        window.open(fullURL, '_blank');\n                        showAvailableDay();\n                    } else if (popup_id !== \"\") {\n                        PUM.open('#' + popup_id);\n                        showAvailableDay();\n                    }\n                },\n                beforeShow: function (input, inst) {\n                    showAvailableDay();\n                },\n                beforeShowDay: function (date) {\n                    \/\/ Convert local date to the API timezone for comparison\n                    const localDt = DateTime.fromJSDate(date);\n                    \/\/ Format to check against our collection\n                    const dateToCheck = localDt.toFormat('yyyy-MM-dd');\n                    \n                    \/\/ Check if this date is in our available dates list\n                    const isAvailable = disabledDays.includes(dateToCheck);\n                    return [isAvailable];\n                },\n                onChangeMonthYear: function (year, month, inst) {\n                    debouncedFetchDisabledDates(year, month);\n                }\n            });\n\n            showAvailableDay();\n\n            function fetchDisabledDates(year, month, retryCount = 0) {\n                const appointmentId = \"1785532\";\n                const calendarId = \"708482\";\n                const cacheKey = `disabledDates_${calendarId}_${appointmentId}_${year}_${month}_${timezone}`;\n                const expirationTime = 24 * 60 * 60 * 1000;\n                const now = Date.now();\n                const yearMonth = year + '-' + (\"0\" + month).slice(-2);\n                const maxRetries = 3;\n                const $datepicker = $('.datepicker-availability');\n                $datepicker.append('<div class=\"datepicker-loader-overlay\"><\/div><div class=\"spinner\"><\/div>');\n\n                if (localStorage.getItem(cacheKey)) {\n                    const cachedData = JSON.parse(localStorage.getItem(cacheKey));\n                    if (cachedData && cachedData.expiration > now) {\n                        updateDisabledDates(cachedData.response);\n                        fetchDataForNextMonth(year, month);\n                        return;\n                    }\n                }\n\n                $.ajax({\n                    url: 'https:\/\/fighter-jet-rides.com\/wp-admin\/admin-ajax.php',\n                    method: 'GET',\n                    data: {\n                        action: 'datepicker_fetch_disabled_dates',\n                        yearMonth: yearMonth.trim(),\n                        calendarId: calendarId.trim(),\n                        appointmentId: appointmentId.trim(),\n                        timezone: timezone.trim(), \/\/ Add timezone to the AJAX request\n                    },\n                    dataType: 'json',\n                    timeout: 10000,\n                }).done(function (response) {\n                    const item = {\n                        response,\n                        expiration: now + expirationTime\n                    };\n                    localStorage.setItem(cacheKey, JSON.stringify(item));\n                    updateDisabledDates(response);\n                    fetchDataForNextMonth(year, month);\n                }).fail(function (xhr, status) {\n                    if ((status === \"timeout\" || status === \"error\") && retryCount < maxRetries) {\n                        fetchDisabledDates(year, month, retryCount + 1);\n                    } else {\n                        hideLoader();\n                    }\n                });\n            }\n\n            async function fetchDataForNextMonth(year, month) {\n                \/\/ Adjust year if we're in December\n                let nextYear = year;\n                let nextMonth = month === 12 ? 1 : month + 1;\n                if (month === 12) nextYear++;\n\n                const appointmentId = \"1785532\";\n                const calendarId = \"708482\";\n                const cacheKey = `disabledDates_${calendarId}_${appointmentId}_${nextYear}_${nextMonth}_${timezone}`;\n                const expirationTime = 24 * 60 * 60 * 1000;\n                const now = Date.now();\n                const yearMonth = nextYear + '-' + (\"0\" + nextMonth).slice(-2);\n\n                if (localStorage.getItem(cacheKey)) {\n                    const cachedData = JSON.parse(localStorage.getItem(cacheKey));\n                    if (cachedData && cachedData.expiration > now) {\n                        return;\n                    }\n                }\n\n                $.ajax({\n                    url: 'https:\/\/fighter-jet-rides.com\/wp-admin\/admin-ajax.php',\n                    method: 'GET',\n                    data: {\n                        action: 'datepicker_fetch_disabled_dates',\n                        yearMonth: yearMonth.trim(),\n                        calendarId: calendarId.trim(),\n                        appointmentId: appointmentId.trim(),\n                        timezone: timezone.trim(), \/\/ Add timezone to the AJAX request\n                    },\n                    dataType: 'json',\n                    timeout: 10000,\n                }).done(function (response) {\n                    const item = {\n                        response,\n                        expiration: now + expirationTime\n                    };\n                    localStorage.setItem(cacheKey, JSON.stringify(item));\n                }).fail(function () {\n                    hideLoader();\n                });\n            }\n\n            function updateDisabledDates(response) {\n                if (response && response.success) {\n                    \/\/ Store dates in YYYY-MM-DD format directly from API\n                    disabledDays = response.data.map(function (item) {\n                        return item.date; \/\/ API already returns dates in the requested timezone\n                    });\n                    $('#datepicker_69f7178a3389b').datepicker('refresh');\n                }\n                hideLoader();\n            }\n\n            function showAvailableDay() {\n                let date = DateTime.now().setZone(timezone);\n                fetchDisabledDates(date.year, date.month);\n            }\n\n            function hideLoader() {\n                $('.datepicker-loader-overlay, .spinner').remove();\n            }\n\n            function debounce(func, wait) {\n                let timeout;\n                return function (...args) {\n                    const context = this;\n                    clearTimeout(timeout);\n                    timeout = setTimeout(() => func.apply(context, args), wait);\n                };\n            }\n        });\n    <\/script>\n    \n<\/div>\n<\/div>\n<\/div><\/div>\n\n\n\n<section class=\"wp-block-cover alignfull is-light\" style=\"padding-top:var(--wp--preset--spacing--80);padding-right:var(--wp--preset--spacing--40);padding-bottom:var(--wp--preset--spacing--80);padding-left:var(--wp--preset--spacing--40)\"><span aria-hidden=\"true\" class=\"wp-block-cover__background has-neve-text-color-background-color has-background-dim\"><\/span><div class=\"wp-block-cover__inner-container is-layout-constrained wp-container-core-cover-is-layout-cd625289 wp-block-cover-is-layout-constrained\">\n<div class=\"wp-block-columns are-vertically-aligned-center is-layout-flex wp-container-core-columns-is-layout-9d6595d7 wp-block-columns-is-layout-flex\">\n<div class=\"wp-block-column is-vertically-aligned-center is-layout-flow wp-block-column-is-layout-flow\">\n<div class=\"wp-block-group has-nv-text-dark-bg-color has-text-color has-link-color wp-elements-03820e42c80cdd1e1033d8f1151ab950\"><div class=\"wp-block-group__inner-container is-layout-flow wp-block-group-is-layout-flow\">\n<p class=\"has-text-align-center big-number has-text-color has-link-color wp-elements-2a6a51a85a796ce6eea6527b9bcd760e\" style=\"color:#ffffff1c;font-size:220px\"><strong>07<\/strong><\/p>\n\n\n\n<h2 class=\"wp-block-heading has-text-align-center\">Referanslar<\/h2>\n\n\n\n<div style=\"height:80px\" aria-hidden=\"true\" class=\"wp-block-spacer\"><\/div>\n<\/div><\/div>\n<\/div>\n<\/div>\n\n\n\n<div class=\"wp-block-columns has-nv-text-dark-bg-color has-text-color has-link-color wp-elements-b02bd1aabe3ed053b9f8e32f0fd7f39f is-layout-flex wp-container-core-columns-is-layout-9d6595d7 wp-block-columns-is-layout-flex\">\n<div class=\"wp-block-column has-neve-text-color-color has-nv-site-bg-background-color has-text-color has-background has-link-color wp-elements-32332199d64692a286b635c85ae53a70 is-layout-flow wp-block-column-is-layout-flow\" style=\"border-bottom-color:var(--wp--preset--color--neve-link-hover-color);border-bottom-width:8px;padding-top:var(--wp--preset--spacing--70);padding-right:var(--wp--preset--spacing--50);padding-bottom:var(--wp--preset--spacing--70);padding-left:var(--wp--preset--spacing--50)\"><div class=\"wp-block-image\">\n<figure class=\"aligncenter size-full is-resized has-custom-border\"><img loading=\"lazy\" decoding=\"async\" width=\"2560\" height=\"1476\" src=\"https:\/\/fighter-jet-rides.com\/wp-content\/uploads\/2025\/01\/FG-L39-01-scaled.jpg\" alt=\"\" class=\"wp-image-895\" style=\"border-radius:999px;aspect-ratio:1;object-fit:cover;width:317px;height:auto\" srcset=\"https:\/\/fighter-jet-rides.com\/wp-content\/uploads\/2025\/01\/FG-L39-01-scaled.jpg 2560w, https:\/\/fighter-jet-rides.com\/wp-content\/uploads\/2025\/01\/FG-L39-01-300x173.jpg 300w, https:\/\/fighter-jet-rides.com\/wp-content\/uploads\/2025\/01\/FG-L39-01-1024x591.jpg 1024w, https:\/\/fighter-jet-rides.com\/wp-content\/uploads\/2025\/01\/FG-L39-01-768x443.jpg 768w, https:\/\/fighter-jet-rides.com\/wp-content\/uploads\/2025\/01\/FG-L39-01-1536x886.jpg 1536w, https:\/\/fighter-jet-rides.com\/wp-content\/uploads\/2025\/01\/FG-L39-01-2048x1181.jpg 2048w, https:\/\/fighter-jet-rides.com\/wp-content\/uploads\/2025\/01\/FG-L39-01-18x10.jpg 18w\" sizes=\"auto, (max-width: 2560px) 100vw, 2560px\" \/><\/figure>\n<\/div>\n\n\n<div style=\"height:32px\" aria-hidden=\"true\" class=\"wp-block-spacer\"><\/div>\n\n\n\n<h3 class=\"wp-block-heading has-text-align-center\"><strong>Philipp Stephen<\/strong> - BIRLE\u015eIK KRALLIK<\/h3>\n\n\n\n<p class=\"has-text-align-center\"><em>&#8220;<\/em>Hayat\u0131m\u0131n en g\u00fczel g\u00fcn\u00fcyd\u00fc. G\u00fczel bir \u015firket ve hatta pilotlar. Vay be. Ke\u015fke tekrar u\u00e7abilsem! Daha \u00f6nce u\u00e7tum ama bunun en iyi zaman oldu\u011funu s\u00f6ylemeliyim, tekrar gidiyorum! Hava biraz k\u00f6t\u00fcle\u015fti ve yolculu\u011fun art\u0131k k\u00f6t\u00fc olaca\u011f\u0131n\u0131 d\u00fc\u015f\u00fcnd\u00fcm ama hay\u0131r, daha da e\u011flendim. Umar\u0131m tekrar u\u00e7ar\u0131m...<em>&#8220;<\/em><\/p>\n\n\n<div class=\"wp-block-image\">\n<figure class=\"aligncenter size-full is-resized\"><img decoding=\"async\" src=\"https:\/\/fighter-jet-rides.com\/wp-content\/uploads\/2025\/01\/philipp-stephen.svg\" alt=\"\" class=\"wp-image-893\" style=\"width:auto;height:40px\"\/><\/figure>\n<\/div><\/div>\n\n\n\n<div class=\"wp-block-column has-neve-text-color-color has-nv-site-bg-background-color has-text-color has-background has-link-color wp-elements-3a9a8029cc381de28596a71befe2ec29 is-layout-flow wp-block-column-is-layout-flow\" style=\"border-bottom-color:var(--wp--preset--color--neve-link-color);border-bottom-width:8px;padding-top:var(--wp--preset--spacing--70);padding-right:var(--wp--preset--spacing--50);padding-bottom:var(--wp--preset--spacing--70);padding-left:var(--wp--preset--spacing--50)\"><div class=\"wp-block-image\">\n<figure class=\"aligncenter size-full is-resized has-custom-border\"><img loading=\"lazy\" decoding=\"async\" width=\"1280\" height=\"719\" src=\"https:\/\/fighter-jet-rides.com\/wp-content\/uploads\/2025\/01\/Ewoud-Jet-Flight-I.jpg\" alt=\"\" class=\"wp-image-896\" style=\"border-radius:999px;aspect-ratio:1;object-fit:cover;width:304px;height:auto\" srcset=\"https:\/\/fighter-jet-rides.com\/wp-content\/uploads\/2025\/01\/Ewoud-Jet-Flight-I.jpg 1280w, https:\/\/fighter-jet-rides.com\/wp-content\/uploads\/2025\/01\/Ewoud-Jet-Flight-I-300x169.jpg 300w, https:\/\/fighter-jet-rides.com\/wp-content\/uploads\/2025\/01\/Ewoud-Jet-Flight-I-1024x575.jpg 1024w, https:\/\/fighter-jet-rides.com\/wp-content\/uploads\/2025\/01\/Ewoud-Jet-Flight-I-768x431.jpg 768w, https:\/\/fighter-jet-rides.com\/wp-content\/uploads\/2025\/01\/Ewoud-Jet-Flight-I-18x10.jpg 18w\" sizes=\"auto, (max-width: 1280px) 100vw, 1280px\" \/><\/figure>\n<\/div>\n\n\n<div style=\"height:32px\" aria-hidden=\"true\" class=\"wp-block-spacer\"><\/div>\n\n\n\n<h3 class=\"wp-block-heading has-text-align-center\">Mubeen Khan - Hindistan<\/h3>\n\n\n\n<p class=\"has-text-align-center\"><em>&#8220;<\/em> Almanya'da heyecan verici bir L-39 Albatros jet u\u00e7u\u015funun keyfini \u00e7\u0131kard\u0131m. Jeti kendim bile kontrol edebildim! \u00c7ok g\u00fczel ve profesyonel bir organizasyon, t\u00fcm sorular\u0131ma \u00e7ok h\u0131zl\u0131 cevap verdiler. Ve harika ve arkada\u015f canl\u0131s\u0131 bir pilot, havaalan\u0131nda harika zaman ge\u00e7irdik. T\u00fcm macera boyunca emin ellerdeydim. Ve jet u\u00e7u\u015fumun yap\u0131ld\u0131\u011f\u0131 g\u00fcn\u00fc asla unutmayaca\u011f\u0131m!<em>&#8220;<\/em><\/p>\n\n\n<div class=\"wp-block-image\">\n<figure class=\"aligncenter size-full is-resized\"><img decoding=\"async\" src=\"https:\/\/fighter-jet-rides.com\/wp-content\/uploads\/2025\/01\/mubeen-khan.svg\" alt=\"\" class=\"wp-image-894\" style=\"width:auto;height:40px\"\/><\/figure>\n<\/div><\/div>\n<\/div>\n<\/div><\/section>\n\n\n\n<div class=\"wp-block-cover alignfull has-neve-text-color-color has-text-color has-link-color wp-elements-7b5732ac1d5bbc51010a8a5897bd2750\" style=\"padding-top:var(--wp--preset--spacing--80);padding-right:var(--wp--preset--spacing--40);padding-bottom:var(--wp--preset--spacing--80);padding-left:var(--wp--preset--spacing--40)\"><span aria-hidden=\"true\" class=\"wp-block-cover__background has-nv-site-bg-background-color has-background-dim-100 has-background-dim\"><\/span><div class=\"wp-block-cover__inner-container is-layout-flow wp-block-cover-is-layout-flow\">\n<div class=\"wp-block-columns is-layout-flex wp-container-core-columns-is-layout-9d6595d7 wp-block-columns-is-layout-flex\">\n<div class=\"wp-block-column is-layout-flow wp-block-column-is-layout-flow\" style=\"flex-basis:100%\">\n<div class=\"wp-block-group is-vertical is-content-justification-center is-layout-flex wp-container-core-group-is-layout-4b2eccd6 wp-block-group-is-layout-flex\">\n<p class=\"big-number has-nv-light-bg-color has-text-color has-link-color wp-elements-a7fd32131fbdfd6fd566c5b9b1686a04\" style=\"font-size:220px\"><strong>0<\/strong>8<\/p>\n\n\n\n<h2 class=\"wp-block-heading has-text-align-center has-neve-text-color-color has-text-color has-link-color wp-elements-e0561d289cad4c05cbdbcf696a6081b6\">Galeri<\/h2>\n\n\n\n<p class=\"has-text-align-center has-neve-text-color-color has-text-color has-link-color wp-elements-c0ffe49e336970eefcf024af920a9b35\">Paderborn<\/p>\n\n\n\n<div style=\"height:0px\" aria-hidden=\"true\" class=\"wp-block-spacer wp-container-content-f9bd05ee\"><\/div>\n<\/div>\n<\/div>\n<\/div>\n\n\n\n<figure class=\"wp-block-gallery has-nested-images columns-3 is-cropped wp-block-gallery-1 is-layout-flex wp-block-gallery-is-layout-flex\">\n<figure class=\"wp-block-image size-large\"><img loading=\"lazy\" decoding=\"async\" width=\"1024\" height=\"1024\" data-id=\"357\" src=\"https:\/\/dev.fktc.ch\/fjr\/wp-content\/uploads\/2024\/12\/5-2-1024x1024.jpeg\" alt=\"\" class=\"wp-image-357\" srcset=\"https:\/\/fighter-jet-rides.com\/wp-content\/uploads\/2024\/12\/5-2-1024x1024.jpeg 1024w, https:\/\/fighter-jet-rides.com\/wp-content\/uploads\/2024\/12\/5-2-300x300.jpeg 300w, https:\/\/fighter-jet-rides.com\/wp-content\/uploads\/2024\/12\/5-2-150x150.jpeg 150w, https:\/\/fighter-jet-rides.com\/wp-content\/uploads\/2024\/12\/5-2-768x768.jpeg 768w, https:\/\/fighter-jet-rides.com\/wp-content\/uploads\/2024\/12\/5-2-1536x1536.jpeg 1536w, https:\/\/fighter-jet-rides.com\/wp-content\/uploads\/2024\/12\/5-2-12x12.jpeg 12w, https:\/\/fighter-jet-rides.com\/wp-content\/uploads\/2024\/12\/5-2.jpeg 2048w\" sizes=\"auto, (max-width: 1024px) 100vw, 1024px\" \/><\/figure>\n\n\n\n<figure class=\"wp-block-image size-full\"><img loading=\"lazy\" decoding=\"async\" width=\"1600\" height=\"1063\" data-id=\"909\" src=\"https:\/\/fighter-jet-rides.com\/wp-content\/uploads\/2025\/01\/Fighter-Jet-Ride-Along.jpg\" alt=\"\" class=\"wp-image-909\" srcset=\"https:\/\/fighter-jet-rides.com\/wp-content\/uploads\/2025\/01\/Fighter-Jet-Ride-Along.jpg 1600w, https:\/\/fighter-jet-rides.com\/wp-content\/uploads\/2025\/01\/Fighter-Jet-Ride-Along-300x199.jpg 300w, https:\/\/fighter-jet-rides.com\/wp-content\/uploads\/2025\/01\/Fighter-Jet-Ride-Along-1024x680.jpg 1024w, https:\/\/fighter-jet-rides.com\/wp-content\/uploads\/2025\/01\/Fighter-Jet-Ride-Along-768x510.jpg 768w, https:\/\/fighter-jet-rides.com\/wp-content\/uploads\/2025\/01\/Fighter-Jet-Ride-Along-1536x1020.jpg 1536w, https:\/\/fighter-jet-rides.com\/wp-content\/uploads\/2025\/01\/Fighter-Jet-Ride-Along-18x12.jpg 18w\" sizes=\"auto, (max-width: 1600px) 100vw, 1600px\" \/><\/figure>\n\n\n\n<figure class=\"wp-block-image size-large\"><img loading=\"lazy\" decoding=\"async\" width=\"1024\" height=\"680\" data-id=\"910\" src=\"https:\/\/fighter-jet-rides.com\/wp-content\/uploads\/2025\/01\/Combat-Jet-Flight-1024x680.jpg\" alt=\"\" class=\"wp-image-910\" srcset=\"https:\/\/fighter-jet-rides.com\/wp-content\/uploads\/2025\/01\/Combat-Jet-Flight-1024x680.jpg 1024w, https:\/\/fighter-jet-rides.com\/wp-content\/uploads\/2025\/01\/Combat-Jet-Flight-300x199.jpg 300w, https:\/\/fighter-jet-rides.com\/wp-content\/uploads\/2025\/01\/Combat-Jet-Flight-768x510.jpg 768w, https:\/\/fighter-jet-rides.com\/wp-content\/uploads\/2025\/01\/Combat-Jet-Flight-1536x1020.jpg 1536w, https:\/\/fighter-jet-rides.com\/wp-content\/uploads\/2025\/01\/Combat-Jet-Flight-18x12.jpg 18w, https:\/\/fighter-jet-rides.com\/wp-content\/uploads\/2025\/01\/Combat-Jet-Flight.jpg 1600w\" sizes=\"auto, (max-width: 1024px) 100vw, 1024px\" \/><\/figure>\n\n\n\n<figure class=\"wp-block-image size-full\"><img loading=\"lazy\" decoding=\"async\" width=\"2560\" height=\"1707\" data-id=\"902\" src=\"https:\/\/fighter-jet-rides.com\/wp-content\/uploads\/2025\/01\/LDKK_0726-scaled.jpg\" alt=\"\" class=\"wp-image-902\" srcset=\"https:\/\/fighter-jet-rides.com\/wp-content\/uploads\/2025\/01\/LDKK_0726-scaled.jpg 2560w, https:\/\/fighter-jet-rides.com\/wp-content\/uploads\/2025\/01\/LDKK_0726-300x200.jpg 300w, https:\/\/fighter-jet-rides.com\/wp-content\/uploads\/2025\/01\/LDKK_0726-1024x683.jpg 1024w\" sizes=\"auto, (max-width: 2560px) 100vw, 2560px\" \/><\/figure>\n\n\n\n<figure class=\"wp-block-image size-large\"><img loading=\"lazy\" decoding=\"async\" width=\"1024\" height=\"576\" data-id=\"904\" src=\"https:\/\/fighter-jet-rides.com\/wp-content\/uploads\/2025\/01\/pexels-wolfgang-weiser-467045605-20790004-2-1024x576.jpg\" alt=\"\" class=\"wp-image-904\" srcset=\"https:\/\/fighter-jet-rides.com\/wp-content\/uploads\/2025\/01\/pexels-wolfgang-weiser-467045605-20790004-2-1024x576.jpg 1024w, https:\/\/fighter-jet-rides.com\/wp-content\/uploads\/2025\/01\/pexels-wolfgang-weiser-467045605-20790004-2-300x169.jpg 300w, https:\/\/fighter-jet-rides.com\/wp-content\/uploads\/2025\/01\/pexels-wolfgang-weiser-467045605-20790004-2-768x432.jpg 768w\" sizes=\"auto, (max-width: 1024px) 100vw, 1024px\" \/><\/figure>\n\n\n\n<figure class=\"wp-block-image size-full\"><img loading=\"lazy\" decoding=\"async\" width=\"592\" height=\"392\" data-id=\"901\" src=\"https:\/\/fighter-jet-rides.com\/wp-content\/uploads\/2025\/01\/2008-07-17-17-11.jpeg\" alt=\"\" class=\"wp-image-901\" srcset=\"https:\/\/fighter-jet-rides.com\/wp-content\/uploads\/2025\/01\/2008-07-17-17-11.jpeg 592w, https:\/\/fighter-jet-rides.com\/wp-content\/uploads\/2025\/01\/2008-07-17-17-11-300x199.jpeg 300w, https:\/\/fighter-jet-rides.com\/wp-content\/uploads\/2025\/01\/2008-07-17-17-11-18x12.jpeg 18w\" sizes=\"auto, (max-width: 592px) 100vw, 592px\" \/><\/figure>\n<\/figure>\n<\/div><\/div>\n\n\n\n<div class=\"wp-block-cover alignfull\" style=\"padding-top:var(--wp--preset--spacing--80);padding-right:var(--wp--preset--spacing--50);padding-bottom:var(--wp--preset--spacing--80);padding-left:var(--wp--preset--spacing--50)\"><span aria-hidden=\"true\" class=\"wp-block-cover__background has-neve-text-color-background-color has-background-dim-100 has-background-dim\"><\/span><div class=\"wp-block-cover__inner-container is-layout-flow wp-block-cover-is-layout-flow\">\n<p class=\"has-text-align-center big-number has-nv-dark-bg-color has-text-color has-link-color wp-elements-3a406c462527867313f211aa11578edb\" id=\"pricing\" style=\"font-size:220px\"><strong>09<\/strong><\/p>\n\n\n\n<h2 class=\"wp-block-heading has-text-align-center\">Fiyatlar ve Rezervasyon<\/h2>\n\n\n\n<div class=\"wp-block-columns has-neve-text-color-color has-text-color has-link-color wp-elements-7aa9d9949dc95e2c5f67c04de9a2e81f is-layout-flex wp-container-core-columns-is-layout-9d6595d7 wp-block-columns-is-layout-flex\">\n<div class=\"wp-block-column is-vertically-aligned-top is-layout-flow wp-block-column-is-layout-flow\">\n<div class=\"wp-block-group has-nv-site-bg-background-color has-background\" style=\"border-top-color:var(--wp--preset--color--nv-dark-bg);border-top-width:8px;border-right-style:none;border-right-width:0px;border-bottom-style:none;border-bottom-width:0px;border-left-style:none;border-left-width:0px;padding-top:var(--wp--preset--spacing--60);padding-right:var(--wp--preset--spacing--50);padding-bottom:var(--wp--preset--spacing--60);padding-left:var(--wp--preset--spacing--50)\"><div class=\"wp-block-group__inner-container is-layout-constrained wp-container-core-group-is-layout-fcc72f54 wp-block-group-is-layout-constrained\">\n<h3 class=\"wp-block-heading has-text-align-center has-large-font-size\">Paderborn Blitz<\/h3>\n\n\n\n<div class=\"wp-block-group is-vertical is-content-justification-center is-layout-flex wp-container-core-group-is-layout-4b2eccd6 wp-block-group-is-layout-flex\">\n<h4 class=\"wp-block-heading has-neve-text-color-color has-text-color has-link-color has-x-large-font-size wp-elements-ca20f1b074c12f84b87da0a44f3fdf08\">3,250.00 EUR<\/h4>\n\n\n\n<p>U\u00e7u\u015f ba\u015f\u0131na<\/p>\n<\/div>\n\n\n\n<hr class=\"wp-block-separator has-text-color has-nv-light-bg-color has-alpha-channel-opacity has-nv-light-bg-background-color has-background\"\/>\n\n\n\n<p class=\"has-text-align-center\">Brifing<\/p>\n\n\n\n<p class=\"has-text-align-center\">20 Dakika U\u00e7u\u015f S\u00fcresi<\/p>\n\n\n\n<div class=\"wp-block-buttons is-content-justification-center is-layout-flex wp-container-core-buttons-is-layout-16018d1d wp-block-buttons-is-layout-flex\">\n<div class=\"wp-block-button is-style-default\"><a class=\"wp-block-button__link has-nv-text-dark-bg-color has-neve-text-color-background-color has-text-color has-background has-link-color wp-element-button\" href=\"https:\/\/fighter-jet-rides.com\/tr\/rezervasyon\/?params=hideregionselector&amp;region=rest&amp;eulocation=DE-PADERBORN-L39&amp;referrer=pdp&amp;utm_source=fjr\">\u015e\u0130MD\u0130 REZERVASYON YAPIN<\/a><\/div>\n<\/div>\n<\/div><\/div>\n<\/div>\n<\/div>\n<\/div><\/div>\n\n\n\n<div class=\"wp-block-cover alignfull has-neve-text-color-color has-text-color has-link-color wp-elements-ce13da2a0b7910134c40ceb050110d0a\" style=\"padding-top:var(--wp--preset--spacing--80);padding-right:var(--wp--preset--spacing--40);padding-bottom:var(--wp--preset--spacing--80);padding-left:var(--wp--preset--spacing--40)\"><span aria-hidden=\"true\" class=\"wp-block-cover__background has-nv-site-bg-background-color has-background-dim-100 has-background-dim\"><\/span><div class=\"wp-block-cover__inner-container is-layout-flow wp-block-cover-is-layout-flow\">\n<div class=\"wp-block-columns is-layout-flex wp-container-core-columns-is-layout-9d6595d7 wp-block-columns-is-layout-flex\">\n<div class=\"wp-block-column is-layout-flow wp-block-column-is-layout-flow\" style=\"flex-basis:100%\">\n<div class=\"wp-block-group\"><div class=\"wp-block-group__inner-container is-layout-constrained wp-block-group-is-layout-constrained\">\n<p class=\"big-number has-nv-light-bg-color has-text-color has-link-color wp-elements-93f01c170b049a433dc9659f7dc4877c\" style=\"font-size:220px\">10<\/p>\n\n\n\n<h2 class=\"wp-block-heading has-text-align-center has-neve-text-color-color has-text-color has-link-color wp-elements-a7b4be59732789a23039606275ff32c2\">SSS<\/h2>\n\n\n\n<p class=\"has-text-align-center has-neve-text-color-color has-text-color has-link-color wp-elements-9cca6875f495bf6c958d055d2ed65647\">S\u0131k\u00e7a Sorulan Sorular\u0131n Cevaplar\u0131<\/p>\n\n\n<ul style=\"padding-top:0;padding-bottom:0;padding-left:0;padding-right:0\" class=\"wp-block-tt-accordion\">\n<li class=\"wp-block-tt-accordion-item wp-block-tt-accordion-item-2 has-background has-nv-text-dark-bg-background-color\"><h3 class=\"wp-block-tt-accordion-item-header\"><button class=\"wp-block-tt-accordion-item-header-button\" id=\"wp-block-tt-accordion-item-header-button-7faf1f49-a3ba-46b8-901e-4453d4649a87\" type=\"button\"><span class=\"wp-block-tt-accordion-item-header-button-text\">B\u00f6yle bir u\u00e7u\u015fa kat\u0131lmak i\u00e7in pilot olmam gerekir mi?<\/span><span class=\"wp-block-tt-accordion-item-header-button-icon-arrow\" aria-hidden=\"true\"><svg version=\"1.1\" xmlns=\"http:\/\/www.w3.org\/2000\/svg\" width=\"24px\" height=\"24px\" viewbox=\"0 0 24 24\" aria-hidden=\"true\" focusable=\"false\"><polyline points=\"4.711,8 12,15.289 19.289,8\" stroke=\"black\" stroke-width=\"2\" fill=\"none\" \/><\/svg><\/span><\/button><\/h3><div class=\"wp-block-tt-accordion-item-panel open\" id=\"wp-block-tt-accordion-item-panel-7faf1f49-a3ba-46b8-901e-4453d4649a87\" role=\"region\">\n\n<p class=\"has-nv-text-dark-bg-background-color has-background\">Hay\u0131r, bu u\u00e7u\u015f herkese a\u00e7\u0131kt\u0131r.<\/p>\n\n<\/div><\/li>\n\n<li class=\"wp-block-tt-accordion-item wp-block-tt-accordion-item-3 has-background has-nv-site-bg-background-color\"><h3 class=\"wp-block-tt-accordion-item-header\"><button class=\"wp-block-tt-accordion-item-header-button\" id=\"wp-block-tt-accordion-item-header-button-a6f7c404-5d8a-431a-9d6f-187d97702d23\" type=\"button\"><span class=\"wp-block-tt-accordion-item-header-button-text\">U\u00e7u\u015flar Nereden Kalk\u0131yor?<\/span><span class=\"wp-block-tt-accordion-item-header-button-icon-arrow\" aria-hidden=\"true\"><svg version=\"1.1\" xmlns=\"http:\/\/www.w3.org\/2000\/svg\" width=\"24px\" height=\"24px\" viewbox=\"0 0 24 24\" aria-hidden=\"true\" focusable=\"false\"><polyline points=\"4.711,8 12,15.289 19.289,8\" stroke=\"black\" stroke-width=\"2\" fill=\"none\" \/><\/svg><\/span><\/button><\/h3><div class=\"wp-block-tt-accordion-item-panel open\" id=\"wp-block-tt-accordion-item-panel-a6f7c404-5d8a-431a-9d6f-187d97702d23\" role=\"region\">\n\n<p class=\"has-nv-site-bg-background-color has-background\">U\u00e7u\u015flar M\u00fcnih&#039;e yakla\u015f\u0131k 30 dakika uzakl\u0131ktaki Augsburg&#039;dan kalk\u0131yor. Bavyera Alpleri \u00fczerinden u\u00e7u\u015flar i\u00e7in kalk\u0131\u015f yapmak i\u00e7in m\u00fckemmel bir yer.<\/p>\n\n<\/div><\/li>\n\n<li class=\"wp-block-tt-accordion-item wp-block-tt-accordion-item-4 has-background has-nv-text-dark-bg-background-color\"><h3 class=\"wp-block-tt-accordion-item-header\"><button class=\"wp-block-tt-accordion-item-header-button\" id=\"wp-block-tt-accordion-item-header-button-c2921027-6a06-498f-bcfa-faf7551d9657\" type=\"button\"><span class=\"wp-block-tt-accordion-item-header-button-text\">Minimum Ya\u015f Ka\u00e7t\u0131r?<\/span><span class=\"wp-block-tt-accordion-item-header-button-icon-arrow\" aria-hidden=\"true\"><svg version=\"1.1\" xmlns=\"http:\/\/www.w3.org\/2000\/svg\" width=\"24px\" height=\"24px\" viewbox=\"0 0 24 24\" aria-hidden=\"true\" focusable=\"false\"><polyline points=\"4.711,8 12,15.289 19.289,8\" stroke=\"black\" stroke-width=\"2\" fill=\"none\" \/><\/svg><\/span><\/button><\/h3><div class=\"wp-block-tt-accordion-item-panel open\" id=\"wp-block-tt-accordion-item-panel-c2921027-6a06-498f-bcfa-faf7551d9657\" role=\"region\">\n\n<p class=\"has-nv-text-dark-bg-background-color has-background\">Minimum Ya\u015f 16&#039;d\u0131r.<\/p>\n\n<\/div><\/li>\n\n<li class=\"wp-block-tt-accordion-item wp-block-tt-accordion-item-5\"><h3 class=\"wp-block-tt-accordion-item-header\"><button class=\"wp-block-tt-accordion-item-header-button\" id=\"wp-block-tt-accordion-item-header-button-03bde8b8-9fec-4bc7-ba21-636bafe92e8e\" type=\"button\"><span class=\"wp-block-tt-accordion-item-header-button-text\">K\u00f6t\u00fc Hava Ko\u015fullar\u0131nda Ne Olur?<\/span><span class=\"wp-block-tt-accordion-item-header-button-icon-arrow\" aria-hidden=\"true\"><svg version=\"1.1\" xmlns=\"http:\/\/www.w3.org\/2000\/svg\" width=\"24px\" height=\"24px\" viewbox=\"0 0 24 24\" aria-hidden=\"true\" focusable=\"false\"><polyline points=\"4.711,8 12,15.289 19.289,8\" stroke=\"black\" stroke-width=\"2\" fill=\"none\" \/><\/svg><\/span><\/button><\/h3><div class=\"wp-block-tt-accordion-item-panel open\" id=\"wp-block-tt-accordion-item-panel-03bde8b8-9fec-4bc7-ba21-636bafe92e8e\" role=\"region\">\n\n<p>Hava durumu k\u0131sa s\u00fcreli \u00e7ok ya\u011fmurlu veya sisliyse, u\u00e7u\u015f g\u00fcvenli operasyonlar i\u00e7in birka\u00e7 saat ertelenir. Uzun s\u00fcreli k\u00f6t\u00fc hava ko\u015fullar\u0131nda, u\u00e7u\u015f \u00fccretsiz olarak birka\u00e7 g\u00fcn veya hafta ertelenebilir. G\u00fcne\u015fli ko\u015fullarda u\u00e7may\u0131 garantilemek istiyorsan\u0131z, u\u00e7u\u015ftan 7 g\u00fcn \u00f6ncesine kadar \u00fccretsiz olarak yeniden planlama talebinde bulunma f\u0131rsat\u0131n\u0131z da vard\u0131r.<\/p>\n\n<\/div><\/li>\n\n<li class=\"wp-block-tt-accordion-item wp-block-tt-accordion-item-6 has-background has-nv-text-dark-bg-background-color\"><h3 class=\"wp-block-tt-accordion-item-header\"><button class=\"wp-block-tt-accordion-item-header-button\" id=\"wp-block-tt-accordion-item-header-button-5df285e7-2191-4964-b479-e27c45be4e59\" type=\"button\"><span class=\"wp-block-tt-accordion-item-header-button-text\">Hediye \u00c7eki sat\u0131n alabilir miyim?<\/span><span class=\"wp-block-tt-accordion-item-header-button-icon-arrow\" aria-hidden=\"true\"><svg version=\"1.1\" xmlns=\"http:\/\/www.w3.org\/2000\/svg\" width=\"24px\" height=\"24px\" viewbox=\"0 0 24 24\" aria-hidden=\"true\" focusable=\"false\"><polyline points=\"4.711,8 12,15.289 19.289,8\" stroke=\"black\" stroke-width=\"2\" fill=\"none\" \/><\/svg><\/span><\/button><\/h3><div class=\"wp-block-tt-accordion-item-panel open\" id=\"wp-block-tt-accordion-item-panel-5df285e7-2191-4964-b479-e27c45be4e59\" role=\"region\">\n\n<p>Kesinlikle! Bir Sava\u015f U\u00e7a\u011f\u0131 U\u00e7u\u015fu sunmak en iyi hediyedir ve m\u00fc\u015fterilerimiz aras\u0131nda olduk\u00e7a pop\u00fclerdir. Sadece normal bir u\u00e7u\u015f rezervasyonu yap\u0131n ve rezervasyon i\u015flemi s\u0131ras\u0131nda &quot;Bu U\u00e7u\u015f Bir Hediyedir&quot; kutusunu i\u015faretleyin. Bir U\u00e7u\u015f Hediye Sertifikas\u0131 d\u00fczenleyece\u011fiz ve u\u00e7u\u015f tarihinden \u00f6nce al\u0131c\u0131ya hi\u00e7bir ileti\u015fim g\u00f6nderilmemesini sa\u011flayaca\u011f\u0131z.<\/p>\n\n<\/div><\/li>\n\n<li class=\"wp-block-tt-accordion-item wp-block-tt-accordion-item-7\"><h3 class=\"wp-block-tt-accordion-item-header\"><button class=\"wp-block-tt-accordion-item-header-button\" id=\"wp-block-tt-accordion-item-header-button-eb3069b6-0331-4ff4-a2bc-e399615c1cdd\" type=\"button\"><span class=\"wp-block-tt-accordion-item-header-button-text\">U\u00e7u\u015f ne kadar s\u00fcr\u00fcyor?<\/span><span class=\"wp-block-tt-accordion-item-header-button-icon-arrow\" aria-hidden=\"true\"><svg version=\"1.1\" xmlns=\"http:\/\/www.w3.org\/2000\/svg\" width=\"24px\" height=\"24px\" viewbox=\"0 0 24 24\" aria-hidden=\"true\" focusable=\"false\"><polyline points=\"4.711,8 12,15.289 19.289,8\" stroke=\"black\" stroke-width=\"2\" fill=\"none\" \/><\/svg><\/span><\/button><\/h3><div class=\"wp-block-tt-accordion-item-panel open\" id=\"wp-block-tt-accordion-item-panel-eb3069b6-0331-4ff4-a2bc-e399615c1cdd\" role=\"region\">\n\n<p>U\u00e7u\u015f s\u00fcreleri se\u00e7ti\u011finiz pakete ba\u011fl\u0131 olarak genellikle 30 dakika ile 1 saat aras\u0131nda de\u011fi\u015fmektedir.<\/p>\n\n<\/div><\/li>\n\n<li class=\"wp-block-tt-accordion-item wp-block-tt-accordion-item-8 has-background has-nv-text-dark-bg-background-color\"><h3 class=\"wp-block-tt-accordion-item-header\"><button class=\"wp-block-tt-accordion-item-header-button\" id=\"wp-block-tt-accordion-item-header-button-e1784d3c-c60f-4a0a-bfc9-01e07a12e052\" type=\"button\"><span class=\"wp-block-tt-accordion-item-header-button-text\">U\u00e7u\u015f S\u0131ras\u0131nda Neler Bekleyebilirim?<\/span><span class=\"wp-block-tt-accordion-item-header-button-icon-arrow\" aria-hidden=\"true\"><svg version=\"1.1\" xmlns=\"http:\/\/www.w3.org\/2000\/svg\" width=\"24px\" height=\"24px\" viewbox=\"0 0 24 24\" aria-hidden=\"true\" focusable=\"false\"><polyline points=\"4.711,8 12,15.289 19.289,8\" stroke=\"black\" stroke-width=\"2\" fill=\"none\" \/><\/svg><\/span><\/button><\/h3><div class=\"wp-block-tt-accordion-item-panel open\" id=\"wp-block-tt-accordion-item-panel-e1784d3c-c60f-4a0a-bfc9-01e07a12e052\" role=\"region\">\n\n<p>Y\u00fcksek h\u0131zl\u0131 u\u00e7u\u015f, akrobasi manevralar\u0131 ve muhte\u015fem manzaralar\u0131n bir kar\u0131\u015f\u0131m\u0131n\u0131 deneyimleyeceksiniz. Kalk\u0131\u015ftan \u00f6nce, detayl\u0131 bir g\u00fcvenlik brifingi ve u\u00e7a\u011fa giri\u015f yap\u0131l\u0131r.<\/p>\n\n\n\n<p>U\u00e7u\u015f s\u0131ras\u0131nda pilotla intercom sistemi \u00fczerinden ileti\u015fim halinde olacaks\u0131n\u0131z ve pilot sizin rahat olup olmad\u0131\u011f\u0131n\u0131z\u0131 kontrol edecek.<\/p>\n\n<\/div><\/li>\n\n<li class=\"wp-block-tt-accordion-item wp-block-tt-accordion-item-9\"><h3 class=\"wp-block-tt-accordion-item-header\"><button class=\"wp-block-tt-accordion-item-header-button\" id=\"wp-block-tt-accordion-item-header-button-34677d12-aaa8-4b46-bba0-97e2b74ad220\" type=\"button\"><span class=\"wp-block-tt-accordion-item-header-button-text\">Sava\u015f U\u00e7a\u011f\u0131 U\u00e7u\u015funda Ne Giymeliyim?<\/span><span class=\"wp-block-tt-accordion-item-header-button-icon-arrow\" aria-hidden=\"true\"><svg version=\"1.1\" xmlns=\"http:\/\/www.w3.org\/2000\/svg\" width=\"24px\" height=\"24px\" viewbox=\"0 0 24 24\" aria-hidden=\"true\" focusable=\"false\"><polyline points=\"4.711,8 12,15.289 19.289,8\" stroke=\"black\" stroke-width=\"2\" fill=\"none\" \/><\/svg><\/span><\/button><\/h3><div class=\"wp-block-tt-accordion-item-panel open\" id=\"wp-block-tt-accordion-item-panel-34677d12-aaa8-4b46-bba0-97e2b74ad220\" role=\"region\">\n\n<p>Rahat k\u0131yafetler ve kapal\u0131 burunlu ayakkab\u0131lar giyin. U\u00e7u\u015f tulumu ve kask gibi ihtiya\u00e7 duydu\u011funuz ek te\u00e7hizat\u0131 size sa\u011flayaca\u011f\u0131z.<\/p>\n\n<\/div><\/li>\n\n<li class=\"wp-block-tt-accordion-item wp-block-tt-accordion-item-10 has-background has-nv-text-dark-bg-background-color\"><h3 class=\"wp-block-tt-accordion-item-header\"><button class=\"wp-block-tt-accordion-item-header-button\" id=\"wp-block-tt-accordion-item-header-button-474baa9f-5369-4ab8-b659-d4c0bb4ed515\" type=\"button\"><span class=\"wp-block-tt-accordion-item-header-button-text\">\u0130zlemeye Bir Arkada\u015f\u0131m\u0131 veya Aile \u00dcyemi Getirebilir Miyim?<\/span><span class=\"wp-block-tt-accordion-item-header-button-icon-arrow\" aria-hidden=\"true\"><svg version=\"1.1\" xmlns=\"http:\/\/www.w3.org\/2000\/svg\" width=\"24px\" height=\"24px\" viewbox=\"0 0 24 24\" aria-hidden=\"true\" focusable=\"false\"><polyline points=\"4.711,8 12,15.289 19.289,8\" stroke=\"black\" stroke-width=\"2\" fill=\"none\" \/><\/svg><\/span><\/button><\/h3><div class=\"wp-block-tt-accordion-item-panel open\" id=\"wp-block-tt-accordion-item-panel-474baa9f-5369-4ab8-b659-d4c0bb4ed515\" role=\"region\">\n\n<p>Evet! Misafirler gelip u\u00e7u\u015f \u00f6ncesi haz\u0131rl\u0131klar\u0131 ve kalk\u0131\u015f\u0131 izleyebilirler. Bir\u00e7ok yerde seyirciler i\u00e7in bir izleme alan\u0131 da vard\u0131r.<\/p>\n\n<\/div><\/li>\n\n<li class=\"wp-block-tt-accordion-item wp-block-tt-accordion-item-11\"><h3 class=\"wp-block-tt-accordion-item-header\"><button class=\"wp-block-tt-accordion-item-header-button\" id=\"wp-block-tt-accordion-item-header-button-6de26512-ba6e-4873-aa4a-5a16ee74b48a\" type=\"button\"><span class=\"wp-block-tt-accordion-item-header-button-text\">U\u00e7u\u015fu Kaydedebilir Miyim?<\/span><span class=\"wp-block-tt-accordion-item-header-button-icon-arrow\" aria-hidden=\"true\"><svg version=\"1.1\" xmlns=\"http:\/\/www.w3.org\/2000\/svg\" width=\"24px\" height=\"24px\" viewbox=\"0 0 24 24\" aria-hidden=\"true\" focusable=\"false\"><polyline points=\"4.711,8 12,15.289 19.289,8\" stroke=\"black\" stroke-width=\"2\" fill=\"none\" \/><\/svg><\/span><\/button><\/h3><div class=\"wp-block-tt-accordion-item-panel open\" id=\"wp-block-tt-accordion-item-panel-6de26512-ba6e-4873-aa4a-5a16ee74b48a\" role=\"region\">\n\n<p>Kesinlikle! \u00c7o\u011fu paket, deneyimi tekrar ya\u015fayabilmeniz i\u00e7in kokpitten GoPro g\u00f6r\u00fcnt\u00fcleri i\u00e7erir. U\u00e7u\u015f \u00f6ncesi ve sonras\u0131 foto\u011fraflar i\u00e7in kendi kameran\u0131z\u0131 getirmekten \u00e7ekinmeyin. U\u00e7u\u015f s\u0131ras\u0131nda \u00f6zel kameralara izin verilmez.<\/p>\n\n<\/div><\/li>\n\n<li class=\"wp-block-tt-accordion-item wp-block-tt-accordion-item-12 has-background has-nv-text-dark-bg-background-color\"><h3 class=\"wp-block-tt-accordion-item-header\"><button class=\"wp-block-tt-accordion-item-header-button\" id=\"wp-block-tt-accordion-item-header-button-31d18370-ceac-40ff-a963-c184813e861a\" type=\"button\"><span class=\"wp-block-tt-accordion-item-header-button-text\">U\u00e7u\u015flar G\u00fcvenli mi?<\/span><span class=\"wp-block-tt-accordion-item-header-button-icon-arrow\" aria-hidden=\"true\"><svg version=\"1.1\" xmlns=\"http:\/\/www.w3.org\/2000\/svg\" width=\"24px\" height=\"24px\" viewbox=\"0 0 24 24\" aria-hidden=\"true\" focusable=\"false\"><polyline points=\"4.711,8 12,15.289 19.289,8\" stroke=\"black\" stroke-width=\"2\" fill=\"none\" \/><\/svg><\/span><\/button><\/h3><div class=\"wp-block-tt-accordion-item-panel open\" id=\"wp-block-tt-accordion-item-panel-31d18370-ceac-40ff-a963-c184813e861a\" role=\"region\">\n\n<p>Evet, t\u00fcm u\u00e7u\u015flar y\u0131llar\u0131n deneyimine sahip, son derece e\u011fitimli, sertifikal\u0131 pilotlar taraf\u0131ndan ger\u00e7ekle\u015ftirilmektedir. U\u00e7aklar en y\u00fcksek g\u00fcvenlik standartlar\u0131na g\u00f6re bak\u0131ml\u0131d\u0131r. 20 y\u0131ll\u0131k kazas\u0131z operasyonlar\u0131m\u0131zla gurur duyuyoruz.<\/p>\n\n<\/div><\/li>\n\n<li class=\"wp-block-tt-accordion-item wp-block-tt-accordion-item-13\"><h3 class=\"wp-block-tt-accordion-item-header\"><button class=\"wp-block-tt-accordion-item-header-button\" id=\"wp-block-tt-accordion-item-header-button-dd84db3e-ab0f-46d1-be7d-006510b9b389\" type=\"button\"><span class=\"wp-block-tt-accordion-item-header-button-text\">\u0130ptal Politikan\u0131z Nedir?<\/span><span class=\"wp-block-tt-accordion-item-header-button-icon-arrow\" aria-hidden=\"true\"><svg version=\"1.1\" xmlns=\"http:\/\/www.w3.org\/2000\/svg\" width=\"24px\" height=\"24px\" viewbox=\"0 0 24 24\" aria-hidden=\"true\" focusable=\"false\"><polyline points=\"4.711,8 12,15.289 19.289,8\" stroke=\"black\" stroke-width=\"2\" fill=\"none\" \/><\/svg><\/span><\/button><\/h3><div class=\"wp-block-tt-accordion-item-panel open\" id=\"wp-block-tt-accordion-item-panel-dd84db3e-ab0f-46d1-be7d-006510b9b389\" role=\"region\">\n\n<p>Rezervasyon s\u0131ras\u0131nda \u00fccretsiz iptal se\u00e7ene\u011fini se\u00e7ebilirsiniz. Bu se\u00e7enekle rezervasyon yapt\u0131rd\u0131\u011f\u0131n\u0131z u\u00e7u\u015flar hi\u00e7bir ko\u015ful olmaks\u0131z\u0131n tamamen iade edilebilir.<\/p>\n\n<\/div><\/li>\n\n<li class=\"wp-block-tt-accordion-item wp-block-tt-accordion-item-14 has-background has-nv-text-dark-bg-background-color\"><h3 class=\"wp-block-tt-accordion-item-header\"><button class=\"wp-block-tt-accordion-item-header-button\" id=\"wp-block-tt-accordion-item-header-button-d09bc94e-aea6-4dba-95f4-4204c8e69981\" type=\"button\"><span class=\"wp-block-tt-accordion-item-header-button-text\">U\u00e7u\u015f Deneyimimi \u00d6zelle\u015ftirebilir miyim?<\/span><span class=\"wp-block-tt-accordion-item-header-button-icon-arrow\" aria-hidden=\"true\"><svg version=\"1.1\" xmlns=\"http:\/\/www.w3.org\/2000\/svg\" width=\"24px\" height=\"24px\" viewbox=\"0 0 24 24\" aria-hidden=\"true\" focusable=\"false\"><polyline points=\"4.711,8 12,15.289 19.289,8\" stroke=\"black\" stroke-width=\"2\" fill=\"none\" \/><\/svg><\/span><\/button><\/h3><div class=\"wp-block-tt-accordion-item-panel open\" id=\"wp-block-tt-accordion-item-panel-d09bc94e-aea6-4dba-95f4-4204c8e69981\" role=\"region\">\n\n<p>Evet, u\u00e7u\u015ftan \u00f6nce pilotunuzla tercihlerinizi g\u00f6r\u00fc\u015febilirsiniz; p\u00fcr\u00fczs\u00fcz bir manzara deneyimi mi yoksa daha yo\u011fun bir akrobasi seans\u0131 m\u0131 istiyorsunuz?<\/p>\n\n<\/div><\/li>\n\n<li class=\"wp-block-tt-accordion-item wp-block-tt-accordion-item-15\"><h3 class=\"wp-block-tt-accordion-item-header\"><button class=\"wp-block-tt-accordion-item-header-button\" id=\"wp-block-tt-accordion-item-header-button-676c95be-c14d-4503-b7f8-a214e44f606a\" type=\"button\"><span class=\"wp-block-tt-accordion-item-header-button-text\">Ne Kadar \u00d6nceden Rezervasyon Yapmal\u0131y\u0131m?<\/span><span class=\"wp-block-tt-accordion-item-header-button-icon-arrow\" aria-hidden=\"true\"><svg version=\"1.1\" xmlns=\"http:\/\/www.w3.org\/2000\/svg\" width=\"24px\" height=\"24px\" viewbox=\"0 0 24 24\" aria-hidden=\"true\" focusable=\"false\"><polyline points=\"4.711,8 12,15.289 19.289,8\" stroke=\"black\" stroke-width=\"2\" fill=\"none\" \/><\/svg><\/span><\/button><\/h3><div class=\"wp-block-tt-accordion-item-panel open\" id=\"wp-block-tt-accordion-item-panel-676c95be-c14d-4503-b7f8-a214e44f606a\" role=\"region\">\n\n<p>Rezervasyonlu u\u00e7u\u015f fiyatlar\u0131n\u0131 2 Y\u0131l boyunca kabul ediyoruz. U\u00e7u\u015f Fiyatlar\u0131 artma e\u011filiminde oldu\u011fundan, bir u\u00e7u\u015f ve fiyat almaya karar verdi\u011finiz anda rezervasyon yapman\u0131z\u0131 \u00f6neririz. \u00d6zellikle yo\u011fun sezonlarda, tercih etti\u011finiz tarihi g\u00fcvence alt\u0131na almak i\u00e7in tarihinizi m\u00fcmk\u00fcn oldu\u011funca erken ay\u0131rtman\u0131z\u0131 da \u00f6neririz.<\/p>\n\n<\/div><\/li>\n\n<li class=\"wp-block-tt-accordion-item wp-block-tt-accordion-item-16 has-background has-nv-text-dark-bg-background-color\"><h3 class=\"wp-block-tt-accordion-item-header\"><button class=\"wp-block-tt-accordion-item-header-button\" id=\"wp-block-tt-accordion-item-header-button-acf7e052-12ed-4146-a03e-937c580abd01\" type=\"button\"><span class=\"wp-block-tt-accordion-item-header-button-text\">Herhangi Bir Gizli Maliyet Var M\u0131?<\/span><span class=\"wp-block-tt-accordion-item-header-button-icon-arrow\" aria-hidden=\"true\"><svg version=\"1.1\" xmlns=\"http:\/\/www.w3.org\/2000\/svg\" width=\"24px\" height=\"24px\" viewbox=\"0 0 24 24\" aria-hidden=\"true\" focusable=\"false\"><polyline points=\"4.711,8 12,15.289 19.289,8\" stroke=\"black\" stroke-width=\"2\" fill=\"none\" \/><\/svg><\/span><\/button><\/h3><div class=\"wp-block-tt-accordion-item-panel open\" id=\"wp-block-tt-accordion-item-panel-acf7e052-12ed-4146-a03e-937c580abd01\" role=\"region\">\n\n<p>Hay\u0131r, g\u00f6rd\u00fc\u011f\u00fcn\u00fcz fiyat her \u015fey dahil fiyatt\u0131r. Ek u\u00e7u\u015f s\u00fcresi veya video paketleri gibi iste\u011fe ba\u011fl\u0131 ekstralar a\u00e7\u0131k\u00e7a listelenecektir.<\/p>\n\n<\/div><\/li>\n\n<li class=\"wp-block-tt-accordion-item wp-block-tt-accordion-item-17\"><h3 class=\"wp-block-tt-accordion-item-header\"><button class=\"wp-block-tt-accordion-item-header-button\" id=\"wp-block-tt-accordion-item-header-button-1079b82c-9524-4be7-9590-651f07ddaee5\" type=\"button\"><span class=\"wp-block-tt-accordion-item-header-button-text\">Ben bir B2B kurulu\u015fuyum ve sizinle ortak olmak istiyorum<\/span><span class=\"wp-block-tt-accordion-item-header-button-icon-arrow\" aria-hidden=\"true\"><svg version=\"1.1\" xmlns=\"http:\/\/www.w3.org\/2000\/svg\" width=\"24px\" height=\"24px\" viewbox=\"0 0 24 24\" aria-hidden=\"true\" focusable=\"false\"><polyline points=\"4.711,8 12,15.289 19.289,8\" stroke=\"black\" stroke-width=\"2\" fill=\"none\" \/><\/svg><\/span><\/button><\/h3><div class=\"wp-block-tt-accordion-item-panel open\" id=\"wp-block-tt-accordion-item-panel-1079b82c-9524-4be7-9590-651f07ddaee5\" role=\"region\">\n\n<p>\u0130lgin\u00e7 bir y\u00f6nlendirme modelimiz var. Tart\u0131\u015fmak i\u00e7in bize ula\u015f\u0131n.<\/p>\n\n<\/div><\/li>\n<\/ul><\/div><\/div>\n<\/div>\n<\/div>\n<\/div><\/div>","protected":false},"excerpt":{"rendered":"","protected":false},"author":1,"featured_media":0,"parent":0,"menu_order":0,"comment_status":"closed","ping_status":"closed","template":"","meta":{"neve_meta_sidebar":"","neve_meta_container":"","neve_meta_enable_content_width":"","neve_meta_content_width":0,"neve_meta_title_alignment":"","neve_meta_author_avatar":"","neve_post_elements_order":"","neve_meta_disable_header":"","neve_meta_disable_footer":"","neve_meta_disable_title":"","footnotes":""},"class_list":["post-864","page","type-page","status-publish","hentry"],"_links":{"self":[{"href":"https:\/\/fighter-jet-rides.com\/tr\/wp-json\/wp\/v2\/pages\/864","targetHints":{"allow":["GET"]}}],"collection":[{"href":"https:\/\/fighter-jet-rides.com\/tr\/wp-json\/wp\/v2\/pages"}],"about":[{"href":"https:\/\/fighter-jet-rides.com\/tr\/wp-json\/wp\/v2\/types\/page"}],"author":[{"embeddable":true,"href":"https:\/\/fighter-jet-rides.com\/tr\/wp-json\/wp\/v2\/users\/1"}],"replies":[{"embeddable":true,"href":"https:\/\/fighter-jet-rides.com\/tr\/wp-json\/wp\/v2\/comments?post=864"}],"version-history":[{"count":17,"href":"https:\/\/fighter-jet-rides.com\/tr\/wp-json\/wp\/v2\/pages\/864\/revisions"}],"predecessor-version":[{"id":1034,"href":"https:\/\/fighter-jet-rides.com\/tr\/wp-json\/wp\/v2\/pages\/864\/revisions\/1034"}],"wp:attachment":[{"href":"https:\/\/fighter-jet-rides.com\/tr\/wp-json\/wp\/v2\/media?parent=864"}],"curies":[{"name":"wp","href":"https:\/\/api.w.org\/{rel}","templated":true}]}}