{"id":972,"date":"2025-01-03T13:02:31","date_gmt":"2025-01-03T13:02:31","guid":{"rendered":"https:\/\/fighter-jet-rides.com\/?page_id=972"},"modified":"2025-01-03T21:18:59","modified_gmt":"2025-01-03T21:18:59","slug":"fly-l-39-italy-turin","status":"publish","type":"page","link":"https:\/\/fighter-jet-rides.com\/tr\/fly-l-39-i%cc%87talya-turi%cc%87n\/","title":{"rendered":"\ud83c\uddee\ud83c\uddf9 IT: Torino'da L-39 Albatros Jet U\u00e7u\u015fu"},"content":{"rendered":"<section class=\"wp-block-cover alignfull custom-divider\" style=\"min-height:625px;aspect-ratio:unset;\"><span aria-hidden=\"true\" class=\"wp-block-cover__background has-nv-dark-bg-background-color has-background-dim-60 has-background-dim\"><\/span><img loading=\"lazy\" decoding=\"async\" width=\"1255\" height=\"888\" class=\"wp-block-cover__image-background wp-image-985\" alt=\"\" src=\"https:\/\/fighter-jet-rides.com\/wp-content\/uploads\/2025\/01\/L-39-Aosta-1.png\" style=\"object-position:50% 83%\" data-object-fit=\"cover\" data-object-position=\"50% 83%\" srcset=\"https:\/\/fighter-jet-rides.com\/wp-content\/uploads\/2025\/01\/L-39-Aosta-1.png 1255w, https:\/\/fighter-jet-rides.com\/wp-content\/uploads\/2025\/01\/L-39-Aosta-1-300x212.png 300w, https:\/\/fighter-jet-rides.com\/wp-content\/uploads\/2025\/01\/L-39-Aosta-1-1024x725.png 1024w, https:\/\/fighter-jet-rides.com\/wp-content\/uploads\/2025\/01\/L-39-Aosta-1-768x543.png 768w, https:\/\/fighter-jet-rides.com\/wp-content\/uploads\/2025\/01\/L-39-Aosta-1-18x12.png 18w\" sizes=\"auto, (max-width: 1255px) 100vw, 1255px\" \/><div class=\"wp-block-cover__inner-container is-layout-constrained wp-block-cover-is-layout-constrained\">\n<div class=\"wp-block-columns are-vertically-aligned-center is-layout-flex wp-container-core-columns-is-layout-9d6595d7 wp-block-columns-is-layout-flex\">\n<div class=\"wp-block-column is-vertically-aligned-center is-layout-flow wp-block-column-is-layout-flow\">\n<h1 class=\"wp-block-heading has-text-align-center scribble-underline-clip\" style=\"font-style:normal;font-weight:500\"><mark style=\"background-color:rgba(0, 0, 0, 0)\" class=\"has-inline-color has-neve-link-hover-color-color\">L-39 Albatros<\/mark> \u0130talyan Alplerinde Jet U\u00e7u\u015fu: Torino'dan \u00c7arp\u0131c\u0131 Zirvelerin Etraf\u0131nda Y\u00fckseli\u015f<\/h1>\n\n\n\n<div style=\"height:40px\" aria-hidden=\"true\" class=\"wp-block-spacer\"><\/div>\n\n\n\n<div class=\"wp-block-buttons has-custom-font-size has-small-font-size is-content-justification-center is-layout-flex wp-container-core-buttons-is-layout-16018d1d wp-block-buttons-is-layout-flex\">\n<div class=\"wp-block-button has-custom-font-size is-style-default\" style=\"font-size:16px\"><a class=\"wp-block-button__link has-nv-dark-bg-color has-nv-text-dark-bg-background-color has-text-color has-background has-link-color wp-element-button\" href=\"#start\">Daha fazla bilgi edin<\/a><\/div>\n\n\n\n<div class=\"wp-block-button has-custom-font-size is-style-secondary\" style=\"font-size:16px\"><a class=\"wp-block-button__link has-nv-text-dark-bg-color has-neve-link-hover-color-background-color has-text-color has-background has-link-color wp-element-button\" href=\"#calendar\">\u015eimdi Rezervasyon Yap\u0131n<\/a><\/div>\n<\/div>\n<\/div>\n<\/div>\n<\/div><\/section>\n\n\n\n<div class=\"wp-block-cover alignfull\" style=\"padding-top:0;padding-right:var(--wp--preset--spacing--40);padding-bottom:0;padding-left:var(--wp--preset--spacing--40);min-height:716px;aspect-ratio:unset;\" id=\"start\"><span aria-hidden=\"true\" class=\"wp-block-cover__background has-nv-site-bg-background-color has-background-dim-100 has-background-dim\"><\/span><div class=\"wp-block-cover__inner-container is-layout-flow wp-block-cover-is-layout-flow\">\n<div class=\"wp-block-columns are-vertically-aligned-center has-neve-text-color-color has-text-color has-link-color wp-elements-762dacd39745429ddcf8a08f604934b4 is-layout-flex wp-container-core-columns-is-layout-9d6595d7 wp-block-columns-is-layout-flex\">\n<div class=\"wp-block-column is-vertically-aligned-center is-layout-flow wp-block-column-is-layout-flow\" style=\"padding-top:0;padding-right:0;padding-bottom:0;padding-left:0;flex-basis:50%\">\n<figure class=\"wp-block-image size-large\"><img loading=\"lazy\" decoding=\"async\" width=\"1024\" height=\"725\" src=\"https:\/\/fighter-jet-rides.com\/wp-content\/uploads\/2025\/01\/L-39-Aosta-1024x725.png\" alt=\"\" class=\"wp-image-981\" srcset=\"https:\/\/fighter-jet-rides.com\/wp-content\/uploads\/2025\/01\/L-39-Aosta-1024x725.png 1024w, https:\/\/fighter-jet-rides.com\/wp-content\/uploads\/2025\/01\/L-39-Aosta-300x212.png 300w, https:\/\/fighter-jet-rides.com\/wp-content\/uploads\/2025\/01\/L-39-Aosta-768x543.png 768w, https:\/\/fighter-jet-rides.com\/wp-content\/uploads\/2025\/01\/L-39-Aosta-18x12.png 18w, https:\/\/fighter-jet-rides.com\/wp-content\/uploads\/2025\/01\/L-39-Aosta.png 1255w\" sizes=\"auto, (max-width: 1024px) 100vw, 1024px\" \/><\/figure>\n<\/div>\n\n\n\n<div class=\"wp-block-column is-vertically-aligned-center ticss-c703b306 is-layout-flow wp-block-column-is-layout-flow\" style=\"padding-top:0;padding-right:0;padding-bottom:0;padding-left:0;flex-basis:50%\">\n<div class=\"wp-block-group\" style=\"border-radius:16px\"><div class=\"wp-block-group__inner-container is-layout-constrained wp-block-group-is-layout-constrained\">\n<div style=\"height:0px\" aria-hidden=\"true\" class=\"wp-block-spacer\"><\/div>\n\n\n\n<p class=\"big-number has-nv-light-bg-color has-text-color has-link-color wp-elements-6fdb8f87016abe7b6bdd33e54773a620\" style=\"font-size:220px\"><strong>01<\/strong><\/p>\n\n\n\n<h2 class=\"wp-block-heading has-text-align-left\">Bu Deneyim Hakk\u0131nda<\/h2>\n\n\n\n<ul class=\"wp-block-list\">\n<li>Efsanevi u\u00e7a\u011f\u0131 u\u00e7urun <strong>L-39 Albatros<\/strong>Zengin bir havac\u0131l\u0131k ge\u00e7mi\u015fine sahip \u00e7ok y\u00f6nl\u00fc ve \u00e7evik bir jet.<\/li>\n\n\n\n<li>Nefes kesici manzaralar\u0131 deneyimleyin <strong>\u0130talyan Alpleri<\/strong>do\u011fal g\u00fczelli\u011fi heyecan verici akrobasi ile birle\u015ftiriyor.<\/li>\n\n\n\n<li>Son derece yetenekli eski bir askeri pilot taraf\u0131ndan y\u00f6nlendirilen jetin kontrol\u00fcn\u00fc elinize al\u0131n ve jeti kendiniz kullan\u0131n.<\/li>\n\n\n\n<li>Takla, d\u00f6nme ve dal\u0131\u015f gibi akrobasi manevralar\u0131 ile adrenalin arayanlar i\u00e7in m\u00fckemmeldir.<\/li>\n\n\n\n<li>\u0130talya'n\u0131n ikonik manzaralar\u0131n\u0131 e\u015fsiz bir hava perspektifinden ke\u015ffedin.<\/li>\n\n\n\n<li>En iyi kombinasyonun tad\u0131n\u0131 \u00e7\u0131kar\u0131n <strong>h\u0131z, beceri ve manzara<\/strong> unutulmaz bir u\u00e7u\u015fta.<\/li>\n<\/ul>\n\n\n\n<p class=\"has-text-align-left\"><\/p>\n<\/div><\/div>\n<\/div>\n<\/div>\n<\/div><\/div>\n\n\n\n<div class=\"wp-block-cover alignfull wp-elements-122a28962f692e1983fa831c70278b12\" style=\"padding-top:var(--wp--preset--spacing--40);padding-right:var(--wp--preset--spacing--40);padding-bottom:var(--wp--preset--spacing--40);padding-left:var(--wp--preset--spacing--40)\"><span aria-hidden=\"true\" class=\"wp-block-cover__background has-nv-dark-bg-background-color has-background-dim-100 has-background-dim\"><\/span><div class=\"wp-block-cover__inner-container is-layout-flow wp-block-cover-is-layout-flow\">\n<div class=\"wp-block-columns is-layout-flex wp-container-core-columns-is-layout-9d6595d7 wp-block-columns-is-layout-flex\">\n<div class=\"wp-block-column is-layout-flow wp-block-column-is-layout-flow\" style=\"flex-basis:100%\">\n<div style=\"height:100px\" aria-hidden=\"true\" class=\"wp-block-spacer\"><\/div>\n\n\n\n<div class=\"wp-block-group is-vertical is-content-justification-center is-layout-flex wp-container-core-group-is-layout-4b2eccd6 wp-block-group-is-layout-flex\">\n<p class=\"big-number has-neve-text-color-color has-text-color has-link-color wp-elements-7c40eab8282ed2a92a27cef4092d33a5\" style=\"font-size:220px\"><strong>02<\/strong><\/p>\n\n\n\n<h2 class=\"wp-block-heading has-text-align-center has-nv-light-bg-color has-text-color has-link-color wp-elements-ccaaba1230b6822020e0d0290a85cfd7\">Deneyiminiz \u015funlar\u0131 i\u00e7erir:<\/h2>\n\n\n\n<p class=\"has-text-align-center has-nv-site-bg-color has-text-color has-link-color wp-elements-fba89b250296a7b78678a3d58e46f9e7\">Bu deneyimin baz\u0131 \u00f6nemli noktalar\u0131:<\/p>\n\n\n\n<div style=\"height:0px\" aria-hidden=\"true\" class=\"wp-block-spacer wp-container-content-f9bd05ee\"><\/div>\n<\/div>\n<\/div>\n<\/div>\n\n\n\n<div class=\"wp-block-columns are-vertically-aligned-top is-layout-flex wp-container-core-columns-is-layout-9d6595d7 wp-block-columns-is-layout-flex\">\n<div class=\"wp-block-column is-vertically-aligned-top is-layout-flow wp-block-column-is-layout-flow\">\n<div class=\"wp-block-group has-nv-site-bg-background-color has-background\" style=\"border-radius:0px;border-bottom-color:#008814;border-bottom-width:8px;padding-top:var(--wp--preset--spacing--40);padding-right:var(--wp--preset--spacing--40);padding-bottom:var(--wp--preset--spacing--40);padding-left:var(--wp--preset--spacing--40)\"><div class=\"wp-block-group__inner-container is-layout-constrained wp-container-core-group-is-layout-65a08581 wp-block-group-is-layout-constrained\"><div class=\"wp-block-image\">\n<figure class=\"aligncenter size-full is-resized\"><img loading=\"lazy\" decoding=\"async\" width=\"512\" height=\"512\" src=\"https:\/\/fighter-jet-rides.com\/wp-content\/uploads\/2025\/01\/fighter-airplane.png\" alt=\"\" class=\"wp-image-876\" style=\"width:auto;height:100px\" srcset=\"https:\/\/fighter-jet-rides.com\/wp-content\/uploads\/2025\/01\/fighter-airplane.png 512w, https:\/\/fighter-jet-rides.com\/wp-content\/uploads\/2025\/01\/fighter-airplane-300x300.png 300w, https:\/\/fighter-jet-rides.com\/wp-content\/uploads\/2025\/01\/fighter-airplane-150x150.png 150w, https:\/\/fighter-jet-rides.com\/wp-content\/uploads\/2025\/01\/fighter-airplane-12x12.png 12w\" sizes=\"auto, (max-width: 512px) 100vw, 512px\" \/><\/figure>\n<\/div>\n\n\n<h3 class=\"wp-block-heading has-text-align-center\">Heyecan Verici Sava\u015f U\u00e7a\u011f\u0131 U\u00e7u\u015fu<\/h3>\n\n\n\n<p class=\"has-text-align-center has-neve-text-color-color has-text-color has-link-color wp-elements-6e92fbb3825b7d3b9184def53e69597e\">Nefes kesici \u00fczerinde \u00f6zg\u00fcrce u\u00e7mak <strong>\u0130talyan Alpleri<\/strong> ikonik L-39 Albatros ile. Ger\u00e7ekten unutulmaz bir yolculuk. <\/p>\n<\/div><\/div>\n<\/div>\n\n\n\n<div class=\"wp-block-column is-vertically-aligned-top is-layout-flow wp-block-column-is-layout-flow\">\n<div class=\"wp-block-group has-nv-site-bg-background-color has-background\" style=\"border-radius:0px;border-bottom-color:var(--wp--preset--color--nv-text-dark-bg);border-bottom-width:8px;padding-top:var(--wp--preset--spacing--40);padding-right:var(--wp--preset--spacing--40);padding-bottom:var(--wp--preset--spacing--40);padding-left:var(--wp--preset--spacing--40)\"><div class=\"wp-block-group__inner-container is-layout-constrained wp-container-core-group-is-layout-65a08581 wp-block-group-is-layout-constrained\"><div class=\"wp-block-image\">\n<figure class=\"aligncenter size-full is-resized\"><img loading=\"lazy\" decoding=\"async\" width=\"512\" height=\"512\" src=\"https:\/\/dev.fktc.ch\/fjr\/wp-content\/uploads\/2024\/12\/air-force-1.png\" alt=\"\" class=\"wp-image-46\" style=\"width:auto;height:100px\" srcset=\"https:\/\/fighter-jet-rides.com\/wp-content\/uploads\/2024\/12\/air-force-1.png 512w, https:\/\/fighter-jet-rides.com\/wp-content\/uploads\/2024\/12\/air-force-1-300x300.png 300w, https:\/\/fighter-jet-rides.com\/wp-content\/uploads\/2024\/12\/air-force-1-150x150.png 150w\" sizes=\"auto, (max-width: 512px) 100vw, 512px\" \/><\/figure>\n<\/div>\n\n\n<h3 class=\"wp-block-heading has-text-align-center\">Uzman Pilotlar\u0131n Rehberli\u011fi<\/h3>\n\n\n\n<p class=\"has-text-align-center has-neve-text-color-color has-text-color has-link-color wp-elements-752afa781b3b7decd413fa0926d84e4f\">Performans sergileme f\u0131rsat\u0131 <strong>akrobasi\u0307 manevralari<\/strong> tecr\u00fcbeli bir pilotun rehberli\u011finde.<\/p>\n<\/div><\/div>\n<\/div>\n\n\n\n<div class=\"wp-block-column is-vertically-aligned-top is-layout-flow wp-block-column-is-layout-flow\">\n<div class=\"wp-block-group has-nv-site-bg-background-color has-background\" style=\"border-radius:0px;border-bottom-color:var(--wp--preset--color--neve-link-hover-color);border-bottom-width:8px;padding-top:var(--wp--preset--spacing--40);padding-right:var(--wp--preset--spacing--40);padding-bottom:var(--wp--preset--spacing--40);padding-left:var(--wp--preset--spacing--40)\"><div class=\"wp-block-group__inner-container is-layout-constrained wp-container-core-group-is-layout-65a08581 wp-block-group-is-layout-constrained\"><div class=\"wp-block-image\">\n<figure class=\"aligncenter size-full is-resized\"><img loading=\"lazy\" decoding=\"async\" width=\"512\" height=\"512\" src=\"https:\/\/dev.fktc.ch\/fjr\/wp-content\/uploads\/2024\/12\/mountain.png\" alt=\"\" class=\"wp-image-47\" style=\"width:auto;height:100px\" srcset=\"https:\/\/fighter-jet-rides.com\/wp-content\/uploads\/2024\/12\/mountain.png 512w, https:\/\/fighter-jet-rides.com\/wp-content\/uploads\/2024\/12\/mountain-300x300.png 300w, https:\/\/fighter-jet-rides.com\/wp-content\/uploads\/2024\/12\/mountain-150x150.png 150w\" sizes=\"auto, (max-width: 512px) 100vw, 512px\" \/><\/figure>\n<\/div>\n\n\n<h3 class=\"wp-block-heading has-text-align-center\">Dolomitler ve \u0130talyanl\u0131k<\/h3>\n\n\n\n<p class=\"has-text-align-center has-neve-text-color-color has-text-color has-link-color wp-elements-a587dc70fd6fbc53740578c27050bf31\">ile ger\u00e7ekten s\u00fcr\u00fckleyici bir macera <strong>uygulamal\u0131 u\u00e7u\u015f kontrol\u00fc<\/strong> ve ki\u015fiselle\u015ftirilmi\u015f u\u00e7u\u015f planlar\u0131.<\/p>\n<\/div><\/div>\n<\/div>\n<\/div>\n<\/div><\/div>\n\n\n\n<section class=\"wp-block-cover alignfull\" style=\"min-height:100vh;aspect-ratio:unset;\"><span aria-hidden=\"true\" class=\"wp-block-cover__background has-nv-dark-bg-background-color has-background-dim-60 has-background-dim\"><\/span><video class=\"wp-block-cover__video-background intrinsic-ignore\" autoplay muted loop playsinline src=\"https:\/\/fighter-jet-rides.com\/wp-content\/uploads\/2025\/01\/MiGFlug-Clip-Square-2-1.mov\" data-object-fit=\"cover\"><\/video><div class=\"wp-block-cover__inner-container is-layout-constrained wp-block-cover-is-layout-constrained\">\n<h2 class=\"wp-block-heading has-text-align-center has-text-color has-link-color wp-elements-dc9d55ec59d6523ab78d890a888e45e2\" style=\"color:#ffffff\">U\u00e7u\u015f \u00d6nizlemesi<\/h2>\n\n\n\n<div style=\"height:32px\" aria-hidden=\"true\" class=\"wp-block-spacer\"><\/div>\n\n\n\n<p class=\"has-text-align-center has-text-color has-link-color wp-elements-1bf62cf1cf269f2744a57ce02929c841\" style=\"color:#ffffff\"><\/p>\n<\/div><\/section>\n\n\n\n<div class=\"wp-block-cover alignfull\" style=\"padding-top:var(--wp--preset--spacing--80);padding-right:var(--wp--preset--spacing--50);padding-bottom:var(--wp--preset--spacing--80);padding-left:var(--wp--preset--spacing--50)\"><span aria-hidden=\"true\" class=\"wp-block-cover__background has-nv-light-bg-background-color has-background-dim-100 has-background-dim\"><\/span><div class=\"wp-block-cover__inner-container is-layout-flow wp-block-cover-is-layout-flow\">\n<div class=\"wp-block-columns has-neve-text-color-color has-text-color has-link-color wp-elements-15265441d15b3d44f0a5aa11312704ce is-layout-flex wp-container-core-columns-is-layout-9d6595d7 wp-block-columns-is-layout-flex\">\n<div class=\"wp-block-column is-vertically-aligned-top is-layout-flow wp-block-column-is-layout-flow\">\n<p class=\"big-number has-nv-site-bg-color has-text-color has-link-color wp-elements-37aaf5bfc1f5577de73b508095c061d7\" style=\"font-size:220px\"><strong>04<\/strong><\/p>\n\n\n\n<h2 class=\"wp-block-heading\">Senin G\u00fcn\u00fcn<\/h2>\n\n\n\n<p>Sava\u015f u\u00e7a\u011f\u0131 deneyiminiz, u\u00e7u\u015f \u00f6ncesi brifing i\u00e7in pilotunuzla bulu\u015fman\u0131z\u0131, Dolomitler \u00fczerinde akrobasi manevralar\u0131 ile heyecan verici bir u\u00e7u\u015fu ve kontrolleri ele alma \u015fans\u0131n\u0131, ard\u0131ndan ikramlar\u0131, jet ile foto\u011fraflar\u0131 ve pilotunuzla iste\u011fe ba\u011fl\u0131 u\u00e7u\u015f sonras\u0131 zaman\u0131 i\u00e7erir.<\/p>\n\n\n\n<figure class=\"wp-block-image size-large\"><img decoding=\"async\" src=\"https:\/\/migflug.com\/wp-content\/uploads\/2021\/12\/fighter-jet-rides-in-the-us-01.jpg\" alt=\"\"\/><\/figure>\n<\/div>\n\n\n\n<div class=\"wp-block-column is-layout-flow wp-block-column-is-layout-flow\">\n<div class=\"wp-block-group has-nv-site-bg-background-color has-background\" style=\"border-left-color:#008814;border-left-width:8px;padding-top:var(--wp--preset--spacing--60);padding-right:var(--wp--preset--spacing--50);padding-bottom:var(--wp--preset--spacing--30);padding-left:var(--wp--preset--spacing--50)\"><div class=\"wp-block-group__inner-container is-layout-constrained wp-container-core-group-is-layout-68dbf2b9 wp-block-group-is-layout-constrained\">\n<h3 class=\"wp-block-heading\">01 \u2013 Var\u0131\u015f<\/h3>\n\n\n\n<p>\u0130talyan Alpleri'nde yer alan pitoresk hava \u00fcss\u00fcne var\u0131n. Pilotunuz ve ekibiniz havac\u0131l\u0131k maceran\u0131za ba\u015flaman\u0131z i\u00e7in sizi kar\u015f\u0131layacak.<\/p>\n<\/div><\/div>\n\n\n\n<div class=\"wp-block-group has-nv-site-bg-background-color has-background\" style=\"border-left-color:#ffffff;border-left-width:8px;padding-top:var(--wp--preset--spacing--60);padding-right:var(--wp--preset--spacing--50);padding-bottom:var(--wp--preset--spacing--30);padding-left:var(--wp--preset--spacing--50)\"><div class=\"wp-block-group__inner-container is-layout-constrained wp-container-core-group-is-layout-68dbf2b9 wp-block-group-is-layout-constrained\">\n<h3 class=\"wp-block-heading\">02 \u2013 Brifing<\/h3>\n\n\n\n<p>Pilotunuzun u\u00e7u\u015f plan\u0131n\u0131, g\u00fcvenlik \u00f6nlemlerini ve tercihlerinize g\u00f6re uyarlanm\u0131\u015f akrobasi olanaklar\u0131n\u0131 a\u00e7\u0131klayaca\u011f\u0131 kapsaml\u0131 bir u\u00e7u\u015f \u00f6ncesi brifingi al\u0131n.<\/p>\n<\/div><\/div>\n\n\n\n<div class=\"wp-block-group has-nv-site-bg-background-color has-background\" style=\"border-left-color:var(--wp--preset--color--neve-link-hover-color);border-left-width:8px;padding-top:var(--wp--preset--spacing--60);padding-right:var(--wp--preset--spacing--50);padding-bottom:var(--wp--preset--spacing--30);padding-left:var(--wp--preset--spacing--50)\"><div class=\"wp-block-group__inner-container is-layout-constrained wp-container-core-group-is-layout-68dbf2b9 wp-block-group-is-layout-constrained\">\n<h3 class=\"wp-block-heading\">03 \u2013 U\u00e7u\u015f<\/h3>\n\n\n\n<p>\u0130talyan Alpleri \u00fczerinde hayranl\u0131k uyand\u0131ran bir yolculuk i\u00e7in g\u00f6ky\u00fcz\u00fcne \u00e7\u0131k\u0131n. Heyecan verici akrobasi g\u00f6sterilerini, muhte\u015fem da\u011f manzaralar\u0131n\u0131 ve uzman rehberli\u011finde jeti kontrol etme \u015fans\u0131n\u0131 deneyimleyin.<\/p>\n<\/div><\/div>\n\n\n\n<div class=\"wp-block-group has-nv-site-bg-background-color has-background\" style=\"border-left-color:var(--wp--preset--color--nv-dark-bg);border-left-width:8px;padding-top:var(--wp--preset--spacing--60);padding-right:var(--wp--preset--spacing--50);padding-bottom:var(--wp--preset--spacing--30);padding-left:var(--wp--preset--spacing--50)\"><div class=\"wp-block-group__inner-container is-layout-constrained wp-container-core-group-is-layout-68dbf2b9 wp-block-group-is-layout-constrained\">\n<h3 class=\"wp-block-heading\">04 \u2013 Bilgilendirme<\/h3>\n\n\n\n<p>\u0130ni\u015ften sonra i\u00e7eceklerle gev\u015feyin, jetle \u00e7arp\u0131c\u0131 foto\u011fraflar \u00e7ekin ve pilotunuzla y\u00fcksekten u\u00e7ma maceran\u0131zla ilgili hikayeler payla\u015f\u0131n.<\/p>\n<\/div><\/div>\n<\/div>\n<\/div>\n<\/div><\/div>\n\n\n\n<div class=\"wp-block-cover alignfull\" style=\"padding-top:var(--wp--preset--spacing--80);padding-right:var(--wp--preset--spacing--50);padding-bottom:var(--wp--preset--spacing--80);padding-left:var(--wp--preset--spacing--50)\"><span aria-hidden=\"true\" class=\"wp-block-cover__background has-nv-dark-bg-background-color has-background-dim-100 has-background-dim\"><\/span><div class=\"wp-block-cover__inner-container is-layout-flow wp-block-cover-is-layout-flow\">\n<div class=\"wp-block-columns has-neve-text-color-color has-text-color has-link-color wp-elements-b7d078f34557c657eb690f0a005ef370 is-layout-flex wp-container-core-columns-is-layout-9d6595d7 wp-block-columns-is-layout-flex\">\n<div class=\"wp-block-column is-vertically-aligned-top is-layout-flow wp-block-column-is-layout-flow\">\n<p class=\"has-text-align-center big-number has-neve-text-color-color has-text-color has-link-color wp-elements-8b28edcdb6d96a7bde63073eb63cca00\" style=\"font-size:220px\"><strong>05<\/strong><\/p>\n\n\n\n<h2 class=\"wp-block-heading has-text-align-center has-nv-light-bg-color has-text-color has-link-color wp-elements-0a4d946587775a2209fc0b9a4906f27e\">Oraya Ula\u015fmak<\/h2>\n\n\n\n<p class=\"has-text-align-center has-nv-light-bg-color has-text-color has-link-color wp-elements-0558a66abe68357ccf65cf5220f679d2\">Kuzey \u0130talya'da elveri\u015fli bir konumda yer alan hava \u00fcss\u00fcne Milano ve Venedik gibi b\u00fcy\u00fck \u015fehirlerden kolayl\u0131kla ula\u015f\u0131labilmektedir. \u0130ster arabayla ister u\u00e7akla gelin, konum Alp u\u00e7u\u015f maceran\u0131za sorunsuz bir ba\u015flang\u0131\u00e7 vaat ediyor.<\/p>\n\n\n\n<div class=\"leaflet-map WPLeafletMap\" style=\"height:800px; width:100%;\"><\/div><script>\nwindow.WPLeafletMapPlugin = window.WPLeafletMapPlugin || [];\nwindow.WPLeafletMapPlugin.push(function WPLeafletMapShortcode() {\/*<script>*\/\nvar baseUrl = atob('aHR0cHM6Ly90aWxlcy1ldS5zdGFkaWFtYXBzLmNvbS90aWxlcy9zdGFtZW5fdG9uZXIve3p9L3t4fS97eX17cn0ucG5n');\nvar base = (!baseUrl && window.MQ) ?\n    window.MQ.mapLayer() : L.tileLayer(baseUrl,\n        L.Util.extend({}, {\n            detectRetina: 0,\n        },\n        {\"subdomains\":\"abc\",\"noWrap\":false,\"maxZoom\":19}        )\n    );\n    var options = L.Util.extend({}, {\n        layers: [base],\n        attributionControl: false\n    },\n    {\"zoomControl\":true,\"scrollWheelZoom\":true,\"doubleClickZoom\":true,\"fitBounds\":false,\"minZoom\":0,\"maxZoom\":19,\"maxBounds\":null,\"attribution\":\"<a href=\\\"http:\\\/\\\/leafletjs.com\\\" title=\\\"A JS library for interactive maps\\\">Leaflet<\\\/a>; \\u00a9 <a href=\\\"http:\\\/\\\/www.openstreetmap.org\\\/copyright\\\">OpenStreetMap<\\\/a> contributors\"},\n    {});\nwindow.WPLeafletMapPlugin.createMap(options).setView([46.0667,11.1256],6);});<\/script>\n\n\n\n<script>\nwindow.WPLeafletMapPlugin = window.WPLeafletMapPlugin || [];\nwindow.WPLeafletMapPlugin.push(function WPLeafletMarkerShortcode() {\/*<script>*\/\nvar map = window.WPLeafletMapPlugin.getCurrentMap();\nvar group = window.WPLeafletMapPlugin.getCurrentGroup();\nvar marker_options = window.WPLeafletMapPlugin.getIconOptions({\"iconUrl\":\"https:\\\/\\\/dev.fktc.ch\\\/fjr\\\/assets\\\/marker-yellow.svg\",\"iconSize\":\"80,50\"});\nvar marker = L.marker(\n    [46.4982953,10.2750706],\n    marker_options\n);\nvar is_image = map.is_image_map;\nif (marker_options.draggable) {\n    marker.on('dragend', function () {\n        var latlng = this.getLatLng();\n        var lat = latlng.lat;\n        var lng = latlng.lng;\n        if (is_image) {\n            console.log('leaflet-marker y=' + lat + ' x=' + lng);\n        } else {\n            console.log('leaflet-marker lat=' + lat + ' lng=' + lng);\n        }\n    });\n}\nmarker.addTo( group );\nmarker.bindPopup(window.WPLeafletMapPlugin.unescape('\ud83d\ude80\ud83d\udc68\u200d\ud83d\ude80 The L-39 in the heart of the Italian Alps near Bormio, Italy \ud83c\uddee\ud83c\uddf9'));window.WPLeafletMapPlugin.markers.push( marker );\n        });<\/script>\n<\/div>\n<\/div>\n<\/div><\/div>\n\n\n\n<div class=\"wp-block-cover alignfull\" style=\"padding-top:var(--wp--preset--spacing--80);padding-right:var(--wp--preset--spacing--50);padding-bottom:var(--wp--preset--spacing--80);padding-left:var(--wp--preset--spacing--50)\"><span aria-hidden=\"true\" class=\"wp-block-cover__background has-nv-light-bg-background-color has-background-dim-100 has-background-dim\"><\/span><div class=\"wp-block-cover__inner-container is-layout-flow wp-block-cover-is-layout-flow\">\n<div class=\"wp-block-columns has-neve-text-color-color has-text-color has-link-color wp-elements-4cc728e2533f6b365acf12c5b2697640 is-layout-flex wp-container-core-columns-is-layout-9d6595d7 wp-block-columns-is-layout-flex\">\n<div class=\"wp-block-column is-vertically-aligned-top is-layout-flow wp-block-column-is-layout-flow\">\n<p class=\"has-text-align-center big-number has-nv-site-bg-color has-text-color has-link-color wp-elements-b1acbaf334e5e8065ff18a7021d692b3\" id=\"calendar\" style=\"font-size:220px\"><strong>06<\/strong><\/p>\n\n\n\n<h2 class=\"wp-block-heading has-text-align-center\">Kullan\u0131labilirlik<\/h2>\n\n\n\n<p class=\"has-text-align-center\">Mevcut olup olmad\u0131\u011f\u0131n\u0131 kontrol edin ve <strong><mark style=\"background-color:var(--nv-site-bg)\" class=\"has-inline-color has-nv-dark-bg-color\">Rezervasyona ba\u015flamak i\u00e7in herhangi bir tarihi t\u0131klay\u0131n<\/mark><\/strong><\/p>\n\n\n    <div style=\"display:none;\">MiGFlug DatePicker S\u00fcr\u00fcm 1.2.2<\/div>\n\n    <div class=\"datepicker-container\" style=\"position: relative\">\n        <div class=\"datepicker-availability\" id=\"datepicker_69f5bd7a6acc7\"><\/div>\n    <\/div>\n    <script src=\"https:\/\/cdnjs.cloudflare.com\/ajax\/libs\/luxon\/3.4.3\/luxon.min.js\"><\/script>\n    <script type=\"text\/javascript\">\n        jQuery(document).ready(function ($) {\n            const { DateTime } = luxon;\n            const timezone = \"America\/New_York\";\n            var disabledDays = [];\n\n            let today = DateTime.now().setZone(timezone);\n            let maxDate = today.plus({ years: 3 });\n\n            const debouncedFetchDisabledDates = debounce(fetchDisabledDates, 300);\n\n            $(\"#datepicker_69f5bd7a6acc7\").datepicker({\n                changeMonth: true,\n                changeYear: true,\n                showOtherMonths: true,\n                selectOtherMonths: true,\n                yearRange: \"c-10:c+10\",\n                dateFormat: \"yy-dd-mm\",\n                minDate: 0,\n                maxDate: new Date(maxDate.year, maxDate.month - 1, maxDate.day),\n                monthNames: [\n                    \"January\", \"February\", \"March\", \"April\", \"May\", \"June\",\n                    \"July\", \"August\", \"September\", \"October\", \"November\", \"December\"\n                ],\n                monthNamesShort: [\n                    \"Jan\", \"Feb\", \"Mar\", \"Apr\", \"May\", \"Jun\",\n                    \"Jul\", \"Aug\", \"Sep\", \"Oct\", \"Nov\", \"Dec\"\n                ],\n                onSelect: function (dateText) {\n                    let parsedDate = $.datepicker.parseDate('yy-dd-mm', dateText);\n                    let finalDate = $.datepicker.formatDate('yy-mm-dd', parsedDate);\n\n                    let bookingURL = \"#pricing\";\n                    let popup_id = \"\";\n\n                    if (bookingURL !== \"\") {\n                        let fullURL = bookingURL + \"?datechoice=now&date=\" + finalDate +\n                            \"&region=\" + \"\" +\n                            \"&product=\" + \"\" +\n                            \"&eulocation=\" + \"\" +\n                            \"&uslocation=\" + \"\" +\n                            \"&referrer=\" + \"\" +\n                            \"&itlocation=\" + \"\" +\n                            \"&apaclocation=\" + \"\";\n                        window.open(fullURL, '_blank');\n                        showAvailableDay();\n                    } else if (popup_id !== \"\") {\n                        PUM.open('#' + popup_id);\n                        showAvailableDay();\n                    }\n                },\n                beforeShow: function (input, inst) {\n                    showAvailableDay();\n                },\n                beforeShowDay: function (date) {\n                    \/\/ Convert local date to the API timezone for comparison\n                    const localDt = DateTime.fromJSDate(date);\n                    \/\/ Format to check against our collection\n                    const dateToCheck = localDt.toFormat('yyyy-MM-dd');\n                    \n                    \/\/ Check if this date is in our available dates list\n                    const isAvailable = disabledDays.includes(dateToCheck);\n                    return [isAvailable];\n                },\n                onChangeMonthYear: function (year, month, inst) {\n                    debouncedFetchDisabledDates(year, month);\n                }\n            });\n\n            showAvailableDay();\n\n            function fetchDisabledDates(year, month, retryCount = 0) {\n                const appointmentId = \"64792193\";\n                const calendarId = \"10345775\";\n                const cacheKey = `disabledDates_${calendarId}_${appointmentId}_${year}_${month}_${timezone}`;\n                const expirationTime = 24 * 60 * 60 * 1000;\n                const now = Date.now();\n                const yearMonth = year + '-' + (\"0\" + month).slice(-2);\n                const maxRetries = 3;\n                const $datepicker = $('.datepicker-availability');\n                $datepicker.append('<div class=\"datepicker-loader-overlay\"><\/div><div class=\"spinner\"><\/div>');\n\n                if (localStorage.getItem(cacheKey)) {\n                    const cachedData = JSON.parse(localStorage.getItem(cacheKey));\n                    if (cachedData && cachedData.expiration > now) {\n                        updateDisabledDates(cachedData.response);\n                        fetchDataForNextMonth(year, month);\n                        return;\n                    }\n                }\n\n                $.ajax({\n                    url: 'https:\/\/fighter-jet-rides.com\/wp-admin\/admin-ajax.php',\n                    method: 'GET',\n                    data: {\n                        action: 'datepicker_fetch_disabled_dates',\n                        yearMonth: yearMonth.trim(),\n                        calendarId: calendarId.trim(),\n                        appointmentId: appointmentId.trim(),\n                        timezone: timezone.trim(), \/\/ Add timezone to the AJAX request\n                    },\n                    dataType: 'json',\n                    timeout: 10000,\n                }).done(function (response) {\n                    const item = {\n                        response,\n                        expiration: now + expirationTime\n                    };\n                    localStorage.setItem(cacheKey, JSON.stringify(item));\n                    updateDisabledDates(response);\n                    fetchDataForNextMonth(year, month);\n                }).fail(function (xhr, status) {\n                    if ((status === \"timeout\" || status === \"error\") && retryCount < maxRetries) {\n                        fetchDisabledDates(year, month, retryCount + 1);\n                    } else {\n                        hideLoader();\n                    }\n                });\n            }\n\n            async function fetchDataForNextMonth(year, month) {\n                \/\/ Adjust year if we're in December\n                let nextYear = year;\n                let nextMonth = month === 12 ? 1 : month + 1;\n                if (month === 12) nextYear++;\n\n                const appointmentId = \"64792193\";\n                const calendarId = \"10345775\";\n                const cacheKey = `disabledDates_${calendarId}_${appointmentId}_${nextYear}_${nextMonth}_${timezone}`;\n                const expirationTime = 24 * 60 * 60 * 1000;\n                const now = Date.now();\n                const yearMonth = nextYear + '-' + (\"0\" + nextMonth).slice(-2);\n\n                if (localStorage.getItem(cacheKey)) {\n                    const cachedData = JSON.parse(localStorage.getItem(cacheKey));\n                    if (cachedData && cachedData.expiration > now) {\n                        return;\n                    }\n                }\n\n                $.ajax({\n                    url: 'https:\/\/fighter-jet-rides.com\/wp-admin\/admin-ajax.php',\n                    method: 'GET',\n                    data: {\n                        action: 'datepicker_fetch_disabled_dates',\n                        yearMonth: yearMonth.trim(),\n                        calendarId: calendarId.trim(),\n                        appointmentId: appointmentId.trim(),\n                        timezone: timezone.trim(), \/\/ Add timezone to the AJAX request\n                    },\n                    dataType: 'json',\n                    timeout: 10000,\n                }).done(function (response) {\n                    const item = {\n                        response,\n                        expiration: now + expirationTime\n                    };\n                    localStorage.setItem(cacheKey, JSON.stringify(item));\n                }).fail(function () {\n                    hideLoader();\n                });\n            }\n\n            function updateDisabledDates(response) {\n                if (response && response.success) {\n                    \/\/ Store dates in YYYY-MM-DD format directly from API\n                    disabledDays = response.data.map(function (item) {\n                        return item.date; \/\/ API already returns dates in the requested timezone\n                    });\n                    $('#datepicker_69f5bd7a6acc7').datepicker('refresh');\n                }\n                hideLoader();\n            }\n\n            function showAvailableDay() {\n                let date = DateTime.now().setZone(timezone);\n                fetchDisabledDates(date.year, date.month);\n            }\n\n            function hideLoader() {\n                $('.datepicker-loader-overlay, .spinner').remove();\n            }\n\n            function debounce(func, wait) {\n                let timeout;\n                return function (...args) {\n                    const context = this;\n                    clearTimeout(timeout);\n                    timeout = setTimeout(() => func.apply(context, args), wait);\n                };\n            }\n        });\n    <\/script>\n    \n<\/div>\n<\/div>\n<\/div><\/div>\n\n\n\n<section class=\"wp-block-cover alignfull\" style=\"padding-top:var(--wp--preset--spacing--80);padding-right:var(--wp--preset--spacing--40);padding-bottom:var(--wp--preset--spacing--80);padding-left:var(--wp--preset--spacing--40)\"><span aria-hidden=\"true\" class=\"wp-block-cover__background has-nv-dark-bg-background-color has-background-dim-80 has-background-dim\"><\/span><img decoding=\"async\" class=\"wp-block-cover__image-background wp-image-101\" alt=\"\" src=\"https:\/\/dev.fktc.ch\/fjr\/emlproxy\/pexels-thomas-vitali-213214-3039336-2.jpg\" data-object-fit=\"cover\"\/><div class=\"wp-block-cover__inner-container is-layout-constrained wp-container-core-cover-is-layout-cd625289 wp-block-cover-is-layout-constrained\">\n<div class=\"wp-block-columns are-vertically-aligned-center is-layout-flex wp-container-core-columns-is-layout-9d6595d7 wp-block-columns-is-layout-flex\">\n<div class=\"wp-block-column is-vertically-aligned-center is-layout-flow wp-block-column-is-layout-flow\">\n<div class=\"wp-block-group has-nv-text-dark-bg-color has-text-color has-link-color wp-elements-03820e42c80cdd1e1033d8f1151ab950\"><div class=\"wp-block-group__inner-container is-layout-flow wp-block-group-is-layout-flow\">\n<p class=\"has-text-align-center big-number has-text-color has-link-color wp-elements-2a6a51a85a796ce6eea6527b9bcd760e\" style=\"color:#ffffff1c;font-size:220px\"><strong>07<\/strong><\/p>\n\n\n\n<h2 class=\"wp-block-heading has-text-align-center\">Referanslar<\/h2>\n\n\n\n<div style=\"height:80px\" aria-hidden=\"true\" class=\"wp-block-spacer\"><\/div>\n<\/div><\/div>\n<\/div>\n<\/div>\n\n\n\n<div class=\"wp-block-columns has-nv-text-dark-bg-color has-text-color has-link-color wp-elements-dbba08ffa0c41be0cba8558c6a69eedc is-layout-flex wp-container-core-columns-is-layout-9d6595d7 wp-block-columns-is-layout-flex\">\n<div class=\"wp-block-column has-neve-text-color-color has-nv-site-bg-background-color has-text-color has-background has-link-color wp-elements-91d830427120655ee2247ab27e8d5a04 is-layout-flow wp-block-column-is-layout-flow\" style=\"border-bottom-color:#008814;border-bottom-width:8px;padding-top:var(--wp--preset--spacing--70);padding-right:var(--wp--preset--spacing--50);padding-bottom:var(--wp--preset--spacing--70);padding-left:var(--wp--preset--spacing--50)\"><div class=\"wp-block-image\">\n<figure class=\"aligncenter size-large is-resized has-custom-border\"><img loading=\"lazy\" decoding=\"async\" width=\"806\" height=\"1024\" src=\"https:\/\/fighter-jet-rides.com\/wp-content\/uploads\/2025\/01\/8fb32559-512f-4987-a1be-132d1d577c4d-806x1024.jpg\" alt=\"\" class=\"wp-image-978\" style=\"border-radius:999px;aspect-ratio:1;object-fit:cover;width:239px;height:auto\" srcset=\"https:\/\/fighter-jet-rides.com\/wp-content\/uploads\/2025\/01\/8fb32559-512f-4987-a1be-132d1d577c4d-806x1024.jpg 806w, https:\/\/fighter-jet-rides.com\/wp-content\/uploads\/2025\/01\/8fb32559-512f-4987-a1be-132d1d577c4d-236x300.jpg 236w, https:\/\/fighter-jet-rides.com\/wp-content\/uploads\/2025\/01\/8fb32559-512f-4987-a1be-132d1d577c4d-768x976.jpg 768w, https:\/\/fighter-jet-rides.com\/wp-content\/uploads\/2025\/01\/8fb32559-512f-4987-a1be-132d1d577c4d-9x12.jpg 9w, https:\/\/fighter-jet-rides.com\/wp-content\/uploads\/2025\/01\/8fb32559-512f-4987-a1be-132d1d577c4d.jpg 967w\" sizes=\"auto, (max-width: 806px) 100vw, 806px\" \/><\/figure>\n<\/div>\n\n\n<div style=\"height:32px\" aria-hidden=\"true\" class=\"wp-block-spacer\"><\/div>\n\n\n\n<h3 class=\"wp-block-heading has-text-align-center\">Graham Sagar - Birle\u015fik Krall\u0131k<\/h3>\n\n\n\n<p class=\"has-text-align-center\">\" Bu benim MiGFlug ile \u00fc\u00e7\u00fcnc\u00fc u\u00e7u\u015fumdu ve muhte\u015fem manzaras\u0131 i\u00e7in Torino, \u0130talya yak\u0131nlar\u0131ndaki konumu se\u00e7tim. Pilot Max, gen\u00e7 havac\u0131lara ilham vermek i\u00e7in k\u00e2r amac\u0131 g\u00fctmeyen misyonlar\u0131n\u0131 a\u00e7\u0131klad\u0131. Sorunsuz bir g\u00fcvenlik brifinginden sonra, u\u00e7a\u011f\u0131 90% s\u00fcreyle u\u00e7urdum, \u00e7e\u015fitli manevralar yapt\u0131m ve nefes kesici Alp manzaras\u0131n\u0131n tad\u0131n\u0131 \u00e7\u0131kard\u0131m. Max harikayd\u0131 ve kusursuz \u0130ngilizcesi ileti\u015fimi kolayla\u015ft\u0131rd\u0131. MiGFlug g\u00fcvenilir ve g\u00fcvenilirdir ve bir sonraki u\u00e7u\u015fum i\u00e7in sab\u0131rs\u0131zlan\u0131yorum! \"<\/p>\n\n\n<div class=\"wp-block-image\">\n<figure class=\"aligncenter size-full is-resized\"><img decoding=\"async\" src=\"https:\/\/fighter-jet-rides.com\/wp-content\/uploads\/2025\/01\/graham-sagar.svg\" alt=\"\" class=\"wp-image-986\" style=\"width:auto;height:40px\"\/><\/figure>\n<\/div><\/div>\n\n\n\n<div class=\"wp-block-column has-neve-text-color-color has-nv-site-bg-background-color has-text-color has-background has-link-color wp-elements-cbb3a0c7f243b9a74a25570aef9355b0 is-layout-flow wp-block-column-is-layout-flow\" style=\"border-bottom-color:var(--wp--preset--color--neve-link-hover-color);border-bottom-width:8px;padding-top:var(--wp--preset--spacing--70);padding-right:var(--wp--preset--spacing--50);padding-bottom:var(--wp--preset--spacing--70);padding-left:var(--wp--preset--spacing--50)\"><div class=\"wp-block-image\">\n<figure class=\"aligncenter size-full is-resized has-custom-border\"><img loading=\"lazy\" decoding=\"async\" width=\"1280\" height=\"542\" src=\"https:\/\/fighter-jet-rides.com\/wp-content\/uploads\/2025\/01\/OYoRO0C0CFvi1S9r.png\" alt=\"\" class=\"wp-image-977\" style=\"border-radius:999px;aspect-ratio:1;object-fit:cover;width:240px;height:auto\" srcset=\"https:\/\/fighter-jet-rides.com\/wp-content\/uploads\/2025\/01\/OYoRO0C0CFvi1S9r.png 1280w, https:\/\/fighter-jet-rides.com\/wp-content\/uploads\/2025\/01\/OYoRO0C0CFvi1S9r-300x127.png 300w, https:\/\/fighter-jet-rides.com\/wp-content\/uploads\/2025\/01\/OYoRO0C0CFvi1S9r-1024x434.png 1024w, https:\/\/fighter-jet-rides.com\/wp-content\/uploads\/2025\/01\/OYoRO0C0CFvi1S9r-768x325.png 768w, https:\/\/fighter-jet-rides.com\/wp-content\/uploads\/2025\/01\/OYoRO0C0CFvi1S9r-18x8.png 18w\" sizes=\"auto, (max-width: 1280px) 100vw, 1280px\" \/><\/figure>\n<\/div>\n\n\n<div style=\"height:32px\" aria-hidden=\"true\" class=\"wp-block-spacer\"><\/div>\n\n\n\n<h3 class=\"wp-block-heading has-text-align-center\">Alessandro Pollace - \u0130talya<\/h3>\n\n\n\n<p class=\"has-text-align-center\">&#8221; <em>Tam olarak hayal etti\u011fim gibiydi, harika Alpler senaryosu ve daha da iyi hale getirmek i\u00e7in baz\u0131 da\u011f\u0131n\u0131k bulutlarla iyi hava ko\u015fullar\u0131! Deneyimli ekip taraf\u0131ndan s\u00fcper kar\u015f\u0131lama, da\u011f g\u00f6ky\u00fcz\u00fcnde akrobasi manevralar\u0131 ile dinamik u\u00e7u\u015f program\u0131, sat\u0131\u015f \u00f6ncesi net brifing ve L39 tarihine g\u00fczel bir s\u0131\u00e7rama. Ke\u015fke daha \u00f6nce yapsayd\u0131m!<\/em> &#8220;<\/p>\n\n\n\n<p><\/p>\n\n\n<div class=\"wp-block-image\">\n<figure class=\"aligncenter size-full is-resized\"><img decoding=\"async\" src=\"https:\/\/fighter-jet-rides.com\/wp-content\/uploads\/2025\/01\/alessandro-pollace.svg\" alt=\"\" class=\"wp-image-987\" style=\"width:356px;height:auto\"\/><\/figure>\n<\/div><\/div>\n<\/div>\n<\/div><\/section>\n\n\n\n<div class=\"wp-block-cover alignfull has-neve-text-color-color has-text-color has-link-color wp-elements-dc6dcdfb53b9797696db56bed56b5d2e\" style=\"padding-top:var(--wp--preset--spacing--80);padding-right:var(--wp--preset--spacing--40);padding-bottom:var(--wp--preset--spacing--80);padding-left:var(--wp--preset--spacing--40)\"><span aria-hidden=\"true\" class=\"wp-block-cover__background has-nv-site-bg-background-color has-background-dim-100 has-background-dim\"><\/span><div class=\"wp-block-cover__inner-container is-layout-flow wp-block-cover-is-layout-flow\">\n<div class=\"wp-block-columns is-layout-flex wp-container-core-columns-is-layout-9d6595d7 wp-block-columns-is-layout-flex\">\n<div class=\"wp-block-column is-layout-flow wp-block-column-is-layout-flow\" style=\"flex-basis:100%\">\n<div class=\"wp-block-group is-vertical is-content-justification-center is-layout-flex wp-container-core-group-is-layout-4b2eccd6 wp-block-group-is-layout-flex\">\n<p class=\"big-number has-nv-light-bg-color has-text-color has-link-color wp-elements-a7fd32131fbdfd6fd566c5b9b1686a04\" style=\"font-size:220px\"><strong>0<\/strong>8<\/p>\n\n\n\n<h2 class=\"wp-block-heading has-text-align-center has-neve-text-color-color has-text-color has-link-color wp-elements-e0561d289cad4c05cbdbcf696a6081b6\">Galeri<\/h2>\n\n\n\n<p class=\"has-text-align-center has-neve-text-color-color has-text-color has-link-color wp-elements-745c0730f7c6d90f1b0c6a73cc09e5e0\">Torino yak\u0131n\u0131nda<\/p>\n\n\n\n<div style=\"height:0px\" aria-hidden=\"true\" class=\"wp-block-spacer wp-container-content-f9bd05ee\"><\/div>\n<\/div>\n<\/div>\n<\/div>\n\n\n\n<figure class=\"wp-block-gallery has-nested-images columns-3 is-cropped wp-block-gallery-1 is-layout-flex wp-block-gallery-is-layout-flex\">\n<figure class=\"wp-block-image size-large\"><img loading=\"lazy\" decoding=\"async\" width=\"1024\" height=\"641\" data-id=\"979\" src=\"https:\/\/fighter-jet-rides.com\/wp-content\/uploads\/2025\/01\/L-39-Aosta-II-1024x641.png\" alt=\"\" class=\"wp-image-979\" srcset=\"https:\/\/fighter-jet-rides.com\/wp-content\/uploads\/2025\/01\/L-39-Aosta-II-1024x641.png 1024w, https:\/\/fighter-jet-rides.com\/wp-content\/uploads\/2025\/01\/L-39-Aosta-II-300x188.png 300w, https:\/\/fighter-jet-rides.com\/wp-content\/uploads\/2025\/01\/L-39-Aosta-II-768x481.png 768w, https:\/\/fighter-jet-rides.com\/wp-content\/uploads\/2025\/01\/L-39-Aosta-II-18x12.png 18w, https:\/\/fighter-jet-rides.com\/wp-content\/uploads\/2025\/01\/L-39-Aosta-II.png 1252w\" sizes=\"auto, (max-width: 1024px) 100vw, 1024px\" \/><\/figure>\n\n\n\n<figure class=\"wp-block-image size-large\"><img loading=\"lazy\" decoding=\"async\" width=\"1024\" height=\"427\" data-id=\"980\" src=\"https:\/\/fighter-jet-rides.com\/wp-content\/uploads\/2025\/01\/lBIoBTMioH4fq1oA-1024x427.png\" alt=\"\" class=\"wp-image-980\" srcset=\"https:\/\/fighter-jet-rides.com\/wp-content\/uploads\/2025\/01\/lBIoBTMioH4fq1oA-1024x427.png 1024w, https:\/\/fighter-jet-rides.com\/wp-content\/uploads\/2025\/01\/lBIoBTMioH4fq1oA-300x125.png 300w, https:\/\/fighter-jet-rides.com\/wp-content\/uploads\/2025\/01\/lBIoBTMioH4fq1oA-768x321.png 768w, https:\/\/fighter-jet-rides.com\/wp-content\/uploads\/2025\/01\/lBIoBTMioH4fq1oA-18x8.png 18w, https:\/\/fighter-jet-rides.com\/wp-content\/uploads\/2025\/01\/lBIoBTMioH4fq1oA.png 1277w\" sizes=\"auto, (max-width: 1024px) 100vw, 1024px\" \/><\/figure>\n\n\n\n<figure class=\"wp-block-image size-large\"><img loading=\"lazy\" decoding=\"async\" width=\"1024\" height=\"725\" data-id=\"981\" src=\"https:\/\/fighter-jet-rides.com\/wp-content\/uploads\/2025\/01\/L-39-Aosta-1024x725.png\" alt=\"\" class=\"wp-image-981\" srcset=\"https:\/\/fighter-jet-rides.com\/wp-content\/uploads\/2025\/01\/L-39-Aosta-1024x725.png 1024w, https:\/\/fighter-jet-rides.com\/wp-content\/uploads\/2025\/01\/L-39-Aosta-300x212.png 300w, https:\/\/fighter-jet-rides.com\/wp-content\/uploads\/2025\/01\/L-39-Aosta-768x543.png 768w, https:\/\/fighter-jet-rides.com\/wp-content\/uploads\/2025\/01\/L-39-Aosta-18x12.png 18w, https:\/\/fighter-jet-rides.com\/wp-content\/uploads\/2025\/01\/L-39-Aosta.png 1255w\" sizes=\"auto, (max-width: 1024px) 100vw, 1024px\" \/><\/figure>\n\n\n\n<figure class=\"wp-block-image size-full\"><img decoding=\"async\" data-id=\"101\" src=\"https:\/\/dev.fktc.ch\/fjr\/emlproxy\/pexels-thomas-vitali-213214-3039336-2.jpg\" alt=\"\" class=\"wp-image-101\"\/><\/figure>\n\n\n\n<figure class=\"wp-block-image size-large\"><img loading=\"lazy\" decoding=\"async\" width=\"1024\" height=\"433\" data-id=\"982\" src=\"https:\/\/fighter-jet-rides.com\/wp-content\/uploads\/2025\/01\/PYIXa9MUyrwkVS10-1024x433.png\" alt=\"\" class=\"wp-image-982\" srcset=\"https:\/\/fighter-jet-rides.com\/wp-content\/uploads\/2025\/01\/PYIXa9MUyrwkVS10-1024x433.png 1024w, https:\/\/fighter-jet-rides.com\/wp-content\/uploads\/2025\/01\/PYIXa9MUyrwkVS10-300x127.png 300w, https:\/\/fighter-jet-rides.com\/wp-content\/uploads\/2025\/01\/PYIXa9MUyrwkVS10-768x325.png 768w, https:\/\/fighter-jet-rides.com\/wp-content\/uploads\/2025\/01\/PYIXa9MUyrwkVS10-18x8.png 18w, https:\/\/fighter-jet-rides.com\/wp-content\/uploads\/2025\/01\/PYIXa9MUyrwkVS10.png 1279w\" sizes=\"auto, (max-width: 1024px) 100vw, 1024px\" \/><\/figure>\n\n\n\n<figure class=\"wp-block-image size-full\"><img loading=\"lazy\" decoding=\"async\" width=\"2200\" height=\"1469\" data-id=\"983\" src=\"https:\/\/fighter-jet-rides.com\/wp-content\/uploads\/2025\/01\/pexels-sagui-andrea-200115-618833.jpg\" alt=\"\" class=\"wp-image-983\" srcset=\"https:\/\/fighter-jet-rides.com\/wp-content\/uploads\/2025\/01\/pexels-sagui-andrea-200115-618833.jpg 2200w, https:\/\/fighter-jet-rides.com\/wp-content\/uploads\/2025\/01\/pexels-sagui-andrea-200115-618833-300x200.jpg 300w, https:\/\/fighter-jet-rides.com\/wp-content\/uploads\/2025\/01\/pexels-sagui-andrea-200115-618833-1024x684.jpg 1024w, https:\/\/fighter-jet-rides.com\/wp-content\/uploads\/2025\/01\/pexels-sagui-andrea-200115-618833-768x513.jpg 768w, https:\/\/fighter-jet-rides.com\/wp-content\/uploads\/2025\/01\/pexels-sagui-andrea-200115-618833-1536x1026.jpg 1536w, https:\/\/fighter-jet-rides.com\/wp-content\/uploads\/2025\/01\/pexels-sagui-andrea-200115-618833-2048x1368.jpg 2048w, https:\/\/fighter-jet-rides.com\/wp-content\/uploads\/2025\/01\/pexels-sagui-andrea-200115-618833-18x12.jpg 18w, https:\/\/fighter-jet-rides.com\/wp-content\/uploads\/2025\/01\/pexels-sagui-andrea-200115-618833-930x620.jpg 930w\" sizes=\"auto, (max-width: 2200px) 100vw, 2200px\" \/><\/figure>\n<\/figure>\n<\/div><\/div>\n\n\n\n<div class=\"wp-block-cover alignfull\" style=\"padding-top:var(--wp--preset--spacing--80);padding-right:var(--wp--preset--spacing--50);padding-bottom:var(--wp--preset--spacing--80);padding-left:var(--wp--preset--spacing--50)\"><span aria-hidden=\"true\" class=\"wp-block-cover__background has-nv-dark-bg-background-color has-background-dim-100 has-background-dim\"><\/span><div class=\"wp-block-cover__inner-container is-layout-flow wp-block-cover-is-layout-flow\">\n<p class=\"has-text-align-center big-number has-neve-text-color-color has-text-color has-link-color wp-elements-b21b6a5898229b1b25e5e15c1fab375e\" id=\"pricing\" style=\"font-size:220px\"><strong>09<\/strong><\/p>\n\n\n\n<h2 class=\"wp-block-heading has-text-align-center\">Fiyat<\/h2>\n\n\n\n<div class=\"wp-block-columns has-neve-text-color-color has-text-color has-link-color wp-elements-032b0059bb07b53adedd2e439ea74fb2 is-layout-flex wp-container-core-columns-is-layout-9d6595d7 wp-block-columns-is-layout-flex\">\n<div class=\"wp-block-column is-vertically-aligned-top is-layout-flow wp-block-column-is-layout-flow\">\n<div class=\"wp-block-group has-nv-site-bg-background-color has-background\" style=\"border-top-color:#008814;border-top-width:8px;border-right-style:none;border-right-width:0px;border-bottom-style:none;border-bottom-width:0px;border-left-style:none;border-left-width:0px;padding-top:var(--wp--preset--spacing--60);padding-right:var(--wp--preset--spacing--50);padding-bottom:var(--wp--preset--spacing--60);padding-left:var(--wp--preset--spacing--50)\"><div class=\"wp-block-group__inner-container is-layout-constrained wp-container-core-group-is-layout-fcc72f54 wp-block-group-is-layout-constrained\">\n<h3 class=\"wp-block-heading has-text-align-center has-large-font-size\"><mark style=\"background-color:rgba(0, 0, 0, 0)\" class=\"has-inline-color has-neve-link-hover-color-color\">Alplerin Kral\u0131<\/mark><\/h3>\n\n\n\n<div class=\"wp-block-group is-vertical is-content-justification-center is-layout-flex wp-container-core-group-is-layout-4b2eccd6 wp-block-group-is-layout-flex\">\n<h4 class=\"wp-block-heading has-text-color has-link-color has-x-large-font-size wp-elements-c5cabec7ffaa01532f8792f80406e1f1\" style=\"color:#008814\"><code>4,500.00 EUR<\/code><\/h4>\n\n\n\n<p>U\u00e7u\u015f ba\u015f\u0131na<\/p>\n<\/div>\n\n\n\n<hr class=\"wp-block-separator has-text-color has-nv-light-bg-color has-alpha-channel-opacity has-nv-light-bg-background-color has-background\"\/>\n\n\n\n<p class=\"has-text-align-center\">Brifing<\/p>\n\n\n\n<p class=\"has-text-align-center\">30 Dakika U\u00e7u\u015f S\u00fcresi<\/p>\n\n\n\n<div class=\"wp-block-buttons is-content-justification-center is-layout-flex wp-container-core-buttons-is-layout-16018d1d wp-block-buttons-is-layout-flex\">\n<div class=\"wp-block-button is-style-default\"><a class=\"wp-block-button__link has-nv-text-dark-bg-color has-text-color has-background has-link-color wp-element-button\" href=\"https:\/\/fighter-jet-rides.com\/tr\/rezervasyon\/?params=hideregionselector&amp;region=rest&amp;eulocation=IT-VARIOUS-L39&amp;referrer=pdp&amp;utm_source=fjr\" style=\"background-color:#008814\">\u015e\u0130MD\u0130 REZERVASYON YAPIN<\/a><\/div>\n<\/div>\n<\/div><\/div>\n<\/div>\n\n\n\n<div class=\"wp-block-column is-vertically-aligned-top is-layout-flow wp-block-column-is-layout-flow\">\n<div class=\"wp-block-group has-nv-site-bg-background-color has-background\" style=\"border-top-color:var(--wp--preset--color--neve-link-hover-color);border-top-width:8px;border-right-style:none;border-right-width:0px;border-bottom-style:none;border-bottom-width:0px;border-left-style:none;border-left-width:0px;padding-top:var(--wp--preset--spacing--60);padding-right:var(--wp--preset--spacing--50);padding-bottom:var(--wp--preset--spacing--60);padding-left:var(--wp--preset--spacing--50)\"><div class=\"wp-block-group__inner-container is-layout-constrained wp-container-core-group-is-layout-fcc72f54 wp-block-group-is-layout-constrained\">\n<h3 class=\"wp-block-heading has-text-align-center has-large-font-size\"><mark style=\"background-color:rgba(0, 0, 0, 0)\" class=\"has-inline-color has-neve-link-hover-color-color\">Maverick<\/mark><\/h3>\n\n\n\n<div class=\"wp-block-group is-vertical is-content-justification-center is-layout-flex wp-container-core-group-is-layout-4b2eccd6 wp-block-group-is-layout-flex\">\n<h4 class=\"wp-block-heading has-nv-dark-bg-color has-text-color has-link-color has-x-large-font-size wp-elements-a639ec581c4a97c52497bf04c3955859\"><code>6,350.00 EUR<\/code><\/h4>\n\n\n\n<p>U\u00e7u\u015f ba\u015f\u0131na<\/p>\n<\/div>\n\n\n\n<hr class=\"wp-block-separator has-text-color has-nv-light-bg-color has-alpha-channel-opacity has-nv-light-bg-background-color has-background\"\/>\n\n\n\n<p class=\"has-text-align-center\">Brifing<\/p>\n\n\n\n<p class=\"has-text-align-center\">45 Dakika U\u00e7u\u015f S\u00fcresi<\/p>\n\n\n\n<p class=\"has-text-align-center\">U\u00e7u\u015f S\u0131ras\u0131nda Video<\/p>\n\n\n\n<div class=\"wp-block-buttons is-content-justification-center is-layout-flex wp-container-core-buttons-is-layout-16018d1d wp-block-buttons-is-layout-flex\">\n<div class=\"wp-block-button is-style-default\"><a class=\"wp-block-button__link has-nv-text-dark-bg-color has-nv-dark-bg-background-color has-text-color has-background has-link-color wp-element-button\" href=\"https:\/\/fighter-jet-rides.com\/tr\/rezervasyon\/?params=hideregionselector&amp;region=rest&amp;eulocation=IT-VARIOUS-L39&amp;referrer=pdp&amp;utm_source=fjr\">\u015e\u0130MD\u0130 REZERVASYON YAPIN<\/a><\/div>\n<\/div>\n<\/div><\/div>\n<\/div>\n<\/div>\n<\/div><\/div>\n\n\n\n<div class=\"wp-block-cover alignfull has-neve-text-color-color has-text-color has-link-color wp-elements-5c363b81bb3781c0fe6fd21d6abb76b8\" style=\"padding-top:var(--wp--preset--spacing--80);padding-right:var(--wp--preset--spacing--40);padding-bottom:var(--wp--preset--spacing--80);padding-left:var(--wp--preset--spacing--40)\"><span aria-hidden=\"true\" class=\"wp-block-cover__background has-nv-site-bg-background-color has-background-dim-100 has-background-dim\"><\/span><div class=\"wp-block-cover__inner-container is-layout-flow wp-block-cover-is-layout-flow\">\n<div class=\"wp-block-columns is-layout-flex wp-container-core-columns-is-layout-9d6595d7 wp-block-columns-is-layout-flex\">\n<div class=\"wp-block-column is-layout-flow wp-block-column-is-layout-flow\" style=\"flex-basis:100%\">\n<div class=\"wp-block-group\"><div class=\"wp-block-group__inner-container is-layout-constrained wp-block-group-is-layout-constrained\">\n<p class=\"big-number has-nv-light-bg-color has-text-color has-link-color wp-elements-93f01c170b049a433dc9659f7dc4877c\" style=\"font-size:220px\">10<\/p>\n\n\n\n<h2 class=\"wp-block-heading has-text-align-center has-neve-text-color-color has-text-color has-link-color wp-elements-a7b4be59732789a23039606275ff32c2\">SSS<\/h2>\n\n\n\n<p class=\"has-text-align-center has-neve-text-color-color has-text-color has-link-color wp-elements-9cca6875f495bf6c958d055d2ed65647\">S\u0131k\u00e7a Sorulan Sorular\u0131n Cevaplar\u0131<\/p>\n\n\n<ul style=\"padding-top:0;padding-bottom:0;padding-left:0;padding-right:0\" class=\"wp-block-tt-accordion\">\n<li class=\"wp-block-tt-accordion-item wp-block-tt-accordion-item-2 has-background has-nv-text-dark-bg-background-color\"><h3 class=\"wp-block-tt-accordion-item-header\"><button class=\"wp-block-tt-accordion-item-header-button\" id=\"wp-block-tt-accordion-item-header-button-27946169-68d7-4d87-9db6-89f6d77c29e9\" type=\"button\"><span class=\"wp-block-tt-accordion-item-header-button-text\">B\u00f6yle bir u\u00e7u\u015fa kat\u0131lmak i\u00e7in pilot olmam gerekir mi?<\/span><span class=\"wp-block-tt-accordion-item-header-button-icon-arrow\" aria-hidden=\"true\"><svg version=\"1.1\" xmlns=\"http:\/\/www.w3.org\/2000\/svg\" width=\"24px\" height=\"24px\" viewbox=\"0 0 24 24\" aria-hidden=\"true\" focusable=\"false\"><polyline points=\"4.711,8 12,15.289 19.289,8\" stroke=\"black\" stroke-width=\"2\" fill=\"none\" \/><\/svg><\/span><\/button><\/h3><div class=\"wp-block-tt-accordion-item-panel open\" id=\"wp-block-tt-accordion-item-panel-27946169-68d7-4d87-9db6-89f6d77c29e9\" role=\"region\">\n\n<p class=\"has-nv-text-dark-bg-background-color has-background\">Hay\u0131r, bu u\u00e7u\u015f herkese a\u00e7\u0131kt\u0131r.<\/p>\n\n<\/div><\/li>\n\n<li class=\"wp-block-tt-accordion-item wp-block-tt-accordion-item-3 has-background has-nv-site-bg-background-color\"><h3 class=\"wp-block-tt-accordion-item-header\"><button class=\"wp-block-tt-accordion-item-header-button\" id=\"wp-block-tt-accordion-item-header-button-873ae5a3-c9aa-4ab3-a662-439df6fc87af\" type=\"button\"><span class=\"wp-block-tt-accordion-item-header-button-text\">U\u00e7u\u015flar Nereden Kalk\u0131yor?<\/span><span class=\"wp-block-tt-accordion-item-header-button-icon-arrow\" aria-hidden=\"true\"><svg version=\"1.1\" xmlns=\"http:\/\/www.w3.org\/2000\/svg\" width=\"24px\" height=\"24px\" viewbox=\"0 0 24 24\" aria-hidden=\"true\" focusable=\"false\"><polyline points=\"4.711,8 12,15.289 19.289,8\" stroke=\"black\" stroke-width=\"2\" fill=\"none\" \/><\/svg><\/span><\/button><\/h3><div class=\"wp-block-tt-accordion-item-panel open\" id=\"wp-block-tt-accordion-item-panel-873ae5a3-c9aa-4ab3-a662-439df6fc87af\" role=\"region\">\n\n<p class=\"has-nv-site-bg-background-color has-background\">U\u00e7u\u015flar Trento'dan kalkmaktad\u0131r. Trento, Kuzey \u0130talya'n\u0131n Trentino-Alto Adige b\u00f6lgesinde yer alan bir \u015fehirdir. Da\u011f Zirveleri ve Garda G\u00f6l\u00fc \u00e7evresinde u\u00e7mak i\u00e7in m\u00fckemmel bir \u00fcst\u00fcr.<\/p>\n\n<\/div><\/li>\n\n<li class=\"wp-block-tt-accordion-item wp-block-tt-accordion-item-4 has-background has-nv-text-dark-bg-background-color\"><h3 class=\"wp-block-tt-accordion-item-header\"><button class=\"wp-block-tt-accordion-item-header-button\" id=\"wp-block-tt-accordion-item-header-button-283534bb-cc6a-494a-9f88-6ef4a1764ece\" type=\"button\"><span class=\"wp-block-tt-accordion-item-header-button-text\">Minimum Ya\u015f Ka\u00e7t\u0131r?<\/span><span class=\"wp-block-tt-accordion-item-header-button-icon-arrow\" aria-hidden=\"true\"><svg version=\"1.1\" xmlns=\"http:\/\/www.w3.org\/2000\/svg\" width=\"24px\" height=\"24px\" viewbox=\"0 0 24 24\" aria-hidden=\"true\" focusable=\"false\"><polyline points=\"4.711,8 12,15.289 19.289,8\" stroke=\"black\" stroke-width=\"2\" fill=\"none\" \/><\/svg><\/span><\/button><\/h3><div class=\"wp-block-tt-accordion-item-panel open\" id=\"wp-block-tt-accordion-item-panel-283534bb-cc6a-494a-9f88-6ef4a1764ece\" role=\"region\">\n\n<p class=\"has-nv-text-dark-bg-background-color has-background\">Minimum Ya\u015f 16&#039;d\u0131r.<\/p>\n\n<\/div><\/li>\n\n<li class=\"wp-block-tt-accordion-item wp-block-tt-accordion-item-5\"><h3 class=\"wp-block-tt-accordion-item-header\"><button class=\"wp-block-tt-accordion-item-header-button\" id=\"wp-block-tt-accordion-item-header-button-2f87169c-1656-4a9e-a4a9-d83017fd8dd8\" type=\"button\"><span class=\"wp-block-tt-accordion-item-header-button-text\">K\u00f6t\u00fc Hava Ko\u015fullar\u0131nda Ne Olur?<\/span><span class=\"wp-block-tt-accordion-item-header-button-icon-arrow\" aria-hidden=\"true\"><svg version=\"1.1\" xmlns=\"http:\/\/www.w3.org\/2000\/svg\" width=\"24px\" height=\"24px\" viewbox=\"0 0 24 24\" aria-hidden=\"true\" focusable=\"false\"><polyline points=\"4.711,8 12,15.289 19.289,8\" stroke=\"black\" stroke-width=\"2\" fill=\"none\" \/><\/svg><\/span><\/button><\/h3><div class=\"wp-block-tt-accordion-item-panel open\" id=\"wp-block-tt-accordion-item-panel-2f87169c-1656-4a9e-a4a9-d83017fd8dd8\" role=\"region\">\n\n<p>Hava durumu k\u0131sa s\u00fcreli \u00e7ok ya\u011fmurlu veya sisliyse, u\u00e7u\u015f g\u00fcvenli operasyonlar i\u00e7in birka\u00e7 saat ertelenir. Uzun s\u00fcreli k\u00f6t\u00fc hava ko\u015fullar\u0131nda, u\u00e7u\u015f \u00fccretsiz olarak birka\u00e7 g\u00fcn veya hafta ertelenebilir. G\u00fcne\u015fli ko\u015fullarda u\u00e7may\u0131 garantilemek istiyorsan\u0131z, u\u00e7u\u015ftan 7 g\u00fcn \u00f6ncesine kadar \u00fccretsiz olarak yeniden planlama talebinde bulunma f\u0131rsat\u0131n\u0131z da vard\u0131r.<\/p>\n\n<\/div><\/li>\n\n<li class=\"wp-block-tt-accordion-item wp-block-tt-accordion-item-6 has-background has-nv-text-dark-bg-background-color\"><h3 class=\"wp-block-tt-accordion-item-header\"><button class=\"wp-block-tt-accordion-item-header-button\" id=\"wp-block-tt-accordion-item-header-button-84014d6f-5c56-4cf1-8b36-58700b5ac7fa\" type=\"button\"><span class=\"wp-block-tt-accordion-item-header-button-text\">Hediye \u00c7eki sat\u0131n alabilir miyim?<\/span><span class=\"wp-block-tt-accordion-item-header-button-icon-arrow\" aria-hidden=\"true\"><svg version=\"1.1\" xmlns=\"http:\/\/www.w3.org\/2000\/svg\" width=\"24px\" height=\"24px\" viewbox=\"0 0 24 24\" aria-hidden=\"true\" focusable=\"false\"><polyline points=\"4.711,8 12,15.289 19.289,8\" stroke=\"black\" stroke-width=\"2\" fill=\"none\" \/><\/svg><\/span><\/button><\/h3><div class=\"wp-block-tt-accordion-item-panel open\" id=\"wp-block-tt-accordion-item-panel-84014d6f-5c56-4cf1-8b36-58700b5ac7fa\" role=\"region\">\n\n<p>Kesinlikle! Bir Sava\u015f U\u00e7a\u011f\u0131 U\u00e7u\u015fu sunmak en iyi hediyedir ve m\u00fc\u015fterilerimiz aras\u0131nda olduk\u00e7a pop\u00fclerdir. Sadece normal bir u\u00e7u\u015f rezervasyonu yap\u0131n ve rezervasyon i\u015flemi s\u0131ras\u0131nda &quot;Bu U\u00e7u\u015f Bir Hediyedir&quot; kutusunu i\u015faretleyin. Bir U\u00e7u\u015f Hediye Sertifikas\u0131 d\u00fczenleyece\u011fiz ve u\u00e7u\u015f tarihinden \u00f6nce al\u0131c\u0131ya hi\u00e7bir ileti\u015fim g\u00f6nderilmemesini sa\u011flayaca\u011f\u0131z.<\/p>\n\n<\/div><\/li>\n\n<li class=\"wp-block-tt-accordion-item wp-block-tt-accordion-item-7\"><h3 class=\"wp-block-tt-accordion-item-header\"><button class=\"wp-block-tt-accordion-item-header-button\" id=\"wp-block-tt-accordion-item-header-button-cfc815c9-e045-415a-b795-6ba64d865f6b\" type=\"button\"><span class=\"wp-block-tt-accordion-item-header-button-text\">U\u00e7u\u015f ne kadar s\u00fcr\u00fcyor?<\/span><span class=\"wp-block-tt-accordion-item-header-button-icon-arrow\" aria-hidden=\"true\"><svg version=\"1.1\" xmlns=\"http:\/\/www.w3.org\/2000\/svg\" width=\"24px\" height=\"24px\" viewbox=\"0 0 24 24\" aria-hidden=\"true\" focusable=\"false\"><polyline points=\"4.711,8 12,15.289 19.289,8\" stroke=\"black\" stroke-width=\"2\" fill=\"none\" \/><\/svg><\/span><\/button><\/h3><div class=\"wp-block-tt-accordion-item-panel open\" id=\"wp-block-tt-accordion-item-panel-cfc815c9-e045-415a-b795-6ba64d865f6b\" role=\"region\">\n\n<p>U\u00e7u\u015f s\u00fcreleri se\u00e7ti\u011finiz pakete ba\u011fl\u0131 olarak genellikle 30 dakika ile 1 saat aras\u0131nda de\u011fi\u015fmektedir.<\/p>\n\n<\/div><\/li>\n\n<li class=\"wp-block-tt-accordion-item wp-block-tt-accordion-item-8 has-background has-nv-text-dark-bg-background-color\"><h3 class=\"wp-block-tt-accordion-item-header\"><button class=\"wp-block-tt-accordion-item-header-button\" id=\"wp-block-tt-accordion-item-header-button-12640471-fb5a-4048-9be3-5f4c85a74f09\" type=\"button\"><span class=\"wp-block-tt-accordion-item-header-button-text\">U\u00e7u\u015f S\u0131ras\u0131nda Neler Bekleyebilirim?<\/span><span class=\"wp-block-tt-accordion-item-header-button-icon-arrow\" aria-hidden=\"true\"><svg version=\"1.1\" xmlns=\"http:\/\/www.w3.org\/2000\/svg\" width=\"24px\" height=\"24px\" viewbox=\"0 0 24 24\" aria-hidden=\"true\" focusable=\"false\"><polyline points=\"4.711,8 12,15.289 19.289,8\" stroke=\"black\" stroke-width=\"2\" fill=\"none\" \/><\/svg><\/span><\/button><\/h3><div class=\"wp-block-tt-accordion-item-panel open\" id=\"wp-block-tt-accordion-item-panel-12640471-fb5a-4048-9be3-5f4c85a74f09\" role=\"region\">\n\n<p>Y\u00fcksek h\u0131zl\u0131 u\u00e7u\u015f, akrobasi manevralar\u0131 ve muhte\u015fem manzaralar\u0131n bir kar\u0131\u015f\u0131m\u0131n\u0131 deneyimleyeceksiniz. Kalk\u0131\u015ftan \u00f6nce, detayl\u0131 bir g\u00fcvenlik brifingi ve u\u00e7a\u011fa giri\u015f yap\u0131l\u0131r.<\/p>\n\n\n\n<p>U\u00e7u\u015f s\u0131ras\u0131nda pilotla intercom sistemi \u00fczerinden ileti\u015fim halinde olacaks\u0131n\u0131z ve pilot sizin rahat olup olmad\u0131\u011f\u0131n\u0131z\u0131 kontrol edecek.<\/p>\n\n<\/div><\/li>\n\n<li class=\"wp-block-tt-accordion-item wp-block-tt-accordion-item-9\"><h3 class=\"wp-block-tt-accordion-item-header\"><button class=\"wp-block-tt-accordion-item-header-button\" id=\"wp-block-tt-accordion-item-header-button-78a3328e-b590-403f-af68-94486e8beb09\" type=\"button\"><span class=\"wp-block-tt-accordion-item-header-button-text\">Sava\u015f U\u00e7a\u011f\u0131 U\u00e7u\u015funda Ne Giymeliyim?<\/span><span class=\"wp-block-tt-accordion-item-header-button-icon-arrow\" aria-hidden=\"true\"><svg version=\"1.1\" xmlns=\"http:\/\/www.w3.org\/2000\/svg\" width=\"24px\" height=\"24px\" viewbox=\"0 0 24 24\" aria-hidden=\"true\" focusable=\"false\"><polyline points=\"4.711,8 12,15.289 19.289,8\" stroke=\"black\" stroke-width=\"2\" fill=\"none\" \/><\/svg><\/span><\/button><\/h3><div class=\"wp-block-tt-accordion-item-panel open\" id=\"wp-block-tt-accordion-item-panel-78a3328e-b590-403f-af68-94486e8beb09\" role=\"region\">\n\n<p>Rahat k\u0131yafetler ve kapal\u0131 burunlu ayakkab\u0131lar giyin. U\u00e7u\u015f tulumu ve kask gibi ihtiya\u00e7 duydu\u011funuz ek te\u00e7hizat\u0131 size sa\u011flayaca\u011f\u0131z.<\/p>\n\n<\/div><\/li>\n\n<li class=\"wp-block-tt-accordion-item wp-block-tt-accordion-item-10 has-background has-nv-text-dark-bg-background-color\"><h3 class=\"wp-block-tt-accordion-item-header\"><button class=\"wp-block-tt-accordion-item-header-button\" id=\"wp-block-tt-accordion-item-header-button-0e4a4693-c6ce-4074-858b-8ee2a0abee6b\" type=\"button\"><span class=\"wp-block-tt-accordion-item-header-button-text\">\u0130zlemeye Bir Arkada\u015f\u0131m\u0131 veya Aile \u00dcyemi Getirebilir Miyim?<\/span><span class=\"wp-block-tt-accordion-item-header-button-icon-arrow\" aria-hidden=\"true\"><svg version=\"1.1\" xmlns=\"http:\/\/www.w3.org\/2000\/svg\" width=\"24px\" height=\"24px\" viewbox=\"0 0 24 24\" aria-hidden=\"true\" focusable=\"false\"><polyline points=\"4.711,8 12,15.289 19.289,8\" stroke=\"black\" stroke-width=\"2\" fill=\"none\" \/><\/svg><\/span><\/button><\/h3><div class=\"wp-block-tt-accordion-item-panel open\" id=\"wp-block-tt-accordion-item-panel-0e4a4693-c6ce-4074-858b-8ee2a0abee6b\" role=\"region\">\n\n<p>Evet! Misafirler gelip u\u00e7u\u015f \u00f6ncesi haz\u0131rl\u0131klar\u0131 ve kalk\u0131\u015f\u0131 izleyebilirler. Bir\u00e7ok yerde seyirciler i\u00e7in bir izleme alan\u0131 da vard\u0131r.<\/p>\n\n<\/div><\/li>\n\n<li class=\"wp-block-tt-accordion-item wp-block-tt-accordion-item-11\"><h3 class=\"wp-block-tt-accordion-item-header\"><button class=\"wp-block-tt-accordion-item-header-button\" id=\"wp-block-tt-accordion-item-header-button-b92bae65-e876-4fcd-aef3-675170182060\" type=\"button\"><span class=\"wp-block-tt-accordion-item-header-button-text\">U\u00e7u\u015fu Kaydedebilir Miyim?<\/span><span class=\"wp-block-tt-accordion-item-header-button-icon-arrow\" aria-hidden=\"true\"><svg version=\"1.1\" xmlns=\"http:\/\/www.w3.org\/2000\/svg\" width=\"24px\" height=\"24px\" viewbox=\"0 0 24 24\" aria-hidden=\"true\" focusable=\"false\"><polyline points=\"4.711,8 12,15.289 19.289,8\" stroke=\"black\" stroke-width=\"2\" fill=\"none\" \/><\/svg><\/span><\/button><\/h3><div class=\"wp-block-tt-accordion-item-panel open\" id=\"wp-block-tt-accordion-item-panel-b92bae65-e876-4fcd-aef3-675170182060\" role=\"region\">\n\n<p>Kesinlikle! \u00c7o\u011fu paket, deneyimi tekrar ya\u015fayabilmeniz i\u00e7in kokpitten GoPro g\u00f6r\u00fcnt\u00fcleri i\u00e7erir. U\u00e7u\u015f \u00f6ncesi ve sonras\u0131 foto\u011fraflar i\u00e7in kendi kameran\u0131z\u0131 getirmekten \u00e7ekinmeyin. U\u00e7u\u015f s\u0131ras\u0131nda \u00f6zel kameralara izin verilmez.<\/p>\n\n<\/div><\/li>\n\n<li class=\"wp-block-tt-accordion-item wp-block-tt-accordion-item-12 has-background has-nv-text-dark-bg-background-color\"><h3 class=\"wp-block-tt-accordion-item-header\"><button class=\"wp-block-tt-accordion-item-header-button\" id=\"wp-block-tt-accordion-item-header-button-3c11724d-b8a1-494d-92a4-db5134d186b7\" type=\"button\"><span class=\"wp-block-tt-accordion-item-header-button-text\">U\u00e7u\u015flar G\u00fcvenli mi?<\/span><span class=\"wp-block-tt-accordion-item-header-button-icon-arrow\" aria-hidden=\"true\"><svg version=\"1.1\" xmlns=\"http:\/\/www.w3.org\/2000\/svg\" width=\"24px\" height=\"24px\" viewbox=\"0 0 24 24\" aria-hidden=\"true\" focusable=\"false\"><polyline points=\"4.711,8 12,15.289 19.289,8\" stroke=\"black\" stroke-width=\"2\" fill=\"none\" \/><\/svg><\/span><\/button><\/h3><div class=\"wp-block-tt-accordion-item-panel open\" id=\"wp-block-tt-accordion-item-panel-3c11724d-b8a1-494d-92a4-db5134d186b7\" role=\"region\">\n\n<p>Evet, t\u00fcm u\u00e7u\u015flar y\u0131llar\u0131n deneyimine sahip, son derece e\u011fitimli, sertifikal\u0131 pilotlar taraf\u0131ndan ger\u00e7ekle\u015ftirilmektedir. U\u00e7aklar en y\u00fcksek g\u00fcvenlik standartlar\u0131na g\u00f6re bak\u0131ml\u0131d\u0131r. 20 y\u0131ll\u0131k kazas\u0131z operasyonlar\u0131m\u0131zla gurur duyuyoruz.<\/p>\n\n<\/div><\/li>\n\n<li class=\"wp-block-tt-accordion-item wp-block-tt-accordion-item-13\"><h3 class=\"wp-block-tt-accordion-item-header\"><button class=\"wp-block-tt-accordion-item-header-button\" id=\"wp-block-tt-accordion-item-header-button-37ec2c07-ef32-4375-8689-03610c8ff865\" type=\"button\"><span class=\"wp-block-tt-accordion-item-header-button-text\">\u0130ptal Politikan\u0131z Nedir?<\/span><span class=\"wp-block-tt-accordion-item-header-button-icon-arrow\" aria-hidden=\"true\"><svg version=\"1.1\" xmlns=\"http:\/\/www.w3.org\/2000\/svg\" width=\"24px\" height=\"24px\" viewbox=\"0 0 24 24\" aria-hidden=\"true\" focusable=\"false\"><polyline points=\"4.711,8 12,15.289 19.289,8\" stroke=\"black\" stroke-width=\"2\" fill=\"none\" \/><\/svg><\/span><\/button><\/h3><div class=\"wp-block-tt-accordion-item-panel open\" id=\"wp-block-tt-accordion-item-panel-37ec2c07-ef32-4375-8689-03610c8ff865\" role=\"region\">\n\n<p>Rezervasyon s\u0131ras\u0131nda \u00fccretsiz iptal se\u00e7ene\u011fini se\u00e7ebilirsiniz. Bu se\u00e7enekle rezervasyon yapt\u0131rd\u0131\u011f\u0131n\u0131z u\u00e7u\u015flar hi\u00e7bir ko\u015ful olmaks\u0131z\u0131n tamamen iade edilebilir.<\/p>\n\n<\/div><\/li>\n\n<li class=\"wp-block-tt-accordion-item wp-block-tt-accordion-item-14 has-background has-nv-text-dark-bg-background-color\"><h3 class=\"wp-block-tt-accordion-item-header\"><button class=\"wp-block-tt-accordion-item-header-button\" id=\"wp-block-tt-accordion-item-header-button-44d03110-a486-455b-92cd-e66b03e354c7\" type=\"button\"><span class=\"wp-block-tt-accordion-item-header-button-text\">U\u00e7u\u015f Deneyimimi \u00d6zelle\u015ftirebilir miyim?<\/span><span class=\"wp-block-tt-accordion-item-header-button-icon-arrow\" aria-hidden=\"true\"><svg version=\"1.1\" xmlns=\"http:\/\/www.w3.org\/2000\/svg\" width=\"24px\" height=\"24px\" viewbox=\"0 0 24 24\" aria-hidden=\"true\" focusable=\"false\"><polyline points=\"4.711,8 12,15.289 19.289,8\" stroke=\"black\" stroke-width=\"2\" fill=\"none\" \/><\/svg><\/span><\/button><\/h3><div class=\"wp-block-tt-accordion-item-panel open\" id=\"wp-block-tt-accordion-item-panel-44d03110-a486-455b-92cd-e66b03e354c7\" role=\"region\">\n\n<p>Evet, u\u00e7u\u015ftan \u00f6nce pilotunuzla tercihlerinizi g\u00f6r\u00fc\u015febilirsiniz; p\u00fcr\u00fczs\u00fcz bir manzara deneyimi mi yoksa daha yo\u011fun bir akrobasi seans\u0131 m\u0131 istiyorsunuz?<\/p>\n\n<\/div><\/li>\n\n<li class=\"wp-block-tt-accordion-item wp-block-tt-accordion-item-15\"><h3 class=\"wp-block-tt-accordion-item-header\"><button class=\"wp-block-tt-accordion-item-header-button\" id=\"wp-block-tt-accordion-item-header-button-4a1e9447-e8ae-4532-92d1-23b82c2df7de\" type=\"button\"><span class=\"wp-block-tt-accordion-item-header-button-text\">Ne Kadar \u00d6nceden Rezervasyon Yapmal\u0131y\u0131m?<\/span><span class=\"wp-block-tt-accordion-item-header-button-icon-arrow\" aria-hidden=\"true\"><svg version=\"1.1\" xmlns=\"http:\/\/www.w3.org\/2000\/svg\" width=\"24px\" height=\"24px\" viewbox=\"0 0 24 24\" aria-hidden=\"true\" focusable=\"false\"><polyline points=\"4.711,8 12,15.289 19.289,8\" stroke=\"black\" stroke-width=\"2\" fill=\"none\" \/><\/svg><\/span><\/button><\/h3><div class=\"wp-block-tt-accordion-item-panel open\" id=\"wp-block-tt-accordion-item-panel-4a1e9447-e8ae-4532-92d1-23b82c2df7de\" role=\"region\">\n\n<p>Rezervasyonlu u\u00e7u\u015f fiyatlar\u0131n\u0131 2 Y\u0131l boyunca kabul ediyoruz. U\u00e7u\u015f Fiyatlar\u0131 artma e\u011filiminde oldu\u011fundan, bir u\u00e7u\u015f ve fiyat almaya karar verdi\u011finiz anda rezervasyon yapman\u0131z\u0131 \u00f6neririz. \u00d6zellikle yo\u011fun sezonlarda, tercih etti\u011finiz tarihi g\u00fcvence alt\u0131na almak i\u00e7in tarihinizi m\u00fcmk\u00fcn oldu\u011funca erken ay\u0131rtman\u0131z\u0131 da \u00f6neririz.<\/p>\n\n<\/div><\/li>\n\n<li class=\"wp-block-tt-accordion-item wp-block-tt-accordion-item-16 has-background has-nv-text-dark-bg-background-color\"><h3 class=\"wp-block-tt-accordion-item-header\"><button class=\"wp-block-tt-accordion-item-header-button\" id=\"wp-block-tt-accordion-item-header-button-b302f476-7433-4ab5-8008-812cd9ab28f4\" type=\"button\"><span class=\"wp-block-tt-accordion-item-header-button-text\">Herhangi Bir Gizli Maliyet Var M\u0131?<\/span><span class=\"wp-block-tt-accordion-item-header-button-icon-arrow\" aria-hidden=\"true\"><svg version=\"1.1\" xmlns=\"http:\/\/www.w3.org\/2000\/svg\" width=\"24px\" height=\"24px\" viewbox=\"0 0 24 24\" aria-hidden=\"true\" focusable=\"false\"><polyline points=\"4.711,8 12,15.289 19.289,8\" stroke=\"black\" stroke-width=\"2\" fill=\"none\" \/><\/svg><\/span><\/button><\/h3><div class=\"wp-block-tt-accordion-item-panel open\" id=\"wp-block-tt-accordion-item-panel-b302f476-7433-4ab5-8008-812cd9ab28f4\" role=\"region\">\n\n<p>Hay\u0131r, g\u00f6rd\u00fc\u011f\u00fcn\u00fcz fiyat her \u015fey dahil fiyatt\u0131r. Ek u\u00e7u\u015f s\u00fcresi veya video paketleri gibi iste\u011fe ba\u011fl\u0131 ekstralar a\u00e7\u0131k\u00e7a listelenecektir.<\/p>\n\n<\/div><\/li>\n\n<li class=\"wp-block-tt-accordion-item wp-block-tt-accordion-item-17\"><h3 class=\"wp-block-tt-accordion-item-header\"><button class=\"wp-block-tt-accordion-item-header-button\" id=\"wp-block-tt-accordion-item-header-button-42943b08-0ad9-4ef0-8932-7bd2b106ba6c\" type=\"button\"><span class=\"wp-block-tt-accordion-item-header-button-text\">Ben bir B2B kurulu\u015fuyum ve sizinle ortak olmak istiyorum<\/span><span class=\"wp-block-tt-accordion-item-header-button-icon-arrow\" aria-hidden=\"true\"><svg version=\"1.1\" xmlns=\"http:\/\/www.w3.org\/2000\/svg\" width=\"24px\" height=\"24px\" viewbox=\"0 0 24 24\" aria-hidden=\"true\" focusable=\"false\"><polyline points=\"4.711,8 12,15.289 19.289,8\" stroke=\"black\" stroke-width=\"2\" fill=\"none\" \/><\/svg><\/span><\/button><\/h3><div class=\"wp-block-tt-accordion-item-panel open\" id=\"wp-block-tt-accordion-item-panel-42943b08-0ad9-4ef0-8932-7bd2b106ba6c\" role=\"region\">\n\n<p>\u0130lgin\u00e7 bir y\u00f6nlendirme modelimiz var. Tart\u0131\u015fmak i\u00e7in bize ula\u015f\u0131n.<\/p>\n\n<\/div><\/li>\n<\/ul><\/div><\/div>\n<\/div>\n<\/div>\n<\/div><\/div>\n\n\n\n<p><\/p>","protected":false},"excerpt":{"rendered":"","protected":false},"author":1,"featured_media":0,"parent":0,"menu_order":0,"comment_status":"closed","ping_status":"closed","template":"","meta":{"neve_meta_sidebar":"","neve_meta_container":"","neve_meta_enable_content_width":"","neve_meta_content_width":0,"neve_meta_title_alignment":"","neve_meta_author_avatar":"","neve_post_elements_order":"","neve_meta_disable_header":"","neve_meta_disable_footer":"","neve_meta_disable_title":"","footnotes":""},"class_list":["post-972","page","type-page","status-publish","hentry"],"_links":{"self":[{"href":"https:\/\/fighter-jet-rides.com\/tr\/wp-json\/wp\/v2\/pages\/972","targetHints":{"allow":["GET"]}}],"collection":[{"href":"https:\/\/fighter-jet-rides.com\/tr\/wp-json\/wp\/v2\/pages"}],"about":[{"href":"https:\/\/fighter-jet-rides.com\/tr\/wp-json\/wp\/v2\/types\/page"}],"author":[{"embeddable":true,"href":"https:\/\/fighter-jet-rides.com\/tr\/wp-json\/wp\/v2\/users\/1"}],"replies":[{"embeddable":true,"href":"https:\/\/fighter-jet-rides.com\/tr\/wp-json\/wp\/v2\/comments?post=972"}],"version-history":[{"count":8,"href":"https:\/\/fighter-jet-rides.com\/tr\/wp-json\/wp\/v2\/pages\/972\/revisions"}],"predecessor-version":[{"id":1009,"href":"https:\/\/fighter-jet-rides.com\/tr\/wp-json\/wp\/v2\/pages\/972\/revisions\/1009"}],"wp:attachment":[{"href":"https:\/\/fighter-jet-rides.com\/tr\/wp-json\/wp\/v2\/media?parent=972"}],"curies":[{"name":"wp","href":"https:\/\/api.w.org\/{rel}","templated":true}]}}